{"id":1286,"date":"2020-10-21T09:49:00","date_gmt":"2020-10-21T07:49:00","guid":{"rendered":"https:\/\/hijascaridad.sjdigitaldemo.ovh\/familia\/saint-catherine-laboure\/"},"modified":"2024-03-12T17:42:52","modified_gmt":"2024-03-12T16:42:52","slug":"saint-catherine-laboure","status":"publish","type":"familia","link":"https:\/\/filles-de-la-charite.org\/en\/family\/saint-catherine-laboure\/","title":{"rendered":"Saint Catherine Labour\u00e9"},"content":{"rendered":"\n<p>Catherine Labour\u00e9 was a down-to-earth woman, a saint close to our heart. Her extraordinary life was both simple and remarkable. She was passionate about God, the Blessed Virgin, Saint Vincent and those who are poor. She was extraordinarily simple and humble<strong>.<\/strong><\/p>\n\n\n\n<p>Catherine was a country girl from Burgundy, the eighth in a family of ten children. Orphaned at the age of nine, she decided to replace the mother she had just lost with our heavenly Mother, Mary. This act of faith was to be a founding event in her privileged relationship with &#8220;Heaven.&#8221;<\/p>\n\n\n\n<figure class=\"wp-block-table\"><table><tbody><tr><td><strong>1806, 2 May<\/strong><\/td><td>Birth in Fain-l\u00e8s-Moutiers<\/td><\/tr><tr><td><strong>1815<\/strong><\/td><td>Death of her mother<\/td><\/tr><tr><td><strong>1830, 21 April<\/strong><\/td><td>Entrance into the Seminary (novitiate) of the Daughters of Charity in Paris<\/td><\/tr><tr><td>1830, 18 <strong>July and <\/strong><br><strong>27 November<\/strong><\/td><td>Apparitions of the Blessed Virgin<\/td><\/tr><tr><td><strong>1831<\/strong>, 5 February<\/td><td>Sent to the Hospice of Enghien to serve people who were old and poor<\/td><\/tr><tr><td><strong>1876, 31 December<\/strong><\/td><td>Death of Catherine Labour\u00e9<\/td><\/tr><tr><td><strong>1933<\/strong><\/td><td>Transfer of her body to the chapel of the Mother House.<\/td><\/tr><tr><td><strong>1933, 22 May<\/strong><\/td><td>Beatification<\/td><\/tr><tr><td><strong>1947, 27 July<\/strong><\/td><td>Canonization by Pope Pius XII<\/td><\/tr><tr><td>28 <strong>November  <\/strong><\/td><td>Liturgical feast<\/td><\/tr><\/tbody><\/table><\/figure>\n\n\n\n<figure class=\"wp-block-table\"><table><tbody><tr><td>On 25 January 1818, Catherine made her First Communion in the church of Moutiers-Saint-Jean. She became &#8220;mystical,\u201d as her little sister Tonine put it. From the age of twelve, Catherine became her father&#8217;s principal collaborator on the farm. Overloaded with work, Catherine worked tirelessly, which would reinforce her hard-working temperament and her endurance to overcome fatigue. Every day, she prayed at length. Before starting her day, she found a way to attend Mass at the church in Moutiers-Saint-Jean. At thirteen years old, Catherine was as much a &#8220;contemplative&#8221; as she was a \u201chousekeeper.&#8221;<\/td><\/tr><\/tbody><\/table><\/figure>\n\n\n\n<p>Around the age of fifteen, while she was asleep, she had a strange dream, called a \u201cvision\u201d in the Gospel, the meaning of which would only be understood later. Catherine received a visit from Saint Vincent de Paul who invited her to follow him.<\/p>\n\n\n\n<p>Around the age of eighteen, she told her father about her desire to join the Daughters of Charity. He refused and hoped to change her mind by sending her to Paris to work as a cook and waitress in the working-class restaurant run by her brother.<\/p>\n\n\n\n<p>When Catherine was twenty-two, her father finally gave in to her desire for a vocation. In April 1830, Catherine entered the Seminary at the Mother House in rue du Bac, Paris. She greatly admired Saint Vincent de Paul and drew strength, patience and light from prayer. Smiling and cheerful, Catherine was focused on people and effective day-to-day service.<\/p>\n\n\n\n<p>As soon as she arrived at the Seminary, Catherine had visions (the heart of Saint Vincent and Christ appearing to her in the Eucharist), followed by two Marian apparitions, which are evangelization messages for the Church and the world.  <a href=\"http:\/\/www.chapellenotredamedelamedaillemiraculeuse.com\/langues\/espanol\/capilla-nuestra-senora-de-la-medalla-milagrosa\/\" target=\"_blank\" rel=\"noreferrer noopener\">These two apparitions<\/a> of 18 July and 27 November are inextricably linked. The first prepares the way for the second, which, of course, is of utmost importance: Mary Immaculate entrusts her Medal to the world. Through this sign, Mary reveals her Immaculate Conception. The reverse side of the Medal presents symbols which intimately link Mary to the mysteries of the Incarnation and Redemption.<\/p>\n\n\n\n<p>For Catherine, God was not an idea but a presence: Jesus Christ, God made man among human beings. On 5 February 1831, she was sent to serve the elderly at the hospice in Enghien, persons who are poor in the neighborhood, the afflicted, the bereaved, the marginalized&#8230; During forty-six years of tireless service, she was a haven of peace and showed a rare kindness and thoughtfulness towards even the least pleasant elderly men.&nbsp; &nbsp;She paid special attention to the sick and the dying, for whom she was assigned to keep vigil. She saw the face of Christ in everyone. She was not only a &#8220;seer,\u201d she was also and above all, a &#8220;believer,\u201d revealing her heroism in unforeseen and difficult situations, notably during the French Commune. \u201cAll for God!\u201d<\/p>\n\n\n\n<p>In the first days of 1877, Sister Catherine was buried beneath the house of Reuilly. She was canonized 70 years after her death. In 1933, Catherine&#8217;s body was transferred to the Chapel of rue du Bac and placed under the altar of the Virgin of the Globe. In this way, Catherine appears as the first witness of a new type of sanctity, without human glory or triumph, which the Holy Spirit has started to awaken for modern times.<\/p>\n\n\n\n<p><\/p>\n","protected":false},"featured_media":982,"template":"","meta":{"_acf_changed":false,"_et_pb_use_builder":"","_et_pb_old_content":"","_et_gb_content_width":"","_links_to":"","_links_to_target":""},"origen":[555],"class_list":["post-1286","familia","type-familia","status-publish","has-post-thumbnail","hentry","origen-hijas-de-la-caridad-en"],"acf":[],"yoast_head":"<!-- This site is optimized with the Yoast SEO plugin v27.5 - https:\/\/yoast.com\/product\/yoast-seo-wordpress\/ -->\n<title>Saint Catherine Labour\u00e9 - Filles de la Charit\u00e9<\/title>\n<meta name=\"robots\" content=\"index, follow, max-snippet:-1, max-image-preview:large, max-video-preview:-1\" \/>\n<link rel=\"canonical\" href=\"https:\/\/filles-de-la-charite.org\/en\/family\/saint-catherine-laboure\/\" \/>\n<meta property=\"og:locale\" content=\"en_US\" \/>\n<meta property=\"og:type\" content=\"article\" \/>\n<meta property=\"og:title\" content=\"Saint Catherine Labour\u00e9 - Filles de la Charit\u00e9\" \/>\n<meta property=\"og:description\" content=\"Catherine Labour\u00e9 was a down-to-earth woman, a saint close to our heart. Her extraordinary life was both simple and remarkable. She was passionate about God, the Blessed Virgin, Saint Vincent and those who are poor. She was extraordinarily simple and humble. Catherine was a country girl from Burgundy, the eighth in a family of ten [&hellip;]\" \/>\n<meta property=\"og:url\" content=\"https:\/\/filles-de-la-charite.org\/en\/family\/saint-catherine-laboure\/\" \/>\n<meta property=\"og:site_name\" content=\"Filles de la Charit\u00e9\" \/>\n<meta property=\"article:modified_time\" content=\"2024-03-12T16:42:52+00:00\" \/>\n<meta property=\"og:image\" content=\"https:\/\/filles-de-la-charite.org\/wp-content\/uploads\/2023\/04\/image19-1.jpg\" \/>\n\t<meta property=\"og:image:width\" content=\"366\" \/>\n\t<meta property=\"og:image:height\" content=\"508\" \/>\n\t<meta property=\"og:image:type\" content=\"image\/jpeg\" \/>\n<meta name=\"twitter:card\" content=\"summary_large_image\" \/>\n<meta name=\"twitter:label1\" content=\"Est. reading time\" \/>\n\t<meta name=\"twitter:data1\" content=\"4 minutes\" \/>\n<script type=\"application\/ld+json\" class=\"yoast-schema-graph\">{\"@context\":\"https:\\\/\\\/schema.org\",\"@graph\":[{\"@type\":\"WebPage\",\"@id\":\"https:\\\/\\\/filles-de-la-charite.org\\\/en\\\/family\\\/saint-catherine-laboure\\\/\",\"url\":\"https:\\\/\\\/filles-de-la-charite.org\\\/en\\\/family\\\/saint-catherine-laboure\\\/\",\"name\":\"Saint Catherine Labour\u00e9 - Filles de la Charit\u00e9\",\"isPartOf\":{\"@id\":\"https:\\\/\\\/filles-de-la-charite.org\\\/en\\\/#website\"},\"primaryImageOfPage\":{\"@id\":\"https:\\\/\\\/filles-de-la-charite.org\\\/en\\\/family\\\/saint-catherine-laboure\\\/#primaryimage\"},\"image\":{\"@id\":\"https:\\\/\\\/filles-de-la-charite.org\\\/en\\\/family\\\/saint-catherine-laboure\\\/#primaryimage\"},\"thumbnailUrl\":\"https:\\\/\\\/filles-de-la-charite.org\\\/wp-content\\\/uploads\\\/2023\\\/04\\\/image19-1.jpg\",\"datePublished\":\"2020-10-21T07:49:00+00:00\",\"dateModified\":\"2024-03-12T16:42:52+00:00\",\"breadcrumb\":{\"@id\":\"https:\\\/\\\/filles-de-la-charite.org\\\/en\\\/family\\\/saint-catherine-laboure\\\/#breadcrumb\"},\"inLanguage\":\"en-US\",\"potentialAction\":[{\"@type\":\"ReadAction\",\"target\":[\"https:\\\/\\\/filles-de-la-charite.org\\\/en\\\/family\\\/saint-catherine-laboure\\\/\"]}]},{\"@type\":\"ImageObject\",\"inLanguage\":\"en-US\",\"@id\":\"https:\\\/\\\/filles-de-la-charite.org\\\/en\\\/family\\\/saint-catherine-laboure\\\/#primaryimage\",\"url\":\"https:\\\/\\\/filles-de-la-charite.org\\\/wp-content\\\/uploads\\\/2023\\\/04\\\/image19-1.jpg\",\"contentUrl\":\"https:\\\/\\\/filles-de-la-charite.org\\\/wp-content\\\/uploads\\\/2023\\\/04\\\/image19-1.jpg\",\"width\":366,\"height\":508},{\"@type\":\"BreadcrumbList\",\"@id\":\"https:\\\/\\\/filles-de-la-charite.org\\\/en\\\/family\\\/saint-catherine-laboure\\\/#breadcrumb\",\"itemListElement\":[{\"@type\":\"ListItem\",\"position\":1,\"name\":\"Our family\",\"item\":\"https:\\\/\\\/filles-de-la-charite.org\\\/en\\\/family\\\/\"},{\"@type\":\"ListItem\",\"position\":2,\"name\":\"Saint Catherine Labour\u00e9\"}]},{\"@type\":\"WebSite\",\"@id\":\"https:\\\/\\\/filles-de-la-charite.org\\\/en\\\/#website\",\"url\":\"https:\\\/\\\/filles-de-la-charite.org\\\/en\\\/\",\"name\":\"Hijas de la Caridad\",\"description\":\"El amor de Jes\u00fas nos urge a cuidar la vida de los m\u00e1s necesitados\",\"publisher\":{\"@id\":\"https:\\\/\\\/filles-de-la-charite.org\\\/en\\\/#organization\"},\"potentialAction\":[{\"@type\":\"SearchAction\",\"target\":{\"@type\":\"EntryPoint\",\"urlTemplate\":\"https:\\\/\\\/filles-de-la-charite.org\\\/en\\\/?s={search_term_string}\"},\"query-input\":{\"@type\":\"PropertyValueSpecification\",\"valueRequired\":true,\"valueName\":\"search_term_string\"}}],\"inLanguage\":\"en-US\"},{\"@type\":\"Organization\",\"@id\":\"https:\\\/\\\/filles-de-la-charite.org\\\/en\\\/#organization\",\"name\":\"Hijas de la Caridad\",\"url\":\"https:\\\/\\\/filles-de-la-charite.org\\\/en\\\/\",\"logo\":{\"@type\":\"ImageObject\",\"inLanguage\":\"en-US\",\"@id\":\"https:\\\/\\\/filles-de-la-charite.org\\\/en\\\/#\\\/schema\\\/logo\\\/image\\\/\",\"url\":\"https:\\\/\\\/filles-de-la-charite.org\\\/wp-content\\\/uploads\\\/2023\\\/03\\\/isotipo-Hijas-de-la-Caridad.png\",\"contentUrl\":\"https:\\\/\\\/filles-de-la-charite.org\\\/wp-content\\\/uploads\\\/2023\\\/03\\\/isotipo-Hijas-de-la-Caridad.png\",\"width\":1417,\"height\":1417,\"caption\":\"Hijas de la Caridad\"},\"image\":{\"@id\":\"https:\\\/\\\/filles-de-la-charite.org\\\/en\\\/#\\\/schema\\\/logo\\\/image\\\/\"}}]}<\/script>\n<!-- \/ Yoast SEO plugin. -->","yoast_head_json":{"title":"Saint Catherine Labour\u00e9 - Filles de la Charit\u00e9","robots":{"index":"index","follow":"follow","max-snippet":"max-snippet:-1","max-image-preview":"max-image-preview:large","max-video-preview":"max-video-preview:-1"},"canonical":"https:\/\/filles-de-la-charite.org\/en\/family\/saint-catherine-laboure\/","og_locale":"en_US","og_type":"article","og_title":"Saint Catherine Labour\u00e9 - Filles de la Charit\u00e9","og_description":"Catherine Labour\u00e9 was a down-to-earth woman, a saint close to our heart. Her extraordinary life was both simple and remarkable. She was passionate about God, the Blessed Virgin, Saint Vincent and those who are poor. She was extraordinarily simple and humble. Catherine was a country girl from Burgundy, the eighth in a family of ten [&hellip;]","og_url":"https:\/\/filles-de-la-charite.org\/en\/family\/saint-catherine-laboure\/","og_site_name":"Filles de la Charit\u00e9","article_modified_time":"2024-03-12T16:42:52+00:00","og_image":[{"width":366,"height":508,"url":"https:\/\/filles-de-la-charite.org\/wp-content\/uploads\/2023\/04\/image19-1.jpg","type":"image\/jpeg"}],"twitter_card":"summary_large_image","twitter_misc":{"Est. reading time":"4 minutes"},"schema":{"@context":"https:\/\/schema.org","@graph":[{"@type":"WebPage","@id":"https:\/\/filles-de-la-charite.org\/en\/family\/saint-catherine-laboure\/","url":"https:\/\/filles-de-la-charite.org\/en\/family\/saint-catherine-laboure\/","name":"Saint Catherine Labour\u00e9 - Filles de la Charit\u00e9","isPartOf":{"@id":"https:\/\/filles-de-la-charite.org\/en\/#website"},"primaryImageOfPage":{"@id":"https:\/\/filles-de-la-charite.org\/en\/family\/saint-catherine-laboure\/#primaryimage"},"image":{"@id":"https:\/\/filles-de-la-charite.org\/en\/family\/saint-catherine-laboure\/#primaryimage"},"thumbnailUrl":"https:\/\/filles-de-la-charite.org\/wp-content\/uploads\/2023\/04\/image19-1.jpg","datePublished":"2020-10-21T07:49:00+00:00","dateModified":"2024-03-12T16:42:52+00:00","breadcrumb":{"@id":"https:\/\/filles-de-la-charite.org\/en\/family\/saint-catherine-laboure\/#breadcrumb"},"inLanguage":"en-US","potentialAction":[{"@type":"ReadAction","target":["https:\/\/filles-de-la-charite.org\/en\/family\/saint-catherine-laboure\/"]}]},{"@type":"ImageObject","inLanguage":"en-US","@id":"https:\/\/filles-de-la-charite.org\/en\/family\/saint-catherine-laboure\/#primaryimage","url":"https:\/\/filles-de-la-charite.org\/wp-content\/uploads\/2023\/04\/image19-1.jpg","contentUrl":"https:\/\/filles-de-la-charite.org\/wp-content\/uploads\/2023\/04\/image19-1.jpg","width":366,"height":508},{"@type":"BreadcrumbList","@id":"https:\/\/filles-de-la-charite.org\/en\/family\/saint-catherine-laboure\/#breadcrumb","itemListElement":[{"@type":"ListItem","position":1,"name":"Our family","item":"https:\/\/filles-de-la-charite.org\/en\/family\/"},{"@type":"ListItem","position":2,"name":"Saint Catherine Labour\u00e9"}]},{"@type":"WebSite","@id":"https:\/\/filles-de-la-charite.org\/en\/#website","url":"https:\/\/filles-de-la-charite.org\/en\/","name":"Hijas de la Caridad","description":"El amor de Jes\u00fas nos urge a cuidar la vida de los m\u00e1s necesitados","publisher":{"@id":"https:\/\/filles-de-la-charite.org\/en\/#organization"},"potentialAction":[{"@type":"SearchAction","target":{"@type":"EntryPoint","urlTemplate":"https:\/\/filles-de-la-charite.org\/en\/?s={search_term_string}"},"query-input":{"@type":"PropertyValueSpecification","valueRequired":true,"valueName":"search_term_string"}}],"inLanguage":"en-US"},{"@type":"Organization","@id":"https:\/\/filles-de-la-charite.org\/en\/#organization","name":"Hijas de la Caridad","url":"https:\/\/filles-de-la-charite.org\/en\/","logo":{"@type":"ImageObject","inLanguage":"en-US","@id":"https:\/\/filles-de-la-charite.org\/en\/#\/schema\/logo\/image\/","url":"https:\/\/filles-de-la-charite.org\/wp-content\/uploads\/2023\/03\/isotipo-Hijas-de-la-Caridad.png","contentUrl":"https:\/\/filles-de-la-charite.org\/wp-content\/uploads\/2023\/03\/isotipo-Hijas-de-la-Caridad.png","width":1417,"height":1417,"caption":"Hijas de la Caridad"},"image":{"@id":"https:\/\/filles-de-la-charite.org\/en\/#\/schema\/logo\/image\/"}}]}},"_links":{"self":[{"href":"https:\/\/filles-de-la-charite.org\/en\/wp-json\/wp\/v2\/familia\/1286","targetHints":{"allow":["GET"]}}],"collection":[{"href":"https:\/\/filles-de-la-charite.org\/en\/wp-json\/wp\/v2\/familia"}],"about":[{"href":"https:\/\/filles-de-la-charite.org\/en\/wp-json\/wp\/v2\/types\/familia"}],"wp:featuredmedia":[{"embeddable":true,"href":"https:\/\/filles-de-la-charite.org\/en\/wp-json\/wp\/v2\/media\/982"}],"wp:attachment":[{"href":"https:\/\/filles-de-la-charite.org\/en\/wp-json\/wp\/v2\/media?parent=1286"}],"wp:term":[{"taxonomy":"origen","embeddable":true,"href":"https:\/\/filles-de-la-charite.org\/en\/wp-json\/wp\/v2\/origen?post=1286"}],"curies":[{"name":"wp","href":"https:\/\/api.w.org\/{rel}","templated":true}]}}