{"id":1305,"date":"2020-10-30T11:44:48","date_gmt":"2020-10-30T10:44:48","guid":{"rendered":"https:\/\/hijascaridad.sjdigitaldemo.ovh\/familia\/the-martyr-sisters-of-the-20th-century\/"},"modified":"2024-04-24T19:17:25","modified_gmt":"2024-04-24T17:17:25","slug":"the-martyr-sisters-of-the-20th-century","status":"publish","type":"familia","link":"https:\/\/filles-de-la-charite.org\/en\/family\/the-martyr-sisters-of-the-20th-century\/","title":{"rendered":"The Blessed Daughters of Charity, Martyrs of the 20th century"},"content":{"rendered":"\n<p><em>According to the many studies on the fratricidal violence that took hold of Spain in 1936, at least 7,500 priests and religious were assassinated along with thirteen bishops<\/em>.<\/p>\n\n\n\n<p>Hundreds have already been beatified and others canonized.  Official recognition of their martyrdom was long-awaited.  On Sunday, 13 October 2013 in Tarragona (Spain), the beatification took place of 522 Spanish martyrs, witnesses of the faith, including twenty-seven Daughters of Charity and a Child of Mary, beatified along with our Sisters.  All of them dedicated their life totally to God in order to serve Him in the person of the poor in fidelity to the Gospel and the charism of the Company.  They knew that Jesus&#8217; prophecy could come to pass:<\/p>\n\n\n\n<figure class=\"wp-block-image aligncenter size-large is-resized\"><a href=\"https:\/\/filles-de-la-charite.org\/wp-content\/uploads\/2023\/04\/martires_1-1.jpg\" data-rel=\"lightbox-image-0\" data-rl_title=\"\" data-rl_caption=\"\" title=\"\"><img decoding=\"async\" src=\"https:\/\/filles-de-la-charite.org\/wp-content\/uploads\/2023\/04\/martires_1-1.jpg\" alt=\"\" class=\"wp-image-49901\"\/><\/a><\/figure>\n\n\n\n<blockquote class=\"wp-block-quote is-layout-flow wp-block-quote-is-layout-flow\">\n<p><em>&#8220;<\/em>Remember the word I spoke to you,&nbsp;\u2018No slave is greater than his master.\u2019 If they persecuted me, they will also persecute you<em>&#8220;<\/em><\/p>\n<cite>(Jn 15:20)<\/cite><\/blockquote>\n\n\n\n<h2 class=\"wp-block-heading\">Martyrs of the faith<\/h2>\n\n\n\n<p>They foresaw the coming persecution and<b><i> <\/i><\/b>prayed in faith for the help of the Holy Spirit. The Eucharist gave them strength and nourishment and prepared them to witness to their faith, hope and charity.  Their crime was being Daughters of Charity dedicated as servants to healing, caring, educating, welcoming, guiding and doing good like Jesus of Nazareth. They were not involved in any political activity.  They were persecuted only for their condition as women consecrated to God.  During the thirty years following their martyrdom unto death, these Sisters were truly seeds of future vocations.  We hope that the knowledge of their witness of faith will open new furrows and germinate new seeds of faith and charity. What matters is replacing the course of materialism and comfort with paths of faith and happiness in the commitment to &#8220;leave everything&#8221; to be apostles of charity.<\/p>\n\n\n\n<figure class=\"wp-block-image aligncenter size-medium\"><a href=\"https:\/\/www.filles-de-la-charite.org\/wp-content\/uploads\/OLD\/2012\/02\/martires.jpg\" data-rel=\"lightbox-image-1\" data-rl_title=\"\" data-rl_caption=\"\" title=\"\"><img decoding=\"async\" src=\"https:\/\/filles-de-la-charite.org\/wp-content\/uploads\/2023\/04\/martires-1-1-300x208.jpg\" alt=\"\" class=\"wp-image-49911\"\/><\/a><\/figure>\n\n\n\n<p><strong>These are their names, places of mission and date of their martyrdom:<\/strong><\/p>\n\n\n\n<p><b>From Legan\u00e9s (Madrid) <\/b><\/p>\n\n\n\n<ul class=\"wp-block-list\">\n<li><b>Colegio La Inmaculada<\/b> (\u2020<b>12.08.1936)<\/b>:<i> <\/i>Sister M. Adoraci\u00f3n Cort\u00e9s, Sister Mar\u00eda S. D\u00edaz-Pardo and Sister Estefan\u00eda Salda\u00f1a.<i> <\/i><\/li>\n\n\n\n<li><i><b>From the Santa Isabel Psychiatric Hospital:<\/b> <\/i>Sister M. Dolores Barroso and Sister Asunci\u00f3n Mayoral<i> (the latter had taken refuge there, but came from the <b>Asylum for the Blind in Madrid<\/b>)<\/i>.<\/li>\n<\/ul>\n\n\n\n<p>&#8211;<strong>Anti-tuberculosis<b> Hospital El Neveral in Ja\u00e9n<\/b><\/strong>: They were persecuted and forced onto the &#8220;train of death,&#8221; sent to Madrid and then Vallecas <i><em>(<\/em><\/i>\u2020<b>12.08.1936)<\/b>:<i> <\/i>Sister Ramona Cao Fern\u00e1ndez and Sister Juana P\u00e9rez Abascal.<\/p>\n\n\n\n<p><b>&#8211;<i><strong><em>San Eugenio de Valencia Asylum<\/em><\/strong><\/i>:  Having taken refuge in Puzol (Valencia) in the family home of a companion, they celebrated the Eucharist there with a Franciscan who was also in hiding. This was the cause of their death  (<\/b>\u2020<b>18.08.1936): <\/b>Sister Rosario Ci\u00e9rcoles, Sister M\u00aa Luisa Berm\u00fadez and Sister Micaela Hern\u00e1n.  <\/p>\n\n\n\n<p><b><i>Casa Misericordia of Albacete<\/i>: Expelled by the authorities and threatened with death, they took refuge in Madrid, in the house of a relative of the Sister Servant. Three of them sought help at another relative&#8217;s house in Vallecas. They were not received but brutally martyred.  (<\/b>\u2020<b>03.09.1936):<\/b> Sister Dolores Caro, Sister Andrea Calle and Sister Concepci\u00f3n P\u00e9rez Giral.  <\/p>\n\n\n\n<p><b><i>Hospital and Schools of Segorbe (Castell\u00f3n)<\/i>:  The community was expelled. They took refuge in a former orphanage. <\/b>When Sister Martina V\u00e1zquez, the Sister Servant, was arrested, she asked that the other Sisters be freed.  Only she was martyred.<i>  (\u2020 04.10.1936).<\/i><\/p>\n\n\n\n<p><b><i>General Hospital of Valencia<\/i>:  The local community was expelled and dissolved. Sister Josefa Mart\u00ednez P\u00e9rez took refuge in her family home in Alberique (Valencia). Her family was persecuted, and she offered to die in the place of her pregnant widowed sister, her husband having already been shot. Her offer was accepted, and she died a martyr of faith and charity  (\u2020 14.10.1936).<\/b><\/p>\n\n\n\n<p><b><i>Casa Beneficencia de Valencia: <\/i>The Sisters were kicked out of the house. Some of them took refuge in a family home where two priests were hiding and sheltered. They celebrated the Eucharist clandestinely on a daily basis. This was their only crime and the cause of their martyrdom in Gilet (Valencia): Sister Joaquina Rey and Sister Victoria Arregui  (\u2020 29.10.1936).<\/b><\/p>\n\n\n\n<p><b><i>Santa Cristina Maternity Hospital in Madrid:  <\/i>Sister Modesta Moro Briz and Sister Pilar Isabel S\u00e1nchez Suarez were martyred. They hid in a boarding house in the center of Madrid. They were eager to celebrate the Eucharist on the feast of All Saints. When they left <\/b>the house<i><em>, they were arrested and condemned to death by a popular Tribunal <i>(31.10.1936)<\/i>.  <\/em><\/i><\/p>\n\n\n\n<p><b><i>Hospitals of Atocha and Carabanchel of Madrid<\/i>:  The persecutors of Sister Josefa Giron\u00e9s Arteta and Sister Lorenza D\u00edaz <i>Bola\u00f1os<\/i><\/b> <b>made immoral propositions to them<\/b><i>. They were killed for their fidelity to their faith and vocation (\u2020 22.11.1936).<\/i><\/p>\n\n\n\n<p><b><i>Colegio el Carmen de B\u00e9tera (Valencia):<\/i>  The local community sought refuge in a youth hostel in Valencia. Dolores Broseta, a Child of Mary, daily brought them the food prepared by the graduates of the school of B\u00e9tera. One day she was followed by those who were looking for the Sisters.  The whole community was assasinated<em>:<\/em> Josefa Laborra, Sister Carmen Rodr\u00edguez Barazal, Sister Estefan\u00eda Irisarri, Sister Pilar Nalda, Sister Isidora Izquierdo and M\u00aa Dolores Broseta, the Child of Mary who brought them food  (\u2020 09.12.1936).<\/b><\/p>\n\n\n\n<p><b><i>From Puerto Rico to Madrid and from Madrid to Heaven:<\/i>  Sister Gaudencia Benavidaes Herrero spent many years as a missionary in Puerto Rico.  She came to Spain to be treated for her heart disease. Identified as a nun, she was arrested and placed in three different prisons where she was mistreated. Her body was covered with wounds.  She was denied the necessary medical attention and died bearing witness to Jesus Christ and forgiving her persecutors<em>.<\/em>  (\u2020 11.02.1937).<\/b><\/p>\n\n\n\n<p>This is how our martyrs died: courageously confessing their faith in Jesus Christ.  They forgave  their persecutors and placed their lives in the hands of God the Father. They followed Christ&#8217;s teachings, to which they witnessed by their life and actions.   They preferred to die rather than deny Him. May we live our faith with the same firmness and exemplary courage.<\/p>\n","protected":false},"featured_media":1126,"template":"","meta":{"_acf_changed":false,"_et_pb_use_builder":"","_et_pb_old_content":"","_et_gb_content_width":"","_links_to":"","_links_to_target":""},"origen":[555],"class_list":["post-1305","familia","type-familia","status-publish","has-post-thumbnail","hentry","origen-hijas-de-la-caridad-en"],"acf":[],"yoast_head":"<!-- This site is optimized with the Yoast SEO plugin v27.5 - https:\/\/yoast.com\/product\/yoast-seo-wordpress\/ -->\n<title>The Blessed Daughters of Charity, Martyrs of the 20th century - Filles de la Charit\u00e9<\/title>\n<meta name=\"robots\" content=\"index, follow, max-snippet:-1, max-image-preview:large, max-video-preview:-1\" \/>\n<link rel=\"canonical\" href=\"https:\/\/filles-de-la-charite.org\/en\/family\/the-martyr-sisters-of-the-20th-century\/\" \/>\n<meta property=\"og:locale\" content=\"en_US\" \/>\n<meta property=\"og:type\" content=\"article\" \/>\n<meta property=\"og:title\" content=\"The Blessed Daughters of Charity, Martyrs of the 20th century - Filles de la Charit\u00e9\" \/>\n<meta property=\"og:description\" content=\"According to the many studies on the fratricidal violence that took hold of Spain in 1936, at least 7,500 priests and religious were assassinated along with thirteen bishops. Hundreds have already been beatified and others canonized. Official recognition of their martyrdom was long-awaited. On Sunday, 13 October 2013 in Tarragona (Spain), the beatification took place [&hellip;]\" \/>\n<meta property=\"og:url\" content=\"https:\/\/filles-de-la-charite.org\/en\/family\/the-martyr-sisters-of-the-20th-century\/\" \/>\n<meta property=\"og:site_name\" content=\"Filles de la Charit\u00e9\" \/>\n<meta property=\"article:modified_time\" content=\"2024-04-24T17:17:25+00:00\" \/>\n<meta property=\"og:image\" content=\"https:\/\/filles-de-la-charite.org\/wp-content\/uploads\/2023\/04\/Soeurs-Martyres-du-20e-siecle-1.png\" \/>\n\t<meta property=\"og:image:width\" content=\"590\" \/>\n\t<meta property=\"og:image:height\" content=\"781\" \/>\n\t<meta property=\"og:image:type\" content=\"image\/png\" \/>\n<meta name=\"twitter:card\" content=\"summary_large_image\" \/>\n<meta name=\"twitter:label1\" content=\"Est. reading time\" \/>\n\t<meta name=\"twitter:data1\" content=\"5 minutes\" \/>\n<script type=\"application\/ld+json\" class=\"yoast-schema-graph\">{\"@context\":\"https:\\\/\\\/schema.org\",\"@graph\":[{\"@type\":\"WebPage\",\"@id\":\"https:\\\/\\\/filles-de-la-charite.org\\\/en\\\/family\\\/the-martyr-sisters-of-the-20th-century\\\/\",\"url\":\"https:\\\/\\\/filles-de-la-charite.org\\\/en\\\/family\\\/the-martyr-sisters-of-the-20th-century\\\/\",\"name\":\"The Blessed Daughters of Charity, Martyrs of the 20th century - Filles de la Charit\u00e9\",\"isPartOf\":{\"@id\":\"https:\\\/\\\/filles-de-la-charite.org\\\/en\\\/#website\"},\"primaryImageOfPage\":{\"@id\":\"https:\\\/\\\/filles-de-la-charite.org\\\/en\\\/family\\\/the-martyr-sisters-of-the-20th-century\\\/#primaryimage\"},\"image\":{\"@id\":\"https:\\\/\\\/filles-de-la-charite.org\\\/en\\\/family\\\/the-martyr-sisters-of-the-20th-century\\\/#primaryimage\"},\"thumbnailUrl\":\"https:\\\/\\\/filles-de-la-charite.org\\\/wp-content\\\/uploads\\\/2023\\\/04\\\/Soeurs-Martyres-du-20e-siecle-1.png\",\"datePublished\":\"2020-10-30T10:44:48+00:00\",\"dateModified\":\"2024-04-24T17:17:25+00:00\",\"breadcrumb\":{\"@id\":\"https:\\\/\\\/filles-de-la-charite.org\\\/en\\\/family\\\/the-martyr-sisters-of-the-20th-century\\\/#breadcrumb\"},\"inLanguage\":\"en-US\",\"potentialAction\":[{\"@type\":\"ReadAction\",\"target\":[\"https:\\\/\\\/filles-de-la-charite.org\\\/en\\\/family\\\/the-martyr-sisters-of-the-20th-century\\\/\"]}]},{\"@type\":\"ImageObject\",\"inLanguage\":\"en-US\",\"@id\":\"https:\\\/\\\/filles-de-la-charite.org\\\/en\\\/family\\\/the-martyr-sisters-of-the-20th-century\\\/#primaryimage\",\"url\":\"https:\\\/\\\/filles-de-la-charite.org\\\/wp-content\\\/uploads\\\/2023\\\/04\\\/Soeurs-Martyres-du-20e-siecle-1.png\",\"contentUrl\":\"https:\\\/\\\/filles-de-la-charite.org\\\/wp-content\\\/uploads\\\/2023\\\/04\\\/Soeurs-Martyres-du-20e-siecle-1.png\",\"width\":590,\"height\":781},{\"@type\":\"BreadcrumbList\",\"@id\":\"https:\\\/\\\/filles-de-la-charite.org\\\/en\\\/family\\\/the-martyr-sisters-of-the-20th-century\\\/#breadcrumb\",\"itemListElement\":[{\"@type\":\"ListItem\",\"position\":1,\"name\":\"Our family\",\"item\":\"https:\\\/\\\/filles-de-la-charite.org\\\/en\\\/family\\\/\"},{\"@type\":\"ListItem\",\"position\":2,\"name\":\"The Blessed Daughters of Charity, Martyrs of the 20th century\"}]},{\"@type\":\"WebSite\",\"@id\":\"https:\\\/\\\/filles-de-la-charite.org\\\/en\\\/#website\",\"url\":\"https:\\\/\\\/filles-de-la-charite.org\\\/en\\\/\",\"name\":\"Hijas de la Caridad\",\"description\":\"El amor de Jes\u00fas nos urge a cuidar la vida de los m\u00e1s necesitados\",\"publisher\":{\"@id\":\"https:\\\/\\\/filles-de-la-charite.org\\\/en\\\/#organization\"},\"potentialAction\":[{\"@type\":\"SearchAction\",\"target\":{\"@type\":\"EntryPoint\",\"urlTemplate\":\"https:\\\/\\\/filles-de-la-charite.org\\\/en\\\/?s={search_term_string}\"},\"query-input\":{\"@type\":\"PropertyValueSpecification\",\"valueRequired\":true,\"valueName\":\"search_term_string\"}}],\"inLanguage\":\"en-US\"},{\"@type\":\"Organization\",\"@id\":\"https:\\\/\\\/filles-de-la-charite.org\\\/en\\\/#organization\",\"name\":\"Hijas de la Caridad\",\"url\":\"https:\\\/\\\/filles-de-la-charite.org\\\/en\\\/\",\"logo\":{\"@type\":\"ImageObject\",\"inLanguage\":\"en-US\",\"@id\":\"https:\\\/\\\/filles-de-la-charite.org\\\/en\\\/#\\\/schema\\\/logo\\\/image\\\/\",\"url\":\"https:\\\/\\\/filles-de-la-charite.org\\\/wp-content\\\/uploads\\\/2023\\\/03\\\/isotipo-Hijas-de-la-Caridad.png\",\"contentUrl\":\"https:\\\/\\\/filles-de-la-charite.org\\\/wp-content\\\/uploads\\\/2023\\\/03\\\/isotipo-Hijas-de-la-Caridad.png\",\"width\":1417,\"height\":1417,\"caption\":\"Hijas de la Caridad\"},\"image\":{\"@id\":\"https:\\\/\\\/filles-de-la-charite.org\\\/en\\\/#\\\/schema\\\/logo\\\/image\\\/\"}}]}<\/script>\n<!-- \/ Yoast SEO plugin. -->","yoast_head_json":{"title":"The Blessed Daughters of Charity, Martyrs of the 20th century - Filles de la Charit\u00e9","robots":{"index":"index","follow":"follow","max-snippet":"max-snippet:-1","max-image-preview":"max-image-preview:large","max-video-preview":"max-video-preview:-1"},"canonical":"https:\/\/filles-de-la-charite.org\/en\/family\/the-martyr-sisters-of-the-20th-century\/","og_locale":"en_US","og_type":"article","og_title":"The Blessed Daughters of Charity, Martyrs of the 20th century - Filles de la Charit\u00e9","og_description":"According to the many studies on the fratricidal violence that took hold of Spain in 1936, at least 7,500 priests and religious were assassinated along with thirteen bishops. Hundreds have already been beatified and others canonized. Official recognition of their martyrdom was long-awaited. On Sunday, 13 October 2013 in Tarragona (Spain), the beatification took place [&hellip;]","og_url":"https:\/\/filles-de-la-charite.org\/en\/family\/the-martyr-sisters-of-the-20th-century\/","og_site_name":"Filles de la Charit\u00e9","article_modified_time":"2024-04-24T17:17:25+00:00","og_image":[{"width":590,"height":781,"url":"https:\/\/filles-de-la-charite.org\/wp-content\/uploads\/2023\/04\/Soeurs-Martyres-du-20e-siecle-1.png","type":"image\/png"}],"twitter_card":"summary_large_image","twitter_misc":{"Est. reading time":"5 minutes"},"schema":{"@context":"https:\/\/schema.org","@graph":[{"@type":"WebPage","@id":"https:\/\/filles-de-la-charite.org\/en\/family\/the-martyr-sisters-of-the-20th-century\/","url":"https:\/\/filles-de-la-charite.org\/en\/family\/the-martyr-sisters-of-the-20th-century\/","name":"The Blessed Daughters of Charity, Martyrs of the 20th century - Filles de la Charit\u00e9","isPartOf":{"@id":"https:\/\/filles-de-la-charite.org\/en\/#website"},"primaryImageOfPage":{"@id":"https:\/\/filles-de-la-charite.org\/en\/family\/the-martyr-sisters-of-the-20th-century\/#primaryimage"},"image":{"@id":"https:\/\/filles-de-la-charite.org\/en\/family\/the-martyr-sisters-of-the-20th-century\/#primaryimage"},"thumbnailUrl":"https:\/\/filles-de-la-charite.org\/wp-content\/uploads\/2023\/04\/Soeurs-Martyres-du-20e-siecle-1.png","datePublished":"2020-10-30T10:44:48+00:00","dateModified":"2024-04-24T17:17:25+00:00","breadcrumb":{"@id":"https:\/\/filles-de-la-charite.org\/en\/family\/the-martyr-sisters-of-the-20th-century\/#breadcrumb"},"inLanguage":"en-US","potentialAction":[{"@type":"ReadAction","target":["https:\/\/filles-de-la-charite.org\/en\/family\/the-martyr-sisters-of-the-20th-century\/"]}]},{"@type":"ImageObject","inLanguage":"en-US","@id":"https:\/\/filles-de-la-charite.org\/en\/family\/the-martyr-sisters-of-the-20th-century\/#primaryimage","url":"https:\/\/filles-de-la-charite.org\/wp-content\/uploads\/2023\/04\/Soeurs-Martyres-du-20e-siecle-1.png","contentUrl":"https:\/\/filles-de-la-charite.org\/wp-content\/uploads\/2023\/04\/Soeurs-Martyres-du-20e-siecle-1.png","width":590,"height":781},{"@type":"BreadcrumbList","@id":"https:\/\/filles-de-la-charite.org\/en\/family\/the-martyr-sisters-of-the-20th-century\/#breadcrumb","itemListElement":[{"@type":"ListItem","position":1,"name":"Our family","item":"https:\/\/filles-de-la-charite.org\/en\/family\/"},{"@type":"ListItem","position":2,"name":"The Blessed Daughters of Charity, Martyrs of the 20th century"}]},{"@type":"WebSite","@id":"https:\/\/filles-de-la-charite.org\/en\/#website","url":"https:\/\/filles-de-la-charite.org\/en\/","name":"Hijas de la Caridad","description":"El amor de Jes\u00fas nos urge a cuidar la vida de los m\u00e1s necesitados","publisher":{"@id":"https:\/\/filles-de-la-charite.org\/en\/#organization"},"potentialAction":[{"@type":"SearchAction","target":{"@type":"EntryPoint","urlTemplate":"https:\/\/filles-de-la-charite.org\/en\/?s={search_term_string}"},"query-input":{"@type":"PropertyValueSpecification","valueRequired":true,"valueName":"search_term_string"}}],"inLanguage":"en-US"},{"@type":"Organization","@id":"https:\/\/filles-de-la-charite.org\/en\/#organization","name":"Hijas de la Caridad","url":"https:\/\/filles-de-la-charite.org\/en\/","logo":{"@type":"ImageObject","inLanguage":"en-US","@id":"https:\/\/filles-de-la-charite.org\/en\/#\/schema\/logo\/image\/","url":"https:\/\/filles-de-la-charite.org\/wp-content\/uploads\/2023\/03\/isotipo-Hijas-de-la-Caridad.png","contentUrl":"https:\/\/filles-de-la-charite.org\/wp-content\/uploads\/2023\/03\/isotipo-Hijas-de-la-Caridad.png","width":1417,"height":1417,"caption":"Hijas de la Caridad"},"image":{"@id":"https:\/\/filles-de-la-charite.org\/en\/#\/schema\/logo\/image\/"}}]}},"_links":{"self":[{"href":"https:\/\/filles-de-la-charite.org\/en\/wp-json\/wp\/v2\/familia\/1305","targetHints":{"allow":["GET"]}}],"collection":[{"href":"https:\/\/filles-de-la-charite.org\/en\/wp-json\/wp\/v2\/familia"}],"about":[{"href":"https:\/\/filles-de-la-charite.org\/en\/wp-json\/wp\/v2\/types\/familia"}],"wp:featuredmedia":[{"embeddable":true,"href":"https:\/\/filles-de-la-charite.org\/en\/wp-json\/wp\/v2\/media\/1126"}],"wp:attachment":[{"href":"https:\/\/filles-de-la-charite.org\/en\/wp-json\/wp\/v2\/media?parent=1305"}],"wp:term":[{"taxonomy":"origen","embeddable":true,"href":"https:\/\/filles-de-la-charite.org\/en\/wp-json\/wp\/v2\/origen?post=1305"}],"curies":[{"name":"wp","href":"https:\/\/api.w.org\/{rel}","templated":true}]}}