{"version":"1.0","provider_name":"Filles de la Charit\u00e9","provider_url":"https:\/\/filles-de-la-charite.org\/fr\/","title":"Cons\u00e9cration de la chapelle de la maison de retraite \u00e0 Tarn\u00f3w, Province de Cracovie, Pologne - Filles de la Charit\u00e9","type":"rich","width":600,"height":338,"html":"<blockquote class=\"wp-embedded-content\" data-secret=\"7h4taYA2e5\"><a href=\"https:\/\/filles-de-la-charite.org\/fr\/69742\/\">Cons\u00e9cration de la chapelle de la maison de retraite \u00e0 Tarn\u00f3w, Province de Cracovie, Pologne<\/a><\/blockquote><iframe sandbox=\"allow-scripts\" security=\"restricted\" src=\"https:\/\/filles-de-la-charite.org\/fr\/69742\/embed\/#?secret=7h4taYA2e5\" width=\"600\" height=\"338\" title=\"\u00ab\u00a0Cons\u00e9cration de la chapelle de la maison de retraite \u00e0 Tarn\u00f3w, Province de Cracovie, Pologne\u00a0\u00bb &#8212; Filles de la Charit\u00e9\" data-secret=\"7h4taYA2e5\" frameborder=\"0\" marginwidth=\"0\" marginheight=\"0\" scrolling=\"no\" class=\"wp-embedded-content\"><\/iframe><script type=\"text\/javascript\">\n\/* <![CDATA[ *\/\n\/*! This file is auto-generated *\/\n!function(d,l){\"use strict\";l.querySelector&&d.addEventListener&&\"undefined\"!=typeof URL&&(d.wp=d.wp||{},d.wp.receiveEmbedMessage||(d.wp.receiveEmbedMessage=function(e){var t=e.data;if((t||t.secret||t.message||t.value)&&!\/[^a-zA-Z0-9]\/.test(t.secret)){for(var s,r,n,a=l.querySelectorAll('iframe[data-secret=\"'+t.secret+'\"]'),o=l.querySelectorAll('blockquote[data-secret=\"'+t.secret+'\"]'),c=new RegExp(\"^https?:$\",\"i\"),i=0;i<o.length;i++)o[i].style.display=\"none\";for(i=0;i<a.length;i++)s=a[i],e.source===s.contentWindow&&(s.removeAttribute(\"style\"),\"height\"===t.message?(1e3<(r=parseInt(t.value,10))?r=1e3:~~r<200&&(r=200),s.height=r):\"link\"===t.message&&(r=new URL(s.getAttribute(\"src\")),n=new URL(t.value),c.test(n.protocol))&&n.host===r.host&&l.activeElement===s&&(d.top.location.href=t.value))}},d.addEventListener(\"message\",d.wp.receiveEmbedMessage,!1),l.addEventListener(\"DOMContentLoaded\",function(){for(var e,t,s=l.querySelectorAll(\"iframe.wp-embedded-content\"),r=0;r<s.length;r++)(t=(e=s[r]).getAttribute(\"data-secret\"))||(t=Math.random().toString(36).substring(2,12),e.src+=\"#?secret=\"+t,e.setAttribute(\"data-secret\",t)),e.contentWindow.postMessage({message:\"ready\",secret:t},\"*\")},!1)))}(window,document);\n\/\/# sourceURL=https:\/\/filles-de-la-charite.org\/wp-includes\/js\/wp-embed.min.js\n\/* ]]> *\/\n<\/script>\n","thumbnail_url":"https:\/\/filles-de-la-charite.org\/wp-content\/uploads\/2023\/06\/front-page3-scaled-1.jpg","thumbnail_width":2560,"thumbnail_height":1440,"description":"La mission des Filles de la Charit\u00e9 qui ont accueilli de tout leur coeur l&rsquo;appel de J\u00e9sus-Christ \u00e0 aimer Dieu et son prochain, n&rsquo;est pas seulement pour aider \u00e0 assurer une vie digne \u00e0 nos fr\u00e8res et s\u0153urs dans le besoin, mais aussi, surtout, de veiller \u00e0 leur saintet\u00e9. et leur relation personnelle avec Dieu. [&hellip;]"}