{"version":"1.0","provider_name":"Filles de la Charit\u00e9","provider_url":"https:\/\/filles-de-la-charite.org\/fr\/","title":"B\u00e9n\u00e9diction des bureaux de la Jeunesse Mariale Vincentienne Internationale (JMV) - Filles de la Charit\u00e9","type":"rich","width":600,"height":338,"html":"<blockquote class=\"wp-embedded-content\" data-secret=\"vFwNnwrJy9\"><a href=\"https:\/\/filles-de-la-charite.org\/fr\/72531\/\">B\u00e9n\u00e9diction des bureaux de la Jeunesse Mariale Vincentienne Internationale (JMV)<\/a><\/blockquote><iframe sandbox=\"allow-scripts\" security=\"restricted\" src=\"https:\/\/filles-de-la-charite.org\/fr\/72531\/embed\/#?secret=vFwNnwrJy9\" width=\"600\" height=\"338\" title=\"\u00ab\u00a0B\u00e9n\u00e9diction des bureaux de la Jeunesse Mariale Vincentienne Internationale (JMV)\u00a0\u00bb &#8212; Filles de la Charit\u00e9\" data-secret=\"vFwNnwrJy9\" frameborder=\"0\" marginwidth=\"0\" marginheight=\"0\" scrolling=\"no\" class=\"wp-embedded-content\"><\/iframe><script type=\"text\/javascript\">\n\/* <![CDATA[ *\/\n\/*! This file is auto-generated *\/\n!function(d,l){\"use strict\";l.querySelector&&d.addEventListener&&\"undefined\"!=typeof URL&&(d.wp=d.wp||{},d.wp.receiveEmbedMessage||(d.wp.receiveEmbedMessage=function(e){var t=e.data;if((t||t.secret||t.message||t.value)&&!\/[^a-zA-Z0-9]\/.test(t.secret)){for(var s,r,n,a=l.querySelectorAll('iframe[data-secret=\"'+t.secret+'\"]'),o=l.querySelectorAll('blockquote[data-secret=\"'+t.secret+'\"]'),c=new RegExp(\"^https?:$\",\"i\"),i=0;i<o.length;i++)o[i].style.display=\"none\";for(i=0;i<a.length;i++)s=a[i],e.source===s.contentWindow&&(s.removeAttribute(\"style\"),\"height\"===t.message?(1e3<(r=parseInt(t.value,10))?r=1e3:~~r<200&&(r=200),s.height=r):\"link\"===t.message&&(r=new URL(s.getAttribute(\"src\")),n=new URL(t.value),c.test(n.protocol))&&n.host===r.host&&l.activeElement===s&&(d.top.location.href=t.value))}},d.addEventListener(\"message\",d.wp.receiveEmbedMessage,!1),l.addEventListener(\"DOMContentLoaded\",function(){for(var e,t,s=l.querySelectorAll(\"iframe.wp-embedded-content\"),r=0;r<s.length;r++)(t=(e=s[r]).getAttribute(\"data-secret\"))||(t=Math.random().toString(36).substring(2,12),e.src+=\"#?secret=\"+t,e.setAttribute(\"data-secret\",t)),e.contentWindow.postMessage({message:\"ready\",secret:t},\"*\")},!1)))}(window,document);\n\/\/# sourceURL=https:\/\/filles-de-la-charite.org\/wp-includes\/js\/wp-embed.min.js\n\/* ]]> *\/\n<\/script>\n","thumbnail_url":"https:\/\/filles-de-la-charite.org\/wp-content\/uploads\/2023\/06\/Fr.-Banaga-Fr.-Magnaye.jpg","thumbnail_width":2048,"thumbnail_height":1365,"description":"Les nouveaux bureaux de la Jeunesse Mariale Vincentienne Internationale (JMV) et des Conseils Nationaux ont \u00e9t\u00e9 b\u00e9nis le 18 d\u00e9cembre 2022 par le P\u00e8re Gregorio Ba\u00f1aga, CM, le nouveau Vicaire G\u00e9n\u00e9ral de la Congr\u00e9gation de la Mission. Les deux bureaux sont situ\u00e9s dans le Centre Marial qui se trouve significativement \u00e0 c\u00f4t\u00e9 de la paroisse [&hellip;]"}