{"version":"1.0","provider_name":"Filles de la Charit\u00e9","provider_url":"https:\/\/filles-de-la-charite.org\/fr\/","title":"S\u0153ur Fran\u00e7oise Petit et le P\u00e8re Toma\u017e Mavri\u010d rencontrent le Pape Fran\u00e7ois - Filles de la Charit\u00e9","type":"rich","width":600,"height":338,"html":"<blockquote class=\"wp-embedded-content\" data-secret=\"9PcN3dghLu\"><a href=\"https:\/\/filles-de-la-charite.org\/fr\/72602\/\">S\u0153ur Fran\u00e7oise Petit et le P\u00e8re Toma\u017e Mavri\u010d rencontrent le Pape Fran\u00e7ois<\/a><\/blockquote><iframe sandbox=\"allow-scripts\" security=\"restricted\" src=\"https:\/\/filles-de-la-charite.org\/fr\/72602\/embed\/#?secret=9PcN3dghLu\" width=\"600\" height=\"338\" title=\"\u00ab\u00a0S\u0153ur Fran\u00e7oise Petit et le P\u00e8re Toma\u017e Mavri\u010d rencontrent le Pape Fran\u00e7ois\u00a0\u00bb &#8212; Filles de la Charit\u00e9\" data-secret=\"9PcN3dghLu\" frameborder=\"0\" marginwidth=\"0\" marginheight=\"0\" scrolling=\"no\" class=\"wp-embedded-content\"><\/iframe><script type=\"text\/javascript\">\n\/* <![CDATA[ *\/\n\/*! This file is auto-generated *\/\n!function(d,l){\"use strict\";l.querySelector&&d.addEventListener&&\"undefined\"!=typeof URL&&(d.wp=d.wp||{},d.wp.receiveEmbedMessage||(d.wp.receiveEmbedMessage=function(e){var t=e.data;if((t||t.secret||t.message||t.value)&&!\/[^a-zA-Z0-9]\/.test(t.secret)){for(var s,r,n,a=l.querySelectorAll('iframe[data-secret=\"'+t.secret+'\"]'),o=l.querySelectorAll('blockquote[data-secret=\"'+t.secret+'\"]'),c=new RegExp(\"^https?:$\",\"i\"),i=0;i<o.length;i++)o[i].style.display=\"none\";for(i=0;i<a.length;i++)s=a[i],e.source===s.contentWindow&&(s.removeAttribute(\"style\"),\"height\"===t.message?(1e3<(r=parseInt(t.value,10))?r=1e3:~~r<200&&(r=200),s.height=r):\"link\"===t.message&&(r=new URL(s.getAttribute(\"src\")),n=new URL(t.value),c.test(n.protocol))&&n.host===r.host&&l.activeElement===s&&(d.top.location.href=t.value))}},d.addEventListener(\"message\",d.wp.receiveEmbedMessage,!1),l.addEventListener(\"DOMContentLoaded\",function(){for(var e,t,s=l.querySelectorAll(\"iframe.wp-embedded-content\"),r=0;r<s.length;r++)(t=(e=s[r]).getAttribute(\"data-secret\"))||(t=Math.random().toString(36).substring(2,12),e.src+=\"#?secret=\"+t,e.setAttribute(\"data-secret\",t)),e.contentWindow.postMessage({message:\"ready\",secret:t},\"*\")},!1)))}(window,document);\n\/\/# sourceURL=https:\/\/filles-de-la-charite.org\/wp-includes\/js\/wp-embed.min.js\n\/* ]]> *\/\n<\/script>\n","thumbnail_url":"https:\/\/filles-de-la-charite.org\/wp-content\/uploads\/2023\/06\/01352_21012023-1.jpg","thumbnail_width":1920,"thumbnail_height":1280,"description":"Samedi 21 janvier 2023, j\u2019ai eu la joie, avec le P\u00e8re Toma\u017e Mavri\u010d,&nbsp;d\u2019\u00eatre re\u00e7ue par le Pape Fran\u00e7ois.&nbsp; Ce fut une rencontre intense, simple et tr\u00e8s fraternelle. Nous avons \u00e9voqu\u00e9 la situation du Congo, l\u2019engagement des S\u0153urs aupr\u00e8s des r\u00e9fugi\u00e9s ainsi que la pr\u00e9sence des Filles de la Charit\u00e9 dans les pays de la M\u00e9diterran\u00e9e. [&hellip;]"}