{"version":"1.0","provider_name":"Filles de la Charit\u00e9","provider_url":"https:\/\/filles-de-la-charite.org\/fr\/","title":"D\u00e9c\u00e8s de S\u0153ur Juana Elizondo - Filles de la Charit\u00e9","type":"rich","width":600,"height":338,"html":"<blockquote class=\"wp-embedded-content\" data-secret=\"856KRRfvZ4\"><a href=\"https:\/\/filles-de-la-charite.org\/fr\/deces-de-soeur-juana-elizondo\/\">D\u00e9c\u00e8s de S\u0153ur Juana Elizondo<\/a><\/blockquote><iframe sandbox=\"allow-scripts\" security=\"restricted\" src=\"https:\/\/filles-de-la-charite.org\/fr\/deces-de-soeur-juana-elizondo\/embed\/#?secret=856KRRfvZ4\" width=\"600\" height=\"338\" title=\"\u00ab\u00a0D\u00e9c\u00e8s de S\u0153ur Juana Elizondo\u00a0\u00bb &#8212; Filles de la Charit\u00e9\" data-secret=\"856KRRfvZ4\" frameborder=\"0\" marginwidth=\"0\" marginheight=\"0\" scrolling=\"no\" class=\"wp-embedded-content\"><\/iframe><script type=\"text\/javascript\">\n\/* <![CDATA[ *\/\n\/*! This file is auto-generated *\/\n!function(d,l){\"use strict\";l.querySelector&&d.addEventListener&&\"undefined\"!=typeof URL&&(d.wp=d.wp||{},d.wp.receiveEmbedMessage||(d.wp.receiveEmbedMessage=function(e){var t=e.data;if((t||t.secret||t.message||t.value)&&!\/[^a-zA-Z0-9]\/.test(t.secret)){for(var s,r,n,a=l.querySelectorAll('iframe[data-secret=\"'+t.secret+'\"]'),o=l.querySelectorAll('blockquote[data-secret=\"'+t.secret+'\"]'),c=new RegExp(\"^https?:$\",\"i\"),i=0;i<o.length;i++)o[i].style.display=\"none\";for(i=0;i<a.length;i++)s=a[i],e.source===s.contentWindow&&(s.removeAttribute(\"style\"),\"height\"===t.message?(1e3<(r=parseInt(t.value,10))?r=1e3:~~r<200&&(r=200),s.height=r):\"link\"===t.message&&(r=new URL(s.getAttribute(\"src\")),n=new URL(t.value),c.test(n.protocol))&&n.host===r.host&&l.activeElement===s&&(d.top.location.href=t.value))}},d.addEventListener(\"message\",d.wp.receiveEmbedMessage,!1),l.addEventListener(\"DOMContentLoaded\",function(){for(var e,t,s=l.querySelectorAll(\"iframe.wp-embedded-content\"),r=0;r<s.length;r++)(t=(e=s[r]).getAttribute(\"data-secret\"))||(t=Math.random().toString(36).substring(2,12),e.src+=\"#?secret=\"+t,e.setAttribute(\"data-secret\",t)),e.contentWindow.postMessage({message:\"ready\",secret:t},\"*\")},!1)))}(window,document);\n\/\/# sourceURL=https:\/\/filles-de-la-charite.org\/wp-includes\/js\/wp-embed.min.js\n\/* ]]> *\/\n<\/script>\n","thumbnail_url":"https:\/\/filles-de-la-charite.org\/wp-content\/uploads\/2023\/06\/Diapositiva2-scaled-2.jpg","thumbnail_width":2560,"thumbnail_height":1440,"description":"Nous avons appris le d\u00e9c\u00e8s \u00e0 San Sebastian, ce dimanche 24 juillet 2022 de Soeur Juana ELIZONDO, \u00e2g\u00e9e de 96 ans, 71 ans de vocation. Nous rendons gr\u00e2ce \u00e0 Dieu pour sa belle vie, pour son attachement ind\u00e9fectible au Christ et son d\u00e9vouement inlassable au service de la Compagnie, tout particuli\u00e8rement au cours de ses [&hellip;]"}