{"version":"1.0","provider_name":"Filles de la Charit\u00e9","provider_url":"https:\/\/filles-de-la-charite.org\/fr\/","title":"Vous avez dit \u00ab confinement \u00bb ? - Filles de la Charit\u00e9","type":"rich","width":600,"height":338,"html":"<blockquote class=\"wp-embedded-content\" data-secret=\"7w3igxPsDV\"><a href=\"https:\/\/filles-de-la-charite.org\/fr\/did-you-say-lockdown-2\/\">Vous avez dit \u00ab confinement \u00bb ?<\/a><\/blockquote><iframe sandbox=\"allow-scripts\" security=\"restricted\" src=\"https:\/\/filles-de-la-charite.org\/fr\/did-you-say-lockdown-2\/embed\/#?secret=7w3igxPsDV\" width=\"600\" height=\"338\" title=\"\u00ab\u00a0Vous avez dit \u00ab confinement \u00bb ?\u00a0\u00bb &#8212; Filles de la Charit\u00e9\" data-secret=\"7w3igxPsDV\" frameborder=\"0\" marginwidth=\"0\" marginheight=\"0\" scrolling=\"no\" class=\"wp-embedded-content\"><\/iframe><script type=\"text\/javascript\">\n\/* <![CDATA[ *\/\n\/*! This file is auto-generated *\/\n!function(d,l){\"use strict\";l.querySelector&&d.addEventListener&&\"undefined\"!=typeof URL&&(d.wp=d.wp||{},d.wp.receiveEmbedMessage||(d.wp.receiveEmbedMessage=function(e){var t=e.data;if((t||t.secret||t.message||t.value)&&!\/[^a-zA-Z0-9]\/.test(t.secret)){for(var s,r,n,a=l.querySelectorAll('iframe[data-secret=\"'+t.secret+'\"]'),o=l.querySelectorAll('blockquote[data-secret=\"'+t.secret+'\"]'),c=new RegExp(\"^https?:$\",\"i\"),i=0;i<o.length;i++)o[i].style.display=\"none\";for(i=0;i<a.length;i++)s=a[i],e.source===s.contentWindow&&(s.removeAttribute(\"style\"),\"height\"===t.message?(1e3<(r=parseInt(t.value,10))?r=1e3:~~r<200&&(r=200),s.height=r):\"link\"===t.message&&(r=new URL(s.getAttribute(\"src\")),n=new URL(t.value),c.test(n.protocol))&&n.host===r.host&&l.activeElement===s&&(d.top.location.href=t.value))}},d.addEventListener(\"message\",d.wp.receiveEmbedMessage,!1),l.addEventListener(\"DOMContentLoaded\",function(){for(var e,t,s=l.querySelectorAll(\"iframe.wp-embedded-content\"),r=0;r<s.length;r++)(t=(e=s[r]).getAttribute(\"data-secret\"))||(t=Math.random().toString(36).substring(2,12),e.src+=\"#?secret=\"+t,e.setAttribute(\"data-secret\",t)),e.contentWindow.postMessage({message:\"ready\",secret:t},\"*\")},!1)))}(window,document);\n\/\/# sourceURL=https:\/\/filles-de-la-charite.org\/wp-includes\/js\/wp-embed.min.js\n\/* ]]> *\/\n<\/script>\n","thumbnail_url":"https:\/\/filles-de-la-charite.org\/wp-content\/uploads\/2023\/06\/200703-lockdown-ftd.jpg","thumbnail_width":1199,"thumbnail_height":630,"description":"Ce mot prononc\u00e9 des milliards de fois par les habitants de toute la plan\u00e8te d\u00e8s le d\u00e9but de 2020 et v\u00e9cu par tout autant de gens, provoquant d\u00e9sastres humains, sociologiques, psychologiques, sanitaires, \u00e9conomiques etc. dont l\u2019ampleur se d\u00e9roulera dans les mois \u00e0 venir, a r\u00e9v\u00e9l\u00e9 aussi un magnifique \u00e9lan de g\u00e9n\u00e9rosit\u00e9 tant sur le plan [&hellip;]"}