{"version":"1.0","provider_name":"Filles de la Charit\u00e9","provider_url":"https:\/\/filles-de-la-charite.org\/fr\/","title":"D\u00e9c\u00e8s de S\u0153ur Evelyne Franc - Filles de la Charit\u00e9","type":"rich","width":600,"height":338,"html":"<blockquote class=\"wp-embedded-content\" data-secret=\"Cdk95KBNDV\"><a href=\"https:\/\/filles-de-la-charite.org\/fr\/fallecimiento-de-sor-evelyne-franc\/\">D\u00e9c\u00e8s de S\u0153ur Evelyne Franc<\/a><\/blockquote><iframe sandbox=\"allow-scripts\" security=\"restricted\" src=\"https:\/\/filles-de-la-charite.org\/fr\/fallecimiento-de-sor-evelyne-franc\/embed\/#?secret=Cdk95KBNDV\" width=\"600\" height=\"338\" title=\"\u00ab\u00a0D\u00e9c\u00e8s de S\u0153ur Evelyne Franc\u00a0\u00bb &#8212; Filles de la Charit\u00e9\" data-secret=\"Cdk95KBNDV\" frameborder=\"0\" marginwidth=\"0\" marginheight=\"0\" scrolling=\"no\" class=\"wp-embedded-content\"><\/iframe><script type=\"text\/javascript\">\n\/* <![CDATA[ *\/\n\/*! This file is auto-generated *\/\n!function(d,l){\"use strict\";l.querySelector&&d.addEventListener&&\"undefined\"!=typeof URL&&(d.wp=d.wp||{},d.wp.receiveEmbedMessage||(d.wp.receiveEmbedMessage=function(e){var t=e.data;if((t||t.secret||t.message||t.value)&&!\/[^a-zA-Z0-9]\/.test(t.secret)){for(var s,r,n,a=l.querySelectorAll('iframe[data-secret=\"'+t.secret+'\"]'),o=l.querySelectorAll('blockquote[data-secret=\"'+t.secret+'\"]'),c=new RegExp(\"^https?:$\",\"i\"),i=0;i<o.length;i++)o[i].style.display=\"none\";for(i=0;i<a.length;i++)s=a[i],e.source===s.contentWindow&&(s.removeAttribute(\"style\"),\"height\"===t.message?(1e3<(r=parseInt(t.value,10))?r=1e3:~~r<200&&(r=200),s.height=r):\"link\"===t.message&&(r=new URL(s.getAttribute(\"src\")),n=new URL(t.value),c.test(n.protocol))&&n.host===r.host&&l.activeElement===s&&(d.top.location.href=t.value))}},d.addEventListener(\"message\",d.wp.receiveEmbedMessage,!1),l.addEventListener(\"DOMContentLoaded\",function(){for(var e,t,s=l.querySelectorAll(\"iframe.wp-embedded-content\"),r=0;r<s.length;r++)(t=(e=s[r]).getAttribute(\"data-secret\"))||(t=Math.random().toString(36).substring(2,12),e.src+=\"#?secret=\"+t,e.setAttribute(\"data-secret\",t)),e.contentWindow.postMessage({message:\"ready\",secret:t},\"*\")},!1)))}(window,document);\n\/\/# sourceURL=https:\/\/filles-de-la-charite.org\/wp-includes\/js\/wp-embed.min.js\n\/* ]]> *\/\n<\/script>\n","thumbnail_url":"https:\/\/filles-de-la-charite.org\/wp-content\/uploads\/2024\/03\/News-08.01.24-Sor-Evelyne-Franc-2-scaled-1.jpg","thumbnail_width":2560,"thumbnail_height":1440,"description":"Soeur Evelyne FRANC, Sup\u00e9rieure g\u00e9n\u00e9rale de 2003 \u00e0 2015, est d\u00e9c\u00e9d\u00e9e ce lundi 8 janvier 2024, \u00e2g\u00e9e de 75 ans, 49 ans de vocation. Ses fun\u00e9railles seront c\u00e9l\u00e9br\u00e9es le vendredi 12 janvier 2024 \u00e0 11 heures, \u00e0 la chapelle de la R\u00e9sidence de la Providence au Coteau, Communaut\u00e9 de la Province Belgique-France-Suisse qu\u2019elle avait rejoint [&hellip;]"}