{"version":"1.0","provider_name":"Filles de la Charit\u00e9","provider_url":"https:\/\/filles-de-la-charite.org\/fr\/","title":"Bienheureuse Lindalva Justo de Oliveira - Filles de la Charit\u00e9","type":"rich","width":600,"height":338,"html":"<blockquote class=\"wp-embedded-content\" data-secret=\"0RFAkM7AXL\"><a href=\"https:\/\/filles-de-la-charite.org\/fr\/famille\/bienheureuse-lindalva-justo-de-oliveira\/\">Bienheureuse Lindalva Justo de Oliveira<\/a><\/blockquote><iframe sandbox=\"allow-scripts\" security=\"restricted\" src=\"https:\/\/filles-de-la-charite.org\/fr\/famille\/bienheureuse-lindalva-justo-de-oliveira\/embed\/#?secret=0RFAkM7AXL\" width=\"600\" height=\"338\" title=\"\u00ab\u00a0Bienheureuse Lindalva Justo de Oliveira\u00a0\u00bb &#8212; Filles de la Charit\u00e9\" data-secret=\"0RFAkM7AXL\" frameborder=\"0\" marginwidth=\"0\" marginheight=\"0\" scrolling=\"no\" class=\"wp-embedded-content\"><\/iframe><script type=\"text\/javascript\">\n\/* <![CDATA[ *\/\n\/*! This file is auto-generated *\/\n!function(d,l){\"use strict\";l.querySelector&&d.addEventListener&&\"undefined\"!=typeof URL&&(d.wp=d.wp||{},d.wp.receiveEmbedMessage||(d.wp.receiveEmbedMessage=function(e){var t=e.data;if((t||t.secret||t.message||t.value)&&!\/[^a-zA-Z0-9]\/.test(t.secret)){for(var s,r,n,a=l.querySelectorAll('iframe[data-secret=\"'+t.secret+'\"]'),o=l.querySelectorAll('blockquote[data-secret=\"'+t.secret+'\"]'),c=new RegExp(\"^https?:$\",\"i\"),i=0;i<o.length;i++)o[i].style.display=\"none\";for(i=0;i<a.length;i++)s=a[i],e.source===s.contentWindow&&(s.removeAttribute(\"style\"),\"height\"===t.message?(1e3<(r=parseInt(t.value,10))?r=1e3:~~r<200&&(r=200),s.height=r):\"link\"===t.message&&(r=new URL(s.getAttribute(\"src\")),n=new URL(t.value),c.test(n.protocol))&&n.host===r.host&&l.activeElement===s&&(d.top.location.href=t.value))}},d.addEventListener(\"message\",d.wp.receiveEmbedMessage,!1),l.addEventListener(\"DOMContentLoaded\",function(){for(var e,t,s=l.querySelectorAll(\"iframe.wp-embedded-content\"),r=0;r<s.length;r++)(t=(e=s[r]).getAttribute(\"data-secret\"))||(t=Math.random().toString(36).substring(2,12),e.src+=\"#?secret=\"+t,e.setAttribute(\"data-secret\",t)),e.contentWindow.postMessage({message:\"ready\",secret:t},\"*\")},!1)))}(window,document);\n\/\/# sourceURL=https:\/\/filles-de-la-charite.org\/wp-includes\/js\/wp-embed.min.js\n\/* ]]> *\/\n<\/script>\n","thumbnail_url":"https:\/\/filles-de-la-charite.org\/wp-content\/uploads\/2023\/04\/Sr-Lindalva-1.jpg","thumbnail_width":369,"thumbnail_height":452,"description":"S\u0153ur Lindalva est la premi\u00e8re femme b\u00e9atifi\u00e9e au Br\u00e9sil. Elle \u00e9tait encore une jeune fille de la Charit\u00e9, quatre ans de vocation, quand elle fut martyris\u00e9e. Sa fid\u00e9lit\u00e9 \u00e0 sa vocation et son amour pour tous, sans pr\u00e9f\u00e9rence, \u00e9taient si intenses qu\u2019elle n\u2019a pas h\u00e9sit\u00e9 \u00e0 donner sa vie pour eux. 1953, 20 octobre Naissance [&hellip;]"}