{"version":"1.0","provider_name":"Filles de la Charit\u00e9","provider_url":"https:\/\/filles-de-la-charite.org\/fr\/","title":"Donn\u00e9e \u00e0 Dieu - Filles de la Charit\u00e9","type":"rich","width":600,"height":338,"html":"<blockquote class=\"wp-embedded-content\" data-secret=\"UXGhwqyau6\"><a href=\"https:\/\/filles-de-la-charite.org\/fr\/rincon-oracion\/entregada-a-dios\/\">Donn\u00e9e \u00e0 Dieu<\/a><\/blockquote><iframe sandbox=\"allow-scripts\" security=\"restricted\" src=\"https:\/\/filles-de-la-charite.org\/fr\/rincon-oracion\/entregada-a-dios\/embed\/#?secret=UXGhwqyau6\" width=\"600\" height=\"338\" title=\"\u00ab\u00a0Donn\u00e9e \u00e0 Dieu\u00a0\u00bb &#8212; Filles de la Charit\u00e9\" data-secret=\"UXGhwqyau6\" frameborder=\"0\" marginwidth=\"0\" marginheight=\"0\" scrolling=\"no\" class=\"wp-embedded-content\"><\/iframe><script type=\"text\/javascript\">\n\/* <![CDATA[ *\/\n\/*! This file is auto-generated *\/\n!function(d,l){\"use strict\";l.querySelector&&d.addEventListener&&\"undefined\"!=typeof URL&&(d.wp=d.wp||{},d.wp.receiveEmbedMessage||(d.wp.receiveEmbedMessage=function(e){var t=e.data;if((t||t.secret||t.message||t.value)&&!\/[^a-zA-Z0-9]\/.test(t.secret)){for(var s,r,n,a=l.querySelectorAll('iframe[data-secret=\"'+t.secret+'\"]'),o=l.querySelectorAll('blockquote[data-secret=\"'+t.secret+'\"]'),c=new RegExp(\"^https?:$\",\"i\"),i=0;i<o.length;i++)o[i].style.display=\"none\";for(i=0;i<a.length;i++)s=a[i],e.source===s.contentWindow&&(s.removeAttribute(\"style\"),\"height\"===t.message?(1e3<(r=parseInt(t.value,10))?r=1e3:~~r<200&&(r=200),s.height=r):\"link\"===t.message&&(r=new URL(s.getAttribute(\"src\")),n=new URL(t.value),c.test(n.protocol))&&n.host===r.host&&l.activeElement===s&&(d.top.location.href=t.value))}},d.addEventListener(\"message\",d.wp.receiveEmbedMessage,!1),l.addEventListener(\"DOMContentLoaded\",function(){for(var e,t,s=l.querySelectorAll(\"iframe.wp-embedded-content\"),r=0;r<s.length;r++)(t=(e=s[r]).getAttribute(\"data-secret\"))||(t=Math.random().toString(36).substring(2,12),e.src+=\"#?secret=\"+t,e.setAttribute(\"data-secret\",t)),e.contentWindow.postMessage({message:\"ready\",secret:t},\"*\")},!1)))}(window,document);\n\/\/# sourceURL=https:\/\/filles-de-la-charite.org\/wp-includes\/js\/wp-embed.min.js\n\/* ]]> *\/\n<\/script>\n","thumbnail_url":"https:\/\/filles-de-la-charite.org\/wp-content\/uploads\/2024\/03\/PC-Mai-2023Donnee-a-Dieu-FR-scaled-1.jpg","thumbnail_width":2560,"thumbnail_height":1440,"description":"S\u0153ur Marta Wiecka est n\u00e9e le 12 janvier 1874 \u00e0 Nowy Wiec, en Pologne, dans une famille nombreuse et profond\u00e9ment chr\u00e9tienne. A l\u2019\u00e2ge de sept ans, Marta commen\u00e7a \u00e0 fr\u00e9quenter l\u2019\u00e9cole. Elle avait une influence positive sur ses camarades par ses paroles et surtout par l\u2019exemple de sa vie. Sa cousine Lucja \u00e9crit : \u00ab [&hellip;]"}