{"version":"1.0","provider_name":"Filles de la Charit\u00e9","provider_url":"https:\/\/filles-de-la-charite.org\/fr\/","title":"Saint Vincent en Ha\u00efti - Filles de la Charit\u00e9","type":"rich","width":600,"height":338,"html":"<blockquote class=\"wp-embedded-content\" data-secret=\"dzqcyBJK2N\"><a href=\"https:\/\/filles-de-la-charite.org\/fr\/saint-vincent-in-haiti-2\/\">Saint Vincent en Ha\u00efti<\/a><\/blockquote><iframe sandbox=\"allow-scripts\" security=\"restricted\" src=\"https:\/\/filles-de-la-charite.org\/fr\/saint-vincent-in-haiti-2\/embed\/#?secret=dzqcyBJK2N\" width=\"600\" height=\"338\" title=\"\u00ab\u00a0Saint Vincent en Ha\u00efti\u00a0\u00bb &#8212; Filles de la Charit\u00e9\" data-secret=\"dzqcyBJK2N\" frameborder=\"0\" marginwidth=\"0\" marginheight=\"0\" scrolling=\"no\" class=\"wp-embedded-content\"><\/iframe><script type=\"text\/javascript\">\n\/* <![CDATA[ *\/\n\/*! This file is auto-generated *\/\n!function(d,l){\"use strict\";l.querySelector&&d.addEventListener&&\"undefined\"!=typeof URL&&(d.wp=d.wp||{},d.wp.receiveEmbedMessage||(d.wp.receiveEmbedMessage=function(e){var t=e.data;if((t||t.secret||t.message||t.value)&&!\/[^a-zA-Z0-9]\/.test(t.secret)){for(var s,r,n,a=l.querySelectorAll('iframe[data-secret=\"'+t.secret+'\"]'),o=l.querySelectorAll('blockquote[data-secret=\"'+t.secret+'\"]'),c=new RegExp(\"^https?:$\",\"i\"),i=0;i<o.length;i++)o[i].style.display=\"none\";for(i=0;i<a.length;i++)s=a[i],e.source===s.contentWindow&&(s.removeAttribute(\"style\"),\"height\"===t.message?(1e3<(r=parseInt(t.value,10))?r=1e3:~~r<200&&(r=200),s.height=r):\"link\"===t.message&&(r=new URL(s.getAttribute(\"src\")),n=new URL(t.value),c.test(n.protocol))&&n.host===r.host&&l.activeElement===s&&(d.top.location.href=t.value))}},d.addEventListener(\"message\",d.wp.receiveEmbedMessage,!1),l.addEventListener(\"DOMContentLoaded\",function(){for(var e,t,s=l.querySelectorAll(\"iframe.wp-embedded-content\"),r=0;r<s.length;r++)(t=(e=s[r]).getAttribute(\"data-secret\"))||(t=Math.random().toString(36).substring(2,12),e.src+=\"#?secret=\"+t,e.setAttribute(\"data-secret\",t)),e.contentWindow.postMessage({message:\"ready\",secret:t},\"*\")},!1)))}(window,document);\n\/\/# sourceURL=https:\/\/filles-de-la-charite.org\/wp-includes\/js\/wp-embed.min.js\n\/* ]]> *\/\n<\/script>\n","thumbnail_url":"https:\/\/filles-de-la-charite.org\/wp-content\/uploads\/2023\/06\/201106-Haiti-FTD.jpg","thumbnail_width":1200,"thumbnail_height":630,"description":"Du 18 au 25 octobre, nous avons c\u00e9l\u00e9br\u00e9 une autre Semaine Missionnaire. En nous souvenant des personnes qui ont quitt\u00e9 leur pays pour la Mission ad Gentes, nous les avons associ\u00e9es \u00e0 nos pri\u00e8res. S\u0153urWeronika, Polonaise, faisant partie de la Province de la Cara\u00efbe et servant les Pauvres d\u2019Ha\u00efti,partage avec nous la fa\u00e7on qu\u2019a eue [&hellip;]"}