{"id":32250,"date":"2024-03-02T12:55:23","date_gmt":"2024-03-02T11:55:23","guid":{"rendered":"https:\/\/hijascaridad.sjdigitaldemo.ovh\/familia\/beato-louis-joseph-francois-c-m-y-companeros-martires\/"},"modified":"2024-03-02T13:23:11","modified_gmt":"2024-03-02T12:23:11","slug":"beato-louis-joseph-francois-c-m-y-companeros-martires","status":"publish","type":"familia","link":"https:\/\/filles-de-la-charite.org\/fr\/famille\/beato-louis-joseph-francois-c-m-y-companeros-martires\/","title":{"rendered":"Bienheureux Louis-Joseph Fran\u00e7ois, C.M., et ses compagnons martyrs"},"content":{"rendered":"\n<p>L\u2019Eglise et la Congr\u00e9gation honorent ensemble les martyrs de la R\u00e9volution Fran\u00e7aise. A Paris, le 3 septembre 1792, ce fut le massacre au s\u00e9minaire Saint-Firmin, ancien coll\u00e8ge \u00ab des Bons Enfants \u00bb acquis par saint Vincent de Paul en 1624. Ce s\u00e9minaire, transform\u00e9 en prison en 1789, est le quatri\u00e8me lieu des ex\u00e9cutions capitales \u00e0 Paris. Soixante-douze victimes y subissent le martyre, dont :<\/p>\n\n\n\n<p><strong>LOUIS-JOSEPH FRAN\u00c7OIS<br><\/strong>Il na\u00eet le 3 f\u00e9vrier 1751 \u00e0 Busigny, dans le Nord. Il est ordonn\u00e9 pr\u00eatre en 1773 et admis dans la Congr\u00e9gation de la Mission le 4 octobre 1776. Il est \u00ab missionnaire \u00bb dans la formation des pr\u00eatres, d\u2019abord au s\u00e9minaire de Troyes, puis \u00e0 Paris au s\u00e9minaire saint-Firmin dont il devint le sup\u00e9rieur en 1788.<br>Bien que les temps soient difficiles, il veille \u00e0 ce que le s\u00e9minaire poursuive une vie r\u00e9guli\u00e8re. Il \u00e9crit plusieurs pamphlets contre la Constitution civile du clerg\u00e9, dont un intitul\u00e9 \u00ab Apologia \u00bb. Alors que la pers\u00e9cution faisait d\u00e9j\u00e0 rage, il ouvrit les portes du s\u00e9minaire Saint-Firmin \u00e0 Paris \u00e0 plus de quatre-vingt-dix pr\u00eatres et religieux. Lorsque la maison est envahie par les assaillants, le bienheureux Louis-Joseph Fran\u00e7ois est pris et jet\u00e9 par une fen\u00eatre. Sur le sol, il a ensuite \u00e9t\u00e9 battu et son cadavre, comme celui des autres, fut cruellement profan\u00e9.<br>Louis-Joseph Fran\u00e7ois, l\u2019intellectuel, fut b\u00e9atifi\u00e9 par le Pape Pie XI, le 17 octobre 1926, avec les martyrs de la R\u00e9volution, dont faisait partie Jean-Henri Gruyer, le pasteur de terrain.<\/p>\n\n\n\n<p><br><strong>JEAN-HENRI GRUYER<br><\/strong>Il est n\u00e9 \u00e0 D\u00f4le (Vosges) le 13 juin 1734. Il est ordonn\u00e9 pr\u00eatre pour le dioc\u00e8se de Saint-Claude. Il est admis dans la Congr\u00e9gation de la Mission le 23 janvier 1771. La multiplication de prise en charge des paroisses par la Congr\u00e9gation en France, surtout au dix-huiti\u00e8me si\u00e8cle, exige des pasteurs confirm\u00e9s. Jean-Henri sera ainsi affect\u00e9 au minist\u00e8re paroissial. La R\u00e9volution le surprend \u00e0 Versailles o\u00f9 il est vicaire \u00e0 la paroisse de Saint-Louis. Expuls\u00e9 de la paroisse pour avoir refus\u00e9 de pr\u00eater le serment civil, il revient \u00e0 Paris o\u00f9 le s\u00e9minaire de Saint-Firmin lui ouvre ses portes et o\u00f9 il meurt le 3 septembre 1792, partageant la souffrance et le martyre avec le Bienheureux Louis-Joseph.<\/p>\n\n\n\n<p><br><strong>PIERRE-RENE ROGUE<br><\/strong>N\u00e9 \u00e0 Vannes le 11 juin 1758, il est ordonn\u00e9 pr\u00eatre le 21 septembre 1782. Chapelain de l\u2019\u0153uvre des \u00ab Dames de la Retraite \u00bb, il est attir\u00e9 par la vocation et la mission des p\u00e8res de la Congr\u00e9gation de la Mission, ses formateurs, qui dirigent le grand s\u00e9minaire de Vannes. Admis dans la Congr\u00e9gation de la Mission le 25 octobre 1786 \u00e0 Paris, il revient au s\u00e9minaire de Vannes comme professeur de Dogme. Expuls\u00e9 par la l\u00e9gislation r\u00e9volutionnaire, Pierre-Ren\u00e9 entre dans la clandestinit\u00e9 pour continuer sur place le minist\u00e8re pastoral et aider les catholiques pers\u00e9cut\u00e9s. Il est arr\u00eat\u00e9 le 24 d\u00e9cembre 1795, alors qu\u2019il portait la communion \u00e0 un malade. Il est conduit en prison le m\u00eame jour et y reste jusqu\u2019au 3 mars de l\u2019ann\u00e9e suivante. Il est condamn\u00e9 \u00e0 la guillotine. A la fin de ce proc\u00e8s inique o\u00f9 sa m\u00e8re dut t\u00e9moigner, il fut ramen\u00e9 en prison d\u2019o\u00f9 il \u00e9crivit sa derni\u00e8re lettre \u00e0 sa m\u00e8re \u00e2g\u00e9e et \u00e0 ses confr\u00e8res de la communaut\u00e9, leur disant qu\u2019il allait mourir pour la foi et que, dans ces moments-l\u00e0, il se sentait heureux de donner sa vie pour le Christ. Il fut ex\u00e9cut\u00e9 le 3 mars 1796 sous les yeux de sa vieille et sainte m\u00e8re.<br>Pierre-Ren\u00e9 Rogue fut b\u00e9atifi\u00e9 par Pie XI le 10 mai 1934.<\/p>\n\n\n\n<p><br><strong>JEAN-CHARLES CARON<br><\/strong>Il est n\u00e9 \u00e0 Auchel, dans le Pas-de-Calais, le 31 d\u00e9cembre 1730. Le 30 d\u00e9cembre 1750, il entre dans la Congr\u00e9gation de la Mission o\u00f9 il fait ses v\u0153ux en 1752.<br>Pendant vingt-neuf ans, il se consacre au minist\u00e8re des missions et devient ensuite cur\u00e9 de Coll\u00e9gien, au dioc\u00e8se de Meaux. Comme beaucoup d\u2019autres, il refusa de signer la Constitution civile du clerg\u00e9 pendant la R\u00e9volution Fran\u00e7aise, ce qui lui valut d\u2019\u00eatre expuls\u00e9 de sa paroisse et de se r\u00e9fugier \u00e0 Paris. Sa mort fut jointe \u00e0 celle des martyrs du cruel massacre des 2 et 3 septembre 1792.<br>Jean-Charles Caron fut b\u00e9atifi\u00e9 par Pie XI le 17 octobre 1926.<\/p>\n\n\n\n<p><br><strong>NICOLAS COLIN<br><\/strong>Il est n\u00e9 \u00e0 Grenant, Haute-Marne, le 12 d\u00e9cembre 1730. Il prononce ses v\u0153ux en 1749 dans la Congr\u00e9gation de la Mission. Plus tard, il est nomm\u00e9 vicaire de la paroisse de Saint-Louis \u00e0 Versailles o\u00f9 il travaille de 1754 \u00e0 1770. Il fut par ailleurs cur\u00e9 de Genevri\u00e8res, au dioc\u00e8se de Langres. Pendant vingt-deux ans, il exer\u00e7a son minist\u00e8re missionnaire avec la r\u00e9putation d\u2019un bon pr\u00e9dicateur. La R\u00e9volution le chasse de son presbyt\u00e8re. Il est remplac\u00e9 par un pr\u00eatre fid\u00e8le \u00e0 la Constitution civile. Il se r\u00e9fugie \u00e0 Paris o\u00f9 il meurt au cours du terrible massacre du 3 septembre 1792.<br>Nicolas Colin est connu pour avoir dit ces paroles : \u00ab \u2026 en r\u00e9compense de ma fid\u00e9lit\u00e9 \u00e0 la foi, la faim, l\u2019exil, la prison et peut-\u00eatre la mort m\u00eame. \u00bb<br>Il fut b\u00e9atifi\u00e9 par Pie XI le 17 octobre 1926.<\/p>\n\n\n\n<p><em>(<strong>F\u00eate le 2 septembre<\/strong>)<\/em><\/p>\n","protected":false},"featured_media":32245,"template":"","meta":{"_acf_changed":false,"_et_pb_use_builder":"","_et_pb_old_content":"","_et_gb_content_width":"","_links_to":"","_links_to_target":""},"origen":[37],"class_list":["post-32250","familia","type-familia","status-publish","has-post-thumbnail","hentry","origen-familia-vicenciana"],"acf":[],"yoast_head":"<!-- This site is optimized with the Yoast SEO plugin v27.5 - https:\/\/yoast.com\/product\/yoast-seo-wordpress\/ -->\n<title>Bienheureux Louis-Joseph Fran\u00e7ois, C.M., et ses compagnons martyrs - Filles de la Charit\u00e9<\/title>\n<meta name=\"robots\" content=\"index, follow, max-snippet:-1, max-image-preview:large, max-video-preview:-1\" \/>\n<link rel=\"canonical\" href=\"https:\/\/filles-de-la-charite.org\/fr\/famille\/beato-louis-joseph-francois-c-m-y-companeros-martires\/\" \/>\n<meta property=\"og:locale\" content=\"fr_FR\" \/>\n<meta property=\"og:type\" content=\"article\" \/>\n<meta property=\"og:title\" content=\"Bienheureux Louis-Joseph Fran\u00e7ois, C.M., et ses compagnons martyrs - Filles de la Charit\u00e9\" \/>\n<meta property=\"og:description\" content=\"L\u2019Eglise et la Congr\u00e9gation honorent ensemble les martyrs de la R\u00e9volution Fran\u00e7aise. A Paris, le 3 septembre 1792, ce fut le massacre au s\u00e9minaire Saint-Firmin, ancien coll\u00e8ge \u00ab des Bons Enfants \u00bb acquis par saint Vincent de Paul en 1624. Ce s\u00e9minaire, transform\u00e9 en prison en 1789, est le quatri\u00e8me lieu des ex\u00e9cutions capitales \u00e0 [&hellip;]\" \/>\n<meta property=\"og:url\" content=\"https:\/\/filles-de-la-charite.org\/fr\/famille\/beato-louis-joseph-francois-c-m-y-companeros-martires\/\" \/>\n<meta property=\"og:site_name\" content=\"Filles de la Charit\u00e9\" \/>\n<meta property=\"article:modified_time\" content=\"2024-03-02T12:23:11+00:00\" \/>\n<meta property=\"og:image\" content=\"https:\/\/filles-de-la-charite.org\/wp-content\/uploads\/2024\/03\/Martyrs-french-revolution-CM-thumbnail-1.jpg\" \/>\n\t<meta property=\"og:image:width\" content=\"1200\" \/>\n\t<meta property=\"og:image:height\" content=\"630\" \/>\n\t<meta property=\"og:image:type\" content=\"image\/jpeg\" \/>\n<meta name=\"twitter:card\" content=\"summary_large_image\" \/>\n<meta name=\"twitter:label1\" content=\"Dur\u00e9e de lecture estim\u00e9e\" \/>\n\t<meta name=\"twitter:data1\" content=\"4 minutes\" \/>\n<script type=\"application\/ld+json\" class=\"yoast-schema-graph\">{\"@context\":\"https:\\\/\\\/schema.org\",\"@graph\":[{\"@type\":\"WebPage\",\"@id\":\"https:\\\/\\\/filles-de-la-charite.org\\\/fr\\\/famille\\\/beato-louis-joseph-francois-c-m-y-companeros-martires\\\/\",\"url\":\"https:\\\/\\\/filles-de-la-charite.org\\\/fr\\\/famille\\\/beato-louis-joseph-francois-c-m-y-companeros-martires\\\/\",\"name\":\"Bienheureux Louis-Joseph Fran\u00e7ois, C.M., et ses compagnons martyrs - Filles de la Charit\u00e9\",\"isPartOf\":{\"@id\":\"https:\\\/\\\/filles-de-la-charite.org\\\/fr\\\/#website\"},\"primaryImageOfPage\":{\"@id\":\"https:\\\/\\\/filles-de-la-charite.org\\\/fr\\\/famille\\\/beato-louis-joseph-francois-c-m-y-companeros-martires\\\/#primaryimage\"},\"image\":{\"@id\":\"https:\\\/\\\/filles-de-la-charite.org\\\/fr\\\/famille\\\/beato-louis-joseph-francois-c-m-y-companeros-martires\\\/#primaryimage\"},\"thumbnailUrl\":\"https:\\\/\\\/filles-de-la-charite.org\\\/wp-content\\\/uploads\\\/2024\\\/03\\\/Martyrs-french-revolution-CM-thumbnail-1.jpg\",\"datePublished\":\"2024-03-02T11:55:23+00:00\",\"dateModified\":\"2024-03-02T12:23:11+00:00\",\"breadcrumb\":{\"@id\":\"https:\\\/\\\/filles-de-la-charite.org\\\/fr\\\/famille\\\/beato-louis-joseph-francois-c-m-y-companeros-martires\\\/#breadcrumb\"},\"inLanguage\":\"fr-FR\",\"potentialAction\":[{\"@type\":\"ReadAction\",\"target\":[\"https:\\\/\\\/filles-de-la-charite.org\\\/fr\\\/famille\\\/beato-louis-joseph-francois-c-m-y-companeros-martires\\\/\"]}]},{\"@type\":\"ImageObject\",\"inLanguage\":\"fr-FR\",\"@id\":\"https:\\\/\\\/filles-de-la-charite.org\\\/fr\\\/famille\\\/beato-louis-joseph-francois-c-m-y-companeros-martires\\\/#primaryimage\",\"url\":\"https:\\\/\\\/filles-de-la-charite.org\\\/wp-content\\\/uploads\\\/2024\\\/03\\\/Martyrs-french-revolution-CM-thumbnail-1.jpg\",\"contentUrl\":\"https:\\\/\\\/filles-de-la-charite.org\\\/wp-content\\\/uploads\\\/2024\\\/03\\\/Martyrs-french-revolution-CM-thumbnail-1.jpg\",\"width\":1200,\"height\":630},{\"@type\":\"BreadcrumbList\",\"@id\":\"https:\\\/\\\/filles-de-la-charite.org\\\/fr\\\/famille\\\/beato-louis-joseph-francois-c-m-y-companeros-martires\\\/#breadcrumb\",\"itemListElement\":[{\"@type\":\"ListItem\",\"position\":1,\"name\":\"Notre famille\",\"item\":\"https:\\\/\\\/filles-de-la-charite.org\\\/fr\\\/famille\\\/\"},{\"@type\":\"ListItem\",\"position\":2,\"name\":\"Bienheureux Louis-Joseph Fran\u00e7ois, C.M., et ses compagnons martyrs\"}]},{\"@type\":\"WebSite\",\"@id\":\"https:\\\/\\\/filles-de-la-charite.org\\\/fr\\\/#website\",\"url\":\"https:\\\/\\\/filles-de-la-charite.org\\\/fr\\\/\",\"name\":\"Hijas de la Caridad\",\"description\":\"L\u2019amour de J\u00e9sus nous presse \u00e0 prendre soin des personnes les plus d\u00e9munies\",\"publisher\":{\"@id\":\"https:\\\/\\\/filles-de-la-charite.org\\\/fr\\\/#organization\"},\"potentialAction\":[{\"@type\":\"SearchAction\",\"target\":{\"@type\":\"EntryPoint\",\"urlTemplate\":\"https:\\\/\\\/filles-de-la-charite.org\\\/fr\\\/?s={search_term_string}\"},\"query-input\":{\"@type\":\"PropertyValueSpecification\",\"valueRequired\":true,\"valueName\":\"search_term_string\"}}],\"inLanguage\":\"fr-FR\"},{\"@type\":\"Organization\",\"@id\":\"https:\\\/\\\/filles-de-la-charite.org\\\/fr\\\/#organization\",\"name\":\"Hijas de la Caridad\",\"url\":\"https:\\\/\\\/filles-de-la-charite.org\\\/fr\\\/\",\"logo\":{\"@type\":\"ImageObject\",\"inLanguage\":\"fr-FR\",\"@id\":\"https:\\\/\\\/filles-de-la-charite.org\\\/fr\\\/#\\\/schema\\\/logo\\\/image\\\/\",\"url\":\"https:\\\/\\\/filles-de-la-charite.org\\\/wp-content\\\/uploads\\\/2023\\\/03\\\/isotipo-Hijas-de-la-Caridad.png\",\"contentUrl\":\"https:\\\/\\\/filles-de-la-charite.org\\\/wp-content\\\/uploads\\\/2023\\\/03\\\/isotipo-Hijas-de-la-Caridad.png\",\"width\":1417,\"height\":1417,\"caption\":\"Hijas de la Caridad\"},\"image\":{\"@id\":\"https:\\\/\\\/filles-de-la-charite.org\\\/fr\\\/#\\\/schema\\\/logo\\\/image\\\/\"}}]}<\/script>\n<!-- \/ Yoast SEO plugin. -->","yoast_head_json":{"title":"Bienheureux Louis-Joseph Fran\u00e7ois, C.M., et ses compagnons martyrs - Filles de la Charit\u00e9","robots":{"index":"index","follow":"follow","max-snippet":"max-snippet:-1","max-image-preview":"max-image-preview:large","max-video-preview":"max-video-preview:-1"},"canonical":"https:\/\/filles-de-la-charite.org\/fr\/famille\/beato-louis-joseph-francois-c-m-y-companeros-martires\/","og_locale":"fr_FR","og_type":"article","og_title":"Bienheureux Louis-Joseph Fran\u00e7ois, C.M., et ses compagnons martyrs - Filles de la Charit\u00e9","og_description":"L\u2019Eglise et la Congr\u00e9gation honorent ensemble les martyrs de la R\u00e9volution Fran\u00e7aise. A Paris, le 3 septembre 1792, ce fut le massacre au s\u00e9minaire Saint-Firmin, ancien coll\u00e8ge \u00ab des Bons Enfants \u00bb acquis par saint Vincent de Paul en 1624. Ce s\u00e9minaire, transform\u00e9 en prison en 1789, est le quatri\u00e8me lieu des ex\u00e9cutions capitales \u00e0 [&hellip;]","og_url":"https:\/\/filles-de-la-charite.org\/fr\/famille\/beato-louis-joseph-francois-c-m-y-companeros-martires\/","og_site_name":"Filles de la Charit\u00e9","article_modified_time":"2024-03-02T12:23:11+00:00","og_image":[{"width":1200,"height":630,"url":"https:\/\/filles-de-la-charite.org\/wp-content\/uploads\/2024\/03\/Martyrs-french-revolution-CM-thumbnail-1.jpg","type":"image\/jpeg"}],"twitter_card":"summary_large_image","twitter_misc":{"Dur\u00e9e de lecture estim\u00e9e":"4 minutes"},"schema":{"@context":"https:\/\/schema.org","@graph":[{"@type":"WebPage","@id":"https:\/\/filles-de-la-charite.org\/fr\/famille\/beato-louis-joseph-francois-c-m-y-companeros-martires\/","url":"https:\/\/filles-de-la-charite.org\/fr\/famille\/beato-louis-joseph-francois-c-m-y-companeros-martires\/","name":"Bienheureux Louis-Joseph Fran\u00e7ois, C.M., et ses compagnons martyrs - Filles de la Charit\u00e9","isPartOf":{"@id":"https:\/\/filles-de-la-charite.org\/fr\/#website"},"primaryImageOfPage":{"@id":"https:\/\/filles-de-la-charite.org\/fr\/famille\/beato-louis-joseph-francois-c-m-y-companeros-martires\/#primaryimage"},"image":{"@id":"https:\/\/filles-de-la-charite.org\/fr\/famille\/beato-louis-joseph-francois-c-m-y-companeros-martires\/#primaryimage"},"thumbnailUrl":"https:\/\/filles-de-la-charite.org\/wp-content\/uploads\/2024\/03\/Martyrs-french-revolution-CM-thumbnail-1.jpg","datePublished":"2024-03-02T11:55:23+00:00","dateModified":"2024-03-02T12:23:11+00:00","breadcrumb":{"@id":"https:\/\/filles-de-la-charite.org\/fr\/famille\/beato-louis-joseph-francois-c-m-y-companeros-martires\/#breadcrumb"},"inLanguage":"fr-FR","potentialAction":[{"@type":"ReadAction","target":["https:\/\/filles-de-la-charite.org\/fr\/famille\/beato-louis-joseph-francois-c-m-y-companeros-martires\/"]}]},{"@type":"ImageObject","inLanguage":"fr-FR","@id":"https:\/\/filles-de-la-charite.org\/fr\/famille\/beato-louis-joseph-francois-c-m-y-companeros-martires\/#primaryimage","url":"https:\/\/filles-de-la-charite.org\/wp-content\/uploads\/2024\/03\/Martyrs-french-revolution-CM-thumbnail-1.jpg","contentUrl":"https:\/\/filles-de-la-charite.org\/wp-content\/uploads\/2024\/03\/Martyrs-french-revolution-CM-thumbnail-1.jpg","width":1200,"height":630},{"@type":"BreadcrumbList","@id":"https:\/\/filles-de-la-charite.org\/fr\/famille\/beato-louis-joseph-francois-c-m-y-companeros-martires\/#breadcrumb","itemListElement":[{"@type":"ListItem","position":1,"name":"Notre famille","item":"https:\/\/filles-de-la-charite.org\/fr\/famille\/"},{"@type":"ListItem","position":2,"name":"Bienheureux Louis-Joseph Fran\u00e7ois, C.M., et ses compagnons martyrs"}]},{"@type":"WebSite","@id":"https:\/\/filles-de-la-charite.org\/fr\/#website","url":"https:\/\/filles-de-la-charite.org\/fr\/","name":"Hijas de la Caridad","description":"L\u2019amour de J\u00e9sus nous presse \u00e0 prendre soin des personnes les plus d\u00e9munies","publisher":{"@id":"https:\/\/filles-de-la-charite.org\/fr\/#organization"},"potentialAction":[{"@type":"SearchAction","target":{"@type":"EntryPoint","urlTemplate":"https:\/\/filles-de-la-charite.org\/fr\/?s={search_term_string}"},"query-input":{"@type":"PropertyValueSpecification","valueRequired":true,"valueName":"search_term_string"}}],"inLanguage":"fr-FR"},{"@type":"Organization","@id":"https:\/\/filles-de-la-charite.org\/fr\/#organization","name":"Hijas de la Caridad","url":"https:\/\/filles-de-la-charite.org\/fr\/","logo":{"@type":"ImageObject","inLanguage":"fr-FR","@id":"https:\/\/filles-de-la-charite.org\/fr\/#\/schema\/logo\/image\/","url":"https:\/\/filles-de-la-charite.org\/wp-content\/uploads\/2023\/03\/isotipo-Hijas-de-la-Caridad.png","contentUrl":"https:\/\/filles-de-la-charite.org\/wp-content\/uploads\/2023\/03\/isotipo-Hijas-de-la-Caridad.png","width":1417,"height":1417,"caption":"Hijas de la Caridad"},"image":{"@id":"https:\/\/filles-de-la-charite.org\/fr\/#\/schema\/logo\/image\/"}}]}},"_links":{"self":[{"href":"https:\/\/filles-de-la-charite.org\/fr\/wp-json\/wp\/v2\/familia\/32250","targetHints":{"allow":["GET"]}}],"collection":[{"href":"https:\/\/filles-de-la-charite.org\/fr\/wp-json\/wp\/v2\/familia"}],"about":[{"href":"https:\/\/filles-de-la-charite.org\/fr\/wp-json\/wp\/v2\/types\/familia"}],"wp:featuredmedia":[{"embeddable":true,"href":"https:\/\/filles-de-la-charite.org\/fr\/wp-json\/wp\/v2\/media\/32245"}],"wp:attachment":[{"href":"https:\/\/filles-de-la-charite.org\/fr\/wp-json\/wp\/v2\/media?parent=32250"}],"wp:term":[{"taxonomy":"origen","embeddable":true,"href":"https:\/\/filles-de-la-charite.org\/fr\/wp-json\/wp\/v2\/origen?post=32250"}],"curies":[{"name":"wp","href":"https:\/\/api.w.org\/{rel}","templated":true}]}}