{"id":3888,"date":"2020-10-21T08:56:23","date_gmt":"2020-10-21T06:56:23","guid":{"rendered":"https:\/\/hijascaridad.sjdigitaldemo.ovh\/familia\/saint-vincent-de-paul\/"},"modified":"2024-02-01T22:24:58","modified_gmt":"2024-02-01T21:24:58","slug":"saint-vincent-de-paul","status":"publish","type":"familia","link":"https:\/\/filles-de-la-charite.org\/fr\/famille\/saint-vincent-de-paul\/","title":{"rendered":"Saint Vincent de Paul"},"content":{"rendered":"\n<p><strong>Vincent de Paul est reconnu saint par l\u2019\u00c9glise en 1737 et d\u00e9clar\u00e9 saint patron des \u0153uvres  charitables. Comme pour chacun de nous, la saintet\u00e9 de Monsieur Vincent passe  par un long chemin qui l\u2019a conduit \u00e0 Dieu. Sa force&nbsp;fut d\u2019oser ouvrir  les oreilles de son c\u0153ur au souffle de l\u2019Esprit, jour apr\u00e8s jour.<\/strong><\/p>\n\n\n\n<blockquote class=\"wp-block-quote is-layout-flow wp-block-quote-is-layout-flow\">\n<p>\u00ab\u00a0<em>\u2026 chaque fois que vous l\u2019avez fait \u00e0 l\u2019un de ces plus petits de mes fr\u00e8res, c\u2019est \u00e0 moi que vous l\u2019avez fait.<\/em>\u00a0\u00bb<\/p>\n<cite>(Mt 25, 40)<\/cite><\/blockquote>\n\n\n\n<blockquote class=\"wp-block-quote is-layout-flow wp-block-quote-is-layout-flow\">\n<p>\u00ab\u00a0<em>Vous devez souvent penser que votre principale  affaire et ce que Dieu vous demande<\/em> <em>particuli\u00e8rement est d\u2019avoir un grand  soin de servir les pauvres, qui sont nos seigneurs. Oh\u00a0! Oui,<\/em> <em>mes s\u0153urs,  ce sont nos ma\u00eetres.(\u2026) Vous devez avoir soin que rien ne leur manque en  ce que vous pourrez, tant pour la sant\u00e9 de leur corps, que pour le  salut de leur \u00e2me.<\/em>\u00a0\u00bb<\/p>\n<cite>(Saint Vincent)<\/cite><\/blockquote>\n\n\n\n<figure class=\"wp-block-table am7-tab\"><table><tbody><tr><td><strong>1581, 24 avril&nbsp;<\/strong><\/td><td>Naissance \u00e0 Pouy, pr\u00e8s de Dax, dans les Landes<\/td><\/tr><tr><td><strong>1600&nbsp; <\/strong><\/td><td>Ordination \u00e0 Ch\u00e2teau-l\u2019Ev\u00eaque, en Dordogne<\/td><\/tr><tr><td><strong>1610&nbsp;<\/strong><\/td><td>Aum\u00f4nier \u00e0 la Cour de la Reine Marguerite de Valois<\/td><\/tr><tr><td><strong>1612&nbsp;<\/strong><\/td><td>Cur\u00e9 de Clichy<\/td><\/tr><tr><td><strong>1613&nbsp;<\/strong><\/td><td>Pr\u00e9cepteur pour la famille des Gondi<\/td><\/tr><tr><td><strong>1614&nbsp;<\/strong><\/td><td>Grave crise de la foi pendant trois ou quatre ans<\/td><\/tr><tr><td><strong>1617&nbsp;<\/strong><\/td><td>Ann\u00e9e d\u00e9terminante&nbsp;: confession d\u2019un paysan en Picardie, 25 janvier&nbsp;: premier sermon en l\u2019\u00e9glise de Folleville, 8 d\u00e9cembre&nbsp;: \u00e9tablissement de la premi\u00e8re confr\u00e9rie de la Charit\u00e9 \u00e0 Ch\u00e2tillon-les-Dombes<\/td><\/tr><tr><td><strong>1619&nbsp;<\/strong><\/td><td>Aum\u00f4nier g\u00e9n\u00e9ral des Gal\u00e8res<\/td><\/tr><tr><td><strong>1625&nbsp;<\/strong><\/td><td>Fondation de la Congr\u00e9gation de la Mission<\/td><\/tr><tr><td><strong>1628&nbsp;<\/strong><\/td><td>Proposition de formation des pr\u00eatres, retraite pour les ordinants<\/td><\/tr><tr><td>1631<\/td><td>Le lancement de la \u00ab&nbsp;retraite pour les Ordinands&nbsp;\u00bb<\/td><\/tr><tr><td><strong>1633&nbsp;<\/strong><\/td><td>Fondation avec Louise de Marillac des Filles de la Charit\u00e9<\/td><\/tr><tr><td><strong>1638&nbsp;<\/strong><\/td><td>D\u00e9but de l\u2019\u0153uvre des enfants trouv\u00e9s<\/td><\/tr><tr><td><strong>1639&nbsp;<\/strong><\/td><td>Envoi de secours en Lorraine, ravag\u00e9e par la guerre<\/td><\/tr><tr><td><strong>1646&nbsp;<\/strong><\/td><td>Fondation de la mission d\u2019Alger, missionnaires en Irlande, Ecosse<\/td><\/tr><tr><td><strong>1648&nbsp;<\/strong><\/td><td>Mission \u00e0 Madagascar<\/td><\/tr><tr><td><strong>1651&nbsp;<\/strong><\/td><td>Organisation de collectes pour porter secours aux victimes de la guerre en Picardie, Champagne, Ile-de-France<\/td><\/tr><tr><td><strong>1660<\/strong>, 27 septembre<\/td><td>Mort de Monsieur Vincent<\/td><\/tr><tr><td><strong>1729&nbsp;<\/strong><\/td><td>B\u00e9atification par le Pape Beno\u00eet XIII<\/td><\/tr><tr><td><strong>1737&nbsp;<\/strong><\/td><td>Canonisation de Vincent de Paul par le Pape Cl\u00e9ment XII<\/td><\/tr><tr><td><strong>1883&nbsp;<\/strong><\/td><td>Patron de bienfaisance catholique<\/td><\/tr><tr><td>27 septembre<\/td><td>Jour de sa f\u00eate<\/td><\/tr><\/tbody><\/table><\/figure>\n\n\n\n<p>Il na\u00eet dans une famille tr\u00e8s unie de  paysans et de classe moyenne, en 1581 \u00e0 Pouy, pr\u00e8s de Dax. Il est le troisi\u00e8me d\u2019une fratrie de six enfants. Ses parents sont chr\u00e9tiens et lui  transmettent une foi vivante et concr\u00e8te. Vincent est intelligent et  ardent. Tr\u00e8s vite, port\u00e9 par les siens, il s\u2019investit dans un bel  avenir&nbsp;: celui des \u00e9tudes et de la pr\u00eatrise.<\/p>\n\n\n\n<p>Il va successivement \u00e0 Dax et Toulouse.  Pour subvenir \u00e0 ses \u00e9tudes, ses parents vendent une partie de leur  pr\u00e9cieux bien&nbsp;: une paire de b\u0153ufs. Il tente m\u00eame du soutien scolaire et  il est ordonn\u00e9 tr\u00e8s jeune, \u00e0 l\u2019\u00e2ge de dix-neuf ans, en 1600.<\/p>\n\n\n\n<p>Vincent est un homme qui bouge,  presqu\u2019autant qu\u2019un homme d\u2019affaires actuel, mais \u00e0 cheval et en  diligence. L\u2019histoire se confond peut-\u00eatre avec la l\u00e9gende, l\u2019itin\u00e9raire  exact de Vincent est incertain. Durant trois ann\u00e9es, nul se sait o\u00f9  il est : a-t-il \u00e9t\u00e9 captur\u00e9 par les pirates, est-il rest\u00e9 en esclavage en  Barbarie, dans l\u2019actuelle Tunisie&nbsp;?\u2026Il r\u00e9apparait \u00e0 Paris en 1608. Ses  relations lui font rencontrer M. Pierre de B\u00e9rulle, l\u2019un des repr\u00e9sentants  majeurs de l\u2019Ecole Fran\u00e7aise de spiritualit\u00e9. Ce mouvement participe \u00e0  la r\u00e9forme interne de l\u2019Eglise catholique, en insistant sur la venue de  J\u00e9sus dans notre condition humaine&nbsp;: Dieu s\u2019incarne et se fait proche de  l\u2019homme dans son quotidien. Les pr\u00eatres sont invit\u00e9s \u00e0 vivre leur  vocation avec s\u00e9rieux, en se formant et en s\u2019enracinant profond\u00e9ment en  Christ, ce qui est rare \u00e0 un moment o\u00f9 la vie de l\u2019Eglise a  perdu de son authenticit\u00e9.<\/p>\n\n\n\n<p>Vincent, \u00e0 ses d\u00e9buts, est pr\u00eatre par vocation, mais aussi pour s\u2019assurer une \u00ab&nbsp;<em>honn\u00eate retirade<\/em>&nbsp;\u00bb.  Il pense \u00e0 une carri\u00e8re qui lui permettra de mettre sa famille \u00e0 l\u2019abri de la pauvret\u00e9. C\u2019est un homme entreprenant, vif et curieux. Il  arrive \u00e0 rejoindre la cour vers 1610, suite \u00e0 sa fonction de distributeur d\u2019aum\u00f4nes au nom de la Reine Margot, premi\u00e8re femme du roi Henri IV.<\/p>\n\n\n\n<p>A cause d\u2019un certain d\u00e9s\u0153uvrement,  Vincent conna\u00eet, durant trois ou quatre ann\u00e9es, le doute et la nuit de la foi. C\u2019est en redonnant sa vie par amour de J\u00e9sus-Christ, au service des pauvres,  qu\u2019il retrouve sa relation \u00e0 Dieu. Il devient, en 1612, l\u2019heureux cur\u00e9  de Clichy et dit&nbsp;:&nbsp;\u00ab&nbsp;<em>Mon Dieu, que tu es heureux d\u2019avoir un si bon peuple&nbsp;! <\/em>\u00bb.  Il est bient\u00f4t au service d\u2019une famille tr\u00e8s influente du royaume, les  Gondi. Monsieur est g\u00e9n\u00e9ral des gal\u00e8res, sa femme g\u00e8re son domaine.  Vincent est pr\u00e9cepteur des enfants. Il devient l\u2019accompagnateur  spirituel de Madame de Gondi.<\/p>\n\n\n\n<p>1617 est une ann\u00e9e charni\u00e8re pour  Vincent. Un jour qu\u2019il accompagne Mme de Gondi sur ses terres, il  confesse un paysan qui va mourir. Cet homme, r\u00e9put\u00e9 honn\u00eate, ressent l\u2019angoisse d\u2019aller en enfer pour des fautes qu\u2019il n\u2019avait jamais  os\u00e9 avouer. Apr\u00e8s cette confession, il retrouve la paix. A cette  occasion, Mme de Gondi s\u2019inqui\u00e8te de l\u2019\u00e9tat spirituel des gens de sa  maison et invite Monsieur Vincent \u00e0 trouver un \u00ab&nbsp;<em>rem\u00e8de \u00e0 cela<\/em>&nbsp;\u00bb. Le  lendemain, le 25 janvier 1617, il pr\u00eache dans l\u2019\u00e9glise de Folleville avec tant d\u2019ardeur que les paroissiens se d\u00e9placent en grand nombre pour se  confesser.<\/p>\n\n\n\n<p>Cette m\u00eame ann\u00e9e, gr\u00e2ce \u00e0 M. de B\u00e9rulle,  il rejoint Ch\u00e2tillon-les-Dombes, pr\u00e8s de Lyon, \u00e0 l\u2019\u00e2ge de trente-six ans. Il  apprend qu\u2019une famille est dans le besoin et le signale pendant la  messe. Un \u00e9lan de g\u00e9n\u00e9rosit\u00e9 saisit l\u2019assembl\u00e9e qui se presse au chevet  des malades avec quantit\u00e9 de victuailles. Vincent est heureux et se pose  imm\u00e9diatement la question d\u2019une meilleure organisation. Gr\u00e2ce \u00e0 des  dames pieuses, il f\u00e9d\u00e8re la charit\u00e9 avec un r\u00e8glement tr\u00e8s respectueux  qui invite \u00e0 servir les pauvres comme \u00ab&nbsp;<em>s\u2019il s\u2019agissait de Dieu lui-m\u00eame<\/em>&nbsp;\u00bb. Ce sont les premi\u00e8res \u00abCharit\u00e9s&nbsp;\u00bb  (aujourd\u2019hui, Equipes Saint Vincent). Cette exp\u00e9rience le conforte dans  sa nouvelle vocation de se mettre au service des plus humbles. Press\u00e9  par les Gondi, il retourne chez eux et se consacre aux besoins corporels  et spirituels des personnes d\u00e9munies, fortement soutenu par Mme de Gondi, qui  en 1625, signe le contrat de fondation de la Congr\u00e9gation de la Mission, charg\u00e9e de l\u2019\u00e9vang\u00e9lisation des campagnes. D\u00e9sormais, il sert les pauvres, guid\u00e9 par deux objectifs&nbsp;: mission et charit\u00e9.<\/p>\n\n\n\n<p>Vincent est un homme de pri\u00e8re et du concret, qui cherche \u00e0 organiser des secours directs pour les gens n\u00e9cessiteux. En 1624, Dieu met sur sa route Louise de Marillac qui lui demande une aide spirituelle. Il lui confie la  visite des charit\u00e9s naissantes et fonde, gr\u00e2ce \u00e0 elle, les Filles de la Charit\u00e9  en 1633. Afin de former les pr\u00eatres, il met en place les conf\u00e9rences  des mardis, les exercices des ordinands, des formations pour les  s\u00e9minaristes et ouvre des s\u00e9minaires. Il n\u2019a de cesse de cr\u00e9er des  r\u00e9seaux d\u2019entraide avec les acteurs locaux, pour venir au secours de  toutes les mis\u00e8res humaines de son \u00e9poque : les gal\u00e9riens, les enfants  trouv\u00e9s, les bless\u00e9s des guerres en Lorraine, en Picardie, en Champagne,  en en Ile-de-France, les personnes \u00e2g\u00e9es ou atteintes de d\u00e9mence\u2026 Rien ne peut  arr\u00eater l\u2019imagination de <strong>Monsieur&nbsp;<\/strong>Vincent et de ses collaborateurs&nbsp;: il s\u2019agit  de relever l\u2019homme, tout l\u2019homme&nbsp;! Que chaque personne puisse se nourrir  par ses propres moyens, apprendre un m\u00e9tier, retrouver sa dignit\u00e9  d\u2019enfant de Dieu.<\/p>\n\n\n\n<p>Vincent sait rejoindre les plus grands  pour susciter leur charit\u00e9 et demander leur aide politique, au risque de  perdre tout cr\u00e9dit aupr\u00e8s de Mazarin. Il ne voit que la mis\u00e8re \u00e0 soulager, de tous ces pauvres qui sont le visage de J\u00e9sus-Christ.<\/p>\n\n\n\n<p>Il meurt le 27 septembre 1660, laissant derri\u00e8re lui des la\u00efcs, des pr\u00eatres, des S\u0153urs, une famille, la Famille vincentienne  et surtout un esprit, dont tous vivent encore aujourd\u2019hui, ce feu d\u2019amour pour les pauvres, qui animait le c\u0153ur de saint Vincent de Paul pour les pauvres.<\/p>\n\n\n\n<p><em>Pour aller plus loin<\/em><\/p>\n\n\n\n<p>Lectures&nbsp;:<\/p>\n\n\n\n<ul class=\"wp-block-list\">\n<li><em>Petite vie de Vincent de Paul, <\/em>Luigi Mezzadri<em>, <\/em>Descl\u00e9e de Brouwer, 2004<\/li>\n\n\n\n<li><em>Prier 15 jours avec saint Vincent de Paul, <\/em>Jean-Pierre Renouard, Nouvelle Cit\u00e9, 2000<\/li>\n\n\n\n<li><em><em>Saint Vincent de Paul, ma\u00eetre de sagesse&nbsp;: initiation<\/em> \u00e0 l\u2019esprit vincentien, <\/em>Jean-Pierre Renouard, Nouvelle Cit\u00e9, 2010<\/li>\n<\/ul>\n\n\n\n<p>Liens internet :<\/p>\n\n\n\n<ul class=\"wp-block-list\">\n<li><a rel=\"noreferrer noopener\" href=\"http:\/\/famvin.org\/fr\/\" target=\"_blank\">http:\/\/www.famvin.org\/fr\/<\/a><\/li>\n\n\n\n<li><a href=\"http:\/\/via.library.depaul.edu\/\" target=\"_blank\" rel=\"noreferrer noopener\">http:\/\/via.library.depaul.edu\/<\/a><\/li>\n\n\n\n<li><a href=\"https:\/\/vincentianpersons.cdm.depaul.edu\/StVincentImages\" target=\"_blank\" rel=\"noreferrer noopener\">https:\/\/vincentianpersons.cdm.depaul.edu\/StVincentImages<\/a><\/li>\n<\/ul>\n","protected":false},"featured_media":961,"template":"","meta":{"_acf_changed":false,"_links_to":"","_links_to_target":""},"origen":[],"class_list":["post-3888","familia","type-familia","status-publish","has-post-thumbnail","hentry"],"acf":[],"yoast_head":"<!-- This site is optimized with the Yoast SEO plugin v27.5 - https:\/\/yoast.com\/product\/yoast-seo-wordpress\/ -->\n<title>Saint Vincent de Paul - Filles de la Charit\u00e9<\/title>\n<meta name=\"robots\" content=\"index, follow, max-snippet:-1, max-image-preview:large, max-video-preview:-1\" \/>\n<link rel=\"canonical\" href=\"https:\/\/filles-de-la-charite.org\/fr\/famille\/saint-vincent-de-paul\/\" \/>\n<meta property=\"og:locale\" content=\"fr_FR\" \/>\n<meta property=\"og:type\" content=\"article\" \/>\n<meta property=\"og:title\" content=\"Saint Vincent de Paul - Filles de la Charit\u00e9\" \/>\n<meta property=\"og:description\" content=\"Vincent de Paul est reconnu saint par l\u2019\u00c9glise en 1737 et d\u00e9clar\u00e9 saint patron des \u0153uvres charitables. Comme pour chacun de nous, la saintet\u00e9 de Monsieur Vincent passe par un long chemin qui l\u2019a conduit \u00e0 Dieu. Sa force&nbsp;fut d\u2019oser ouvrir les oreilles de son c\u0153ur au souffle de l\u2019Esprit, jour apr\u00e8s jour. \u00ab\u00a0\u2026 chaque [&hellip;]\" \/>\n<meta property=\"og:url\" content=\"https:\/\/filles-de-la-charite.org\/fr\/famille\/saint-vincent-de-paul\/\" \/>\n<meta property=\"og:site_name\" content=\"Filles de la Charit\u00e9\" \/>\n<meta property=\"article:modified_time\" content=\"2024-02-01T21:24:58+00:00\" \/>\n<meta property=\"og:image\" content=\"https:\/\/filles-de-la-charite.org\/wp-content\/uploads\/2023\/04\/st_vincent-37-1.jpg\" \/>\n\t<meta property=\"og:image:width\" content=\"393\" \/>\n\t<meta property=\"og:image:height\" content=\"600\" \/>\n\t<meta property=\"og:image:type\" content=\"image\/jpeg\" \/>\n<meta name=\"twitter:card\" content=\"summary_large_image\" \/>\n<meta name=\"twitter:label1\" content=\"Dur\u00e9e de lecture estim\u00e9e\" \/>\n\t<meta name=\"twitter:data1\" content=\"8 minutes\" \/>\n<script type=\"application\/ld+json\" class=\"yoast-schema-graph\">{\"@context\":\"https:\\\/\\\/schema.org\",\"@graph\":[{\"@type\":\"WebPage\",\"@id\":\"https:\\\/\\\/filles-de-la-charite.org\\\/fr\\\/famille\\\/saint-vincent-de-paul\\\/\",\"url\":\"https:\\\/\\\/filles-de-la-charite.org\\\/fr\\\/famille\\\/saint-vincent-de-paul\\\/\",\"name\":\"Saint Vincent de Paul - Filles de la Charit\u00e9\",\"isPartOf\":{\"@id\":\"https:\\\/\\\/filles-de-la-charite.org\\\/fr\\\/#website\"},\"primaryImageOfPage\":{\"@id\":\"https:\\\/\\\/filles-de-la-charite.org\\\/fr\\\/famille\\\/saint-vincent-de-paul\\\/#primaryimage\"},\"image\":{\"@id\":\"https:\\\/\\\/filles-de-la-charite.org\\\/fr\\\/famille\\\/saint-vincent-de-paul\\\/#primaryimage\"},\"thumbnailUrl\":\"https:\\\/\\\/filles-de-la-charite.org\\\/wp-content\\\/uploads\\\/2023\\\/04\\\/st_vincent-37-1.jpg\",\"datePublished\":\"2020-10-21T06:56:23+00:00\",\"dateModified\":\"2024-02-01T21:24:58+00:00\",\"breadcrumb\":{\"@id\":\"https:\\\/\\\/filles-de-la-charite.org\\\/fr\\\/famille\\\/saint-vincent-de-paul\\\/#breadcrumb\"},\"inLanguage\":\"fr-FR\",\"potentialAction\":[{\"@type\":\"ReadAction\",\"target\":[\"https:\\\/\\\/filles-de-la-charite.org\\\/fr\\\/famille\\\/saint-vincent-de-paul\\\/\"]}]},{\"@type\":\"ImageObject\",\"inLanguage\":\"fr-FR\",\"@id\":\"https:\\\/\\\/filles-de-la-charite.org\\\/fr\\\/famille\\\/saint-vincent-de-paul\\\/#primaryimage\",\"url\":\"https:\\\/\\\/filles-de-la-charite.org\\\/wp-content\\\/uploads\\\/2023\\\/04\\\/st_vincent-37-1.jpg\",\"contentUrl\":\"https:\\\/\\\/filles-de-la-charite.org\\\/wp-content\\\/uploads\\\/2023\\\/04\\\/st_vincent-37-1.jpg\",\"width\":393,\"height\":600},{\"@type\":\"BreadcrumbList\",\"@id\":\"https:\\\/\\\/filles-de-la-charite.org\\\/fr\\\/famille\\\/saint-vincent-de-paul\\\/#breadcrumb\",\"itemListElement\":[{\"@type\":\"ListItem\",\"position\":1,\"name\":\"Notre famille\",\"item\":\"https:\\\/\\\/filles-de-la-charite.org\\\/fr\\\/famille\\\/\"},{\"@type\":\"ListItem\",\"position\":2,\"name\":\"Saint Vincent de Paul\"}]},{\"@type\":\"WebSite\",\"@id\":\"https:\\\/\\\/filles-de-la-charite.org\\\/fr\\\/#website\",\"url\":\"https:\\\/\\\/filles-de-la-charite.org\\\/fr\\\/\",\"name\":\"Hijas de la Caridad\",\"description\":\"L\u2019amour de J\u00e9sus nous presse \u00e0 prendre soin des personnes les plus d\u00e9munies\",\"publisher\":{\"@id\":\"https:\\\/\\\/filles-de-la-charite.org\\\/fr\\\/#organization\"},\"potentialAction\":[{\"@type\":\"SearchAction\",\"target\":{\"@type\":\"EntryPoint\",\"urlTemplate\":\"https:\\\/\\\/filles-de-la-charite.org\\\/fr\\\/?s={search_term_string}\"},\"query-input\":{\"@type\":\"PropertyValueSpecification\",\"valueRequired\":true,\"valueName\":\"search_term_string\"}}],\"inLanguage\":\"fr-FR\"},{\"@type\":\"Organization\",\"@id\":\"https:\\\/\\\/filles-de-la-charite.org\\\/fr\\\/#organization\",\"name\":\"Hijas de la Caridad\",\"url\":\"https:\\\/\\\/filles-de-la-charite.org\\\/fr\\\/\",\"logo\":{\"@type\":\"ImageObject\",\"inLanguage\":\"fr-FR\",\"@id\":\"https:\\\/\\\/filles-de-la-charite.org\\\/fr\\\/#\\\/schema\\\/logo\\\/image\\\/\",\"url\":\"https:\\\/\\\/filles-de-la-charite.org\\\/wp-content\\\/uploads\\\/2023\\\/03\\\/isotipo-Hijas-de-la-Caridad.png\",\"contentUrl\":\"https:\\\/\\\/filles-de-la-charite.org\\\/wp-content\\\/uploads\\\/2023\\\/03\\\/isotipo-Hijas-de-la-Caridad.png\",\"width\":1417,\"height\":1417,\"caption\":\"Hijas de la Caridad\"},\"image\":{\"@id\":\"https:\\\/\\\/filles-de-la-charite.org\\\/fr\\\/#\\\/schema\\\/logo\\\/image\\\/\"}}]}<\/script>\n<!-- \/ Yoast SEO plugin. -->","yoast_head_json":{"title":"Saint Vincent de Paul - Filles de la Charit\u00e9","robots":{"index":"index","follow":"follow","max-snippet":"max-snippet:-1","max-image-preview":"max-image-preview:large","max-video-preview":"max-video-preview:-1"},"canonical":"https:\/\/filles-de-la-charite.org\/fr\/famille\/saint-vincent-de-paul\/","og_locale":"fr_FR","og_type":"article","og_title":"Saint Vincent de Paul - Filles de la Charit\u00e9","og_description":"Vincent de Paul est reconnu saint par l\u2019\u00c9glise en 1737 et d\u00e9clar\u00e9 saint patron des \u0153uvres charitables. Comme pour chacun de nous, la saintet\u00e9 de Monsieur Vincent passe par un long chemin qui l\u2019a conduit \u00e0 Dieu. Sa force&nbsp;fut d\u2019oser ouvrir les oreilles de son c\u0153ur au souffle de l\u2019Esprit, jour apr\u00e8s jour. \u00ab\u00a0\u2026 chaque [&hellip;]","og_url":"https:\/\/filles-de-la-charite.org\/fr\/famille\/saint-vincent-de-paul\/","og_site_name":"Filles de la Charit\u00e9","article_modified_time":"2024-02-01T21:24:58+00:00","og_image":[{"width":393,"height":600,"url":"https:\/\/filles-de-la-charite.org\/wp-content\/uploads\/2023\/04\/st_vincent-37-1.jpg","type":"image\/jpeg"}],"twitter_card":"summary_large_image","twitter_misc":{"Dur\u00e9e de lecture estim\u00e9e":"8 minutes"},"schema":{"@context":"https:\/\/schema.org","@graph":[{"@type":"WebPage","@id":"https:\/\/filles-de-la-charite.org\/fr\/famille\/saint-vincent-de-paul\/","url":"https:\/\/filles-de-la-charite.org\/fr\/famille\/saint-vincent-de-paul\/","name":"Saint Vincent de Paul - Filles de la Charit\u00e9","isPartOf":{"@id":"https:\/\/filles-de-la-charite.org\/fr\/#website"},"primaryImageOfPage":{"@id":"https:\/\/filles-de-la-charite.org\/fr\/famille\/saint-vincent-de-paul\/#primaryimage"},"image":{"@id":"https:\/\/filles-de-la-charite.org\/fr\/famille\/saint-vincent-de-paul\/#primaryimage"},"thumbnailUrl":"https:\/\/filles-de-la-charite.org\/wp-content\/uploads\/2023\/04\/st_vincent-37-1.jpg","datePublished":"2020-10-21T06:56:23+00:00","dateModified":"2024-02-01T21:24:58+00:00","breadcrumb":{"@id":"https:\/\/filles-de-la-charite.org\/fr\/famille\/saint-vincent-de-paul\/#breadcrumb"},"inLanguage":"fr-FR","potentialAction":[{"@type":"ReadAction","target":["https:\/\/filles-de-la-charite.org\/fr\/famille\/saint-vincent-de-paul\/"]}]},{"@type":"ImageObject","inLanguage":"fr-FR","@id":"https:\/\/filles-de-la-charite.org\/fr\/famille\/saint-vincent-de-paul\/#primaryimage","url":"https:\/\/filles-de-la-charite.org\/wp-content\/uploads\/2023\/04\/st_vincent-37-1.jpg","contentUrl":"https:\/\/filles-de-la-charite.org\/wp-content\/uploads\/2023\/04\/st_vincent-37-1.jpg","width":393,"height":600},{"@type":"BreadcrumbList","@id":"https:\/\/filles-de-la-charite.org\/fr\/famille\/saint-vincent-de-paul\/#breadcrumb","itemListElement":[{"@type":"ListItem","position":1,"name":"Notre famille","item":"https:\/\/filles-de-la-charite.org\/fr\/famille\/"},{"@type":"ListItem","position":2,"name":"Saint Vincent de Paul"}]},{"@type":"WebSite","@id":"https:\/\/filles-de-la-charite.org\/fr\/#website","url":"https:\/\/filles-de-la-charite.org\/fr\/","name":"Hijas de la Caridad","description":"L\u2019amour de J\u00e9sus nous presse \u00e0 prendre soin des personnes les plus d\u00e9munies","publisher":{"@id":"https:\/\/filles-de-la-charite.org\/fr\/#organization"},"potentialAction":[{"@type":"SearchAction","target":{"@type":"EntryPoint","urlTemplate":"https:\/\/filles-de-la-charite.org\/fr\/?s={search_term_string}"},"query-input":{"@type":"PropertyValueSpecification","valueRequired":true,"valueName":"search_term_string"}}],"inLanguage":"fr-FR"},{"@type":"Organization","@id":"https:\/\/filles-de-la-charite.org\/fr\/#organization","name":"Hijas de la Caridad","url":"https:\/\/filles-de-la-charite.org\/fr\/","logo":{"@type":"ImageObject","inLanguage":"fr-FR","@id":"https:\/\/filles-de-la-charite.org\/fr\/#\/schema\/logo\/image\/","url":"https:\/\/filles-de-la-charite.org\/wp-content\/uploads\/2023\/03\/isotipo-Hijas-de-la-Caridad.png","contentUrl":"https:\/\/filles-de-la-charite.org\/wp-content\/uploads\/2023\/03\/isotipo-Hijas-de-la-Caridad.png","width":1417,"height":1417,"caption":"Hijas de la Caridad"},"image":{"@id":"https:\/\/filles-de-la-charite.org\/fr\/#\/schema\/logo\/image\/"}}]}},"_links":{"self":[{"href":"https:\/\/filles-de-la-charite.org\/fr\/wp-json\/wp\/v2\/familia\/3888","targetHints":{"allow":["GET"]}}],"collection":[{"href":"https:\/\/filles-de-la-charite.org\/fr\/wp-json\/wp\/v2\/familia"}],"about":[{"href":"https:\/\/filles-de-la-charite.org\/fr\/wp-json\/wp\/v2\/types\/familia"}],"wp:featuredmedia":[{"embeddable":true,"href":"https:\/\/filles-de-la-charite.org\/fr\/wp-json\/wp\/v2\/media\/961"}],"wp:attachment":[{"href":"https:\/\/filles-de-la-charite.org\/fr\/wp-json\/wp\/v2\/media?parent=3888"}],"wp:term":[{"taxonomy":"origen","embeddable":true,"href":"https:\/\/filles-de-la-charite.org\/fr\/wp-json\/wp\/v2\/origen?post=3888"}],"curies":[{"name":"wp","href":"https:\/\/api.w.org\/{rel}","templated":true}]}}