{"id":3890,"date":"2020-10-21T14:36:59","date_gmt":"2020-10-21T12:36:59","guid":{"rendered":"https:\/\/hijascaridad.sjdigitaldemo.ovh\/familia\/sainte-elizabeth-ann-seton\/"},"modified":"2023-11-19T16:16:51","modified_gmt":"2023-11-19T15:16:51","slug":"sainte-elizabeth-ann-seton","status":"publish","type":"familia","link":"https:\/\/filles-de-la-charite.org\/fr\/famille\/sainte-elizabeth-ann-seton\/","title":{"rendered":"Sainte Elizabeth Ann Seton"},"content":{"rendered":"\n<p><strong>Elizabeth Ann Seton est la  premi\u00e8re sainte canonis\u00e9e, n\u00e9e aux Etats-Unis. Elle est la Fondatrice<\/strong> <strong>des S\u0153urs de la Charit\u00e9 am\u00e9ricaines et elle est reconnue comme la  pionni\u00e8re de l\u2019\u00e9ducation catholique. Elle a ouvert la voie au syst\u00e8me  des \u00e9coles paroissiales aux \u00c9tats-Unis.<\/strong><\/p>\n\n\n\n<figure class=\"wp-block-table\"><table><tbody><tr><td><strong>1774, 28 ao\u00fbt <\/strong><\/td><td>Naissance<\/td><\/tr><tr><td><strong>1794, 25 janvier <\/strong><\/td><td>Mariage avec William Magee Seton<\/td><\/tr><tr><td><strong>1803, 27 d\u00e9cembre <\/strong><\/td><td>Veuve<\/td><\/tr><tr><td><strong>1805, 14 mars <\/strong><\/td><td>Fait profession de foi dans l\u2019\u00c9glise catholique<\/td><\/tr><tr><td><strong>1809, 31 juillet <\/strong><\/td><td>Fondation des S\u0153urs de la Charit\u00e9 de Saint-Joseph<\/td><\/tr><tr><td><strong>1810<\/strong><\/td><td>Fondation de l\u2019\u00e9cole publique Saint-Joseph et de l\u2019\u00e9cole priv\u00e9e pour les filles<\/td><\/tr><tr><td><strong>1821, 4 janvier <\/strong><\/td><td>Mort \u00e0 Emmitsburg, Maryland<\/td><\/tr><tr><td><strong>1963, 17 mars <\/strong><\/td><td>B\u00e9atification par Jean XXIII<\/td><\/tr><tr><td><strong>1975, 14 septembre <\/strong><\/td><td>Canonisation par Paul VI<\/td><\/tr><tr><td><strong>4 janvier<\/strong><\/td><td>Jour de sa f\u00eate<\/td><\/tr><\/tbody><\/table><\/figure>\n\n\n\n<p>Elle est n\u00e9e \u00e0 New York, ou aux  alentours, le 28 ao\u00fbt 1774. Elle est la fille de Catherine Charlton et  du Dr Richard Bayley, \u00e9piscopaliens d\u00e9vots. Elle est baptis\u00e9e et a  grandi dans la foi \u00e9piscopalienne, qui est le fondement de sa saintet\u00e9.  Son p\u00e8re devient le premier officier de sant\u00e9 publique du Port de New  York. Elle grandit \u00e0 New York et \u00e0 la Nouvell-Rochelle, ville en  banlieue nord de New York. Le 25 janvier 1794, elle \u00e9pouse William Magee  Seton, le fils d\u2019une famille ayant fait fortune dans le commerce  maritime. Le couple a d\u2019abord v\u00e9cu \u00e0 Lower Manhattan, au sud de l\u2019\u00eele.  Leur mariage est b\u00e9ni, ils donnent naissance \u00e0 trois filles et deux  gar\u00e7ons.<\/p>\n\n\n\n<p>Au d\u00e9but de leur mariage, William  contracte la tuberculose. Elisabeth, William et leur fille a\u00een\u00e9e, Anna  Maria, partent vers l\u2019Italie, pour profiter du climat plus chaud et  aider \u00e0 la gu\u00e9rison, mais il meurt \u00e0 Pise le 27 d\u00e9cembre 1803, laissant  une jeune veuve de vingt-neuf ans et cinq enfants.<\/p>\n\n\n\n<p>La famille Filicchi de Livourne, en \nItalie, est proche par des liens d\u2019affaires et d\u2019amiti\u00e9. Elle lui offre \nun soutien chaleureux et la console. Profond\u00e9ment croyante, Elizabeth a \n\u00e9t\u00e9 impressionn\u00e9e par leur foi catholique, leur d\u00e9votion et commence \u00e0 \nse renseigner sur leur religion.<\/p>\n\n\n\n<p>Un an apr\u00e8s son retour \u00e0 New York, elle  se convertit au catholicisme. Cette conversion co\u00fbte cher \u00e0 Elisabeth car l\u2019ann\u00e9e suivante, elle doit faire face \u00e0 de nombreuses difficult\u00e9s&nbsp;: elle \u00e9duque seule cinq enfants&nbsp;; veuve et sans ressources, elle essaie de gagner sa vie. En effet, avant la mort de William, l\u2019entreprise d\u2019exp\u00e9dition fluviale de ce dernier avait fait faillite. Elle ne peut, h\u00e9las, compter sur le soutien ni de sa famille ni de ses amis.<\/p>\n\n\n\n<p>En juin 1808, le P\u00e8re William Louis  Dubourg, un pr\u00eatre sulpicien fran\u00e7ais \u00e9migr\u00e9, originaire du Maryland,  rencontre Elisabeth lors d\u2019une visite \u00e0 New York et l\u2019invite \u00e0 venir \u00e0  Baltimore avec la promesse d\u2019ouvrir l\u00e0-bas une \u00e9cole pour les filles.  Elle d\u00e9m\u00e9nage et demeure rue Paca pendant une ann\u00e9e. Quelques femmes la  rejoignent avec l\u2019intention de former une communaut\u00e9 pour le service  apostolique.<\/p>\n\n\n\n<p>Gr\u00e2ce \u00e0 la g\u00e9n\u00e9rosit\u00e9 d\u2019un bienfaiteur,  Madame Seton d\u00e9m\u00e9nage \u00e0 Emmitsburg, \u00e0 la campagne, dans le Maryland et  \u00e9tablit une \u00e9cole publique gratuite, Saint-Joseph et une \u00e9cole priv\u00e9e.  Ce nouveau travail et ce nouveau mode de vie commencent le 31 juillet  1809 \u00e0 la \u00ab&nbsp;Maison de Pierre&nbsp;\u00bb, pr\u00e8s d\u2019Emmitsburg. Le succ\u00e8s grandit et Elizabeth est rejointe par de nombreuses femmes, \u00e9tablissant ainsi la  premi\u00e8re communaut\u00e9 de religieuses, fond\u00e9e en Am\u00e9rique, les S\u0153urs de la  Charit\u00e9 de Saint-Joseph.<\/p>\n\n\n\n<p>Le 17 janvier 1812, le R\u00e8glement des  S\u0153urs de la Charit\u00e9 de Saint-Joseph, aux Etats-Unis a re\u00e7u l\u2019approbation  officielle. Ces r\u00e8gles sont bas\u00e9es sur les r\u00e8gles communes des Filles  de la Charit\u00e9, fond\u00e9e par saint Vincent de Paul et sainte Louise de  Marillac, en France, en 1633. Ainsi sont n\u00e9es les S\u0153urs de la Charit\u00e9  am\u00e9ricaines qui ont grandi dans la f\u00e9d\u00e9ration des S\u0153urs de la Charit\u00e9.<\/p>\n\n\n\n<p>Elisabeth voyait le Christ dans les  pauvres, en particulier les femmes et les enfants dans le besoin,  avant m\u00eame d\u2019\u00eatre re\u00e7ue au sein de l\u2019\u00c9glise catholique. Elle est sainte en  raison de sa recherche et de sa r\u00e9ponse \u00e0 la volont\u00e9 de Dieu dans sa vie. Elle est rest\u00e9e fid\u00e8le \u00e0 la paroisse  \u00e9piscopalienne de la Sainte Trinit\u00e9. Avant et apr\u00e8s sa conversion au  catholicisme, elle aimait passer du temps devant le Saint Sacrement \u00e0  l\u2019\u00e9glise catholique Saint-Pierre, toute proche.<\/p>\n\n\n\n<p>Elisabeth meurt le 4 Janvier 1821 \u00e0 l\u2019\u00e2ge de quarante-six ans \u00e0 Emmitsburg, Maryland.<\/p>\n\n\n\n<p>Le 25 Mars 1850, les Soeurs de la \nCharit\u00e9 de Emmitsburg Saint-Joseph ont rejoint la Compagnie fran\u00e7aise \ndes Filles de la Charit\u00e9 de Saint Vincent de Paul.<\/p>\n","protected":false},"featured_media":1053,"template":"","meta":{"_acf_changed":false,"_links_to":"","_links_to_target":""},"origen":[],"class_list":["post-3890","familia","type-familia","status-publish","has-post-thumbnail","hentry"],"acf":[],"yoast_head":"<!-- This site is optimized with the Yoast SEO plugin v27.5 - https:\/\/yoast.com\/product\/yoast-seo-wordpress\/ -->\n<title>Sainte Elizabeth Ann Seton - Filles de la Charit\u00e9<\/title>\n<meta name=\"robots\" content=\"index, follow, max-snippet:-1, max-image-preview:large, max-video-preview:-1\" \/>\n<link rel=\"canonical\" href=\"https:\/\/filles-de-la-charite.org\/fr\/famille\/sainte-elizabeth-ann-seton\/\" \/>\n<meta property=\"og:locale\" content=\"fr_FR\" \/>\n<meta property=\"og:type\" content=\"article\" \/>\n<meta property=\"og:title\" content=\"Sainte Elizabeth Ann Seton - Filles de la Charit\u00e9\" \/>\n<meta property=\"og:description\" content=\"Elizabeth Ann Seton est la premi\u00e8re sainte canonis\u00e9e, n\u00e9e aux Etats-Unis. Elle est la Fondatrice des S\u0153urs de la Charit\u00e9 am\u00e9ricaines et elle est reconnue comme la pionni\u00e8re de l\u2019\u00e9ducation catholique. Elle a ouvert la voie au syst\u00e8me des \u00e9coles paroissiales aux \u00c9tats-Unis. 1774, 28 ao\u00fbt Naissance 1794, 25 janvier Mariage avec William Magee Seton [&hellip;]\" \/>\n<meta property=\"og:url\" content=\"https:\/\/filles-de-la-charite.org\/fr\/famille\/sainte-elizabeth-ann-seton\/\" \/>\n<meta property=\"og:site_name\" content=\"Filles de la Charit\u00e9\" \/>\n<meta property=\"article:modified_time\" content=\"2023-11-19T15:16:51+00:00\" \/>\n<meta property=\"og:image\" content=\"https:\/\/filles-de-la-charite.org\/wp-content\/uploads\/2023\/04\/Seton-1.png\" \/>\n\t<meta property=\"og:image:width\" content=\"252\" \/>\n\t<meta property=\"og:image:height\" content=\"252\" \/>\n\t<meta property=\"og:image:type\" content=\"image\/png\" \/>\n<meta name=\"twitter:card\" content=\"summary_large_image\" \/>\n<meta name=\"twitter:label1\" content=\"Dur\u00e9e de lecture estim\u00e9e\" \/>\n\t<meta name=\"twitter:data1\" content=\"4 minutes\" \/>\n<script type=\"application\/ld+json\" class=\"yoast-schema-graph\">{\"@context\":\"https:\\\/\\\/schema.org\",\"@graph\":[{\"@type\":\"WebPage\",\"@id\":\"https:\\\/\\\/filles-de-la-charite.org\\\/fr\\\/famille\\\/sainte-elizabeth-ann-seton\\\/\",\"url\":\"https:\\\/\\\/filles-de-la-charite.org\\\/fr\\\/famille\\\/sainte-elizabeth-ann-seton\\\/\",\"name\":\"Sainte Elizabeth Ann Seton - Filles de la Charit\u00e9\",\"isPartOf\":{\"@id\":\"https:\\\/\\\/filles-de-la-charite.org\\\/fr\\\/#website\"},\"primaryImageOfPage\":{\"@id\":\"https:\\\/\\\/filles-de-la-charite.org\\\/fr\\\/famille\\\/sainte-elizabeth-ann-seton\\\/#primaryimage\"},\"image\":{\"@id\":\"https:\\\/\\\/filles-de-la-charite.org\\\/fr\\\/famille\\\/sainte-elizabeth-ann-seton\\\/#primaryimage\"},\"thumbnailUrl\":\"https:\\\/\\\/filles-de-la-charite.org\\\/wp-content\\\/uploads\\\/2023\\\/04\\\/Seton-1.png\",\"datePublished\":\"2020-10-21T12:36:59+00:00\",\"dateModified\":\"2023-11-19T15:16:51+00:00\",\"breadcrumb\":{\"@id\":\"https:\\\/\\\/filles-de-la-charite.org\\\/fr\\\/famille\\\/sainte-elizabeth-ann-seton\\\/#breadcrumb\"},\"inLanguage\":\"fr-FR\",\"potentialAction\":[{\"@type\":\"ReadAction\",\"target\":[\"https:\\\/\\\/filles-de-la-charite.org\\\/fr\\\/famille\\\/sainte-elizabeth-ann-seton\\\/\"]}]},{\"@type\":\"ImageObject\",\"inLanguage\":\"fr-FR\",\"@id\":\"https:\\\/\\\/filles-de-la-charite.org\\\/fr\\\/famille\\\/sainte-elizabeth-ann-seton\\\/#primaryimage\",\"url\":\"https:\\\/\\\/filles-de-la-charite.org\\\/wp-content\\\/uploads\\\/2023\\\/04\\\/Seton-1.png\",\"contentUrl\":\"https:\\\/\\\/filles-de-la-charite.org\\\/wp-content\\\/uploads\\\/2023\\\/04\\\/Seton-1.png\",\"width\":252,\"height\":252},{\"@type\":\"BreadcrumbList\",\"@id\":\"https:\\\/\\\/filles-de-la-charite.org\\\/fr\\\/famille\\\/sainte-elizabeth-ann-seton\\\/#breadcrumb\",\"itemListElement\":[{\"@type\":\"ListItem\",\"position\":1,\"name\":\"Notre famille\",\"item\":\"https:\\\/\\\/filles-de-la-charite.org\\\/fr\\\/famille\\\/\"},{\"@type\":\"ListItem\",\"position\":2,\"name\":\"Sainte Elizabeth Ann Seton\"}]},{\"@type\":\"WebSite\",\"@id\":\"https:\\\/\\\/filles-de-la-charite.org\\\/fr\\\/#website\",\"url\":\"https:\\\/\\\/filles-de-la-charite.org\\\/fr\\\/\",\"name\":\"Hijas de la Caridad\",\"description\":\"L\u2019amour de J\u00e9sus nous presse \u00e0 prendre soin des personnes les plus d\u00e9munies\",\"publisher\":{\"@id\":\"https:\\\/\\\/filles-de-la-charite.org\\\/fr\\\/#organization\"},\"potentialAction\":[{\"@type\":\"SearchAction\",\"target\":{\"@type\":\"EntryPoint\",\"urlTemplate\":\"https:\\\/\\\/filles-de-la-charite.org\\\/fr\\\/?s={search_term_string}\"},\"query-input\":{\"@type\":\"PropertyValueSpecification\",\"valueRequired\":true,\"valueName\":\"search_term_string\"}}],\"inLanguage\":\"fr-FR\"},{\"@type\":\"Organization\",\"@id\":\"https:\\\/\\\/filles-de-la-charite.org\\\/fr\\\/#organization\",\"name\":\"Hijas de la Caridad\",\"url\":\"https:\\\/\\\/filles-de-la-charite.org\\\/fr\\\/\",\"logo\":{\"@type\":\"ImageObject\",\"inLanguage\":\"fr-FR\",\"@id\":\"https:\\\/\\\/filles-de-la-charite.org\\\/fr\\\/#\\\/schema\\\/logo\\\/image\\\/\",\"url\":\"https:\\\/\\\/filles-de-la-charite.org\\\/wp-content\\\/uploads\\\/2023\\\/03\\\/isotipo-Hijas-de-la-Caridad.png\",\"contentUrl\":\"https:\\\/\\\/filles-de-la-charite.org\\\/wp-content\\\/uploads\\\/2023\\\/03\\\/isotipo-Hijas-de-la-Caridad.png\",\"width\":1417,\"height\":1417,\"caption\":\"Hijas de la Caridad\"},\"image\":{\"@id\":\"https:\\\/\\\/filles-de-la-charite.org\\\/fr\\\/#\\\/schema\\\/logo\\\/image\\\/\"}}]}<\/script>\n<!-- \/ Yoast SEO plugin. -->","yoast_head_json":{"title":"Sainte Elizabeth Ann Seton - Filles de la Charit\u00e9","robots":{"index":"index","follow":"follow","max-snippet":"max-snippet:-1","max-image-preview":"max-image-preview:large","max-video-preview":"max-video-preview:-1"},"canonical":"https:\/\/filles-de-la-charite.org\/fr\/famille\/sainte-elizabeth-ann-seton\/","og_locale":"fr_FR","og_type":"article","og_title":"Sainte Elizabeth Ann Seton - Filles de la Charit\u00e9","og_description":"Elizabeth Ann Seton est la premi\u00e8re sainte canonis\u00e9e, n\u00e9e aux Etats-Unis. Elle est la Fondatrice des S\u0153urs de la Charit\u00e9 am\u00e9ricaines et elle est reconnue comme la pionni\u00e8re de l\u2019\u00e9ducation catholique. Elle a ouvert la voie au syst\u00e8me des \u00e9coles paroissiales aux \u00c9tats-Unis. 1774, 28 ao\u00fbt Naissance 1794, 25 janvier Mariage avec William Magee Seton [&hellip;]","og_url":"https:\/\/filles-de-la-charite.org\/fr\/famille\/sainte-elizabeth-ann-seton\/","og_site_name":"Filles de la Charit\u00e9","article_modified_time":"2023-11-19T15:16:51+00:00","og_image":[{"width":252,"height":252,"url":"https:\/\/filles-de-la-charite.org\/wp-content\/uploads\/2023\/04\/Seton-1.png","type":"image\/png"}],"twitter_card":"summary_large_image","twitter_misc":{"Dur\u00e9e de lecture estim\u00e9e":"4 minutes"},"schema":{"@context":"https:\/\/schema.org","@graph":[{"@type":"WebPage","@id":"https:\/\/filles-de-la-charite.org\/fr\/famille\/sainte-elizabeth-ann-seton\/","url":"https:\/\/filles-de-la-charite.org\/fr\/famille\/sainte-elizabeth-ann-seton\/","name":"Sainte Elizabeth Ann Seton - Filles de la Charit\u00e9","isPartOf":{"@id":"https:\/\/filles-de-la-charite.org\/fr\/#website"},"primaryImageOfPage":{"@id":"https:\/\/filles-de-la-charite.org\/fr\/famille\/sainte-elizabeth-ann-seton\/#primaryimage"},"image":{"@id":"https:\/\/filles-de-la-charite.org\/fr\/famille\/sainte-elizabeth-ann-seton\/#primaryimage"},"thumbnailUrl":"https:\/\/filles-de-la-charite.org\/wp-content\/uploads\/2023\/04\/Seton-1.png","datePublished":"2020-10-21T12:36:59+00:00","dateModified":"2023-11-19T15:16:51+00:00","breadcrumb":{"@id":"https:\/\/filles-de-la-charite.org\/fr\/famille\/sainte-elizabeth-ann-seton\/#breadcrumb"},"inLanguage":"fr-FR","potentialAction":[{"@type":"ReadAction","target":["https:\/\/filles-de-la-charite.org\/fr\/famille\/sainte-elizabeth-ann-seton\/"]}]},{"@type":"ImageObject","inLanguage":"fr-FR","@id":"https:\/\/filles-de-la-charite.org\/fr\/famille\/sainte-elizabeth-ann-seton\/#primaryimage","url":"https:\/\/filles-de-la-charite.org\/wp-content\/uploads\/2023\/04\/Seton-1.png","contentUrl":"https:\/\/filles-de-la-charite.org\/wp-content\/uploads\/2023\/04\/Seton-1.png","width":252,"height":252},{"@type":"BreadcrumbList","@id":"https:\/\/filles-de-la-charite.org\/fr\/famille\/sainte-elizabeth-ann-seton\/#breadcrumb","itemListElement":[{"@type":"ListItem","position":1,"name":"Notre famille","item":"https:\/\/filles-de-la-charite.org\/fr\/famille\/"},{"@type":"ListItem","position":2,"name":"Sainte Elizabeth Ann Seton"}]},{"@type":"WebSite","@id":"https:\/\/filles-de-la-charite.org\/fr\/#website","url":"https:\/\/filles-de-la-charite.org\/fr\/","name":"Hijas de la Caridad","description":"L\u2019amour de J\u00e9sus nous presse \u00e0 prendre soin des personnes les plus d\u00e9munies","publisher":{"@id":"https:\/\/filles-de-la-charite.org\/fr\/#organization"},"potentialAction":[{"@type":"SearchAction","target":{"@type":"EntryPoint","urlTemplate":"https:\/\/filles-de-la-charite.org\/fr\/?s={search_term_string}"},"query-input":{"@type":"PropertyValueSpecification","valueRequired":true,"valueName":"search_term_string"}}],"inLanguage":"fr-FR"},{"@type":"Organization","@id":"https:\/\/filles-de-la-charite.org\/fr\/#organization","name":"Hijas de la Caridad","url":"https:\/\/filles-de-la-charite.org\/fr\/","logo":{"@type":"ImageObject","inLanguage":"fr-FR","@id":"https:\/\/filles-de-la-charite.org\/fr\/#\/schema\/logo\/image\/","url":"https:\/\/filles-de-la-charite.org\/wp-content\/uploads\/2023\/03\/isotipo-Hijas-de-la-Caridad.png","contentUrl":"https:\/\/filles-de-la-charite.org\/wp-content\/uploads\/2023\/03\/isotipo-Hijas-de-la-Caridad.png","width":1417,"height":1417,"caption":"Hijas de la Caridad"},"image":{"@id":"https:\/\/filles-de-la-charite.org\/fr\/#\/schema\/logo\/image\/"}}]}},"_links":{"self":[{"href":"https:\/\/filles-de-la-charite.org\/fr\/wp-json\/wp\/v2\/familia\/3890","targetHints":{"allow":["GET"]}}],"collection":[{"href":"https:\/\/filles-de-la-charite.org\/fr\/wp-json\/wp\/v2\/familia"}],"about":[{"href":"https:\/\/filles-de-la-charite.org\/fr\/wp-json\/wp\/v2\/types\/familia"}],"wp:featuredmedia":[{"embeddable":true,"href":"https:\/\/filles-de-la-charite.org\/fr\/wp-json\/wp\/v2\/media\/1053"}],"wp:attachment":[{"href":"https:\/\/filles-de-la-charite.org\/fr\/wp-json\/wp\/v2\/media?parent=3890"}],"wp:term":[{"taxonomy":"origen","embeddable":true,"href":"https:\/\/filles-de-la-charite.org\/fr\/wp-json\/wp\/v2\/origen?post=3890"}],"curies":[{"name":"wp","href":"https:\/\/api.w.org\/{rel}","templated":true}]}}