{"id":3904,"date":"2020-10-21T16:04:42","date_gmt":"2020-10-21T14:04:42","guid":{"rendered":"https:\/\/hijascaridad.sjdigitaldemo.ovh\/familia\/bienheureux-pierre-georges-frassati\/"},"modified":"2025-09-10T18:03:36","modified_gmt":"2025-09-10T16:03:36","slug":"saint-pierre-georges-frassati","status":"publish","type":"familia","link":"https:\/\/filles-de-la-charite.org\/fr\/famille\/saint-pierre-georges-frassati\/","title":{"rendered":"Saint Pierre Georges Frassati"},"content":{"rendered":"\n<p><strong>Pierre Georges (Pier Giorgio)  Frassati est un jeune, entr\u00e9 dans la Soci\u00e9t\u00e9 de Saint-Vincent-de-Paul \u00e0 l\u2019\u00e2ge de dix-sept ans. Il est d\u00e9c\u00e9d\u00e9 \u00e0 vingt-quatre ans d\u2019une poliomy\u00e9lite fulgurante qu\u2019il a contract\u00e9e en servant les pauvres.<\/strong><\/p>\n\n\n\n<figure class=\"wp-block-table am7-tab\"><table><tbody><tr><td><strong>1901, 6 avril <\/strong><\/td><td>Naissance \u00e0 Turin<\/td><\/tr><tr><td><strong>1918<\/strong><\/td><td>Membre des Conf\u00e9rences Saint Vincent de Paul<\/td><\/tr><tr><td><strong>1922<\/strong><\/td><td>Renonce au sacerdoce<\/td><\/tr><tr><td><strong>1925<\/strong><\/td><td>Ing\u00e9nieur des mines<\/td><\/tr><tr><td><strong>1925, 29 juin<\/strong><\/td><td>Contracte la poliomy\u00e9lite<\/td><\/tr><tr><td><strong>1925, 4 juillet<\/strong><\/td><td>Meurt paralys\u00e9<\/td><\/tr><tr><td><strong>1990, 20 mai<\/strong><\/td><td>B\u00e9atifi\u00e9 par le Pape Jean-Paul II, comme \u00ab&nbsp;l\u2019homme des b\u00e9atitudes&nbsp;\u00bb<\/td><\/tr><tr><td><strong>2025, 7 septembre <\/strong><\/td><td>Canonise par le Pape L\u00e9on XIV<\/td><\/tr><tr><td><strong>4 juillet<\/strong><\/td><td>Jour de sa f\u00eate<\/td><\/tr><\/tbody><\/table><\/figure>\n\n\n\n<p>N\u00e9 \u00e0 Turin le 6&nbsp;avril&nbsp;1901 dans une  famille bourgeoise, il est \u00e9duqu\u00e9 de mani\u00e8re assez s\u00e9v\u00e8re par ses  parents Alfredo Frassati et Ad\u00e9la\u00efde Ametis. D\u00e8s son plus jeune \u00e2ge,  Pier Giorgio se montre tr\u00e8s bienveillant envers les pauvres et d\u00e9veloppe une relation exceptionnelle avec Dieu. \u00ab&nbsp;J\u00e9sus me rend visite chaque jour par la Sainte Communion, et moi, je la lui rends bien modestement en visitant les pauvres \u00bb, a-t-il proclam\u00e9. En 1920, son p\u00e8re est nomm\u00e9 ambassadeur d\u2019Italie \u00e0 Berlin. Pierre Georges souhaite devenir pr\u00eatre,, mais sa m\u00e8re, qui a d\u2019autres ambitions,  refuse. Il vit alors sa foi dans l\u2019indiff\u00e9rence g\u00e9n\u00e9rale de  sa famille. Il entre \u00e0 l\u2019\u00c9cole polytechnique de Turin afin de devenir  ing\u00e9nieur des mines. Il choisit d\u2019int\u00e9grer l\u2019\u00e9cole afin de pouvoir  c\u00f4toyer des ouvriers et s\u2019engage au sein de la F\u00e9d\u00e9ration des  universitaires catholiques italiens (FUCI).<\/p>\n\n\n\n<p>En 1918, il s\u2019inscrit aux Conf\u00e9rences  Saint-Vincent-de-Paul, fond\u00e9es par Fr\u00e9d\u00e9ric Ozanam. Apr\u00e8s une discussion  avec Karl Rahner, il renonce au sacerdoce&nbsp;: \u00ab Je veux pouvoir aider, par  tous les moyens possibles, les gens de mon pays, et j\u2019y parviendrai  mieux en conservant mon \u00e9tat la\u00efc plut\u00f4t qu\u2019en devenant pr\u00eatre, parce que chez nous, les pr\u00eatres n\u2019ont pas &#8211; comme en Allemagne &#8211; de contacts avec le peuple. Un ing\u00e9nieur des mines peut, en donnant le bon exemple, avoir une action plus efficace&nbsp;\u00bb. Pierre Georges cr\u00e9e la \u00ab&nbsp;Compagnie des types louches&nbsp;\u00bb avec tout un groupe d\u2019amis issus de la jeunesse dor\u00e9e. Ils partent en excursion vers les sommets des Alpes et de la vie spirituelle. Pierre Georges structure la pens\u00e9e du groupe&nbsp;: \u00ab&nbsp;A nous, il n\u2019est pas permis de vivoter&nbsp;; nous devons vivre&nbsp;\u00bb. Il entra\u00eene ses amis \u00e0 vivre leur foi avec joie. Il affirme \u00e0 l\u2019un d\u2019eux que \u00ab<em>La  charit\u00e9 seule peut servir de but \u00e0 toute une vie, remplir un programme.  La charit\u00e9, voil\u00e0 la fin \u00e0 laquelle je veux tendre, avec la gr\u00e2ce de  Dieu<\/em>\u00bb. Il cherche \u00e0 lutter contre ses d\u00e9fauts&nbsp;: <em>\u00ab Je lutte pour supprimer tout mon pass\u00e9 et tout ce qu\u2019il enferme de r\u00e9pr\u00e9hensible, afin de m\u2019\u00e9lever vers une vie meilleure\u00bb<\/em>En 1925, \u00e0 vingt-quatre ans, il abandonne toute<s>s<\/s> activit\u00e9<s>s<\/s>, \u00e0 l\u2019exception des Conf\u00e9rences de Saint-Vincent-de-Paul auxquelles il continue de  participer.<\/p>\n\n\n\n<p>Le 29 juin 1925, il contracte la  poliomy\u00e9lite lors de l\u2019une de ses visites \u00e0 des n\u00e9cessiteux. Alors que  sa grand-m\u00e8re est \u00e0 l\u2019agonie, Pierre Georges, tr\u00e8s fatigu\u00e9, ne sait pas  encore qu\u2019il souffre de la maladie qui l\u2019emportera en quelques jours. Il ne se plaint pas. Le 3 juillet, le diagnostic est enfin pos\u00e9&nbsp;:  poliomy\u00e9lite au stade avanc\u00e9. Le vendredi est le jour de ses visites aux pauvres. Alors, Pierre Georges confie \u00e0 sa s\u0153ur un billet \u00e0 transmettre, qu\u2019il a p\u00e9niblement r\u00e9dig\u00e9&nbsp;: il demande qu\u2019on le remplace aupr\u00e8s des  pauvres \u00e0 qui il devait rendre visite. Le 4 juillet 1925, il meurt,  paralys\u00e9 par la poliomy\u00e9lite. Sa famille mesure seulement apr\u00e8s sa mort l\u2019ampleur de ses actions de charit\u00e9. M\u00eame ses amis, en dehors  du cercle de Saint-Vincent-de-Paul, ne sont pas au courant de  l\u2019importante activit\u00e9 qu\u2019il a men\u00e9e aupr\u00e8s des pauvres. Lors de ses  obs\u00e8ques, des milliers de pauvres de Turin sont pr\u00e9sents pendant le trajet jusqu\u2019\u00e0 l\u2019\u00e9glise.<\/p>\n\n\n\n<p>En 1983, lors de la cr\u00e9ation des Journ\u00e9es  mondiales de la jeunesse, le Pape Jean-Paul II cite Pierre Georges  Frassati en mod\u00e8le de saintet\u00e9 pour la jeunesse.<\/p>\n\n\n\n<p>Le 7 septembre 2025, lors de la Messe sur la place Saint-Pierre \u00e0 Rome, le pape L\u00e9on XIV a canonis\u00e9 Pier Giorgio Frassati.<br>Dans son hom\u00e9lie, le Pape a dit : \u00ab Pier Giorgio a rencontr\u00e9 le Seigneur \u00e0 travers l\u2019\u00e9cole et les groupes eccl\u00e9siaux \u2013 l\u2019Action catholique, les Conf\u00e9rences de Saint Vincent, la FUCI, le Tiers-Ordre dominicain \u2013 et en a t\u00e9moign\u00e9 par sa joie de vivre et d\u2019\u00eatre chr\u00e9tien dans la pri\u00e8re, l\u2019amiti\u00e9 et la charit\u00e9. \u00c0 tel point que, le voyant parcourir les rues de Turin avec des charrettes remplies d\u2019aides pour les pauvres, ses amis l\u2019avaient rebaptis\u00e9 \u201cEntreprise Transport Frassati\u201d ! Aujourd\u2019hui encore, la vie de Pier Giorgio est une lumi\u00e8re pour la spiritualit\u00e9 la\u00efque. Pour lui, la foi n\u2019a pas \u00e9t\u00e9 une d\u00e9votion priv\u00e9e : pouss\u00e9 par la force de l\u2019\u00c9vangile et son appartenance \u00e0 des associations eccl\u00e9siales, il s\u2019est engag\u00e9 g\u00e9n\u00e9reusement dans la soci\u00e9t\u00e9, a apport\u00e9 sa contribution \u00e0 la vie politique et s\u2019est d\u00e9pens\u00e9 avec ardeur au service des pauvres. \u00bb <\/p>\n","protected":false},"featured_media":1102,"template":"","meta":{"_acf_changed":false,"_et_pb_use_builder":"","_et_pb_old_content":"","_et_gb_content_width":"","_links_to":"","_links_to_target":""},"origen":[],"class_list":["post-3904","familia","type-familia","status-publish","has-post-thumbnail","hentry"],"acf":[],"yoast_head":"<!-- This site is optimized with the Yoast SEO plugin v27.5 - https:\/\/yoast.com\/product\/yoast-seo-wordpress\/ -->\n<title>Saint Pierre Georges Frassati - Filles de la Charit\u00e9<\/title>\n<meta name=\"robots\" content=\"index, follow, max-snippet:-1, max-image-preview:large, max-video-preview:-1\" \/>\n<link rel=\"canonical\" href=\"https:\/\/filles-de-la-charite.org\/fr\/famille\/saint-pierre-georges-frassati\/\" \/>\n<meta property=\"og:locale\" content=\"fr_FR\" \/>\n<meta property=\"og:type\" content=\"article\" \/>\n<meta property=\"og:title\" content=\"Saint Pierre Georges Frassati - Filles de la Charit\u00e9\" \/>\n<meta property=\"og:description\" content=\"Pierre Georges (Pier Giorgio) Frassati est un jeune, entr\u00e9 dans la Soci\u00e9t\u00e9 de Saint-Vincent-de-Paul \u00e0 l\u2019\u00e2ge de dix-sept ans. Il est d\u00e9c\u00e9d\u00e9 \u00e0 vingt-quatre ans d\u2019une poliomy\u00e9lite fulgurante qu\u2019il a contract\u00e9e en servant les pauvres. 1901, 6 avril Naissance \u00e0 Turin 1918 Membre des Conf\u00e9rences Saint Vincent de Paul 1922 Renonce au sacerdoce 1925 Ing\u00e9nieur [&hellip;]\" \/>\n<meta property=\"og:url\" content=\"https:\/\/filles-de-la-charite.org\/fr\/famille\/saint-pierre-georges-frassati\/\" \/>\n<meta property=\"og:site_name\" content=\"Filles de la Charit\u00e9\" \/>\n<meta property=\"article:modified_time\" content=\"2025-09-10T16:03:36+00:00\" \/>\n<meta property=\"og:image\" content=\"https:\/\/filles-de-la-charite.org\/wp-content\/uploads\/2023\/04\/Pier-Giorgio-Frassati-1.png\" \/>\n\t<meta property=\"og:image:width\" content=\"285\" \/>\n\t<meta property=\"og:image:height\" content=\"333\" \/>\n\t<meta property=\"og:image:type\" content=\"image\/png\" \/>\n<meta name=\"twitter:card\" content=\"summary_large_image\" \/>\n<meta name=\"twitter:label1\" content=\"Dur\u00e9e de lecture estim\u00e9e\" \/>\n\t<meta name=\"twitter:data1\" content=\"4 minutes\" \/>\n<script type=\"application\/ld+json\" class=\"yoast-schema-graph\">{\"@context\":\"https:\\\/\\\/schema.org\",\"@graph\":[{\"@type\":\"WebPage\",\"@id\":\"https:\\\/\\\/filles-de-la-charite.org\\\/fr\\\/famille\\\/saint-pierre-georges-frassati\\\/\",\"url\":\"https:\\\/\\\/filles-de-la-charite.org\\\/fr\\\/famille\\\/saint-pierre-georges-frassati\\\/\",\"name\":\"Saint Pierre Georges Frassati - Filles de la Charit\u00e9\",\"isPartOf\":{\"@id\":\"https:\\\/\\\/filles-de-la-charite.org\\\/fr\\\/#website\"},\"primaryImageOfPage\":{\"@id\":\"https:\\\/\\\/filles-de-la-charite.org\\\/fr\\\/famille\\\/saint-pierre-georges-frassati\\\/#primaryimage\"},\"image\":{\"@id\":\"https:\\\/\\\/filles-de-la-charite.org\\\/fr\\\/famille\\\/saint-pierre-georges-frassati\\\/#primaryimage\"},\"thumbnailUrl\":\"https:\\\/\\\/filles-de-la-charite.org\\\/wp-content\\\/uploads\\\/2023\\\/04\\\/Pier-Giorgio-Frassati-1.png\",\"datePublished\":\"2020-10-21T14:04:42+00:00\",\"dateModified\":\"2025-09-10T16:03:36+00:00\",\"breadcrumb\":{\"@id\":\"https:\\\/\\\/filles-de-la-charite.org\\\/fr\\\/famille\\\/saint-pierre-georges-frassati\\\/#breadcrumb\"},\"inLanguage\":\"fr-FR\",\"potentialAction\":[{\"@type\":\"ReadAction\",\"target\":[\"https:\\\/\\\/filles-de-la-charite.org\\\/fr\\\/famille\\\/saint-pierre-georges-frassati\\\/\"]}]},{\"@type\":\"ImageObject\",\"inLanguage\":\"fr-FR\",\"@id\":\"https:\\\/\\\/filles-de-la-charite.org\\\/fr\\\/famille\\\/saint-pierre-georges-frassati\\\/#primaryimage\",\"url\":\"https:\\\/\\\/filles-de-la-charite.org\\\/wp-content\\\/uploads\\\/2023\\\/04\\\/Pier-Giorgio-Frassati-1.png\",\"contentUrl\":\"https:\\\/\\\/filles-de-la-charite.org\\\/wp-content\\\/uploads\\\/2023\\\/04\\\/Pier-Giorgio-Frassati-1.png\",\"width\":285,\"height\":333},{\"@type\":\"BreadcrumbList\",\"@id\":\"https:\\\/\\\/filles-de-la-charite.org\\\/fr\\\/famille\\\/saint-pierre-georges-frassati\\\/#breadcrumb\",\"itemListElement\":[{\"@type\":\"ListItem\",\"position\":1,\"name\":\"Notre famille\",\"item\":\"https:\\\/\\\/filles-de-la-charite.org\\\/fr\\\/famille\\\/\"},{\"@type\":\"ListItem\",\"position\":2,\"name\":\"Saint Pierre Georges Frassati\"}]},{\"@type\":\"WebSite\",\"@id\":\"https:\\\/\\\/filles-de-la-charite.org\\\/fr\\\/#website\",\"url\":\"https:\\\/\\\/filles-de-la-charite.org\\\/fr\\\/\",\"name\":\"Hijas de la Caridad\",\"description\":\"L\u2019amour de J\u00e9sus nous presse \u00e0 prendre soin des personnes les plus d\u00e9munies\",\"publisher\":{\"@id\":\"https:\\\/\\\/filles-de-la-charite.org\\\/fr\\\/#organization\"},\"potentialAction\":[{\"@type\":\"SearchAction\",\"target\":{\"@type\":\"EntryPoint\",\"urlTemplate\":\"https:\\\/\\\/filles-de-la-charite.org\\\/fr\\\/?s={search_term_string}\"},\"query-input\":{\"@type\":\"PropertyValueSpecification\",\"valueRequired\":true,\"valueName\":\"search_term_string\"}}],\"inLanguage\":\"fr-FR\"},{\"@type\":\"Organization\",\"@id\":\"https:\\\/\\\/filles-de-la-charite.org\\\/fr\\\/#organization\",\"name\":\"Hijas de la Caridad\",\"url\":\"https:\\\/\\\/filles-de-la-charite.org\\\/fr\\\/\",\"logo\":{\"@type\":\"ImageObject\",\"inLanguage\":\"fr-FR\",\"@id\":\"https:\\\/\\\/filles-de-la-charite.org\\\/fr\\\/#\\\/schema\\\/logo\\\/image\\\/\",\"url\":\"https:\\\/\\\/filles-de-la-charite.org\\\/wp-content\\\/uploads\\\/2023\\\/03\\\/isotipo-Hijas-de-la-Caridad.png\",\"contentUrl\":\"https:\\\/\\\/filles-de-la-charite.org\\\/wp-content\\\/uploads\\\/2023\\\/03\\\/isotipo-Hijas-de-la-Caridad.png\",\"width\":1417,\"height\":1417,\"caption\":\"Hijas de la Caridad\"},\"image\":{\"@id\":\"https:\\\/\\\/filles-de-la-charite.org\\\/fr\\\/#\\\/schema\\\/logo\\\/image\\\/\"}}]}<\/script>\n<!-- \/ Yoast SEO plugin. -->","yoast_head_json":{"title":"Saint Pierre Georges Frassati - Filles de la Charit\u00e9","robots":{"index":"index","follow":"follow","max-snippet":"max-snippet:-1","max-image-preview":"max-image-preview:large","max-video-preview":"max-video-preview:-1"},"canonical":"https:\/\/filles-de-la-charite.org\/fr\/famille\/saint-pierre-georges-frassati\/","og_locale":"fr_FR","og_type":"article","og_title":"Saint Pierre Georges Frassati - Filles de la Charit\u00e9","og_description":"Pierre Georges (Pier Giorgio) Frassati est un jeune, entr\u00e9 dans la Soci\u00e9t\u00e9 de Saint-Vincent-de-Paul \u00e0 l\u2019\u00e2ge de dix-sept ans. Il est d\u00e9c\u00e9d\u00e9 \u00e0 vingt-quatre ans d\u2019une poliomy\u00e9lite fulgurante qu\u2019il a contract\u00e9e en servant les pauvres. 1901, 6 avril Naissance \u00e0 Turin 1918 Membre des Conf\u00e9rences Saint Vincent de Paul 1922 Renonce au sacerdoce 1925 Ing\u00e9nieur [&hellip;]","og_url":"https:\/\/filles-de-la-charite.org\/fr\/famille\/saint-pierre-georges-frassati\/","og_site_name":"Filles de la Charit\u00e9","article_modified_time":"2025-09-10T16:03:36+00:00","og_image":[{"width":285,"height":333,"url":"https:\/\/filles-de-la-charite.org\/wp-content\/uploads\/2023\/04\/Pier-Giorgio-Frassati-1.png","type":"image\/png"}],"twitter_card":"summary_large_image","twitter_misc":{"Dur\u00e9e de lecture estim\u00e9e":"4 minutes"},"schema":{"@context":"https:\/\/schema.org","@graph":[{"@type":"WebPage","@id":"https:\/\/filles-de-la-charite.org\/fr\/famille\/saint-pierre-georges-frassati\/","url":"https:\/\/filles-de-la-charite.org\/fr\/famille\/saint-pierre-georges-frassati\/","name":"Saint Pierre Georges Frassati - Filles de la Charit\u00e9","isPartOf":{"@id":"https:\/\/filles-de-la-charite.org\/fr\/#website"},"primaryImageOfPage":{"@id":"https:\/\/filles-de-la-charite.org\/fr\/famille\/saint-pierre-georges-frassati\/#primaryimage"},"image":{"@id":"https:\/\/filles-de-la-charite.org\/fr\/famille\/saint-pierre-georges-frassati\/#primaryimage"},"thumbnailUrl":"https:\/\/filles-de-la-charite.org\/wp-content\/uploads\/2023\/04\/Pier-Giorgio-Frassati-1.png","datePublished":"2020-10-21T14:04:42+00:00","dateModified":"2025-09-10T16:03:36+00:00","breadcrumb":{"@id":"https:\/\/filles-de-la-charite.org\/fr\/famille\/saint-pierre-georges-frassati\/#breadcrumb"},"inLanguage":"fr-FR","potentialAction":[{"@type":"ReadAction","target":["https:\/\/filles-de-la-charite.org\/fr\/famille\/saint-pierre-georges-frassati\/"]}]},{"@type":"ImageObject","inLanguage":"fr-FR","@id":"https:\/\/filles-de-la-charite.org\/fr\/famille\/saint-pierre-georges-frassati\/#primaryimage","url":"https:\/\/filles-de-la-charite.org\/wp-content\/uploads\/2023\/04\/Pier-Giorgio-Frassati-1.png","contentUrl":"https:\/\/filles-de-la-charite.org\/wp-content\/uploads\/2023\/04\/Pier-Giorgio-Frassati-1.png","width":285,"height":333},{"@type":"BreadcrumbList","@id":"https:\/\/filles-de-la-charite.org\/fr\/famille\/saint-pierre-georges-frassati\/#breadcrumb","itemListElement":[{"@type":"ListItem","position":1,"name":"Notre famille","item":"https:\/\/filles-de-la-charite.org\/fr\/famille\/"},{"@type":"ListItem","position":2,"name":"Saint Pierre Georges Frassati"}]},{"@type":"WebSite","@id":"https:\/\/filles-de-la-charite.org\/fr\/#website","url":"https:\/\/filles-de-la-charite.org\/fr\/","name":"Hijas de la Caridad","description":"L\u2019amour de J\u00e9sus nous presse \u00e0 prendre soin des personnes les plus d\u00e9munies","publisher":{"@id":"https:\/\/filles-de-la-charite.org\/fr\/#organization"},"potentialAction":[{"@type":"SearchAction","target":{"@type":"EntryPoint","urlTemplate":"https:\/\/filles-de-la-charite.org\/fr\/?s={search_term_string}"},"query-input":{"@type":"PropertyValueSpecification","valueRequired":true,"valueName":"search_term_string"}}],"inLanguage":"fr-FR"},{"@type":"Organization","@id":"https:\/\/filles-de-la-charite.org\/fr\/#organization","name":"Hijas de la Caridad","url":"https:\/\/filles-de-la-charite.org\/fr\/","logo":{"@type":"ImageObject","inLanguage":"fr-FR","@id":"https:\/\/filles-de-la-charite.org\/fr\/#\/schema\/logo\/image\/","url":"https:\/\/filles-de-la-charite.org\/wp-content\/uploads\/2023\/03\/isotipo-Hijas-de-la-Caridad.png","contentUrl":"https:\/\/filles-de-la-charite.org\/wp-content\/uploads\/2023\/03\/isotipo-Hijas-de-la-Caridad.png","width":1417,"height":1417,"caption":"Hijas de la Caridad"},"image":{"@id":"https:\/\/filles-de-la-charite.org\/fr\/#\/schema\/logo\/image\/"}}]}},"_links":{"self":[{"href":"https:\/\/filles-de-la-charite.org\/fr\/wp-json\/wp\/v2\/familia\/3904","targetHints":{"allow":["GET"]}}],"collection":[{"href":"https:\/\/filles-de-la-charite.org\/fr\/wp-json\/wp\/v2\/familia"}],"about":[{"href":"https:\/\/filles-de-la-charite.org\/fr\/wp-json\/wp\/v2\/types\/familia"}],"wp:featuredmedia":[{"embeddable":true,"href":"https:\/\/filles-de-la-charite.org\/fr\/wp-json\/wp\/v2\/media\/1102"}],"wp:attachment":[{"href":"https:\/\/filles-de-la-charite.org\/fr\/wp-json\/wp\/v2\/media?parent=3904"}],"wp:term":[{"taxonomy":"origen","embeddable":true,"href":"https:\/\/filles-de-la-charite.org\/fr\/wp-json\/wp\/v2\/origen?post=3904"}],"curies":[{"name":"wp","href":"https:\/\/api.w.org\/{rel}","templated":true}]}}