{"id":3911,"date":"2020-10-21T15:13:17","date_gmt":"2020-10-21T13:13:17","guid":{"rendered":"https:\/\/hijascaridad.sjdigitaldemo.ovh\/familia\/bienheureux-ghebre-michael\/"},"modified":"2023-11-18T22:42:11","modified_gmt":"2023-11-18T21:42:11","slug":"bienheureux-ghebre-michael","status":"publish","type":"familia","link":"https:\/\/filles-de-la-charite.org\/fr\/famille\/bienheureux-ghebre-michael\/","title":{"rendered":"Bienheureux Gh\u00e9br\u00e9-Micha\u00ebl"},"content":{"rendered":"\n<p><strong>Pour Gh\u00e9br\u00e9-Micha\u00ebl, un martyr \u00e0 la recherche de la v\u00e9rit\u00e9, la connaissance de la seule th\u00e9ologie \u00e9tait insuffisante. Il  voulait la v\u00e9rit\u00e9, transmise par les Ecritures, exprim\u00e9e par les P\u00e8res  de l\u2019\u00c9glise, formul\u00e9e dans les premiers Conciles et \u00e0 laquelle l\u2019Eglise vivante<\/strong> <strong>porte une fid\u00e9lit\u00e9 inalt\u00e9rable.<\/strong><\/p>\n\n\n\n<figure class=\"wp-block-table am7-tab\"><table><tbody><tr><td><strong>1791<\/strong><\/td><td>Naissance<\/td><\/tr><tr><td><strong>1813<\/strong><\/td><td>Doctorat en Sciences eccl\u00e9siastiques et devient moine<\/td><\/tr><tr><td><strong>1814 \u00e0 1825<\/strong><\/td><td>P\u00e8lerinage de recherche et d\u2019approfondissement de ses connaissances<\/td><\/tr><tr><td><strong>1842, f\u00e9vrier<\/strong><\/td><td>Visite Rome<\/td><\/tr><tr><td><strong>1844<\/strong><\/td><td>Re\u00e7u dans l\u2019Eglise catholique<\/td><\/tr><tr><td><strong>1851, 1<sup>er<\/sup> janvier<\/strong><\/td><td>Secr\u00e8tement ordonn\u00e9 pr\u00eatre le 1 er janvier<\/td><\/tr><tr><td><strong>1854, juillet <\/strong><\/td><td>Emprisonnement suivi d\u2019une terrible torture<\/td><\/tr><tr><td><strong>1855, 28 ao\u00fbt <\/strong><\/td><td>Mort<\/td><\/tr><tr><td><strong>1926, 3 octobre <\/strong><\/td><td>B\u00e9atifi\u00e9 comme martyr par le Pape Pie XI<\/td><\/tr><tr><td><strong>30 ao\u00fbt<\/strong><\/td><td>Jour de sa f\u00eate<\/td><\/tr><\/tbody><\/table><\/figure>\n\n\n\n<p>Gh\u00e9br\u00e9-Micha\u00ebl, qui signifie litt\u00e9ralement \u00ab\u00a0serviteur de saint Michel\u00a0\u00bb, est n\u00e9 en 1791 dans une  famille orthodoxe, en Ethiopie dans la Province du Godjam, pr\u00e8s du monast\u00e8re de Mertola Maryam. Il fait ses \u00e9tudes secondaires \u00e0 l\u2019\u00e9cole monastique  de cette communaut\u00e9 et y devient novice.<\/p>\n\n\n\n<p>Pendant six ans, il ex\u00e9cute fid\u00e8lement  les diverses fonctions de son \u00e9tat monastique et \u00e9tudie soigneusement la  Bible toute enti\u00e8re, les premiers Conciles, les P\u00e8res de l\u2019\u00c9glise et  tous les documents qu\u2019il pouvait trouver. En 1813, il est \u00ab Docteur en  Sciences eccl\u00e9siastiques\u00a0\u00bb. Mais sa soif de connaissance est  inextinguible. Il commence donc un p\u00e8lerinage de recherche dans les  monast\u00e8res les plus prestigieux de l\u2019Ethiopie et de l\u2019Erythr\u00e9e, de 1814 \u00e0  1825.<\/p>\n\n\n\n<p>Dejazmach Wube, le prince du Tigr\u00e9,  le nomme membre de la d\u00e9l\u00e9gation qui se rend au Caire (en raison de son lien  juridictionnel) pour demander un nouvel \u00e9v\u00eaque pour l\u2019\u00c9thiopie. Pour des  raisons de s\u00e9curit\u00e9, cette d\u00e9l\u00e9gation est accompagn\u00e9e par un pr\u00eatre  catholique, Justin de Jacobis. Il \u00e9met une condition pour accepter une  telle mission\u00a0: emmener avec lui les d\u00e9l\u00e9gu\u00e9s \u00e0 Rome, afin de rendre  hommage au Pape Gr\u00e9goire XVI. Ils parviennent \u00e0 accomplir la mission difficile de demander un nouvel \u00e9v\u00eaque. Apr\u00e8s leur rencontre avec le Patriarche Petros, les d\u00e9l\u00e9gu\u00e9s se sont s\u00e9v\u00e8rement vus d\u00e9fendre, par celui-ci, le droit d\u2019aller \u00e0 Rome, sous peine d\u2019excommunication. N\u00e9anmoins ils ont eu  le courage de visiter Rome en 1842 pour essayer de comprendre la v\u00e9rit\u00e9  de la foi vivante de l\u2019\u00c9glise catholique. Gh\u00e9br\u00e9-Micha\u00ebl d\u00e9couvre que la  foi de l\u2019\u00c9glise catholique est en continuit\u00e9 harmonieuse avec  l\u2019ancienne \u00e9glise \u00e9thiopienne.<\/p>\n\n\n\n<p>De retour \u00e0 Adwa, en f\u00e9vrier 1844, il  demande \u00e0 Mgr Justin de Jacobis de le recevoir dans l\u2019Eglise catholique.  A l\u2019\u00e2ge de cinquante-neuf ans, Gh\u00e9br\u00e9-Micha\u00ebl est secr\u00e8tement ordonn\u00e9 pr\u00eatre le 1er  Janvier 1851 dans les ruines de l\u2019\u00e9glise d\u2019Alitena.<\/p>\n\n\n\n<p>Il est nomm\u00e9 professeur des \u00e9l\u00e8ves de  Mgr Justin de Jacobis. Alors qu\u2019il exerce la fonction de recteur du  petit s\u00e9minaire, Abouna Salama, le nouvel \u00e9v\u00eaque, commence \u00e0 pers\u00e9cuter  Justin de Jacobis, Gh\u00e9br\u00e9-Micha\u00ebl et tous ceux qui les ont suivis.<\/p>\n\n\n\n<p>Abba (p\u00e8re) Gh\u00e9br\u00e9-Micha\u00ebl est si  sauvagement battu que le sang a jailli de sa bouche et a tremp\u00e9 son  corps tout entier. Ceux qui l\u2019ont vu ont rapidement propag\u00e9 la nouvelle de sa mort. Cependant, il a surv\u00e9cu aux coups et il fut  encha\u00een\u00e9, mains et pieds vigoureusement li\u00e9s. <strong>Le 25 d\u00e9cembre\u00a0<\/strong>1854, apr\u00e8s  l\u2019interrogatoire d\u2019Abouna Salama, ses jambes ont \u00e9t\u00e9 plac\u00e9es \u00e0  l\u2019int\u00e9rieur du \u201cghend\u201d.<\/p>\n\n\n\n<p>Il endure l\u2019emprisonnement, de terribles tortures, puis il est condamn\u00e9 \u00e0 mort, face au peloton d\u2019ex\u00e9cution.  Il finit sa vie au cours d\u2019une marche forc\u00e9e le jour de la f\u00eate de  saint Georges, le 28 ao\u00fbt 1855. Il est rest\u00e9 fid\u00e8le \u00e0 l\u2019Eglise  catholique, malgr\u00e9 toutes les tortures.<\/p>\n\n\n\n<p>Mgr Justin de Jacobis informe son  Sup\u00e9rieur g\u00e9n\u00e9ral de la mort d\u2019Abba Gh\u00e9br\u00e9-Micha\u00ebl, \u00ab\u00a0postulant\u00a0\u00bb et \u00ab\u00a0s\u00e9minariste\u00a0\u00bb de la Congr\u00e9gation de la Mission.<\/p>\n","protected":false},"featured_media":1074,"template":"","meta":{"_acf_changed":false,"_et_pb_use_builder":"","_et_pb_old_content":"","_et_gb_content_width":"","_links_to":"","_links_to_target":""},"origen":[],"class_list":["post-3911","familia","type-familia","status-publish","has-post-thumbnail","hentry"],"acf":[],"yoast_head":"<!-- This site is optimized with the Yoast SEO plugin v27.5 - https:\/\/yoast.com\/product\/yoast-seo-wordpress\/ -->\n<title>Bienheureux Gh\u00e9br\u00e9-Micha\u00ebl - Filles de la Charit\u00e9<\/title>\n<meta name=\"robots\" content=\"index, follow, max-snippet:-1, max-image-preview:large, max-video-preview:-1\" \/>\n<link rel=\"canonical\" href=\"https:\/\/filles-de-la-charite.org\/fr\/famille\/bienheureux-ghebre-michael\/\" \/>\n<meta property=\"og:locale\" content=\"fr_FR\" \/>\n<meta property=\"og:type\" content=\"article\" \/>\n<meta property=\"og:title\" content=\"Bienheureux Gh\u00e9br\u00e9-Micha\u00ebl - Filles de la Charit\u00e9\" \/>\n<meta property=\"og:description\" content=\"Pour Gh\u00e9br\u00e9-Micha\u00ebl, un martyr \u00e0 la recherche de la v\u00e9rit\u00e9, la connaissance de la seule th\u00e9ologie \u00e9tait insuffisante. Il voulait la v\u00e9rit\u00e9, transmise par les Ecritures, exprim\u00e9e par les P\u00e8res de l\u2019\u00c9glise, formul\u00e9e dans les premiers Conciles et \u00e0 laquelle l\u2019Eglise vivante porte une fid\u00e9lit\u00e9 inalt\u00e9rable. 1791 Naissance 1813 Doctorat en Sciences eccl\u00e9siastiques et devient [&hellip;]\" \/>\n<meta property=\"og:url\" content=\"https:\/\/filles-de-la-charite.org\/fr\/famille\/bienheureux-ghebre-michael\/\" \/>\n<meta property=\"og:site_name\" content=\"Filles de la Charit\u00e9\" \/>\n<meta property=\"article:modified_time\" content=\"2023-11-18T21:42:11+00:00\" \/>\n<meta property=\"og:image\" content=\"https:\/\/filles-de-la-charite.org\/wp-content\/uploads\/2023\/04\/Ghebre-Michael-1.png\" \/>\n\t<meta property=\"og:image:width\" content=\"331\" \/>\n\t<meta property=\"og:image:height\" content=\"404\" \/>\n\t<meta property=\"og:image:type\" content=\"image\/png\" \/>\n<meta name=\"twitter:card\" content=\"summary_large_image\" \/>\n<meta name=\"twitter:label1\" content=\"Dur\u00e9e de lecture estim\u00e9e\" \/>\n\t<meta name=\"twitter:data1\" content=\"3 minutes\" \/>\n<script type=\"application\/ld+json\" class=\"yoast-schema-graph\">{\"@context\":\"https:\\\/\\\/schema.org\",\"@graph\":[{\"@type\":\"WebPage\",\"@id\":\"https:\\\/\\\/filles-de-la-charite.org\\\/fr\\\/famille\\\/bienheureux-ghebre-michael\\\/\",\"url\":\"https:\\\/\\\/filles-de-la-charite.org\\\/fr\\\/famille\\\/bienheureux-ghebre-michael\\\/\",\"name\":\"Bienheureux Gh\u00e9br\u00e9-Micha\u00ebl - Filles de la Charit\u00e9\",\"isPartOf\":{\"@id\":\"https:\\\/\\\/filles-de-la-charite.org\\\/fr\\\/#website\"},\"primaryImageOfPage\":{\"@id\":\"https:\\\/\\\/filles-de-la-charite.org\\\/fr\\\/famille\\\/bienheureux-ghebre-michael\\\/#primaryimage\"},\"image\":{\"@id\":\"https:\\\/\\\/filles-de-la-charite.org\\\/fr\\\/famille\\\/bienheureux-ghebre-michael\\\/#primaryimage\"},\"thumbnailUrl\":\"https:\\\/\\\/filles-de-la-charite.org\\\/wp-content\\\/uploads\\\/2023\\\/04\\\/Ghebre-Michael-1.png\",\"datePublished\":\"2020-10-21T13:13:17+00:00\",\"dateModified\":\"2023-11-18T21:42:11+00:00\",\"breadcrumb\":{\"@id\":\"https:\\\/\\\/filles-de-la-charite.org\\\/fr\\\/famille\\\/bienheureux-ghebre-michael\\\/#breadcrumb\"},\"inLanguage\":\"fr-FR\",\"potentialAction\":[{\"@type\":\"ReadAction\",\"target\":[\"https:\\\/\\\/filles-de-la-charite.org\\\/fr\\\/famille\\\/bienheureux-ghebre-michael\\\/\"]}]},{\"@type\":\"ImageObject\",\"inLanguage\":\"fr-FR\",\"@id\":\"https:\\\/\\\/filles-de-la-charite.org\\\/fr\\\/famille\\\/bienheureux-ghebre-michael\\\/#primaryimage\",\"url\":\"https:\\\/\\\/filles-de-la-charite.org\\\/wp-content\\\/uploads\\\/2023\\\/04\\\/Ghebre-Michael-1.png\",\"contentUrl\":\"https:\\\/\\\/filles-de-la-charite.org\\\/wp-content\\\/uploads\\\/2023\\\/04\\\/Ghebre-Michael-1.png\",\"width\":331,\"height\":404},{\"@type\":\"BreadcrumbList\",\"@id\":\"https:\\\/\\\/filles-de-la-charite.org\\\/fr\\\/famille\\\/bienheureux-ghebre-michael\\\/#breadcrumb\",\"itemListElement\":[{\"@type\":\"ListItem\",\"position\":1,\"name\":\"Notre famille\",\"item\":\"https:\\\/\\\/filles-de-la-charite.org\\\/fr\\\/famille\\\/\"},{\"@type\":\"ListItem\",\"position\":2,\"name\":\"Bienheureux Gh\u00e9br\u00e9-Micha\u00ebl\"}]},{\"@type\":\"WebSite\",\"@id\":\"https:\\\/\\\/filles-de-la-charite.org\\\/fr\\\/#website\",\"url\":\"https:\\\/\\\/filles-de-la-charite.org\\\/fr\\\/\",\"name\":\"Hijas de la Caridad\",\"description\":\"L\u2019amour de J\u00e9sus nous presse \u00e0 prendre soin des personnes les plus d\u00e9munies\",\"publisher\":{\"@id\":\"https:\\\/\\\/filles-de-la-charite.org\\\/fr\\\/#organization\"},\"potentialAction\":[{\"@type\":\"SearchAction\",\"target\":{\"@type\":\"EntryPoint\",\"urlTemplate\":\"https:\\\/\\\/filles-de-la-charite.org\\\/fr\\\/?s={search_term_string}\"},\"query-input\":{\"@type\":\"PropertyValueSpecification\",\"valueRequired\":true,\"valueName\":\"search_term_string\"}}],\"inLanguage\":\"fr-FR\"},{\"@type\":\"Organization\",\"@id\":\"https:\\\/\\\/filles-de-la-charite.org\\\/fr\\\/#organization\",\"name\":\"Hijas de la Caridad\",\"url\":\"https:\\\/\\\/filles-de-la-charite.org\\\/fr\\\/\",\"logo\":{\"@type\":\"ImageObject\",\"inLanguage\":\"fr-FR\",\"@id\":\"https:\\\/\\\/filles-de-la-charite.org\\\/fr\\\/#\\\/schema\\\/logo\\\/image\\\/\",\"url\":\"https:\\\/\\\/filles-de-la-charite.org\\\/wp-content\\\/uploads\\\/2023\\\/03\\\/isotipo-Hijas-de-la-Caridad.png\",\"contentUrl\":\"https:\\\/\\\/filles-de-la-charite.org\\\/wp-content\\\/uploads\\\/2023\\\/03\\\/isotipo-Hijas-de-la-Caridad.png\",\"width\":1417,\"height\":1417,\"caption\":\"Hijas de la Caridad\"},\"image\":{\"@id\":\"https:\\\/\\\/filles-de-la-charite.org\\\/fr\\\/#\\\/schema\\\/logo\\\/image\\\/\"}}]}<\/script>\n<!-- \/ Yoast SEO plugin. -->","yoast_head_json":{"title":"Bienheureux Gh\u00e9br\u00e9-Micha\u00ebl - Filles de la Charit\u00e9","robots":{"index":"index","follow":"follow","max-snippet":"max-snippet:-1","max-image-preview":"max-image-preview:large","max-video-preview":"max-video-preview:-1"},"canonical":"https:\/\/filles-de-la-charite.org\/fr\/famille\/bienheureux-ghebre-michael\/","og_locale":"fr_FR","og_type":"article","og_title":"Bienheureux Gh\u00e9br\u00e9-Micha\u00ebl - Filles de la Charit\u00e9","og_description":"Pour Gh\u00e9br\u00e9-Micha\u00ebl, un martyr \u00e0 la recherche de la v\u00e9rit\u00e9, la connaissance de la seule th\u00e9ologie \u00e9tait insuffisante. Il voulait la v\u00e9rit\u00e9, transmise par les Ecritures, exprim\u00e9e par les P\u00e8res de l\u2019\u00c9glise, formul\u00e9e dans les premiers Conciles et \u00e0 laquelle l\u2019Eglise vivante porte une fid\u00e9lit\u00e9 inalt\u00e9rable. 1791 Naissance 1813 Doctorat en Sciences eccl\u00e9siastiques et devient [&hellip;]","og_url":"https:\/\/filles-de-la-charite.org\/fr\/famille\/bienheureux-ghebre-michael\/","og_site_name":"Filles de la Charit\u00e9","article_modified_time":"2023-11-18T21:42:11+00:00","og_image":[{"width":331,"height":404,"url":"https:\/\/filles-de-la-charite.org\/wp-content\/uploads\/2023\/04\/Ghebre-Michael-1.png","type":"image\/png"}],"twitter_card":"summary_large_image","twitter_misc":{"Dur\u00e9e de lecture estim\u00e9e":"3 minutes"},"schema":{"@context":"https:\/\/schema.org","@graph":[{"@type":"WebPage","@id":"https:\/\/filles-de-la-charite.org\/fr\/famille\/bienheureux-ghebre-michael\/","url":"https:\/\/filles-de-la-charite.org\/fr\/famille\/bienheureux-ghebre-michael\/","name":"Bienheureux Gh\u00e9br\u00e9-Micha\u00ebl - Filles de la Charit\u00e9","isPartOf":{"@id":"https:\/\/filles-de-la-charite.org\/fr\/#website"},"primaryImageOfPage":{"@id":"https:\/\/filles-de-la-charite.org\/fr\/famille\/bienheureux-ghebre-michael\/#primaryimage"},"image":{"@id":"https:\/\/filles-de-la-charite.org\/fr\/famille\/bienheureux-ghebre-michael\/#primaryimage"},"thumbnailUrl":"https:\/\/filles-de-la-charite.org\/wp-content\/uploads\/2023\/04\/Ghebre-Michael-1.png","datePublished":"2020-10-21T13:13:17+00:00","dateModified":"2023-11-18T21:42:11+00:00","breadcrumb":{"@id":"https:\/\/filles-de-la-charite.org\/fr\/famille\/bienheureux-ghebre-michael\/#breadcrumb"},"inLanguage":"fr-FR","potentialAction":[{"@type":"ReadAction","target":["https:\/\/filles-de-la-charite.org\/fr\/famille\/bienheureux-ghebre-michael\/"]}]},{"@type":"ImageObject","inLanguage":"fr-FR","@id":"https:\/\/filles-de-la-charite.org\/fr\/famille\/bienheureux-ghebre-michael\/#primaryimage","url":"https:\/\/filles-de-la-charite.org\/wp-content\/uploads\/2023\/04\/Ghebre-Michael-1.png","contentUrl":"https:\/\/filles-de-la-charite.org\/wp-content\/uploads\/2023\/04\/Ghebre-Michael-1.png","width":331,"height":404},{"@type":"BreadcrumbList","@id":"https:\/\/filles-de-la-charite.org\/fr\/famille\/bienheureux-ghebre-michael\/#breadcrumb","itemListElement":[{"@type":"ListItem","position":1,"name":"Notre famille","item":"https:\/\/filles-de-la-charite.org\/fr\/famille\/"},{"@type":"ListItem","position":2,"name":"Bienheureux Gh\u00e9br\u00e9-Micha\u00ebl"}]},{"@type":"WebSite","@id":"https:\/\/filles-de-la-charite.org\/fr\/#website","url":"https:\/\/filles-de-la-charite.org\/fr\/","name":"Hijas de la Caridad","description":"L\u2019amour de J\u00e9sus nous presse \u00e0 prendre soin des personnes les plus d\u00e9munies","publisher":{"@id":"https:\/\/filles-de-la-charite.org\/fr\/#organization"},"potentialAction":[{"@type":"SearchAction","target":{"@type":"EntryPoint","urlTemplate":"https:\/\/filles-de-la-charite.org\/fr\/?s={search_term_string}"},"query-input":{"@type":"PropertyValueSpecification","valueRequired":true,"valueName":"search_term_string"}}],"inLanguage":"fr-FR"},{"@type":"Organization","@id":"https:\/\/filles-de-la-charite.org\/fr\/#organization","name":"Hijas de la Caridad","url":"https:\/\/filles-de-la-charite.org\/fr\/","logo":{"@type":"ImageObject","inLanguage":"fr-FR","@id":"https:\/\/filles-de-la-charite.org\/fr\/#\/schema\/logo\/image\/","url":"https:\/\/filles-de-la-charite.org\/wp-content\/uploads\/2023\/03\/isotipo-Hijas-de-la-Caridad.png","contentUrl":"https:\/\/filles-de-la-charite.org\/wp-content\/uploads\/2023\/03\/isotipo-Hijas-de-la-Caridad.png","width":1417,"height":1417,"caption":"Hijas de la Caridad"},"image":{"@id":"https:\/\/filles-de-la-charite.org\/fr\/#\/schema\/logo\/image\/"}}]}},"_links":{"self":[{"href":"https:\/\/filles-de-la-charite.org\/fr\/wp-json\/wp\/v2\/familia\/3911","targetHints":{"allow":["GET"]}}],"collection":[{"href":"https:\/\/filles-de-la-charite.org\/fr\/wp-json\/wp\/v2\/familia"}],"about":[{"href":"https:\/\/filles-de-la-charite.org\/fr\/wp-json\/wp\/v2\/types\/familia"}],"wp:featuredmedia":[{"embeddable":true,"href":"https:\/\/filles-de-la-charite.org\/fr\/wp-json\/wp\/v2\/media\/1074"}],"wp:attachment":[{"href":"https:\/\/filles-de-la-charite.org\/fr\/wp-json\/wp\/v2\/media?parent=3911"}],"wp:term":[{"taxonomy":"origen","embeddable":true,"href":"https:\/\/filles-de-la-charite.org\/fr\/wp-json\/wp\/v2\/origen?post=3911"}],"curies":[{"name":"wp","href":"https:\/\/api.w.org\/{rel}","templated":true}]}}