{"id":3918,"date":"2020-10-21T15:09:34","date_gmt":"2020-10-21T13:09:34","guid":{"rendered":"https:\/\/hijascaridad.sjdigitaldemo.ovh\/familia\/saint-francois-regis-clet\/"},"modified":"2024-02-01T22:58:05","modified_gmt":"2024-02-01T21:58:05","slug":"saint-francois-regis-clet","status":"publish","type":"familia","link":"https:\/\/filles-de-la-charite.org\/fr\/famille\/saint-francois-regis-clet\/","title":{"rendered":"Saint Fran\u00e7ois-R\u00e9gis Clet"},"content":{"rendered":"\n<p><strong>Une petite phrase du livre de l\u2019Eccl\u00e9siaste (4,12), prise par Fran\u00e7ois-R\u00e9gis Clet pour encourager ses  confr\u00e8res missionnaires \u00e0 une exp\u00e9rience profonde de fraternit\u00e9 et comme  soutien dans leur mission, peut aussi devenir la synth\u00e8se de sa vie\u00a0:  \u00ab\u00a0\u2026 Une corde \u00e0 trois brins n\u2019est pas facile \u00e0 rompre.\u00a0\u00bb Il \u00e9tait un homme avec son  histoire, un croyant avec la solidit\u00e9 de sa foi, un missionnaire (en  Chine) jusqu\u2019au bout.<\/strong><\/p>\n\n\n\n<figure class=\"wp-block-table am7-tab\"><table><tbody><tr><td><strong>1748, 19 ao\u00fbt <\/strong><\/td><td>Naissance \u00e0 Grenoble<\/td><\/tr><tr><td><strong>1769, 6 mars <\/strong><\/td><td>Entr\u00e9e dans la Congr\u00e9gation de la Mission<\/td><\/tr><tr><td><strong>1773, 27 mars <\/strong><\/td><td>Ordonn\u00e9 pr\u00eatre<\/td><\/tr><tr><td><strong>1791<\/strong><\/td><td>Arriv\u00e9e en Chine<\/td><\/tr><tr><td><strong>1820, 18 f\u00e9vrier <\/strong><\/td><td>Meurt \u00e9trangl\u00e9 et pendu sur une croix<\/td><\/tr><tr><td><strong>1900, 27 mai <\/strong><\/td><td>B\u00e9atification<\/td><\/tr><tr><td><strong>2000, 1 octobre <\/strong><\/td><td>Canonisation avec 119 martyrs chinois<\/td><\/tr><tr><td><strong>9 juillet<\/strong><\/td><td>Jour de sa f\u00eate<\/td><\/tr><\/tbody><\/table><\/figure>\n\n\n\n<p>Fran\u00e7ois-R\u00e9gis \u00e9tait le dixi\u00e8me de  quinze enfants dans la famille de C\u00e9sar et Claudine Clet. Les \u00e9tapes de  sa vie \u2013 \u00e9l\u00e8ve chez les J\u00e9suites \u00e0 Grenoble, s\u00e9minariste dioc\u00e9sain,  \u00e9tudiant brillant, r\u00e9ponse \u00e1 l\u2019appel dans la Congr\u00e9gation de la Mission \u00e0  Lyon \u2013 \u00e9taient celles que la Providence a su ouvrir pour que  la \u00ab\u00a0corde \u00e0 trois brins\u00a0\u00bb puisse grandir et se d\u00e9velopper. Il fut professeur de th\u00e9ologie \u00e0 Annecy, Sup\u00e9rieur de sa communaut\u00e9 et, plus tard, Directeur du S\u00e9minaire interne de la Congr\u00e9gation de la Mission \u00e0  la Maison-M\u00e8re \u00e0 Paris.<\/p>\n\n\n\n<p>Les temp\u00eates de la R\u00e9volution n\u2019ont fait que <em>\u00ab\u00a0fortifier les racines du triple lien\u00a0\u00bb<\/em>  de la vie de Fran\u00e7ois-R\u00e9gis. A partir du moment o\u00f9 il a pris le bateau  pour la Chine en avril 1791 \u2013 arrivant seulement \u00e0 Kiang-Si apr\u00e8s six mois de navigation, en octobre 1791, il a pu se rendre compte vers o\u00f9 le Seigneur voulait le conduire.  Durant presque trente ans, il se consacra enti\u00e8rement \u00e0 la mission  chinoise et s\u2019adapta \u00e0 un nouveau mode de vie, ainsi qu\u2019\u00e0 une langue  difficile. La situation \u00e9tait dangereuse en raison des pers\u00e9cutions et  il devait \u00e9viter d\u2019\u00eatre reconnu.<\/p>\n\n\n\n<p>Fran\u00e7ois-R\u00e9gis fut arr\u00eat\u00e9 et emprisonn\u00e9 \u00e0 Kinkiakang puis \u00e0 Ou-Tchang-Fou. Apr\u00e8s des mois de souffrances,  il fut condamn\u00e9 \u00e0 mort. De faux t\u00e9moignages furent prononc\u00e9s \u00e0 son encontre\u00a0: <em>\u00ab\u00a0Vous  \u00eates venus en Chine secr\u00e8tement, vous avez perverti de nombreuses  personnes en pr\u00eachant votre doctrine, et d\u2019apr\u00e8s la loi, vous devez \u00eatre  \u00e9trangl\u00e9 jusqu\u2019\u00e0 ce que la mort s\u2019ensuive\u00a0\u00bb<\/em>. Fran\u00e7ois-R\u00e9gis meurt  pr\u00e8s de Ou-Tchang-Fou. Dans ses souffrances jusqu\u2019\u00e0 la croix, il pouvait  penser \u00e0 son Ma\u00eetre et d\u00e9couvrir le sens de son chemin qui lui donna la  force d\u2019aller jusqu\u2019au bout.<\/p>\n\n\n\n<p>La Maison-M\u00e8re de la Congr\u00e9gation de la  Mission conserve son corps pour enseigner aux fils de saint Vincent aujourd\u2019hui vers o\u00f9 aller, avec quelle g\u00e9n\u00e9rosit\u00e9 vivre, sans oublier que \u00ab&nbsp;\u2026 dans notre vie comme dans notre mort, nous appartenons au Seigneur.&nbsp;\u00bb (Rm 14, 8)<\/p>\n","protected":false},"featured_media":1067,"template":"","meta":{"_acf_changed":false,"_links_to":"","_links_to_target":""},"origen":[],"class_list":["post-3918","familia","type-familia","status-publish","has-post-thumbnail","hentry"],"acf":[],"yoast_head":"<!-- This site is optimized with the Yoast SEO plugin v27.5 - https:\/\/yoast.com\/product\/yoast-seo-wordpress\/ -->\n<title>Saint Fran\u00e7ois-R\u00e9gis Clet - Filles de la Charit\u00e9<\/title>\n<meta name=\"robots\" content=\"index, follow, max-snippet:-1, max-image-preview:large, max-video-preview:-1\" \/>\n<link rel=\"canonical\" href=\"https:\/\/filles-de-la-charite.org\/fr\/famille\/saint-francois-regis-clet\/\" \/>\n<meta property=\"og:locale\" content=\"fr_FR\" \/>\n<meta property=\"og:type\" content=\"article\" \/>\n<meta property=\"og:title\" content=\"Saint Fran\u00e7ois-R\u00e9gis Clet - Filles de la Charit\u00e9\" \/>\n<meta property=\"og:description\" content=\"Une petite phrase du livre de l\u2019Eccl\u00e9siaste (4,12), prise par Fran\u00e7ois-R\u00e9gis Clet pour encourager ses confr\u00e8res missionnaires \u00e0 une exp\u00e9rience profonde de fraternit\u00e9 et comme soutien dans leur mission, peut aussi devenir la synth\u00e8se de sa vie\u00a0: \u00ab\u00a0\u2026 Une corde \u00e0 trois brins n\u2019est pas facile \u00e0 rompre.\u00a0\u00bb Il \u00e9tait un homme avec son histoire, [&hellip;]\" \/>\n<meta property=\"og:url\" content=\"https:\/\/filles-de-la-charite.org\/fr\/famille\/saint-francois-regis-clet\/\" \/>\n<meta property=\"og:site_name\" content=\"Filles de la Charit\u00e9\" \/>\n<meta property=\"article:modified_time\" content=\"2024-02-01T21:58:05+00:00\" \/>\n<meta property=\"og:image\" content=\"https:\/\/filles-de-la-charite.org\/wp-content\/uploads\/2023\/04\/Francois-Regis-Clet-1.png\" \/>\n\t<meta property=\"og:image:width\" content=\"270\" \/>\n\t<meta property=\"og:image:height\" content=\"416\" \/>\n\t<meta property=\"og:image:type\" content=\"image\/png\" \/>\n<meta name=\"twitter:card\" content=\"summary_large_image\" \/>\n<meta name=\"twitter:label1\" content=\"Dur\u00e9e de lecture estim\u00e9e\" \/>\n\t<meta name=\"twitter:data1\" content=\"2 minutes\" \/>\n<script type=\"application\/ld+json\" class=\"yoast-schema-graph\">{\"@context\":\"https:\\\/\\\/schema.org\",\"@graph\":[{\"@type\":\"WebPage\",\"@id\":\"https:\\\/\\\/filles-de-la-charite.org\\\/fr\\\/famille\\\/saint-francois-regis-clet\\\/\",\"url\":\"https:\\\/\\\/filles-de-la-charite.org\\\/fr\\\/famille\\\/saint-francois-regis-clet\\\/\",\"name\":\"Saint Fran\u00e7ois-R\u00e9gis Clet - Filles de la Charit\u00e9\",\"isPartOf\":{\"@id\":\"https:\\\/\\\/filles-de-la-charite.org\\\/fr\\\/#website\"},\"primaryImageOfPage\":{\"@id\":\"https:\\\/\\\/filles-de-la-charite.org\\\/fr\\\/famille\\\/saint-francois-regis-clet\\\/#primaryimage\"},\"image\":{\"@id\":\"https:\\\/\\\/filles-de-la-charite.org\\\/fr\\\/famille\\\/saint-francois-regis-clet\\\/#primaryimage\"},\"thumbnailUrl\":\"https:\\\/\\\/filles-de-la-charite.org\\\/wp-content\\\/uploads\\\/2023\\\/04\\\/Francois-Regis-Clet-1.png\",\"datePublished\":\"2020-10-21T13:09:34+00:00\",\"dateModified\":\"2024-02-01T21:58:05+00:00\",\"breadcrumb\":{\"@id\":\"https:\\\/\\\/filles-de-la-charite.org\\\/fr\\\/famille\\\/saint-francois-regis-clet\\\/#breadcrumb\"},\"inLanguage\":\"fr-FR\",\"potentialAction\":[{\"@type\":\"ReadAction\",\"target\":[\"https:\\\/\\\/filles-de-la-charite.org\\\/fr\\\/famille\\\/saint-francois-regis-clet\\\/\"]}]},{\"@type\":\"ImageObject\",\"inLanguage\":\"fr-FR\",\"@id\":\"https:\\\/\\\/filles-de-la-charite.org\\\/fr\\\/famille\\\/saint-francois-regis-clet\\\/#primaryimage\",\"url\":\"https:\\\/\\\/filles-de-la-charite.org\\\/wp-content\\\/uploads\\\/2023\\\/04\\\/Francois-Regis-Clet-1.png\",\"contentUrl\":\"https:\\\/\\\/filles-de-la-charite.org\\\/wp-content\\\/uploads\\\/2023\\\/04\\\/Francois-Regis-Clet-1.png\",\"width\":270,\"height\":416},{\"@type\":\"BreadcrumbList\",\"@id\":\"https:\\\/\\\/filles-de-la-charite.org\\\/fr\\\/famille\\\/saint-francois-regis-clet\\\/#breadcrumb\",\"itemListElement\":[{\"@type\":\"ListItem\",\"position\":1,\"name\":\"Notre famille\",\"item\":\"https:\\\/\\\/filles-de-la-charite.org\\\/fr\\\/famille\\\/\"},{\"@type\":\"ListItem\",\"position\":2,\"name\":\"Saint Fran\u00e7ois-R\u00e9gis Clet\"}]},{\"@type\":\"WebSite\",\"@id\":\"https:\\\/\\\/filles-de-la-charite.org\\\/fr\\\/#website\",\"url\":\"https:\\\/\\\/filles-de-la-charite.org\\\/fr\\\/\",\"name\":\"Hijas de la Caridad\",\"description\":\"L\u2019amour de J\u00e9sus nous presse \u00e0 prendre soin des personnes les plus d\u00e9munies\",\"publisher\":{\"@id\":\"https:\\\/\\\/filles-de-la-charite.org\\\/fr\\\/#organization\"},\"potentialAction\":[{\"@type\":\"SearchAction\",\"target\":{\"@type\":\"EntryPoint\",\"urlTemplate\":\"https:\\\/\\\/filles-de-la-charite.org\\\/fr\\\/?s={search_term_string}\"},\"query-input\":{\"@type\":\"PropertyValueSpecification\",\"valueRequired\":true,\"valueName\":\"search_term_string\"}}],\"inLanguage\":\"fr-FR\"},{\"@type\":\"Organization\",\"@id\":\"https:\\\/\\\/filles-de-la-charite.org\\\/fr\\\/#organization\",\"name\":\"Hijas de la Caridad\",\"url\":\"https:\\\/\\\/filles-de-la-charite.org\\\/fr\\\/\",\"logo\":{\"@type\":\"ImageObject\",\"inLanguage\":\"fr-FR\",\"@id\":\"https:\\\/\\\/filles-de-la-charite.org\\\/fr\\\/#\\\/schema\\\/logo\\\/image\\\/\",\"url\":\"https:\\\/\\\/filles-de-la-charite.org\\\/wp-content\\\/uploads\\\/2023\\\/03\\\/isotipo-Hijas-de-la-Caridad.png\",\"contentUrl\":\"https:\\\/\\\/filles-de-la-charite.org\\\/wp-content\\\/uploads\\\/2023\\\/03\\\/isotipo-Hijas-de-la-Caridad.png\",\"width\":1417,\"height\":1417,\"caption\":\"Hijas de la Caridad\"},\"image\":{\"@id\":\"https:\\\/\\\/filles-de-la-charite.org\\\/fr\\\/#\\\/schema\\\/logo\\\/image\\\/\"}}]}<\/script>\n<!-- \/ Yoast SEO plugin. -->","yoast_head_json":{"title":"Saint Fran\u00e7ois-R\u00e9gis Clet - Filles de la Charit\u00e9","robots":{"index":"index","follow":"follow","max-snippet":"max-snippet:-1","max-image-preview":"max-image-preview:large","max-video-preview":"max-video-preview:-1"},"canonical":"https:\/\/filles-de-la-charite.org\/fr\/famille\/saint-francois-regis-clet\/","og_locale":"fr_FR","og_type":"article","og_title":"Saint Fran\u00e7ois-R\u00e9gis Clet - Filles de la Charit\u00e9","og_description":"Une petite phrase du livre de l\u2019Eccl\u00e9siaste (4,12), prise par Fran\u00e7ois-R\u00e9gis Clet pour encourager ses confr\u00e8res missionnaires \u00e0 une exp\u00e9rience profonde de fraternit\u00e9 et comme soutien dans leur mission, peut aussi devenir la synth\u00e8se de sa vie\u00a0: \u00ab\u00a0\u2026 Une corde \u00e0 trois brins n\u2019est pas facile \u00e0 rompre.\u00a0\u00bb Il \u00e9tait un homme avec son histoire, [&hellip;]","og_url":"https:\/\/filles-de-la-charite.org\/fr\/famille\/saint-francois-regis-clet\/","og_site_name":"Filles de la Charit\u00e9","article_modified_time":"2024-02-01T21:58:05+00:00","og_image":[{"width":270,"height":416,"url":"https:\/\/filles-de-la-charite.org\/wp-content\/uploads\/2023\/04\/Francois-Regis-Clet-1.png","type":"image\/png"}],"twitter_card":"summary_large_image","twitter_misc":{"Dur\u00e9e de lecture estim\u00e9e":"2 minutes"},"schema":{"@context":"https:\/\/schema.org","@graph":[{"@type":"WebPage","@id":"https:\/\/filles-de-la-charite.org\/fr\/famille\/saint-francois-regis-clet\/","url":"https:\/\/filles-de-la-charite.org\/fr\/famille\/saint-francois-regis-clet\/","name":"Saint Fran\u00e7ois-R\u00e9gis Clet - Filles de la Charit\u00e9","isPartOf":{"@id":"https:\/\/filles-de-la-charite.org\/fr\/#website"},"primaryImageOfPage":{"@id":"https:\/\/filles-de-la-charite.org\/fr\/famille\/saint-francois-regis-clet\/#primaryimage"},"image":{"@id":"https:\/\/filles-de-la-charite.org\/fr\/famille\/saint-francois-regis-clet\/#primaryimage"},"thumbnailUrl":"https:\/\/filles-de-la-charite.org\/wp-content\/uploads\/2023\/04\/Francois-Regis-Clet-1.png","datePublished":"2020-10-21T13:09:34+00:00","dateModified":"2024-02-01T21:58:05+00:00","breadcrumb":{"@id":"https:\/\/filles-de-la-charite.org\/fr\/famille\/saint-francois-regis-clet\/#breadcrumb"},"inLanguage":"fr-FR","potentialAction":[{"@type":"ReadAction","target":["https:\/\/filles-de-la-charite.org\/fr\/famille\/saint-francois-regis-clet\/"]}]},{"@type":"ImageObject","inLanguage":"fr-FR","@id":"https:\/\/filles-de-la-charite.org\/fr\/famille\/saint-francois-regis-clet\/#primaryimage","url":"https:\/\/filles-de-la-charite.org\/wp-content\/uploads\/2023\/04\/Francois-Regis-Clet-1.png","contentUrl":"https:\/\/filles-de-la-charite.org\/wp-content\/uploads\/2023\/04\/Francois-Regis-Clet-1.png","width":270,"height":416},{"@type":"BreadcrumbList","@id":"https:\/\/filles-de-la-charite.org\/fr\/famille\/saint-francois-regis-clet\/#breadcrumb","itemListElement":[{"@type":"ListItem","position":1,"name":"Notre famille","item":"https:\/\/filles-de-la-charite.org\/fr\/famille\/"},{"@type":"ListItem","position":2,"name":"Saint Fran\u00e7ois-R\u00e9gis Clet"}]},{"@type":"WebSite","@id":"https:\/\/filles-de-la-charite.org\/fr\/#website","url":"https:\/\/filles-de-la-charite.org\/fr\/","name":"Hijas de la Caridad","description":"L\u2019amour de J\u00e9sus nous presse \u00e0 prendre soin des personnes les plus d\u00e9munies","publisher":{"@id":"https:\/\/filles-de-la-charite.org\/fr\/#organization"},"potentialAction":[{"@type":"SearchAction","target":{"@type":"EntryPoint","urlTemplate":"https:\/\/filles-de-la-charite.org\/fr\/?s={search_term_string}"},"query-input":{"@type":"PropertyValueSpecification","valueRequired":true,"valueName":"search_term_string"}}],"inLanguage":"fr-FR"},{"@type":"Organization","@id":"https:\/\/filles-de-la-charite.org\/fr\/#organization","name":"Hijas de la Caridad","url":"https:\/\/filles-de-la-charite.org\/fr\/","logo":{"@type":"ImageObject","inLanguage":"fr-FR","@id":"https:\/\/filles-de-la-charite.org\/fr\/#\/schema\/logo\/image\/","url":"https:\/\/filles-de-la-charite.org\/wp-content\/uploads\/2023\/03\/isotipo-Hijas-de-la-Caridad.png","contentUrl":"https:\/\/filles-de-la-charite.org\/wp-content\/uploads\/2023\/03\/isotipo-Hijas-de-la-Caridad.png","width":1417,"height":1417,"caption":"Hijas de la Caridad"},"image":{"@id":"https:\/\/filles-de-la-charite.org\/fr\/#\/schema\/logo\/image\/"}}]}},"_links":{"self":[{"href":"https:\/\/filles-de-la-charite.org\/fr\/wp-json\/wp\/v2\/familia\/3918","targetHints":{"allow":["GET"]}}],"collection":[{"href":"https:\/\/filles-de-la-charite.org\/fr\/wp-json\/wp\/v2\/familia"}],"about":[{"href":"https:\/\/filles-de-la-charite.org\/fr\/wp-json\/wp\/v2\/types\/familia"}],"wp:featuredmedia":[{"embeddable":true,"href":"https:\/\/filles-de-la-charite.org\/fr\/wp-json\/wp\/v2\/media\/1067"}],"wp:attachment":[{"href":"https:\/\/filles-de-la-charite.org\/fr\/wp-json\/wp\/v2\/media?parent=3918"}],"wp:term":[{"taxonomy":"origen","embeddable":true,"href":"https:\/\/filles-de-la-charite.org\/fr\/wp-json\/wp\/v2\/origen?post=3918"}],"curies":[{"name":"wp","href":"https:\/\/api.w.org\/{rel}","templated":true}]}}