{"id":3925,"date":"2020-10-21T15:26:32","date_gmt":"2020-10-21T13:26:32","guid":{"rendered":"https:\/\/hijascaridad.sjdigitaldemo.ovh\/familia\/saint-justin-de-jacobis\/"},"modified":"2023-11-27T20:34:47","modified_gmt":"2023-11-27T19:34:47","slug":"saint-justin-de-jacobis","status":"publish","type":"familia","link":"https:\/\/filles-de-la-charite.org\/fr\/famille\/saint-justin-de-jacobis\/","title":{"rendered":"Saint Justin de Jacobis"},"content":{"rendered":"\n<p><strong>Parmi les nombreux fils de  Vincent de Paul, qui furent<\/strong> <strong>exemplaires dans leur vocation et  \u00e9vang\u00e9lisateurs des pauvres, certains ont \u00e9t\u00e9 choisis afin que<\/strong> <strong>nous les  prenions pour mod\u00e8le. Justin de Jacobis \u2013 le grand ap\u00f4tre du peuple  abyssin (connu aujourd\u2019hui par le peuple de l\u2019\u00c9rythr\u00e9e et l\u2019\u00c9thiopie)  est l\u2019un d\u2019entre eux.<\/strong><\/p>\n\n\n\n<figure class=\"wp-block-table am7-tab\"><table><tbody><tr><td><strong>1800, 9 octobre<\/strong><\/td><td>Naissance \u00e0 San Fele, pr\u00e8s de Naples Italie<\/td><\/tr><tr><td><strong>1818, 17 octobre<\/strong><\/td><td>Entr\u00e9e au S\u00e9minaire de la Congr\u00e9gation de la Mission (CM)<\/td><\/tr><tr><td><strong>1824, 12 juin<\/strong><\/td><td>Ordonn\u00e9 pr\u00eatre<\/td><\/tr><tr><td><strong>1839, 24 mai<\/strong><\/td><td>Responsabilit\u00e9 de la mission en Abyssinie et aux alentours<\/td><\/tr><tr><td><strong>1860, 31 juillet<\/strong><\/td><td>Meurt dans le d\u00e9sert<\/td><\/tr><tr><td><strong>1939, 25 juin<\/strong><\/td><td>B\u00e9atification par le Pape Pie XII<\/td><\/tr><tr><td><strong>1975, 26 octobre<\/strong><\/td><td>Canonisation par le Pape Paul VI<\/td><\/tr><tr><td><strong>31 juillet<\/strong><\/td><td>Jour de sa f\u00eate<\/td><\/tr><\/tbody><\/table><\/figure>\n\n\n\n<p>Justin est n\u00e9 \u00e0 San Fele, pr\u00e8s de Naples, le 9 octobre 1800. Il est le septi\u00e8me enfant de Maria Josefa et  Jean-Baptiste de Jacobis, une famille pleine de ressources et habit\u00e9e  d\u2019une foi chr\u00e9tienne profonde.<\/p>\n\n\n\n<p>Justin entre dans la Congr\u00e9gation de la  Mission en 1818 \u00e0 Naples. Sa grande humilit\u00e9 lui fait penser qu\u2019il ne  poss\u00e8de pas les qualit\u00e9s n\u00e9cessaires \u00e0 la pr\u00eatrise, mais ses sup\u00e9rieurs  lui font confiance et il est ordonn\u00e9 pr\u00eatre le 12 juin 1824 \u00e0 la  cath\u00e9drale de Brindisi. Pendant ses premi\u00e8res ann\u00e9es de sacerdoce, sa principale mission est d\u2019organiser des retraites pour les la\u00efcs, les pr\u00eatres et les S\u0153urs. Il participe aussi \u00e0 des missions paroissiales. Il  a \u00e9galement anim\u00e9 diverses activit\u00e9s caritatives pour aider les  pauvres.<\/p>\n\n\n\n<p>Il a accompli toutes les t\u00e2ches qu\u2019on  lui confiait, avec grande humilit\u00e9 et ob\u00e9issance, acceptant de servir dans tous les offices et d'assumer les responsabilit\u00e9s qui lui ont \u00e9t\u00e9 confi\u00e9es au sein de la Congr\u00e9gation de la Mission. Il s\u2019est d\u00e9vou\u00e9 sans compter pendant la grave \u00e9pid\u00e9mie de chol\u00e9ra qui a ravag\u00e9 Naples en 1836. Il a travaill\u00e9 sans cesse pour aider les malades, au p\u00e9ril de sa propre vie.<\/p>\n\n\n\n<p>En 1838, le cardinal Philippe Franzoni,  pr\u00e9fet de la Sacr\u00e9e Congr\u00e9gation pour la Propagation de la Foi, a visit\u00e9  la Maison provinciale des Lazaristes \u00e0 Naples. Il a parl\u00e9 au Sup\u00e9rieur,  le P\u00e8re Justin de Jacobis, des besoins \u00e9normes en Abyssinie et de son  d\u00e9sir d\u2019y commencer une mission. Justin, avec l\u2019accord de ses sup\u00e9rieurs, accepte cet appel. La Congr\u00e9gation de la Mission re\u00e7oit la charge de cette mission et, le 24 mai 1839, le P\u00e8re Justin de Jacobis est envoy\u00e9 en Abyssinie comme  pr\u00e9fet apostolique dans cette r\u00e9gion.<\/p>\n\n\n\n<p>Justin de Jacobis se laisse guider par \nla main de la Providence dans sa mission d\u2019\u00e9vang\u00e9lisation. Il est \nprofond\u00e9ment enracin\u00e9 dans l\u2019esprit de la Congr\u00e9gation de la Mission. Il\n a surtout rayonn\u00e9 par l\u2019humilit\u00e9, la douceur, le z\u00e8le et l\u2019endurance \ndans les souffrances et les incompr\u00e9hensions. Le Seigneur a donn\u00e9 \u00e0 \nJustin de Jacobis, un riche aper\u00e7u de la culture du pays et de ses \ntraditions. Il a appris la langue, a v\u00e9cu avec le peuple et a travaill\u00e9 \u00e0\n am\u00e9liorer les bonnes relations au niveau local.<\/p>\n\n\n\n<p>C\u2019est un homme en avance sur son temps  en ce qui concerne l\u2019inculturation&nbsp;: il utilise les traditions et la culture du peuple pour annoncer l\u2019Evangile. Il utilise  les traditions et la culture du peuple. Il \u00e9tait aussi un grand  pr\u00e9curseur du dialogue \u0153cum\u00e9nique entre chr\u00e9tiens coptes et catholiques.<\/p>\n\n\n\n<p>Pendant vingt ans, le P\u00e8re Justin de Jacobis se donne au service de l\u2019Evangile. Il fut un excellent guide et formateur de pr\u00eatres. Il a le m\u00e9rite d\u2019avoir restaur\u00e9 l\u2019Eglise catholique en Abyssinie, malgr\u00e9 les nombreuses souffrances et pers\u00e9cutions dont il fut victime. <\/p>\n\n\n\n<p>Il est mort d\u2019une fi\u00e8vre tropicale au bord d\u2019une route, pr\u00e8s de Halai, dans la vall\u00e9e de Alighede, le 31 juillet 1860.<\/p>\n","protected":false},"featured_media":1088,"template":"","meta":{"_acf_changed":false,"_links_to":"","_links_to_target":""},"origen":[],"class_list":["post-3925","familia","type-familia","status-publish","has-post-thumbnail","hentry"],"acf":[],"yoast_head":"<!-- This site is optimized with the Yoast SEO plugin v27.5 - https:\/\/yoast.com\/product\/yoast-seo-wordpress\/ -->\n<title>Saint Justin de Jacobis - Filles de la Charit\u00e9<\/title>\n<meta name=\"robots\" content=\"index, follow, max-snippet:-1, max-image-preview:large, max-video-preview:-1\" \/>\n<link rel=\"canonical\" href=\"https:\/\/filles-de-la-charite.org\/fr\/famille\/saint-justin-de-jacobis\/\" \/>\n<meta property=\"og:locale\" content=\"fr_FR\" \/>\n<meta property=\"og:type\" content=\"article\" \/>\n<meta property=\"og:title\" content=\"Saint Justin de Jacobis - Filles de la Charit\u00e9\" \/>\n<meta property=\"og:description\" content=\"Parmi les nombreux fils de Vincent de Paul, qui furent exemplaires dans leur vocation et \u00e9vang\u00e9lisateurs des pauvres, certains ont \u00e9t\u00e9 choisis afin que nous les prenions pour mod\u00e8le. Justin de Jacobis \u2013 le grand ap\u00f4tre du peuple abyssin (connu aujourd\u2019hui par le peuple de l\u2019\u00c9rythr\u00e9e et l\u2019\u00c9thiopie) est l\u2019un d\u2019entre eux. 1800, 9 octobre [&hellip;]\" \/>\n<meta property=\"og:url\" content=\"https:\/\/filles-de-la-charite.org\/fr\/famille\/saint-justin-de-jacobis\/\" \/>\n<meta property=\"og:site_name\" content=\"Filles de la Charit\u00e9\" \/>\n<meta property=\"article:modified_time\" content=\"2023-11-27T19:34:47+00:00\" \/>\n<meta property=\"og:image\" content=\"https:\/\/filles-de-la-charite.org\/wp-content\/uploads\/2023\/04\/image1-2.jpg\" \/>\n\t<meta property=\"og:image:width\" content=\"416\" \/>\n\t<meta property=\"og:image:height\" content=\"601\" \/>\n\t<meta property=\"og:image:type\" content=\"image\/jpeg\" \/>\n<meta name=\"twitter:card\" content=\"summary_large_image\" \/>\n<meta name=\"twitter:label1\" content=\"Dur\u00e9e de lecture estim\u00e9e\" \/>\n\t<meta name=\"twitter:data1\" content=\"3 minutes\" \/>\n<script type=\"application\/ld+json\" class=\"yoast-schema-graph\">{\"@context\":\"https:\\\/\\\/schema.org\",\"@graph\":[{\"@type\":\"WebPage\",\"@id\":\"https:\\\/\\\/filles-de-la-charite.org\\\/fr\\\/famille\\\/saint-justin-de-jacobis\\\/\",\"url\":\"https:\\\/\\\/filles-de-la-charite.org\\\/fr\\\/famille\\\/saint-justin-de-jacobis\\\/\",\"name\":\"Saint Justin de Jacobis - Filles de la Charit\u00e9\",\"isPartOf\":{\"@id\":\"https:\\\/\\\/filles-de-la-charite.org\\\/fr\\\/#website\"},\"primaryImageOfPage\":{\"@id\":\"https:\\\/\\\/filles-de-la-charite.org\\\/fr\\\/famille\\\/saint-justin-de-jacobis\\\/#primaryimage\"},\"image\":{\"@id\":\"https:\\\/\\\/filles-de-la-charite.org\\\/fr\\\/famille\\\/saint-justin-de-jacobis\\\/#primaryimage\"},\"thumbnailUrl\":\"https:\\\/\\\/filles-de-la-charite.org\\\/wp-content\\\/uploads\\\/2023\\\/04\\\/image1-2.jpg\",\"datePublished\":\"2020-10-21T13:26:32+00:00\",\"dateModified\":\"2023-11-27T19:34:47+00:00\",\"breadcrumb\":{\"@id\":\"https:\\\/\\\/filles-de-la-charite.org\\\/fr\\\/famille\\\/saint-justin-de-jacobis\\\/#breadcrumb\"},\"inLanguage\":\"fr-FR\",\"potentialAction\":[{\"@type\":\"ReadAction\",\"target\":[\"https:\\\/\\\/filles-de-la-charite.org\\\/fr\\\/famille\\\/saint-justin-de-jacobis\\\/\"]}]},{\"@type\":\"ImageObject\",\"inLanguage\":\"fr-FR\",\"@id\":\"https:\\\/\\\/filles-de-la-charite.org\\\/fr\\\/famille\\\/saint-justin-de-jacobis\\\/#primaryimage\",\"url\":\"https:\\\/\\\/filles-de-la-charite.org\\\/wp-content\\\/uploads\\\/2023\\\/04\\\/image1-2.jpg\",\"contentUrl\":\"https:\\\/\\\/filles-de-la-charite.org\\\/wp-content\\\/uploads\\\/2023\\\/04\\\/image1-2.jpg\",\"width\":416,\"height\":601},{\"@type\":\"BreadcrumbList\",\"@id\":\"https:\\\/\\\/filles-de-la-charite.org\\\/fr\\\/famille\\\/saint-justin-de-jacobis\\\/#breadcrumb\",\"itemListElement\":[{\"@type\":\"ListItem\",\"position\":1,\"name\":\"Notre famille\",\"item\":\"https:\\\/\\\/filles-de-la-charite.org\\\/fr\\\/famille\\\/\"},{\"@type\":\"ListItem\",\"position\":2,\"name\":\"Saint Justin de Jacobis\"}]},{\"@type\":\"WebSite\",\"@id\":\"https:\\\/\\\/filles-de-la-charite.org\\\/fr\\\/#website\",\"url\":\"https:\\\/\\\/filles-de-la-charite.org\\\/fr\\\/\",\"name\":\"Hijas de la Caridad\",\"description\":\"L\u2019amour de J\u00e9sus nous presse \u00e0 prendre soin des personnes les plus d\u00e9munies\",\"publisher\":{\"@id\":\"https:\\\/\\\/filles-de-la-charite.org\\\/fr\\\/#organization\"},\"potentialAction\":[{\"@type\":\"SearchAction\",\"target\":{\"@type\":\"EntryPoint\",\"urlTemplate\":\"https:\\\/\\\/filles-de-la-charite.org\\\/fr\\\/?s={search_term_string}\"},\"query-input\":{\"@type\":\"PropertyValueSpecification\",\"valueRequired\":true,\"valueName\":\"search_term_string\"}}],\"inLanguage\":\"fr-FR\"},{\"@type\":\"Organization\",\"@id\":\"https:\\\/\\\/filles-de-la-charite.org\\\/fr\\\/#organization\",\"name\":\"Hijas de la Caridad\",\"url\":\"https:\\\/\\\/filles-de-la-charite.org\\\/fr\\\/\",\"logo\":{\"@type\":\"ImageObject\",\"inLanguage\":\"fr-FR\",\"@id\":\"https:\\\/\\\/filles-de-la-charite.org\\\/fr\\\/#\\\/schema\\\/logo\\\/image\\\/\",\"url\":\"https:\\\/\\\/filles-de-la-charite.org\\\/wp-content\\\/uploads\\\/2023\\\/03\\\/isotipo-Hijas-de-la-Caridad.png\",\"contentUrl\":\"https:\\\/\\\/filles-de-la-charite.org\\\/wp-content\\\/uploads\\\/2023\\\/03\\\/isotipo-Hijas-de-la-Caridad.png\",\"width\":1417,\"height\":1417,\"caption\":\"Hijas de la Caridad\"},\"image\":{\"@id\":\"https:\\\/\\\/filles-de-la-charite.org\\\/fr\\\/#\\\/schema\\\/logo\\\/image\\\/\"}}]}<\/script>\n<!-- \/ Yoast SEO plugin. -->","yoast_head_json":{"title":"Saint Justin de Jacobis - Filles de la Charit\u00e9","robots":{"index":"index","follow":"follow","max-snippet":"max-snippet:-1","max-image-preview":"max-image-preview:large","max-video-preview":"max-video-preview:-1"},"canonical":"https:\/\/filles-de-la-charite.org\/fr\/famille\/saint-justin-de-jacobis\/","og_locale":"fr_FR","og_type":"article","og_title":"Saint Justin de Jacobis - Filles de la Charit\u00e9","og_description":"Parmi les nombreux fils de Vincent de Paul, qui furent exemplaires dans leur vocation et \u00e9vang\u00e9lisateurs des pauvres, certains ont \u00e9t\u00e9 choisis afin que nous les prenions pour mod\u00e8le. Justin de Jacobis \u2013 le grand ap\u00f4tre du peuple abyssin (connu aujourd\u2019hui par le peuple de l\u2019\u00c9rythr\u00e9e et l\u2019\u00c9thiopie) est l\u2019un d\u2019entre eux. 1800, 9 octobre [&hellip;]","og_url":"https:\/\/filles-de-la-charite.org\/fr\/famille\/saint-justin-de-jacobis\/","og_site_name":"Filles de la Charit\u00e9","article_modified_time":"2023-11-27T19:34:47+00:00","og_image":[{"width":416,"height":601,"url":"https:\/\/filles-de-la-charite.org\/wp-content\/uploads\/2023\/04\/image1-2.jpg","type":"image\/jpeg"}],"twitter_card":"summary_large_image","twitter_misc":{"Dur\u00e9e de lecture estim\u00e9e":"3 minutes"},"schema":{"@context":"https:\/\/schema.org","@graph":[{"@type":"WebPage","@id":"https:\/\/filles-de-la-charite.org\/fr\/famille\/saint-justin-de-jacobis\/","url":"https:\/\/filles-de-la-charite.org\/fr\/famille\/saint-justin-de-jacobis\/","name":"Saint Justin de Jacobis - Filles de la Charit\u00e9","isPartOf":{"@id":"https:\/\/filles-de-la-charite.org\/fr\/#website"},"primaryImageOfPage":{"@id":"https:\/\/filles-de-la-charite.org\/fr\/famille\/saint-justin-de-jacobis\/#primaryimage"},"image":{"@id":"https:\/\/filles-de-la-charite.org\/fr\/famille\/saint-justin-de-jacobis\/#primaryimage"},"thumbnailUrl":"https:\/\/filles-de-la-charite.org\/wp-content\/uploads\/2023\/04\/image1-2.jpg","datePublished":"2020-10-21T13:26:32+00:00","dateModified":"2023-11-27T19:34:47+00:00","breadcrumb":{"@id":"https:\/\/filles-de-la-charite.org\/fr\/famille\/saint-justin-de-jacobis\/#breadcrumb"},"inLanguage":"fr-FR","potentialAction":[{"@type":"ReadAction","target":["https:\/\/filles-de-la-charite.org\/fr\/famille\/saint-justin-de-jacobis\/"]}]},{"@type":"ImageObject","inLanguage":"fr-FR","@id":"https:\/\/filles-de-la-charite.org\/fr\/famille\/saint-justin-de-jacobis\/#primaryimage","url":"https:\/\/filles-de-la-charite.org\/wp-content\/uploads\/2023\/04\/image1-2.jpg","contentUrl":"https:\/\/filles-de-la-charite.org\/wp-content\/uploads\/2023\/04\/image1-2.jpg","width":416,"height":601},{"@type":"BreadcrumbList","@id":"https:\/\/filles-de-la-charite.org\/fr\/famille\/saint-justin-de-jacobis\/#breadcrumb","itemListElement":[{"@type":"ListItem","position":1,"name":"Notre famille","item":"https:\/\/filles-de-la-charite.org\/fr\/famille\/"},{"@type":"ListItem","position":2,"name":"Saint Justin de Jacobis"}]},{"@type":"WebSite","@id":"https:\/\/filles-de-la-charite.org\/fr\/#website","url":"https:\/\/filles-de-la-charite.org\/fr\/","name":"Hijas de la Caridad","description":"L\u2019amour de J\u00e9sus nous presse \u00e0 prendre soin des personnes les plus d\u00e9munies","publisher":{"@id":"https:\/\/filles-de-la-charite.org\/fr\/#organization"},"potentialAction":[{"@type":"SearchAction","target":{"@type":"EntryPoint","urlTemplate":"https:\/\/filles-de-la-charite.org\/fr\/?s={search_term_string}"},"query-input":{"@type":"PropertyValueSpecification","valueRequired":true,"valueName":"search_term_string"}}],"inLanguage":"fr-FR"},{"@type":"Organization","@id":"https:\/\/filles-de-la-charite.org\/fr\/#organization","name":"Hijas de la Caridad","url":"https:\/\/filles-de-la-charite.org\/fr\/","logo":{"@type":"ImageObject","inLanguage":"fr-FR","@id":"https:\/\/filles-de-la-charite.org\/fr\/#\/schema\/logo\/image\/","url":"https:\/\/filles-de-la-charite.org\/wp-content\/uploads\/2023\/03\/isotipo-Hijas-de-la-Caridad.png","contentUrl":"https:\/\/filles-de-la-charite.org\/wp-content\/uploads\/2023\/03\/isotipo-Hijas-de-la-Caridad.png","width":1417,"height":1417,"caption":"Hijas de la Caridad"},"image":{"@id":"https:\/\/filles-de-la-charite.org\/fr\/#\/schema\/logo\/image\/"}}]}},"_links":{"self":[{"href":"https:\/\/filles-de-la-charite.org\/fr\/wp-json\/wp\/v2\/familia\/3925","targetHints":{"allow":["GET"]}}],"collection":[{"href":"https:\/\/filles-de-la-charite.org\/fr\/wp-json\/wp\/v2\/familia"}],"about":[{"href":"https:\/\/filles-de-la-charite.org\/fr\/wp-json\/wp\/v2\/types\/familia"}],"wp:featuredmedia":[{"embeddable":true,"href":"https:\/\/filles-de-la-charite.org\/fr\/wp-json\/wp\/v2\/media\/1088"}],"wp:attachment":[{"href":"https:\/\/filles-de-la-charite.org\/fr\/wp-json\/wp\/v2\/media?parent=3925"}],"wp:term":[{"taxonomy":"origen","embeddable":true,"href":"https:\/\/filles-de-la-charite.org\/fr\/wp-json\/wp\/v2\/origen?post=3925"}],"curies":[{"name":"wp","href":"https:\/\/api.w.org\/{rel}","templated":true}]}}