{"id":3926,"date":"2020-10-21T15:58:37","date_gmt":"2020-10-21T13:58:37","guid":{"rendered":"https:\/\/hijascaridad.sjdigitaldemo.ovh\/familia\/bienheureux-marc-antoine-durando\/"},"modified":"2023-11-18T19:51:48","modified_gmt":"2023-11-18T18:51:48","slug":"bienheureux-marc-antoine-durando","status":"publish","type":"familia","link":"https:\/\/filles-de-la-charite.org\/fr\/famille\/bienheureux-marc-antoine-durando\/","title":{"rendered":"Bienheureux Marc-Antoine Durando"},"content":{"rendered":"\n<p><strong>Le P\u00e8re Durando a r\u00e9alis\u00e9  pleinement sa vocation de Lazariste. Comme Monsieur Vincent, il a laiss\u00e9  \u0153uvrer en lui l\u2019Esprit sanctificateur. En tant que directeur des Filles  de la Charit\u00e9, il a des initiatives courageuses pour son temps\u00a0:  l\u2019envoi des S\u0153urs pour soigner les bless\u00e9s dans la guerre de Crim\u00e9e. Il a  l\u2019audace de fonder une Congr\u00e9gation, d\u00e9di\u00e9e au service des malades \u00e0  domicile, les S\u0153urs Nazar\u00e9ennes.<\/strong><\/p>\n\n\n\n<figure class=\"wp-block-table am7-tab\"><table><tbody><tr><td><strong>1801, 22 mai <\/strong><\/td><td>Naissance \u00e0 Mondov\u00ec (Pi\u00e9mont)<\/td><\/tr><tr><td><strong>1817<\/strong><\/td><td>Entr\u00e9e dans la Congr\u00e9gation de la Mission<\/td><\/tr><tr><td><strong>1824, 12 juin <\/strong><\/td><td>Ordination sacerdotale<\/td><\/tr><tr><td><strong>1831<\/strong><\/td><td>Responsable provincial des Filles de la Charit\u00e9<\/td><\/tr><tr><td><strong>1865, 21 novembre<\/strong><\/td><td>Fondation de la communaut\u00e9 des \u00ab\u00a0Filles de la Passion de J\u00e9sus de Nazareth\u00a0\u00bb<\/td><\/tr><tr><td><strong>1880, 10 d\u00e9cembre<\/strong><\/td><td>Mort \u00e0 Turin<\/td><\/tr><tr><td><strong>2001<\/strong>, 20 octobre<\/td><td>B\u00e9atification par le Pape Jean-Paul II<\/td><\/tr><tr><td><strong>10 d\u00e9cembre<\/strong><\/td><td>Jour de sa f\u00eate<\/td><\/tr><\/tbody><\/table><\/figure>\n\n\n\n<p>Marcantonio (Marc-Antoine) Durando na\u00eet  en 1801 \u00e0 Mondovi (Pi\u00e9mont) dans une famille de notables. Sa m\u00e8re, tr\u00e8s  pieuse, \u00e9l\u00e8ve chr\u00e9tiennement ses enfants, tandis que le p\u00e8re a des id\u00e9es  lib\u00e9rales et des dispositions la\u00efques et agnostiques.<\/p>\n\n\n\n<p>Marc-Antoine, \u00e0 quinze ans, a le d\u00e9sir  d\u2019apporter l\u2019\u00c9vangile dans les terres lointaines. Il entre dans la  Congr\u00e9gation de la Mission et fait ses v\u0153ux perp\u00e9tuels \u00e0 dix-huit ans. Il est  ordonn\u00e9 pr\u00eatre en 1824. Apr\u00e8s avoir pass\u00e9 cinq ans \u00e0 Casale Monferrato,  il part \u00e0 Turin o\u00f9 il r\u00e9side de 1829 jusqu\u2019\u00e0 sa mort. Il aurait voulu  partir comme missionnaire en Chine, mais sa sant\u00e9 d\u00e9licate l\u2019en emp\u00eache.  N\u00e9anmoins, il exprime son z\u00e8le dans les missions populaires. Dans ces  missions, il ne se limite pas \u00e0 la pr\u00e9dication, mais l\u00e0 o\u00f9 il trouve de  graves situations de pauvret\u00e9, il intervient concr\u00e8tement, avec l\u2019accord  de ses confr\u00e8res, \u00e0 l\u2019imitation de saint Vincent, son patron. Il  soutient et diffuse l\u2019\u0153uvre de la Propagation de la Foi. Fuyant les  extr\u00e9mismes du laxisme et du rigorisme jans\u00e9niste, le P\u00e8re Durando  pr\u00eache la mis\u00e9ricorde de Dieu, invitant les populations \u00e0 la conversion.<\/p>\n\n\n\n<p>Il pressent l\u2019utilit\u00e9 d\u2019introduire en  Italie les Filles de la Charit\u00e9. Le P\u00e8re Durando souhaite leur  installation dans le Pi\u00e9mont et le roi Charles-Albert les accueille en  1833, pour qu\u2019elles assument la responsabilit\u00e9 de divers h\u00f4pitaux, militaires ou civils. En 1853, il a le courage de les envoyer sur le  front arri\u00e8re de la guerre de Crim\u00e9e, pour secourir les bless\u00e9s. Au m\u00eame  moment, il diffuse l\u2019association mariale de la M\u00e9daille Miraculeuse  parmi les jeunes. Les vocations \u00e9taient tellement nombreuses, que le roi  Charles-Albert avait mis \u00e0 leur disposition, en 1837, le couvent de San  Salvario \u00e0 Turin.<\/p>\n\n\n\n<p>Compte tenu de l\u2019augmentation du nombre des  Soeurs, le P\u00e8re Durando dote la ville de Turin d\u2019un r\u00e9seau de Centres de  charit\u00e9, appel\u00e9 \u201cles Mis\u00e9ricordes\u201d. Les Soeurs et les Dames de la  Charit\u00e9 partaient pour le service \u00e0 domicile et le secours des pauvres.  Autour des Mis\u00e9ricordes, se forment diverses oeuvres : les premi\u00e8res  \u00e9coles maternelles pour les enfants pauvres, des ateliers pour les  filles, des orphelinats.<\/p>\n\n\n\n<p>Les oeuvres de Dieu sont impr\u00e9visibles.  Le 21 novembre 1865, f\u00eate de la Pr\u00e9sentation de Marie, P\u00e8re Durando  confie \u00e0 la servante de Dieu, Luigia Borgiotti, les premi\u00e8res  postulantes de la nouvelle <em>Compagnie de la Passion de J\u00e9sus Nazar\u00e9en. <\/em>Ce sont des jeunes femmes qui s\u2019\u00e9taient adress\u00e9es \u00e0 lui, d\u00e9sireuses de se consacrer \u00e0 Dieu, mais  priv\u00e9es de quelques qualit\u00e9s canoniques pour entrer dans les communaut\u00e9s  religieuses. Le P\u00e8re Durando d\u00e9c\u00e8de le 10 d\u00e9cembre 1880, \u00e0 l\u2019\u00e2ge de soixante-dix-neuf ans.<\/p>\n","protected":false},"featured_media":1095,"template":"","meta":{"_acf_changed":false,"_links_to":"","_links_to_target":""},"origen":[],"class_list":["post-3926","familia","type-familia","status-publish","has-post-thumbnail","hentry"],"acf":[],"yoast_head":"<!-- This site is optimized with the Yoast SEO plugin v27.5 - https:\/\/yoast.com\/product\/yoast-seo-wordpress\/ -->\n<title>Bienheureux Marc-Antoine Durando - Filles de la Charit\u00e9<\/title>\n<meta name=\"robots\" content=\"index, follow, max-snippet:-1, max-image-preview:large, max-video-preview:-1\" \/>\n<link rel=\"canonical\" href=\"https:\/\/filles-de-la-charite.org\/fr\/famille\/bienheureux-marc-antoine-durando\/\" \/>\n<meta property=\"og:locale\" content=\"fr_FR\" \/>\n<meta property=\"og:type\" content=\"article\" \/>\n<meta property=\"og:title\" content=\"Bienheureux Marc-Antoine Durando - Filles de la Charit\u00e9\" \/>\n<meta property=\"og:description\" content=\"Le P\u00e8re Durando a r\u00e9alis\u00e9 pleinement sa vocation de Lazariste. Comme Monsieur Vincent, il a laiss\u00e9 \u0153uvrer en lui l\u2019Esprit sanctificateur. En tant que directeur des Filles de la Charit\u00e9, il a des initiatives courageuses pour son temps\u00a0: l\u2019envoi des S\u0153urs pour soigner les bless\u00e9s dans la guerre de Crim\u00e9e. Il a l\u2019audace de fonder [&hellip;]\" \/>\n<meta property=\"og:url\" content=\"https:\/\/filles-de-la-charite.org\/fr\/famille\/bienheureux-marc-antoine-durando\/\" \/>\n<meta property=\"og:site_name\" content=\"Filles de la Charit\u00e9\" \/>\n<meta property=\"article:modified_time\" content=\"2023-11-18T18:51:48+00:00\" \/>\n<meta property=\"og:image\" content=\"https:\/\/filles-de-la-charite.org\/wp-content\/uploads\/2023\/04\/Durando-1.jpg\" \/>\n\t<meta property=\"og:image:width\" content=\"250\" \/>\n\t<meta property=\"og:image:height\" content=\"330\" \/>\n\t<meta property=\"og:image:type\" content=\"image\/jpeg\" \/>\n<meta name=\"twitter:card\" content=\"summary_large_image\" \/>\n<meta name=\"twitter:label1\" content=\"Dur\u00e9e de lecture estim\u00e9e\" \/>\n\t<meta name=\"twitter:data1\" content=\"3 minutes\" \/>\n<script type=\"application\/ld+json\" class=\"yoast-schema-graph\">{\"@context\":\"https:\\\/\\\/schema.org\",\"@graph\":[{\"@type\":\"WebPage\",\"@id\":\"https:\\\/\\\/filles-de-la-charite.org\\\/fr\\\/famille\\\/bienheureux-marc-antoine-durando\\\/\",\"url\":\"https:\\\/\\\/filles-de-la-charite.org\\\/fr\\\/famille\\\/bienheureux-marc-antoine-durando\\\/\",\"name\":\"Bienheureux Marc-Antoine Durando - Filles de la Charit\u00e9\",\"isPartOf\":{\"@id\":\"https:\\\/\\\/filles-de-la-charite.org\\\/fr\\\/#website\"},\"primaryImageOfPage\":{\"@id\":\"https:\\\/\\\/filles-de-la-charite.org\\\/fr\\\/famille\\\/bienheureux-marc-antoine-durando\\\/#primaryimage\"},\"image\":{\"@id\":\"https:\\\/\\\/filles-de-la-charite.org\\\/fr\\\/famille\\\/bienheureux-marc-antoine-durando\\\/#primaryimage\"},\"thumbnailUrl\":\"https:\\\/\\\/filles-de-la-charite.org\\\/wp-content\\\/uploads\\\/2023\\\/04\\\/Durando-1.jpg\",\"datePublished\":\"2020-10-21T13:58:37+00:00\",\"dateModified\":\"2023-11-18T18:51:48+00:00\",\"breadcrumb\":{\"@id\":\"https:\\\/\\\/filles-de-la-charite.org\\\/fr\\\/famille\\\/bienheureux-marc-antoine-durando\\\/#breadcrumb\"},\"inLanguage\":\"fr-FR\",\"potentialAction\":[{\"@type\":\"ReadAction\",\"target\":[\"https:\\\/\\\/filles-de-la-charite.org\\\/fr\\\/famille\\\/bienheureux-marc-antoine-durando\\\/\"]}]},{\"@type\":\"ImageObject\",\"inLanguage\":\"fr-FR\",\"@id\":\"https:\\\/\\\/filles-de-la-charite.org\\\/fr\\\/famille\\\/bienheureux-marc-antoine-durando\\\/#primaryimage\",\"url\":\"https:\\\/\\\/filles-de-la-charite.org\\\/wp-content\\\/uploads\\\/2023\\\/04\\\/Durando-1.jpg\",\"contentUrl\":\"https:\\\/\\\/filles-de-la-charite.org\\\/wp-content\\\/uploads\\\/2023\\\/04\\\/Durando-1.jpg\",\"width\":250,\"height\":330},{\"@type\":\"BreadcrumbList\",\"@id\":\"https:\\\/\\\/filles-de-la-charite.org\\\/fr\\\/famille\\\/bienheureux-marc-antoine-durando\\\/#breadcrumb\",\"itemListElement\":[{\"@type\":\"ListItem\",\"position\":1,\"name\":\"Notre famille\",\"item\":\"https:\\\/\\\/filles-de-la-charite.org\\\/fr\\\/famille\\\/\"},{\"@type\":\"ListItem\",\"position\":2,\"name\":\"Bienheureux Marc-Antoine Durando\"}]},{\"@type\":\"WebSite\",\"@id\":\"https:\\\/\\\/filles-de-la-charite.org\\\/fr\\\/#website\",\"url\":\"https:\\\/\\\/filles-de-la-charite.org\\\/fr\\\/\",\"name\":\"Hijas de la Caridad\",\"description\":\"L\u2019amour de J\u00e9sus nous presse \u00e0 prendre soin des personnes les plus d\u00e9munies\",\"publisher\":{\"@id\":\"https:\\\/\\\/filles-de-la-charite.org\\\/fr\\\/#organization\"},\"potentialAction\":[{\"@type\":\"SearchAction\",\"target\":{\"@type\":\"EntryPoint\",\"urlTemplate\":\"https:\\\/\\\/filles-de-la-charite.org\\\/fr\\\/?s={search_term_string}\"},\"query-input\":{\"@type\":\"PropertyValueSpecification\",\"valueRequired\":true,\"valueName\":\"search_term_string\"}}],\"inLanguage\":\"fr-FR\"},{\"@type\":\"Organization\",\"@id\":\"https:\\\/\\\/filles-de-la-charite.org\\\/fr\\\/#organization\",\"name\":\"Hijas de la Caridad\",\"url\":\"https:\\\/\\\/filles-de-la-charite.org\\\/fr\\\/\",\"logo\":{\"@type\":\"ImageObject\",\"inLanguage\":\"fr-FR\",\"@id\":\"https:\\\/\\\/filles-de-la-charite.org\\\/fr\\\/#\\\/schema\\\/logo\\\/image\\\/\",\"url\":\"https:\\\/\\\/filles-de-la-charite.org\\\/wp-content\\\/uploads\\\/2023\\\/03\\\/isotipo-Hijas-de-la-Caridad.png\",\"contentUrl\":\"https:\\\/\\\/filles-de-la-charite.org\\\/wp-content\\\/uploads\\\/2023\\\/03\\\/isotipo-Hijas-de-la-Caridad.png\",\"width\":1417,\"height\":1417,\"caption\":\"Hijas de la Caridad\"},\"image\":{\"@id\":\"https:\\\/\\\/filles-de-la-charite.org\\\/fr\\\/#\\\/schema\\\/logo\\\/image\\\/\"}}]}<\/script>\n<!-- \/ Yoast SEO plugin. -->","yoast_head_json":{"title":"Bienheureux Marc-Antoine Durando - Filles de la Charit\u00e9","robots":{"index":"index","follow":"follow","max-snippet":"max-snippet:-1","max-image-preview":"max-image-preview:large","max-video-preview":"max-video-preview:-1"},"canonical":"https:\/\/filles-de-la-charite.org\/fr\/famille\/bienheureux-marc-antoine-durando\/","og_locale":"fr_FR","og_type":"article","og_title":"Bienheureux Marc-Antoine Durando - Filles de la Charit\u00e9","og_description":"Le P\u00e8re Durando a r\u00e9alis\u00e9 pleinement sa vocation de Lazariste. Comme Monsieur Vincent, il a laiss\u00e9 \u0153uvrer en lui l\u2019Esprit sanctificateur. En tant que directeur des Filles de la Charit\u00e9, il a des initiatives courageuses pour son temps\u00a0: l\u2019envoi des S\u0153urs pour soigner les bless\u00e9s dans la guerre de Crim\u00e9e. Il a l\u2019audace de fonder [&hellip;]","og_url":"https:\/\/filles-de-la-charite.org\/fr\/famille\/bienheureux-marc-antoine-durando\/","og_site_name":"Filles de la Charit\u00e9","article_modified_time":"2023-11-18T18:51:48+00:00","og_image":[{"width":250,"height":330,"url":"https:\/\/filles-de-la-charite.org\/wp-content\/uploads\/2023\/04\/Durando-1.jpg","type":"image\/jpeg"}],"twitter_card":"summary_large_image","twitter_misc":{"Dur\u00e9e de lecture estim\u00e9e":"3 minutes"},"schema":{"@context":"https:\/\/schema.org","@graph":[{"@type":"WebPage","@id":"https:\/\/filles-de-la-charite.org\/fr\/famille\/bienheureux-marc-antoine-durando\/","url":"https:\/\/filles-de-la-charite.org\/fr\/famille\/bienheureux-marc-antoine-durando\/","name":"Bienheureux Marc-Antoine Durando - Filles de la Charit\u00e9","isPartOf":{"@id":"https:\/\/filles-de-la-charite.org\/fr\/#website"},"primaryImageOfPage":{"@id":"https:\/\/filles-de-la-charite.org\/fr\/famille\/bienheureux-marc-antoine-durando\/#primaryimage"},"image":{"@id":"https:\/\/filles-de-la-charite.org\/fr\/famille\/bienheureux-marc-antoine-durando\/#primaryimage"},"thumbnailUrl":"https:\/\/filles-de-la-charite.org\/wp-content\/uploads\/2023\/04\/Durando-1.jpg","datePublished":"2020-10-21T13:58:37+00:00","dateModified":"2023-11-18T18:51:48+00:00","breadcrumb":{"@id":"https:\/\/filles-de-la-charite.org\/fr\/famille\/bienheureux-marc-antoine-durando\/#breadcrumb"},"inLanguage":"fr-FR","potentialAction":[{"@type":"ReadAction","target":["https:\/\/filles-de-la-charite.org\/fr\/famille\/bienheureux-marc-antoine-durando\/"]}]},{"@type":"ImageObject","inLanguage":"fr-FR","@id":"https:\/\/filles-de-la-charite.org\/fr\/famille\/bienheureux-marc-antoine-durando\/#primaryimage","url":"https:\/\/filles-de-la-charite.org\/wp-content\/uploads\/2023\/04\/Durando-1.jpg","contentUrl":"https:\/\/filles-de-la-charite.org\/wp-content\/uploads\/2023\/04\/Durando-1.jpg","width":250,"height":330},{"@type":"BreadcrumbList","@id":"https:\/\/filles-de-la-charite.org\/fr\/famille\/bienheureux-marc-antoine-durando\/#breadcrumb","itemListElement":[{"@type":"ListItem","position":1,"name":"Notre famille","item":"https:\/\/filles-de-la-charite.org\/fr\/famille\/"},{"@type":"ListItem","position":2,"name":"Bienheureux Marc-Antoine Durando"}]},{"@type":"WebSite","@id":"https:\/\/filles-de-la-charite.org\/fr\/#website","url":"https:\/\/filles-de-la-charite.org\/fr\/","name":"Hijas de la Caridad","description":"L\u2019amour de J\u00e9sus nous presse \u00e0 prendre soin des personnes les plus d\u00e9munies","publisher":{"@id":"https:\/\/filles-de-la-charite.org\/fr\/#organization"},"potentialAction":[{"@type":"SearchAction","target":{"@type":"EntryPoint","urlTemplate":"https:\/\/filles-de-la-charite.org\/fr\/?s={search_term_string}"},"query-input":{"@type":"PropertyValueSpecification","valueRequired":true,"valueName":"search_term_string"}}],"inLanguage":"fr-FR"},{"@type":"Organization","@id":"https:\/\/filles-de-la-charite.org\/fr\/#organization","name":"Hijas de la Caridad","url":"https:\/\/filles-de-la-charite.org\/fr\/","logo":{"@type":"ImageObject","inLanguage":"fr-FR","@id":"https:\/\/filles-de-la-charite.org\/fr\/#\/schema\/logo\/image\/","url":"https:\/\/filles-de-la-charite.org\/wp-content\/uploads\/2023\/03\/isotipo-Hijas-de-la-Caridad.png","contentUrl":"https:\/\/filles-de-la-charite.org\/wp-content\/uploads\/2023\/03\/isotipo-Hijas-de-la-Caridad.png","width":1417,"height":1417,"caption":"Hijas de la Caridad"},"image":{"@id":"https:\/\/filles-de-la-charite.org\/fr\/#\/schema\/logo\/image\/"}}]}},"_links":{"self":[{"href":"https:\/\/filles-de-la-charite.org\/fr\/wp-json\/wp\/v2\/familia\/3926","targetHints":{"allow":["GET"]}}],"collection":[{"href":"https:\/\/filles-de-la-charite.org\/fr\/wp-json\/wp\/v2\/familia"}],"about":[{"href":"https:\/\/filles-de-la-charite.org\/fr\/wp-json\/wp\/v2\/types\/familia"}],"wp:featuredmedia":[{"embeddable":true,"href":"https:\/\/filles-de-la-charite.org\/fr\/wp-json\/wp\/v2\/media\/1095"}],"wp:attachment":[{"href":"https:\/\/filles-de-la-charite.org\/fr\/wp-json\/wp\/v2\/media?parent=3926"}],"wp:term":[{"taxonomy":"origen","embeddable":true,"href":"https:\/\/filles-de-la-charite.org\/fr\/wp-json\/wp\/v2\/origen?post=3926"}],"curies":[{"name":"wp","href":"https:\/\/api.w.org\/{rel}","templated":true}]}}