{"id":3927,"date":"2020-10-21T15:17:00","date_gmt":"2020-10-21T13:17:00","guid":{"rendered":"https:\/\/hijascaridad.sjdigitaldemo.ovh\/familia\/saint-jean-gabriel-perboyre\/"},"modified":"2024-02-01T23:17:53","modified_gmt":"2024-02-01T22:17:53","slug":"saint-jean-gabriel-perboyre","status":"publish","type":"familia","link":"https:\/\/filles-de-la-charite.org\/fr\/famille\/saint-jean-gabriel-perboyre\/","title":{"rendered":"Saint Jean-Gabriel Perboyre"},"content":{"rendered":"\n<p><strong><em>\u00ab\u00a0\u2026 demandez premi\u00e8rement ma conversion et ma sanctification et ensuite la gr\u00e2ce de ne pas trop laisser g\u00e2ter son \u0153uvre\u00a0\u00bb \u2013 <\/em>extrait d\u2019une lettre de Jean-Gabriel \u00e0  son fr\u00e8re, responsable de la sacristie \u00e0 St Lazare, Maison-M\u00e8re de la  Congr\u00e9gation de la Mission. C\u2019est le langage d\u2019un homme qu\u2019on appelait <em>\u00ab\u00a0un saint vivant\u00a0\u00bb<\/em> (P. Song). <\/strong><\/p>\n\n\n\n<figure class=\"wp-block-table am7-tab\"><table><tbody><tr><td><strong>1802, 5 janvier <\/strong><\/td><td>Naissance pr\u00e8s de Montgesty, dioc\u00e8se de Cahors<\/td><\/tr><tr><td><strong>1818, 15 d\u00e9cembre <\/strong><\/td><td>Entr\u00e9e dans la Congr\u00e9gation de la Mission<\/td><\/tr><tr><td>1824<\/td><td>Envoy\u00e9 comme professeur au Coll\u00e8ge de Montdidier dans la Somme<\/td><\/tr><tr><td><strong>1826, 23 septembre <\/strong><\/td><td>Ordonn\u00e9 pr\u00eatre, Chapelle des Filles de la Charit\u00e9, rue du Bac<\/td><\/tr><tr><td><strong>1832<\/strong><\/td><td>Appel\u00e9 \u00e0 Paris comme directeur du S\u00e9minaire interne<\/td><\/tr><tr><td><strong>1835, 21 mars <\/strong><\/td><td>D\u00e9part pour la Chine<\/td><\/tr><tr><td><strong>1839, 16 septembre <\/strong><\/td><td>Emprisonn\u00e9<\/td><\/tr><tr><td><strong>1840, 11 septembre <\/strong><\/td><td>Martyris\u00e9<\/td><\/tr><tr><td><strong>1889, 10 novembre <\/strong><\/td><td>B\u00e9atifi\u00e9 par le Pape L\u00e9on XIII<\/td><\/tr><tr><td><strong>2 juin 1996<\/strong><\/td><td>Canonis\u00e9 par le Pape Jean Paul II<\/td><\/tr><tr><td><strong>11 septembre<\/strong><\/td><td>Jour de sa f\u00eate<\/td><\/tr><\/tbody><\/table><\/figure>\n\n\n\n<p>Jean-Gabriel est n\u00e9 \u00e0 Puech, un hameau  dans la paroisse de Montgesty. Il \u00e9tait le premier de huit enfants de  Pierre et de Marie Perboyre. Il a grandi au sein d\u2019une famille tr\u00e8s catholique d\u2019agriculteurs dont la ferme les faisait tous vivre. Le cur\u00e9 de la paroisse, qui appr\u00e9ciait l\u2019intelligence au cat\u00e9chisme de Jean-Gabriel, aimait l\u2019interroger sur les points un peu difficiles, en disant&nbsp;: \u00ab&nbsp;Allons \u00e0 notre petit docteur&nbsp;!&nbsp;\u00bb En famille, Jean-Gabriel  a trouv\u00e9 l\u2019exemple de son oncle Jacques, pr\u00eatre de la Mission, homme de  courage au moment de la R\u00e9volution. De lui, Jean-Gabriel a pu apprendre  comment vivre pour J\u00e9sus-Christ et le servir jusqu\u2019\u00e0 la mort.<\/p>\n\n\n\n<p>En 1816, Jean-Gabriel accompagne son petit fr\u00e8re au S\u00e9minaire de Montauban, il y restera aussi pour continuer ses \u00e9tudes.<\/p>\n\n\n\n<p>En d\u00e9cembre 1818, Jean-Gabriel entre  dans la Congr\u00e9gation de la Mission, il est ordonn\u00e9 pr\u00eatre, en septembre 1826 dans la Chapelle de la Maison-M\u00e8re des Filles de la Charit\u00e9 \u00e0  Paris. Apr\u00e8s son service de professeur de th\u00e9ologie au S\u00e9minaire de  Saint-Flour, il est appel\u00e9 \u00e0 la Maison-M\u00e8re de la Congr\u00e9gation de la  Mission \u00e0 Paris comme Directeur du S\u00e9minaire interne.<\/p>\n\n\n\n<p>L\u2019Epiphanie, l\u2019\u00e9toile au moment de sa  naissance, devait continuer \u00e0 lui montrer des horizons tr\u00e8s lointains. Malgr\u00e9 sa sant\u00e9 fragile, il demande \u00e0 aller en Chine. Il part en mars 1835 sous la protection de Dieu et arrive le 29 ao\u00fbt \u00e0 Macao, porte d\u2019acc\u00e8s aux missions en Chine. Nombreuses seront  ses activit\u00e9s apostoliques \u00e0 Ho-Nan, en d\u00e9pit des dangers et des  pers\u00e9cutions, jusqu\u2019au moment de sa trahison et de son emprisonnement en  septembre 1839.<\/p>\n\n\n\n<p>Apr\u00e8s des mois de souffrance physique et\n morale, de torture longue et terrible, Jean-Gabriel Perboyre donnera \nson dernier t\u00e9moignage le 11 septembre 1840. Il fut pendu \u00e0 une croix et\n \u00e9trangl\u00e9 par une corde.<\/p>\n\n\n\n<p>Au moment de sa mort, \u00ab&nbsp;une croix&nbsp;grande, lumineuse et tr\u00e8s r\u00e9guli\u00e8rement dessin\u00e9e, est apparue dans les cieux&nbsp;\u00bb disent de nombreux t\u00e9moins. Un prodige qui n\u2019est pas sans rappeler le myst\u00e8re de l\u2019Epiphanie et les paroles du proph\u00e8te Daniel (12, 3)&nbsp;: \u00ab&nbsp;Ceux qui ont l\u2019intelligence resplendiront comme la splendeur du firmament, et ceux qui sont des ma\u00eetres de justice pour la multitude brilleront comme les \u00e9toiles pour toujours et \u00e0 jamais.&nbsp;\u00bb<\/p>\n\n\n\n<p>Son corps a \u00e9t\u00e9 transport\u00e9 \u00e0 Saint-Lazare (Maison-M\u00e8re, Paris) vingt ans apr\u00e8s sa mort.<\/p>\n","protected":false},"featured_media":1081,"template":"","meta":{"_acf_changed":false,"_links_to":"","_links_to_target":""},"origen":[],"class_list":["post-3927","familia","type-familia","status-publish","has-post-thumbnail","hentry"],"acf":[],"yoast_head":"<!-- This site is optimized with the Yoast SEO plugin v27.5 - https:\/\/yoast.com\/product\/yoast-seo-wordpress\/ -->\n<title>Saint Jean-Gabriel Perboyre - Filles de la Charit\u00e9<\/title>\n<meta name=\"robots\" content=\"index, follow, max-snippet:-1, max-image-preview:large, max-video-preview:-1\" \/>\n<link rel=\"canonical\" href=\"https:\/\/filles-de-la-charite.org\/fr\/famille\/saint-jean-gabriel-perboyre\/\" \/>\n<meta property=\"og:locale\" content=\"fr_FR\" \/>\n<meta property=\"og:type\" content=\"article\" \/>\n<meta property=\"og:title\" content=\"Saint Jean-Gabriel Perboyre - Filles de la Charit\u00e9\" \/>\n<meta property=\"og:description\" content=\"\u00ab\u00a0\u2026 demandez premi\u00e8rement ma conversion et ma sanctification et ensuite la gr\u00e2ce de ne pas trop laisser g\u00e2ter son \u0153uvre\u00a0\u00bb \u2013 extrait d\u2019une lettre de Jean-Gabriel \u00e0 son fr\u00e8re, responsable de la sacristie \u00e0 St Lazare, Maison-M\u00e8re de la Congr\u00e9gation de la Mission. C\u2019est le langage d\u2019un homme qu\u2019on appelait \u00ab\u00a0un saint vivant\u00a0\u00bb (P. Song). [&hellip;]\" \/>\n<meta property=\"og:url\" content=\"https:\/\/filles-de-la-charite.org\/fr\/famille\/saint-jean-gabriel-perboyre\/\" \/>\n<meta property=\"og:site_name\" content=\"Filles de la Charit\u00e9\" \/>\n<meta property=\"article:modified_time\" content=\"2024-02-01T22:17:53+00:00\" \/>\n<meta property=\"og:image\" content=\"https:\/\/filles-de-la-charite.org\/wp-content\/uploads\/2023\/04\/Perboyre-1.png\" \/>\n\t<meta property=\"og:image:width\" content=\"241\" \/>\n\t<meta property=\"og:image:height\" content=\"383\" \/>\n\t<meta property=\"og:image:type\" content=\"image\/png\" \/>\n<meta name=\"twitter:card\" content=\"summary_large_image\" \/>\n<meta name=\"twitter:label1\" content=\"Dur\u00e9e de lecture estim\u00e9e\" \/>\n\t<meta name=\"twitter:data1\" content=\"3 minutes\" \/>\n<script type=\"application\/ld+json\" class=\"yoast-schema-graph\">{\"@context\":\"https:\\\/\\\/schema.org\",\"@graph\":[{\"@type\":\"WebPage\",\"@id\":\"https:\\\/\\\/filles-de-la-charite.org\\\/fr\\\/famille\\\/saint-jean-gabriel-perboyre\\\/\",\"url\":\"https:\\\/\\\/filles-de-la-charite.org\\\/fr\\\/famille\\\/saint-jean-gabriel-perboyre\\\/\",\"name\":\"Saint Jean-Gabriel Perboyre - Filles de la Charit\u00e9\",\"isPartOf\":{\"@id\":\"https:\\\/\\\/filles-de-la-charite.org\\\/fr\\\/#website\"},\"primaryImageOfPage\":{\"@id\":\"https:\\\/\\\/filles-de-la-charite.org\\\/fr\\\/famille\\\/saint-jean-gabriel-perboyre\\\/#primaryimage\"},\"image\":{\"@id\":\"https:\\\/\\\/filles-de-la-charite.org\\\/fr\\\/famille\\\/saint-jean-gabriel-perboyre\\\/#primaryimage\"},\"thumbnailUrl\":\"https:\\\/\\\/filles-de-la-charite.org\\\/wp-content\\\/uploads\\\/2023\\\/04\\\/Perboyre-1.png\",\"datePublished\":\"2020-10-21T13:17:00+00:00\",\"dateModified\":\"2024-02-01T22:17:53+00:00\",\"breadcrumb\":{\"@id\":\"https:\\\/\\\/filles-de-la-charite.org\\\/fr\\\/famille\\\/saint-jean-gabriel-perboyre\\\/#breadcrumb\"},\"inLanguage\":\"fr-FR\",\"potentialAction\":[{\"@type\":\"ReadAction\",\"target\":[\"https:\\\/\\\/filles-de-la-charite.org\\\/fr\\\/famille\\\/saint-jean-gabriel-perboyre\\\/\"]}]},{\"@type\":\"ImageObject\",\"inLanguage\":\"fr-FR\",\"@id\":\"https:\\\/\\\/filles-de-la-charite.org\\\/fr\\\/famille\\\/saint-jean-gabriel-perboyre\\\/#primaryimage\",\"url\":\"https:\\\/\\\/filles-de-la-charite.org\\\/wp-content\\\/uploads\\\/2023\\\/04\\\/Perboyre-1.png\",\"contentUrl\":\"https:\\\/\\\/filles-de-la-charite.org\\\/wp-content\\\/uploads\\\/2023\\\/04\\\/Perboyre-1.png\",\"width\":241,\"height\":383},{\"@type\":\"BreadcrumbList\",\"@id\":\"https:\\\/\\\/filles-de-la-charite.org\\\/fr\\\/famille\\\/saint-jean-gabriel-perboyre\\\/#breadcrumb\",\"itemListElement\":[{\"@type\":\"ListItem\",\"position\":1,\"name\":\"Notre famille\",\"item\":\"https:\\\/\\\/filles-de-la-charite.org\\\/fr\\\/famille\\\/\"},{\"@type\":\"ListItem\",\"position\":2,\"name\":\"Saint Jean-Gabriel Perboyre\"}]},{\"@type\":\"WebSite\",\"@id\":\"https:\\\/\\\/filles-de-la-charite.org\\\/fr\\\/#website\",\"url\":\"https:\\\/\\\/filles-de-la-charite.org\\\/fr\\\/\",\"name\":\"Hijas de la Caridad\",\"description\":\"L\u2019amour de J\u00e9sus nous presse \u00e0 prendre soin des personnes les plus d\u00e9munies\",\"publisher\":{\"@id\":\"https:\\\/\\\/filles-de-la-charite.org\\\/fr\\\/#organization\"},\"potentialAction\":[{\"@type\":\"SearchAction\",\"target\":{\"@type\":\"EntryPoint\",\"urlTemplate\":\"https:\\\/\\\/filles-de-la-charite.org\\\/fr\\\/?s={search_term_string}\"},\"query-input\":{\"@type\":\"PropertyValueSpecification\",\"valueRequired\":true,\"valueName\":\"search_term_string\"}}],\"inLanguage\":\"fr-FR\"},{\"@type\":\"Organization\",\"@id\":\"https:\\\/\\\/filles-de-la-charite.org\\\/fr\\\/#organization\",\"name\":\"Hijas de la Caridad\",\"url\":\"https:\\\/\\\/filles-de-la-charite.org\\\/fr\\\/\",\"logo\":{\"@type\":\"ImageObject\",\"inLanguage\":\"fr-FR\",\"@id\":\"https:\\\/\\\/filles-de-la-charite.org\\\/fr\\\/#\\\/schema\\\/logo\\\/image\\\/\",\"url\":\"https:\\\/\\\/filles-de-la-charite.org\\\/wp-content\\\/uploads\\\/2023\\\/03\\\/isotipo-Hijas-de-la-Caridad.png\",\"contentUrl\":\"https:\\\/\\\/filles-de-la-charite.org\\\/wp-content\\\/uploads\\\/2023\\\/03\\\/isotipo-Hijas-de-la-Caridad.png\",\"width\":1417,\"height\":1417,\"caption\":\"Hijas de la Caridad\"},\"image\":{\"@id\":\"https:\\\/\\\/filles-de-la-charite.org\\\/fr\\\/#\\\/schema\\\/logo\\\/image\\\/\"}}]}<\/script>\n<!-- \/ Yoast SEO plugin. -->","yoast_head_json":{"title":"Saint Jean-Gabriel Perboyre - Filles de la Charit\u00e9","robots":{"index":"index","follow":"follow","max-snippet":"max-snippet:-1","max-image-preview":"max-image-preview:large","max-video-preview":"max-video-preview:-1"},"canonical":"https:\/\/filles-de-la-charite.org\/fr\/famille\/saint-jean-gabriel-perboyre\/","og_locale":"fr_FR","og_type":"article","og_title":"Saint Jean-Gabriel Perboyre - Filles de la Charit\u00e9","og_description":"\u00ab\u00a0\u2026 demandez premi\u00e8rement ma conversion et ma sanctification et ensuite la gr\u00e2ce de ne pas trop laisser g\u00e2ter son \u0153uvre\u00a0\u00bb \u2013 extrait d\u2019une lettre de Jean-Gabriel \u00e0 son fr\u00e8re, responsable de la sacristie \u00e0 St Lazare, Maison-M\u00e8re de la Congr\u00e9gation de la Mission. C\u2019est le langage d\u2019un homme qu\u2019on appelait \u00ab\u00a0un saint vivant\u00a0\u00bb (P. Song). [&hellip;]","og_url":"https:\/\/filles-de-la-charite.org\/fr\/famille\/saint-jean-gabriel-perboyre\/","og_site_name":"Filles de la Charit\u00e9","article_modified_time":"2024-02-01T22:17:53+00:00","og_image":[{"width":241,"height":383,"url":"https:\/\/filles-de-la-charite.org\/wp-content\/uploads\/2023\/04\/Perboyre-1.png","type":"image\/png"}],"twitter_card":"summary_large_image","twitter_misc":{"Dur\u00e9e de lecture estim\u00e9e":"3 minutes"},"schema":{"@context":"https:\/\/schema.org","@graph":[{"@type":"WebPage","@id":"https:\/\/filles-de-la-charite.org\/fr\/famille\/saint-jean-gabriel-perboyre\/","url":"https:\/\/filles-de-la-charite.org\/fr\/famille\/saint-jean-gabriel-perboyre\/","name":"Saint Jean-Gabriel Perboyre - Filles de la Charit\u00e9","isPartOf":{"@id":"https:\/\/filles-de-la-charite.org\/fr\/#website"},"primaryImageOfPage":{"@id":"https:\/\/filles-de-la-charite.org\/fr\/famille\/saint-jean-gabriel-perboyre\/#primaryimage"},"image":{"@id":"https:\/\/filles-de-la-charite.org\/fr\/famille\/saint-jean-gabriel-perboyre\/#primaryimage"},"thumbnailUrl":"https:\/\/filles-de-la-charite.org\/wp-content\/uploads\/2023\/04\/Perboyre-1.png","datePublished":"2020-10-21T13:17:00+00:00","dateModified":"2024-02-01T22:17:53+00:00","breadcrumb":{"@id":"https:\/\/filles-de-la-charite.org\/fr\/famille\/saint-jean-gabriel-perboyre\/#breadcrumb"},"inLanguage":"fr-FR","potentialAction":[{"@type":"ReadAction","target":["https:\/\/filles-de-la-charite.org\/fr\/famille\/saint-jean-gabriel-perboyre\/"]}]},{"@type":"ImageObject","inLanguage":"fr-FR","@id":"https:\/\/filles-de-la-charite.org\/fr\/famille\/saint-jean-gabriel-perboyre\/#primaryimage","url":"https:\/\/filles-de-la-charite.org\/wp-content\/uploads\/2023\/04\/Perboyre-1.png","contentUrl":"https:\/\/filles-de-la-charite.org\/wp-content\/uploads\/2023\/04\/Perboyre-1.png","width":241,"height":383},{"@type":"BreadcrumbList","@id":"https:\/\/filles-de-la-charite.org\/fr\/famille\/saint-jean-gabriel-perboyre\/#breadcrumb","itemListElement":[{"@type":"ListItem","position":1,"name":"Notre famille","item":"https:\/\/filles-de-la-charite.org\/fr\/famille\/"},{"@type":"ListItem","position":2,"name":"Saint Jean-Gabriel Perboyre"}]},{"@type":"WebSite","@id":"https:\/\/filles-de-la-charite.org\/fr\/#website","url":"https:\/\/filles-de-la-charite.org\/fr\/","name":"Hijas de la Caridad","description":"L\u2019amour de J\u00e9sus nous presse \u00e0 prendre soin des personnes les plus d\u00e9munies","publisher":{"@id":"https:\/\/filles-de-la-charite.org\/fr\/#organization"},"potentialAction":[{"@type":"SearchAction","target":{"@type":"EntryPoint","urlTemplate":"https:\/\/filles-de-la-charite.org\/fr\/?s={search_term_string}"},"query-input":{"@type":"PropertyValueSpecification","valueRequired":true,"valueName":"search_term_string"}}],"inLanguage":"fr-FR"},{"@type":"Organization","@id":"https:\/\/filles-de-la-charite.org\/fr\/#organization","name":"Hijas de la Caridad","url":"https:\/\/filles-de-la-charite.org\/fr\/","logo":{"@type":"ImageObject","inLanguage":"fr-FR","@id":"https:\/\/filles-de-la-charite.org\/fr\/#\/schema\/logo\/image\/","url":"https:\/\/filles-de-la-charite.org\/wp-content\/uploads\/2023\/03\/isotipo-Hijas-de-la-Caridad.png","contentUrl":"https:\/\/filles-de-la-charite.org\/wp-content\/uploads\/2023\/03\/isotipo-Hijas-de-la-Caridad.png","width":1417,"height":1417,"caption":"Hijas de la Caridad"},"image":{"@id":"https:\/\/filles-de-la-charite.org\/fr\/#\/schema\/logo\/image\/"}}]}},"_links":{"self":[{"href":"https:\/\/filles-de-la-charite.org\/fr\/wp-json\/wp\/v2\/familia\/3927","targetHints":{"allow":["GET"]}}],"collection":[{"href":"https:\/\/filles-de-la-charite.org\/fr\/wp-json\/wp\/v2\/familia"}],"about":[{"href":"https:\/\/filles-de-la-charite.org\/fr\/wp-json\/wp\/v2\/types\/familia"}],"wp:featuredmedia":[{"embeddable":true,"href":"https:\/\/filles-de-la-charite.org\/fr\/wp-json\/wp\/v2\/media\/1081"}],"wp:attachment":[{"href":"https:\/\/filles-de-la-charite.org\/fr\/wp-json\/wp\/v2\/media?parent=3927"}],"wp:term":[{"taxonomy":"origen","embeddable":true,"href":"https:\/\/filles-de-la-charite.org\/fr\/wp-json\/wp\/v2\/origen?post=3927"}],"curies":[{"name":"wp","href":"https:\/\/api.w.org\/{rel}","templated":true}]}}