{"id":3934,"date":"2020-10-21T09:52:18","date_gmt":"2020-10-21T07:52:18","guid":{"rendered":"https:\/\/hijascaridad.sjdigitaldemo.ovh\/familia\/bienheureuse-giuseppina-nicoli\/"},"modified":"2024-02-01T22:45:27","modified_gmt":"2024-02-01T21:45:27","slug":"bienheureuse-giuseppina-nicoli","status":"publish","type":"familia","link":"https:\/\/filles-de-la-charite.org\/fr\/famille\/bienheureuse-giuseppina-nicoli\/","title":{"rendered":"Bienheureuse Giuseppina Nicoli"},"content":{"rendered":"\n<p><strong>La charit\u00e9 fut la r\u00e8gle de sa vie, de ses pens\u00e9es, de ses paroles, de ses actions. Elle vivait dans  l\u2019humilit\u00e9, se plongeait dans l\u2019amour du Christ et p\u00e9n\u00e9trait le myst\u00e8re de la charit\u00e9 v\u00e9cue envers les pauvres comme un acte d\u2019amour envers le Seigneur.<\/strong><\/p>\n\n\n\n<p><strong>\n<\/strong><\/p>\n\n\n\n<figure class=\"wp-block-table\"><table><tbody><tr><td><strong>1863, 18 novembre <\/strong><\/td><td><strong>N<\/strong>aissance<\/td><\/tr><tr><td><strong>1884<\/strong><\/td><td>Entr\u00e9e dans la Compagnie des Filles de la Charit\u00e9<\/td><\/tr><tr><td><strong>1885, 1er janvier <\/strong><\/td><td>Arriv\u00e9e \u00e0 Cagliari<\/td><\/tr><tr><td><strong>1893<\/strong><\/td><td>Malade de la tuberculose<\/td><\/tr><tr><td><strong>1910 <\/strong><\/td><td>Nomm\u00e9e Econome provinciale, puis Directrice du S\u00e9minaire de Turin<\/td><\/tr><tr><td><strong>1914, 7 ao\u00fbt&nbsp;<\/strong><\/td><td>Retour en Sardaigne<\/td><\/tr><tr><td><strong>1924, 31 d\u00e9cembre <\/strong><\/td><td>Mort \u00e0 Cagliari<\/td><\/tr><tr><td><strong>2008, 3 f\u00e9vrier <\/strong><\/td><td>Proclam\u00e9e Bienheureuse par le Pape Benoit XVI \u00e0 Cagliari<\/td><\/tr><tr><td><strong>3 f\u00e9vrier<\/strong><\/td><td>Jour de sa f\u00eate<\/td><\/tr><\/tbody><\/table><\/figure>\n\n\n\n<p>Giuseppina na\u00eet \u00e0 Casatisma (Pavie). Sa  famille est ais\u00e9e : son p\u00e8re est magistrat, sa m\u00e8re fille d\u2019avocat.  Giuseppina est la cinqui\u00e8me d\u2019une famille de dix enfants, elle est aim\u00e9e de tout le monde. A  Pavie, elle obtient le dipl\u00f4me d\u2019institutrice des \u00e9coles et souhaite se  consacrer \u00e0 l\u2019\u00e9ducation des enfants pauvres.<\/p>\n\n\n\n<p>En 1884, \u00e0 Turin elle entre dans la  Compagnie des Filles de la Charit\u00e9. En 1885, apr\u00e8s son s\u00e9minaire, elle  est envoy\u00e9e en Sardaigne et part avec enthousiasme pour Cagliari. Elle a  une sant\u00e9 pr\u00e9caire. A trente ans elle est atteinte de tuberculose  pulmonaire, qui l\u2019affaiblira progressivement. Elle ne s\u2019\u00e9pargne pas.&nbsp;Avec ses compagnes, elle ne cesse d\u2019assister les pauvres.<\/p>\n\n\n\n<p>En 1899, elle est nomm\u00e9e sup\u00e9rieure de  l\u2019Orphelinat de Sassari. Elle redonne de l\u2019\u00e9lan \u00e0 l\u2019association des Enfants de Marie,  r\u00e9unit les Dames de la Charit\u00e9 et les guide dans le service des  pauvres. Elle dynamise l\u2019\u00e9cole du cat\u00e9chisme, qui regroupe environ 800  gar\u00e7ons et filles chaque dimanche, et surtout elle constitue l\u2019Ecole de Religion pour les jeunes filles des \u00e9coles sup\u00e9rieures et universitaires, afin de les pr\u00e9parer \u00e0 \u00eatre de bonnes chr\u00e9tiennes. Elle commence avec  ses compagnes l\u2019assistance aux d\u00e9tenus.<\/p>\n\n\n\n<p>En 1910, non sans souffrances, elle  laisse Sassari pour Turin. Un an et demi apr\u00e8s, elle est choisie comme  Directrice de S\u00e9minaire. De retour \u00e0 Sassari \u00e0 cause de sa sant\u00e9, un calvaire int\u00e9rieur commence pour elle. Des malentendus et des d\u00e9nigrements, de  la part de l\u2019administration de l\u2019Orphelinat, obligent les sup\u00e9rieurs \u00e0 la changer de communaut\u00e9.<\/p>\n\n\n\n<p>Le 7 Ao\u00fbt 1914, La Providence la  conduit&nbsp; ainsi, \u00e0 la derni\u00e8re \u00e9tape de sa vie, \u00e0 l\u2019\u00e9cole maternelle de  la Marina de Cagliari. L\u2019Italie entre en guerre en 1915. Elle d\u00e9couvre la pauvret\u00e9 morale et spirituelle de ces quartiers d\u00e9favoris\u00e9s. Elle s\u2019int\u00e9resse aux jeunes filles qui sont&nbsp; nombreuses \u00e0&nbsp;  travailler dans les manufactures de tabac et les r\u00e9unit gr\u00e2ce \u00e0 l\u2019Oeuvre  des Retraites Spirituelles. Pour rendre visite aux pauvres \u00e0 domicile,  elle cr\u00e9e les \u201cPetites&nbsp; Dames de la Charit\u00e9\u201d. Avec elles, en 1917, elle  ouvre des lieux d\u2019accueil pour r\u00e9pondre aux besoins des nombreux cas  d\u2019enfants d\u00e9nutris, orphelins de guerre ou souffrant de tuberculose.<\/p>\n\n\n\n<p>Mais par-dessus tout, la renomm\u00e9e de  S\u0153ur Nicoli est li\u00e9e aux \u00ab&nbsp;gar\u00e7ons au panier&nbsp;\u00bb, connus en ville pour  leur outil de travail. Il s\u2019agit d\u2019enfants abandonn\u00e9s qui deviennent  pour elle la pr\u00e9occupation la plus obs\u00e9dante. S\u0153ur Nicoli approche ces  gar\u00e7ons avec la d\u00e9licatesse d\u2019une bonne m\u00e8re. Elle les pr\u00e9pare \u00e0 exercer une profession. Elle les instruit dans la foi et \u00e9tablit avec eux un \u00ab&nbsp;accord \u00e9ducatif&nbsp;\u00bb.<\/p>\n\n\n\n<p>En 1924, la derni\u00e8re ann\u00e9e de sa vie, \nelle subit une calomnie qu\u2019elle accepte en silence, jusqu\u2019\u00e0 ce que le \nPr\u00e9sident de l\u2019Administration reconnaisse l\u2019erreur. Sur son lit de mort,\n S\u0153ur Nicoli lui&nbsp; pardonne de tout c\u0153ur. Le 31 D\u00e9cembre 1924, elle meurt\n \u00e0 Cagliari.<\/p>\n","protected":false},"featured_media":990,"template":"","meta":{"_acf_changed":false,"_links_to":"","_links_to_target":""},"origen":[],"class_list":["post-3934","familia","type-familia","status-publish","has-post-thumbnail","hentry"],"acf":[],"yoast_head":"<!-- This site is optimized with the Yoast SEO plugin v27.5 - https:\/\/yoast.com\/product\/yoast-seo-wordpress\/ -->\n<title>Bienheureuse Giuseppina Nicoli - Filles de la Charit\u00e9<\/title>\n<meta name=\"robots\" content=\"index, follow, max-snippet:-1, max-image-preview:large, max-video-preview:-1\" \/>\n<link rel=\"canonical\" href=\"https:\/\/filles-de-la-charite.org\/fr\/famille\/bienheureuse-giuseppina-nicoli\/\" \/>\n<meta property=\"og:locale\" content=\"fr_FR\" \/>\n<meta property=\"og:type\" content=\"article\" \/>\n<meta property=\"og:title\" content=\"Bienheureuse Giuseppina Nicoli - Filles de la Charit\u00e9\" \/>\n<meta property=\"og:description\" content=\"La charit\u00e9 fut la r\u00e8gle de sa vie, de ses pens\u00e9es, de ses paroles, de ses actions. Elle vivait dans l\u2019humilit\u00e9, se plongeait dans l\u2019amour du Christ et p\u00e9n\u00e9trait le myst\u00e8re de la charit\u00e9 v\u00e9cue envers les pauvres comme un acte d\u2019amour envers le Seigneur. 1863, 18 novembre Naissance 1884 Entr\u00e9e dans la Compagnie des [&hellip;]\" \/>\n<meta property=\"og:url\" content=\"https:\/\/filles-de-la-charite.org\/fr\/famille\/bienheureuse-giuseppina-nicoli\/\" \/>\n<meta property=\"og:site_name\" content=\"Filles de la Charit\u00e9\" \/>\n<meta property=\"article:modified_time\" content=\"2024-02-01T21:45:27+00:00\" \/>\n<meta property=\"og:image\" content=\"https:\/\/filles-de-la-charite.org\/wp-content\/uploads\/2023\/04\/Giuseppina-Nicoli-1.png\" \/>\n\t<meta property=\"og:image:width\" content=\"404\" \/>\n\t<meta property=\"og:image:height\" content=\"383\" \/>\n\t<meta property=\"og:image:type\" content=\"image\/png\" \/>\n<meta name=\"twitter:card\" content=\"summary_large_image\" \/>\n<meta name=\"twitter:label1\" content=\"Dur\u00e9e de lecture estim\u00e9e\" \/>\n\t<meta name=\"twitter:data1\" content=\"3 minutes\" \/>\n<script type=\"application\/ld+json\" class=\"yoast-schema-graph\">{\"@context\":\"https:\\\/\\\/schema.org\",\"@graph\":[{\"@type\":\"WebPage\",\"@id\":\"https:\\\/\\\/filles-de-la-charite.org\\\/fr\\\/famille\\\/bienheureuse-giuseppina-nicoli\\\/\",\"url\":\"https:\\\/\\\/filles-de-la-charite.org\\\/fr\\\/famille\\\/bienheureuse-giuseppina-nicoli\\\/\",\"name\":\"Bienheureuse Giuseppina Nicoli - Filles de la Charit\u00e9\",\"isPartOf\":{\"@id\":\"https:\\\/\\\/filles-de-la-charite.org\\\/fr\\\/#website\"},\"primaryImageOfPage\":{\"@id\":\"https:\\\/\\\/filles-de-la-charite.org\\\/fr\\\/famille\\\/bienheureuse-giuseppina-nicoli\\\/#primaryimage\"},\"image\":{\"@id\":\"https:\\\/\\\/filles-de-la-charite.org\\\/fr\\\/famille\\\/bienheureuse-giuseppina-nicoli\\\/#primaryimage\"},\"thumbnailUrl\":\"https:\\\/\\\/filles-de-la-charite.org\\\/wp-content\\\/uploads\\\/2023\\\/04\\\/Giuseppina-Nicoli-1.png\",\"datePublished\":\"2020-10-21T07:52:18+00:00\",\"dateModified\":\"2024-02-01T21:45:27+00:00\",\"breadcrumb\":{\"@id\":\"https:\\\/\\\/filles-de-la-charite.org\\\/fr\\\/famille\\\/bienheureuse-giuseppina-nicoli\\\/#breadcrumb\"},\"inLanguage\":\"fr-FR\",\"potentialAction\":[{\"@type\":\"ReadAction\",\"target\":[\"https:\\\/\\\/filles-de-la-charite.org\\\/fr\\\/famille\\\/bienheureuse-giuseppina-nicoli\\\/\"]}]},{\"@type\":\"ImageObject\",\"inLanguage\":\"fr-FR\",\"@id\":\"https:\\\/\\\/filles-de-la-charite.org\\\/fr\\\/famille\\\/bienheureuse-giuseppina-nicoli\\\/#primaryimage\",\"url\":\"https:\\\/\\\/filles-de-la-charite.org\\\/wp-content\\\/uploads\\\/2023\\\/04\\\/Giuseppina-Nicoli-1.png\",\"contentUrl\":\"https:\\\/\\\/filles-de-la-charite.org\\\/wp-content\\\/uploads\\\/2023\\\/04\\\/Giuseppina-Nicoli-1.png\",\"width\":404,\"height\":383},{\"@type\":\"BreadcrumbList\",\"@id\":\"https:\\\/\\\/filles-de-la-charite.org\\\/fr\\\/famille\\\/bienheureuse-giuseppina-nicoli\\\/#breadcrumb\",\"itemListElement\":[{\"@type\":\"ListItem\",\"position\":1,\"name\":\"Notre famille\",\"item\":\"https:\\\/\\\/filles-de-la-charite.org\\\/fr\\\/famille\\\/\"},{\"@type\":\"ListItem\",\"position\":2,\"name\":\"Bienheureuse Giuseppina Nicoli\"}]},{\"@type\":\"WebSite\",\"@id\":\"https:\\\/\\\/filles-de-la-charite.org\\\/fr\\\/#website\",\"url\":\"https:\\\/\\\/filles-de-la-charite.org\\\/fr\\\/\",\"name\":\"Hijas de la Caridad\",\"description\":\"L\u2019amour de J\u00e9sus nous presse \u00e0 prendre soin des personnes les plus d\u00e9munies\",\"publisher\":{\"@id\":\"https:\\\/\\\/filles-de-la-charite.org\\\/fr\\\/#organization\"},\"potentialAction\":[{\"@type\":\"SearchAction\",\"target\":{\"@type\":\"EntryPoint\",\"urlTemplate\":\"https:\\\/\\\/filles-de-la-charite.org\\\/fr\\\/?s={search_term_string}\"},\"query-input\":{\"@type\":\"PropertyValueSpecification\",\"valueRequired\":true,\"valueName\":\"search_term_string\"}}],\"inLanguage\":\"fr-FR\"},{\"@type\":\"Organization\",\"@id\":\"https:\\\/\\\/filles-de-la-charite.org\\\/fr\\\/#organization\",\"name\":\"Hijas de la Caridad\",\"url\":\"https:\\\/\\\/filles-de-la-charite.org\\\/fr\\\/\",\"logo\":{\"@type\":\"ImageObject\",\"inLanguage\":\"fr-FR\",\"@id\":\"https:\\\/\\\/filles-de-la-charite.org\\\/fr\\\/#\\\/schema\\\/logo\\\/image\\\/\",\"url\":\"https:\\\/\\\/filles-de-la-charite.org\\\/wp-content\\\/uploads\\\/2023\\\/03\\\/isotipo-Hijas-de-la-Caridad.png\",\"contentUrl\":\"https:\\\/\\\/filles-de-la-charite.org\\\/wp-content\\\/uploads\\\/2023\\\/03\\\/isotipo-Hijas-de-la-Caridad.png\",\"width\":1417,\"height\":1417,\"caption\":\"Hijas de la Caridad\"},\"image\":{\"@id\":\"https:\\\/\\\/filles-de-la-charite.org\\\/fr\\\/#\\\/schema\\\/logo\\\/image\\\/\"}}]}<\/script>\n<!-- \/ Yoast SEO plugin. -->","yoast_head_json":{"title":"Bienheureuse Giuseppina Nicoli - Filles de la Charit\u00e9","robots":{"index":"index","follow":"follow","max-snippet":"max-snippet:-1","max-image-preview":"max-image-preview:large","max-video-preview":"max-video-preview:-1"},"canonical":"https:\/\/filles-de-la-charite.org\/fr\/famille\/bienheureuse-giuseppina-nicoli\/","og_locale":"fr_FR","og_type":"article","og_title":"Bienheureuse Giuseppina Nicoli - Filles de la Charit\u00e9","og_description":"La charit\u00e9 fut la r\u00e8gle de sa vie, de ses pens\u00e9es, de ses paroles, de ses actions. Elle vivait dans l\u2019humilit\u00e9, se plongeait dans l\u2019amour du Christ et p\u00e9n\u00e9trait le myst\u00e8re de la charit\u00e9 v\u00e9cue envers les pauvres comme un acte d\u2019amour envers le Seigneur. 1863, 18 novembre Naissance 1884 Entr\u00e9e dans la Compagnie des [&hellip;]","og_url":"https:\/\/filles-de-la-charite.org\/fr\/famille\/bienheureuse-giuseppina-nicoli\/","og_site_name":"Filles de la Charit\u00e9","article_modified_time":"2024-02-01T21:45:27+00:00","og_image":[{"width":404,"height":383,"url":"https:\/\/filles-de-la-charite.org\/wp-content\/uploads\/2023\/04\/Giuseppina-Nicoli-1.png","type":"image\/png"}],"twitter_card":"summary_large_image","twitter_misc":{"Dur\u00e9e de lecture estim\u00e9e":"3 minutes"},"schema":{"@context":"https:\/\/schema.org","@graph":[{"@type":"WebPage","@id":"https:\/\/filles-de-la-charite.org\/fr\/famille\/bienheureuse-giuseppina-nicoli\/","url":"https:\/\/filles-de-la-charite.org\/fr\/famille\/bienheureuse-giuseppina-nicoli\/","name":"Bienheureuse Giuseppina Nicoli - Filles de la Charit\u00e9","isPartOf":{"@id":"https:\/\/filles-de-la-charite.org\/fr\/#website"},"primaryImageOfPage":{"@id":"https:\/\/filles-de-la-charite.org\/fr\/famille\/bienheureuse-giuseppina-nicoli\/#primaryimage"},"image":{"@id":"https:\/\/filles-de-la-charite.org\/fr\/famille\/bienheureuse-giuseppina-nicoli\/#primaryimage"},"thumbnailUrl":"https:\/\/filles-de-la-charite.org\/wp-content\/uploads\/2023\/04\/Giuseppina-Nicoli-1.png","datePublished":"2020-10-21T07:52:18+00:00","dateModified":"2024-02-01T21:45:27+00:00","breadcrumb":{"@id":"https:\/\/filles-de-la-charite.org\/fr\/famille\/bienheureuse-giuseppina-nicoli\/#breadcrumb"},"inLanguage":"fr-FR","potentialAction":[{"@type":"ReadAction","target":["https:\/\/filles-de-la-charite.org\/fr\/famille\/bienheureuse-giuseppina-nicoli\/"]}]},{"@type":"ImageObject","inLanguage":"fr-FR","@id":"https:\/\/filles-de-la-charite.org\/fr\/famille\/bienheureuse-giuseppina-nicoli\/#primaryimage","url":"https:\/\/filles-de-la-charite.org\/wp-content\/uploads\/2023\/04\/Giuseppina-Nicoli-1.png","contentUrl":"https:\/\/filles-de-la-charite.org\/wp-content\/uploads\/2023\/04\/Giuseppina-Nicoli-1.png","width":404,"height":383},{"@type":"BreadcrumbList","@id":"https:\/\/filles-de-la-charite.org\/fr\/famille\/bienheureuse-giuseppina-nicoli\/#breadcrumb","itemListElement":[{"@type":"ListItem","position":1,"name":"Notre famille","item":"https:\/\/filles-de-la-charite.org\/fr\/famille\/"},{"@type":"ListItem","position":2,"name":"Bienheureuse Giuseppina Nicoli"}]},{"@type":"WebSite","@id":"https:\/\/filles-de-la-charite.org\/fr\/#website","url":"https:\/\/filles-de-la-charite.org\/fr\/","name":"Hijas de la Caridad","description":"L\u2019amour de J\u00e9sus nous presse \u00e0 prendre soin des personnes les plus d\u00e9munies","publisher":{"@id":"https:\/\/filles-de-la-charite.org\/fr\/#organization"},"potentialAction":[{"@type":"SearchAction","target":{"@type":"EntryPoint","urlTemplate":"https:\/\/filles-de-la-charite.org\/fr\/?s={search_term_string}"},"query-input":{"@type":"PropertyValueSpecification","valueRequired":true,"valueName":"search_term_string"}}],"inLanguage":"fr-FR"},{"@type":"Organization","@id":"https:\/\/filles-de-la-charite.org\/fr\/#organization","name":"Hijas de la Caridad","url":"https:\/\/filles-de-la-charite.org\/fr\/","logo":{"@type":"ImageObject","inLanguage":"fr-FR","@id":"https:\/\/filles-de-la-charite.org\/fr\/#\/schema\/logo\/image\/","url":"https:\/\/filles-de-la-charite.org\/wp-content\/uploads\/2023\/03\/isotipo-Hijas-de-la-Caridad.png","contentUrl":"https:\/\/filles-de-la-charite.org\/wp-content\/uploads\/2023\/03\/isotipo-Hijas-de-la-Caridad.png","width":1417,"height":1417,"caption":"Hijas de la Caridad"},"image":{"@id":"https:\/\/filles-de-la-charite.org\/fr\/#\/schema\/logo\/image\/"}}]}},"_links":{"self":[{"href":"https:\/\/filles-de-la-charite.org\/fr\/wp-json\/wp\/v2\/familia\/3934","targetHints":{"allow":["GET"]}}],"collection":[{"href":"https:\/\/filles-de-la-charite.org\/fr\/wp-json\/wp\/v2\/familia"}],"about":[{"href":"https:\/\/filles-de-la-charite.org\/fr\/wp-json\/wp\/v2\/types\/familia"}],"wp:featuredmedia":[{"embeddable":true,"href":"https:\/\/filles-de-la-charite.org\/fr\/wp-json\/wp\/v2\/media\/990"}],"wp:attachment":[{"href":"https:\/\/filles-de-la-charite.org\/fr\/wp-json\/wp\/v2\/media?parent=3934"}],"wp:term":[{"taxonomy":"origen","embeddable":true,"href":"https:\/\/filles-de-la-charite.org\/fr\/wp-json\/wp\/v2\/origen?post=3934"}],"curies":[{"name":"wp","href":"https:\/\/api.w.org\/{rel}","templated":true}]}}