{"id":3941,"date":"2020-10-21T14:24:44","date_gmt":"2020-10-21T12:24:44","guid":{"rendered":"https:\/\/hijascaridad.sjdigitaldemo.ovh\/familia\/bienheureuse-rosalie-rendu\/"},"modified":"2023-11-27T20:30:30","modified_gmt":"2023-11-27T19:30:30","slug":"bienheureuse-rosalie-rendu","status":"publish","type":"familia","link":"https:\/\/filles-de-la-charite.org\/fr\/famille\/bienheureuse-rosalie-rendu\/","title":{"rendered":"Bienheureuse Rosalie Rendu"},"content":{"rendered":"\n<p><strong>Jeanne-Marie Rendu (S\u0153ur  Rosalie), fille de Antoine Rendu et Marie-Anne Laracine, est n\u00e9e le 9  Septembre 1786, \u00e0 Confort, dans le canton<\/strong> <strong>de Gex dans le Jura du sud-est  en France, pr\u00e8s de la fronti\u00e8re suisse. Elle a v\u00e9cu toute sa vie en  Fille de la Charit\u00e9, dont cinquante-trois ans dans le quartier Mouffetard, le  quartier le plus pauvre de Paris.<\/strong><\/p>\n\n\n\n<figure class=\"wp-block-table am7-tab\"><table><tbody><tr><td><strong>1786<\/strong><\/td><td>Naissance<\/td><\/tr><tr><td><strong>1802, 25 mai<\/strong><\/td><td>Entre chez les Filles de la Charit\u00e9<\/td><\/tr><tr><td><strong>1803<\/strong><\/td><td>Re\u00e7oit l\u2019habit, est plac\u00e9e dans la maison Saint-Martin<\/td><\/tr><tr><td><strong>1807<\/strong><\/td><td>Prononce ses v\u0153ux pour la premi\u00e8re fois<\/td><\/tr><tr><td><strong>1815<\/strong><\/td><td>Devient Sup\u00e9rieure (S\u0153ur Servante) de la maison Saint-Martin<\/td><\/tr><tr><td><strong>1830<\/strong><\/td><td>R\u00e9volution; placement des postulantes \u00e0 la rue de l\u2019\u00c9p\u00e9e-de-Bois<\/td><\/tr><tr><td><strong>1831<\/strong><\/td><td>Mgr de Qu\u00e9len et les autres membres du clerg\u00e9 se mettent \u00e0 l\u2019abri \u00e0 la rue de l\u2019\u00c9p\u00e9e-de-Bois<\/td><\/tr><tr><td><strong>1833<\/strong><\/td><td>Commence l\u2019encadrement des premiers membres de la Soci\u00e9t\u00e9 de Saint-Vincent-de-Paul<\/td><\/tr><tr><td><strong>1840<\/strong><\/td><td>Travaille avec les Dames de la Charit\u00e9 nouvellement nomm\u00e9es; entreprend les travaux d\u2019expansion de la maison<\/td><\/tr><tr><td><strong>1848<\/strong><\/td><td>R\u00e9volution; la maison est devenue un refuge et un h\u00f4pital de campagne<\/td><\/tr><tr><td><strong>1852<\/strong><\/td><td>D\u00e9cor\u00e9e de la Croix de la L\u00e9gion d\u2019honneur par Napol\u00e9on III<\/td><\/tr><tr><td><strong>1853<\/strong><\/td><td>Sa vue commence \u00e0 baisser et sa sant\u00e9 s\u2019aggrave<\/td><\/tr><tr><td><strong>1856<\/strong><\/td><td>Mort; fun\u00e9railles en pr\u00e9sence d\u2019environ 50 000 personnes de toutes les cat\u00e9gories de la soci\u00e9t\u00e9<\/td><\/tr><tr><td><strong>1974<\/strong><\/td><td>Le proc\u00e8s dioc\u00e9sain de b\u00e9atification s\u2019ouvre \u00e0 Paris<\/td><\/tr><tr><td><strong>2003, 9 novembre<\/strong><\/td><td>B\u00e9atification par le Pape Jean Paul II<\/td><\/tr><tr><td><strong>7 f\u00e9vrier<\/strong><\/td><td>Jour de sa f\u00eate<\/td><\/tr><\/tbody><\/table><\/figure>\n\n\n\n<p>Le 25 mai 1802, S\u0153ur Rosalie est entr\u00e9e  au S\u00e9minaire (noviciat) \u00e0 la Maison-M\u00e8re des Filles de la Charit\u00e9 de  Saint Vincent de Paul, rue du Vieux-Colombier \u00e0 Paris. A cause de son effort  pour se donner pleinement \u00e0 cette nouvelle vie, sa sant\u00e9 s\u2019est  affaiblie, de sorte qu\u2019elle a \u00e9t\u00e9 envoy\u00e9e, apr\u00e8s sa formation, \u00e0 la  maison des Filles de la Charit\u00e9 du quartier Mouffetard, dans l\u2019espoir  que ce placement lui fasse retrouver ses forces.<\/p>\n\n\n\n<p>La soif d\u2019action, de d\u00e9vouement et de \nservice qui br\u00fblait S\u0153ur Rosalie n\u2019aurait pas pu trouver un meilleur \nendroit pour \u00eatre \u00e9tanch\u00e9e. Les maladies, les taudis insalubres et le \nd\u00e9nuement \u00e9taient le lot quotidien des habitants qui luttaient pour \nsurvivre. S\u0153ur Rosalie s\u2019\u00e9panouissait parmi les personnes qui devinrent \nrapidement ses \u00ab&nbsp;bienaim\u00e9s pauvres&nbsp;\u00bb.<\/p>\n\n\n\n<p>Au d\u00e9but, elle a accompagn\u00e9 les Soeurs lors des visites aux malades et aux pauvres dans leurs maisons. Elle a  \u00e9galement enseign\u00e9 le cat\u00e9chisme et la lecture aux petites filles de  l\u2019\u00e9cole libre. S\u0153ur Rosalie \u00e9tait heureuse et, en 1807, elle a fait ses  v\u0153ux pour la premi\u00e8re fois. Ses qualit\u00e9s de d\u00e9vouement, d\u2019autorit\u00e9  naturelle, d\u2019humilit\u00e9, de compassion ainsi que ses capacit\u00e9s d\u2019organisation, se r\u00e9v\u00e8leront bient\u00f4t pleinement. Ainsi, en 1815, elle sera nomm\u00e9e S\u0153ur Servante  (Sup\u00e9rieure locale) de la maison.<\/p>\n\n\n\n<p>En tant que responsable de sa  communaut\u00e9, S\u0153ur Rosalie a re\u00e7u la mission d\u2019accompagner chacune de ses  S\u0153urs, de former les jeunes et d\u2019animer la vie communautaire. Elle  r\u00e9alisait cette mission avec le plus grand soin, en communiquant l\u2019amour  et la joie du service.<\/p>\n\n\n\n<p>Au fil des ann\u00e9es, toujours attentive  aux nouvelles pauvret\u00e9s, elle avait d\u00e9velopp\u00e9 les \u0153uvres de la maison:  une \u00e9cole, la visite \u00e0 domicile des malades, la cr\u00e9ation d\u2019un  dispensaire, d\u2019une cr\u00e8che, d\u2019un accueil de jour pour enfants - trop jeunes pour l\u2019\u00e9cole -, un centre de formation pratique et un centre social  pour les filles plus \u00e2g\u00e9es. Dans le m\u00eame temps, elle a invit\u00e9 d\u2019autres  personnes \u00e0 partager la mission de saint Vincent.<\/p>\n\n\n\n<p>S\u0153ur Rosalie \u00e9tait une \u00ab bonne m\u00e8re pour  tous&nbsp;\u00bb sans distinction de religion, d\u2019opinion politique ou de statut  social. D\u2019une main, elle recevait des riches, de l\u2019autre elle donnait  aux pauvres. Elle a offert aux riches la joie de faire de bonnes  \u0153uvres. Souvent on pouvait la voir au parloir de la maison avec ses  bien-aim\u00e9s les \u201cpauvres\u201d ainsi que les \u00e9v\u00eaques, les pr\u00eatres, les  responsables gouvernementaux, les femmes riches et les \u00e9tudiants  universitaires. Parmi eux se trouvaient Fr\u00e9d\u00e9ric Ozanam et les premiers  membres de la Soci\u00e9t\u00e9 de Saint-Vincent-de-Paul.<\/p>\n\n\n\n<p>Tendrement et avec respect, S\u0153ur  Rosalie et les S\u0153urs de la maison encadraient ces jeunes hommes g\u00e9n\u00e9reux  et les autres \u00e9tudiants. Elle recommandait la patience, l\u2019indulgence et  la courtoisie \u00e0 leur \u00e9gard. \u201cAimez les pauvres, ne les bl\u00e2mez pas trop \u2026  rappelez-vous que les pauvres sont encore plus sensibles \u00e0 votre  comportement qu\u2019\u00e0 votre aide.\u201d Par-dessus tout, elle a montr\u00e9 le chemin  par son exemple :<\/p>\n\n\n\n<p>\u00ab Chaque jour, par tous les temps, S\u0153ur  Rosalie arpentait les rues et ruelles qui escaladaient jusqu\u2019au  Panth\u00e9on, le versant sud de la Montagne de Sainte-Genevi\u00e8ve&nbsp;: rue  Mouffetard, le passage des Patriarches, rue de l\u2019\u00c9p\u00e9e-de-Bois, rue du  Pot de Fer\u2026Son chapelet \u00e0 la main, son lourd panier au bras, elle  pressait le pas car elle savait qu\u2019on l\u2019attendait ! \u00bb<\/p>\n\n\n\n<p>S\u0153ur Rosalie parlait \u00e0 Dieu de cette  famille en d\u00e9tresse parce que le p\u00e8re n\u2019avait plus de travail, de cette  personne \u00e2g\u00e9e qui risquait de mourir seule dans une mansarde : \u00ab Jamais,  je ne fais si bien l\u2019oraison que dans la rue&nbsp;\u00bb, disait-elle.<\/p>\n\n\n\n<p>Sa foi, ferme comme un roc et limpide comme une source, lui r\u00e9v\u00e9lait  J\u00e9sus-Christ en toute circonstance. Sa vie de pri\u00e8re \u00e9tait intense. Comme l\u2019affirme une S\u0153ur, \u00ab elle vivait continuellement en la pr\u00e9sence de  Dieu. Avait-elle une mission difficile \u00e0 remplir et nous \u00e9tions  toujours assur\u00e9es de la voir s\u2019en aller \u00e0 la chapelle ou de la trouver \u00e0  genoux dans son bureau&nbsp;\u00bb.<\/p>\n\n\n\n<p>Avec ses compagnes et son vaste r\u00e9seau  de collaborateurs, elle a inlassablement soign\u00e9, nourri, visit\u00e9, consol\u00e9  et apais\u00e9 les autres! Dou\u00e9e d\u2019une vive sensibilit\u00e9, elle avait eu de  l\u2019empathie pour tous ceux qui souffraient. \u00ab&nbsp;Il y a quelque chose qui  m\u2019\u00e9touffe&nbsp;\u00bb, a-t-elle dit, \u00ab&nbsp;et m\u2019\u00f4te l\u2019app\u00e9tit \u2026 la pens\u00e9e que tant de  familles manquent de pain&nbsp;\u00bb. Pour le service de ses bien-aim\u00e9s, les  pauvres, elle a os\u00e9 tout entreprendre avec intelligence et audace. Rien  ne l\u2019arr\u00eatait si cela leur permettait de sortir de la mis\u00e8re.<\/p>\n\n\n\n<p>S\u0153ur Rosalie ne conteste pas l\u2019ordre \n\u00e9tabli, n\u2019entretient pas la r\u00e9volte&nbsp;: ce n\u2019est pas sa m\u00e9thode. Pour \nlutter contre l\u2019injustice et la pauvret\u00e9, elle \u00e9veillait la conscience \nde ceux qui avaient le pouvoir ou de l\u2019argent, elle a travaill\u00e9 \u00e0 \nl\u2019instruction des enfants et des jeunes des familles pauvres et, pour \nr\u00e9pondre \u00e0 l\u2019urgence, elle pousse au partage&nbsp;: elle \u00aborganise la \ncharit\u00e9&nbsp;\u00bb.<\/p>\n\n\n\n<p>Pendant les ann\u00e9es de la R\u00e9volution, de  1830 \u00e0 1848, S\u0153ur Rosalie et ses S\u0153urs se souciaient du sort des bless\u00e9s  \u2013 des \u00e9meutiers ou des soldats. Les gens qui \u00e9taient en danger ont  trouv\u00e9 refuge dans la maison des S\u0153urs de la rue de l\u2019\u00c9p\u00e9e-de-Bois. Celle-ci est devenue un abri et un h\u00f4pital de campagne.<\/p>\n\n\n\n<p>Les derni\u00e8res ann\u00e9es de la vie de S\u0153ur \nRosalie ont \u00e9t\u00e9 douloureuses, son \u00e9tat de sant\u00e9 s\u2019est aggrav\u00e9 et sa vue a\n diminu\u00e9. Elle n\u2019\u00e9tait plus en mesure de rendre visite aux \u00ab&nbsp;pauvres, \nses bien-aim\u00e9s&nbsp;\u00bb de mani\u00e8re r\u00e9guli\u00e8re. Pourtant, sa r\u00e9putation a \ncontinu\u00e9 de cro\u00eetre.<\/p>\n\n\n\n<p>L\u2019empereur Napol\u00e9on III lui a d\u00e9cern\u00e9  la Croix de la L\u00e9gion d\u2019honneur, un honneur militaire que seulement  quatre femmes ont re\u00e7u jusqu\u2019\u00e0 une \u00e9poque r\u00e9cente.<\/p>\n\n\n\n<p>Elle a exp\u00e9riment\u00e9 dans sa vie de \u00ab \nsimple fille de la Charit\u00e9&nbsp;\u00bb la v\u00e9rit\u00e9 des paroles de Vincent de Paul en\n 1660, \u00ab&nbsp;\u2026C\u2019est certainement un grand secret de la vie spirituelle \nd\u2019abandonner tout ce que nous aimons \u00e0 Dieu, en nous abandonnant \u00e0 tout \nce qu\u2019il voudra. Priez pour moi&nbsp;\u00bb.<\/p>\n\n\n\n<p>Et ce sera cette simple Fille la Charit\u00e9  qui sera honor\u00e9e lors de ses fun\u00e9railles, le 9 f\u00e9vrier 1856. Elle a \u00e9t\u00e9  suivie par environ 50&nbsp;000 personnes de toutes les cat\u00e9gories de la  soci\u00e9t\u00e9 et de toute tendance politique et confession religieuse. Depuis  ce jour, des fleurs d\u00e9corent toujours sa tombe au Cimeti\u00e8re du Montparnasse \u00e0 Paris.<\/p>\n","protected":false},"featured_media":1046,"template":"","meta":{"_acf_changed":false,"_links_to":"","_links_to_target":""},"origen":[],"class_list":["post-3941","familia","type-familia","status-publish","has-post-thumbnail","hentry"],"acf":[],"yoast_head":"<!-- This site is optimized with the Yoast SEO plugin v27.5 - https:\/\/yoast.com\/product\/yoast-seo-wordpress\/ -->\n<title>Bienheureuse Rosalie Rendu - Filles de la Charit\u00e9<\/title>\n<meta name=\"robots\" content=\"index, follow, max-snippet:-1, max-image-preview:large, max-video-preview:-1\" \/>\n<link rel=\"canonical\" href=\"https:\/\/filles-de-la-charite.org\/fr\/famille\/bienheureuse-rosalie-rendu\/\" \/>\n<meta property=\"og:locale\" content=\"fr_FR\" \/>\n<meta property=\"og:type\" content=\"article\" \/>\n<meta property=\"og:title\" content=\"Bienheureuse Rosalie Rendu - Filles de la Charit\u00e9\" \/>\n<meta property=\"og:description\" content=\"Jeanne-Marie Rendu (S\u0153ur Rosalie), fille de Antoine Rendu et Marie-Anne Laracine, est n\u00e9e le 9 Septembre 1786, \u00e0 Confort, dans le canton de Gex dans le Jura du sud-est en France, pr\u00e8s de la fronti\u00e8re suisse. Elle a v\u00e9cu toute sa vie en Fille de la Charit\u00e9, dont cinquante-trois ans dans le quartier Mouffetard, le [&hellip;]\" \/>\n<meta property=\"og:url\" content=\"https:\/\/filles-de-la-charite.org\/fr\/famille\/bienheureuse-rosalie-rendu\/\" \/>\n<meta property=\"og:site_name\" content=\"Filles de la Charit\u00e9\" \/>\n<meta property=\"article:modified_time\" content=\"2023-11-27T19:30:30+00:00\" \/>\n<meta property=\"og:image\" content=\"https:\/\/filles-de-la-charite.org\/wp-content\/uploads\/2023\/04\/Rosalie-Rendu-1.png\" \/>\n\t<meta property=\"og:image:width\" content=\"287\" \/>\n\t<meta property=\"og:image:height\" content=\"414\" \/>\n\t<meta property=\"og:image:type\" content=\"image\/png\" \/>\n<meta name=\"twitter:card\" content=\"summary_large_image\" \/>\n<meta name=\"twitter:label1\" content=\"Dur\u00e9e de lecture estim\u00e9e\" \/>\n\t<meta name=\"twitter:data1\" content=\"7 minutes\" \/>\n<script type=\"application\/ld+json\" class=\"yoast-schema-graph\">{\"@context\":\"https:\\\/\\\/schema.org\",\"@graph\":[{\"@type\":\"WebPage\",\"@id\":\"https:\\\/\\\/filles-de-la-charite.org\\\/fr\\\/famille\\\/bienheureuse-rosalie-rendu\\\/\",\"url\":\"https:\\\/\\\/filles-de-la-charite.org\\\/fr\\\/famille\\\/bienheureuse-rosalie-rendu\\\/\",\"name\":\"Bienheureuse Rosalie Rendu - Filles de la Charit\u00e9\",\"isPartOf\":{\"@id\":\"https:\\\/\\\/filles-de-la-charite.org\\\/fr\\\/#website\"},\"primaryImageOfPage\":{\"@id\":\"https:\\\/\\\/filles-de-la-charite.org\\\/fr\\\/famille\\\/bienheureuse-rosalie-rendu\\\/#primaryimage\"},\"image\":{\"@id\":\"https:\\\/\\\/filles-de-la-charite.org\\\/fr\\\/famille\\\/bienheureuse-rosalie-rendu\\\/#primaryimage\"},\"thumbnailUrl\":\"https:\\\/\\\/filles-de-la-charite.org\\\/wp-content\\\/uploads\\\/2023\\\/04\\\/Rosalie-Rendu-1.png\",\"datePublished\":\"2020-10-21T12:24:44+00:00\",\"dateModified\":\"2023-11-27T19:30:30+00:00\",\"breadcrumb\":{\"@id\":\"https:\\\/\\\/filles-de-la-charite.org\\\/fr\\\/famille\\\/bienheureuse-rosalie-rendu\\\/#breadcrumb\"},\"inLanguage\":\"fr-FR\",\"potentialAction\":[{\"@type\":\"ReadAction\",\"target\":[\"https:\\\/\\\/filles-de-la-charite.org\\\/fr\\\/famille\\\/bienheureuse-rosalie-rendu\\\/\"]}]},{\"@type\":\"ImageObject\",\"inLanguage\":\"fr-FR\",\"@id\":\"https:\\\/\\\/filles-de-la-charite.org\\\/fr\\\/famille\\\/bienheureuse-rosalie-rendu\\\/#primaryimage\",\"url\":\"https:\\\/\\\/filles-de-la-charite.org\\\/wp-content\\\/uploads\\\/2023\\\/04\\\/Rosalie-Rendu-1.png\",\"contentUrl\":\"https:\\\/\\\/filles-de-la-charite.org\\\/wp-content\\\/uploads\\\/2023\\\/04\\\/Rosalie-Rendu-1.png\",\"width\":287,\"height\":414},{\"@type\":\"BreadcrumbList\",\"@id\":\"https:\\\/\\\/filles-de-la-charite.org\\\/fr\\\/famille\\\/bienheureuse-rosalie-rendu\\\/#breadcrumb\",\"itemListElement\":[{\"@type\":\"ListItem\",\"position\":1,\"name\":\"Notre famille\",\"item\":\"https:\\\/\\\/filles-de-la-charite.org\\\/fr\\\/famille\\\/\"},{\"@type\":\"ListItem\",\"position\":2,\"name\":\"Bienheureuse Rosalie Rendu\"}]},{\"@type\":\"WebSite\",\"@id\":\"https:\\\/\\\/filles-de-la-charite.org\\\/fr\\\/#website\",\"url\":\"https:\\\/\\\/filles-de-la-charite.org\\\/fr\\\/\",\"name\":\"Hijas de la Caridad\",\"description\":\"L\u2019amour de J\u00e9sus nous presse \u00e0 prendre soin des personnes les plus d\u00e9munies\",\"publisher\":{\"@id\":\"https:\\\/\\\/filles-de-la-charite.org\\\/fr\\\/#organization\"},\"potentialAction\":[{\"@type\":\"SearchAction\",\"target\":{\"@type\":\"EntryPoint\",\"urlTemplate\":\"https:\\\/\\\/filles-de-la-charite.org\\\/fr\\\/?s={search_term_string}\"},\"query-input\":{\"@type\":\"PropertyValueSpecification\",\"valueRequired\":true,\"valueName\":\"search_term_string\"}}],\"inLanguage\":\"fr-FR\"},{\"@type\":\"Organization\",\"@id\":\"https:\\\/\\\/filles-de-la-charite.org\\\/fr\\\/#organization\",\"name\":\"Hijas de la Caridad\",\"url\":\"https:\\\/\\\/filles-de-la-charite.org\\\/fr\\\/\",\"logo\":{\"@type\":\"ImageObject\",\"inLanguage\":\"fr-FR\",\"@id\":\"https:\\\/\\\/filles-de-la-charite.org\\\/fr\\\/#\\\/schema\\\/logo\\\/image\\\/\",\"url\":\"https:\\\/\\\/filles-de-la-charite.org\\\/wp-content\\\/uploads\\\/2023\\\/03\\\/isotipo-Hijas-de-la-Caridad.png\",\"contentUrl\":\"https:\\\/\\\/filles-de-la-charite.org\\\/wp-content\\\/uploads\\\/2023\\\/03\\\/isotipo-Hijas-de-la-Caridad.png\",\"width\":1417,\"height\":1417,\"caption\":\"Hijas de la Caridad\"},\"image\":{\"@id\":\"https:\\\/\\\/filles-de-la-charite.org\\\/fr\\\/#\\\/schema\\\/logo\\\/image\\\/\"}}]}<\/script>\n<!-- \/ Yoast SEO plugin. -->","yoast_head_json":{"title":"Bienheureuse Rosalie Rendu - Filles de la Charit\u00e9","robots":{"index":"index","follow":"follow","max-snippet":"max-snippet:-1","max-image-preview":"max-image-preview:large","max-video-preview":"max-video-preview:-1"},"canonical":"https:\/\/filles-de-la-charite.org\/fr\/famille\/bienheureuse-rosalie-rendu\/","og_locale":"fr_FR","og_type":"article","og_title":"Bienheureuse Rosalie Rendu - Filles de la Charit\u00e9","og_description":"Jeanne-Marie Rendu (S\u0153ur Rosalie), fille de Antoine Rendu et Marie-Anne Laracine, est n\u00e9e le 9 Septembre 1786, \u00e0 Confort, dans le canton de Gex dans le Jura du sud-est en France, pr\u00e8s de la fronti\u00e8re suisse. Elle a v\u00e9cu toute sa vie en Fille de la Charit\u00e9, dont cinquante-trois ans dans le quartier Mouffetard, le [&hellip;]","og_url":"https:\/\/filles-de-la-charite.org\/fr\/famille\/bienheureuse-rosalie-rendu\/","og_site_name":"Filles de la Charit\u00e9","article_modified_time":"2023-11-27T19:30:30+00:00","og_image":[{"width":287,"height":414,"url":"https:\/\/filles-de-la-charite.org\/wp-content\/uploads\/2023\/04\/Rosalie-Rendu-1.png","type":"image\/png"}],"twitter_card":"summary_large_image","twitter_misc":{"Dur\u00e9e de lecture estim\u00e9e":"7 minutes"},"schema":{"@context":"https:\/\/schema.org","@graph":[{"@type":"WebPage","@id":"https:\/\/filles-de-la-charite.org\/fr\/famille\/bienheureuse-rosalie-rendu\/","url":"https:\/\/filles-de-la-charite.org\/fr\/famille\/bienheureuse-rosalie-rendu\/","name":"Bienheureuse Rosalie Rendu - Filles de la Charit\u00e9","isPartOf":{"@id":"https:\/\/filles-de-la-charite.org\/fr\/#website"},"primaryImageOfPage":{"@id":"https:\/\/filles-de-la-charite.org\/fr\/famille\/bienheureuse-rosalie-rendu\/#primaryimage"},"image":{"@id":"https:\/\/filles-de-la-charite.org\/fr\/famille\/bienheureuse-rosalie-rendu\/#primaryimage"},"thumbnailUrl":"https:\/\/filles-de-la-charite.org\/wp-content\/uploads\/2023\/04\/Rosalie-Rendu-1.png","datePublished":"2020-10-21T12:24:44+00:00","dateModified":"2023-11-27T19:30:30+00:00","breadcrumb":{"@id":"https:\/\/filles-de-la-charite.org\/fr\/famille\/bienheureuse-rosalie-rendu\/#breadcrumb"},"inLanguage":"fr-FR","potentialAction":[{"@type":"ReadAction","target":["https:\/\/filles-de-la-charite.org\/fr\/famille\/bienheureuse-rosalie-rendu\/"]}]},{"@type":"ImageObject","inLanguage":"fr-FR","@id":"https:\/\/filles-de-la-charite.org\/fr\/famille\/bienheureuse-rosalie-rendu\/#primaryimage","url":"https:\/\/filles-de-la-charite.org\/wp-content\/uploads\/2023\/04\/Rosalie-Rendu-1.png","contentUrl":"https:\/\/filles-de-la-charite.org\/wp-content\/uploads\/2023\/04\/Rosalie-Rendu-1.png","width":287,"height":414},{"@type":"BreadcrumbList","@id":"https:\/\/filles-de-la-charite.org\/fr\/famille\/bienheureuse-rosalie-rendu\/#breadcrumb","itemListElement":[{"@type":"ListItem","position":1,"name":"Notre famille","item":"https:\/\/filles-de-la-charite.org\/fr\/famille\/"},{"@type":"ListItem","position":2,"name":"Bienheureuse Rosalie Rendu"}]},{"@type":"WebSite","@id":"https:\/\/filles-de-la-charite.org\/fr\/#website","url":"https:\/\/filles-de-la-charite.org\/fr\/","name":"Hijas de la Caridad","description":"L\u2019amour de J\u00e9sus nous presse \u00e0 prendre soin des personnes les plus d\u00e9munies","publisher":{"@id":"https:\/\/filles-de-la-charite.org\/fr\/#organization"},"potentialAction":[{"@type":"SearchAction","target":{"@type":"EntryPoint","urlTemplate":"https:\/\/filles-de-la-charite.org\/fr\/?s={search_term_string}"},"query-input":{"@type":"PropertyValueSpecification","valueRequired":true,"valueName":"search_term_string"}}],"inLanguage":"fr-FR"},{"@type":"Organization","@id":"https:\/\/filles-de-la-charite.org\/fr\/#organization","name":"Hijas de la Caridad","url":"https:\/\/filles-de-la-charite.org\/fr\/","logo":{"@type":"ImageObject","inLanguage":"fr-FR","@id":"https:\/\/filles-de-la-charite.org\/fr\/#\/schema\/logo\/image\/","url":"https:\/\/filles-de-la-charite.org\/wp-content\/uploads\/2023\/03\/isotipo-Hijas-de-la-Caridad.png","contentUrl":"https:\/\/filles-de-la-charite.org\/wp-content\/uploads\/2023\/03\/isotipo-Hijas-de-la-Caridad.png","width":1417,"height":1417,"caption":"Hijas de la Caridad"},"image":{"@id":"https:\/\/filles-de-la-charite.org\/fr\/#\/schema\/logo\/image\/"}}]}},"_links":{"self":[{"href":"https:\/\/filles-de-la-charite.org\/fr\/wp-json\/wp\/v2\/familia\/3941","targetHints":{"allow":["GET"]}}],"collection":[{"href":"https:\/\/filles-de-la-charite.org\/fr\/wp-json\/wp\/v2\/familia"}],"about":[{"href":"https:\/\/filles-de-la-charite.org\/fr\/wp-json\/wp\/v2\/types\/familia"}],"wp:featuredmedia":[{"embeddable":true,"href":"https:\/\/filles-de-la-charite.org\/fr\/wp-json\/wp\/v2\/media\/1046"}],"wp:attachment":[{"href":"https:\/\/filles-de-la-charite.org\/fr\/wp-json\/wp\/v2\/media?parent=3941"}],"wp:term":[{"taxonomy":"origen","embeddable":true,"href":"https:\/\/filles-de-la-charite.org\/fr\/wp-json\/wp\/v2\/origen?post=3941"}],"curies":[{"name":"wp","href":"https:\/\/api.w.org\/{rel}","templated":true}]}}