{"id":3948,"date":"2020-10-21T11:51:27","date_gmt":"2020-10-21T09:51:27","guid":{"rendered":"https:\/\/hijascaridad.sjdigitaldemo.ovh\/familia\/bienheureuse-lindalva-justo-de-oliveira\/"},"modified":"2023-11-19T15:19:00","modified_gmt":"2023-11-19T14:19:00","slug":"bienheureuse-lindalva-justo-de-oliveira","status":"publish","type":"familia","link":"https:\/\/filles-de-la-charite.org\/fr\/famille\/bienheureuse-lindalva-justo-de-oliveira\/","title":{"rendered":"Bienheureuse Lindalva Justo de Oliveira"},"content":{"rendered":"\n<p><strong>S\u0153ur Lindalva est la premi\u00e8re femme b\u00e9atifi\u00e9e au Br\u00e9sil. Elle \u00e9tait encore une jeune fille de la Charit\u00e9, quatre ans de vocation, quand elle fut martyris\u00e9e. Sa fid\u00e9lit\u00e9 \u00e0 sa vocation et son amour pour tous, sans pr\u00e9f\u00e9rence, \u00e9taient si intenses qu\u2019elle n\u2019a pas h\u00e9sit\u00e9 \u00e0 donner sa vie pour eux.<\/strong><\/p>\n\n\n\n<figure class=\"wp-block-table am7-tab\"><table><tbody><tr><td><strong>1953, 20 octobre <\/strong><\/td><td>Naissance<\/td><\/tr><tr><td>1988, 11 f\u00e9vrier<\/td><td>Entr\u00e9e au postulat<\/td><\/tr><tr><td><strong>1989, 16 juillet <\/strong><\/td><td>Entr\u00e9e au s\u00e9minaire<\/td><\/tr><tr><td><strong>1991, 29 janvier <\/strong><\/td><td>Envoi en mission \u00e0 la R\u00e9sidence Dom Pedro II \u00e0 Salvador<\/td><\/tr><tr><td><strong>1993, 9 avril <\/strong><\/td><td>Martyre<\/td><\/tr><tr><td><strong>2007, 2 d\u00e9cembre <\/strong><\/td><td>B\u00e9atification \u00e0 Salvador Bahia, Br\u00e9sil<\/td><\/tr><tr><td><strong>7 janvier<\/strong><\/td><td>Jour de sa f\u00eate<\/td><\/tr><\/tbody><\/table><\/figure>\n\n\n\n<p>Lindalva est n\u00e9e le 20 octobre 1953 \u00e0 A\u00e7u, ville situ\u00e9e dans le nord de l\u2019Etat du Rio Grande, au Br\u00e9sil. Elle est la sixi\u00e8me d\u2019une famille de 13 enfants. Ses parents, fervents catholiques, ont une foi simple et profonde.<\/p>\n\n\n\n<p>Lindalva re\u00e7oit une \u00e9ducation chr\u00e9tienne ordinaire. Enfant g\u00e9n\u00e9reuse, elle aide souvent sa m\u00e8re \u00e0 la maison. Chaque fois que des conflits \u00e9clatent parmi ses compagnons d\u2019enfance, elle essaie toujours de les r\u00e9gler avec douceur. Attentive \u00e0 la souffrance des autres, elle va rendre visite en ville, aux gens qui sont isol\u00e9s ou pauvres. Parfois, elle leur donne m\u00eame ses propres v\u00eatements, toujours d\u2019une mani\u00e8re sensible et discr\u00e8te. Au fil du temps, elle comprend qu\u2019elle est appel\u00e9e \u00e0 suivre le Christ, en servant des personnes pauvres en t\u00e9moignage de l\u2019amour du P\u00e8re pour eux. Apr\u00e8s avoir termin\u00e9 ses \u00e9tudes d\u2019assistante administrative, elle prend soin de son p\u00e8re \u00e2g\u00e9 et malade. Apr\u00e8s sa mort, elle demande \u00e0 \u00eatre admise dans la Compagnie des Filles de la Charit\u00e9: \u00ab&nbsp;J\u2019ai trente-trois ans, je viens d\u2019une famille simple et honn\u00eate. J\u2019ai ressenti l\u2019appel de Dieu depuis longtemps mais je n\u2019ai pas \u00e9t\u00e9 disponible pour servir le Christ jusqu\u2019\u00e0 pr\u00e9sent. Je suis en bonne sant\u00e9 et je d\u00e9sire aider mon prochain, \u00eatre infatigable pour faire le bien&nbsp;\u00bb.<\/p>\n\n\n\n<p>Le 16 Juillet 1989, Lindalva entre chez les Filles de la Charit\u00e9 dans la province de Recife. Elle est envoy\u00e9e en mission en 1991, \u00e0 la R\u00e9sidence Dom Pedro II \u00e0 Salvador, \u00c9tat de Bahia. Elle est nomm\u00e9e coordinatrice pour les soins des hommes malades et des personnes \u00e2g\u00e9es.<\/p>\n\n\n\n<p>S\u0153ur Lindalva soigne celles-ci avec amour et un c\u0153ur doux et humble : dans un esprit de foi, elle les voit comme ses seigneurs et ma\u00eetres : \u00ab Je demande \u00e0 Dieu de nous donner sa sagesse et sa douceur pour bien servir nos ma\u00eetres, ceux qui sont pauvres&nbsp;\u00bb. Elle comprend sa vocation comme une r\u00e9ponse \u00e0 la volont\u00e9 de Dieu: \u00ab Quand Dieu appelle, personne ne peut se cacher et ignorer cet appel. T\u00f4t ou tard, la volont\u00e9 de Dieu s\u2019accomplit \u00bb. Sa foi s\u2019exprime par une adh\u00e9sion simple et compl\u00e8te aux \u00e9v\u00e8nements de la vie, qu\u2019elle a accueillis comme un don et un appel de Dieu : \u00ab Chaque jour de notre vie devrait \u00eatre un jour de renouveau et de gr\u00e2ces rendues \u00e0 Dieu pour le don de la vie et l\u2019appel \u00e0 suivre son Fils, J\u00e9sus-Christ, en le servant dans les personnes des pauvres \u00bb. Sa g\u00e9n\u00e9rosit\u00e9 de c\u0153ur lui a permis de surmonter les difficult\u00e9s&nbsp;: \u00ab&nbsp;Dans tous les moments de pri\u00e8re, je sens un d\u00e9sir si grand de l\u2019amour de Dieu, qu\u2019un jour, j\u2019y arriverai m\u00eame si ce doit \u00eatre le dernier jour de ma vie.&nbsp;\u00bb Elle sait partager sa foi avec d\u2019autres jeunes et soutenir ses compagnes lorsque les soucis les envahissent : \u00ab Quand nos c\u0153urs sont troubl\u00e9s par des doutes sur notre vocation, nous devons nous donner enti\u00e8rement \u00e0 Dieu&nbsp;\u00bb.<\/p>\n\n\n\n<p>\u00ab Nous viendrons \u00e0 reconna\u00eetre l\u2019amour de Dieu en portant la croix&nbsp;\u00bb. Ces paroles prononc\u00e9es par S\u0153ur Lindalva elle-m\u00eame, ont pris un sens proph\u00e9tique.<\/p>\n\n\n\n<p>Energique, toujours souriante et disponible, S\u0153ur Lindalva rayonne la pr\u00e9sence de Dieu. Elle vit sa vocation comme une servante des pauvres, dans un esprit de justice, inspir\u00e9e par l\u2019amour&nbsp;: elle aime chaque personne, sans favoritisme, ni discrimination.<\/p>\n\n\n\n<p>Le vendredi saint, 9 avril 1993, S\u0153ur Lindalva fait le Chemin de Croix, \u00e0 l\u2019office de l\u2019aube, avec les S\u0153urs de sa communaut\u00e9 et les paroissiens. La Croix est le signe ultime de l\u2019amour donn\u00e9 pour une autre personne&nbsp;: \u00ab \u2026&nbsp;P\u00e8re, pardonne-leur&nbsp;: ils ne savent pas ce qu\u2019ils font\u2026&nbsp;\u00bb (Lc 23, 34)<\/p>\n\n\n\n<p>Quand elle revient \u00e0 la maison, S\u0153ur Lindalva pr\u00e9pare, comme chaque jour, le petit d\u00e9jeuner pour les r\u00e9sidents comme chaque jour. En commen\u00e7ant son travail, elle est brutalement assassin\u00e9e par l\u2019un des pensionnaires de son service, un homme \u00e2g\u00e9 de quarante-six ans, pris de folie car il ne pouvait accepter qu\u2019elle ait repouss\u00e9 ses avances.<\/p>\n\n\n\n<p>Cette Fille de la Charit\u00e9 ne s\u2019attendait certainement pas \u00e0 mourir si jeune. Apr\u00e8s avoir offert sa vie, elle donne aussi un t\u00e9moignage par sa mort&nbsp;: \u00ab&nbsp;Il n\u2019y a pas de plus grand amour que de donner sa vie pour ceux qu\u2019on aime.&nbsp;\u00bb (Jn 15, 13)<\/p>\n\n\n\n<p>Le processus de b\u00e9atification a \u00e9t\u00e9 lanc\u00e9 par l\u2019acclamation populaire. Les gens ont \u00e9t\u00e9 touch\u00e9s par la foi de cette jeune S\u0153ur, son service des pauvres et la fid\u00e9lit\u00e9 \u00e0 son engagement qui a finalement men\u00e9 au martyre. La b\u00e9atification a eu lieu \u00e0 Salvador \u2013 Bahia, au Br\u00e9sil, le 2 d\u00e9cembre 2007, dans un stade immense qui contenait pr\u00e8s de 60&nbsp;000 personnes.<\/p>\n","protected":false},"featured_media":1004,"template":"","meta":{"_acf_changed":false,"_links_to":"","_links_to_target":""},"origen":[],"class_list":["post-3948","familia","type-familia","status-publish","has-post-thumbnail","hentry"],"acf":[],"yoast_head":"<!-- This site is optimized with the Yoast SEO plugin v27.5 - https:\/\/yoast.com\/product\/yoast-seo-wordpress\/ -->\n<title>Bienheureuse Lindalva Justo de Oliveira - Filles de la Charit\u00e9<\/title>\n<meta name=\"robots\" content=\"index, follow, max-snippet:-1, max-image-preview:large, max-video-preview:-1\" \/>\n<link rel=\"canonical\" href=\"https:\/\/filles-de-la-charite.org\/fr\/famille\/bienheureuse-lindalva-justo-de-oliveira\/\" \/>\n<meta property=\"og:locale\" content=\"fr_FR\" \/>\n<meta property=\"og:type\" content=\"article\" \/>\n<meta property=\"og:title\" content=\"Bienheureuse Lindalva Justo de Oliveira - Filles de la Charit\u00e9\" \/>\n<meta property=\"og:description\" content=\"S\u0153ur Lindalva est la premi\u00e8re femme b\u00e9atifi\u00e9e au Br\u00e9sil. Elle \u00e9tait encore une jeune fille de la Charit\u00e9, quatre ans de vocation, quand elle fut martyris\u00e9e. Sa fid\u00e9lit\u00e9 \u00e0 sa vocation et son amour pour tous, sans pr\u00e9f\u00e9rence, \u00e9taient si intenses qu\u2019elle n\u2019a pas h\u00e9sit\u00e9 \u00e0 donner sa vie pour eux. 1953, 20 octobre Naissance [&hellip;]\" \/>\n<meta property=\"og:url\" content=\"https:\/\/filles-de-la-charite.org\/fr\/famille\/bienheureuse-lindalva-justo-de-oliveira\/\" \/>\n<meta property=\"og:site_name\" content=\"Filles de la Charit\u00e9\" \/>\n<meta property=\"article:modified_time\" content=\"2023-11-19T14:19:00+00:00\" \/>\n<meta property=\"og:image\" content=\"https:\/\/filles-de-la-charite.org\/wp-content\/uploads\/2023\/04\/Sr-Lindalva-1.jpg\" \/>\n\t<meta property=\"og:image:width\" content=\"369\" \/>\n\t<meta property=\"og:image:height\" content=\"452\" \/>\n\t<meta property=\"og:image:type\" content=\"image\/jpeg\" \/>\n<meta name=\"twitter:card\" content=\"summary_large_image\" \/>\n<meta name=\"twitter:label1\" content=\"Dur\u00e9e de lecture estim\u00e9e\" \/>\n\t<meta name=\"twitter:data1\" content=\"5 minutes\" \/>\n<script type=\"application\/ld+json\" class=\"yoast-schema-graph\">{\"@context\":\"https:\\\/\\\/schema.org\",\"@graph\":[{\"@type\":\"WebPage\",\"@id\":\"https:\\\/\\\/filles-de-la-charite.org\\\/fr\\\/famille\\\/bienheureuse-lindalva-justo-de-oliveira\\\/\",\"url\":\"https:\\\/\\\/filles-de-la-charite.org\\\/fr\\\/famille\\\/bienheureuse-lindalva-justo-de-oliveira\\\/\",\"name\":\"Bienheureuse Lindalva Justo de Oliveira - Filles de la Charit\u00e9\",\"isPartOf\":{\"@id\":\"https:\\\/\\\/filles-de-la-charite.org\\\/fr\\\/#website\"},\"primaryImageOfPage\":{\"@id\":\"https:\\\/\\\/filles-de-la-charite.org\\\/fr\\\/famille\\\/bienheureuse-lindalva-justo-de-oliveira\\\/#primaryimage\"},\"image\":{\"@id\":\"https:\\\/\\\/filles-de-la-charite.org\\\/fr\\\/famille\\\/bienheureuse-lindalva-justo-de-oliveira\\\/#primaryimage\"},\"thumbnailUrl\":\"https:\\\/\\\/filles-de-la-charite.org\\\/wp-content\\\/uploads\\\/2023\\\/04\\\/Sr-Lindalva-1.jpg\",\"datePublished\":\"2020-10-21T09:51:27+00:00\",\"dateModified\":\"2023-11-19T14:19:00+00:00\",\"breadcrumb\":{\"@id\":\"https:\\\/\\\/filles-de-la-charite.org\\\/fr\\\/famille\\\/bienheureuse-lindalva-justo-de-oliveira\\\/#breadcrumb\"},\"inLanguage\":\"fr-FR\",\"potentialAction\":[{\"@type\":\"ReadAction\",\"target\":[\"https:\\\/\\\/filles-de-la-charite.org\\\/fr\\\/famille\\\/bienheureuse-lindalva-justo-de-oliveira\\\/\"]}]},{\"@type\":\"ImageObject\",\"inLanguage\":\"fr-FR\",\"@id\":\"https:\\\/\\\/filles-de-la-charite.org\\\/fr\\\/famille\\\/bienheureuse-lindalva-justo-de-oliveira\\\/#primaryimage\",\"url\":\"https:\\\/\\\/filles-de-la-charite.org\\\/wp-content\\\/uploads\\\/2023\\\/04\\\/Sr-Lindalva-1.jpg\",\"contentUrl\":\"https:\\\/\\\/filles-de-la-charite.org\\\/wp-content\\\/uploads\\\/2023\\\/04\\\/Sr-Lindalva-1.jpg\",\"width\":369,\"height\":452},{\"@type\":\"BreadcrumbList\",\"@id\":\"https:\\\/\\\/filles-de-la-charite.org\\\/fr\\\/famille\\\/bienheureuse-lindalva-justo-de-oliveira\\\/#breadcrumb\",\"itemListElement\":[{\"@type\":\"ListItem\",\"position\":1,\"name\":\"Notre famille\",\"item\":\"https:\\\/\\\/filles-de-la-charite.org\\\/fr\\\/famille\\\/\"},{\"@type\":\"ListItem\",\"position\":2,\"name\":\"Bienheureuse Lindalva Justo de Oliveira\"}]},{\"@type\":\"WebSite\",\"@id\":\"https:\\\/\\\/filles-de-la-charite.org\\\/fr\\\/#website\",\"url\":\"https:\\\/\\\/filles-de-la-charite.org\\\/fr\\\/\",\"name\":\"Hijas de la Caridad\",\"description\":\"L\u2019amour de J\u00e9sus nous presse \u00e0 prendre soin des personnes les plus d\u00e9munies\",\"publisher\":{\"@id\":\"https:\\\/\\\/filles-de-la-charite.org\\\/fr\\\/#organization\"},\"potentialAction\":[{\"@type\":\"SearchAction\",\"target\":{\"@type\":\"EntryPoint\",\"urlTemplate\":\"https:\\\/\\\/filles-de-la-charite.org\\\/fr\\\/?s={search_term_string}\"},\"query-input\":{\"@type\":\"PropertyValueSpecification\",\"valueRequired\":true,\"valueName\":\"search_term_string\"}}],\"inLanguage\":\"fr-FR\"},{\"@type\":\"Organization\",\"@id\":\"https:\\\/\\\/filles-de-la-charite.org\\\/fr\\\/#organization\",\"name\":\"Hijas de la Caridad\",\"url\":\"https:\\\/\\\/filles-de-la-charite.org\\\/fr\\\/\",\"logo\":{\"@type\":\"ImageObject\",\"inLanguage\":\"fr-FR\",\"@id\":\"https:\\\/\\\/filles-de-la-charite.org\\\/fr\\\/#\\\/schema\\\/logo\\\/image\\\/\",\"url\":\"https:\\\/\\\/filles-de-la-charite.org\\\/wp-content\\\/uploads\\\/2023\\\/03\\\/isotipo-Hijas-de-la-Caridad.png\",\"contentUrl\":\"https:\\\/\\\/filles-de-la-charite.org\\\/wp-content\\\/uploads\\\/2023\\\/03\\\/isotipo-Hijas-de-la-Caridad.png\",\"width\":1417,\"height\":1417,\"caption\":\"Hijas de la Caridad\"},\"image\":{\"@id\":\"https:\\\/\\\/filles-de-la-charite.org\\\/fr\\\/#\\\/schema\\\/logo\\\/image\\\/\"}}]}<\/script>\n<!-- \/ Yoast SEO plugin. -->","yoast_head_json":{"title":"Bienheureuse Lindalva Justo de Oliveira - Filles de la Charit\u00e9","robots":{"index":"index","follow":"follow","max-snippet":"max-snippet:-1","max-image-preview":"max-image-preview:large","max-video-preview":"max-video-preview:-1"},"canonical":"https:\/\/filles-de-la-charite.org\/fr\/famille\/bienheureuse-lindalva-justo-de-oliveira\/","og_locale":"fr_FR","og_type":"article","og_title":"Bienheureuse Lindalva Justo de Oliveira - Filles de la Charit\u00e9","og_description":"S\u0153ur Lindalva est la premi\u00e8re femme b\u00e9atifi\u00e9e au Br\u00e9sil. Elle \u00e9tait encore une jeune fille de la Charit\u00e9, quatre ans de vocation, quand elle fut martyris\u00e9e. Sa fid\u00e9lit\u00e9 \u00e0 sa vocation et son amour pour tous, sans pr\u00e9f\u00e9rence, \u00e9taient si intenses qu\u2019elle n\u2019a pas h\u00e9sit\u00e9 \u00e0 donner sa vie pour eux. 1953, 20 octobre Naissance [&hellip;]","og_url":"https:\/\/filles-de-la-charite.org\/fr\/famille\/bienheureuse-lindalva-justo-de-oliveira\/","og_site_name":"Filles de la Charit\u00e9","article_modified_time":"2023-11-19T14:19:00+00:00","og_image":[{"width":369,"height":452,"url":"https:\/\/filles-de-la-charite.org\/wp-content\/uploads\/2023\/04\/Sr-Lindalva-1.jpg","type":"image\/jpeg"}],"twitter_card":"summary_large_image","twitter_misc":{"Dur\u00e9e de lecture estim\u00e9e":"5 minutes"},"schema":{"@context":"https:\/\/schema.org","@graph":[{"@type":"WebPage","@id":"https:\/\/filles-de-la-charite.org\/fr\/famille\/bienheureuse-lindalva-justo-de-oliveira\/","url":"https:\/\/filles-de-la-charite.org\/fr\/famille\/bienheureuse-lindalva-justo-de-oliveira\/","name":"Bienheureuse Lindalva Justo de Oliveira - Filles de la Charit\u00e9","isPartOf":{"@id":"https:\/\/filles-de-la-charite.org\/fr\/#website"},"primaryImageOfPage":{"@id":"https:\/\/filles-de-la-charite.org\/fr\/famille\/bienheureuse-lindalva-justo-de-oliveira\/#primaryimage"},"image":{"@id":"https:\/\/filles-de-la-charite.org\/fr\/famille\/bienheureuse-lindalva-justo-de-oliveira\/#primaryimage"},"thumbnailUrl":"https:\/\/filles-de-la-charite.org\/wp-content\/uploads\/2023\/04\/Sr-Lindalva-1.jpg","datePublished":"2020-10-21T09:51:27+00:00","dateModified":"2023-11-19T14:19:00+00:00","breadcrumb":{"@id":"https:\/\/filles-de-la-charite.org\/fr\/famille\/bienheureuse-lindalva-justo-de-oliveira\/#breadcrumb"},"inLanguage":"fr-FR","potentialAction":[{"@type":"ReadAction","target":["https:\/\/filles-de-la-charite.org\/fr\/famille\/bienheureuse-lindalva-justo-de-oliveira\/"]}]},{"@type":"ImageObject","inLanguage":"fr-FR","@id":"https:\/\/filles-de-la-charite.org\/fr\/famille\/bienheureuse-lindalva-justo-de-oliveira\/#primaryimage","url":"https:\/\/filles-de-la-charite.org\/wp-content\/uploads\/2023\/04\/Sr-Lindalva-1.jpg","contentUrl":"https:\/\/filles-de-la-charite.org\/wp-content\/uploads\/2023\/04\/Sr-Lindalva-1.jpg","width":369,"height":452},{"@type":"BreadcrumbList","@id":"https:\/\/filles-de-la-charite.org\/fr\/famille\/bienheureuse-lindalva-justo-de-oliveira\/#breadcrumb","itemListElement":[{"@type":"ListItem","position":1,"name":"Notre famille","item":"https:\/\/filles-de-la-charite.org\/fr\/famille\/"},{"@type":"ListItem","position":2,"name":"Bienheureuse Lindalva Justo de Oliveira"}]},{"@type":"WebSite","@id":"https:\/\/filles-de-la-charite.org\/fr\/#website","url":"https:\/\/filles-de-la-charite.org\/fr\/","name":"Hijas de la Caridad","description":"L\u2019amour de J\u00e9sus nous presse \u00e0 prendre soin des personnes les plus d\u00e9munies","publisher":{"@id":"https:\/\/filles-de-la-charite.org\/fr\/#organization"},"potentialAction":[{"@type":"SearchAction","target":{"@type":"EntryPoint","urlTemplate":"https:\/\/filles-de-la-charite.org\/fr\/?s={search_term_string}"},"query-input":{"@type":"PropertyValueSpecification","valueRequired":true,"valueName":"search_term_string"}}],"inLanguage":"fr-FR"},{"@type":"Organization","@id":"https:\/\/filles-de-la-charite.org\/fr\/#organization","name":"Hijas de la Caridad","url":"https:\/\/filles-de-la-charite.org\/fr\/","logo":{"@type":"ImageObject","inLanguage":"fr-FR","@id":"https:\/\/filles-de-la-charite.org\/fr\/#\/schema\/logo\/image\/","url":"https:\/\/filles-de-la-charite.org\/wp-content\/uploads\/2023\/03\/isotipo-Hijas-de-la-Caridad.png","contentUrl":"https:\/\/filles-de-la-charite.org\/wp-content\/uploads\/2023\/03\/isotipo-Hijas-de-la-Caridad.png","width":1417,"height":1417,"caption":"Hijas de la Caridad"},"image":{"@id":"https:\/\/filles-de-la-charite.org\/fr\/#\/schema\/logo\/image\/"}}]}},"_links":{"self":[{"href":"https:\/\/filles-de-la-charite.org\/fr\/wp-json\/wp\/v2\/familia\/3948","targetHints":{"allow":["GET"]}}],"collection":[{"href":"https:\/\/filles-de-la-charite.org\/fr\/wp-json\/wp\/v2\/familia"}],"about":[{"href":"https:\/\/filles-de-la-charite.org\/fr\/wp-json\/wp\/v2\/types\/familia"}],"wp:featuredmedia":[{"embeddable":true,"href":"https:\/\/filles-de-la-charite.org\/fr\/wp-json\/wp\/v2\/media\/1004"}],"wp:attachment":[{"href":"https:\/\/filles-de-la-charite.org\/fr\/wp-json\/wp\/v2\/media?parent=3948"}],"wp:term":[{"taxonomy":"origen","embeddable":true,"href":"https:\/\/filles-de-la-charite.org\/fr\/wp-json\/wp\/v2\/origen?post=3948"}],"curies":[{"name":"wp","href":"https:\/\/api.w.org\/{rel}","templated":true}]}}