{"id":3949,"date":"2020-10-21T10:00:11","date_gmt":"2020-10-21T08:00:11","guid":{"rendered":"https:\/\/hijascaridad.sjdigitaldemo.ovh\/familia\/sainte-jeanne-antide-thouret\/"},"modified":"2023-11-17T21:51:07","modified_gmt":"2023-11-17T20:51:07","slug":"sainte-jeanne-antide-thouret","status":"publish","type":"familia","link":"https:\/\/filles-de-la-charite.org\/fr\/famille\/sainte-jeanne-antide-thouret\/","title":{"rendered":"Sainte Jeanne-Antide Thouret"},"content":{"rendered":"\n<p><strong>La vie de Jeanne-Antide Thouret \nest une aventure, marqu\u00e9e par une passion : le service des pauvres, \u00ab \nles membres souffrants de J\u00e9sus-Christ\u00bb, et par un \u00e9v\u00e9nement : la \nR\u00e9volution fran\u00e7aise.<\/strong><\/p>\n\n\n\n<figure class=\"wp-block-table am7-tab\"><table><tbody><tr><td><strong>1765, 27 novembre <\/strong><\/td><td>Naissance<\/td><\/tr><tr><td><strong>1787<\/strong><\/td><td>Entr\u00e9e dans la Compagnie des Filles de la Charit\u00e9<\/td><\/tr><tr><td><strong>1799, 11 avril <\/strong><\/td><td>Fondation\u00a0 des\u00a0 S\u0153urs de la Charit\u00e9 de Besan\u00e7on<\/td><\/tr><tr><td><strong>1826<\/strong><strong>, <\/strong><strong>24 ao\u00fbt <\/strong><\/td><td>Mort \u00e0 Naples<\/td><\/tr><tr><td><strong>1926, 23 mai <\/strong><\/td><td>B\u00e9atifi\u00e9e par le Pape Pie XI<\/td><\/tr><tr><td><strong>1934<\/strong><strong>, <\/strong><strong>14 janvier <\/strong><\/td><td>Canonis\u00e9e par le Pape Pie XI<\/td><\/tr><tr><td><strong>23 mai<\/strong><\/td><td>Jour de sa f\u00eate<\/td><\/tr><\/tbody><\/table><\/figure>\n\n\n\n<p>Jeanne-Antide Thouret&nbsp; est n\u00e9e \u00e0 \nSancey-le-Long (Doubs). Elle est la cinqui\u00e8me enfant d\u2019une famille \nrurale tr\u00e8s chr\u00e9tienne de Franche-Comt\u00e9.<\/p>\n\n\n\n<p>A vingt-deux ans, elle entre chez les Filles de  la Charit\u00e9 de Saint Vincent de Paul, pour servir les pauvres, d\u2019abord \u00e0  Langres, ensuite \u00e0 Paris.<\/p>\n\n\n\n<p>En mai 1794, Jeanne-Antide retourne \u00e0 \nSancey, car pendant la R\u00e9volution fran\u00e7aise, toutes les Filles de la \nCharit\u00e9, comme bon nombre de religieuses, sont dispers\u00e9es et doivent \nretourner chez elles.<\/p>\n\n\n\n<p>Le 15 ao\u00fbt 1795, elle part en Suisse,  avec les \u00ab\u00a0Solitaires\u00a0\u00bb du P\u00e8re Antoine-Sylvestre Receveur, une  communaut\u00e9 oblig\u00e9e, \u00e0 cause du rejet de la foi chr\u00e9tienne, de\u00a0  \u00ab\u00a0vagabonder \u00bb pendant douze ans \u00e0 travers l\u2019Europe. Elle va parcourir la  Suisse et une partie de l\u2019Allemagne. Elle quitte cette communaut\u00e9 le 24 avril 1797. Deux mois plus tard, elle arrive au Landeron, pr\u00e8s de Neuch\u00e2tel en Suisse, apr\u00e8s un  p\u00e9riple solitaire de plus de six-cents kilom\u00e8tres. L\u00e0, elle re\u00e7oit l\u2019appel de  deux pr\u00eatres fran\u00e7ais qui lui demandent de rentrer en France, \u00e0  Besan\u00e7on, pour s\u2019occuper des enfants non scolaris\u00e9s et des malades.<\/p>\n\n\n\n<p>Le 11 avril 1799, elle fonde \u00e0 Besan\u00e7on,  avec des jeunes femmes, une \u00e9cole gratuite pour les filles et offre\u00a0  \u00ab\u00a0un bouillon\u00a0\u00bb pour les pauvres. La population les appelle \u00ab\u00a0les S\u0153urs  du bouillon et des petites \u00e9coles\u00a0\u00bb.<\/p>\n\n\n\n<p>De mai \u00e0 septembre 1802, Jeanne-Antide  r\u00e9digera la R\u00e8gle de vie de sa communaut\u00e9. Accompagn\u00e9e de quelques S\u0153urs  attir\u00e9es par son id\u00e9al de vie, elle ouvre de nouvelles \u00e9coles  et des  lieux d\u00e9di\u00e9s aux soins des malades, tandis qu\u2019elle envoie ses S\u0153urs  faire la classe et soigner les pauvres. Le 23 septembre 1802, il lui est \u00e9galement demand\u00e9 de prendre en charge le service des prisonniers de  Bellevaux. Elle s\u2019efforce de mettre \u00e0 leur service ses talents  d\u2019\u00e9ducatrice, leur donne de quoi se nourrir, organise du travail pour eux et leur permet ainsi de recevoir un salaire. En 1807,  \u00e0 Paris, la  Communaut\u00e9 re\u00e7oit le nom officiel de \u00ab\u00a0S\u0153urs de la Charit\u00e9 de  Besan\u00e7on\u00a0\u00bb.<\/p>\n\n\n\n<p>Le\u00a0 8 mai 1810, appel\u00e9e en Savoie, \u00e0  Thonon, elle s\u2019y rend avec quelques S\u0153urs, mais peu de temps apr\u00e8s, en  novembre 1810, elle re\u00e7oit un appel de Naples o\u00f9 elle se rend avec huit  de ses S\u0153urs.\u00a0 \u00c0 Naples, on lui demande d\u2019abord de prendre en charge  l\u2019h\u00f4pital des Incurables. Elle ouvre aussi une \u00e9cole, une pharmacie au  milieu du couvent qui lui avait \u00e9t\u00e9 octroy\u00e9. Ses S\u0153urs et elle-m\u00eame n\u2019h\u00e9sitent pas \u00e0 en sortir pour aller visiter et soigner pauvres et  malades.<\/p>\n\n\n\n<p>Le 23 juillet 1819, les Constitutions  sont approuv\u00e9es par le Pape Pie VII. Il donne \u00e0 la communaut\u00e9 le nom de  \u00ab\u00a0S\u0153urs de la Charit\u00e9 sous la protection de Saint Vincent de Paul\u00a0\u00bb.\u00a0En ao\u00fbt 1823, elle repart \u00e0 Naples o\u00f9 elle meurt le 24 ao\u00fbt 1826.<\/p>\n\n\n\n<p>La communaut\u00e9 compte maintenant 4\u00a0000 S\u0153urs, r\u00e9pandues dans les cinq continents, oeuvrant dans une grande  vari\u00e9t\u00e9 de services envers les pauvres. La vie de communaut\u00e9,  l\u2019Eucharistie et le Myst\u00e8re Pascal sont, aujourd\u2019hui encore, comme ils le  furent pour Jeanne-Antide, les \u00e9l\u00e9ments cl\u00e9s de leur vie.<\/p>\n","protected":false},"featured_media":997,"template":"","meta":{"_acf_changed":false,"_et_pb_use_builder":"","_et_pb_old_content":"","_et_gb_content_width":"","_links_to":"","_links_to_target":""},"origen":[],"class_list":["post-3949","familia","type-familia","status-publish","has-post-thumbnail","hentry"],"acf":[],"yoast_head":"<!-- This site is optimized with the Yoast SEO plugin v27.4 - https:\/\/yoast.com\/product\/yoast-seo-wordpress\/ -->\n<title>Sainte Jeanne-Antide Thouret - Filles de la Charit\u00e9<\/title>\n<meta name=\"robots\" content=\"index, follow, max-snippet:-1, max-image-preview:large, max-video-preview:-1\" \/>\n<link rel=\"canonical\" href=\"https:\/\/filles-de-la-charite.org\/fr\/famille\/sainte-jeanne-antide-thouret\/\" \/>\n<meta property=\"og:locale\" content=\"fr_FR\" \/>\n<meta property=\"og:type\" content=\"article\" \/>\n<meta property=\"og:title\" content=\"Sainte Jeanne-Antide Thouret - Filles de la Charit\u00e9\" \/>\n<meta property=\"og:description\" content=\"La vie de Jeanne-Antide Thouret est une aventure, marqu\u00e9e par une passion : le service des pauvres, \u00ab les membres souffrants de J\u00e9sus-Christ\u00bb, et par un \u00e9v\u00e9nement : la R\u00e9volution fran\u00e7aise. 1765, 27 novembre Naissance 1787 Entr\u00e9e dans la Compagnie des Filles de la Charit\u00e9 1799, 11 avril Fondation\u00a0 des\u00a0 S\u0153urs de la Charit\u00e9 de [&hellip;]\" \/>\n<meta property=\"og:url\" content=\"https:\/\/filles-de-la-charite.org\/fr\/famille\/sainte-jeanne-antide-thouret\/\" \/>\n<meta property=\"og:site_name\" content=\"Filles de la Charit\u00e9\" \/>\n<meta property=\"article:modified_time\" content=\"2023-11-17T20:51:07+00:00\" \/>\n<meta property=\"og:image\" content=\"https:\/\/filles-de-la-charite.org\/wp-content\/uploads\/2023\/04\/image3-1-1.jpg\" \/>\n\t<meta property=\"og:image:width\" content=\"418\" \/>\n\t<meta property=\"og:image:height\" content=\"555\" \/>\n\t<meta property=\"og:image:type\" content=\"image\/jpeg\" \/>\n<meta name=\"twitter:card\" content=\"summary_large_image\" \/>\n<meta name=\"twitter:label1\" content=\"Dur\u00e9e de lecture estim\u00e9e\" \/>\n\t<meta name=\"twitter:data1\" content=\"3 minutes\" \/>\n<script type=\"application\/ld+json\" class=\"yoast-schema-graph\">{\"@context\":\"https:\\\/\\\/schema.org\",\"@graph\":[{\"@type\":\"WebPage\",\"@id\":\"https:\\\/\\\/filles-de-la-charite.org\\\/fr\\\/famille\\\/sainte-jeanne-antide-thouret\\\/\",\"url\":\"https:\\\/\\\/filles-de-la-charite.org\\\/fr\\\/famille\\\/sainte-jeanne-antide-thouret\\\/\",\"name\":\"Sainte Jeanne-Antide Thouret - Filles de la Charit\u00e9\",\"isPartOf\":{\"@id\":\"https:\\\/\\\/filles-de-la-charite.org\\\/fr\\\/#website\"},\"primaryImageOfPage\":{\"@id\":\"https:\\\/\\\/filles-de-la-charite.org\\\/fr\\\/famille\\\/sainte-jeanne-antide-thouret\\\/#primaryimage\"},\"image\":{\"@id\":\"https:\\\/\\\/filles-de-la-charite.org\\\/fr\\\/famille\\\/sainte-jeanne-antide-thouret\\\/#primaryimage\"},\"thumbnailUrl\":\"https:\\\/\\\/filles-de-la-charite.org\\\/wp-content\\\/uploads\\\/2023\\\/04\\\/image3-1-1.jpg\",\"datePublished\":\"2020-10-21T08:00:11+00:00\",\"dateModified\":\"2023-11-17T20:51:07+00:00\",\"breadcrumb\":{\"@id\":\"https:\\\/\\\/filles-de-la-charite.org\\\/fr\\\/famille\\\/sainte-jeanne-antide-thouret\\\/#breadcrumb\"},\"inLanguage\":\"fr-FR\",\"potentialAction\":[{\"@type\":\"ReadAction\",\"target\":[\"https:\\\/\\\/filles-de-la-charite.org\\\/fr\\\/famille\\\/sainte-jeanne-antide-thouret\\\/\"]}]},{\"@type\":\"ImageObject\",\"inLanguage\":\"fr-FR\",\"@id\":\"https:\\\/\\\/filles-de-la-charite.org\\\/fr\\\/famille\\\/sainte-jeanne-antide-thouret\\\/#primaryimage\",\"url\":\"https:\\\/\\\/filles-de-la-charite.org\\\/wp-content\\\/uploads\\\/2023\\\/04\\\/image3-1-1.jpg\",\"contentUrl\":\"https:\\\/\\\/filles-de-la-charite.org\\\/wp-content\\\/uploads\\\/2023\\\/04\\\/image3-1-1.jpg\",\"width\":418,\"height\":555},{\"@type\":\"BreadcrumbList\",\"@id\":\"https:\\\/\\\/filles-de-la-charite.org\\\/fr\\\/famille\\\/sainte-jeanne-antide-thouret\\\/#breadcrumb\",\"itemListElement\":[{\"@type\":\"ListItem\",\"position\":1,\"name\":\"Notre famille\",\"item\":\"https:\\\/\\\/filles-de-la-charite.org\\\/fr\\\/famille\\\/\"},{\"@type\":\"ListItem\",\"position\":2,\"name\":\"Sainte Jeanne-Antide Thouret\"}]},{\"@type\":\"WebSite\",\"@id\":\"https:\\\/\\\/filles-de-la-charite.org\\\/fr\\\/#website\",\"url\":\"https:\\\/\\\/filles-de-la-charite.org\\\/fr\\\/\",\"name\":\"Hijas de la Caridad\",\"description\":\"L\u2019amour de J\u00e9sus nous presse \u00e0 prendre soin des personnes les plus d\u00e9munies\",\"publisher\":{\"@id\":\"https:\\\/\\\/filles-de-la-charite.org\\\/fr\\\/#organization\"},\"potentialAction\":[{\"@type\":\"SearchAction\",\"target\":{\"@type\":\"EntryPoint\",\"urlTemplate\":\"https:\\\/\\\/filles-de-la-charite.org\\\/fr\\\/?s={search_term_string}\"},\"query-input\":{\"@type\":\"PropertyValueSpecification\",\"valueRequired\":true,\"valueName\":\"search_term_string\"}}],\"inLanguage\":\"fr-FR\"},{\"@type\":\"Organization\",\"@id\":\"https:\\\/\\\/filles-de-la-charite.org\\\/fr\\\/#organization\",\"name\":\"Hijas de la Caridad\",\"url\":\"https:\\\/\\\/filles-de-la-charite.org\\\/fr\\\/\",\"logo\":{\"@type\":\"ImageObject\",\"inLanguage\":\"fr-FR\",\"@id\":\"https:\\\/\\\/filles-de-la-charite.org\\\/fr\\\/#\\\/schema\\\/logo\\\/image\\\/\",\"url\":\"https:\\\/\\\/filles-de-la-charite.org\\\/wp-content\\\/uploads\\\/2023\\\/03\\\/isotipo-Hijas-de-la-Caridad.png\",\"contentUrl\":\"https:\\\/\\\/filles-de-la-charite.org\\\/wp-content\\\/uploads\\\/2023\\\/03\\\/isotipo-Hijas-de-la-Caridad.png\",\"width\":1417,\"height\":1417,\"caption\":\"Hijas de la Caridad\"},\"image\":{\"@id\":\"https:\\\/\\\/filles-de-la-charite.org\\\/fr\\\/#\\\/schema\\\/logo\\\/image\\\/\"}}]}<\/script>\n<!-- \/ Yoast SEO plugin. -->","yoast_head_json":{"title":"Sainte Jeanne-Antide Thouret - Filles de la Charit\u00e9","robots":{"index":"index","follow":"follow","max-snippet":"max-snippet:-1","max-image-preview":"max-image-preview:large","max-video-preview":"max-video-preview:-1"},"canonical":"https:\/\/filles-de-la-charite.org\/fr\/famille\/sainte-jeanne-antide-thouret\/","og_locale":"fr_FR","og_type":"article","og_title":"Sainte Jeanne-Antide Thouret - Filles de la Charit\u00e9","og_description":"La vie de Jeanne-Antide Thouret est une aventure, marqu\u00e9e par une passion : le service des pauvres, \u00ab les membres souffrants de J\u00e9sus-Christ\u00bb, et par un \u00e9v\u00e9nement : la R\u00e9volution fran\u00e7aise. 1765, 27 novembre Naissance 1787 Entr\u00e9e dans la Compagnie des Filles de la Charit\u00e9 1799, 11 avril Fondation\u00a0 des\u00a0 S\u0153urs de la Charit\u00e9 de [&hellip;]","og_url":"https:\/\/filles-de-la-charite.org\/fr\/famille\/sainte-jeanne-antide-thouret\/","og_site_name":"Filles de la Charit\u00e9","article_modified_time":"2023-11-17T20:51:07+00:00","og_image":[{"width":418,"height":555,"url":"https:\/\/filles-de-la-charite.org\/wp-content\/uploads\/2023\/04\/image3-1-1.jpg","type":"image\/jpeg"}],"twitter_card":"summary_large_image","twitter_misc":{"Dur\u00e9e de lecture estim\u00e9e":"3 minutes"},"schema":{"@context":"https:\/\/schema.org","@graph":[{"@type":"WebPage","@id":"https:\/\/filles-de-la-charite.org\/fr\/famille\/sainte-jeanne-antide-thouret\/","url":"https:\/\/filles-de-la-charite.org\/fr\/famille\/sainte-jeanne-antide-thouret\/","name":"Sainte Jeanne-Antide Thouret - Filles de la Charit\u00e9","isPartOf":{"@id":"https:\/\/filles-de-la-charite.org\/fr\/#website"},"primaryImageOfPage":{"@id":"https:\/\/filles-de-la-charite.org\/fr\/famille\/sainte-jeanne-antide-thouret\/#primaryimage"},"image":{"@id":"https:\/\/filles-de-la-charite.org\/fr\/famille\/sainte-jeanne-antide-thouret\/#primaryimage"},"thumbnailUrl":"https:\/\/filles-de-la-charite.org\/wp-content\/uploads\/2023\/04\/image3-1-1.jpg","datePublished":"2020-10-21T08:00:11+00:00","dateModified":"2023-11-17T20:51:07+00:00","breadcrumb":{"@id":"https:\/\/filles-de-la-charite.org\/fr\/famille\/sainte-jeanne-antide-thouret\/#breadcrumb"},"inLanguage":"fr-FR","potentialAction":[{"@type":"ReadAction","target":["https:\/\/filles-de-la-charite.org\/fr\/famille\/sainte-jeanne-antide-thouret\/"]}]},{"@type":"ImageObject","inLanguage":"fr-FR","@id":"https:\/\/filles-de-la-charite.org\/fr\/famille\/sainte-jeanne-antide-thouret\/#primaryimage","url":"https:\/\/filles-de-la-charite.org\/wp-content\/uploads\/2023\/04\/image3-1-1.jpg","contentUrl":"https:\/\/filles-de-la-charite.org\/wp-content\/uploads\/2023\/04\/image3-1-1.jpg","width":418,"height":555},{"@type":"BreadcrumbList","@id":"https:\/\/filles-de-la-charite.org\/fr\/famille\/sainte-jeanne-antide-thouret\/#breadcrumb","itemListElement":[{"@type":"ListItem","position":1,"name":"Notre famille","item":"https:\/\/filles-de-la-charite.org\/fr\/famille\/"},{"@type":"ListItem","position":2,"name":"Sainte Jeanne-Antide Thouret"}]},{"@type":"WebSite","@id":"https:\/\/filles-de-la-charite.org\/fr\/#website","url":"https:\/\/filles-de-la-charite.org\/fr\/","name":"Hijas de la Caridad","description":"L\u2019amour de J\u00e9sus nous presse \u00e0 prendre soin des personnes les plus d\u00e9munies","publisher":{"@id":"https:\/\/filles-de-la-charite.org\/fr\/#organization"},"potentialAction":[{"@type":"SearchAction","target":{"@type":"EntryPoint","urlTemplate":"https:\/\/filles-de-la-charite.org\/fr\/?s={search_term_string}"},"query-input":{"@type":"PropertyValueSpecification","valueRequired":true,"valueName":"search_term_string"}}],"inLanguage":"fr-FR"},{"@type":"Organization","@id":"https:\/\/filles-de-la-charite.org\/fr\/#organization","name":"Hijas de la Caridad","url":"https:\/\/filles-de-la-charite.org\/fr\/","logo":{"@type":"ImageObject","inLanguage":"fr-FR","@id":"https:\/\/filles-de-la-charite.org\/fr\/#\/schema\/logo\/image\/","url":"https:\/\/filles-de-la-charite.org\/wp-content\/uploads\/2023\/03\/isotipo-Hijas-de-la-Caridad.png","contentUrl":"https:\/\/filles-de-la-charite.org\/wp-content\/uploads\/2023\/03\/isotipo-Hijas-de-la-Caridad.png","width":1417,"height":1417,"caption":"Hijas de la Caridad"},"image":{"@id":"https:\/\/filles-de-la-charite.org\/fr\/#\/schema\/logo\/image\/"}}]}},"_links":{"self":[{"href":"https:\/\/filles-de-la-charite.org\/fr\/wp-json\/wp\/v2\/familia\/3949","targetHints":{"allow":["GET"]}}],"collection":[{"href":"https:\/\/filles-de-la-charite.org\/fr\/wp-json\/wp\/v2\/familia"}],"about":[{"href":"https:\/\/filles-de-la-charite.org\/fr\/wp-json\/wp\/v2\/types\/familia"}],"wp:featuredmedia":[{"embeddable":true,"href":"https:\/\/filles-de-la-charite.org\/fr\/wp-json\/wp\/v2\/media\/997"}],"wp:attachment":[{"href":"https:\/\/filles-de-la-charite.org\/fr\/wp-json\/wp\/v2\/media?parent=3949"}],"wp:term":[{"taxonomy":"origen","embeddable":true,"href":"https:\/\/filles-de-la-charite.org\/fr\/wp-json\/wp\/v2\/origen?post=3949"}],"curies":[{"name":"wp","href":"https:\/\/api.w.org\/{rel}","templated":true}]}}