{"id":3950,"date":"2020-10-21T11:57:27","date_gmt":"2020-10-21T09:57:27","guid":{"rendered":"https:\/\/hijascaridad.sjdigitaldemo.ovh\/familia\/bienheureuse-marta-wiecka\/"},"modified":"2024-02-01T22:41:51","modified_gmt":"2024-02-01T21:41:51","slug":"bienheureuse-marta-wiecka","status":"publish","type":"familia","link":"https:\/\/filles-de-la-charite.org\/fr\/famille\/bienheureuse-marta-wiecka\/","title":{"rendered":"Bienheureuse Marta Wiecka"},"content":{"rendered":"\n<p><strong>S\u0153ur Marta Wiecka a seulement \ntrente ans quand elle d\u00e9c\u00e8de. Pendant ce court laps de temps, elle a \natteint la saintet\u00e9. Sa vie enti\u00e8re de Fille de la Charit\u00e9 fut consacr\u00e9e\n \u00e0 Dieu, au service des malades et des souffrants, dans un esprit \nvincentien d\u2019humilit\u00e9, de simplicit\u00e9 et de charit\u00e9.<\/strong><\/p>\n\n\n\n<figure class=\"wp-block-table am7-tab\"><table><tbody><tr><td><strong>12 janvier 1874<\/strong><\/td><td>Naissance \u00e0 Nowy Wiec, Pologne<\/td><\/tr><tr><td><strong>12 ao\u00fbt 1892<\/strong><\/td><td>Devient Fille de la Charit\u00e9<\/td><\/tr><tr><td><strong>21 avril 1893<\/strong><\/td><td>Envoy\u00e9e pour sa premi\u00e8re mission \u00e0 Lviv<\/td><\/tr><tr><td><strong>15 ao\u00fbt 1897<\/strong><\/td><td>Prononce ses v\u0153ux pour la premi\u00e8re fois<\/td><\/tr><tr><td><strong>30 mai 1904<\/strong><\/td><td>Meurt \u00e0 Sniatyn<\/td><\/tr><tr><td><strong>24 mai 2008<\/strong><\/td><td>B\u00e9atifi\u00e9e \u00e0 Lviv<\/td><\/tr><tr><td><strong>30 mai<\/strong><\/td><td>Jour de sa f\u00eate<\/td><\/tr><\/tbody><\/table><\/figure>\n\n\n\n<p>Marta Wiecka est n\u00e9e le 12 janvier 1874 \u00e0  Nowy Wiec, en Pologne. Elle est la troisi\u00e8me d\u2019une famille de treize enfants, son p\u00e8re est un riche propri\u00e9taire terrien.<\/p>\n\n\n\n<p>Depuis 1772, une grande partie de la  Pologne \u00e9tait divis\u00e9e et occup\u00e9e par plusieurs \u00e9tats voisins puissants.  La r\u00e9gion, o\u00f9 la famille Wiecka vivait, \u00e9tait sous le contr\u00f4le de la  Prusse, qui a tent\u00e9 de supprimer l\u2019identit\u00e9 nationale et catholique polonaise par un programme de Kulturkampf (combat pour la culture). La  famille Wiecka, comme beaucoup d\u2019autres, \u00e9tait farouchement catholique  et polonaise.<\/p>\n\n\n\n<p>Lorsque Marta a deux ans, elle est tr\u00e8s  malade. La m\u00e9decine ne peut rien pour elle, ses parents se tournent vers  Marie. Elle gu\u00e9rit miraculeusement. Toute sa vie, Marta a un profond  amour pour la Vierge et se tourne souvent vers elle pour demander de  l\u2019aide.<\/p>\n\n\n\n<p>Enfant, Marta aide all\u00e8grement sa m\u00e8re \naux t\u00e2ches domestiques. Famille et amis savent que Marta \u00e9tait une \nfervente admiratrice de saint Jean N\u00e9pomuc\u00e8ne. Ils l\u2019ont souvent vue \ndebout, priant profond\u00e9ment, en face d\u2019un calvaire d\u00e9di\u00e9 au saint.<\/p>\n\n\n\n<p>Le 3 octobre 1886, Marta fait sa premi\u00e8re  communion. A partir de ce moment, J\u00e9sus est devenu le centre de sa vie. Quand  elle a l\u2019occasion d\u2019assister \u00e0 la messe, elle n\u2019h\u00e9site jamais \u00e0  parcourir douze kilom\u00e8tres pour rejoindre l\u2019\u00e9glise paroissiale de  Skarszewy.<\/p>\n\n\n\n<p>A l\u2019\u00e2ge de 18 ans, avec son amie, Monika  Gdaniec, Marta quitte sa famille bien-aim\u00e9e pour commencer sa vie de  Fille de la Charit\u00e9. Le gouvernement prussien a restreint le nombre  d\u2019aspirantes dans la ville voisine de Chelmno. Marta d\u00e9cide de  rejoindre les Filles de la Charit\u00e9 de Cracovie, afin de ne pas laisser  Monika seule. Le 26 avril 1892, elles sont accept\u00e9es comme postulantes \u00e0  la Maison provinciale de Cracovie. La prochaine \u00e9tape est l\u2019entr\u00e9e au  s\u00e9minaire (noviciat) quelques mois plus tard, le 12 ao\u00fbt.<\/p>\n\n\n\n<p>Le 21 avril 1893, S\u0153ur Marta est envoy\u00e9e,  pour sa premi\u00e8re mission, \u00e0 l\u2019h\u00f4pital de Lviv. Elle acquiert rapidement  la r\u00e9putation d\u2019\u00eatre une S\u0153ur qui aime ses patients et les sert avec une  grande d\u00e9votion. Un an et demi plus tard, le 15 novembre 1894, elle est  envoy\u00e9e \u00e0 l\u2019h\u00f4pital de Podhajce.<\/p>\n\n\n\n<p>Le 15 ao\u00fbt 1897, elle fait ses v\u0153ux pour  la premi\u00e8re fois en tant que Fille de la Charit\u00e9, scellant son  engagement de servir Dieu dans la personne des plus pauvres.<\/p>\n\n\n\n<p>En 1899, S\u0153ur Marta est envoy\u00e9e dans la  maison de Bochnia. A cette \u00e9poque, elle a une vision de notre  Seigneur J\u00e9sus sur la croix. Il lui demande de supporter patiemment  l\u2019adversit\u00e9 et lui promet qu\u2019elle viendra bient\u00f4t \u00e0 lui.<\/p>\n\n\n\n<p>Peu de temps apr\u00e8s sa vision de notre  Seigneur, l\u2019adversit\u00e9, qui avait \u00e9t\u00e9 pr\u00e9dite, appara\u00eet. Un homme  d\u00e9rang\u00e9, r\u00e9cemment sorti de l\u2019h\u00f4pital o\u00f9 S\u0153ur Marta travaillait, a  commence \u00e0 dire aux gens qu\u2019elle est enceinte. S\u0153ur Marta porte cette  insulte avec une patience sereine et s\u2019appuie enti\u00e8rement sur Dieu.<\/p>\n\n\n\n<p>Apr\u00e8s la fin de cette affaire de Bochnia,  o\u00f9 l\u2019innocence de S\u0153ur Marta est reconnue, elle est envoy\u00e9e pour servir \u00e0  l\u2019h\u00f4pital de la ville de Sniatyn. Elle a le don rare d\u2019aider les gens \u00e0  se r\u00e9concilier avec Dieu. Personne dans son service ne meurt sans avoir  re\u00e7u le Sacrement de r\u00e9conciliation. Pour S\u0153ur Marta, chacun de ses  patients a la m\u00eame importance, qu\u2019il soit polonais, ukrainien, juif,  orthodoxe ou catholique.<\/p>\n\n\n\n<p>Lors d\u2019une \u00e9pid\u00e9mie de fi\u00e8vre typho\u00efde,  un jeune homme, qui est infirmier et p\u00e8re, doit d\u00e9sinfecter la chambre  d\u2019un malade du typhus, ce qui n\u2019est pas sans danger. En voyant la  peur de cet homme pour lui et sa famille, S\u0153ur Marta se porte volontaire  pour prendre sa place. Cette g\u00e9n\u00e9rosit\u00e9 lui co\u00fbte la vie. Elle est  contamin\u00e9e par la fi\u00e8vre typho\u00efde et meurt le 30 mai 1904 \u00e0 Sniatyn.<\/p>\n\n\n\n<p>En savoir plus sur S\u0153ur Marta en visitant le site Web : <strong><a rel=\"noreferrer noopener\" href=\"http:\/\/www.martawiecka.pl\/\" target=\"_blank\">www.martawiecka.pl<\/a><\/strong><\/p>\n","protected":false},"featured_media":1011,"template":"","meta":{"_acf_changed":false,"_links_to":"","_links_to_target":""},"origen":[],"class_list":["post-3950","familia","type-familia","status-publish","has-post-thumbnail","hentry"],"acf":[],"yoast_head":"<!-- This site is optimized with the Yoast SEO plugin v27.5 - https:\/\/yoast.com\/product\/yoast-seo-wordpress\/ -->\n<title>Bienheureuse Marta Wiecka - Filles de la Charit\u00e9<\/title>\n<meta name=\"robots\" content=\"index, follow, max-snippet:-1, max-image-preview:large, max-video-preview:-1\" \/>\n<link rel=\"canonical\" href=\"https:\/\/filles-de-la-charite.org\/fr\/famille\/bienheureuse-marta-wiecka\/\" \/>\n<meta property=\"og:locale\" content=\"fr_FR\" \/>\n<meta property=\"og:type\" content=\"article\" \/>\n<meta property=\"og:title\" content=\"Bienheureuse Marta Wiecka - Filles de la Charit\u00e9\" \/>\n<meta property=\"og:description\" content=\"S\u0153ur Marta Wiecka a seulement trente ans quand elle d\u00e9c\u00e8de. Pendant ce court laps de temps, elle a atteint la saintet\u00e9. Sa vie enti\u00e8re de Fille de la Charit\u00e9 fut consacr\u00e9e \u00e0 Dieu, au service des malades et des souffrants, dans un esprit vincentien d\u2019humilit\u00e9, de simplicit\u00e9 et de charit\u00e9. 12 janvier 1874 Naissance \u00e0 [&hellip;]\" \/>\n<meta property=\"og:url\" content=\"https:\/\/filles-de-la-charite.org\/fr\/famille\/bienheureuse-marta-wiecka\/\" \/>\n<meta property=\"og:site_name\" content=\"Filles de la Charit\u00e9\" \/>\n<meta property=\"article:modified_time\" content=\"2024-02-01T21:41:51+00:00\" \/>\n<meta property=\"og:image\" content=\"https:\/\/filles-de-la-charite.org\/wp-content\/uploads\/2023\/04\/Marta-Wiecka-1.png\" \/>\n\t<meta property=\"og:image:width\" content=\"302\" \/>\n\t<meta property=\"og:image:height\" content=\"391\" \/>\n\t<meta property=\"og:image:type\" content=\"image\/png\" \/>\n<meta name=\"twitter:card\" content=\"summary_large_image\" \/>\n<meta name=\"twitter:label1\" content=\"Dur\u00e9e de lecture estim\u00e9e\" \/>\n\t<meta name=\"twitter:data1\" content=\"4 minutes\" \/>\n<script type=\"application\/ld+json\" class=\"yoast-schema-graph\">{\"@context\":\"https:\\\/\\\/schema.org\",\"@graph\":[{\"@type\":\"WebPage\",\"@id\":\"https:\\\/\\\/filles-de-la-charite.org\\\/fr\\\/famille\\\/bienheureuse-marta-wiecka\\\/\",\"url\":\"https:\\\/\\\/filles-de-la-charite.org\\\/fr\\\/famille\\\/bienheureuse-marta-wiecka\\\/\",\"name\":\"Bienheureuse Marta Wiecka - Filles de la Charit\u00e9\",\"isPartOf\":{\"@id\":\"https:\\\/\\\/filles-de-la-charite.org\\\/fr\\\/#website\"},\"primaryImageOfPage\":{\"@id\":\"https:\\\/\\\/filles-de-la-charite.org\\\/fr\\\/famille\\\/bienheureuse-marta-wiecka\\\/#primaryimage\"},\"image\":{\"@id\":\"https:\\\/\\\/filles-de-la-charite.org\\\/fr\\\/famille\\\/bienheureuse-marta-wiecka\\\/#primaryimage\"},\"thumbnailUrl\":\"https:\\\/\\\/filles-de-la-charite.org\\\/wp-content\\\/uploads\\\/2023\\\/04\\\/Marta-Wiecka-1.png\",\"datePublished\":\"2020-10-21T09:57:27+00:00\",\"dateModified\":\"2024-02-01T21:41:51+00:00\",\"breadcrumb\":{\"@id\":\"https:\\\/\\\/filles-de-la-charite.org\\\/fr\\\/famille\\\/bienheureuse-marta-wiecka\\\/#breadcrumb\"},\"inLanguage\":\"fr-FR\",\"potentialAction\":[{\"@type\":\"ReadAction\",\"target\":[\"https:\\\/\\\/filles-de-la-charite.org\\\/fr\\\/famille\\\/bienheureuse-marta-wiecka\\\/\"]}]},{\"@type\":\"ImageObject\",\"inLanguage\":\"fr-FR\",\"@id\":\"https:\\\/\\\/filles-de-la-charite.org\\\/fr\\\/famille\\\/bienheureuse-marta-wiecka\\\/#primaryimage\",\"url\":\"https:\\\/\\\/filles-de-la-charite.org\\\/wp-content\\\/uploads\\\/2023\\\/04\\\/Marta-Wiecka-1.png\",\"contentUrl\":\"https:\\\/\\\/filles-de-la-charite.org\\\/wp-content\\\/uploads\\\/2023\\\/04\\\/Marta-Wiecka-1.png\",\"width\":302,\"height\":391},{\"@type\":\"BreadcrumbList\",\"@id\":\"https:\\\/\\\/filles-de-la-charite.org\\\/fr\\\/famille\\\/bienheureuse-marta-wiecka\\\/#breadcrumb\",\"itemListElement\":[{\"@type\":\"ListItem\",\"position\":1,\"name\":\"Notre famille\",\"item\":\"https:\\\/\\\/filles-de-la-charite.org\\\/fr\\\/famille\\\/\"},{\"@type\":\"ListItem\",\"position\":2,\"name\":\"Bienheureuse Marta Wiecka\"}]},{\"@type\":\"WebSite\",\"@id\":\"https:\\\/\\\/filles-de-la-charite.org\\\/fr\\\/#website\",\"url\":\"https:\\\/\\\/filles-de-la-charite.org\\\/fr\\\/\",\"name\":\"Hijas de la Caridad\",\"description\":\"L\u2019amour de J\u00e9sus nous presse \u00e0 prendre soin des personnes les plus d\u00e9munies\",\"publisher\":{\"@id\":\"https:\\\/\\\/filles-de-la-charite.org\\\/fr\\\/#organization\"},\"potentialAction\":[{\"@type\":\"SearchAction\",\"target\":{\"@type\":\"EntryPoint\",\"urlTemplate\":\"https:\\\/\\\/filles-de-la-charite.org\\\/fr\\\/?s={search_term_string}\"},\"query-input\":{\"@type\":\"PropertyValueSpecification\",\"valueRequired\":true,\"valueName\":\"search_term_string\"}}],\"inLanguage\":\"fr-FR\"},{\"@type\":\"Organization\",\"@id\":\"https:\\\/\\\/filles-de-la-charite.org\\\/fr\\\/#organization\",\"name\":\"Hijas de la Caridad\",\"url\":\"https:\\\/\\\/filles-de-la-charite.org\\\/fr\\\/\",\"logo\":{\"@type\":\"ImageObject\",\"inLanguage\":\"fr-FR\",\"@id\":\"https:\\\/\\\/filles-de-la-charite.org\\\/fr\\\/#\\\/schema\\\/logo\\\/image\\\/\",\"url\":\"https:\\\/\\\/filles-de-la-charite.org\\\/wp-content\\\/uploads\\\/2023\\\/03\\\/isotipo-Hijas-de-la-Caridad.png\",\"contentUrl\":\"https:\\\/\\\/filles-de-la-charite.org\\\/wp-content\\\/uploads\\\/2023\\\/03\\\/isotipo-Hijas-de-la-Caridad.png\",\"width\":1417,\"height\":1417,\"caption\":\"Hijas de la Caridad\"},\"image\":{\"@id\":\"https:\\\/\\\/filles-de-la-charite.org\\\/fr\\\/#\\\/schema\\\/logo\\\/image\\\/\"}}]}<\/script>\n<!-- \/ Yoast SEO plugin. -->","yoast_head_json":{"title":"Bienheureuse Marta Wiecka - Filles de la Charit\u00e9","robots":{"index":"index","follow":"follow","max-snippet":"max-snippet:-1","max-image-preview":"max-image-preview:large","max-video-preview":"max-video-preview:-1"},"canonical":"https:\/\/filles-de-la-charite.org\/fr\/famille\/bienheureuse-marta-wiecka\/","og_locale":"fr_FR","og_type":"article","og_title":"Bienheureuse Marta Wiecka - Filles de la Charit\u00e9","og_description":"S\u0153ur Marta Wiecka a seulement trente ans quand elle d\u00e9c\u00e8de. Pendant ce court laps de temps, elle a atteint la saintet\u00e9. Sa vie enti\u00e8re de Fille de la Charit\u00e9 fut consacr\u00e9e \u00e0 Dieu, au service des malades et des souffrants, dans un esprit vincentien d\u2019humilit\u00e9, de simplicit\u00e9 et de charit\u00e9. 12 janvier 1874 Naissance \u00e0 [&hellip;]","og_url":"https:\/\/filles-de-la-charite.org\/fr\/famille\/bienheureuse-marta-wiecka\/","og_site_name":"Filles de la Charit\u00e9","article_modified_time":"2024-02-01T21:41:51+00:00","og_image":[{"width":302,"height":391,"url":"https:\/\/filles-de-la-charite.org\/wp-content\/uploads\/2023\/04\/Marta-Wiecka-1.png","type":"image\/png"}],"twitter_card":"summary_large_image","twitter_misc":{"Dur\u00e9e de lecture estim\u00e9e":"4 minutes"},"schema":{"@context":"https:\/\/schema.org","@graph":[{"@type":"WebPage","@id":"https:\/\/filles-de-la-charite.org\/fr\/famille\/bienheureuse-marta-wiecka\/","url":"https:\/\/filles-de-la-charite.org\/fr\/famille\/bienheureuse-marta-wiecka\/","name":"Bienheureuse Marta Wiecka - Filles de la Charit\u00e9","isPartOf":{"@id":"https:\/\/filles-de-la-charite.org\/fr\/#website"},"primaryImageOfPage":{"@id":"https:\/\/filles-de-la-charite.org\/fr\/famille\/bienheureuse-marta-wiecka\/#primaryimage"},"image":{"@id":"https:\/\/filles-de-la-charite.org\/fr\/famille\/bienheureuse-marta-wiecka\/#primaryimage"},"thumbnailUrl":"https:\/\/filles-de-la-charite.org\/wp-content\/uploads\/2023\/04\/Marta-Wiecka-1.png","datePublished":"2020-10-21T09:57:27+00:00","dateModified":"2024-02-01T21:41:51+00:00","breadcrumb":{"@id":"https:\/\/filles-de-la-charite.org\/fr\/famille\/bienheureuse-marta-wiecka\/#breadcrumb"},"inLanguage":"fr-FR","potentialAction":[{"@type":"ReadAction","target":["https:\/\/filles-de-la-charite.org\/fr\/famille\/bienheureuse-marta-wiecka\/"]}]},{"@type":"ImageObject","inLanguage":"fr-FR","@id":"https:\/\/filles-de-la-charite.org\/fr\/famille\/bienheureuse-marta-wiecka\/#primaryimage","url":"https:\/\/filles-de-la-charite.org\/wp-content\/uploads\/2023\/04\/Marta-Wiecka-1.png","contentUrl":"https:\/\/filles-de-la-charite.org\/wp-content\/uploads\/2023\/04\/Marta-Wiecka-1.png","width":302,"height":391},{"@type":"BreadcrumbList","@id":"https:\/\/filles-de-la-charite.org\/fr\/famille\/bienheureuse-marta-wiecka\/#breadcrumb","itemListElement":[{"@type":"ListItem","position":1,"name":"Notre famille","item":"https:\/\/filles-de-la-charite.org\/fr\/famille\/"},{"@type":"ListItem","position":2,"name":"Bienheureuse Marta Wiecka"}]},{"@type":"WebSite","@id":"https:\/\/filles-de-la-charite.org\/fr\/#website","url":"https:\/\/filles-de-la-charite.org\/fr\/","name":"Hijas de la Caridad","description":"L\u2019amour de J\u00e9sus nous presse \u00e0 prendre soin des personnes les plus d\u00e9munies","publisher":{"@id":"https:\/\/filles-de-la-charite.org\/fr\/#organization"},"potentialAction":[{"@type":"SearchAction","target":{"@type":"EntryPoint","urlTemplate":"https:\/\/filles-de-la-charite.org\/fr\/?s={search_term_string}"},"query-input":{"@type":"PropertyValueSpecification","valueRequired":true,"valueName":"search_term_string"}}],"inLanguage":"fr-FR"},{"@type":"Organization","@id":"https:\/\/filles-de-la-charite.org\/fr\/#organization","name":"Hijas de la Caridad","url":"https:\/\/filles-de-la-charite.org\/fr\/","logo":{"@type":"ImageObject","inLanguage":"fr-FR","@id":"https:\/\/filles-de-la-charite.org\/fr\/#\/schema\/logo\/image\/","url":"https:\/\/filles-de-la-charite.org\/wp-content\/uploads\/2023\/03\/isotipo-Hijas-de-la-Caridad.png","contentUrl":"https:\/\/filles-de-la-charite.org\/wp-content\/uploads\/2023\/03\/isotipo-Hijas-de-la-Caridad.png","width":1417,"height":1417,"caption":"Hijas de la Caridad"},"image":{"@id":"https:\/\/filles-de-la-charite.org\/fr\/#\/schema\/logo\/image\/"}}]}},"_links":{"self":[{"href":"https:\/\/filles-de-la-charite.org\/fr\/wp-json\/wp\/v2\/familia\/3950","targetHints":{"allow":["GET"]}}],"collection":[{"href":"https:\/\/filles-de-la-charite.org\/fr\/wp-json\/wp\/v2\/familia"}],"about":[{"href":"https:\/\/filles-de-la-charite.org\/fr\/wp-json\/wp\/v2\/types\/familia"}],"wp:featuredmedia":[{"embeddable":true,"href":"https:\/\/filles-de-la-charite.org\/fr\/wp-json\/wp\/v2\/media\/1011"}],"wp:attachment":[{"href":"https:\/\/filles-de-la-charite.org\/fr\/wp-json\/wp\/v2\/media?parent=3950"}],"wp:term":[{"taxonomy":"origen","embeddable":true,"href":"https:\/\/filles-de-la-charite.org\/fr\/wp-json\/wp\/v2\/origen?post=3950"}],"curies":[{"name":"wp","href":"https:\/\/api.w.org\/{rel}","templated":true}]}}