{"id":3957,"date":"2020-10-21T09:49:00","date_gmt":"2020-10-21T07:49:00","guid":{"rendered":"https:\/\/hijascaridad.sjdigitaldemo.ovh\/familia\/sainte-catherine-laboure\/"},"modified":"2024-03-12T17:43:48","modified_gmt":"2024-03-12T16:43:48","slug":"sainte-catherine-laboure","status":"publish","type":"familia","link":"https:\/\/filles-de-la-charite.org\/fr\/famille\/sainte-catherine-laboure\/","title":{"rendered":"Sainte Catherine Labour\u00e9"},"content":{"rendered":"\n<p><strong>Catherine Labour\u00e9 est une femme  tr\u00e8s humaine, une sainte proche de nous. <\/strong>Sa vie extraordinaire est \u00e0 la fois simple et remarquable<strong>. Elle a une  v\u00e9ritable passion pour Dieu, la Sainte Vierge, saint Vincent et les  pauvres. Sa personnalit\u00e9 exceptionnellement riche, toute en simplicit\u00e9 et humilit\u00e9.<\/strong><\/p>\n\n\n\n<figure class=\"wp-block-table am7-tab\"><table><tbody><tr><td><strong>1806, 2 mai<\/strong><\/td><td>Naissance \u00e0 Fain-les-Moutiers<\/td><\/tr><tr><td><strong>1815<\/strong><\/td><td>Mort de sa m\u00e8re<\/td><\/tr><tr><td><strong>1830, 21 avril<\/strong><\/td><td>Entr\u00e9e au S\u00e9minaire (Noviciat) chez les Filles de la Charit\u00e9 \u00e0 Paris<\/td><\/tr><tr><td><strong>1830, 18 juillet<\/strong> <strong>et 27 novembre<\/strong><\/td><td>Les grandes apparitions de la Sainte Vierge<\/td><\/tr><tr><td><strong>1831<\/strong>, 5 f\u00e9vrier<\/td><td>Nomm\u00e9e \u00e0 l\u2019hospice d\u2019Enghien, service aupr\u00e8s des personnes \u00e2g\u00e9es pauvres<\/td><\/tr><tr><td><strong>1876, 31 d\u00e9cembre<\/strong><\/td><td>Mort de Catherine Labour\u00e9<\/td><\/tr><tr><td><strong>1933<\/strong><\/td><td>Transfert de son corps \u00e0 la chapelle de la Maison-M\u00e8re<\/td><\/tr><tr><td><strong>1933, 22 mai<\/strong><\/td><td>B\u00e9atification<\/td><\/tr><tr><td><strong>1947, 27 juillet<\/strong><\/td><td>Canonisation par le pape Pie XII<\/td><\/tr><tr><td><strong>28 novembre<\/strong><\/td><td>Jour de sa f\u00eate<\/td><\/tr><\/tbody><\/table><\/figure>\n\n\n\n<p>Catherine est une fille de la campagne  bourguignonne, la huiti\u00e8me d\u2019une famille de dix enfants. Orpheline \u00e0 neuf ans,  elle d\u00e9cide de remplacer la m\u00e8re qu\u2019elle vient de perdre par notre M\u00e8re  du Ciel&nbsp;: Marie. Ce geste de foi sera un \u00e9v\u00e8nement fondateur dans sa  relation privil\u00e9gi\u00e9e avec le \u00ab&nbsp;Ciel&nbsp;\u00bb.<\/p>\n\n\n\n<p>Le 25 janvier 1818, Catherine fait sa premi\u00e8re communion \u00e0 l\u2019\u00e9glise de Moutiers-Saint-Jean. Elle devient toute \u00ab&nbsp;mystique&nbsp;\u00bb, comme le per\u00e7oit sa petite s\u0153ur Tonine. D\u00e8s l\u2019\u00e2ge de douze ans, Catherine  est la premi\u00e8re collaboratrice de son p\u00e8re \u00e0 la ferme. Surcharg\u00e9e  d\u2019occupations, Catherine travaille sans rel\u00e2che, ce qui fortifie son  temp\u00e9rament travailleur et son endurance \u00e0 dominer la fatigue. Chaque  jour, elle prie longuement. Avant de commencer ses journ\u00e9es, elle trouve  le moyen de participer \u00e0 la messe \u00e0 l\u2019\u00e9glise de Moutiers-Saint-Jean. A  treize ans, Catherine est autant \u00ab&nbsp;contemplative&nbsp;\u00bb que \u00ab&nbsp;ma\u00eetresse de  maison&nbsp;\u00bb.<\/p>\n\n\n\n<p>Vers quinze ans, durant son sommeil, elle  fait un r\u00eave \u00e9trange, appel\u00e9 \u00ab&nbsp;songe&nbsp;\u00bb dans l\u2019Evangile et dont on ne comprend la signification que plus tard. Catherine  est visit\u00e9e par saint Vincent de Paul qui lui adresse une invitation \u00e0  le suivre.<\/p>\n\n\n\n<p>Vers dix-huit ans, elle exprime \u00e0 son p\u00e8re son  d\u00e9sir d\u2019entrer chez les Filles de la Charit\u00e9. Il refuse et esp\u00e8re la  faire changer d\u2019id\u00e9e en l\u2019envoyant \u00e0 Paris comme cuisini\u00e8re et servante  dans le restaurant populaire tenu par son fr\u00e8re.<\/p>\n\n\n\n<p>Lorsque Catherine a vingt-deux ans, son p\u00e8re  finit par c\u00e9der \u00e0 son d\u00e9sir de vocation. En avril 1830, Catherine entre  au S\u00e9minaire \u00e0 la Maison-M\u00e8re de Paris, rue du Bac. Elle admire beaucoup  saint Vincent de Paul et puise, dans la pri\u00e8re, force, patience et  lumi\u00e8re. Souriante et gaie, Catherine est toute orient\u00e9e vers les  personnes et l\u2019efficacit\u00e9 du service quotidien.<\/p>\n\n\n\n<p>D\u00e8s son arriv\u00e9e au S\u00e9minaire, Catherine  b\u00e9n\u00e9ficie d\u2019abord de visions personnelles&nbsp;: le c\u0153ur de saint Vincent et le Christ qui se manifeste \u00e0 elle dans l\u2019Eucharistie, puis de deux apparitions mariales  qui sont un message d\u2019\u00e9vang\u00e9lisation pour l\u2019Eglise et le monde. Ces deux apparitions  du 18 juillet et du 27 novembre sont indissociables. La premi\u00e8re  pr\u00e9pare la seconde qui, bien s\u00fbr, est d\u2019une importance capitale: Marie  Immacul\u00e9e confie au monde sa M\u00e9daille. Par ce signe, Marie r\u00e9v\u00e8le sa  conception immacul\u00e9e. Le revers de la M\u00e9daille pr\u00e9sente des symboles qui  situent Marie intimement li\u00e9e aux myst\u00e8res de l\u2019Incarnation et de la  R\u00e9demption.<\/p>\n\n\n\n<p>Pour Catherine, Dieu n\u2019est pas une id\u00e9e  mais une pr\u00e9sence&nbsp;: J\u00e9sus-Christ, Dieu fait homme parmi les humains. Le 5 f\u00e9vrier 1831, elle est envoy\u00e9e au service des  vieillards de l\u2019hospice d\u2019Enghien, des pauvres du quartier, des  afflig\u00e9s, des endeuill\u00e9s, des marginaux\u2026 Durant quarante-cinq ann\u00e9es d\u2019un service acharn\u00e9, elle est pour tous un havre de paix et fait preuve de pr\u00e9venance et d\u2019une bont\u00e9 rare \u00e0 l\u2019\u00e9gard de ses vieillards, m\u00eame d\u00e9sagr\u00e9ables. Elle montre une attention privil\u00e9gi\u00e9e  pour les  malades, les agonisants dont elle est la veilleuse attitr\u00e9e. Elle  reconna\u00eet le visage du Christ en chacun. Elle n\u2019est pas seulement une  \u00ab&nbsp;voyante&nbsp;\u00bb, elle est aussi et surtout une \u00ab&nbsp;croyante&nbsp;\u00bb, se r\u00e9v\u00e9lant  h\u00e9ro\u00efque dans des situations impr\u00e9vues et difficiles, notamment pendant  la Commune. \u00ab&nbsp;Tout est pour Dieu&nbsp;\u00bb&nbsp;!<\/p>\n\n\n\n<p>Les premiers jours de l\u2019ann\u00e9e 1877, S\u0153ur  Catherine est enterr\u00e9e sous la maison de Reuilly. Elle fut canonis\u00e9e en 1947, soixante-dix ans apr\u00e8s sa mort. En 1933, le corps de Catherine est transf\u00e9r\u00e9 dans  la Chapelle de la rue du Bac et d\u00e9pos\u00e9 sous l\u2019autel de la Vierge au  globe. Ainsi, Catherine appara\u00eet comme le premier t\u00e9moin d\u2019un nouveau  type de saintet\u00e9, sans gloire ni triomphe humains, que l\u2019Esprit-Saint  commen\u00e7ait \u00e0 \u00e9veiller pour les temps modernes.<\/p>\n\n\n\n<p><\/p>\n","protected":false},"featured_media":983,"template":"","meta":{"_acf_changed":false,"_et_pb_use_builder":"","_et_pb_old_content":"","_et_gb_content_width":"","_links_to":"","_links_to_target":""},"origen":[],"class_list":["post-3957","familia","type-familia","status-publish","has-post-thumbnail","hentry"],"acf":[],"yoast_head":"<!-- This site is optimized with the Yoast SEO plugin v27.5 - https:\/\/yoast.com\/product\/yoast-seo-wordpress\/ -->\n<title>Sainte Catherine Labour\u00e9 - Filles de la Charit\u00e9<\/title>\n<meta name=\"robots\" content=\"index, follow, max-snippet:-1, max-image-preview:large, max-video-preview:-1\" \/>\n<link rel=\"canonical\" href=\"https:\/\/filles-de-la-charite.org\/fr\/famille\/sainte-catherine-laboure\/\" \/>\n<meta property=\"og:locale\" content=\"fr_FR\" \/>\n<meta property=\"og:type\" content=\"article\" \/>\n<meta property=\"og:title\" content=\"Sainte Catherine Labour\u00e9 - Filles de la Charit\u00e9\" \/>\n<meta property=\"og:description\" content=\"Catherine Labour\u00e9 est une femme tr\u00e8s humaine, une sainte proche de nous. Sa vie extraordinaire est \u00e0 la fois simple et remarquable. Elle a une v\u00e9ritable passion pour Dieu, la Sainte Vierge, saint Vincent et les pauvres. Sa personnalit\u00e9 exceptionnellement riche, toute en simplicit\u00e9 et humilit\u00e9. 1806, 2 mai Naissance \u00e0 Fain-les-Moutiers 1815 Mort de [&hellip;]\" \/>\n<meta property=\"og:url\" content=\"https:\/\/filles-de-la-charite.org\/fr\/famille\/sainte-catherine-laboure\/\" \/>\n<meta property=\"og:site_name\" content=\"Filles de la Charit\u00e9\" \/>\n<meta property=\"article:modified_time\" content=\"2024-03-12T16:43:48+00:00\" \/>\n<meta property=\"og:image\" content=\"https:\/\/filles-de-la-charite.org\/wp-content\/uploads\/2023\/04\/image19-1.jpg\" \/>\n\t<meta property=\"og:image:width\" content=\"366\" \/>\n\t<meta property=\"og:image:height\" content=\"508\" \/>\n\t<meta property=\"og:image:type\" content=\"image\/jpeg\" \/>\n<meta name=\"twitter:card\" content=\"summary_large_image\" \/>\n<meta name=\"twitter:label1\" content=\"Dur\u00e9e de lecture estim\u00e9e\" \/>\n\t<meta name=\"twitter:data1\" content=\"4 minutes\" \/>\n<script type=\"application\/ld+json\" class=\"yoast-schema-graph\">{\"@context\":\"https:\\\/\\\/schema.org\",\"@graph\":[{\"@type\":\"WebPage\",\"@id\":\"https:\\\/\\\/filles-de-la-charite.org\\\/fr\\\/famille\\\/sainte-catherine-laboure\\\/\",\"url\":\"https:\\\/\\\/filles-de-la-charite.org\\\/fr\\\/famille\\\/sainte-catherine-laboure\\\/\",\"name\":\"Sainte Catherine Labour\u00e9 - Filles de la Charit\u00e9\",\"isPartOf\":{\"@id\":\"https:\\\/\\\/filles-de-la-charite.org\\\/fr\\\/#website\"},\"primaryImageOfPage\":{\"@id\":\"https:\\\/\\\/filles-de-la-charite.org\\\/fr\\\/famille\\\/sainte-catherine-laboure\\\/#primaryimage\"},\"image\":{\"@id\":\"https:\\\/\\\/filles-de-la-charite.org\\\/fr\\\/famille\\\/sainte-catherine-laboure\\\/#primaryimage\"},\"thumbnailUrl\":\"https:\\\/\\\/filles-de-la-charite.org\\\/wp-content\\\/uploads\\\/2023\\\/04\\\/image19-1.jpg\",\"datePublished\":\"2020-10-21T07:49:00+00:00\",\"dateModified\":\"2024-03-12T16:43:48+00:00\",\"breadcrumb\":{\"@id\":\"https:\\\/\\\/filles-de-la-charite.org\\\/fr\\\/famille\\\/sainte-catherine-laboure\\\/#breadcrumb\"},\"inLanguage\":\"fr-FR\",\"potentialAction\":[{\"@type\":\"ReadAction\",\"target\":[\"https:\\\/\\\/filles-de-la-charite.org\\\/fr\\\/famille\\\/sainte-catherine-laboure\\\/\"]}]},{\"@type\":\"ImageObject\",\"inLanguage\":\"fr-FR\",\"@id\":\"https:\\\/\\\/filles-de-la-charite.org\\\/fr\\\/famille\\\/sainte-catherine-laboure\\\/#primaryimage\",\"url\":\"https:\\\/\\\/filles-de-la-charite.org\\\/wp-content\\\/uploads\\\/2023\\\/04\\\/image19-1.jpg\",\"contentUrl\":\"https:\\\/\\\/filles-de-la-charite.org\\\/wp-content\\\/uploads\\\/2023\\\/04\\\/image19-1.jpg\",\"width\":366,\"height\":508},{\"@type\":\"BreadcrumbList\",\"@id\":\"https:\\\/\\\/filles-de-la-charite.org\\\/fr\\\/famille\\\/sainte-catherine-laboure\\\/#breadcrumb\",\"itemListElement\":[{\"@type\":\"ListItem\",\"position\":1,\"name\":\"Notre famille\",\"item\":\"https:\\\/\\\/filles-de-la-charite.org\\\/fr\\\/famille\\\/\"},{\"@type\":\"ListItem\",\"position\":2,\"name\":\"Sainte Catherine Labour\u00e9\"}]},{\"@type\":\"WebSite\",\"@id\":\"https:\\\/\\\/filles-de-la-charite.org\\\/fr\\\/#website\",\"url\":\"https:\\\/\\\/filles-de-la-charite.org\\\/fr\\\/\",\"name\":\"Hijas de la Caridad\",\"description\":\"L\u2019amour de J\u00e9sus nous presse \u00e0 prendre soin des personnes les plus d\u00e9munies\",\"publisher\":{\"@id\":\"https:\\\/\\\/filles-de-la-charite.org\\\/fr\\\/#organization\"},\"potentialAction\":[{\"@type\":\"SearchAction\",\"target\":{\"@type\":\"EntryPoint\",\"urlTemplate\":\"https:\\\/\\\/filles-de-la-charite.org\\\/fr\\\/?s={search_term_string}\"},\"query-input\":{\"@type\":\"PropertyValueSpecification\",\"valueRequired\":true,\"valueName\":\"search_term_string\"}}],\"inLanguage\":\"fr-FR\"},{\"@type\":\"Organization\",\"@id\":\"https:\\\/\\\/filles-de-la-charite.org\\\/fr\\\/#organization\",\"name\":\"Hijas de la Caridad\",\"url\":\"https:\\\/\\\/filles-de-la-charite.org\\\/fr\\\/\",\"logo\":{\"@type\":\"ImageObject\",\"inLanguage\":\"fr-FR\",\"@id\":\"https:\\\/\\\/filles-de-la-charite.org\\\/fr\\\/#\\\/schema\\\/logo\\\/image\\\/\",\"url\":\"https:\\\/\\\/filles-de-la-charite.org\\\/wp-content\\\/uploads\\\/2023\\\/03\\\/isotipo-Hijas-de-la-Caridad.png\",\"contentUrl\":\"https:\\\/\\\/filles-de-la-charite.org\\\/wp-content\\\/uploads\\\/2023\\\/03\\\/isotipo-Hijas-de-la-Caridad.png\",\"width\":1417,\"height\":1417,\"caption\":\"Hijas de la Caridad\"},\"image\":{\"@id\":\"https:\\\/\\\/filles-de-la-charite.org\\\/fr\\\/#\\\/schema\\\/logo\\\/image\\\/\"}}]}<\/script>\n<!-- \/ Yoast SEO plugin. -->","yoast_head_json":{"title":"Sainte Catherine Labour\u00e9 - Filles de la Charit\u00e9","robots":{"index":"index","follow":"follow","max-snippet":"max-snippet:-1","max-image-preview":"max-image-preview:large","max-video-preview":"max-video-preview:-1"},"canonical":"https:\/\/filles-de-la-charite.org\/fr\/famille\/sainte-catherine-laboure\/","og_locale":"fr_FR","og_type":"article","og_title":"Sainte Catherine Labour\u00e9 - Filles de la Charit\u00e9","og_description":"Catherine Labour\u00e9 est une femme tr\u00e8s humaine, une sainte proche de nous. Sa vie extraordinaire est \u00e0 la fois simple et remarquable. Elle a une v\u00e9ritable passion pour Dieu, la Sainte Vierge, saint Vincent et les pauvres. Sa personnalit\u00e9 exceptionnellement riche, toute en simplicit\u00e9 et humilit\u00e9. 1806, 2 mai Naissance \u00e0 Fain-les-Moutiers 1815 Mort de [&hellip;]","og_url":"https:\/\/filles-de-la-charite.org\/fr\/famille\/sainte-catherine-laboure\/","og_site_name":"Filles de la Charit\u00e9","article_modified_time":"2024-03-12T16:43:48+00:00","og_image":[{"width":366,"height":508,"url":"https:\/\/filles-de-la-charite.org\/wp-content\/uploads\/2023\/04\/image19-1.jpg","type":"image\/jpeg"}],"twitter_card":"summary_large_image","twitter_misc":{"Dur\u00e9e de lecture estim\u00e9e":"4 minutes"},"schema":{"@context":"https:\/\/schema.org","@graph":[{"@type":"WebPage","@id":"https:\/\/filles-de-la-charite.org\/fr\/famille\/sainte-catherine-laboure\/","url":"https:\/\/filles-de-la-charite.org\/fr\/famille\/sainte-catherine-laboure\/","name":"Sainte Catherine Labour\u00e9 - Filles de la Charit\u00e9","isPartOf":{"@id":"https:\/\/filles-de-la-charite.org\/fr\/#website"},"primaryImageOfPage":{"@id":"https:\/\/filles-de-la-charite.org\/fr\/famille\/sainte-catherine-laboure\/#primaryimage"},"image":{"@id":"https:\/\/filles-de-la-charite.org\/fr\/famille\/sainte-catherine-laboure\/#primaryimage"},"thumbnailUrl":"https:\/\/filles-de-la-charite.org\/wp-content\/uploads\/2023\/04\/image19-1.jpg","datePublished":"2020-10-21T07:49:00+00:00","dateModified":"2024-03-12T16:43:48+00:00","breadcrumb":{"@id":"https:\/\/filles-de-la-charite.org\/fr\/famille\/sainte-catherine-laboure\/#breadcrumb"},"inLanguage":"fr-FR","potentialAction":[{"@type":"ReadAction","target":["https:\/\/filles-de-la-charite.org\/fr\/famille\/sainte-catherine-laboure\/"]}]},{"@type":"ImageObject","inLanguage":"fr-FR","@id":"https:\/\/filles-de-la-charite.org\/fr\/famille\/sainte-catherine-laboure\/#primaryimage","url":"https:\/\/filles-de-la-charite.org\/wp-content\/uploads\/2023\/04\/image19-1.jpg","contentUrl":"https:\/\/filles-de-la-charite.org\/wp-content\/uploads\/2023\/04\/image19-1.jpg","width":366,"height":508},{"@type":"BreadcrumbList","@id":"https:\/\/filles-de-la-charite.org\/fr\/famille\/sainte-catherine-laboure\/#breadcrumb","itemListElement":[{"@type":"ListItem","position":1,"name":"Notre famille","item":"https:\/\/filles-de-la-charite.org\/fr\/famille\/"},{"@type":"ListItem","position":2,"name":"Sainte Catherine Labour\u00e9"}]},{"@type":"WebSite","@id":"https:\/\/filles-de-la-charite.org\/fr\/#website","url":"https:\/\/filles-de-la-charite.org\/fr\/","name":"Hijas de la Caridad","description":"L\u2019amour de J\u00e9sus nous presse \u00e0 prendre soin des personnes les plus d\u00e9munies","publisher":{"@id":"https:\/\/filles-de-la-charite.org\/fr\/#organization"},"potentialAction":[{"@type":"SearchAction","target":{"@type":"EntryPoint","urlTemplate":"https:\/\/filles-de-la-charite.org\/fr\/?s={search_term_string}"},"query-input":{"@type":"PropertyValueSpecification","valueRequired":true,"valueName":"search_term_string"}}],"inLanguage":"fr-FR"},{"@type":"Organization","@id":"https:\/\/filles-de-la-charite.org\/fr\/#organization","name":"Hijas de la Caridad","url":"https:\/\/filles-de-la-charite.org\/fr\/","logo":{"@type":"ImageObject","inLanguage":"fr-FR","@id":"https:\/\/filles-de-la-charite.org\/fr\/#\/schema\/logo\/image\/","url":"https:\/\/filles-de-la-charite.org\/wp-content\/uploads\/2023\/03\/isotipo-Hijas-de-la-Caridad.png","contentUrl":"https:\/\/filles-de-la-charite.org\/wp-content\/uploads\/2023\/03\/isotipo-Hijas-de-la-Caridad.png","width":1417,"height":1417,"caption":"Hijas de la Caridad"},"image":{"@id":"https:\/\/filles-de-la-charite.org\/fr\/#\/schema\/logo\/image\/"}}]}},"_links":{"self":[{"href":"https:\/\/filles-de-la-charite.org\/fr\/wp-json\/wp\/v2\/familia\/3957","targetHints":{"allow":["GET"]}}],"collection":[{"href":"https:\/\/filles-de-la-charite.org\/fr\/wp-json\/wp\/v2\/familia"}],"about":[{"href":"https:\/\/filles-de-la-charite.org\/fr\/wp-json\/wp\/v2\/types\/familia"}],"wp:featuredmedia":[{"embeddable":true,"href":"https:\/\/filles-de-la-charite.org\/fr\/wp-json\/wp\/v2\/media\/983"}],"wp:attachment":[{"href":"https:\/\/filles-de-la-charite.org\/fr\/wp-json\/wp\/v2\/media?parent=3957"}],"wp:term":[{"taxonomy":"origen","embeddable":true,"href":"https:\/\/filles-de-la-charite.org\/fr\/wp-json\/wp\/v2\/origen?post=3957"}],"curies":[{"name":"wp","href":"https:\/\/api.w.org\/{rel}","templated":true}]}}