{"id":3958,"date":"2020-10-21T12:16:43","date_gmt":"2020-10-21T10:16:43","guid":{"rendered":"https:\/\/hijascaridad.sjdigitaldemo.ovh\/familia\/les-bienheureuses-filles-de-la-charite-martyres-pendant-la-revolution-francaise\/"},"modified":"2023-11-17T23:10:18","modified_gmt":"2023-11-17T22:10:18","slug":"les-bienheureuses-filles-de-la-charite-martyres-pendant-la-revolution-francaise","status":"publish","type":"familia","link":"https:\/\/filles-de-la-charite.org\/fr\/famille\/les-bienheureuses-filles-de-la-charite-martyres-pendant-la-revolution-francaise\/","title":{"rendered":"Les bienheureuses Filles de la Charit\u00e9, martyres pendant la R\u00e9volution Fran\u00e7aise"},"content":{"rendered":"<p>Les Bienheureuses Filles de la Charit\u00e9, S\u0153urs martyres pendant la R\u00e9volution Fran\u00e7aise, ont v\u00e9cu ce que l\u2019Ap\u00f4tre Paul \u00e9crivait aux Romains (8, 35-39) : \u00ab\u00a0Qui pourra nous s\u00e9parer de l\u2019amour du Christ\u00a0?&#8230; ni la mort, ni la vie, \u2026 ni le pr\u00e9sent ni l\u2019avenir\u2026 ni aucune autre cr\u00e9ature, rien ne pourra nous s\u00e9parer de l\u2019amour de Dieu qui est dans le Christ J\u00e9sus notre Seigneur.\u00a0\u00bb<\/p>\n\n\n<p>La R\u00e9volution fran\u00e7aise, qui d\u00e9bute en juillet 1789, souhaite apporter au peuple une am\u00e9lioration de ses conditions de vie, et inscrit dans son programme ses trois mots \u00ab\u00a0Libert\u00e9, Egalite et Fraternit\u00e9\u00a0\u00bb. D\u00e8s ao\u00fbt 1789, les r\u00e9volutionnaires votent l\u2019abolition de tous les privil\u00e8ges dont jouissaient la noblesse et un grand nombre de membres de l\u2019Eglise.<\/p>\n\n\n\n<p>Pour assurer la vie de l\u2019Eglise, apr\u00e8s lui avoir supprim\u00e9 les ressources dont elle jouissait, les R\u00e9volutionnaires r\u00e9digent la Constitution Civile du Clerg\u00e9 et demandent \u00e0 tous les pr\u00eatres d\u2019y adh\u00e9rer. Un serment leur est demand\u00e9. Beaucoup de pr\u00eatres consid\u00e8rent cette Constitution comme une rupture avec Rome et refusent de pr\u00eater ce serment qu\u2019ils consid\u00e8rent comme schismatique. Les pr\u00eatres dits non asserment\u00e9s sont recherch\u00e9s, ils sont dans l\u2019obligation de fuir \u00e0 l\u2019\u00e9tranger ou de se cacher pour \u00e9viter la prison, la mort ou la d\u00e9portation. De nombreux\u00a0chr\u00e9tiens refusent de participer aux messes des pr\u00eatres asserment\u00e9s. Au p\u00e9ril de leur libert\u00e9 et de leur vie, ils cachent ces pr\u00eatres qui poursuivent clandestinement leur apostolat.<\/p>\n\n\n\n<p>Les R\u00e9volutionnaires s\u2019attaquent alors \u00e0 tous ceux qui, \u00e0 leurs yeux, symbolisent la Monarchie et les privil\u00e8ges. Les arrestations se multiplient. En ao\u00fbt 1792, le Roi est emprisonn\u00e9 avec sa famille, les ordres religieux sont tous supprim\u00e9s. La mort du Roi Louis XVI, guillotin\u00e9 le 21 janvier 1793, marque un tournant&nbsp;: les \u00e9v\u00e9nements se pr\u00e9cipitent et provoquent une explosion de violence, la Terreur se r\u00e9pand dans le pays.<\/p>\n\n\n\n<p>Un serment d\u2019adh\u00e9sion \u00e0 la R\u00e9volution, le serment de Libert\u00e9-Egalit\u00e9, est impos\u00e9 \u00e0 tous les anciens membres des Ordres religieux qui accomplissent un service r\u00e9mun\u00e9r\u00e9 par l\u2019Etat. Pr\u00eater ce serment est vu par beaucoup comme une rupture avec l\u2019Eglise, ceux qui le refusent sont consid\u00e9r\u00e9s comme contre-r\u00e9volutionnaires.<\/p>\n\n\n\n<p>Comme beaucoup d\u2019autres religieuses, les Filles de la Charit\u00e9 qui servent les pauvres dans les Maisons de Charit\u00e9 ou les h\u00f4pitaux vont \u00eatre mises en demeure de pr\u00eater ce serment. Elles sont devant un dilemme\u00a0: demeurer fid\u00e8les \u00e0 l\u2019Eglise en refusant le serment, entra\u00eenera l\u2019expulsion de l\u2019h\u00f4pital. Dans ce cas, qui assurera les soins aux malades\u00a0? Demeurer pr\u00e8s des malades en pr\u00eatant le serment, n\u2019est-ce pas se couper de l\u2019Eglise et de la foi chr\u00e9tienne\u00a0?<\/p>\n\n\n\n<p>Le 9 avril 1792, la Sup\u00e9rieure g\u00e9n\u00e9rale des Filles de la Charit\u00e9, S\u0153ur Antoinette Deleau envoie aux S\u0153urs quelques points pour guider leur r\u00e9flexion\u00a0:<\/p>\n\n\n\n<p><em>\u00ab&nbsp;Je vous prie de ne pas abandonner le service des pauvres, si vous n\u2019y \u00eates forc\u00e9es\u2026 Pour pouvoir continuer le service des pauvres, pr\u00eatez-vous \u00e0 tout ce que honn\u00eatement on pourra exiger de vous dans les circonstances pr\u00e9sentes, pourvu qu\u2019il n\u2019y ait<strong> rien contre la religion, l\u2019Eglise et la conscience.&nbsp;\u00bb<\/strong><\/em><\/p>\n\n\n\n<p>L\u2019attitude des r\u00e9volutionnaires varie d\u2019une r\u00e9gion \u00e0 l\u2019autre. Certaines maisons religieuses ne seront pas inqui\u00e9t\u00e9es, d\u2019autres subiront de nombreuses vexations. En certaines r\u00e9gions, les S\u0153urs conna\u00eetront la prison durant de longs mois. A Angers, Dax, Arras, les Filles de la Charit\u00e9 seront amen\u00e9es \u00e0 t\u00e9moigner par leur vie de leur attachement \u00e0 J\u00e9sus-Christ.<\/p>\n","protected":false},"featured_media":1018,"template":"","meta":{"_acf_changed":false,"_et_pb_use_builder":"","_et_pb_old_content":"","_et_gb_content_width":"","_links_to":"","_links_to_target":""},"origen":[],"class_list":["post-3958","familia","type-familia","status-publish","has-post-thumbnail","hentry"],"acf":[],"yoast_head":"<!-- This site is optimized with the Yoast SEO plugin v27.5 - https:\/\/yoast.com\/product\/yoast-seo-wordpress\/ -->\n<title>Les bienheureuses Filles de la Charit\u00e9, martyres pendant la R\u00e9volution Fran\u00e7aise - Filles de la Charit\u00e9<\/title>\n<meta name=\"robots\" content=\"index, follow, max-snippet:-1, max-image-preview:large, max-video-preview:-1\" \/>\n<link rel=\"canonical\" href=\"https:\/\/filles-de-la-charite.org\/fr\/famille\/les-bienheureuses-filles-de-la-charite-martyres-pendant-la-revolution-francaise\/\" \/>\n<meta property=\"og:locale\" content=\"fr_FR\" \/>\n<meta property=\"og:type\" content=\"article\" \/>\n<meta property=\"og:title\" content=\"Les bienheureuses Filles de la Charit\u00e9, martyres pendant la R\u00e9volution Fran\u00e7aise - Filles de la Charit\u00e9\" \/>\n<meta property=\"og:description\" content=\"Les Bienheureuses Filles de la Charit\u00e9, S\u0153urs martyres pendant la R\u00e9volution Fran\u00e7aise, ont v\u00e9cu ce que l\u2019Ap\u00f4tre Paul \u00e9crivait aux Romains (8, 35-39) : \u00ab\u00a0Qui pourra nous s\u00e9parer de l\u2019amour du Christ\u00a0?&#8230; ni la mort, ni la vie, \u2026 ni le pr\u00e9sent ni l\u2019avenir\u2026 ni aucune autre cr\u00e9ature, rien ne pourra nous s\u00e9parer de l\u2019amour [&hellip;]\" \/>\n<meta property=\"og:url\" content=\"https:\/\/filles-de-la-charite.org\/fr\/famille\/les-bienheureuses-filles-de-la-charite-martyres-pendant-la-revolution-francaise\/\" \/>\n<meta property=\"og:site_name\" content=\"Filles de la Charit\u00e9\" \/>\n<meta property=\"article:modified_time\" content=\"2023-11-17T22:10:18+00:00\" \/>\n<meta property=\"og:image\" content=\"https:\/\/filles-de-la-charite.org\/wp-content\/uploads\/2023\/04\/A-linterieur-3-1.png\" \/>\n\t<meta property=\"og:image:width\" content=\"235\" \/>\n\t<meta property=\"og:image:height\" content=\"345\" \/>\n\t<meta property=\"og:image:type\" content=\"image\/png\" \/>\n<meta name=\"twitter:card\" content=\"summary_large_image\" \/>\n<meta name=\"twitter:label1\" content=\"Dur\u00e9e de lecture estim\u00e9e\" \/>\n\t<meta name=\"twitter:data1\" content=\"3 minutes\" \/>\n<script type=\"application\/ld+json\" class=\"yoast-schema-graph\">{\"@context\":\"https:\\\/\\\/schema.org\",\"@graph\":[{\"@type\":\"WebPage\",\"@id\":\"https:\\\/\\\/filles-de-la-charite.org\\\/fr\\\/famille\\\/les-bienheureuses-filles-de-la-charite-martyres-pendant-la-revolution-francaise\\\/\",\"url\":\"https:\\\/\\\/filles-de-la-charite.org\\\/fr\\\/famille\\\/les-bienheureuses-filles-de-la-charite-martyres-pendant-la-revolution-francaise\\\/\",\"name\":\"Les bienheureuses Filles de la Charit\u00e9, martyres pendant la R\u00e9volution Fran\u00e7aise - Filles de la Charit\u00e9\",\"isPartOf\":{\"@id\":\"https:\\\/\\\/filles-de-la-charite.org\\\/fr\\\/#website\"},\"primaryImageOfPage\":{\"@id\":\"https:\\\/\\\/filles-de-la-charite.org\\\/fr\\\/famille\\\/les-bienheureuses-filles-de-la-charite-martyres-pendant-la-revolution-francaise\\\/#primaryimage\"},\"image\":{\"@id\":\"https:\\\/\\\/filles-de-la-charite.org\\\/fr\\\/famille\\\/les-bienheureuses-filles-de-la-charite-martyres-pendant-la-revolution-francaise\\\/#primaryimage\"},\"thumbnailUrl\":\"https:\\\/\\\/filles-de-la-charite.org\\\/wp-content\\\/uploads\\\/2023\\\/04\\\/A-linterieur-3-1.png\",\"datePublished\":\"2020-10-21T10:16:43+00:00\",\"dateModified\":\"2023-11-17T22:10:18+00:00\",\"breadcrumb\":{\"@id\":\"https:\\\/\\\/filles-de-la-charite.org\\\/fr\\\/famille\\\/les-bienheureuses-filles-de-la-charite-martyres-pendant-la-revolution-francaise\\\/#breadcrumb\"},\"inLanguage\":\"fr-FR\",\"potentialAction\":[{\"@type\":\"ReadAction\",\"target\":[\"https:\\\/\\\/filles-de-la-charite.org\\\/fr\\\/famille\\\/les-bienheureuses-filles-de-la-charite-martyres-pendant-la-revolution-francaise\\\/\"]}]},{\"@type\":\"ImageObject\",\"inLanguage\":\"fr-FR\",\"@id\":\"https:\\\/\\\/filles-de-la-charite.org\\\/fr\\\/famille\\\/les-bienheureuses-filles-de-la-charite-martyres-pendant-la-revolution-francaise\\\/#primaryimage\",\"url\":\"https:\\\/\\\/filles-de-la-charite.org\\\/wp-content\\\/uploads\\\/2023\\\/04\\\/A-linterieur-3-1.png\",\"contentUrl\":\"https:\\\/\\\/filles-de-la-charite.org\\\/wp-content\\\/uploads\\\/2023\\\/04\\\/A-linterieur-3-1.png\",\"width\":235,\"height\":345},{\"@type\":\"BreadcrumbList\",\"@id\":\"https:\\\/\\\/filles-de-la-charite.org\\\/fr\\\/famille\\\/les-bienheureuses-filles-de-la-charite-martyres-pendant-la-revolution-francaise\\\/#breadcrumb\",\"itemListElement\":[{\"@type\":\"ListItem\",\"position\":1,\"name\":\"Notre famille\",\"item\":\"https:\\\/\\\/filles-de-la-charite.org\\\/fr\\\/famille\\\/\"},{\"@type\":\"ListItem\",\"position\":2,\"name\":\"Les bienheureuses Filles de la Charit\u00e9, martyres pendant la R\u00e9volution Fran\u00e7aise\"}]},{\"@type\":\"WebSite\",\"@id\":\"https:\\\/\\\/filles-de-la-charite.org\\\/fr\\\/#website\",\"url\":\"https:\\\/\\\/filles-de-la-charite.org\\\/fr\\\/\",\"name\":\"Hijas de la Caridad\",\"description\":\"L\u2019amour de J\u00e9sus nous presse \u00e0 prendre soin des personnes les plus d\u00e9munies\",\"publisher\":{\"@id\":\"https:\\\/\\\/filles-de-la-charite.org\\\/fr\\\/#organization\"},\"potentialAction\":[{\"@type\":\"SearchAction\",\"target\":{\"@type\":\"EntryPoint\",\"urlTemplate\":\"https:\\\/\\\/filles-de-la-charite.org\\\/fr\\\/?s={search_term_string}\"},\"query-input\":{\"@type\":\"PropertyValueSpecification\",\"valueRequired\":true,\"valueName\":\"search_term_string\"}}],\"inLanguage\":\"fr-FR\"},{\"@type\":\"Organization\",\"@id\":\"https:\\\/\\\/filles-de-la-charite.org\\\/fr\\\/#organization\",\"name\":\"Hijas de la Caridad\",\"url\":\"https:\\\/\\\/filles-de-la-charite.org\\\/fr\\\/\",\"logo\":{\"@type\":\"ImageObject\",\"inLanguage\":\"fr-FR\",\"@id\":\"https:\\\/\\\/filles-de-la-charite.org\\\/fr\\\/#\\\/schema\\\/logo\\\/image\\\/\",\"url\":\"https:\\\/\\\/filles-de-la-charite.org\\\/wp-content\\\/uploads\\\/2023\\\/03\\\/isotipo-Hijas-de-la-Caridad.png\",\"contentUrl\":\"https:\\\/\\\/filles-de-la-charite.org\\\/wp-content\\\/uploads\\\/2023\\\/03\\\/isotipo-Hijas-de-la-Caridad.png\",\"width\":1417,\"height\":1417,\"caption\":\"Hijas de la Caridad\"},\"image\":{\"@id\":\"https:\\\/\\\/filles-de-la-charite.org\\\/fr\\\/#\\\/schema\\\/logo\\\/image\\\/\"}}]}<\/script>\n<!-- \/ Yoast SEO plugin. -->","yoast_head_json":{"title":"Les bienheureuses Filles de la Charit\u00e9, martyres pendant la R\u00e9volution Fran\u00e7aise - Filles de la Charit\u00e9","robots":{"index":"index","follow":"follow","max-snippet":"max-snippet:-1","max-image-preview":"max-image-preview:large","max-video-preview":"max-video-preview:-1"},"canonical":"https:\/\/filles-de-la-charite.org\/fr\/famille\/les-bienheureuses-filles-de-la-charite-martyres-pendant-la-revolution-francaise\/","og_locale":"fr_FR","og_type":"article","og_title":"Les bienheureuses Filles de la Charit\u00e9, martyres pendant la R\u00e9volution Fran\u00e7aise - Filles de la Charit\u00e9","og_description":"Les Bienheureuses Filles de la Charit\u00e9, S\u0153urs martyres pendant la R\u00e9volution Fran\u00e7aise, ont v\u00e9cu ce que l\u2019Ap\u00f4tre Paul \u00e9crivait aux Romains (8, 35-39) : \u00ab\u00a0Qui pourra nous s\u00e9parer de l\u2019amour du Christ\u00a0?&#8230; ni la mort, ni la vie, \u2026 ni le pr\u00e9sent ni l\u2019avenir\u2026 ni aucune autre cr\u00e9ature, rien ne pourra nous s\u00e9parer de l\u2019amour [&hellip;]","og_url":"https:\/\/filles-de-la-charite.org\/fr\/famille\/les-bienheureuses-filles-de-la-charite-martyres-pendant-la-revolution-francaise\/","og_site_name":"Filles de la Charit\u00e9","article_modified_time":"2023-11-17T22:10:18+00:00","og_image":[{"width":235,"height":345,"url":"https:\/\/filles-de-la-charite.org\/wp-content\/uploads\/2023\/04\/A-linterieur-3-1.png","type":"image\/png"}],"twitter_card":"summary_large_image","twitter_misc":{"Dur\u00e9e de lecture estim\u00e9e":"3 minutes"},"schema":{"@context":"https:\/\/schema.org","@graph":[{"@type":"WebPage","@id":"https:\/\/filles-de-la-charite.org\/fr\/famille\/les-bienheureuses-filles-de-la-charite-martyres-pendant-la-revolution-francaise\/","url":"https:\/\/filles-de-la-charite.org\/fr\/famille\/les-bienheureuses-filles-de-la-charite-martyres-pendant-la-revolution-francaise\/","name":"Les bienheureuses Filles de la Charit\u00e9, martyres pendant la R\u00e9volution Fran\u00e7aise - Filles de la Charit\u00e9","isPartOf":{"@id":"https:\/\/filles-de-la-charite.org\/fr\/#website"},"primaryImageOfPage":{"@id":"https:\/\/filles-de-la-charite.org\/fr\/famille\/les-bienheureuses-filles-de-la-charite-martyres-pendant-la-revolution-francaise\/#primaryimage"},"image":{"@id":"https:\/\/filles-de-la-charite.org\/fr\/famille\/les-bienheureuses-filles-de-la-charite-martyres-pendant-la-revolution-francaise\/#primaryimage"},"thumbnailUrl":"https:\/\/filles-de-la-charite.org\/wp-content\/uploads\/2023\/04\/A-linterieur-3-1.png","datePublished":"2020-10-21T10:16:43+00:00","dateModified":"2023-11-17T22:10:18+00:00","breadcrumb":{"@id":"https:\/\/filles-de-la-charite.org\/fr\/famille\/les-bienheureuses-filles-de-la-charite-martyres-pendant-la-revolution-francaise\/#breadcrumb"},"inLanguage":"fr-FR","potentialAction":[{"@type":"ReadAction","target":["https:\/\/filles-de-la-charite.org\/fr\/famille\/les-bienheureuses-filles-de-la-charite-martyres-pendant-la-revolution-francaise\/"]}]},{"@type":"ImageObject","inLanguage":"fr-FR","@id":"https:\/\/filles-de-la-charite.org\/fr\/famille\/les-bienheureuses-filles-de-la-charite-martyres-pendant-la-revolution-francaise\/#primaryimage","url":"https:\/\/filles-de-la-charite.org\/wp-content\/uploads\/2023\/04\/A-linterieur-3-1.png","contentUrl":"https:\/\/filles-de-la-charite.org\/wp-content\/uploads\/2023\/04\/A-linterieur-3-1.png","width":235,"height":345},{"@type":"BreadcrumbList","@id":"https:\/\/filles-de-la-charite.org\/fr\/famille\/les-bienheureuses-filles-de-la-charite-martyres-pendant-la-revolution-francaise\/#breadcrumb","itemListElement":[{"@type":"ListItem","position":1,"name":"Notre famille","item":"https:\/\/filles-de-la-charite.org\/fr\/famille\/"},{"@type":"ListItem","position":2,"name":"Les bienheureuses Filles de la Charit\u00e9, martyres pendant la R\u00e9volution Fran\u00e7aise"}]},{"@type":"WebSite","@id":"https:\/\/filles-de-la-charite.org\/fr\/#website","url":"https:\/\/filles-de-la-charite.org\/fr\/","name":"Hijas de la Caridad","description":"L\u2019amour de J\u00e9sus nous presse \u00e0 prendre soin des personnes les plus d\u00e9munies","publisher":{"@id":"https:\/\/filles-de-la-charite.org\/fr\/#organization"},"potentialAction":[{"@type":"SearchAction","target":{"@type":"EntryPoint","urlTemplate":"https:\/\/filles-de-la-charite.org\/fr\/?s={search_term_string}"},"query-input":{"@type":"PropertyValueSpecification","valueRequired":true,"valueName":"search_term_string"}}],"inLanguage":"fr-FR"},{"@type":"Organization","@id":"https:\/\/filles-de-la-charite.org\/fr\/#organization","name":"Hijas de la Caridad","url":"https:\/\/filles-de-la-charite.org\/fr\/","logo":{"@type":"ImageObject","inLanguage":"fr-FR","@id":"https:\/\/filles-de-la-charite.org\/fr\/#\/schema\/logo\/image\/","url":"https:\/\/filles-de-la-charite.org\/wp-content\/uploads\/2023\/03\/isotipo-Hijas-de-la-Caridad.png","contentUrl":"https:\/\/filles-de-la-charite.org\/wp-content\/uploads\/2023\/03\/isotipo-Hijas-de-la-Caridad.png","width":1417,"height":1417,"caption":"Hijas de la Caridad"},"image":{"@id":"https:\/\/filles-de-la-charite.org\/fr\/#\/schema\/logo\/image\/"}}]}},"_links":{"self":[{"href":"https:\/\/filles-de-la-charite.org\/fr\/wp-json\/wp\/v2\/familia\/3958","targetHints":{"allow":["GET"]}}],"collection":[{"href":"https:\/\/filles-de-la-charite.org\/fr\/wp-json\/wp\/v2\/familia"}],"about":[{"href":"https:\/\/filles-de-la-charite.org\/fr\/wp-json\/wp\/v2\/types\/familia"}],"wp:featuredmedia":[{"embeddable":true,"href":"https:\/\/filles-de-la-charite.org\/fr\/wp-json\/wp\/v2\/media\/1018"}],"wp:attachment":[{"href":"https:\/\/filles-de-la-charite.org\/fr\/wp-json\/wp\/v2\/media?parent=3958"}],"wp:term":[{"taxonomy":"origen","embeddable":true,"href":"https:\/\/filles-de-la-charite.org\/fr\/wp-json\/wp\/v2\/origen?post=3958"}],"curies":[{"name":"wp","href":"https:\/\/api.w.org\/{rel}","templated":true}]}}