{"id":3980,"date":"2020-10-30T11:44:48","date_gmt":"2020-10-30T10:44:48","guid":{"rendered":"https:\/\/hijascaridad.sjdigitaldemo.ovh\/familia\/les-soeurs-martyres-du-xxe-siecle\/"},"modified":"2024-03-09T12:50:19","modified_gmt":"2024-03-09T11:50:19","slug":"les-soeurs-martyres-du-xxe-siecle","status":"publish","type":"familia","link":"https:\/\/filles-de-la-charite.org\/fr\/famille\/les-soeurs-martyres-du-xxe-siecle\/","title":{"rendered":"Les Soeurs Martyres du XXe si\u00e8cle"},"content":{"rendered":"\n<p><em>Selon les centaines d\u2019\u00e9tudes consacr\u00e9es \u00e0 la fureur fratricide qui a saisi l\u2019Espagne en 1936, au moins 7&nbsp;500 pr\u00eatres et religieuses ont \u00e9t\u00e9 assassin\u00e9s, ainsi que 13 \u00e9v\u00eaques.<\/em><\/p>\n\n\n\n<p>Des centaines ont d\u00e9j\u00e0 \u00e9t\u00e9 b\u00e9atifi\u00e9s, d\u2019autres, canonis\u00e9s. La reconnaissance officielle de leur martyre \u00e9tait tr\u00e8s attendue. Le dimanche 13 octobre 2013, \u00e0 Tarragone (Espagne), a eu lieu la b\u00e9atification de 522 espagnols, t\u00e9moins de la foi, dont 27 Filles de la Charit\u00e9 et une Fille de Marie qui fut b\u00e9atifi\u00e9e avec nos S\u0153urs. Toutes ont consacr\u00e9 enti\u00e8rement leur vie \u00e0 Dieu pour le servir dans les pauvres, fid\u00e8les \u00e0 l\u2019Evangile et au charisme de la Compagnie. Elles savaient que la proph\u00e9tie de J\u00e9sus pouvait se r\u00e9aliser :<\/p>\n\n\n\n<figure class=\"wp-block-image aligncenter size-large is-resized is-style-default\"><a href=\"https:\/\/filles-de-la-charite.org\/wp-content\/uploads\/2023\/04\/martires_1-1.jpg\" data-rel=\"lightbox-image-0\" data-rl_title=\"\" data-rl_caption=\"\" title=\"\"><img decoding=\"async\" src=\"https:\/\/filles-de-la-charite.org\/wp-content\/uploads\/2023\/04\/martires_1-1.jpg\" alt=\"\" class=\"wp-image-49901\"\/><\/a><\/figure>\n\n\n\n<blockquote class=\"wp-block-quote is-style-default is-layout-flow wp-block-quote-is-layout-flow\">\n<p>\u00ab&nbsp;Rappelez-vous la parole que je vous ai dite&nbsp;: un serviteur n\u2019est pas plus grand que son ma\u00eetre. Si l\u2019on m\u2019a pers\u00e9cut\u00e9, on vous pers\u00e9cutera, vous aussi\u2026&nbsp;\u00bb.<\/p>\n<cite>( Jn 15,20)<\/cite><\/blockquote>\n\n\n\n<h2 class=\"wp-block-heading\">Martyres de la foi<\/h2>\n\n\n\n<p>Elles ont pressenti la pers\u00e9cution \u00e0 venir et ont pri\u00e9 avec foi pour recevoir l\u2019aide de l\u2019Esprit Saint. L\u2019Eucharistie leur a donn\u00e9 force et nourriture et les a pr\u00e9par\u00e9es \u00e0 t\u00e9moigner de leur foi, de leur esp\u00e9rance et de leur charit\u00e9. Leur crime \u00e9tait d&rsquo;\u00eatre Filles de la Charit\u00e9, en attitude de servantes pour gu\u00e9rir, soigner, \u00e9duquer, accueillir, guider et r\u00e9aliser de bonnes actions, \u00e0 la mani\u00e8re de J\u00e9sus de Nazareth. Elles n\u2019\u00e9taient impliqu\u00e9es dans aucune action politique. Elles furent uniquement pers\u00e9cut\u00e9es pour leur condition de femmes consacr\u00e9es \u00e0 Dieu. Pendant les trente ann\u00e9es qui ont suivi leur martyre jusqu\u2019au sang, ces S\u0153urs ont \u00e9t\u00e9 de v\u00e9ritables semences pour de futures vocations. Nous esp\u00e9rons que la prise de conscience de leur t\u00e9moignage de foi tracera de nouveaux sillons et fera germer des graines de foi et de charit\u00e9. L\u2019essentiel est d\u2019orienter la tendance mat\u00e9rialiste et de confort, vers la foi et le bonheur dans l\u2019engagement de \u00ab&nbsp;tout quitter&nbsp;\u00bb pour devenir des ap\u00f4tres de la charit\u00e9.<\/p>\n\n\n\n<figure class=\"wp-block-image aligncenter size-medium\"><a href=\"https:\/\/filles-de-la-charite.org\/wp-content\/uploads\/2023\/04\/martires-1-1.jpg\" data-rel=\"lightbox-image-1\" data-rl_title=\"\" data-rl_caption=\"\" title=\"\"><img decoding=\"async\" src=\"https:\/\/filles-de-la-charite.org\/wp-content\/uploads\/2023\/04\/martires-1-1.jpg\" alt=\"\" class=\"wp-image-49911\"\/><\/a><\/figure>\n\n\n\n<p><strong>Leurs noms, la mission, les lieux et dates de martyre :<\/strong><\/p>\n\n\n\n<p><strong>. Leganes, Madrid<\/strong><\/p>\n\n\n\n<p><strong>&#8211; Coll\u00e8ge de l\u2019Immacul\u00e9e<\/strong> <strong>(\u2d15 12 ao\u00fbt 1936)<\/strong>&nbsp;: S\u0153ur Melchora de la Adoracion Cortes Bueno, S\u0153ur Maria Severina Diaz-Pardo Gauna et S\u0153ur Estefania Saldana Mayoral.<\/p>\n\n\n\n<p><strong>&#8211; H\u00f4pital psychiatrique de Santa Isabel<\/strong>&nbsp;: S\u0153ur Maria Dolores Barroso Villasenor et S\u0153ur Maria Asuncion Mayoral Pena qui s\u2019\u00e9tait r\u00e9fugi\u00e9e \u00e0 l\u2019h\u00f4pital mais venait de l\u2019Accueil des aveugles \u00e0 Madrid.<\/p>\n\n\n\n<p><strong>. H\u00f4pital Antituberculeux El Neveral, Jaen&nbsp;<\/strong><\/p>\n\n\n\n<p>Elles ont \u00e9t\u00e9 pers\u00e9cut\u00e9es et mises dans le \u00ab&nbsp;train de la mort&nbsp;\u00bb, transport\u00e9es \u00e0 Madrid puis \u00e0 Vallecas <strong>(\u2d15 12 ao\u00fbt 1936)<\/strong>&nbsp;: S\u0153ur Ramona Cao Fernandez et S\u0153ur Juana Perez Abascal.<\/p>\n\n\n\n<p><strong>. Asylum San Eugenio -Valence<\/strong><\/p>\n\n\n\n<p>R\u00e9fugi\u00e9es \u00e0 Puzol, dans la maison de la famille de l\u2019une d\u2019elles, o\u00f9 elles ont assist\u00e9 \u00e0 l\u2019Eucharistie c\u00e9l\u00e9br\u00e9e par un franciscain, \u00e9galement r\u00e9fugi\u00e9. Ce fut la cause de leur mort (<strong>\u2d15 19 ao\u00fbt 1936<\/strong>)&nbsp;: S\u0153ur Maria Rosario Ciercoles Gascon, S\u0153ur Maria Luisa Bermudez Ruiz et S\u0153ur Micaela Hernan Martinez.<\/p>\n\n\n\n<p><strong>. Maison Mercy &#8211; Albacete<\/strong><\/p>\n\n\n\n<p>Expuls\u00e9es par les autorit\u00e9s et menac\u00e9es de mort, elles ont trouv\u00e9 refuge \u00e0 Madrid, dans la maison d&rsquo;un parent de la S\u0153ur Servante. Trois d\u2019entre elles ont cherch\u00e9 de l\u2019aide dans la famille d\u2019une autre S\u0153ur de Vallecas. Elles n\u2019ont pas \u00e9t\u00e9 re\u00e7ues et furent brutalement martyris\u00e9es (<strong>\u2d15 3 septembre<\/strong> <strong>1936<\/strong>)&nbsp;: S\u0153ur Dolores Ursula Caro Martin, S\u0153ur Andrea Calle Gonzalez et S\u0153ur Concepcion Perez Giral.<\/p>\n\n\n\n<p><strong>. H\u00f4pital et \u00e9coles de Segorbe (Castellon)<\/strong><\/p>\n\n\n\n<p>La communaut\u00e9 a \u00e9t\u00e9 expuls\u00e9e. Elles ont trouv\u00e9 refuge dans un ancien orphelinat. Lorsque S\u0153ur Martina Vazquez Gordo, la S\u0153ur Servante, fut arr\u00eat\u00e9e, elle a demand\u00e9 que les autres S\u0153urs servent d\u2019\u00e9change et soient lib\u00e9r\u00e9es. Elle fut la seule martyre (<strong>\u2d15 <strong>4 octobre<\/strong> 1936<\/strong>).<\/p>\n\n\n\n<p><strong>. H\u00f4pital g\u00e9n\u00e9ral &#8211; Valence<\/strong><\/p>\n\n\n\n<p>La communaut\u00e9 a \u00e9t\u00e9 expuls\u00e9e et dissoute, S\u0153ur Josefa Martinez Perez s\u2019est r\u00e9fugi\u00e9e dans sa maison familiale \u00e0 Alberic (Valencia). Sa famille a \u00e9t\u00e9 pers\u00e9cut\u00e9e et elle offre de mourir \u00e0 la place de sa s\u0153ur, une veuve, parce que son mari a d\u00e9j\u00e0 \u00e9t\u00e9 tu\u00e9 et qu&rsquo;elle attendait un enfant. Ils ont accept\u00e9 son offre et elle est morte martyre de la foi et de la charit\u00e9  <strong>(\u2d15 14&nbsp;octobre 1936)<\/strong>.<\/p>\n\n\n\n<p><strong>. Maison de la Charit\u00e9 &#8211; Valence<\/strong><\/p>\n\n\n\n<p>Les S\u0153urs ont \u00e9t\u00e9 jet\u00e9es hors de la maison. Certaines d\u2019entre elles ont trouv\u00e9 refuge dans une maison de leur famille, o\u00f9 se trouvaient deux pr\u00eatres, eux aussi r\u00e9fugi\u00e9s. Ils ont c\u00e9l\u00e9br\u00e9 l\u2019Eucharistie secr\u00e8tement. Ce fut leur seul crime et la cause du martyre \u00e0 Gilet (Valence)&nbsp;: S\u0153ur Joaquina Rey Aguirre et S\u0153ur Victoria Arregui Guinea <strong>(\u2d15 29 octobre 1936)<\/strong>.<\/p>\n\n\n\n<p><strong>. H\u00f4pital maternel de Santa Cristina &#8211; Madrid<\/strong><\/p>\n\n\n\n<p>S\u0153ur Modesta Moro Briz et S\u0153ur Pilar Isabel Sanchez Suarez ont souffert le martyre. Elles ont trouv\u00e9 refuge dans une auberge situ\u00e9e dans le centre de Madrid. En la f\u00eate de la Toussaint, \u2026 Au moment de quitter la maison, elles ont \u00e9t\u00e9 arr\u00eat\u00e9es et condamn\u00e9es \u00e0 mourir pour un Tribunal populaire (<strong>\u2d15 31 octobre<\/strong> <strong>1936<\/strong>).<\/p>\n\n\n\n<p><strong>. H\u00f4pitaux d\u2019Atocha et de Carabanchel &#8211; Madrid<\/strong> S\u0153ur Josefa Girones Arteta et S\u0153ur Lorenza Diaz Bolanos furent confront\u00e9es \u00e0 des propositions immorales de leurs pers\u00e9cuteurs. Elles ont \u00e9t\u00e9 tu\u00e9es pour leur fid\u00e9lit\u00e9 \u00e0 leur foi et \u00e0 leur vocation <strong>(<strong>\u2d15 22 novembre 1936<\/strong>).<\/strong><\/p>\n\n\n\n<p><strong>. El Carmen Ecole de Betera &#8211; Valence<\/strong><\/p>\n\n\n\n<p>La communaut\u00e9 s&rsquo;est r\u00e9fugi\u00e9e dans une auberge de jeunesse, \u00e0 Valence. Dolores Broseta, Fille de Marie, leur a apport\u00e9, chaque jour, le repas que d&rsquo;anciens \u00e9l\u00e8ves avaient pr\u00e9par\u00e9 pour les S\u0153urs. Un jour, les milices qui \u00e9taient \u00e0 la recherche des S\u0153urs, la suivirent et trouv\u00e8rent les S\u0153urs. Toute la communaut\u00e9 fut assassin\u00e9e&nbsp;: S\u0153ur Josefa Laborra Goyeneche, S\u0153ur Carmen Rodriguez Barazal, S\u0153ur Estefania Irisarri Irigaray, S\u0153ur Maria Pilar Nalda Franco, S\u0153ur Isidora Izquierdo Garcia et S\u0153ur Dolores Broseta Bonet, la Fille de Marie qui leur a fourni la nourriture (<strong>\u2d15 9 d\u00e9cembre 1936<\/strong>).<\/p>\n\n\n\n<p><strong>. De Porto Rico \u00e0 Madrid et de Madrid au ciel&nbsp;: <\/strong>S\u0153ur Gaudencia Benavides Herrero fut longtemps missionnaire \u00e0 Porto Rico. Elle est arriv\u00e9e en Espagne pour prendre soin de sa maladie de c\u0153ur. Identifi\u00e9e comme S\u0153ur, elle fut arr\u00eat\u00e9e et plac\u00e9e dans trois prisons diff\u00e9rentes o\u00f9 elle subit de tr\u00e8s mauvais traitements. Son corps \u00e9tait couvert de multiples blessures. Elle a refus\u00e9 les soins m\u00e9dicaux n\u00e9cessaires. Elle est morte en rendant t\u00e9moignage \u00e0 J\u00e9sus-Christ et en accordant son pardon \u00e0 ses bourreaux (<strong>\u2d15 11 f\u00e9vrier 1937<\/strong>).<\/p>\n\n\n\n<p>Nos martyres sont mortes, confessant avec courage leur foi en J\u00e9sus-Christ. Elles ont pardonn\u00e9 \u00e0 leurs pers\u00e9cuteurs et ont chacune remis leur vie entre les mains du P\u00e8re. Elles ont suivi les enseignements du Christ dont elles furent les t\u00e9moins dans leur vie et leurs actions. Elles ont pr\u00e9f\u00e9r\u00e9 mourir plut\u00f4t que de renoncer \u00e0 lui. Puissions-nous vivre notre foi avec la m\u00eame audace et ce courage exemplaire.<\/p>\n","protected":false},"featured_media":1127,"template":"","meta":{"_acf_changed":false,"_et_pb_use_builder":"","_et_pb_old_content":"","_et_gb_content_width":"","_links_to":"","_links_to_target":""},"origen":[],"class_list":["post-3980","familia","type-familia","status-publish","has-post-thumbnail","hentry"],"acf":[],"yoast_head":"<!-- This site is optimized with the Yoast SEO plugin v27.5 - https:\/\/yoast.com\/product\/yoast-seo-wordpress\/ -->\n<title>Les Soeurs Martyres du XXe si\u00e8cle - Filles de la Charit\u00e9<\/title>\n<meta name=\"robots\" content=\"index, follow, max-snippet:-1, max-image-preview:large, max-video-preview:-1\" \/>\n<link rel=\"canonical\" href=\"https:\/\/filles-de-la-charite.org\/fr\/famille\/les-soeurs-martyres-du-xxe-siecle\/\" \/>\n<meta property=\"og:locale\" content=\"fr_FR\" \/>\n<meta property=\"og:type\" content=\"article\" \/>\n<meta property=\"og:title\" content=\"Les Soeurs Martyres du XXe si\u00e8cle - Filles de la Charit\u00e9\" \/>\n<meta property=\"og:description\" content=\"Selon les centaines d\u2019\u00e9tudes consacr\u00e9es \u00e0 la fureur fratricide qui a saisi l\u2019Espagne en 1936, au moins 7&nbsp;500 pr\u00eatres et religieuses ont \u00e9t\u00e9 assassin\u00e9s, ainsi que 13 \u00e9v\u00eaques. Des centaines ont d\u00e9j\u00e0 \u00e9t\u00e9 b\u00e9atifi\u00e9s, d\u2019autres, canonis\u00e9s. La reconnaissance officielle de leur martyre \u00e9tait tr\u00e8s attendue. Le dimanche 13 octobre 2013, \u00e0 Tarragone (Espagne), a eu [&hellip;]\" \/>\n<meta property=\"og:url\" content=\"https:\/\/filles-de-la-charite.org\/fr\/famille\/les-soeurs-martyres-du-xxe-siecle\/\" \/>\n<meta property=\"og:site_name\" content=\"Filles de la Charit\u00e9\" \/>\n<meta property=\"article:modified_time\" content=\"2024-03-09T11:50:19+00:00\" \/>\n<meta property=\"og:image\" content=\"https:\/\/filles-de-la-charite.org\/wp-content\/uploads\/2023\/04\/Soeurs-Martyres-du-20e-siecle-1.png\" \/>\n\t<meta property=\"og:image:width\" content=\"590\" \/>\n\t<meta property=\"og:image:height\" content=\"781\" \/>\n\t<meta property=\"og:image:type\" content=\"image\/png\" \/>\n<meta name=\"twitter:card\" content=\"summary_large_image\" \/>\n<meta name=\"twitter:label1\" content=\"Dur\u00e9e de lecture estim\u00e9e\" \/>\n\t<meta name=\"twitter:data1\" content=\"6 minutes\" \/>\n<script type=\"application\/ld+json\" class=\"yoast-schema-graph\">{\"@context\":\"https:\\\/\\\/schema.org\",\"@graph\":[{\"@type\":\"WebPage\",\"@id\":\"https:\\\/\\\/filles-de-la-charite.org\\\/fr\\\/famille\\\/les-soeurs-martyres-du-xxe-siecle\\\/\",\"url\":\"https:\\\/\\\/filles-de-la-charite.org\\\/fr\\\/famille\\\/les-soeurs-martyres-du-xxe-siecle\\\/\",\"name\":\"Les Soeurs Martyres du XXe si\u00e8cle - Filles de la Charit\u00e9\",\"isPartOf\":{\"@id\":\"https:\\\/\\\/filles-de-la-charite.org\\\/fr\\\/#website\"},\"primaryImageOfPage\":{\"@id\":\"https:\\\/\\\/filles-de-la-charite.org\\\/fr\\\/famille\\\/les-soeurs-martyres-du-xxe-siecle\\\/#primaryimage\"},\"image\":{\"@id\":\"https:\\\/\\\/filles-de-la-charite.org\\\/fr\\\/famille\\\/les-soeurs-martyres-du-xxe-siecle\\\/#primaryimage\"},\"thumbnailUrl\":\"https:\\\/\\\/filles-de-la-charite.org\\\/wp-content\\\/uploads\\\/2023\\\/04\\\/Soeurs-Martyres-du-20e-siecle-1.png\",\"datePublished\":\"2020-10-30T10:44:48+00:00\",\"dateModified\":\"2024-03-09T11:50:19+00:00\",\"breadcrumb\":{\"@id\":\"https:\\\/\\\/filles-de-la-charite.org\\\/fr\\\/famille\\\/les-soeurs-martyres-du-xxe-siecle\\\/#breadcrumb\"},\"inLanguage\":\"fr-FR\",\"potentialAction\":[{\"@type\":\"ReadAction\",\"target\":[\"https:\\\/\\\/filles-de-la-charite.org\\\/fr\\\/famille\\\/les-soeurs-martyres-du-xxe-siecle\\\/\"]}]},{\"@type\":\"ImageObject\",\"inLanguage\":\"fr-FR\",\"@id\":\"https:\\\/\\\/filles-de-la-charite.org\\\/fr\\\/famille\\\/les-soeurs-martyres-du-xxe-siecle\\\/#primaryimage\",\"url\":\"https:\\\/\\\/filles-de-la-charite.org\\\/wp-content\\\/uploads\\\/2023\\\/04\\\/Soeurs-Martyres-du-20e-siecle-1.png\",\"contentUrl\":\"https:\\\/\\\/filles-de-la-charite.org\\\/wp-content\\\/uploads\\\/2023\\\/04\\\/Soeurs-Martyres-du-20e-siecle-1.png\",\"width\":590,\"height\":781},{\"@type\":\"BreadcrumbList\",\"@id\":\"https:\\\/\\\/filles-de-la-charite.org\\\/fr\\\/famille\\\/les-soeurs-martyres-du-xxe-siecle\\\/#breadcrumb\",\"itemListElement\":[{\"@type\":\"ListItem\",\"position\":1,\"name\":\"Notre famille\",\"item\":\"https:\\\/\\\/filles-de-la-charite.org\\\/fr\\\/famille\\\/\"},{\"@type\":\"ListItem\",\"position\":2,\"name\":\"Les Soeurs Martyres du XXe si\u00e8cle\"}]},{\"@type\":\"WebSite\",\"@id\":\"https:\\\/\\\/filles-de-la-charite.org\\\/fr\\\/#website\",\"url\":\"https:\\\/\\\/filles-de-la-charite.org\\\/fr\\\/\",\"name\":\"Hijas de la Caridad\",\"description\":\"L\u2019amour de J\u00e9sus nous presse \u00e0 prendre soin des personnes les plus d\u00e9munies\",\"publisher\":{\"@id\":\"https:\\\/\\\/filles-de-la-charite.org\\\/fr\\\/#organization\"},\"potentialAction\":[{\"@type\":\"SearchAction\",\"target\":{\"@type\":\"EntryPoint\",\"urlTemplate\":\"https:\\\/\\\/filles-de-la-charite.org\\\/fr\\\/?s={search_term_string}\"},\"query-input\":{\"@type\":\"PropertyValueSpecification\",\"valueRequired\":true,\"valueName\":\"search_term_string\"}}],\"inLanguage\":\"fr-FR\"},{\"@type\":\"Organization\",\"@id\":\"https:\\\/\\\/filles-de-la-charite.org\\\/fr\\\/#organization\",\"name\":\"Hijas de la Caridad\",\"url\":\"https:\\\/\\\/filles-de-la-charite.org\\\/fr\\\/\",\"logo\":{\"@type\":\"ImageObject\",\"inLanguage\":\"fr-FR\",\"@id\":\"https:\\\/\\\/filles-de-la-charite.org\\\/fr\\\/#\\\/schema\\\/logo\\\/image\\\/\",\"url\":\"https:\\\/\\\/filles-de-la-charite.org\\\/wp-content\\\/uploads\\\/2023\\\/03\\\/isotipo-Hijas-de-la-Caridad.png\",\"contentUrl\":\"https:\\\/\\\/filles-de-la-charite.org\\\/wp-content\\\/uploads\\\/2023\\\/03\\\/isotipo-Hijas-de-la-Caridad.png\",\"width\":1417,\"height\":1417,\"caption\":\"Hijas de la Caridad\"},\"image\":{\"@id\":\"https:\\\/\\\/filles-de-la-charite.org\\\/fr\\\/#\\\/schema\\\/logo\\\/image\\\/\"}}]}<\/script>\n<!-- \/ Yoast SEO plugin. -->","yoast_head_json":{"title":"Les Soeurs Martyres du XXe si\u00e8cle - Filles de la Charit\u00e9","robots":{"index":"index","follow":"follow","max-snippet":"max-snippet:-1","max-image-preview":"max-image-preview:large","max-video-preview":"max-video-preview:-1"},"canonical":"https:\/\/filles-de-la-charite.org\/fr\/famille\/les-soeurs-martyres-du-xxe-siecle\/","og_locale":"fr_FR","og_type":"article","og_title":"Les Soeurs Martyres du XXe si\u00e8cle - Filles de la Charit\u00e9","og_description":"Selon les centaines d\u2019\u00e9tudes consacr\u00e9es \u00e0 la fureur fratricide qui a saisi l\u2019Espagne en 1936, au moins 7&nbsp;500 pr\u00eatres et religieuses ont \u00e9t\u00e9 assassin\u00e9s, ainsi que 13 \u00e9v\u00eaques. Des centaines ont d\u00e9j\u00e0 \u00e9t\u00e9 b\u00e9atifi\u00e9s, d\u2019autres, canonis\u00e9s. La reconnaissance officielle de leur martyre \u00e9tait tr\u00e8s attendue. Le dimanche 13 octobre 2013, \u00e0 Tarragone (Espagne), a eu [&hellip;]","og_url":"https:\/\/filles-de-la-charite.org\/fr\/famille\/les-soeurs-martyres-du-xxe-siecle\/","og_site_name":"Filles de la Charit\u00e9","article_modified_time":"2024-03-09T11:50:19+00:00","og_image":[{"width":590,"height":781,"url":"https:\/\/filles-de-la-charite.org\/wp-content\/uploads\/2023\/04\/Soeurs-Martyres-du-20e-siecle-1.png","type":"image\/png"}],"twitter_card":"summary_large_image","twitter_misc":{"Dur\u00e9e de lecture estim\u00e9e":"6 minutes"},"schema":{"@context":"https:\/\/schema.org","@graph":[{"@type":"WebPage","@id":"https:\/\/filles-de-la-charite.org\/fr\/famille\/les-soeurs-martyres-du-xxe-siecle\/","url":"https:\/\/filles-de-la-charite.org\/fr\/famille\/les-soeurs-martyres-du-xxe-siecle\/","name":"Les Soeurs Martyres du XXe si\u00e8cle - Filles de la Charit\u00e9","isPartOf":{"@id":"https:\/\/filles-de-la-charite.org\/fr\/#website"},"primaryImageOfPage":{"@id":"https:\/\/filles-de-la-charite.org\/fr\/famille\/les-soeurs-martyres-du-xxe-siecle\/#primaryimage"},"image":{"@id":"https:\/\/filles-de-la-charite.org\/fr\/famille\/les-soeurs-martyres-du-xxe-siecle\/#primaryimage"},"thumbnailUrl":"https:\/\/filles-de-la-charite.org\/wp-content\/uploads\/2023\/04\/Soeurs-Martyres-du-20e-siecle-1.png","datePublished":"2020-10-30T10:44:48+00:00","dateModified":"2024-03-09T11:50:19+00:00","breadcrumb":{"@id":"https:\/\/filles-de-la-charite.org\/fr\/famille\/les-soeurs-martyres-du-xxe-siecle\/#breadcrumb"},"inLanguage":"fr-FR","potentialAction":[{"@type":"ReadAction","target":["https:\/\/filles-de-la-charite.org\/fr\/famille\/les-soeurs-martyres-du-xxe-siecle\/"]}]},{"@type":"ImageObject","inLanguage":"fr-FR","@id":"https:\/\/filles-de-la-charite.org\/fr\/famille\/les-soeurs-martyres-du-xxe-siecle\/#primaryimage","url":"https:\/\/filles-de-la-charite.org\/wp-content\/uploads\/2023\/04\/Soeurs-Martyres-du-20e-siecle-1.png","contentUrl":"https:\/\/filles-de-la-charite.org\/wp-content\/uploads\/2023\/04\/Soeurs-Martyres-du-20e-siecle-1.png","width":590,"height":781},{"@type":"BreadcrumbList","@id":"https:\/\/filles-de-la-charite.org\/fr\/famille\/les-soeurs-martyres-du-xxe-siecle\/#breadcrumb","itemListElement":[{"@type":"ListItem","position":1,"name":"Notre famille","item":"https:\/\/filles-de-la-charite.org\/fr\/famille\/"},{"@type":"ListItem","position":2,"name":"Les Soeurs Martyres du XXe si\u00e8cle"}]},{"@type":"WebSite","@id":"https:\/\/filles-de-la-charite.org\/fr\/#website","url":"https:\/\/filles-de-la-charite.org\/fr\/","name":"Hijas de la Caridad","description":"L\u2019amour de J\u00e9sus nous presse \u00e0 prendre soin des personnes les plus d\u00e9munies","publisher":{"@id":"https:\/\/filles-de-la-charite.org\/fr\/#organization"},"potentialAction":[{"@type":"SearchAction","target":{"@type":"EntryPoint","urlTemplate":"https:\/\/filles-de-la-charite.org\/fr\/?s={search_term_string}"},"query-input":{"@type":"PropertyValueSpecification","valueRequired":true,"valueName":"search_term_string"}}],"inLanguage":"fr-FR"},{"@type":"Organization","@id":"https:\/\/filles-de-la-charite.org\/fr\/#organization","name":"Hijas de la Caridad","url":"https:\/\/filles-de-la-charite.org\/fr\/","logo":{"@type":"ImageObject","inLanguage":"fr-FR","@id":"https:\/\/filles-de-la-charite.org\/fr\/#\/schema\/logo\/image\/","url":"https:\/\/filles-de-la-charite.org\/wp-content\/uploads\/2023\/03\/isotipo-Hijas-de-la-Caridad.png","contentUrl":"https:\/\/filles-de-la-charite.org\/wp-content\/uploads\/2023\/03\/isotipo-Hijas-de-la-Caridad.png","width":1417,"height":1417,"caption":"Hijas de la Caridad"},"image":{"@id":"https:\/\/filles-de-la-charite.org\/fr\/#\/schema\/logo\/image\/"}}]}},"_links":{"self":[{"href":"https:\/\/filles-de-la-charite.org\/fr\/wp-json\/wp\/v2\/familia\/3980","targetHints":{"allow":["GET"]}}],"collection":[{"href":"https:\/\/filles-de-la-charite.org\/fr\/wp-json\/wp\/v2\/familia"}],"about":[{"href":"https:\/\/filles-de-la-charite.org\/fr\/wp-json\/wp\/v2\/types\/familia"}],"wp:featuredmedia":[{"embeddable":true,"href":"https:\/\/filles-de-la-charite.org\/fr\/wp-json\/wp\/v2\/media\/1127"}],"wp:attachment":[{"href":"https:\/\/filles-de-la-charite.org\/fr\/wp-json\/wp\/v2\/media?parent=3980"}],"wp:term":[{"taxonomy":"origen","embeddable":true,"href":"https:\/\/filles-de-la-charite.org\/fr\/wp-json\/wp\/v2\/origen?post=3980"}],"curies":[{"name":"wp","href":"https:\/\/api.w.org\/{rel}","templated":true}]}}