{"id":3982,"date":"2020-10-21T12:19:02","date_gmt":"2020-10-21T10:19:02","guid":{"rendered":"https:\/\/hijascaridad.sjdigitaldemo.ovh\/familia\/soeur-marie-anne-vaillot-et-soeur-odile-baumgarten-a-lhopital-dangers\/"},"modified":"2023-11-17T23:03:05","modified_gmt":"2023-11-17T22:03:05","slug":"soeur-marie-anne-vaillot-et-soeur-odile-baumgarten-a-lhopital-dangers","status":"publish","type":"familia","link":"https:\/\/filles-de-la-charite.org\/fr\/famille\/soeur-marie-anne-vaillot-et-soeur-odile-baumgarten-a-lhopital-dangers\/","title":{"rendered":"S\u0153ur Marie-Anne Vaillot et S\u0153ur Odile Baumgarten \u00e0 l\u2019H\u00f4pital d\u2019Angers"},"content":{"rendered":"\n<ul class=\"wp-block-list\">\n<li>Fusill\u00e9es le&nbsp;<strong>1<sup>er<\/sup>&nbsp;f\u00e9vrier 1794<\/strong>&nbsp;\u00e0 Angers<\/li>\n\n\n\n<li>B\u00e9atifi\u00e9es le&nbsp;<strong>19 f\u00e9vrier 1984<\/strong>&nbsp;avec 97 martyrs d\u2019Angers<\/li>\n\n\n\n<li>Jour de la f\u00eate \u2013&nbsp;<strong>1 fevrier<\/strong><\/li>\n<\/ul>\n\n\n\n<p>D\u00e8s septembre 1791, les S\u0153urs hospitali\u00e8res d\u2019Angers constatent la mont\u00e9e de la pers\u00e9cution religieuse. A la suite de leur Ev\u00eaque, de nombreux pr\u00eatres refusent le serment exig\u00e9. Chass\u00e9s de leur paroisse, ils sont vite poursuivis et arr\u00eat\u00e9s. Un an plus tard, en septembre 1792, quatre cents d\u2019entre eux, encha\u00een\u00e9s, traversent la ville d\u2019Angers. Ils partent pour le bagne\u00a0!<\/p>\n\n\n\n<p>En 1793, des membres du Conseil municipal se rendent \u00e0 l\u2019h\u00f4pital pour exiger des S\u0153urs le serment de Libert\u00e9-Egalit\u00e9. Leur \u00e9loquence est grande, ils insistent sur le service des malades. Un temps de r\u00e9flexion est laiss\u00e9 \u00e0 chacune. La Communaut\u00e9 s\u2019efforce de faire corps.\u00a0Tr\u00e8s vite, les r\u00e9volutionnaires se rendent compte que des S\u0153urs subissent l\u2019influence de trois d\u2019entre elles\u00a0:<\/p>\n\n\n\n<p>S\u0153ur Antoinette Taillade, originaire de Cahors, est la sup\u00e9rieure de la Communaut\u00e9.\u00a0Ag\u00e9e de cinquante-quatre ans, elle est depuis trente-quatre ans Fille de la Charit\u00e9. Les S\u0153urs appr\u00e9cient sa prudente sagesse, sa grande pi\u00e9t\u00e9 et sa force de caract\u00e8re.<\/p>\n\n\n\n<p>S\u0153ur Marie-Anne Vaillot, originaire de Fontainebleau, est \u00e2g\u00e9e de 59 ans. Elle est dans la Communaut\u00e9 depuis trente-deux ans. Elle assure avec comp\u00e9tence et pr\u00e9cision la responsabilit\u00e9 de l\u2019\u00e9conomat.<\/p>\n\n\n\n<p>S\u0153ur Odile Baumgarten, est n\u00e9e en 1750 \u00e0 Gondrexange en Lorraine. Elle entre chez les Filles de la Charit\u00e9 en 1775. Elle assure la pr\u00e9paration des rem\u00e8des \u00e0 la pharmacie de l\u2019h\u00f4pital.<\/p>\n\n\n\n<p>L\u2019arrestation de ces trois S\u0153urs est envisag\u00e9e, elle a lieu le dimanche 19 janvier. S\u0153ur Antoinette Taillade, s\u00e9par\u00e9e de ses deux compagnes, est incarc\u00e9r\u00e9e aux P\u00e9nitentes,\u00a0 S\u0153ur Marie-Anne et S\u0153ur Odile sont conduites au monast\u00e8re du Calvaire. Elles sont impressionn\u00e9es par l\u2019\u00e9tat de salet\u00e9 et de mis\u00e8re dans lequel sont laiss\u00e9es les prisonni\u00e8res.\u00a0\u00a0 En attendant le jugement, les S\u0153urs \u00e9coutent la souffrance de ces m\u00e8res de famille emprisonn\u00e9es avec leurs enfants, s\u2019efforcent de les soulager et surtout de les encourager. La mort r\u00f4de autour d\u2019elles.<\/p>\n\n\n\n<p>Le 28 janvier, les deux S\u0153urs sont convoqu\u00e9es au tribunal r\u00e9volutionnaire. Devant la violence\u00a0 de ses juges, S\u0153ur Marie-Anne ne peut que r\u00e9pondre \u00ab\u00a0<em>Vous ferez de moi ce que vous voudrez\u00a0\u00bb<\/em>. Reconnue fanatique et rebelle, la sentence tombe\u00a0: \u00e0 fusiller. S\u0153ur Odile, apr\u00e8s avoir entendu lecture de l\u2019interrogatoire de sa S\u0153ur, ajoute \u00ab\u00a0<em>Ma conscience ne me permet pas de faire le serment\u00a0\u00bb<\/em>. La sentence est la m\u00eame\u00a0: \u00e0 fusiller.<\/p>\n\n\n\n<p>Comme les autres d\u00e9tenues, les S\u0153urs sont reconduites dans leur cellule. Au matin du 1<sup>er<\/sup> f\u00e9vrier, un commissaire se pr\u00e9sente \u00e0 la prison. C\u2019est l\u2019appel des condamn\u00e9es et, parmi elles, les deux S\u0153urs. Dans un froid humide, un long cort\u00e8ge de deux cents femmes, li\u00e9es deux par deux \u00e0 une corde centrale, s\u2019\u00e9branle p\u00e9niblement vers le \u00ab\u00a0<em>Champ des Martyrs<\/em>\u00a0\u00bb.<\/p>\n\n\n\n<p>Le long des trois kilom\u00e8tres, les S\u0153urs prient Marie de les accompagner sur cette route. Tout \u00e0 coup, S\u0153ur Odile\u00a0 l\u00e2che son chapelet qu\u2019elle tenait cach\u00e9 sous sa robe. Un garde la voit, une main appuy\u00e9e sur une borne,\u00a0 se pencher pour le ramasser. Imm\u00e9diatement, il lui ass\u00e8ne un coup de crosse. S\u0153ur Odile chancelle. S\u0153ur Marie-Anne la soutient, elle redoute qu\u2019elle ne soit jet\u00e9e sur la voiture transportant les mourants. Le chapelet sera ramass\u00e9 par une femme qui, plus tard, le remettra aux S\u0153urs de l\u2019h\u00f4pital.<\/p>\n\n\n\n<p>A leur arriv\u00e9e au\u00a0<em>Champ des Martyrs<\/em>, des victimes d\u00e9couvrent la pr\u00e9sence des S\u0153urs et, \u00e9mues, demandent leur gr\u00e2ce. A leur \u00e9tonnement, le commandant du bataillon d\u2019ex\u00e9cution s\u2019avance et propose aux deux S\u0153urs de les \u00e9pargner en disant qu\u2019elles ont pr\u00eat\u00e9 le serment. Fi\u00e8rement S\u0153ur Marie-Anne r\u00e9pond\u00a0:\u00a0<em>\u00ab\u00a0Citoyen, non seulement nous ne voulons pas faire ce serment, mais nous ne voulons pas passer pour l\u2019avoir fait.\u00a0\u00bb<\/em><\/p>\n\n\n\n<p>Un chant s\u2019\u00e9l\u00e8ve&nbsp;!&nbsp;<em>\u00ab&nbsp;Je mets ma confiance, Vierge Marie, en votre secours<\/em>&nbsp;\u00bb. Les fusils se dressent, les corps s\u2019\u00e9croulent. Une fosse les recueille. Un grand silence et la paix de Dieu descend sur ce Champ de gloire.<\/p>\n\n\n\n<p>A l\u2019h\u00f4pital, les administrateurs continuent \u00e0 harceler les S\u0153urs. Chacune prend, en toute libert\u00e9, sa d\u00e9cision. Dix S\u0153urs pr\u00eatent le serment de Libert\u00e9-Egalit\u00e9 pour demeurer pr\u00e8s des malades. Les dix-sept autres, l\u2019ayant refus\u00e9,\u00a0 sont arr\u00eat\u00e9es le 11 mars et retrouvent dans la prison S\u0153ur Antoinette Taillade. Quelques semaines plus tard, en compagnie d\u2019autres religieuses, elles sont conduites, le plus souvent \u00e0 pied, jusqu\u2019\u00e0 Lorient pour \u00eatre d\u00e9port\u00e9es \u00e0 Cayenne. Durant de longs jours, elles sont en attente. Le commandant de l\u2019Arsenal, o\u00f9 ont \u00e9t\u00e9 incarc\u00e9r\u00e9es les S\u0153urs, a vu les soins apport\u00e9s aux marins malades par ces femmes. Il refuse qu\u2019on les embarque sur le navire appr\u00eat\u00e9. Les S\u0153urs pourront retrouver l\u2019h\u00f4pital d\u2019Angers vers 1804.<\/p>\n","protected":false},"featured_media":1025,"template":"","meta":{"_acf_changed":false,"_et_pb_use_builder":"","_et_pb_old_content":"","_et_gb_content_width":"","_links_to":"","_links_to_target":""},"origen":[],"class_list":["post-3982","familia","type-familia","status-publish","has-post-thumbnail","hentry"],"acf":[],"yoast_head":"<!-- This site is optimized with the Yoast SEO plugin v27.5 - https:\/\/yoast.com\/product\/yoast-seo-wordpress\/ -->\n<title>S\u0153ur Marie-Anne Vaillot et S\u0153ur Odile Baumgarten \u00e0 l\u2019H\u00f4pital d\u2019Angers - Filles de la Charit\u00e9<\/title>\n<meta name=\"robots\" content=\"index, follow, max-snippet:-1, max-image-preview:large, max-video-preview:-1\" \/>\n<link rel=\"canonical\" href=\"https:\/\/filles-de-la-charite.org\/fr\/famille\/soeur-marie-anne-vaillot-et-soeur-odile-baumgarten-a-lhopital-dangers\/\" \/>\n<meta property=\"og:locale\" content=\"fr_FR\" \/>\n<meta property=\"og:type\" content=\"article\" \/>\n<meta property=\"og:title\" content=\"S\u0153ur Marie-Anne Vaillot et S\u0153ur Odile Baumgarten \u00e0 l\u2019H\u00f4pital d\u2019Angers - Filles de la Charit\u00e9\" \/>\n<meta property=\"og:description\" content=\"D\u00e8s septembre 1791, les S\u0153urs hospitali\u00e8res d\u2019Angers constatent la mont\u00e9e de la pers\u00e9cution religieuse. A la suite de leur Ev\u00eaque, de nombreux pr\u00eatres refusent le serment exig\u00e9. Chass\u00e9s de leur paroisse, ils sont vite poursuivis et arr\u00eat\u00e9s. Un an plus tard, en septembre 1792, quatre cents d\u2019entre eux, encha\u00een\u00e9s, traversent la ville d\u2019Angers. Ils partent [&hellip;]\" \/>\n<meta property=\"og:url\" content=\"https:\/\/filles-de-la-charite.org\/fr\/famille\/soeur-marie-anne-vaillot-et-soeur-odile-baumgarten-a-lhopital-dangers\/\" \/>\n<meta property=\"og:site_name\" content=\"Filles de la Charit\u00e9\" \/>\n<meta property=\"article:modified_time\" content=\"2023-11-17T22:03:05+00:00\" \/>\n<meta property=\"og:image\" content=\"https:\/\/filles-de-la-charite.org\/wp-content\/uploads\/2023\/04\/Angers-005_jpg-1.jpg\" \/>\n\t<meta property=\"og:image:width\" content=\"640\" \/>\n\t<meta property=\"og:image:height\" content=\"471\" \/>\n\t<meta property=\"og:image:type\" content=\"image\/jpeg\" \/>\n<meta name=\"twitter:card\" content=\"summary_large_image\" \/>\n<meta name=\"twitter:label1\" content=\"Dur\u00e9e de lecture estim\u00e9e\" \/>\n\t<meta name=\"twitter:data1\" content=\"4 minutes\" \/>\n<script type=\"application\/ld+json\" class=\"yoast-schema-graph\">{\"@context\":\"https:\\\/\\\/schema.org\",\"@graph\":[{\"@type\":\"WebPage\",\"@id\":\"https:\\\/\\\/filles-de-la-charite.org\\\/fr\\\/famille\\\/soeur-marie-anne-vaillot-et-soeur-odile-baumgarten-a-lhopital-dangers\\\/\",\"url\":\"https:\\\/\\\/filles-de-la-charite.org\\\/fr\\\/famille\\\/soeur-marie-anne-vaillot-et-soeur-odile-baumgarten-a-lhopital-dangers\\\/\",\"name\":\"S\u0153ur Marie-Anne Vaillot et S\u0153ur Odile Baumgarten \u00e0 l\u2019H\u00f4pital d\u2019Angers - Filles de la Charit\u00e9\",\"isPartOf\":{\"@id\":\"https:\\\/\\\/filles-de-la-charite.org\\\/fr\\\/#website\"},\"primaryImageOfPage\":{\"@id\":\"https:\\\/\\\/filles-de-la-charite.org\\\/fr\\\/famille\\\/soeur-marie-anne-vaillot-et-soeur-odile-baumgarten-a-lhopital-dangers\\\/#primaryimage\"},\"image\":{\"@id\":\"https:\\\/\\\/filles-de-la-charite.org\\\/fr\\\/famille\\\/soeur-marie-anne-vaillot-et-soeur-odile-baumgarten-a-lhopital-dangers\\\/#primaryimage\"},\"thumbnailUrl\":\"https:\\\/\\\/filles-de-la-charite.org\\\/wp-content\\\/uploads\\\/2023\\\/04\\\/Angers-005_jpg-1.jpg\",\"datePublished\":\"2020-10-21T10:19:02+00:00\",\"dateModified\":\"2023-11-17T22:03:05+00:00\",\"breadcrumb\":{\"@id\":\"https:\\\/\\\/filles-de-la-charite.org\\\/fr\\\/famille\\\/soeur-marie-anne-vaillot-et-soeur-odile-baumgarten-a-lhopital-dangers\\\/#breadcrumb\"},\"inLanguage\":\"fr-FR\",\"potentialAction\":[{\"@type\":\"ReadAction\",\"target\":[\"https:\\\/\\\/filles-de-la-charite.org\\\/fr\\\/famille\\\/soeur-marie-anne-vaillot-et-soeur-odile-baumgarten-a-lhopital-dangers\\\/\"]}]},{\"@type\":\"ImageObject\",\"inLanguage\":\"fr-FR\",\"@id\":\"https:\\\/\\\/filles-de-la-charite.org\\\/fr\\\/famille\\\/soeur-marie-anne-vaillot-et-soeur-odile-baumgarten-a-lhopital-dangers\\\/#primaryimage\",\"url\":\"https:\\\/\\\/filles-de-la-charite.org\\\/wp-content\\\/uploads\\\/2023\\\/04\\\/Angers-005_jpg-1.jpg\",\"contentUrl\":\"https:\\\/\\\/filles-de-la-charite.org\\\/wp-content\\\/uploads\\\/2023\\\/04\\\/Angers-005_jpg-1.jpg\",\"width\":640,\"height\":471},{\"@type\":\"BreadcrumbList\",\"@id\":\"https:\\\/\\\/filles-de-la-charite.org\\\/fr\\\/famille\\\/soeur-marie-anne-vaillot-et-soeur-odile-baumgarten-a-lhopital-dangers\\\/#breadcrumb\",\"itemListElement\":[{\"@type\":\"ListItem\",\"position\":1,\"name\":\"Notre famille\",\"item\":\"https:\\\/\\\/filles-de-la-charite.org\\\/fr\\\/famille\\\/\"},{\"@type\":\"ListItem\",\"position\":2,\"name\":\"Les bienheureuses Filles de la Charit\u00e9, martyres pendant la R\u00e9volution Fran\u00e7aise\",\"item\":\"https:\\\/\\\/filles-de-la-charite.org\\\/fr\\\/famille\\\/las-bienaventuradas-hijas-de-la-caridad-martires-durante-la-revolucion-francesa\\\/\"},{\"@type\":\"ListItem\",\"position\":3,\"name\":\"S\u0153ur Marie-Anne Vaillot et S\u0153ur Odile Baumgarten \u00e0 l\u2019H\u00f4pital d\u2019Angers\"}]},{\"@type\":\"WebSite\",\"@id\":\"https:\\\/\\\/filles-de-la-charite.org\\\/fr\\\/#website\",\"url\":\"https:\\\/\\\/filles-de-la-charite.org\\\/fr\\\/\",\"name\":\"Hijas de la Caridad\",\"description\":\"L\u2019amour de J\u00e9sus nous presse \u00e0 prendre soin des personnes les plus d\u00e9munies\",\"publisher\":{\"@id\":\"https:\\\/\\\/filles-de-la-charite.org\\\/fr\\\/#organization\"},\"potentialAction\":[{\"@type\":\"SearchAction\",\"target\":{\"@type\":\"EntryPoint\",\"urlTemplate\":\"https:\\\/\\\/filles-de-la-charite.org\\\/fr\\\/?s={search_term_string}\"},\"query-input\":{\"@type\":\"PropertyValueSpecification\",\"valueRequired\":true,\"valueName\":\"search_term_string\"}}],\"inLanguage\":\"fr-FR\"},{\"@type\":\"Organization\",\"@id\":\"https:\\\/\\\/filles-de-la-charite.org\\\/fr\\\/#organization\",\"name\":\"Hijas de la Caridad\",\"url\":\"https:\\\/\\\/filles-de-la-charite.org\\\/fr\\\/\",\"logo\":{\"@type\":\"ImageObject\",\"inLanguage\":\"fr-FR\",\"@id\":\"https:\\\/\\\/filles-de-la-charite.org\\\/fr\\\/#\\\/schema\\\/logo\\\/image\\\/\",\"url\":\"https:\\\/\\\/filles-de-la-charite.org\\\/wp-content\\\/uploads\\\/2023\\\/03\\\/isotipo-Hijas-de-la-Caridad.png\",\"contentUrl\":\"https:\\\/\\\/filles-de-la-charite.org\\\/wp-content\\\/uploads\\\/2023\\\/03\\\/isotipo-Hijas-de-la-Caridad.png\",\"width\":1417,\"height\":1417,\"caption\":\"Hijas de la Caridad\"},\"image\":{\"@id\":\"https:\\\/\\\/filles-de-la-charite.org\\\/fr\\\/#\\\/schema\\\/logo\\\/image\\\/\"}}]}<\/script>\n<!-- \/ Yoast SEO plugin. -->","yoast_head_json":{"title":"S\u0153ur Marie-Anne Vaillot et S\u0153ur Odile Baumgarten \u00e0 l\u2019H\u00f4pital d\u2019Angers - Filles de la Charit\u00e9","robots":{"index":"index","follow":"follow","max-snippet":"max-snippet:-1","max-image-preview":"max-image-preview:large","max-video-preview":"max-video-preview:-1"},"canonical":"https:\/\/filles-de-la-charite.org\/fr\/famille\/soeur-marie-anne-vaillot-et-soeur-odile-baumgarten-a-lhopital-dangers\/","og_locale":"fr_FR","og_type":"article","og_title":"S\u0153ur Marie-Anne Vaillot et S\u0153ur Odile Baumgarten \u00e0 l\u2019H\u00f4pital d\u2019Angers - Filles de la Charit\u00e9","og_description":"D\u00e8s septembre 1791, les S\u0153urs hospitali\u00e8res d\u2019Angers constatent la mont\u00e9e de la pers\u00e9cution religieuse. A la suite de leur Ev\u00eaque, de nombreux pr\u00eatres refusent le serment exig\u00e9. Chass\u00e9s de leur paroisse, ils sont vite poursuivis et arr\u00eat\u00e9s. Un an plus tard, en septembre 1792, quatre cents d\u2019entre eux, encha\u00een\u00e9s, traversent la ville d\u2019Angers. Ils partent [&hellip;]","og_url":"https:\/\/filles-de-la-charite.org\/fr\/famille\/soeur-marie-anne-vaillot-et-soeur-odile-baumgarten-a-lhopital-dangers\/","og_site_name":"Filles de la Charit\u00e9","article_modified_time":"2023-11-17T22:03:05+00:00","og_image":[{"width":640,"height":471,"url":"https:\/\/filles-de-la-charite.org\/wp-content\/uploads\/2023\/04\/Angers-005_jpg-1.jpg","type":"image\/jpeg"}],"twitter_card":"summary_large_image","twitter_misc":{"Dur\u00e9e de lecture estim\u00e9e":"4 minutes"},"schema":{"@context":"https:\/\/schema.org","@graph":[{"@type":"WebPage","@id":"https:\/\/filles-de-la-charite.org\/fr\/famille\/soeur-marie-anne-vaillot-et-soeur-odile-baumgarten-a-lhopital-dangers\/","url":"https:\/\/filles-de-la-charite.org\/fr\/famille\/soeur-marie-anne-vaillot-et-soeur-odile-baumgarten-a-lhopital-dangers\/","name":"S\u0153ur Marie-Anne Vaillot et S\u0153ur Odile Baumgarten \u00e0 l\u2019H\u00f4pital d\u2019Angers - Filles de la Charit\u00e9","isPartOf":{"@id":"https:\/\/filles-de-la-charite.org\/fr\/#website"},"primaryImageOfPage":{"@id":"https:\/\/filles-de-la-charite.org\/fr\/famille\/soeur-marie-anne-vaillot-et-soeur-odile-baumgarten-a-lhopital-dangers\/#primaryimage"},"image":{"@id":"https:\/\/filles-de-la-charite.org\/fr\/famille\/soeur-marie-anne-vaillot-et-soeur-odile-baumgarten-a-lhopital-dangers\/#primaryimage"},"thumbnailUrl":"https:\/\/filles-de-la-charite.org\/wp-content\/uploads\/2023\/04\/Angers-005_jpg-1.jpg","datePublished":"2020-10-21T10:19:02+00:00","dateModified":"2023-11-17T22:03:05+00:00","breadcrumb":{"@id":"https:\/\/filles-de-la-charite.org\/fr\/famille\/soeur-marie-anne-vaillot-et-soeur-odile-baumgarten-a-lhopital-dangers\/#breadcrumb"},"inLanguage":"fr-FR","potentialAction":[{"@type":"ReadAction","target":["https:\/\/filles-de-la-charite.org\/fr\/famille\/soeur-marie-anne-vaillot-et-soeur-odile-baumgarten-a-lhopital-dangers\/"]}]},{"@type":"ImageObject","inLanguage":"fr-FR","@id":"https:\/\/filles-de-la-charite.org\/fr\/famille\/soeur-marie-anne-vaillot-et-soeur-odile-baumgarten-a-lhopital-dangers\/#primaryimage","url":"https:\/\/filles-de-la-charite.org\/wp-content\/uploads\/2023\/04\/Angers-005_jpg-1.jpg","contentUrl":"https:\/\/filles-de-la-charite.org\/wp-content\/uploads\/2023\/04\/Angers-005_jpg-1.jpg","width":640,"height":471},{"@type":"BreadcrumbList","@id":"https:\/\/filles-de-la-charite.org\/fr\/famille\/soeur-marie-anne-vaillot-et-soeur-odile-baumgarten-a-lhopital-dangers\/#breadcrumb","itemListElement":[{"@type":"ListItem","position":1,"name":"Notre famille","item":"https:\/\/filles-de-la-charite.org\/fr\/famille\/"},{"@type":"ListItem","position":2,"name":"Les bienheureuses Filles de la Charit\u00e9, martyres pendant la R\u00e9volution Fran\u00e7aise","item":"https:\/\/filles-de-la-charite.org\/fr\/famille\/las-bienaventuradas-hijas-de-la-caridad-martires-durante-la-revolucion-francesa\/"},{"@type":"ListItem","position":3,"name":"S\u0153ur Marie-Anne Vaillot et S\u0153ur Odile Baumgarten \u00e0 l\u2019H\u00f4pital d\u2019Angers"}]},{"@type":"WebSite","@id":"https:\/\/filles-de-la-charite.org\/fr\/#website","url":"https:\/\/filles-de-la-charite.org\/fr\/","name":"Hijas de la Caridad","description":"L\u2019amour de J\u00e9sus nous presse \u00e0 prendre soin des personnes les plus d\u00e9munies","publisher":{"@id":"https:\/\/filles-de-la-charite.org\/fr\/#organization"},"potentialAction":[{"@type":"SearchAction","target":{"@type":"EntryPoint","urlTemplate":"https:\/\/filles-de-la-charite.org\/fr\/?s={search_term_string}"},"query-input":{"@type":"PropertyValueSpecification","valueRequired":true,"valueName":"search_term_string"}}],"inLanguage":"fr-FR"},{"@type":"Organization","@id":"https:\/\/filles-de-la-charite.org\/fr\/#organization","name":"Hijas de la Caridad","url":"https:\/\/filles-de-la-charite.org\/fr\/","logo":{"@type":"ImageObject","inLanguage":"fr-FR","@id":"https:\/\/filles-de-la-charite.org\/fr\/#\/schema\/logo\/image\/","url":"https:\/\/filles-de-la-charite.org\/wp-content\/uploads\/2023\/03\/isotipo-Hijas-de-la-Caridad.png","contentUrl":"https:\/\/filles-de-la-charite.org\/wp-content\/uploads\/2023\/03\/isotipo-Hijas-de-la-Caridad.png","width":1417,"height":1417,"caption":"Hijas de la Caridad"},"image":{"@id":"https:\/\/filles-de-la-charite.org\/fr\/#\/schema\/logo\/image\/"}}]}},"_links":{"self":[{"href":"https:\/\/filles-de-la-charite.org\/fr\/wp-json\/wp\/v2\/familia\/3982","targetHints":{"allow":["GET"]}}],"collection":[{"href":"https:\/\/filles-de-la-charite.org\/fr\/wp-json\/wp\/v2\/familia"}],"about":[{"href":"https:\/\/filles-de-la-charite.org\/fr\/wp-json\/wp\/v2\/types\/familia"}],"wp:featuredmedia":[{"embeddable":true,"href":"https:\/\/filles-de-la-charite.org\/fr\/wp-json\/wp\/v2\/media\/1025"}],"wp:attachment":[{"href":"https:\/\/filles-de-la-charite.org\/fr\/wp-json\/wp\/v2\/media?parent=3982"}],"wp:term":[{"taxonomy":"origen","embeddable":true,"href":"https:\/\/filles-de-la-charite.org\/fr\/wp-json\/wp\/v2\/origen?post=3982"}],"curies":[{"name":"wp","href":"https:\/\/api.w.org\/{rel}","templated":true}]}}