{"id":2978,"date":"2023-04-27T10:35:37","date_gmt":"2023-04-27T08:35:37","guid":{"rendered":"https:\/\/hijascaridad.sjdigitaldemo.ovh\/en-collaboration-avec\/"},"modified":"2024-10-06T19:50:01","modified_gmt":"2024-10-06T17:50:01","slug":"en-collaboration-avec","status":"publish","type":"page","link":"https:\/\/filles-de-la-charite.org\/fr\/en-collaboration-avec\/","title":{"rendered":"En collaboration avec"},"content":{"rendered":"<p><div class=\"et_d4_element et_pb_section et_pb_section_0 et_pb_section_parallax et_pb_with_background  et_pb_css_mix_blend_mode et_section_regular et_block_section\" >\n\t\t\t\t\n\t\t\t\t<span class=\"et_parallax_bg_wrap et-pb-parallax-wrapper\"><span\n\t\t\t\t\t\tclass=\"et_parallax_bg et_parallax_bg--et_pb_section_0\"\n\t\t\t\t\t\tstyle=\"background-image: url(https:\/\/filles-de-la-charite.org\/wp-content\/uploads\/2023\/04\/pobreza3.jpeg);\"\n\t\t\t\t\t><\/span><span\n\t\t\t\t\t\tclass=\"et_parallax_gradient\"\n\t\t\t\t\t\tstyle=\"background-image: linear-gradient( , #ffffff 0%, rgba(249,249,249,0.5) 100% );\"\n\t\t\t\t\t><\/span><\/span>\n\t\t\t\t\n\t\t\t\t\n\t\t\t\t\n\t\t\t\t\n\t\t\t\t<div class=\"et_d4_element et_pb_row et_pb_row_0 et_pb_row_fullwidth et_pb_gutters1  et_pb_css_mix_blend_mode et_block_row\">\n\t\t\t\t<div class=\"et_d4_element et_pb_column_1_2 et_pb_column et_pb_column_0  et_pb_css_mix_blend_mode et_block_column\">\n\t\t\t\t\n\t\t\t\t\n\t\t\t\t\n\t\t\t\t\n\t\t\t\t<div class=\"et_pb_module et_d4_element et_pb_image et_pb_image_0 et_pb_image_sticky\">\n\t\t\t\t\n\t\t\t\t\n\t\t\t\t\n\t\t\t\t\n\t\t\t\t<span class=\"et_pb_image_wrap \"><img loading=\"lazy\" decoding=\"async\" width=\"980\" height=\"1060\" src=\"https:\/\/filles-de-la-charite.org\/wp-content\/uploads\/2023\/04\/pob-1.png\" alt=\"\" title=\"population\" srcset=\"https:\/\/filles-de-la-charite.org\/wp-content\/uploads\/2023\/04\/pob-1.png 980w, https:\/\/filles-de-la-charite.org\/wp-content\/uploads\/2023\/04\/pob-1-480x519.png 480w\" sizes=\"(min-width: 0px) and (max-width: 480px) 480px, (min-width: 481px) 980px, 100vw\" class=\"wp-image-2850\" \/><\/span>\n\t\t\t<\/div>\n\t\t\t<\/div><div class=\"et_d4_element et_pb_column_1_2 et_pb_column et_pb_column_1  et_pb_css_mix_blend_mode et-last-child et_block_column\">\n\t\t\t\t\n\t\t\t\t\n\t\t\t\t\n\t\t\t\t\n\t\t\t\t<div class=\"et_pb_module et_d4_element et_pb_text et_pb_text_0 et_animated  et_pb_text_align_left et_pb_bg_layout_dark\">\n\t\t\t\t\n\t\t\t\t\n\t\t\t\t\n\t\t\t\t\n\t\t\t\t<div class=\"et_pb_text_inner\"><h1>Collaborer<\/h1>\n<h2>Transformer des vies<\/h2><\/div>\n\t\t\t<\/div><div class=\"et_pb_module et_d4_element et_pb_divider et_pb_divider_0 et_animated et_pb_divider_position_center et_pb_space\"><div class=\"et_pb_divider_internal\"><\/div><\/div><div class=\"et_pb_module et_d4_element et_pb_text et_pb_text_1 et_animated  et_pb_text_align_left et_pb_bg_layout_dark\">\n\t\t\t\t\n\t\t\t\t\n\t\t\t\t\n\t\t\t\t\n\t\t\t\t<div class=\"et_pb_text_inner\"><p><span>Votre aide peut changer le monde. Aux quatre coins du monde, il y a des personnes vuln\u00e9rables qui ont besoin d'une main tendue.<\/span><\/p><\/div>\n\t\t\t<\/div><div class=\"et_pb_module et_d4_element et_pb_text et_pb_text_2  et_pb_text_align_left et_pb_bg_layout_light\">\n\t\t\t\t\n\t\t\t\t\n\t\t\t\t\n\t\t\t\t\n\t\t\t\t<div class=\"et_pb_text_inner\"><p><a href=\"#prier\">Prier<\/a>\u00a0 <a href=\"#partager\">Partager<\/a><\/p><\/div>\n\t\t\t<\/div>\n\t\t\t<\/div>\n\t\t\t\t\n\t\t\t\t\n\t\t\t\t\n\t\t\t\t\n\t\t\t<\/div>\n\t\t\t\t\n\t\t\t\t\n\t\t\t<\/div><div class=\"et_d4_element et_pb_section et_pb_section_1  et_pb_css_mix_blend_mode et_section_regular et_block_section\" >\n\t\t\t\t\n\t\t\t\t\n\t\t\t\t\n\t\t\t\t\n\t\t\t\t\n\t\t\t\t\n\t\t\t\t<div class=\"et_d4_element et_pb_row et_pb_row_1  et_pb_css_mix_blend_mode et_block_row\">\n\t\t\t\t<div class=\"et_d4_element et_pb_column_1_2 et_pb_column et_pb_column_2  et_pb_css_mix_blend_mode et_block_column\">\n\t\t\t\t\n\t\t\t\t\n\t\t\t\t\n\t\t\t\t\n\t\t\t\t<div class=\"et_pb_module et_d4_element et_pb_text et_pb_text_3 et_animated  et_pb_text_align_left et_pb_bg_layout_light\">\n\t\t\t\t\n\t\t\t\t\n\t\t\t\t\n\t\t\t\t\n\t\t\t\t<div class=\"et_pb_text_inner\"><h2><span><strong>S\u2019engager <\/strong> pour un changement durable<\/span><\/h2><\/div>\n\t\t\t<\/div><div class=\"et_pb_module et_d4_element et_pb_divider et_pb_divider_1 et_animated et_pb_divider_position_center et_pb_space\"><div class=\"et_pb_divider_internal\"><\/div><\/div><div class=\"et_pb_module et_d4_element et_pb_text et_pb_text_4 et_animated  et_pb_text_align_left et_pb_bg_layout_light\">\n\t\t\t\t\n\t\t\t\t\n\t\t\t\t\n\t\t\t\t\n\t\t\t\t<div class=\"et_pb_text_inner\"><p>Nous vous invitons \u00e0 nous rejoindre dans une dynamique d'amour et de service pour contribuer \u00e0 changer concr\u00e8tement la vie de ceux qui en ont le plus besoin.<\/p><\/div>\n\t\t\t<\/div><div class=\"et_pb_module et_d4_element et_pb_text et_pb_text_5 et_animated  et_pb_text_align_left et_pb_bg_layout_light\">\n\t\t\t\t\n\t\t\t\t\n\t\t\t\t\n\t\t\t\t\n\t\t\t\t<div class=\"et_pb_text_inner\"><p>La diversit\u00e9 de notre service est grande, allant de l'\u00e9ducation et de la sant\u00e9 \u00e0 l'aide aux migrants, \u00e0 la promotion et l'autonomisation des femmes. Notre mission va au-del\u00e0 de l'offre d'une assistance imm\u00e9diate en temps de crise,\u00a0 telles les catastrophes naturelles et les \u00e9pid\u00e9mies. Nous sommes fermement engag\u00e9es dans une action \u00e0 long terme pour apporter un changement durable.<\/p><\/div>\n\t\t\t<\/div>\n\t\t\t<\/div><div class=\"et_d4_element et_pb_column_1_2 et_pb_column et_pb_column_3  et_pb_css_mix_blend_mode et-last-child et_block_column\">\n\t\t\t\t\n\t\t\t\t\n\t\t\t\t\n\t\t\t\t\n\t\t\t\t<div class=\"et_pb_module et_d4_element et_pb_image et_pb_image_1 et_animated et-waypoint\">\n\t\t\t\t\n\t\t\t\t\n\t\t\t\t\n\t\t\t\t\n\t\t\t\t<span class=\"et_pb_image_wrap \"><img loading=\"lazy\" decoding=\"async\" width=\"980\" height=\"1307\" src=\"https:\/\/filles-de-la-charite.org\/wp-content\/uploads\/2023\/04\/Centro-de-Atendimento-aos-Refugiados-1.jpeg\" alt=\"\" title=\"Centre d&#039;accueil de Refugi\u00e9s(1)\" srcset=\"https:\/\/filles-de-la-charite.org\/wp-content\/uploads\/2023\/04\/Centro-de-Atendimento-aos-Refugiados-1.jpeg 980w, https:\/\/filles-de-la-charite.org\/wp-content\/uploads\/2023\/04\/Centro-de-Atendimento-aos-Refugiados-1-480x640.jpeg 480w\" sizes=\"(min-width: 0px) and (max-width: 480px) 480px, (min-width: 481px) 980px, 100vw\" class=\"wp-image-2857\" \/><\/span>\n\t\t\t<\/div>\n\t\t\t<\/div>\n\t\t\t\t\n\t\t\t\t\n\t\t\t\t\n\t\t\t\t\n\t\t\t<\/div>\n\t\t\t\t\n\t\t\t\t\n\t\t\t<\/div><div class=\"et_d4_element et_pb_section et_pb_section_2 et_pb_with_background et_pb_section_parallax  et_pb_css_mix_blend_mode et_section_regular et_block_section\" >\n\t\t\t\t\n\t\t\t\t\n\t\t\t\t\n\t\t\t\t\n\t\t\t\t\n\t\t\t\t\n\t\t\t\t<div class=\"et_d4_element et_pb_row et_pb_row_2  et_pb_css_mix_blend_mode et_block_row\">\n\t\t\t\t<div class=\"et_d4_element et_pb_column_4_4 et_pb_column et_pb_column_4  et_pb_css_mix_blend_mode et-last-child et_block_column\">\n\t\t\t\t\n\t\t\t\t\n\t\t\t\t\n\t\t\t\t\n\t\t\t\t<div class=\"et_pb_module et_d4_element et_pb_text et_pb_text_6 et_animated  et_pb_text_align_left et_pb_bg_layout_light\">\n\t\t\t\t\n\t\t\t\t\n\t\t\t\t\n\t\t\t\t\n\t\t\t\t<div class=\"et_pb_text_inner\"><h2>Comment pouvez-vous nous aider ?<\/h2><\/div>\n\t\t\t<\/div><div class=\"et_pb_module et_d4_element et_pb_divider et_pb_divider_2 et_animated et_pb_divider_position_center et_pb_space\"><div class=\"et_pb_divider_internal\"><\/div><\/div><div class=\"et_pb_module et_d4_element et_pb_text et_pb_text_7 et_animated  et_pb_text_align_center et_pb_bg_layout_light\">\n\t\t\t\t\n\t\t\t\t\n\t\t\t\t\n\t\t\t\t\n\t\t\t\t<div class=\"et_pb_text_inner\"><p>Il existe plusieurs mani\u00e8res de participer \u00e0 cette transformation. Votre collaboration peut prendre de nombreuses formes et chacune d'elles sera pr\u00e9cieuse pour atteindre nos objectifs. En collaborant avec nous, vous devenez un maillon fondamental de cette cha\u00eene d'amour et de solidarit\u00e9. Nous vous invitons \u00e0 :<\/p><\/div>\n\t\t\t<\/div>\n\t\t\t<\/div>\n\t\t\t\t\n\t\t\t\t\n\t\t\t\t\n\t\t\t\t\n\t\t\t<\/div><div class=\"et_d4_element et_pb_row et_pb_row_3  et_pb_css_mix_blend_mode et_block_row\">\n\t\t\t\t<div class=\"et_d4_element et_pb_column_1_2 et_pb_column et_pb_column_5  et_pb_css_mix_blend_mode et_block_column\">\n\t\t\t\t\n\t\t\t\t\n\t\t\t\t\n\t\t\t\t\n\t\t\t\t<div class=\"et_pb_button_module_wrapper et_pb_button_0_wrapper et_pb_button_alignment_center et_pb_module \">\n\t\t\t\t<a class=\"et_pb_button et_d4_element et_pb_button_0 et_pb_bg_layout_light et_block_module\" href=\"#prier\" data-icon=\"\uf684\">Prier<\/a>\n\t\t\t<\/div>\n\t\t\t<\/div><div class=\"et_d4_element et_pb_column_1_2 et_pb_column et_pb_column_6  et_pb_css_mix_blend_mode et-last-child et_block_column\">\n\t\t\t\t\n\t\t\t\t\n\t\t\t\t\n\t\t\t\t\n\t\t\t\t<div class=\"et_pb_button_module_wrapper et_pb_button_1_wrapper et_pb_button_alignment_center et_pb_module \">\n\t\t\t\t<a class=\"et_pb_button et_d4_element et_pb_button_1 et_pb_bg_layout_light et_block_module\" href=\"#partager\" data-icon=\"\uf1e7\">Partager<\/a>\n\t\t\t<\/div>\n\t\t\t<\/div>\n\t\t\t\t\n\t\t\t\t\n\t\t\t\t\n\t\t\t\t\n\t\t\t<\/div>\n\t\t\t\t\n\t\t\t\t\n\t\t\t<\/div><div id=\"prier\" class=\"et_d4_element et_pb_section et_pb_section_3 et_pb_with_background  et_pb_css_mix_blend_mode et_section_regular et_block_section\" >\n\t\t\t\t\n\t\t\t\t\n\t\t\t\t\n\t\t\t\t\n\t\t\t\t\n\t\t\t\t\n\t\t\t\t<div class=\"et_d4_element et_pb_row et_pb_row_4 et_pb_equal_columns  et_pb_css_mix_blend_mode et_block_row\">\n\t\t\t\t<div class=\"et_d4_element et_pb_column_1_2 et_pb_column et_pb_column_7  et_pb_css_mix_blend_mode et_block_column\">\n\t\t\t\t\n\t\t\t\t\n\t\t\t\t\n\t\t\t\t\n\t\t\t\t<div class=\"et_pb_module et_d4_element et_pb_text et_pb_text_8 et_animated  et_pb_text_align_left et_pb_bg_layout_light\">\n\t\t\t\t\n\t\t\t\t\n\t\t\t\t\n\t\t\t\t\n\t\t\t\t<div class=\"et_pb_text_inner\"><h2><span>Prier<\/span><\/h2><\/div>\n\t\t\t<\/div><div class=\"et_pb_module et_d4_element et_pb_divider et_pb_divider_3 et_animated et_pb_divider_position_center et_pb_space\"><div class=\"et_pb_divider_internal\"><\/div><\/div>\n\t\t\t<\/div><div class=\"et_d4_element et_pb_column_1_2 et_pb_column et_pb_column_8  et_pb_css_mix_blend_mode et-last-child et_block_column\">\n\t\t\t\t\n\t\t\t\t\n\t\t\t\t\n\t\t\t\t\n\t\t\t\t<div class=\"et_pb_button_module_wrapper et_pb_button_2_wrapper et_pb_button_alignment_right et_pb_module \">\n\t\t\t\t<a class=\"et_pb_button et_d4_element et_pb_button_2 et_pb_bg_layout_light et_block_module\" href=\"https:\/\/filles-de-la-charite.org\/fr\/vive\/coin-priere\/\">Entrer dans le coin pri\u00e8re<\/a>\n\t\t\t<\/div>\n\t\t\t<\/div>\n\t\t\t\t\n\t\t\t\t\n\t\t\t\t\n\t\t\t\t\n\t\t\t<\/div><div class=\"et_d4_element et_pb_row et_pb_row_5  et_pb_css_mix_blend_mode et_block_row\">\n\t\t\t\t<div class=\"et_d4_element et_pb_column_1_2 et_pb_column et_pb_column_9  et_pb_css_mix_blend_mode et_block_column\">\n\t\t\t\t\n\t\t\t\t\n\t\t\t\t\n\t\t\t\t\n\t\t\t\t<div class=\"et_pb_module et_d4_element et_pb_text et_pb_text_9  et_pb_text_align_left et_pb_bg_layout_light\">\n\t\t\t\t\n\t\t\t\t\n\t\t\t\t\n\t\t\t\t\n\t\t\t\t<div class=\"et_pb_text_inner\"><p>La pri\u00e8re est un acte d'amour qui ne conna\u00eet ni limites, ni barri\u00e8res. Quel que soit votre \u00e2ge ou votre situation, vous avez la capacit\u00e9 de toucher des vies et de contribuer \u00e0 leur transformation par le pouvoir de la pri\u00e8re. En tout lieu et en tout temps, votre pri\u00e8re peut \u00eatre une lueur d'espoir.<\/p><\/div>\n\t\t\t<\/div>\n\t\t\t<\/div><div class=\"et_d4_element et_pb_column_1_2 et_pb_column et_pb_column_10  et_pb_css_mix_blend_mode et-last-child et_block_column\">\n\t\t\t\t\n\t\t\t\t\n\t\t\t\t\n\t\t\t\t\n\t\t\t\t<div class=\"et_pb_module et_d4_element et_pb_text et_pb_text_10  et_pb_text_align_left et_pb_bg_layout_light\">\n\t\t\t\t\n\t\t\t\t\n\t\t\t\t\n\t\t\t\t\n\t\t\t\t<div class=\"et_pb_text_inner\"><p>Nous vous invitons \u00e0 vous joindre \u00e0 nous dans la pri\u00e8re, une mani\u00e8re puissante de collaborer. Priez pour nous, les Filles de la Charit\u00e9, afin que nous puissions accomplir avec passion notre mission d\u2019amour. Priez pour notre travail, afin que nos actions soient guid\u00e9es par la sagesse et la compassion. Mais surtout, priez pour ceux que nous servons,\u00a0 les plus d\u00e9favoris\u00e9s, afin qu'ils trouvent\u00a0 r\u00e9confort,\u00a0 force et esp\u00e9rance au milieu de leurs difficult\u00e9s.<\/p>\n<p>Votre pri\u00e8re est un cadeau pr\u00e9cieux. Votre intercession peut changer des vies et remplir les c\u0153urs d'esp\u00e9rance. Ne sous-estimez pas l'impact que votre pri\u00e8re peut avoir sur le monde.<\/p><\/div>\n\t\t\t<\/div>\n\t\t\t<\/div>\n\t\t\t\t\n\t\t\t\t\n\t\t\t\t\n\t\t\t\t\n\t\t\t<\/div>\n\t\t\t\t\n\t\t\t\t\n\t\t\t<\/div><div id=\"partager\" class=\"et_d4_element et_pb_section et_pb_section_4 et_pb_with_background  et_pb_css_mix_blend_mode et_section_regular et_block_section\" >\n\t\t\t\t\n\t\t\t\t\n\t\t\t\t\n\t\t\t\t\n\t\t\t\t\n\t\t\t\t\n\t\t\t\t<div class=\"et_d4_element et_pb_row et_pb_row_6 et_pb_equal_columns  et_pb_css_mix_blend_mode et_block_row\">\n\t\t\t\t<div class=\"et_d4_element et_pb_column_1_2 et_pb_column et_pb_column_11  et_pb_css_mix_blend_mode et_block_column\">\n\t\t\t\t\n\t\t\t\t\n\t\t\t\t\n\t\t\t\t\n\t\t\t\t<div class=\"et_pb_module et_d4_element et_pb_text et_pb_text_11 et_animated  et_pb_text_align_left et_pb_bg_layout_light\">\n\t\t\t\t\n\t\t\t\t\n\t\t\t\t\n\t\t\t\t\n\t\t\t\t<div class=\"et_pb_text_inner\"><h2><span>Partager son temps<\/span><\/h2><\/div>\n\t\t\t<\/div><div class=\"et_pb_module et_d4_element et_pb_divider et_pb_divider_4 et_animated et_pb_divider_position_center et_pb_space\"><div class=\"et_pb_divider_internal\"><\/div><\/div>\n\t\t\t<\/div><div class=\"et_d4_element et_pb_column_1_2 et_pb_column et_pb_column_12  et_pb_css_mix_blend_mode et-last-child et_block_column\">\n\t\t\t\t\n\t\t\t\t\n\t\t\t\t\n\t\t\t\t\n\t\t\t\t<div class=\"et_pb_button_module_wrapper et_pb_button_3_wrapper et_pb_button_alignment_right et_pb_module \">\n\t\t\t\t<a class=\"et_pb_button et_d4_element et_pb_button_3 et_pb_bg_layout_light et_block_module\" href=\"https:\/\/filles-de-la-charite.org\/fr\/ou-sommes-nous\/\">Offrir votre aide \u00e0 une communaut\u00e9 locale<\/a>\n\t\t\t<\/div>\n\t\t\t<\/div>\n\t\t\t\t\n\t\t\t\t\n\t\t\t\t\n\t\t\t\t\n\t\t\t<\/div><div class=\"et_d4_element et_pb_row et_pb_row_7  et_pb_css_mix_blend_mode et_block_row\">\n\t\t\t\t<div class=\"et_d4_element et_pb_column_1_2 et_pb_column et_pb_column_13  et_pb_css_mix_blend_mode et_block_column\">\n\t\t\t\t\n\t\t\t\t\n\t\t\t\t\n\t\t\t\t\n\t\t\t\t<div class=\"et_pb_module et_d4_element et_pb_text et_pb_text_12  et_pb_text_align_left et_pb_bg_layout_light\">\n\t\t\t\t\n\t\t\t\t\n\t\t\t\t\n\t\t\t\t\n\t\t\t\t<div class=\"et_pb_text_inner\"><p><span>\u00a0Le temps est l'un des cadeaux les plus pr\u00e9cieux que nous puissions offrir, et lorsque nous le consacrons \u00e0 aider les autres, sa valeur est multipli\u00e9e.\u00a0<\/span>Vous pouvez nous rejoindre en tant que b\u00e9n\u00e9vole.<\/p><\/div>\n\t\t\t<\/div>\n\t\t\t<\/div><div class=\"et_d4_element et_pb_column_1_2 et_pb_column et_pb_column_14  et_pb_css_mix_blend_mode et-last-child et_block_column\">\n\t\t\t\t\n\t\t\t\t\n\t\t\t\t\n\t\t\t\t\n\t\t\t\t<div class=\"et_pb_module et_d4_element et_pb_text et_pb_text_13  et_pb_text_align_left et_pb_bg_layout_light\">\n\t\t\t\t\n\t\t\t\t\n\t\t\t\t\n\t\t\t\t\n\t\t\t\t<div class=\"et_pb_text_inner\"><p>Votre r\u00f4le peut couvrir un large \u00e9ventail d'activit\u00e9s. Vous pouvez vous impliquer dans les domaines de l'\u00e9ducation, de la sant\u00e9, l'aide aux migrants, la promotion des femmes etc. Vous pouvez intervenir dans des situations d'urgence, telles que les catastrophes naturelles et les \u00e9pid\u00e9mies, et\u00a0 \u00a0contribuer \u00e9galement \u00e0 des actions \u00e0 long terme qui favorisent un changement durable.<\/p>\n<p>Le b\u00e9n\u00e9volat ne change pas seulement la vie des b\u00e9n\u00e9ficiaires, mais aussi la v\u00f4tre. En partageant votre temps, vous vous enrichirez, vous apprendrez, vous \u00e9voluerez et vous \u00e9prouverez la profonde satisfaction de savoir que vous faites du bien \u00e0 ceux qui en ont le plus besoin.<\/p><\/div>\n\t\t\t<\/div>\n\t\t\t<\/div>\n\t\t\t\t\n\t\t\t\t\n\t\t\t\t\n\t\t\t\t\n\t\t\t<\/div>\n\t\t\t\t\n\t\t\t\t\n\t\t\t<\/div><\/p>\n","protected":false},"excerpt":{"rendered":"","protected":false},"author":1,"featured_media":0,"parent":0,"menu_order":0,"comment_status":"closed","ping_status":"closed","template":"","meta":{"_acf_changed":false,"_et_pb_use_builder":"on","_et_pb_old_content":"","_et_gb_content_width":"","footnotes":"","_links_to":"","_links_to_target":""},"class_list":["post-2978","page","type-page","status-publish","hentry"],"acf":[],"yoast_head":"<!-- This site is optimized with the Yoast SEO plugin v27.5 - https:\/\/yoast.com\/product\/yoast-seo-wordpress\/ -->\n<title>En collaboration avec - Filles de la Charit\u00e9<\/title>\n<meta name=\"robots\" content=\"index, follow, max-snippet:-1, max-image-preview:large, max-video-preview:-1\" \/>\n<link rel=\"canonical\" href=\"https:\/\/filles-de-la-charite.org\/fr\/en-collaboration-avec\/\" \/>\n<meta property=\"og:locale\" content=\"fr_FR\" \/>\n<meta property=\"og:type\" content=\"article\" \/>\n<meta property=\"og:title\" content=\"En collaboration avec - Filles de la Charit\u00e9\" \/>\n<meta property=\"og:url\" content=\"https:\/\/filles-de-la-charite.org\/fr\/en-collaboration-avec\/\" \/>\n<meta property=\"og:site_name\" content=\"Filles de la Charit\u00e9\" \/>\n<meta property=\"article:modified_time\" content=\"2024-10-06T17:50:01+00:00\" \/>\n<meta name=\"twitter:card\" content=\"summary_large_image\" \/>\n<meta name=\"twitter:label1\" content=\"Dur\u00e9e de lecture estim\u00e9e\" \/>\n\t<meta name=\"twitter:data1\" content=\"13 minutes\" \/>\n<script type=\"application\/ld+json\" class=\"yoast-schema-graph\">{\"@context\":\"https:\\\/\\\/schema.org\",\"@graph\":[{\"@type\":\"WebPage\",\"@id\":\"https:\\\/\\\/filles-de-la-charite.org\\\/fr\\\/en-collaboration-avec\\\/\",\"url\":\"https:\\\/\\\/filles-de-la-charite.org\\\/fr\\\/en-collaboration-avec\\\/\",\"name\":\"En collaboration avec - Filles de la Charit\u00e9\",\"isPartOf\":{\"@id\":\"https:\\\/\\\/filles-de-la-charite.org\\\/fr\\\/#website\"},\"datePublished\":\"2023-04-27T08:35:37+00:00\",\"dateModified\":\"2024-10-06T17:50:01+00:00\",\"inLanguage\":\"fr-FR\",\"potentialAction\":[{\"@type\":\"ReadAction\",\"target\":[\"https:\\\/\\\/filles-de-la-charite.org\\\/fr\\\/en-collaboration-avec\\\/\"]}]},{\"@type\":\"WebSite\",\"@id\":\"https:\\\/\\\/filles-de-la-charite.org\\\/fr\\\/#website\",\"url\":\"https:\\\/\\\/filles-de-la-charite.org\\\/fr\\\/\",\"name\":\"Hijas de la Caridad\",\"description\":\"L\u2019amour de J\u00e9sus nous presse \u00e0 prendre soin des personnes les plus d\u00e9munies\",\"publisher\":{\"@id\":\"https:\\\/\\\/filles-de-la-charite.org\\\/fr\\\/#organization\"},\"potentialAction\":[{\"@type\":\"SearchAction\",\"target\":{\"@type\":\"EntryPoint\",\"urlTemplate\":\"https:\\\/\\\/filles-de-la-charite.org\\\/fr\\\/?s={search_term_string}\"},\"query-input\":{\"@type\":\"PropertyValueSpecification\",\"valueRequired\":true,\"valueName\":\"search_term_string\"}}],\"inLanguage\":\"fr-FR\"},{\"@type\":\"Organization\",\"@id\":\"https:\\\/\\\/filles-de-la-charite.org\\\/fr\\\/#organization\",\"name\":\"Hijas de la Caridad\",\"url\":\"https:\\\/\\\/filles-de-la-charite.org\\\/fr\\\/\",\"logo\":{\"@type\":\"ImageObject\",\"inLanguage\":\"fr-FR\",\"@id\":\"https:\\\/\\\/filles-de-la-charite.org\\\/fr\\\/#\\\/schema\\\/logo\\\/image\\\/\",\"url\":\"https:\\\/\\\/filles-de-la-charite.org\\\/wp-content\\\/uploads\\\/2023\\\/03\\\/isotipo-Hijas-de-la-Caridad.png\",\"contentUrl\":\"https:\\\/\\\/filles-de-la-charite.org\\\/wp-content\\\/uploads\\\/2023\\\/03\\\/isotipo-Hijas-de-la-Caridad.png\",\"width\":1417,\"height\":1417,\"caption\":\"Hijas de la Caridad\"},\"image\":{\"@id\":\"https:\\\/\\\/filles-de-la-charite.org\\\/fr\\\/#\\\/schema\\\/logo\\\/image\\\/\"}}]}<\/script>\n<!-- \/ Yoast SEO plugin. -->","yoast_head_json":{"title":"En collaboration avec - Filles de la Charit\u00e9","robots":{"index":"index","follow":"follow","max-snippet":"max-snippet:-1","max-image-preview":"max-image-preview:large","max-video-preview":"max-video-preview:-1"},"canonical":"https:\/\/filles-de-la-charite.org\/fr\/en-collaboration-avec\/","og_locale":"fr_FR","og_type":"article","og_title":"En collaboration avec - Filles de la Charit\u00e9","og_url":"https:\/\/filles-de-la-charite.org\/fr\/en-collaboration-avec\/","og_site_name":"Filles de la Charit\u00e9","article_modified_time":"2024-10-06T17:50:01+00:00","twitter_card":"summary_large_image","twitter_misc":{"Dur\u00e9e de lecture estim\u00e9e":"13 minutes"},"schema":{"@context":"https:\/\/schema.org","@graph":[{"@type":"WebPage","@id":"https:\/\/filles-de-la-charite.org\/fr\/en-collaboration-avec\/","url":"https:\/\/filles-de-la-charite.org\/fr\/en-collaboration-avec\/","name":"En collaboration avec - Filles de la Charit\u00e9","isPartOf":{"@id":"https:\/\/filles-de-la-charite.org\/fr\/#website"},"datePublished":"2023-04-27T08:35:37+00:00","dateModified":"2024-10-06T17:50:01+00:00","inLanguage":"fr-FR","potentialAction":[{"@type":"ReadAction","target":["https:\/\/filles-de-la-charite.org\/fr\/en-collaboration-avec\/"]}]},{"@type":"WebSite","@id":"https:\/\/filles-de-la-charite.org\/fr\/#website","url":"https:\/\/filles-de-la-charite.org\/fr\/","name":"Hijas de la Caridad","description":"L\u2019amour de J\u00e9sus nous presse \u00e0 prendre soin des personnes les plus d\u00e9munies","publisher":{"@id":"https:\/\/filles-de-la-charite.org\/fr\/#organization"},"potentialAction":[{"@type":"SearchAction","target":{"@type":"EntryPoint","urlTemplate":"https:\/\/filles-de-la-charite.org\/fr\/?s={search_term_string}"},"query-input":{"@type":"PropertyValueSpecification","valueRequired":true,"valueName":"search_term_string"}}],"inLanguage":"fr-FR"},{"@type":"Organization","@id":"https:\/\/filles-de-la-charite.org\/fr\/#organization","name":"Hijas de la Caridad","url":"https:\/\/filles-de-la-charite.org\/fr\/","logo":{"@type":"ImageObject","inLanguage":"fr-FR","@id":"https:\/\/filles-de-la-charite.org\/fr\/#\/schema\/logo\/image\/","url":"https:\/\/filles-de-la-charite.org\/wp-content\/uploads\/2023\/03\/isotipo-Hijas-de-la-Caridad.png","contentUrl":"https:\/\/filles-de-la-charite.org\/wp-content\/uploads\/2023\/03\/isotipo-Hijas-de-la-Caridad.png","width":1417,"height":1417,"caption":"Hijas de la Caridad"},"image":{"@id":"https:\/\/filles-de-la-charite.org\/fr\/#\/schema\/logo\/image\/"}}]}},"_links":{"self":[{"href":"https:\/\/filles-de-la-charite.org\/fr\/wp-json\/wp\/v2\/pages\/2978","targetHints":{"allow":["GET"]}}],"collection":[{"href":"https:\/\/filles-de-la-charite.org\/fr\/wp-json\/wp\/v2\/pages"}],"about":[{"href":"https:\/\/filles-de-la-charite.org\/fr\/wp-json\/wp\/v2\/types\/page"}],"author":[{"embeddable":true,"href":"https:\/\/filles-de-la-charite.org\/fr\/wp-json\/wp\/v2\/users\/1"}],"replies":[{"embeddable":true,"href":"https:\/\/filles-de-la-charite.org\/fr\/wp-json\/wp\/v2\/comments?post=2978"}],"version-history":[{"count":40,"href":"https:\/\/filles-de-la-charite.org\/fr\/wp-json\/wp\/v2\/pages\/2978\/revisions"}],"predecessor-version":[{"id":39821,"href":"https:\/\/filles-de-la-charite.org\/fr\/wp-json\/wp\/v2\/pages\/2978\/revisions\/39821"}],"wp:attachment":[{"href":"https:\/\/filles-de-la-charite.org\/fr\/wp-json\/wp\/v2\/media?parent=2978"}],"curies":[{"name":"wp","href":"https:\/\/api.w.org\/{rel}","templated":true}]}}