{"id":3303,"date":"2023-04-18T18:45:26","date_gmt":"2023-04-18T16:45:26","guid":{"rendered":"https:\/\/hijascaridad.sjdigitaldemo.ovh\/promotion-des-femmes\/"},"modified":"2023-10-23T08:04:01","modified_gmt":"2023-10-23T06:04:01","slug":"promotion-des-femmes","status":"publish","type":"page","link":"https:\/\/filles-de-la-charite.org\/fr\/nous-sommes\/notre-service\/promotion-des-femmes\/","title":{"rendered":"Promotion des femmes"},"content":{"rendered":"<p><div class=\"et_d4_element et_pb_section et_pb_section_0 et_pb_section_parallax et_pb_with_background  et_pb_css_mix_blend_mode et_section_regular et_block_section\" >\n\t\t\t\t\n\t\t\t\t<span class=\"et_parallax_bg_wrap et-pb-parallax-wrapper\"><span\n\t\t\t\t\t\tclass=\"et_parallax_bg et_parallax_bg--et_pb_section_0\"\n\t\t\t\t\t\tstyle=\"background-image: url(https:\/\/filles-de-la-charite.org\/wp-content\/uploads\/2023\/04\/277748117_349266230571504_7302231094099955704_n-copia_hc.jpg);\"\n\t\t\t\t\t><\/span><span\n\t\t\t\t\t\tclass=\"et_parallax_gradient\"\n\t\t\t\t\t\tstyle=\"background-image: linear-gradient( , #ffffff 0%, rgba(249,249,249,0.5) 100% );\"\n\t\t\t\t\t><\/span><\/span>\n\t\t\t\t\n\t\t\t\t\n\t\t\t\t\n\t\t\t\t\n\t\t\t\t<div class=\"et_d4_element et_pb_row et_pb_row_0 et_pb_row_fullwidth et_pb_equal_columns et_pb_gutters1  et_pb_css_mix_blend_mode et_block_row\">\n\t\t\t\t<div class=\"et_d4_element et_pb_column_1_2 et_pb_column et_pb_column_0  et_pb_css_mix_blend_mode et_block_column et_pb_column_empty\">\n\t\t\t\t\n\t\t\t\t\n\t\t\t\t\n\t\t\t\t\n\t\t\t\t\n\t\t\t<\/div><div class=\"et_d4_element et_pb_column_1_2 et_pb_column et_pb_column_1  et_pb_css_mix_blend_mode et-last-child et_block_column\">\n\t\t\t\t\n\t\t\t\t\n\t\t\t\t\n\t\t\t\t\n\t\t\t\t<div class=\"et_pb_module et_d4_element et_pb_text et_pb_text_0 et_animated  et_pb_text_align_left et_pb_bg_layout_dark\">\n\t\t\t\t\n\t\t\t\t\n\t\t\t\t\n\t\t\t\t\n\t\t\t\t<div class=\"et_pb_text_inner\"><h2>Promotion des femmes<\/h2><\/div>\n\t\t\t<\/div><div class=\"et_pb_module et_d4_element et_pb_divider et_pb_divider_0 et_animated et_pb_divider_position_center et_pb_space\"><div class=\"et_pb_divider_internal\"><\/div><\/div><div class=\"et_pb_module et_d4_element et_pb_text et_pb_text_1 et_animated  et_pb_text_align_left et_pb_bg_layout_dark\">\n\t\t\t\t\n\t\t\t\t\n\t\t\t\t\n\t\t\t\t\n\t\t\t\t<div class=\"et_pb_text_inner\"><p><em>Dieu a cr\u00e9\u00e9 l'homme \u00e0 son image, il l'a cr\u00e9\u00e9 \u00e0 l'image de Dieu, il l'a cr\u00e9\u00e9 homme et femme.<\/em><\/p>\n<p style=\"text-align: right;\"><em>(Gn 1, 27)<\/em><\/p><\/div>\n\t\t\t<\/div>\n\t\t\t<\/div>\n\t\t\t\t\n\t\t\t\t\n\t\t\t\t\n\t\t\t\t\n\t\t\t<\/div>\n\t\t\t\t\n\t\t\t\t\n\t\t\t<\/div><div class=\"et_d4_element et_pb_section et_pb_section_1  et_pb_css_mix_blend_mode et_section_regular et_block_section\" >\n\t\t\t\t\n\t\t\t\t\n\t\t\t\t\n\t\t\t\t\n\t\t\t\t\n\t\t\t\t\n\t\t\t\t<div class=\"et_d4_element et_pb_row et_pb_row_1  et_pb_css_mix_blend_mode et_block_row\">\n\t\t\t\t<div class=\"et_d4_element et_pb_column_4_4 et_pb_column et_pb_column_2  et_pb_css_mix_blend_mode et-last-child et_block_column\">\n\t\t\t\t\n\t\t\t\t\n\t\t\t\t\n\t\t\t\t\n\t\t\t\t<div class=\"et_pb_module et_d4_element et_pb_text et_pb_text_2 et_animated  et_pb_text_align_left et_pb_bg_layout_light\">\n\t\t\t\t\n\t\t\t\t\n\t\t\t\t\n\t\t\t\t\n\t\t\t\t<div class=\"et_pb_text_inner\"><h1><span>\u00c9galit\u00e9, dignit\u00e9  <br \/>et le respect<\/span><\/h1><\/div>\n\t\t\t<\/div><div class=\"et_pb_module et_d4_element et_pb_divider et_pb_divider_1 et_animated et_pb_divider_position_center et_pb_space\"><div class=\"et_pb_divider_internal\"><\/div><\/div><div class=\"et_pb_module et_d4_element et_pb_text et_pb_text_3 et_animated  et_pb_text_align_left et_pb_bg_layout_light\">\n\t\t\t\t\n\t\t\t\t\n\t\t\t\t\n\t\t\t\t\n\t\t\t\t<div class=\"et_pb_text_inner\"><p><span>La femme est \u00e9gale \u00e0 l'homme en dignit\u00e9, car tous deux sont des images de Dieu. Cela \u00e9tait tellement clair pour J\u00e9sus que, m\u00eame s'il savait que ce qu'il faisait n'\u00e9tait pas autoris\u00e9 par les r\u00e8gles religieuses, il a parl\u00e9 aux femmes, leur a permis de s'approcher de lui, de le toucher et de le suivre.<\/span><\/p><\/div>\n\t\t\t<\/div><div class=\"et_pb_module et_d4_element et_pb_text et_pb_text_4 et_animated  et_pb_text_align_left et_pb_bg_layout_light\">\n\t\t\t\t\n\t\t\t\t\n\t\t\t\t\n\t\t\t\t\n\t\t\t\t<div class=\"et_pb_text_inner\"><p>Les femmes ont une t\u00e2che importante et particuli\u00e8re dans la construction du Royaume de Dieu. Leurs caract\u00e9ristiques et leurs dons doivent \u00eatre reconnus et leur contribution \u00e0 la soci\u00e9t\u00e9 doit \u00eatre appr\u00e9ci\u00e9e \u00e0 sa juste valeur.<\/p>\n<p>Les femmes repr\u00e9sentent 50 % de la population mondiale. Pourtant, dans de nombreuses cultures et soci\u00e9t\u00e9s, elles sont maltrait\u00e9es et ne sont pas consid\u00e9r\u00e9es \u00e0 leur juste valeur. Dans de nombreux endroits, ils constituent le groupe le plus vuln\u00e9rable de la soci\u00e9t\u00e9. En tant que femmes disciples de J\u00e9sus et servantes des pauvres et des marginaux, les Filles de la Charit\u00e9 sont engag\u00e9es dans la promotion des femmes. Nous travaillons avec eux pour rem\u00e9dier aux in\u00e9galit\u00e9s qui persistent dans le monde :<\/p>\n<ul>\n<li>Projets sur l'estime de soi des femmes<\/li>\n<li>Foyers d'accueil Foyer pour femmes battues<\/li>\n<li>Alternatives pour les femmes prises au pi\u00e8ge de la prostitution<\/li>\n<li>Promouvoir le r\u00f4le des femmes dans la soci\u00e9t\u00e9<\/li>\n<\/ul><\/div>\n\t\t\t<\/div>\n\t\t\t<\/div>\n\t\t\t\t\n\t\t\t\t\n\t\t\t\t\n\t\t\t\t\n\t\t\t<\/div>\n\t\t\t\t\n\t\t\t\t\n\t\t\t<\/div><div class=\"et_d4_element et_pb_section et_pb_section_3 et_pb_with_background et_pb_section_parallax  et_pb_css_mix_blend_mode et_section_regular et_block_section\" >\n\t\t\t\t\n\t\t\t\t\n\t\t\t\t\n\t\t\t\t\n\t\t\t\t\n\t\t\t\t\n\t\t\t\t<div class=\"et_d4_element et_pb_row et_pb_row_2  et_pb_css_mix_blend_mode et_block_row\">\n\t\t\t\t<div class=\"et_d4_element et_pb_column_4_4 et_pb_column et_pb_column_3  et_pb_css_mix_blend_mode et-last-child et_block_column\">\n\t\t\t\t\n\t\t\t\t\n\t\t\t\t\n\t\t\t\t\n\t\t\t\t<div class=\"et_pb_module et_d4_element et_pb_text et_pb_text_5 et_animated  et_pb_text_align_left et_pb_bg_layout_light\">\n\t\t\t\t\n\t\t\t\t\n\t\t\t\t\n\t\t\t\t\n\t\t\t\t<div class=\"et_pb_text_inner\"><h3>Concr\u00e8tement<\/h3>\n<h1>Aujourd'hui, nous servons  <\/h1><\/div>\n\t\t\t<\/div><div class=\"et_pb_module et_d4_element et_pb_divider et_pb_divider_2 et_animated et_pb_divider_position_center et_pb_space\"><div class=\"et_pb_divider_internal\"><\/div><\/div>\n\t\t\t<\/div>\n\t\t\t\t\n\t\t\t\t\n\t\t\t\t\n\t\t\t\t\n\t\t\t<\/div><div class=\"et_d4_element et_pb_row et_pb_row_3  et_pb_css_mix_blend_mode et_block_row\">\n\t\t\t\t<div class=\"et_d4_element et_pb_column_1_4 et_pb_column et_pb_column_4  et_pb_css_mix_blend_mode et_block_column\">\n\t\t\t\t\n\t\t\t\t\n\t\t\t\t\n\t\t\t\t\n\t\t\t\t<div class=\"et_pb_module et_d4_element et_pb_blurb et_pb_blurb_0 et_animated et_clickable et_pb_section_video_on_hover et_pb_section_parallax_hover  et_pb_text_align_left  et_pb_blurb_position_top et_block_module et_pb_bg_layout_light\">\n\t\t\t\t\n\t\t\t\t\n\t\t\t\t\n\t\t\t\t\n\t\t\t\t<div class=\"et_pb_blurb_content\">\n\t\t\t\t\t\n\t\t\t\t\t<div class=\"et_pb_blurb_container\">\n\t\t\t\t\t\t<h4 class=\"et_pb_module_header\"><span>Les enfants<\/span><\/h4>\n\t\t\t\t\t\t\n\t\t\t\t\t<\/div>\n\t\t\t\t<\/div>\n\t\t\t<\/div>\n\t\t\t<\/div><div class=\"et_d4_element et_pb_column_1_4 et_pb_column et_pb_column_5  et_pb_css_mix_blend_mode et_block_column\">\n\t\t\t\t\n\t\t\t\t\n\t\t\t\t\n\t\t\t\t\n\t\t\t\t<div class=\"et_pb_module et_d4_element et_pb_blurb et_pb_blurb_1 et_animated et_clickable et_pb_section_video_on_hover et_pb_section_parallax_hover  et_pb_text_align_left  et_pb_blurb_position_top et_block_module et_pb_bg_layout_light\">\n\t\t\t\t\n\t\t\t\t\n\t\t\t\t\n\t\t\t\t\n\t\t\t\t<div class=\"et_pb_blurb_content\">\n\t\t\t\t\t\n\t\t\t\t\t<div class=\"et_pb_blurb_container\">\n\t\t\t\t\t\t<h4 class=\"et_pb_module_header\"><span>Sans-abri<\/span><\/h4>\n\t\t\t\t\t\t\n\t\t\t\t\t<\/div>\n\t\t\t\t<\/div>\n\t\t\t<\/div>\n\t\t\t<\/div><div class=\"et_d4_element et_pb_column_1_4 et_pb_column et_pb_column_6  et_pb_css_mix_blend_mode et_block_column\">\n\t\t\t\t\n\t\t\t\t\n\t\t\t\t\n\t\t\t\t\n\t\t\t\t<div class=\"et_pb_module et_d4_element et_pb_blurb et_pb_blurb_2 et_animated et_clickable et_pb_section_video_on_hover et_pb_section_parallax_hover  et_pb_text_align_left  et_pb_blurb_position_top et_block_module et_pb_bg_layout_light\">\n\t\t\t\t\n\t\t\t\t\n\t\t\t\t\n\t\t\t\t\n\t\t\t\t<div class=\"et_pb_blurb_content\">\n\t\t\t\t\t\n\t\t\t\t\t<div class=\"et_pb_blurb_container\">\n\t\t\t\t\t\t<h4 class=\"et_pb_module_header\"><span>Le r\u00f4le des femmes<\/span><\/h4>\n\t\t\t\t\t\t\n\t\t\t\t\t<\/div>\n\t\t\t\t<\/div>\n\t\t\t<\/div>\n\t\t\t<\/div><div class=\"et_d4_element et_pb_column_1_4 et_pb_column et_pb_column_7  et_pb_css_mix_blend_mode et-last-child et_block_column\">\n\t\t\t\t\n\t\t\t\t\n\t\t\t\t\n\t\t\t\t\n\t\t\t\t<div class=\"et_pb_module et_d4_element et_pb_blurb et_pb_blurb_3 et_animated et_clickable et_pb_section_video_on_hover et_pb_section_parallax_hover  et_pb_text_align_left  et_pb_blurb_position_top et_block_module et_pb_bg_layout_light\">\n\t\t\t\t\n\t\t\t\t\n\t\t\t\t\n\t\t\t\t\n\t\t\t\t<div class=\"et_pb_blurb_content\">\n\t\t\t\t\t\n\t\t\t\t\t<div class=\"et_pb_blurb_container\">\n\t\t\t\t\t\t<h4 class=\"et_pb_module_header\"><span>Malade<\/span><\/h4>\n\t\t\t\t\t\t\n\t\t\t\t\t<\/div>\n\t\t\t\t<\/div>\n\t\t\t<\/div>\n\t\t\t<\/div>\n\t\t\t\t\n\t\t\t\t\n\t\t\t\t\n\t\t\t\t\n\t\t\t<\/div><div class=\"et_d4_element et_pb_row et_pb_row_4  et_pb_css_mix_blend_mode et_block_row\">\n\t\t\t\t<div class=\"et_d4_element et_pb_column_1_4 et_pb_column et_pb_column_8  et_pb_css_mix_blend_mode et_block_column\">\n\t\t\t\t\n\t\t\t\t\n\t\t\t\t\n\t\t\t\t\n\t\t\t\t<div class=\"et_pb_module et_d4_element et_pb_blurb et_pb_blurb_4 et_animated et_clickable et_pb_section_video_on_hover et_pb_section_parallax_hover  et_pb_text_align_left  et_pb_blurb_position_top et_block_module et_pb_bg_layout_light\">\n\t\t\t\t\n\t\t\t\t\n\t\t\t\t\n\t\t\t\t\n\t\t\t\t<div class=\"et_pb_blurb_content\">\n\t\t\t\t\t\n\t\t\t\t\t<div class=\"et_pb_blurb_container\">\n\t\t\t\t\t\t<h4 class=\"et_pb_module_header\"><span>Pastorale<\/span><\/h4>\n\t\t\t\t\t\t\n\t\t\t\t\t<\/div>\n\t\t\t\t<\/div>\n\t\t\t<\/div>\n\t\t\t<\/div><div class=\"et_d4_element et_pb_column_1_4 et_pb_column et_pb_column_9  et_pb_css_mix_blend_mode et_block_column\">\n\t\t\t\t\n\t\t\t\t\n\t\t\t\t\n\t\t\t\t\n\t\t\t\t<div class=\"et_pb_module et_d4_element et_pb_blurb et_pb_blurb_5 et_animated et_clickable et_pb_section_video_on_hover et_pb_section_parallax_hover  et_pb_text_align_left  et_pb_blurb_position_top et_block_module et_pb_bg_layout_light\">\n\t\t\t\t\n\t\t\t\t\n\t\t\t\t\n\t\t\t\t\n\t\t\t\t<div class=\"et_pb_blurb_content\">\n\t\t\t\t\t\n\t\t\t\t\t<div class=\"et_pb_blurb_container\">\n\t\t\t\t\t\t<h4 class=\"et_pb_module_header\"><span>Personnes \u00e2g\u00e9es<\/span><\/h4>\n\t\t\t\t\t\t\n\t\t\t\t\t<\/div>\n\t\t\t\t<\/div>\n\t\t\t<\/div>\n\t\t\t<\/div><div class=\"et_d4_element et_pb_column_1_4 et_pb_column et_pb_column_10  et_pb_css_mix_blend_mode et_block_column\">\n\t\t\t\t\n\t\t\t\t\n\t\t\t\t\n\t\t\t\t\n\t\t\t\t<div class=\"et_pb_module et_d4_element et_pb_blurb et_pb_blurb_6 et_animated et_clickable et_pb_section_video_on_hover et_pb_section_parallax_hover  et_pb_text_align_left  et_pb_blurb_position_top et_block_module et_pb_bg_layout_light\">\n\t\t\t\t\n\t\t\t\t\n\t\t\t\t\n\t\t\t\t\n\t\t\t\t<div class=\"et_pb_blurb_content\">\n\t\t\t\t\t\n\t\t\t\t\t<div class=\"et_pb_blurb_container\">\n\t\t\t\t\t\t<h4 class=\"et_pb_module_header\"><span>Migrants et r\u00e9fugi\u00e9s<\/span><\/h4>\n\t\t\t\t\t\t\n\t\t\t\t\t<\/div>\n\t\t\t\t<\/div>\n\t\t\t<\/div>\n\t\t\t<\/div><div class=\"et_d4_element et_pb_column_1_4 et_pb_column et_pb_column_11  et_pb_css_mix_blend_mode et-last-child et_block_column\">\n\t\t\t\t\n\t\t\t\t\n\t\t\t\t\n\t\t\t\t\n\t\t\t\t<div class=\"et_pb_module et_d4_element et_pb_blurb et_pb_blurb_7 et_animated et_clickable et_pb_section_video_on_hover et_pb_section_parallax_hover  et_pb_text_align_left  et_pb_blurb_position_top et_block_module et_pb_bg_layout_light\">\n\t\t\t\t\n\t\t\t\t\n\t\t\t\t\n\t\t\t\t\n\t\t\t\t<div class=\"et_pb_blurb_content\">\n\t\t\t\t\t\n\t\t\t\t\t<div class=\"et_pb_blurb_container\">\n\t\t\t\t\t\t<h4 class=\"et_pb_module_header\"><span>Prisonniers de libert\u00e9<\/span><\/h4>\n\t\t\t\t\t\t\n\t\t\t\t\t<\/div>\n\t\t\t\t<\/div>\n\t\t\t<\/div>\n\t\t\t<\/div>\n\t\t\t\t\n\t\t\t\t\n\t\t\t\t\n\t\t\t\t\n\t\t\t<\/div><div class=\"et_d4_element et_pb_row et_pb_row_5  et_pb_css_mix_blend_mode et_block_row\">\n\t\t\t\t<div class=\"et_d4_element et_pb_column_1_4 et_pb_column et_pb_column_12  et_pb_css_mix_blend_mode et_block_column\">\n\t\t\t\t\n\t\t\t\t\n\t\t\t\t\n\t\t\t\t\n\t\t\t\t<div class=\"et_pb_module et_d4_element et_pb_blurb et_pb_blurb_8 et_animated et_clickable et_pb_section_video_on_hover et_pb_section_parallax_hover  et_pb_text_align_left  et_pb_blurb_position_top et_block_module et_pb_bg_layout_light\">\n\t\t\t\t\n\t\t\t\t\n\t\t\t\t\n\t\t\t\t\n\t\t\t\t<div class=\"et_pb_blurb_content\">\n\t\t\t\t\t\n\t\t\t\t\t<div class=\"et_pb_blurb_container\">\n\t\t\t\t\t\t<h4 class=\"et_pb_module_header\"><span>Personnes handicap\u00e9es<\/span><\/h4>\n\t\t\t\t\t\t\n\t\t\t\t\t<\/div>\n\t\t\t\t<\/div>\n\t\t\t<\/div>\n\t\t\t<\/div><div class=\"et_d4_element et_pb_column_1_4 et_pb_column et_pb_column_13  et_pb_css_mix_blend_mode et_block_column\">\n\t\t\t\t\n\t\t\t\t\n\t\t\t\t\n\t\t\t\t\n\t\t\t\t<div class=\"et_pb_module et_d4_element et_pb_blurb et_pb_blurb_9 et_animated et_clickable et_pb_section_video_on_hover et_pb_section_parallax_hover  et_pb_text_align_left  et_pb_blurb_position_top et_block_module et_pb_bg_layout_light\">\n\t\t\t\t\n\t\t\t\t\n\t\t\t\t\n\t\t\t\t\n\t\t\t\t<div class=\"et_pb_blurb_content\">\n\t\t\t\t\t\n\t\t\t\t\t<div class=\"et_pb_blurb_container\">\n\t\t\t\t\t\t<h4 class=\"et_pb_module_header\"><span>Personnes ayant une certaine d\u00e9pendance<\/span><\/h4>\n\t\t\t\t\t\t\n\t\t\t\t\t<\/div>\n\t\t\t\t<\/div>\n\t\t\t<\/div>\n\t\t\t<\/div><div class=\"et_d4_element et_pb_column_1_4 et_pb_column et_pb_column_14  et_pb_css_mix_blend_mode et_block_column\">\n\t\t\t\t\n\t\t\t\t\n\t\t\t\t\n\t\t\t\t\n\t\t\t\t<div class=\"et_pb_module et_d4_element et_pb_blurb et_pb_blurb_10 et_animated et_clickable et_pb_section_video_on_hover et_pb_section_parallax_hover  et_pb_text_align_left  et_pb_blurb_position_top et_block_module et_pb_bg_layout_light\">\n\t\t\t\t\n\t\t\t\t\n\t\t\t\t\n\t\t\t\t\n\t\t\t\t<div class=\"et_pb_blurb_content\">\n\t\t\t\t\t\n\t\t\t\t\t<div class=\"et_pb_blurb_container\">\n\t\t\t\t\t\t<h4 class=\"et_pb_module_header\"><span>\u00c9ducation et jeunesse<\/span><\/h4>\n\t\t\t\t\t\t\n\t\t\t\t\t<\/div>\n\t\t\t\t<\/div>\n\t\t\t<\/div>\n\t\t\t<\/div><div class=\"et_d4_element et_pb_column_1_4 et_pb_column et_pb_column_15  et_pb_css_mix_blend_mode et-last-child et_block_column\">\n\t\t\t\t\n\t\t\t\t\n\t\t\t\t\n\t\t\t\t\n\t\t\t\t<div class=\"et_pb_module et_d4_element et_pb_image et_pb_image_0 et_animated et-waypoint\">\n\t\t\t\t\n\t\t\t\t\n\t\t\t\t\n\t\t\t\t\n\t\t\t\t<a href=\"https:\/\/filles-de-la-charite.org\/en\/\"><span class=\"et_pb_image_wrap \"><img loading=\"lazy\" decoding=\"async\" width=\"1417\" height=\"1417\" src=\"https:\/\/filles-de-la-charite.org\/wp-content\/uploads\/2023\/03\/isotipo-Hijas-de-la-Caridad-linea.png\" alt=\"\" title=\"Isotype Filles de la Charit\u00e9\" srcset=\"https:\/\/filles-de-la-charite.org\/wp-content\/uploads\/2023\/03\/isotipo-Hijas-de-la-Caridad-linea.png 1417w, https:\/\/filles-de-la-charite.org\/wp-content\/uploads\/2023\/03\/isotipo-Hijas-de-la-Caridad-linea-1280x1280.png 1280w, https:\/\/filles-de-la-charite.org\/wp-content\/uploads\/2023\/03\/isotipo-Hijas-de-la-Caridad-linea-980x980.png 980w, https:\/\/filles-de-la-charite.org\/wp-content\/uploads\/2023\/03\/isotipo-Hijas-de-la-Caridad-linea-480x480.png 480w\" sizes=\"(min-width: 0px) and (max-width: 480px) 480px, (min-width: 481px) and (max-width: 980px) 980px, (min-width: 981px) and (max-width: 1280px) 1280px, (min-width: 1281px) 1417px, 100vw\" class=\"wp-image-63\" data-et-multi-view=\"{&quot;schema&quot;:{&quot;attrs&quot;:{&quot;desktop&quot;:{&quot;src&quot;:&quot;https:\\\/\\\/filles-de-la-charite.org\\\/wp-content\\\/uploads\\\/2023\\\/03\\\/isotipo-Hijas-de-la-Caridad-linea.png&quot;,&quot;alt&quot;:&quot;&quot;,&quot;title&quot;:&quot;Isotype Filles de la Charit\\u00e9&quot;,&quot;class&quot;:&quot;wp-image-63&quot;,&quot;srcset&quot;:&quot;https:\\\/\\\/filles-de-la-charite.org\\\/wp-content\\\/uploads\\\/2023\\\/03\\\/isotipo-Hijas-de-la-Caridad-linea.png 1417w, https:\\\/\\\/filles-de-la-charite.org\\\/wp-content\\\/uploads\\\/2023\\\/03\\\/isotipo-Hijas-de-la-Caridad-linea-1280x1280.png 1280w, https:\\\/\\\/filles-de-la-charite.org\\\/wp-content\\\/uploads\\\/2023\\\/03\\\/isotipo-Hijas-de-la-Caridad-linea-980x980.png 980w, https:\\\/\\\/filles-de-la-charite.org\\\/wp-content\\\/uploads\\\/2023\\\/03\\\/isotipo-Hijas-de-la-Caridad-linea-480x480.png 480w&quot;,&quot;sizes&quot;:&quot;(min-width: 0px) and (max-width: 480px) 480px, (min-width: 481px) and (max-width: 980px) 980px, (min-width: 981px) and (max-width: 1280px) 1280px, (min-width: 1281px) 1417px, 100vw&quot;},&quot;hover&quot;:{&quot;src&quot;:&quot;https:\\\/\\\/filles-de-la-charite.org\\\/wp-content\\\/uploads\\\/2023\\\/03\\\/isotipo-Hijas-de-la-Caridad.png&quot;,&quot;srcset&quot;:&quot;https:\\\/\\\/filles-de-la-charite.org\\\/wp-content\\\/uploads\\\/2023\\\/03\\\/isotipo-Hijas-de-la-Caridad.png 1417w, https:\\\/\\\/filles-de-la-charite.org\\\/wp-content\\\/uploads\\\/2023\\\/03\\\/isotipo-Hijas-de-la-Caridad-1280x1280.png 1280w, https:\\\/\\\/filles-de-la-charite.org\\\/wp-content\\\/uploads\\\/2023\\\/03\\\/isotipo-Hijas-de-la-Caridad-980x980.png 980w, https:\\\/\\\/filles-de-la-charite.org\\\/wp-content\\\/uploads\\\/2023\\\/03\\\/isotipo-Hijas-de-la-Caridad-480x480.png 480w&quot;,&quot;sizes&quot;:&quot;(min-width: 0px) and (max-width: 480px) 480px, (min-width: 481px) and (max-width: 980px) 980px, (min-width: 981px) and (max-width: 1280px) 1280px, (min-width: 1281px) 1417px, 100vw&quot;}},&quot;target&quot;:&quot;.et_pb_image_0 img&quot;,&quot;hover_selector&quot;:&quot;.et_pb_image_0&quot;},&quot;slug&quot;:&quot;et_pb_image&quot;}\" \/><\/span><\/a>\n\t\t\t<\/div>\n\t\t\t<\/div>\n\t\t\t\t\n\t\t\t\t\n\t\t\t\t\n\t\t\t\t\n\t\t\t<\/div>\n\t\t\t\t\n\t\t\t\t\n\t\t\t<\/div><\/p>\n","protected":false},"excerpt":{"rendered":"","protected":false},"author":1,"featured_media":0,"parent":3510,"menu_order":0,"comment_status":"closed","ping_status":"closed","template":"","meta":{"_acf_changed":false,"_et_pb_use_builder":"on","_et_pb_old_content":"","_et_gb_content_width":"","footnotes":"","_links_to":"","_links_to_target":""},"class_list":["post-3303","page","type-page","status-publish","hentry"],"acf":[],"yoast_head":"<!-- This site is optimized with the Yoast SEO plugin v27.5 - https:\/\/yoast.com\/product\/yoast-seo-wordpress\/ -->\n<title>Promotion des femmes - Filles de la Charit\u00e9<\/title>\n<meta name=\"robots\" content=\"index, follow, max-snippet:-1, max-image-preview:large, max-video-preview:-1\" \/>\n<link rel=\"canonical\" href=\"https:\/\/filles-de-la-charite.org\/fr\/nous-sommes\/notre-service\/promotion-des-femmes\/\" \/>\n<meta property=\"og:locale\" content=\"fr_FR\" \/>\n<meta property=\"og:type\" content=\"article\" \/>\n<meta property=\"og:title\" content=\"Promotion des femmes - Filles de la Charit\u00e9\" \/>\n<meta property=\"og:url\" content=\"https:\/\/filles-de-la-charite.org\/fr\/nous-sommes\/notre-service\/promotion-des-femmes\/\" \/>\n<meta property=\"og:site_name\" content=\"Filles de la Charit\u00e9\" \/>\n<meta property=\"article:modified_time\" content=\"2023-10-23T06:04:01+00:00\" \/>\n<meta name=\"twitter:card\" content=\"summary_large_image\" \/>\n<meta name=\"twitter:label1\" content=\"Dur\u00e9e de lecture estim\u00e9e\" \/>\n\t<meta name=\"twitter:data1\" content=\"10 minutes\" \/>\n<script type=\"application\/ld+json\" class=\"yoast-schema-graph\">{\"@context\":\"https:\\\/\\\/schema.org\",\"@graph\":[{\"@type\":\"WebPage\",\"@id\":\"https:\\\/\\\/filles-de-la-charite.org\\\/fr\\\/nous-sommes\\\/notre-service\\\/promotion-des-femmes\\\/\",\"url\":\"https:\\\/\\\/filles-de-la-charite.org\\\/fr\\\/nous-sommes\\\/notre-service\\\/promotion-des-femmes\\\/\",\"name\":\"Promotion des femmes - Filles de la Charit\u00e9\",\"isPartOf\":{\"@id\":\"https:\\\/\\\/filles-de-la-charite.org\\\/fr\\\/#website\"},\"datePublished\":\"2023-04-18T16:45:26+00:00\",\"dateModified\":\"2023-10-23T06:04:01+00:00\",\"breadcrumb\":{\"@id\":\"https:\\\/\\\/filles-de-la-charite.org\\\/fr\\\/nous-sommes\\\/notre-service\\\/promotion-des-femmes\\\/#breadcrumb\"},\"inLanguage\":\"fr-FR\",\"potentialAction\":[{\"@type\":\"ReadAction\",\"target\":[\"https:\\\/\\\/filles-de-la-charite.org\\\/fr\\\/nous-sommes\\\/notre-service\\\/promotion-des-femmes\\\/\"]}]},{\"@type\":\"BreadcrumbList\",\"@id\":\"https:\\\/\\\/filles-de-la-charite.org\\\/fr\\\/nous-sommes\\\/notre-service\\\/promotion-des-femmes\\\/#breadcrumb\",\"itemListElement\":[{\"@type\":\"ListItem\",\"position\":1,\"name\":\"Nous sommes\",\"item\":\"https:\\\/\\\/filles-de-la-charite.org\\\/fr\\\/nous-sommes\\\/\"},{\"@type\":\"ListItem\",\"position\":2,\"name\":\"Notre service\",\"item\":\"https:\\\/\\\/filles-de-la-charite.org\\\/fr\\\/somos\\\/servicio\\\/\"},{\"@type\":\"ListItem\",\"position\":3,\"name\":\"Promotion des femmes\"}]},{\"@type\":\"WebSite\",\"@id\":\"https:\\\/\\\/filles-de-la-charite.org\\\/fr\\\/#website\",\"url\":\"https:\\\/\\\/filles-de-la-charite.org\\\/fr\\\/\",\"name\":\"Hijas de la Caridad\",\"description\":\"L\u2019amour de J\u00e9sus nous presse \u00e0 prendre soin des personnes les plus d\u00e9munies\",\"publisher\":{\"@id\":\"https:\\\/\\\/filles-de-la-charite.org\\\/fr\\\/#organization\"},\"potentialAction\":[{\"@type\":\"SearchAction\",\"target\":{\"@type\":\"EntryPoint\",\"urlTemplate\":\"https:\\\/\\\/filles-de-la-charite.org\\\/fr\\\/?s={search_term_string}\"},\"query-input\":{\"@type\":\"PropertyValueSpecification\",\"valueRequired\":true,\"valueName\":\"search_term_string\"}}],\"inLanguage\":\"fr-FR\"},{\"@type\":\"Organization\",\"@id\":\"https:\\\/\\\/filles-de-la-charite.org\\\/fr\\\/#organization\",\"name\":\"Hijas de la Caridad\",\"url\":\"https:\\\/\\\/filles-de-la-charite.org\\\/fr\\\/\",\"logo\":{\"@type\":\"ImageObject\",\"inLanguage\":\"fr-FR\",\"@id\":\"https:\\\/\\\/filles-de-la-charite.org\\\/fr\\\/#\\\/schema\\\/logo\\\/image\\\/\",\"url\":\"https:\\\/\\\/filles-de-la-charite.org\\\/wp-content\\\/uploads\\\/2023\\\/03\\\/isotipo-Hijas-de-la-Caridad.png\",\"contentUrl\":\"https:\\\/\\\/filles-de-la-charite.org\\\/wp-content\\\/uploads\\\/2023\\\/03\\\/isotipo-Hijas-de-la-Caridad.png\",\"width\":1417,\"height\":1417,\"caption\":\"Hijas de la Caridad\"},\"image\":{\"@id\":\"https:\\\/\\\/filles-de-la-charite.org\\\/fr\\\/#\\\/schema\\\/logo\\\/image\\\/\"}}]}<\/script>\n<!-- \/ Yoast SEO plugin. -->","yoast_head_json":{"title":"Promotion des femmes - Filles de la Charit\u00e9","robots":{"index":"index","follow":"follow","max-snippet":"max-snippet:-1","max-image-preview":"max-image-preview:large","max-video-preview":"max-video-preview:-1"},"canonical":"https:\/\/filles-de-la-charite.org\/fr\/nous-sommes\/notre-service\/promotion-des-femmes\/","og_locale":"fr_FR","og_type":"article","og_title":"Promotion des femmes - Filles de la Charit\u00e9","og_url":"https:\/\/filles-de-la-charite.org\/fr\/nous-sommes\/notre-service\/promotion-des-femmes\/","og_site_name":"Filles de la Charit\u00e9","article_modified_time":"2023-10-23T06:04:01+00:00","twitter_card":"summary_large_image","twitter_misc":{"Dur\u00e9e de lecture estim\u00e9e":"10 minutes"},"schema":{"@context":"https:\/\/schema.org","@graph":[{"@type":"WebPage","@id":"https:\/\/filles-de-la-charite.org\/fr\/nous-sommes\/notre-service\/promotion-des-femmes\/","url":"https:\/\/filles-de-la-charite.org\/fr\/nous-sommes\/notre-service\/promotion-des-femmes\/","name":"Promotion des femmes - Filles de la Charit\u00e9","isPartOf":{"@id":"https:\/\/filles-de-la-charite.org\/fr\/#website"},"datePublished":"2023-04-18T16:45:26+00:00","dateModified":"2023-10-23T06:04:01+00:00","breadcrumb":{"@id":"https:\/\/filles-de-la-charite.org\/fr\/nous-sommes\/notre-service\/promotion-des-femmes\/#breadcrumb"},"inLanguage":"fr-FR","potentialAction":[{"@type":"ReadAction","target":["https:\/\/filles-de-la-charite.org\/fr\/nous-sommes\/notre-service\/promotion-des-femmes\/"]}]},{"@type":"BreadcrumbList","@id":"https:\/\/filles-de-la-charite.org\/fr\/nous-sommes\/notre-service\/promotion-des-femmes\/#breadcrumb","itemListElement":[{"@type":"ListItem","position":1,"name":"Nous sommes","item":"https:\/\/filles-de-la-charite.org\/fr\/nous-sommes\/"},{"@type":"ListItem","position":2,"name":"Notre service","item":"https:\/\/filles-de-la-charite.org\/fr\/somos\/servicio\/"},{"@type":"ListItem","position":3,"name":"Promotion des femmes"}]},{"@type":"WebSite","@id":"https:\/\/filles-de-la-charite.org\/fr\/#website","url":"https:\/\/filles-de-la-charite.org\/fr\/","name":"Hijas de la Caridad","description":"L\u2019amour de J\u00e9sus nous presse \u00e0 prendre soin des personnes les plus d\u00e9munies","publisher":{"@id":"https:\/\/filles-de-la-charite.org\/fr\/#organization"},"potentialAction":[{"@type":"SearchAction","target":{"@type":"EntryPoint","urlTemplate":"https:\/\/filles-de-la-charite.org\/fr\/?s={search_term_string}"},"query-input":{"@type":"PropertyValueSpecification","valueRequired":true,"valueName":"search_term_string"}}],"inLanguage":"fr-FR"},{"@type":"Organization","@id":"https:\/\/filles-de-la-charite.org\/fr\/#organization","name":"Hijas de la Caridad","url":"https:\/\/filles-de-la-charite.org\/fr\/","logo":{"@type":"ImageObject","inLanguage":"fr-FR","@id":"https:\/\/filles-de-la-charite.org\/fr\/#\/schema\/logo\/image\/","url":"https:\/\/filles-de-la-charite.org\/wp-content\/uploads\/2023\/03\/isotipo-Hijas-de-la-Caridad.png","contentUrl":"https:\/\/filles-de-la-charite.org\/wp-content\/uploads\/2023\/03\/isotipo-Hijas-de-la-Caridad.png","width":1417,"height":1417,"caption":"Hijas de la Caridad"},"image":{"@id":"https:\/\/filles-de-la-charite.org\/fr\/#\/schema\/logo\/image\/"}}]}},"_links":{"self":[{"href":"https:\/\/filles-de-la-charite.org\/fr\/wp-json\/wp\/v2\/pages\/3303","targetHints":{"allow":["GET"]}}],"collection":[{"href":"https:\/\/filles-de-la-charite.org\/fr\/wp-json\/wp\/v2\/pages"}],"about":[{"href":"https:\/\/filles-de-la-charite.org\/fr\/wp-json\/wp\/v2\/types\/page"}],"author":[{"embeddable":true,"href":"https:\/\/filles-de-la-charite.org\/fr\/wp-json\/wp\/v2\/users\/1"}],"replies":[{"embeddable":true,"href":"https:\/\/filles-de-la-charite.org\/fr\/wp-json\/wp\/v2\/comments?post=3303"}],"version-history":[{"count":36,"href":"https:\/\/filles-de-la-charite.org\/fr\/wp-json\/wp\/v2\/pages\/3303\/revisions"}],"predecessor-version":[{"id":30220,"href":"https:\/\/filles-de-la-charite.org\/fr\/wp-json\/wp\/v2\/pages\/3303\/revisions\/30220"}],"up":[{"embeddable":true,"href":"https:\/\/filles-de-la-charite.org\/fr\/wp-json\/wp\/v2\/pages\/3510"}],"wp:attachment":[{"href":"https:\/\/filles-de-la-charite.org\/fr\/wp-json\/wp\/v2\/media?parent=3303"}],"curies":[{"name":"wp","href":"https:\/\/api.w.org\/{rel}","templated":true}]}}