{"id":3510,"date":"2023-04-18T12:33:06","date_gmt":"2023-04-18T10:33:06","guid":{"rendered":"https:\/\/hijascaridad.sjdigitaldemo.ovh\/notre-service\/"},"modified":"2023-11-28T17:59:59","modified_gmt":"2023-11-28T16:59:59","slug":"notre-service","status":"publish","type":"page","link":"https:\/\/filles-de-la-charite.org\/fr\/nous-sommes\/notre-service\/","title":{"rendered":"Notre service"},"content":{"rendered":"<p><div class=\"et_d4_element et_pb_section et_pb_section_0 et_pb_section_parallax et_pb_with_background  et_pb_css_mix_blend_mode et_section_regular et_block_section\" >\n\t\t\t\t\n\t\t\t\t<span class=\"et_parallax_bg_wrap et-pb-parallax-wrapper\"><span\n\t\t\t\t\t\tclass=\"et_parallax_bg et_parallax_bg--et_pb_section_0\"\n\t\t\t\t\t\tstyle=\"background-image: url(https:\/\/filles-de-la-charite.org\/wp-content\/uploads\/2023\/05\/tejados.png);\"\n\t\t\t\t\t><\/span><span\n\t\t\t\t\t\tclass=\"et_parallax_gradient\"\n\t\t\t\t\t\tstyle=\"background-image: linear-gradient( , #ffffff 0%, rgba(249,249,249,0.5) 100% );\"\n\t\t\t\t\t><\/span><\/span>\n\t\t\t\t\n\t\t\t\t\n\t\t\t\t\n\t\t\t\t\n\t\t\t\t<div class=\"et_d4_element et_pb_row et_pb_row_0 et_pb_row_fullwidth et_pb_equal_columns et_pb_gutters1  et_pb_css_mix_blend_mode et_block_row\">\n\t\t\t\t<div class=\"et_d4_element et_pb_column_1_2 et_pb_column et_pb_column_0  et_pb_css_mix_blend_mode et_block_column\">\n\t\t\t\t\n\t\t\t\t\n\t\t\t\t\n\t\t\t\t\n\t\t\t\t<div class=\"et_pb_module et_d4_element et_pb_image et_pb_image_0\">\n\t\t\t\t\n\t\t\t\t\n\t\t\t\t\n\t\t\t\t\n\t\t\t\t<span class=\"et_pb_image_wrap \"><img loading=\"lazy\" decoding=\"async\" width=\"1280\" height=\"853\" src=\"https:\/\/filles-de-la-charite.org\/wp-content\/uploads\/2023\/04\/servimos.png\" alt=\"\" title=\"nous servons\" srcset=\"https:\/\/filles-de-la-charite.org\/wp-content\/uploads\/2023\/04\/servimos.png 1280w, https:\/\/filles-de-la-charite.org\/wp-content\/uploads\/2023\/04\/servimos-980x653.png 980w, https:\/\/filles-de-la-charite.org\/wp-content\/uploads\/2023\/04\/servimos-480x320.png 480w\" sizes=\"(min-width: 0px) and (max-width: 480px) 480px, (min-width: 481px) and (max-width: 980px) 980px, (min-width: 981px) 1280px, 100vw\" class=\"wp-image-1907\" \/><\/span>\n\t\t\t<\/div>\n\t\t\t<\/div><div class=\"et_d4_element et_pb_column_1_2 et_pb_column et_pb_column_1  et_pb_css_mix_blend_mode et-last-child et_block_column\">\n\t\t\t\t\n\t\t\t\t\n\t\t\t\t\n\t\t\t\t\n\t\t\t\t<div class=\"et_pb_module et_d4_element et_pb_text et_pb_text_0 et_animated  et_pb_text_align_left et_pb_bg_layout_dark\">\n\t\t\t\t\n\t\t\t\t\n\t\t\t\t\n\t\t\t\t\n\t\t\t\t<div class=\"et_pb_text_inner\"><h1>service<\/h1>\n<h2>Annoncer l'\u00c9vangile en servant les pauvres<\/h2><\/div>\n\t\t\t<\/div><div class=\"et_pb_module et_d4_element et_pb_divider et_pb_divider_0 et_animated et_pb_divider_position_center et_pb_space\"><div class=\"et_pb_divider_internal\"><\/div><\/div><div class=\"et_pb_module et_d4_element et_pb_text et_pb_text_1 et_animated  et_pb_text_align_left et_pb_bg_layout_dark\">\n\t\t\t\t\n\t\t\t\t\n\t\t\t\t\n\t\t\t\t\n\t\t\t\t<div class=\"et_pb_text_inner\"><p><span style=\"font-weight: 400;\">Nous servons<br \/>O\u00f9 qu'ils soient<br \/>Dans tout ce dont ils ont besoin<\/span><\/p><\/div>\n\t\t\t<\/div>\n\t\t\t<\/div>\n\t\t\t\t\n\t\t\t\t\n\t\t\t\t\n\t\t\t\t\n\t\t\t<\/div>\n\t\t\t\t\n\t\t\t\t\n\t\t\t<\/div><div class=\"et_d4_element et_pb_section et_pb_section_1  et_pb_css_mix_blend_mode et_section_regular et_block_section\" >\n\t\t\t\t\n\t\t\t\t\n\t\t\t\t\n\t\t\t\t\n\t\t\t\t\n\t\t\t\t\n\t\t\t\t<div class=\"et_d4_element et_pb_row et_pb_row_1  et_pb_css_mix_blend_mode et_block_row\">\n\t\t\t\t<div class=\"et_d4_element et_pb_column_1_2 et_pb_column et_pb_column_2  et_pb_css_mix_blend_mode et_block_column\">\n\t\t\t\t\n\t\t\t\t\n\t\t\t\t\n\t\t\t\t\n\t\t\t\t<div class=\"et_pb_module et_d4_element et_pb_text et_pb_text_2 et_animated  et_pb_text_align_left et_pb_bg_layout_light\">\n\t\t\t\t\n\t\t\t\t\n\t\t\t\t\n\t\t\t\t\n\t\t\t\t<div class=\"et_pb_text_inner\"><h3><span>Nous savons que<\/span><\/h3>\n<h1><span>Dieu nous attend dans ceux qui souffrent<\/span><\/h1><\/div>\n\t\t\t<\/div><div class=\"et_pb_module et_d4_element et_pb_divider et_pb_divider_1 et_animated et_pb_divider_position_center et_pb_space\"><div class=\"et_pb_divider_internal\"><\/div><\/div><div class=\"et_pb_module et_d4_element et_pb_text et_pb_text_3 et_animated  et_pb_text_align_left et_pb_bg_layout_light\">\n\t\t\t\t\n\t\t\t\t\n\t\t\t\t\n\t\t\t\t\n\t\t\t\t<div class=\"et_pb_text_inner\"><p>Dans un monde en constante \u00e9volution, nous reconnaissons que les <strong>besoins de nos fr\u00e8res et s\u0153urs \u00e9voluent \u00e9galement<\/strong>.  <\/p><\/div>\n\t\t\t<\/div><div class=\"et_pb_module et_d4_element et_pb_text et_pb_text_4 et_animated  et_pb_text_align_left et_pb_bg_layout_light\">\n\t\t\t\t\n\t\t\t\t\n\t\t\t\t\n\t\t\t\t\n\t\t\t\t<div class=\"et_pb_text_inner\"><p>Nous nous engageons \u00e0 servir les plus d\u00e9favoris\u00e9s en travaillant sans rel\u00e2che pour la justice, la paix et la solidarit\u00e9. C'est pourquoi les services que nous offrons en tant que Filles de la Charit\u00e9 sont constamment ajust\u00e9s et renouvel\u00e9s pour mieux r\u00e9pondre aux besoins de ceux que nous servons.<\/p>\n<p>\"Le Christ nous interpelle continuellement \u00e0 travers les souffrances des plus d\u00e9munis, les signes des temps et la voix de l'\u00c9glise\" (Constitutions 11a). Il nous appartient de discerner les appels du Christ et de nous y adapter.<\/p><\/div>\n\t\t\t<\/div>\n\t\t\t<\/div><div class=\"et_d4_element et_pb_column_1_2 et_pb_column et_pb_column_3  et_pb_css_mix_blend_mode et-last-child et_block_column\">\n\t\t\t\t\n\t\t\t\t\n\t\t\t\t\n\t\t\t\t\n\t\t\t\t<div class=\"et_pb_module et_d4_element et_pb_image et_pb_image_1 et_animated et-waypoint\">\n\t\t\t\t\n\t\t\t\t\n\t\t\t\t\n\t\t\t\t\n\t\t\t\t<span class=\"et_pb_image_wrap \"><img loading=\"lazy\" decoding=\"async\" width=\"1920\" height=\"1440\" src=\"https:\/\/filles-de-la-charite.org\/wp-content\/uploads\/2023\/04\/VISIT-TO-THE-SICK-POOR.jpg\" alt=\"\" title=\"VISITE AUX MALADES PAUVRES\" srcset=\"https:\/\/filles-de-la-charite.org\/wp-content\/uploads\/2023\/04\/VISIT-TO-THE-SICK-POOR.jpg 1920w, https:\/\/filles-de-la-charite.org\/wp-content\/uploads\/2023\/04\/VISIT-TO-THE-SICK-POOR-1280x960.jpg 1280w, https:\/\/filles-de-la-charite.org\/wp-content\/uploads\/2023\/04\/VISIT-TO-THE-SICK-POOR-980x735.jpg 980w, https:\/\/filles-de-la-charite.org\/wp-content\/uploads\/2023\/04\/VISIT-TO-THE-SICK-POOR-480x360.jpg 480w\" sizes=\"(min-width: 0px) and (max-width: 480px) 480px, (min-width: 481px) and (max-width: 980px) 980px, (min-width: 981px) and (max-width: 1280px) 1280px, (min-width: 1281px) 1920px, 100vw\" class=\"wp-image-1914\" \/><\/span>\n\t\t\t<\/div>\n\t\t\t<\/div>\n\t\t\t\t\n\t\t\t\t\n\t\t\t\t\n\t\t\t\t\n\t\t\t<\/div>\n\t\t\t\t\n\t\t\t\t\n\t\t\t<\/div><div class=\"et_d4_element et_pb_section et_pb_section_2 et_pb_with_background  et_pb_css_mix_blend_mode et_section_regular et_block_section\" >\n\t\t\t\t\n\t\t\t\t\n\t\t\t\t\n\t\t\t\t\n\t\t\t\t\n\t\t\t\t\n\t\t\t\t<div class=\"et_d4_element et_pb_row et_pb_row_2  et_pb_css_mix_blend_mode et_block_row\">\n\t\t\t\t<div class=\"et_d4_element et_pb_column_4_4 et_pb_column et_pb_column_4  et_pb_css_mix_blend_mode et-last-child et_block_column\">\n\t\t\t\t\n\t\t\t\t\n\t\t\t\t\n\t\t\t\t\n\t\t\t\t<div class=\"et_pb_module et_d4_element et_pb_text et_pb_text_5 et_animated  et_pb_text_align_left et_pb_bg_layout_light\">\n\t\t\t\t\n\t\t\t\t\n\t\t\t\t\n\t\t\t\t\n\t\t\t\t<div class=\"et_pb_text_inner\"><h3>Concr\u00e8tement<\/h3>\n<h1>Aujourd'hui, nous servons...<\/h1><\/div>\n\t\t\t<\/div><div class=\"et_pb_module et_d4_element et_pb_divider et_pb_divider_2 et_animated et_pb_divider_position_center et_pb_space\"><div class=\"et_pb_divider_internal\"><\/div><\/div>\n\t\t\t<\/div>\n\t\t\t\t\n\t\t\t\t\n\t\t\t\t\n\t\t\t\t\n\t\t\t<\/div><div class=\"et_d4_element et_pb_row et_pb_row_3  et_pb_css_mix_blend_mode et_block_row\">\n\t\t\t\t<div class=\"et_d4_element et_pb_column_4_4 et_pb_column et_pb_column_5  et_pb_css_mix_blend_mode et-last-child et_block_column\">\n\t\t\t\t\n\t\t\t\t\n\t\t\t\t\n\t\t\t\t\n\t\t\t\t<div id=\"servicio-concreto\" class=\"et_pb_with_border et_pb_module et_d4_element brbl_post_grid brbl_post_grid_0\">\n\t\t\t\t\n\t\t\t\t\n\t\t\t\t\n\t\t\t\t\n\t\t\t\t\n\t\t\t\t\n\t\t\t\t<div class=\"et_pb_module_inner\">\n\t\t\t\t\t<div class=\"brbl-module brbl-post-grid equal-height-on \" data-options=\"{&quot;layout&quot;:&quot;layout3&quot;,&quot;blog_order&quot;:0,&quot;pagination_type&quot;:&quot;&quot;,&quot;loadmore_type&quot;:&quot;scroll&quot;}\" >\r\n                <div id=\"brbl-blog-wrapper\" class=\"brbl-blog brbl-blog-scroll-0\"><div class=\"brbl-blog-item  brbl-blog-item-layout3-0\">\r\n        <article class=\"brbl-post-card brbl-post-card-3 \">\r\n            <figure class=\"brbl-post-thumb\">\r\n\t\t\t<a href=\"https:\/\/filles-de-la-charite.org\/fr\/service\/les-enfants\/\">\r\n\t\t\t\t<div class=\"brbl-overlay\" data-icon=\"\"><\/div>\r\n\t\t\t\t<img loading=\"lazy\" decoding=\"async\" width=\"1920\" height=\"1280\" src=\"https:\/\/filles-de-la-charite.org\/wp-content\/uploads\/2023\/04\/Ninos.jpg\" class=\"attachment-full size-full wp-post-image\" alt=\"\" srcset=\"https:\/\/filles-de-la-charite.org\/wp-content\/uploads\/2023\/04\/Ninos.jpg 1920w, https:\/\/filles-de-la-charite.org\/wp-content\/uploads\/2023\/04\/Ninos-1280x853.jpg 1280w, https:\/\/filles-de-la-charite.org\/wp-content\/uploads\/2023\/04\/Ninos-980x653.jpg 980w, https:\/\/filles-de-la-charite.org\/wp-content\/uploads\/2023\/04\/Ninos-480x320.jpg 480w\" sizes=\"(min-width: 0px) and (max-width: 480px) 480px, (min-width: 481px) and (max-width: 980px) 980px, (min-width: 981px) and (max-width: 1280px) 1280px, (min-width: 1281px) 1920px, 100vw\" \/>\r\n\t\t\t<\/a>\r\n\t\t<\/figure>\r\n\t\t\t<div class=\"brbl-blog-content\">\r\n                 <h4 class=\"brbl-post-title\">\r\n                <a href=\"https:\/\/filles-de-la-charite.org\/fr\/service\/les-enfants\/\">Les enfants<\/a>\r\n            <\/h4>\r\n\t\t\t\t<div class=\"brbl-blog-meta\">\r\n\t\t\t\t\t \r\n\t\t\t\t<\/div>\r\n\t\t\t\t\r\n\t\t\t\t\r\n            <\/div>\r\n        <\/article>\r\n    <\/div><div class=\"brbl-blog-item  brbl-blog-item-layout3-0\">\r\n        <article class=\"brbl-post-card brbl-post-card-3 \">\r\n            <figure class=\"brbl-post-thumb\">\r\n\t\t\t<a href=\"https:\/\/filles-de-la-charite.org\/fr\/service\/sans-abri\/\">\r\n\t\t\t\t<div class=\"brbl-overlay\" data-icon=\"\"><\/div>\r\n\t\t\t\t<img loading=\"lazy\" decoding=\"async\" width=\"1920\" height=\"1500\" src=\"https:\/\/filles-de-la-charite.org\/wp-content\/uploads\/2023\/04\/Projeto-Maria-Solidaria-Pessoas-em-situacao-de-rua-1.jpeg\" class=\"attachment-full size-full wp-post-image\" alt=\"\" srcset=\"https:\/\/filles-de-la-charite.org\/wp-content\/uploads\/2023\/04\/Projeto-Maria-Solidaria-Pessoas-em-situacao-de-rua-1.jpeg 1920w, https:\/\/filles-de-la-charite.org\/wp-content\/uploads\/2023\/04\/Projeto-Maria-Solidaria-Pessoas-em-situacao-de-rua-1-1280x1000.jpeg 1280w, https:\/\/filles-de-la-charite.org\/wp-content\/uploads\/2023\/04\/Projeto-Maria-Solidaria-Pessoas-em-situacao-de-rua-1-980x766.jpeg 980w, https:\/\/filles-de-la-charite.org\/wp-content\/uploads\/2023\/04\/Projeto-Maria-Solidaria-Pessoas-em-situacao-de-rua-1-480x375.jpeg 480w\" sizes=\"(min-width: 0px) and (max-width: 480px) 480px, (min-width: 481px) and (max-width: 980px) 980px, (min-width: 981px) and (max-width: 1280px) 1280px, (min-width: 1281px) 1920px, 100vw\" \/>\r\n\t\t\t<\/a>\r\n\t\t<\/figure>\r\n\t\t\t<div class=\"brbl-blog-content\">\r\n                 <h4 class=\"brbl-post-title\">\r\n                <a href=\"https:\/\/filles-de-la-charite.org\/fr\/service\/sans-abri\/\">Les sans-abris<\/a>\r\n            <\/h4>\r\n\t\t\t\t<div class=\"brbl-blog-meta\">\r\n\t\t\t\t\t \r\n\t\t\t\t<\/div>\r\n\t\t\t\t\r\n\t\t\t\t\r\n            <\/div>\r\n        <\/article>\r\n    <\/div><div class=\"brbl-blog-item  brbl-blog-item-layout3-0\">\r\n        <article class=\"brbl-post-card brbl-post-card-3 \">\r\n            <figure class=\"brbl-post-thumb\">\r\n\t\t\t<a href=\"https:\/\/filles-de-la-charite.org\/fr\/service\/promotion-des-femmes\/\">\r\n\t\t\t\t<div class=\"brbl-overlay\" data-icon=\"\"><\/div>\r\n\t\t\t\t<img loading=\"lazy\" decoding=\"async\" width=\"926\" height=\"694\" src=\"https:\/\/filles-de-la-charite.org\/wp-content\/uploads\/2024\/05\/para-la-web-SERVIMOS-MUJER2.jpg\" class=\"attachment-full size-full wp-post-image\" alt=\"\" srcset=\"https:\/\/filles-de-la-charite.org\/wp-content\/uploads\/2024\/05\/para-la-web-SERVIMOS-MUJER2.jpg 926w, https:\/\/filles-de-la-charite.org\/wp-content\/uploads\/2024\/05\/para-la-web-SERVIMOS-MUJER2-480x360.jpg 480w\" sizes=\"(min-width: 0px) and (max-width: 480px) 480px, (min-width: 481px) 926px, 100vw\" \/>\r\n\t\t\t<\/a>\r\n\t\t<\/figure>\r\n\t\t\t<div class=\"brbl-blog-content\">\r\n                 <h4 class=\"brbl-post-title\">\r\n                <a href=\"https:\/\/filles-de-la-charite.org\/fr\/service\/promotion-des-femmes\/\">Les femmes<\/a>\r\n            <\/h4>\r\n\t\t\t\t<div class=\"brbl-blog-meta\">\r\n\t\t\t\t\t \r\n\t\t\t\t<\/div>\r\n\t\t\t\t\r\n\t\t\t\t\r\n            <\/div>\r\n        <\/article>\r\n    <\/div><div class=\"brbl-blog-item  brbl-blog-item-layout3-0\">\r\n        <article class=\"brbl-post-card brbl-post-card-3 \">\r\n            <figure class=\"brbl-post-thumb\">\r\n\t\t\t<a href=\"https:\/\/filles-de-la-charite.org\/fr\/service\/malade\/\">\r\n\t\t\t\t<div class=\"brbl-overlay\" data-icon=\"\"><\/div>\r\n\t\t\t\t<img loading=\"lazy\" decoding=\"async\" width=\"1281\" height=\"1281\" src=\"https:\/\/filles-de-la-charite.org\/wp-content\/uploads\/2023\/04\/Sister-Mary-Felice-snap17-square-copia.jpg\" class=\"attachment-full size-full wp-post-image\" alt=\"\" srcset=\"https:\/\/filles-de-la-charite.org\/wp-content\/uploads\/2023\/04\/Sister-Mary-Felice-snap17-square-copia.jpg 1281w, https:\/\/filles-de-la-charite.org\/wp-content\/uploads\/2023\/04\/Sister-Mary-Felice-snap17-square-copia-980x980.jpg 980w, https:\/\/filles-de-la-charite.org\/wp-content\/uploads\/2023\/04\/Sister-Mary-Felice-snap17-square-copia-480x480.jpg 480w\" sizes=\"(min-width: 0px) and (max-width: 480px) 480px, (min-width: 481px) and (max-width: 980px) 980px, (min-width: 981px) 1281px, 100vw\" \/>\r\n\t\t\t<\/a>\r\n\t\t<\/figure>\r\n\t\t\t<div class=\"brbl-blog-content\">\r\n                 <h4 class=\"brbl-post-title\">\r\n                <a href=\"https:\/\/filles-de-la-charite.org\/fr\/service\/malade\/\">Les malades<\/a>\r\n            <\/h4>\r\n\t\t\t\t<div class=\"brbl-blog-meta\">\r\n\t\t\t\t\t \r\n\t\t\t\t<\/div>\r\n\t\t\t\t\r\n\t\t\t\t\r\n            <\/div>\r\n        <\/article>\r\n    <\/div><div class=\"brbl-blog-item  brbl-blog-item-layout3-0\">\r\n        <article class=\"brbl-post-card brbl-post-card-3 \">\r\n            <figure class=\"brbl-post-thumb\">\r\n\t\t\t<a href=\"https:\/\/filles-de-la-charite.org\/fr\/service\/pastorale\/\">\r\n\t\t\t\t<div class=\"brbl-overlay\" data-icon=\"\"><\/div>\r\n\t\t\t\t<img loading=\"lazy\" decoding=\"async\" width=\"1920\" height=\"1437\" src=\"https:\/\/filles-de-la-charite.org\/wp-content\/uploads\/2023\/04\/Quatro-Bocas-Para1-copia.jpeg\" class=\"attachment-full size-full wp-post-image\" alt=\"\" srcset=\"https:\/\/filles-de-la-charite.org\/wp-content\/uploads\/2023\/04\/Quatro-Bocas-Para1-copia.jpeg 1920w, https:\/\/filles-de-la-charite.org\/wp-content\/uploads\/2023\/04\/Quatro-Bocas-Para1-copia-1280x958.jpeg 1280w, https:\/\/filles-de-la-charite.org\/wp-content\/uploads\/2023\/04\/Quatro-Bocas-Para1-copia-980x733.jpeg 980w, https:\/\/filles-de-la-charite.org\/wp-content\/uploads\/2023\/04\/Quatro-Bocas-Para1-copia-480x359.jpeg 480w\" sizes=\"(min-width: 0px) and (max-width: 480px) 480px, (min-width: 481px) and (max-width: 980px) 980px, (min-width: 981px) and (max-width: 1280px) 1280px, (min-width: 1281px) 1920px, 100vw\" \/>\r\n\t\t\t<\/a>\r\n\t\t<\/figure>\r\n\t\t\t<div class=\"brbl-blog-content\">\r\n                 <h4 class=\"brbl-post-title\">\r\n                <a href=\"https:\/\/filles-de-la-charite.org\/fr\/service\/pastorale\/\">Dans la pastorale<\/a>\r\n            <\/h4>\r\n\t\t\t\t<div class=\"brbl-blog-meta\">\r\n\t\t\t\t\t \r\n\t\t\t\t<\/div>\r\n\t\t\t\t\r\n\t\t\t\t\r\n            <\/div>\r\n        <\/article>\r\n    <\/div><div class=\"brbl-blog-item  brbl-blog-item-layout3-0\">\r\n        <article class=\"brbl-post-card brbl-post-card-3 \">\r\n            <figure class=\"brbl-post-thumb\">\r\n\t\t\t<a href=\"https:\/\/filles-de-la-charite.org\/fr\/service\/personnes-agees\/\">\r\n\t\t\t\t<div class=\"brbl-overlay\" data-icon=\"\"><\/div>\r\n\t\t\t\t<img loading=\"lazy\" decoding=\"async\" width=\"1920\" height=\"1396\" src=\"https:\/\/filles-de-la-charite.org\/wp-content\/uploads\/2023\/04\/mayores.jpeg\" class=\"attachment-full size-full wp-post-image\" alt=\"\" srcset=\"https:\/\/filles-de-la-charite.org\/wp-content\/uploads\/2023\/04\/mayores.jpeg 1920w, https:\/\/filles-de-la-charite.org\/wp-content\/uploads\/2023\/04\/mayores-1280x931.jpeg 1280w, https:\/\/filles-de-la-charite.org\/wp-content\/uploads\/2023\/04\/mayores-980x713.jpeg 980w, https:\/\/filles-de-la-charite.org\/wp-content\/uploads\/2023\/04\/mayores-480x349.jpeg 480w\" sizes=\"(min-width: 0px) and (max-width: 480px) 480px, (min-width: 481px) and (max-width: 980px) 980px, (min-width: 981px) and (max-width: 1280px) 1280px, (min-width: 1281px) 1920px, 100vw\" \/>\r\n\t\t\t<\/a>\r\n\t\t<\/figure>\r\n\t\t\t<div class=\"brbl-blog-content\">\r\n                 <h4 class=\"brbl-post-title\">\r\n                <a href=\"https:\/\/filles-de-la-charite.org\/fr\/service\/personnes-agees\/\">Les personnes \u00e2g\u00e9es<\/a>\r\n            <\/h4>\r\n\t\t\t\t<div class=\"brbl-blog-meta\">\r\n\t\t\t\t\t \r\n\t\t\t\t<\/div>\r\n\t\t\t\t\r\n\t\t\t\t\r\n            <\/div>\r\n        <\/article>\r\n    <\/div><div class=\"brbl-blog-item  brbl-blog-item-layout3-0\">\r\n        <article class=\"brbl-post-card brbl-post-card-3 \">\r\n            <figure class=\"brbl-post-thumb\">\r\n\t\t\t<a href=\"https:\/\/filles-de-la-charite.org\/fr\/service\/migrants-et-refugies\/\">\r\n\t\t\t\t<div class=\"brbl-overlay\" data-icon=\"\"><\/div>\r\n\t\t\t\t<img loading=\"lazy\" decoding=\"async\" width=\"1920\" height=\"1440\" src=\"https:\/\/filles-de-la-charite.org\/wp-content\/uploads\/2023\/04\/migrantes.jpg\" class=\"attachment-full size-full wp-post-image\" alt=\"\" srcset=\"https:\/\/filles-de-la-charite.org\/wp-content\/uploads\/2023\/04\/migrantes.jpg 1920w, https:\/\/filles-de-la-charite.org\/wp-content\/uploads\/2023\/04\/migrantes-1280x960.jpg 1280w, https:\/\/filles-de-la-charite.org\/wp-content\/uploads\/2023\/04\/migrantes-980x735.jpg 980w, https:\/\/filles-de-la-charite.org\/wp-content\/uploads\/2023\/04\/migrantes-480x360.jpg 480w\" sizes=\"(min-width: 0px) and (max-width: 480px) 480px, (min-width: 481px) and (max-width: 980px) 980px, (min-width: 981px) and (max-width: 1280px) 1280px, (min-width: 1281px) 1920px, 100vw\" \/>\r\n\t\t\t<\/a>\r\n\t\t<\/figure>\r\n\t\t\t<div class=\"brbl-blog-content\">\r\n                 <h4 class=\"brbl-post-title\">\r\n                <a href=\"https:\/\/filles-de-la-charite.org\/fr\/service\/migrants-et-refugies\/\">Les r\u00e9fugi\u00e9s et les migrants<\/a>\r\n            <\/h4>\r\n\t\t\t\t<div class=\"brbl-blog-meta\">\r\n\t\t\t\t\t \r\n\t\t\t\t<\/div>\r\n\t\t\t\t\r\n\t\t\t\t\r\n            <\/div>\r\n        <\/article>\r\n    <\/div><div class=\"brbl-blog-item  brbl-blog-item-layout3-0\">\r\n        <article class=\"brbl-post-card brbl-post-card-3 \">\r\n            <figure class=\"brbl-post-thumb\">\r\n\t\t\t<a href=\"https:\/\/filles-de-la-charite.org\/fr\/service\/prisonniers-de-liberte\/\">\r\n\t\t\t\t<div class=\"brbl-overlay\" data-icon=\"\"><\/div>\r\n\t\t\t\t<img loading=\"lazy\" decoding=\"async\" width=\"1920\" height=\"1440\" src=\"https:\/\/filles-de-la-charite.org\/wp-content\/uploads\/2023\/04\/carcel.jpeg\" class=\"attachment-full size-full wp-post-image\" alt=\"\" srcset=\"https:\/\/filles-de-la-charite.org\/wp-content\/uploads\/2023\/04\/carcel.jpeg 1920w, https:\/\/filles-de-la-charite.org\/wp-content\/uploads\/2023\/04\/carcel-1280x960.jpeg 1280w, https:\/\/filles-de-la-charite.org\/wp-content\/uploads\/2023\/04\/carcel-980x735.jpeg 980w, https:\/\/filles-de-la-charite.org\/wp-content\/uploads\/2023\/04\/carcel-480x360.jpeg 480w\" sizes=\"(min-width: 0px) and (max-width: 480px) 480px, (min-width: 481px) and (max-width: 980px) 980px, (min-width: 981px) and (max-width: 1280px) 1280px, (min-width: 1281px) 1920px, 100vw\" \/>\r\n\t\t\t<\/a>\r\n\t\t<\/figure>\r\n\t\t\t<div class=\"brbl-blog-content\">\r\n                 <h4 class=\"brbl-post-title\">\r\n                <a href=\"https:\/\/filles-de-la-charite.org\/fr\/service\/prisonniers-de-liberte\/\">Les d\u00e9tenus<\/a>\r\n            <\/h4>\r\n\t\t\t\t<div class=\"brbl-blog-meta\">\r\n\t\t\t\t\t \r\n\t\t\t\t<\/div>\r\n\t\t\t\t\r\n\t\t\t\t\r\n            <\/div>\r\n        <\/article>\r\n    <\/div><div class=\"brbl-blog-item  brbl-blog-item-layout3-0\">\r\n        <article class=\"brbl-post-card brbl-post-card-3 \">\r\n            <figure class=\"brbl-post-thumb\">\r\n\t\t\t<a href=\"https:\/\/filles-de-la-charite.org\/fr\/service\/personnes-handicapees\/\">\r\n\t\t\t\t<div class=\"brbl-overlay\" data-icon=\"\"><\/div>\r\n\t\t\t\t<img loading=\"lazy\" decoding=\"async\" width=\"1920\" height=\"1672\" src=\"https:\/\/filles-de-la-charite.org\/wp-content\/uploads\/2023\/04\/sr.-Adriana.jpg\" class=\"attachment-full size-full wp-post-image\" alt=\"\" srcset=\"https:\/\/filles-de-la-charite.org\/wp-content\/uploads\/2023\/04\/sr.-Adriana.jpg 1920w, https:\/\/filles-de-la-charite.org\/wp-content\/uploads\/2023\/04\/sr.-Adriana-1280x1115.jpg 1280w, https:\/\/filles-de-la-charite.org\/wp-content\/uploads\/2023\/04\/sr.-Adriana-980x853.jpg 980w, https:\/\/filles-de-la-charite.org\/wp-content\/uploads\/2023\/04\/sr.-Adriana-480x418.jpg 480w\" sizes=\"(min-width: 0px) and (max-width: 480px) 480px, (min-width: 481px) and (max-width: 980px) 980px, (min-width: 981px) and (max-width: 1280px) 1280px, (min-width: 1281px) 1920px, 100vw\" \/>\r\n\t\t\t<\/a>\r\n\t\t<\/figure>\r\n\t\t\t<div class=\"brbl-blog-content\">\r\n                 <h4 class=\"brbl-post-title\">\r\n                <a href=\"https:\/\/filles-de-la-charite.org\/fr\/service\/personnes-handicapees\/\">Les personnes handicap\u00e9es<\/a>\r\n            <\/h4>\r\n\t\t\t\t<div class=\"brbl-blog-meta\">\r\n\t\t\t\t\t \r\n\t\t\t\t<\/div>\r\n\t\t\t\t\r\n\t\t\t\t\r\n            <\/div>\r\n        <\/article>\r\n    <\/div><div class=\"brbl-blog-item  brbl-blog-item-layout3-0\">\r\n        <article class=\"brbl-post-card brbl-post-card-3 \">\r\n            <figure class=\"brbl-post-thumb\">\r\n\t\t\t<a href=\"https:\/\/filles-de-la-charite.org\/fr\/service\/personnes-dependantes\/\">\r\n\t\t\t\t<div class=\"brbl-overlay\" data-icon=\"\"><\/div>\r\n\t\t\t\t<img loading=\"lazy\" decoding=\"async\" width=\"1920\" height=\"1440\" src=\"https:\/\/filles-de-la-charite.org\/wp-content\/uploads\/2023\/04\/dependencia.jpeg\" class=\"attachment-full size-full wp-post-image\" alt=\"\" srcset=\"https:\/\/filles-de-la-charite.org\/wp-content\/uploads\/2023\/04\/dependencia.jpeg 1920w, https:\/\/filles-de-la-charite.org\/wp-content\/uploads\/2023\/04\/dependencia-1280x960.jpeg 1280w, https:\/\/filles-de-la-charite.org\/wp-content\/uploads\/2023\/04\/dependencia-980x735.jpeg 980w, https:\/\/filles-de-la-charite.org\/wp-content\/uploads\/2023\/04\/dependencia-480x360.jpeg 480w\" sizes=\"(min-width: 0px) and (max-width: 480px) 480px, (min-width: 481px) and (max-width: 980px) 980px, (min-width: 981px) and (max-width: 1280px) 1280px, (min-width: 1281px) 1920px, 100vw\" \/>\r\n\t\t\t<\/a>\r\n\t\t<\/figure>\r\n\t\t\t<div class=\"brbl-blog-content\">\r\n                 <h4 class=\"brbl-post-title\">\r\n                <a href=\"https:\/\/filles-de-la-charite.org\/fr\/service\/personnes-dependantes\/\">Les personnes souffrant d&rsquo;addiction<\/a>\r\n            <\/h4>\r\n\t\t\t\t<div class=\"brbl-blog-meta\">\r\n\t\t\t\t\t \r\n\t\t\t\t<\/div>\r\n\t\t\t\t\r\n\t\t\t\t\r\n            <\/div>\r\n        <\/article>\r\n    <\/div><div class=\"brbl-blog-item  brbl-blog-item-layout3-0\">\r\n        <article class=\"brbl-post-card brbl-post-card-3 \">\r\n            <figure class=\"brbl-post-thumb\">\r\n\t\t\t<a href=\"https:\/\/filles-de-la-charite.org\/fr\/service\/education-et-jeunesse\/\">\r\n\t\t\t\t<div class=\"brbl-overlay\" data-icon=\"\"><\/div>\r\n\t\t\t\t<img loading=\"lazy\" decoding=\"async\" width=\"1920\" height=\"1624\" src=\"https:\/\/filles-de-la-charite.org\/wp-content\/uploads\/2023\/04\/Educacion.jpeg\" class=\"attachment-full size-full wp-post-image\" alt=\"\" srcset=\"https:\/\/filles-de-la-charite.org\/wp-content\/uploads\/2023\/04\/Educacion.jpeg 1920w, https:\/\/filles-de-la-charite.org\/wp-content\/uploads\/2023\/04\/Educacion-1280x1083.jpeg 1280w, https:\/\/filles-de-la-charite.org\/wp-content\/uploads\/2023\/04\/Educacion-980x829.jpeg 980w, https:\/\/filles-de-la-charite.org\/wp-content\/uploads\/2023\/04\/Educacion-480x406.jpeg 480w\" sizes=\"(min-width: 0px) and (max-width: 480px) 480px, (min-width: 481px) and (max-width: 980px) 980px, (min-width: 981px) and (max-width: 1280px) 1280px, (min-width: 1281px) 1920px, 100vw\" \/>\r\n\t\t\t<\/a>\r\n\t\t<\/figure>\r\n\t\t\t<div class=\"brbl-blog-content\">\r\n                 <h4 class=\"brbl-post-title\">\r\n                <a href=\"https:\/\/filles-de-la-charite.org\/fr\/service\/education-et-jeunesse\/\">Les jeunes<\/a>\r\n            <\/h4>\r\n\t\t\t\t<div class=\"brbl-blog-meta\">\r\n\t\t\t\t\t \r\n\t\t\t\t<\/div>\r\n\t\t\t\t\r\n\t\t\t\t\r\n            <\/div>\r\n        <\/article>\r\n    <\/div><\/div><nav class=\"brbl-pagination\" role=\"navigation\" aria-label=\"Pagination\"><\/nav>\r\n            <\/div>\n\t\t\t\t<\/div>\n\t\t\t<\/div>\n\t\t\t<\/div>\n\t\t\t\t\n\t\t\t\t\n\t\t\t\t\n\t\t\t\t\n\t\t\t<\/div>\n\t\t\t\t\n\t\t\t\t\n\t\t\t<\/div><div class=\"et_d4_element et_pb_section et_pb_section_3  et_pb_css_mix_blend_mode et_section_regular et_block_section\" >\n\t\t\t\t\n\t\t\t\t\n\t\t\t\t\n\t\t\t\t\n\t\t\t\t\n\t\t\t\t\n\t\t\t\t<div class=\"et_d4_element et_pb_row et_pb_row_4  et_pb_css_mix_blend_mode et_block_row\">\n\t\t\t\t<div class=\"et_d4_element et_pb_column_4_4 et_pb_column et_pb_column_6  et_pb_css_mix_blend_mode et-last-child et_block_column\">\n\t\t\t\t\n\t\t\t\t\n\t\t\t\t\n\t\t\t\t\n\t\t\t\t<div class=\"et_pb_module et_d4_element et_pb_text et_pb_text_6 et_animated  et_pb_text_align_center et_pb_bg_layout_light\">\n\t\t\t\t\n\t\t\t\t\n\t\t\t\t\n\t\t\t\t\n\t\t\t\t<div class=\"et_pb_text_inner\"><h1>En savoir plus<\/h1><\/div>\n\t\t\t<\/div><div class=\"et_pb_module et_d4_element et_pb_divider et_pb_divider_3 et_animated et_pb_divider_position_center et_pb_space\"><div class=\"et_pb_divider_internal\"><\/div><\/div>\n\t\t\t<\/div>\n\t\t\t\t\n\t\t\t\t\n\t\t\t\t\n\t\t\t\t\n\t\t\t<\/div><div class=\"et_d4_element et_pb_row et_pb_row_5  et_pb_css_mix_blend_mode et_block_row\">\n\t\t\t\t<div class=\"et_d4_element et_pb_column_1_4 et_pb_column et_pb_column_7  et_pb_css_mix_blend_mode et_block_column\">\n\t\t\t\t\n\t\t\t\t\n\t\t\t\t\n\t\t\t\t\n\t\t\t\t<div class=\"et_pb_module et_d4_element et_pb_blurb et_pb_blurb_0 et_clickable  et_pb_text_align_center  et_pb_blurb_position_top et_block_module et_pb_bg_layout_light\">\n\t\t\t\t\n\t\t\t\t\n\t\t\t\t\n\t\t\t\t\n\t\t\t\t<div class=\"et_pb_blurb_content\">\n\t\t\t\t\t<div class=\"et_pb_main_blurb_image et_pb_css_mix_blend_mode\"><span class=\"et_pb_image_wrap\"><span class=\"et-waypoint et_pb_animation_top et_pb_animation_top_tablet et_pb_animation_top_phone et-pb-icon\">\ue089<\/span><\/span><\/div>\n\t\t\t\t\t<div class=\"et_pb_blurb_container\">\n\t\t\t\t\t\t<h4 class=\"et_pb_module_header\"><span>Ce que nous sommes<\/span><\/h4>\n\t\t\t\t\t\t<div class=\"et_pb_blurb_description\"><p><span>Servantes des pauvres qui vivent en communaut\u00e9<\/span><\/p><\/div>\n\t\t\t\t\t<\/div>\n\t\t\t\t<\/div>\n\t\t\t<\/div>\n\t\t\t<\/div><div class=\"et_d4_element et_pb_column_1_4 et_pb_column et_pb_column_8  et_pb_css_mix_blend_mode et_block_column\">\n\t\t\t\t\n\t\t\t\t\n\t\t\t\t\n\t\t\t\t\n\t\t\t\t<div class=\"et_pb_module et_d4_element et_pb_blurb et_pb_blurb_1 et_clickable  et_pb_text_align_center  et_pb_blurb_position_top et_block_module et_pb_bg_layout_light\">\n\t\t\t\t\n\t\t\t\t\n\t\t\t\t\n\t\t\t\t\n\t\t\t\t<div class=\"et_pb_blurb_content\">\n\t\t\t\t\t<div class=\"et_pb_main_blurb_image et_pb_css_mix_blend_mode\"><span class=\"et_pb_image_wrap\"><span class=\"et-waypoint et_pb_animation_top et_pb_animation_top_tablet et_pb_animation_top_phone et-pb-icon\">\uf684<\/span><\/span><\/div>\n\t\t\t\t\t<div class=\"et_pb_blurb_container\">\n\t\t\t\t\t\t<h4 class=\"et_pb_module_header\"><span>Spiritualit\u00e9<\/span><\/h4>\n\t\t\t\t\t\t<div class=\"et_pb_blurb_description\"><p>Appel\u00e9s par Dieu \u00e0 une vie de pri\u00e8re et de service aux plus d\u00e9munis.<\/p><\/div>\n\t\t\t\t\t<\/div>\n\t\t\t\t<\/div>\n\t\t\t<\/div>\n\t\t\t<\/div><div class=\"et_d4_element et_pb_column_1_4 et_pb_column et_pb_column_9  et_pb_css_mix_blend_mode et_block_column\">\n\t\t\t\t\n\t\t\t\t\n\t\t\t\t\n\t\t\t\t\n\t\t\t\t<div class=\"et_pb_module et_d4_element et_pb_blurb et_pb_blurb_2 et_clickable  et_pb_text_align_center  et_pb_blurb_position_top et_block_module et_pb_bg_layout_light\">\n\t\t\t\t\n\t\t\t\t\n\t\t\t\t\n\t\t\t\t\n\t\t\t\t<div class=\"et_pb_blurb_content\">\n\t\t\t\t\t<div class=\"et_pb_main_blurb_image et_pb_css_mix_blend_mode\"><span class=\"et_pb_image_wrap\"><span class=\"et-waypoint et_pb_animation_top et_pb_animation_top_tablet et_pb_animation_top_phone et-pb-icon\">\uf0ac<\/span><\/span><\/div>\n\t\t\t\t\t<div class=\"et_pb_blurb_container\">\n\t\t\t\t\t\t<h4 class=\"et_pb_module_header\"><span>Autour du monde<\/span><\/h4>\n\t\t\t\t\t\t<div class=\"et_pb_blurb_description\"><p>Vous pouvez nous trouver partout o\u00f9 il y a des vies dont la dignit\u00e9 est bafou\u00e9e. Dans le monde entier.<\/p><\/div>\n\t\t\t\t\t<\/div>\n\t\t\t\t<\/div>\n\t\t\t<\/div>\n\t\t\t<\/div><div class=\"et_d4_element et_pb_column_1_4 et_pb_column et_pb_column_10  et_pb_css_mix_blend_mode et-last-child et_block_column\">\n\t\t\t\t\n\t\t\t\t\n\t\t\t\t\n\t\t\t\t\n\t\t\t\t<div class=\"et_pb_module et_d4_element et_pb_blurb et_pb_blurb_3 et_clickable  et_pb_text_align_center  et_pb_blurb_position_top et_block_module et_pb_bg_layout_light\">\n\t\t\t\t\n\t\t\t\t\n\t\t\t\t\n\t\t\t\t\n\t\t\t\t<div class=\"et_pb_blurb_content\">\n\t\t\t\t\t<div class=\"et_pb_main_blurb_image et_pb_css_mix_blend_mode\"><span class=\"et_pb_image_wrap\"><span class=\"et-waypoint et_pb_animation_top et_pb_animation_top_tablet et_pb_animation_top_phone et-pb-icon\">\uf06d<\/span><\/span><\/div>\n\t\t\t\t\t<div class=\"et_pb_blurb_container\">\n\t\t\t\t\t\t<h4 class=\"et_pb_module_header\"><span>Ils nous inspirent<\/span><\/h4>\n\t\t\t\t\t\t<div class=\"et_pb_blurb_description\"><p>Saints, saintes, b\u00e9nis des Filles de la Charit\u00e9 et de la Famille Vincentienne<\/p><\/div>\n\t\t\t\t\t<\/div>\n\t\t\t\t<\/div>\n\t\t\t<\/div>\n\t\t\t<\/div>\n\t\t\t\t\n\t\t\t\t\n\t\t\t\t\n\t\t\t\t\n\t\t\t<\/div>\n\t\t\t\t\n\t\t\t\t\n\t\t\t<\/div><\/p>\n","protected":false},"excerpt":{"rendered":"","protected":false},"author":1,"featured_media":0,"parent":3576,"menu_order":0,"comment_status":"closed","ping_status":"closed","template":"","meta":{"_acf_changed":false,"_et_pb_use_builder":"on","_et_pb_old_content":"","_et_gb_content_width":"","footnotes":"","_links_to":"","_links_to_target":""},"class_list":["post-3510","page","type-page","status-publish","hentry"],"acf":[],"yoast_head":"<!-- This site is optimized with the Yoast SEO plugin v27.5 - https:\/\/yoast.com\/product\/yoast-seo-wordpress\/ -->\n<title>Notre service - Filles de la Charit\u00e9<\/title>\n<meta name=\"robots\" content=\"index, follow, max-snippet:-1, max-image-preview:large, max-video-preview:-1\" \/>\n<link rel=\"canonical\" href=\"https:\/\/filles-de-la-charite.org\/fr\/nous-sommes\/notre-service\/\" \/>\n<meta property=\"og:locale\" content=\"fr_FR\" \/>\n<meta property=\"og:type\" content=\"article\" \/>\n<meta property=\"og:title\" content=\"Notre service - Filles de la Charit\u00e9\" \/>\n<meta property=\"og:url\" content=\"https:\/\/filles-de-la-charite.org\/fr\/nous-sommes\/notre-service\/\" \/>\n<meta property=\"og:site_name\" content=\"Filles de la Charit\u00e9\" \/>\n<meta property=\"article:modified_time\" content=\"2023-11-28T16:59:59+00:00\" \/>\n<meta name=\"twitter:card\" content=\"summary_large_image\" \/>\n<meta name=\"twitter:label1\" content=\"Dur\u00e9e de lecture estim\u00e9e\" \/>\n\t<meta name=\"twitter:data1\" content=\"9 minutes\" \/>\n<script type=\"application\/ld+json\" class=\"yoast-schema-graph\">{\"@context\":\"https:\\\/\\\/schema.org\",\"@graph\":[{\"@type\":\"WebPage\",\"@id\":\"https:\\\/\\\/filles-de-la-charite.org\\\/fr\\\/nous-sommes\\\/notre-service\\\/\",\"url\":\"https:\\\/\\\/filles-de-la-charite.org\\\/fr\\\/nous-sommes\\\/notre-service\\\/\",\"name\":\"Notre service - Filles de la Charit\u00e9\",\"isPartOf\":{\"@id\":\"https:\\\/\\\/filles-de-la-charite.org\\\/fr\\\/#website\"},\"datePublished\":\"2023-04-18T10:33:06+00:00\",\"dateModified\":\"2023-11-28T16:59:59+00:00\",\"breadcrumb\":{\"@id\":\"https:\\\/\\\/filles-de-la-charite.org\\\/fr\\\/nous-sommes\\\/notre-service\\\/#breadcrumb\"},\"inLanguage\":\"fr-FR\",\"potentialAction\":[{\"@type\":\"ReadAction\",\"target\":[\"https:\\\/\\\/filles-de-la-charite.org\\\/fr\\\/nous-sommes\\\/notre-service\\\/\"]}]},{\"@type\":\"BreadcrumbList\",\"@id\":\"https:\\\/\\\/filles-de-la-charite.org\\\/fr\\\/nous-sommes\\\/notre-service\\\/#breadcrumb\",\"itemListElement\":[{\"@type\":\"ListItem\",\"position\":1,\"name\":\"Nous sommes\",\"item\":\"https:\\\/\\\/filles-de-la-charite.org\\\/fr\\\/nous-sommes\\\/\"},{\"@type\":\"ListItem\",\"position\":2,\"name\":\"Notre service\"}]},{\"@type\":\"WebSite\",\"@id\":\"https:\\\/\\\/filles-de-la-charite.org\\\/fr\\\/#website\",\"url\":\"https:\\\/\\\/filles-de-la-charite.org\\\/fr\\\/\",\"name\":\"Hijas de la Caridad\",\"description\":\"L\u2019amour de J\u00e9sus nous presse \u00e0 prendre soin des personnes les plus d\u00e9munies\",\"publisher\":{\"@id\":\"https:\\\/\\\/filles-de-la-charite.org\\\/fr\\\/#organization\"},\"potentialAction\":[{\"@type\":\"SearchAction\",\"target\":{\"@type\":\"EntryPoint\",\"urlTemplate\":\"https:\\\/\\\/filles-de-la-charite.org\\\/fr\\\/?s={search_term_string}\"},\"query-input\":{\"@type\":\"PropertyValueSpecification\",\"valueRequired\":true,\"valueName\":\"search_term_string\"}}],\"inLanguage\":\"fr-FR\"},{\"@type\":\"Organization\",\"@id\":\"https:\\\/\\\/filles-de-la-charite.org\\\/fr\\\/#organization\",\"name\":\"Hijas de la Caridad\",\"url\":\"https:\\\/\\\/filles-de-la-charite.org\\\/fr\\\/\",\"logo\":{\"@type\":\"ImageObject\",\"inLanguage\":\"fr-FR\",\"@id\":\"https:\\\/\\\/filles-de-la-charite.org\\\/fr\\\/#\\\/schema\\\/logo\\\/image\\\/\",\"url\":\"https:\\\/\\\/filles-de-la-charite.org\\\/wp-content\\\/uploads\\\/2023\\\/03\\\/isotipo-Hijas-de-la-Caridad.png\",\"contentUrl\":\"https:\\\/\\\/filles-de-la-charite.org\\\/wp-content\\\/uploads\\\/2023\\\/03\\\/isotipo-Hijas-de-la-Caridad.png\",\"width\":1417,\"height\":1417,\"caption\":\"Hijas de la Caridad\"},\"image\":{\"@id\":\"https:\\\/\\\/filles-de-la-charite.org\\\/fr\\\/#\\\/schema\\\/logo\\\/image\\\/\"}}]}<\/script>\n<!-- \/ Yoast SEO plugin. -->","yoast_head_json":{"title":"Notre service - Filles de la Charit\u00e9","robots":{"index":"index","follow":"follow","max-snippet":"max-snippet:-1","max-image-preview":"max-image-preview:large","max-video-preview":"max-video-preview:-1"},"canonical":"https:\/\/filles-de-la-charite.org\/fr\/nous-sommes\/notre-service\/","og_locale":"fr_FR","og_type":"article","og_title":"Notre service - Filles de la Charit\u00e9","og_url":"https:\/\/filles-de-la-charite.org\/fr\/nous-sommes\/notre-service\/","og_site_name":"Filles de la Charit\u00e9","article_modified_time":"2023-11-28T16:59:59+00:00","twitter_card":"summary_large_image","twitter_misc":{"Dur\u00e9e de lecture estim\u00e9e":"9 minutes"},"schema":{"@context":"https:\/\/schema.org","@graph":[{"@type":"WebPage","@id":"https:\/\/filles-de-la-charite.org\/fr\/nous-sommes\/notre-service\/","url":"https:\/\/filles-de-la-charite.org\/fr\/nous-sommes\/notre-service\/","name":"Notre service - Filles de la Charit\u00e9","isPartOf":{"@id":"https:\/\/filles-de-la-charite.org\/fr\/#website"},"datePublished":"2023-04-18T10:33:06+00:00","dateModified":"2023-11-28T16:59:59+00:00","breadcrumb":{"@id":"https:\/\/filles-de-la-charite.org\/fr\/nous-sommes\/notre-service\/#breadcrumb"},"inLanguage":"fr-FR","potentialAction":[{"@type":"ReadAction","target":["https:\/\/filles-de-la-charite.org\/fr\/nous-sommes\/notre-service\/"]}]},{"@type":"BreadcrumbList","@id":"https:\/\/filles-de-la-charite.org\/fr\/nous-sommes\/notre-service\/#breadcrumb","itemListElement":[{"@type":"ListItem","position":1,"name":"Nous sommes","item":"https:\/\/filles-de-la-charite.org\/fr\/nous-sommes\/"},{"@type":"ListItem","position":2,"name":"Notre service"}]},{"@type":"WebSite","@id":"https:\/\/filles-de-la-charite.org\/fr\/#website","url":"https:\/\/filles-de-la-charite.org\/fr\/","name":"Hijas de la Caridad","description":"L\u2019amour de J\u00e9sus nous presse \u00e0 prendre soin des personnes les plus d\u00e9munies","publisher":{"@id":"https:\/\/filles-de-la-charite.org\/fr\/#organization"},"potentialAction":[{"@type":"SearchAction","target":{"@type":"EntryPoint","urlTemplate":"https:\/\/filles-de-la-charite.org\/fr\/?s={search_term_string}"},"query-input":{"@type":"PropertyValueSpecification","valueRequired":true,"valueName":"search_term_string"}}],"inLanguage":"fr-FR"},{"@type":"Organization","@id":"https:\/\/filles-de-la-charite.org\/fr\/#organization","name":"Hijas de la Caridad","url":"https:\/\/filles-de-la-charite.org\/fr\/","logo":{"@type":"ImageObject","inLanguage":"fr-FR","@id":"https:\/\/filles-de-la-charite.org\/fr\/#\/schema\/logo\/image\/","url":"https:\/\/filles-de-la-charite.org\/wp-content\/uploads\/2023\/03\/isotipo-Hijas-de-la-Caridad.png","contentUrl":"https:\/\/filles-de-la-charite.org\/wp-content\/uploads\/2023\/03\/isotipo-Hijas-de-la-Caridad.png","width":1417,"height":1417,"caption":"Hijas de la Caridad"},"image":{"@id":"https:\/\/filles-de-la-charite.org\/fr\/#\/schema\/logo\/image\/"}}]}},"_links":{"self":[{"href":"https:\/\/filles-de-la-charite.org\/fr\/wp-json\/wp\/v2\/pages\/3510","targetHints":{"allow":["GET"]}}],"collection":[{"href":"https:\/\/filles-de-la-charite.org\/fr\/wp-json\/wp\/v2\/pages"}],"about":[{"href":"https:\/\/filles-de-la-charite.org\/fr\/wp-json\/wp\/v2\/types\/page"}],"author":[{"embeddable":true,"href":"https:\/\/filles-de-la-charite.org\/fr\/wp-json\/wp\/v2\/users\/1"}],"replies":[{"embeddable":true,"href":"https:\/\/filles-de-la-charite.org\/fr\/wp-json\/wp\/v2\/comments?post=3510"}],"version-history":[{"count":57,"href":"https:\/\/filles-de-la-charite.org\/fr\/wp-json\/wp\/v2\/pages\/3510\/revisions"}],"predecessor-version":[{"id":30979,"href":"https:\/\/filles-de-la-charite.org\/fr\/wp-json\/wp\/v2\/pages\/3510\/revisions\/30979"}],"up":[{"embeddable":true,"href":"https:\/\/filles-de-la-charite.org\/fr\/wp-json\/wp\/v2\/pages\/3576"}],"wp:attachment":[{"href":"https:\/\/filles-de-la-charite.org\/fr\/wp-json\/wp\/v2\/media?parent=3510"}],"curies":[{"name":"wp","href":"https:\/\/api.w.org\/{rel}","templated":true}]}}