{"id":3561,"date":"2023-04-11T14:53:01","date_gmt":"2023-04-11T12:53:01","guid":{"rendered":"https:\/\/hijascaridad.sjdigitaldemo.ovh\/notre-histoire\/"},"modified":"2026-04-10T18:22:18","modified_gmt":"2026-04-10T16:22:18","slug":"notre-histoire","status":"publish","type":"page","link":"https:\/\/filles-de-la-charite.org\/fr\/nous-sommes\/notre-histoire\/","title":{"rendered":"Notre histoire"},"content":{"rendered":"<p><div class=\"et_d4_element et_pb_section et_pb_section_0 et_pb_section_parallax et_pb_with_background  et_pb_css_mix_blend_mode et_section_regular et_block_section\" >\n\t\t\t\t\n\t\t\t\t<span class=\"et_parallax_bg_wrap et-pb-parallax-wrapper\"><span\n\t\t\t\t\t\tclass=\"et_parallax_bg et_parallax_bg--et_pb_section_0\"\n\t\t\t\t\t\tstyle=\"background-image: url(https:\/\/filles-de-la-charite.org\/wp-content\/uploads\/2023\/04\/864775512_Nineteenth-century-oil-painting-of-a-European-slum_512-v2-1-1.png);\"\n\t\t\t\t\t><\/span><span\n\t\t\t\t\t\tclass=\"et_parallax_gradient\"\n\t\t\t\t\t\tstyle=\"background-image: linear-gradient( , #ffffff 0%, rgba(249,249,249,0.5) 100% );\"\n\t\t\t\t\t><\/span><\/span>\n\t\t\t\t\n\t\t\t\t\n\t\t\t\t\n\t\t\t\t\n\t\t\t\t<div class=\"et_d4_element et_pb_row et_pb_row_0 et_pb_row_fullwidth et_pb_equal_columns et_pb_gutters1  et_pb_css_mix_blend_mode et_block_row\">\n\t\t\t\t<div class=\"et_d4_element et_pb_column_1_2 et_pb_column et_pb_column_0  et_pb_css_mix_blend_mode et_block_column\">\n\t\t\t\t\n\t\t\t\t\n\t\t\t\t\n\t\t\t\t\n\t\t\t\t<div class=\"et_pb_module et_d4_element et_pb_image et_pb_image_0\">\n\t\t\t\t\n\t\t\t\t\n\t\t\t\t\n\t\t\t\t\n\t\t\t\t<span class=\"et_pb_image_wrap \"><img loading=\"lazy\" decoding=\"async\" width=\"1640\" height=\"782\" src=\"https:\/\/filles-de-la-charite.org\/wp-content\/uploads\/2023\/07\/VicenteLuisa-1.png\" alt=\"\" title=\"VincentLouisa-1\" srcset=\"https:\/\/filles-de-la-charite.org\/wp-content\/uploads\/2023\/07\/VicenteLuisa-1.png 1640w, https:\/\/filles-de-la-charite.org\/wp-content\/uploads\/2023\/07\/VicenteLuisa-1-1280x610.png 1280w, https:\/\/filles-de-la-charite.org\/wp-content\/uploads\/2023\/07\/VicenteLuisa-1-980x467.png 980w, https:\/\/filles-de-la-charite.org\/wp-content\/uploads\/2023\/07\/VicenteLuisa-1-480x229.png 480w\" sizes=\"(min-width: 0px) and (max-width: 480px) 480px, (min-width: 481px) and (max-width: 980px) 980px, (min-width: 981px) and (max-width: 1280px) 1280px, (min-width: 1281px) 1640px, 100vw\" class=\"wp-image-26312\" \/><\/span>\n\t\t\t<\/div>\n\t\t\t<\/div><div class=\"et_d4_element et_pb_column_1_2 et_pb_column et_pb_column_1  et_pb_css_mix_blend_mode et-last-child et_block_column\">\n\t\t\t\t\n\t\t\t\t\n\t\t\t\t\n\t\t\t\t\n\t\t\t\t<div class=\"et_pb_module et_d4_element et_pb_text et_pb_text_0 et_animated  et_pb_text_align_left et_pb_bg_layout_dark\">\n\t\t\t\t\n\t\t\t\t\n\t\t\t\t\n\t\t\t\t\n\t\t\t\t<div class=\"et_pb_text_inner\" data-et-multi-view=\"{&quot;schema&quot;:{&quot;content&quot;:{&quot;desktop&quot;:&quot;&lt;h1&gt;Notre histoire&lt;\\\/h1&gt;\\n&lt;h2&gt;Amour et service pour transformer des vies&lt;\\\/h2&gt;\\n&lt;div id=\\&quot;gtx-trans\\&quot; style=\\&quot;position: absolute; left: -16px; top: 66.875px;\\&quot;&gt;\\n&lt;div class=\\&quot;gtx-trans-icon\\&quot;&gt;&lt;\\\/div&gt;\\n&lt;\\\/div&gt;&quot;,&quot;tablet&quot;:&quot;&lt;h1&gt;l&apos;histoire&lt;\\\/h1&gt;\\n&lt;h2&gt;L&apos;amour et le service pour transformer les vies&lt;\\\/h2&gt;&quot;},&quot;target&quot;:&quot;&quot;,&quot;hover_selector&quot;:&quot;&quot;},&quot;slug&quot;:&quot;et_pb_text&quot;}\" data-et-multi-view-load-tablet-hidden=\"true\"><h1>Notre histoire<\/h1>\n<h2>Amour et service pour transformer des vies<\/h2>\n<div id=\"gtx-trans\" style=\"position: absolute; left: -16px; top: 66.875px;\">\n<div class=\"gtx-trans-icon\"><\/div>\n<\/div><\/div>\n\t\t\t<\/div><div class=\"et_pb_module et_d4_element et_pb_divider et_pb_divider_0 et_animated et_pb_divider_position_center et_pb_space\"><div class=\"et_pb_divider_internal\"><\/div><\/div><div class=\"et_pb_module et_d4_element et_pb_text et_pb_text_1 et_animated  et_pb_text_align_left et_pb_bg_layout_dark\">\n\t\t\t\t\n\t\t\t\t\n\t\t\t\t\n\t\t\t\t\n\t\t\t\t<div class=\"et_pb_text_inner\"><p>Des d\u00e9buts modestes\u2026 jusqu\u2019au rayonnement international gr\u00e2ce au d\u00e9vouement pers\u00e9v\u00e9rant des Soeurs envers les personnes d\u00e9laiss\u00e9es.<\/p><\/div>\n\t\t\t<\/div>\n\t\t\t<\/div>\n\t\t\t\t\n\t\t\t\t\n\t\t\t\t\n\t\t\t\t\n\t\t\t<\/div><div class=\"et_d4_element et_pb_row et_pb_row_1  et_pb_css_mix_blend_mode et_block_row\">\n\t\t\t\t<div class=\"et_d4_element et_pb_column_4_4 et_pb_column et_pb_column_2  et_pb_css_mix_blend_mode et-last-child et_block_column\">\n\t\t\t\t\n\t\t\t\t\n\t\t\t\t\n\t\t\t\t\n\t\t\t\t<div class=\"et_pb_module et_d4_element et_pb_image et_pb_image_1\">\n\t\t\t\t\n\t\t\t\t\n\t\t\t\t\n\t\t\t\t\n\t\t\t\t<span class=\"et_pb_image_wrap \"><img loading=\"lazy\" decoding=\"async\" width=\"1640\" height=\"782\" src=\"https:\/\/filles-de-la-charite.org\/wp-content\/uploads\/2023\/07\/VicenteLuisa-1.png\" alt=\"\" title=\"VincentLouisa-1\" srcset=\"https:\/\/filles-de-la-charite.org\/wp-content\/uploads\/2023\/07\/VicenteLuisa-1.png 1640w, https:\/\/filles-de-la-charite.org\/wp-content\/uploads\/2023\/07\/VicenteLuisa-1-1280x610.png 1280w, https:\/\/filles-de-la-charite.org\/wp-content\/uploads\/2023\/07\/VicenteLuisa-1-980x467.png 980w, https:\/\/filles-de-la-charite.org\/wp-content\/uploads\/2023\/07\/VicenteLuisa-1-480x229.png 480w\" sizes=\"(min-width: 0px) and (max-width: 480px) 480px, (min-width: 481px) and (max-width: 980px) 980px, (min-width: 981px) and (max-width: 1280px) 1280px, (min-width: 1281px) 1640px, 100vw\" class=\"wp-image-26312\" \/><\/span>\n\t\t\t<\/div>\n\t\t\t<\/div>\n\t\t\t\t\n\t\t\t\t\n\t\t\t\t\n\t\t\t\t\n\t\t\t<\/div>\n\t\t\t\t\n\t\t\t\t\n\t\t\t<\/div><div class=\"et_d4_element et_pb_section et_pb_section_1  et_pb_css_mix_blend_mode et_section_regular et_block_section\" >\n\t\t\t\t\n\t\t\t\t\n\t\t\t\t\n\t\t\t\t\n\t\t\t\t\n\t\t\t\t\n\t\t\t\t<div class=\"et_d4_element et_pb_row et_pb_row_2  et_pb_css_mix_blend_mode et_block_row\">\n\t\t\t\t<div class=\"et_d4_element et_pb_column_1_2 et_pb_column et_pb_column_3  et_pb_css_mix_blend_mode et_block_column\">\n\t\t\t\t\n\t\t\t\t\n\t\t\t\t\n\t\t\t\t\n\t\t\t\t<div class=\"et_pb_module et_d4_element et_pb_text et_pb_text_2 et_animated  et_pb_text_align_left et_pb_bg_layout_light\">\n\t\t\t\t\n\t\t\t\t\n\t\t\t\t\n\t\t\t\t\n\t\t\t\t<div class=\"et_pb_text_inner\"><h3><span>Les d\u00e9buts<\/span><\/h3>\n<h1>L\u2019Esprit Saint \u00e0 l\u2019\u0153uvre dans les coeurs<\/h1><\/div>\n\t\t\t<\/div><div class=\"et_pb_module et_d4_element et_pb_divider et_pb_divider_1 et_animated et_pb_divider_position_center et_pb_space\"><div class=\"et_pb_divider_internal\"><\/div><\/div><div class=\"et_pb_module et_d4_element et_pb_text et_pb_text_3 et_animated  et_pb_text_align_left et_pb_bg_layout_light\">\n\t\t\t\t\n\t\t\t\t\n\t\t\t\t\n\t\t\t\t\n\t\t\t\t<div class=\"et_pb_text_inner\"><p>La Compagnie des Filles de la Charit\u00e9 est n\u00e9e tr\u00e8s discr\u00e8tement, \u00e0 la mani\u00e8re des \u0153uvres de Dieu. Pour ouvrir ce chemin, l\u2019Esprit de Dieu a touch\u00e9 le c\u0153ur de Vincent de Paul, de Louise de Marillac et de Marguerite Naseau.<\/p><\/div>\n\t\t\t<\/div><div class=\"et_pb_module et_d4_element et_pb_text et_pb_text_4 et_animated  et_pb_text_align_left et_pb_bg_layout_light\">\n\t\t\t\t\n\t\t\t\t\n\t\t\t\t\n\t\t\t\t\n\t\t\t\t<div class=\"et_pb_text_inner\"><p><strong>Vincent de Paul<\/strong>, d\u00e8s son enfance, a vu la pauvret\u00e9 mat\u00e9rielle et spirituelle des personnes pauvres dans les campagnes. En 1617, \u00e0 Ch\u00e2tillon les Dombes, sa rencontre, avec une famille dans une extr\u00eame n\u00e9cessit\u00e9, l\u2019a incit\u00e9 \u00e0 rassembler des dames de la bourgeoisie locale et \u00e0 fonder, avec elles, \u00ab les Confr\u00e9ries de la Charit\u00e9 \u00bb. Son objectif \u00e9tait d'organiser l'aide mat\u00e9rielle et l'accompagnement spirituel afin que les personnes pauvres puissent prendre leur existence en mains et acc\u00e8dent \u00e0 une vie digne.<\/p>\n<p><strong>Louise de Marillac<\/strong> a connu, d\u00e8s l\u2019enfance le manque d\u2019affection dans sa famille et elle a toujours \u00e9t\u00e9 sensible aux difficult\u00e9s des autres. A la demande de Monsieur Vincent, elle a visit\u00e9 les premi\u00e8res \u00ab Confr\u00e9ries de la Charit\u00e9 \u00bb. Elle a assur\u00e9 cette mission avec c\u0153ur, courage et disponibilit\u00e9. Ses talents d\u2019organisatrice ont \u00e9t\u00e9 d\u2019un grand secours.<\/p><\/div>\n\t\t\t<\/div>\n\t\t\t<\/div><div class=\"et_d4_element et_pb_column_1_2 et_pb_column et_pb_column_4  et_pb_css_mix_blend_mode et-last-child et_block_column\">\n\t\t\t\t\n\t\t\t\t\n\t\t\t\t\n\t\t\t\t\n\t\t\t\t<div class=\"et_pb_module et_d4_element et_pb_image et_pb_image_2 et_animated et-waypoint\">\n\t\t\t\t\n\t\t\t\t\n\t\t\t\t\n\t\t\t\t\n\t\t\t\t<span class=\"et_pb_image_wrap \"><img loading=\"lazy\" decoding=\"async\" width=\"904\" height=\"1024\" src=\"https:\/\/filles-de-la-charite.org\/wp-content\/uploads\/2023\/04\/UnaTinta.png\" alt=\"\" title=\"UnaTinta\" srcset=\"https:\/\/filles-de-la-charite.org\/wp-content\/uploads\/2023\/04\/UnaTinta.png 904w, https:\/\/filles-de-la-charite.org\/wp-content\/uploads\/2023\/04\/UnaTinta-480x544.png 480w\" sizes=\"(min-width: 0px) and (max-width: 480px) 480px, (min-width: 481px) 904px, 100vw\" class=\"wp-image-1373\" \/><\/span>\n\t\t\t<\/div><div class=\"et_pb_module et_d4_element et_pb_text et_pb_text_5 et_animated  et_pb_text_align_left et_pb_bg_layout_light\">\n\t\t\t\t\n\t\t\t\t\n\t\t\t\t\n\t\t\t\t\n\t\t\t\t<div class=\"et_pb_text_inner\"><p>Tr\u00e8s vite, Vincent et Louise ont constat\u00e9 que les Dames des Confr\u00e9ries vivaient une grande tension entre leurs id\u00e9aux de service et leurs contraintes sociales. Il leur arrivait d\u2019envoyer leur propre servante apporter la nourriture et les v\u00eatements aux personnes dans la n\u00e9cessit\u00e9. Or, ce service ne leur convenait pas ; elles le rendaient par obligation et non par amour !<br \/>Les barri\u00e8res sociales \u00e9taient un r\u00e9el obstacle : faudrait-il renoncer \u00e0 servir les personnes pauvres ?<\/p><\/div>\n\t\t\t<\/div>\n\t\t\t<\/div>\n\t\t\t\t\n\t\t\t\t\n\t\t\t\t\n\t\t\t\t\n\t\t\t<\/div><div class=\"et_d4_element et_pb_row et_pb_row_3  et_pb_css_mix_blend_mode et_block_row\">\n\t\t\t\t<div class=\"et_d4_element et_pb_column_1_2 et_pb_column et_pb_column_5  et_pb_css_mix_blend_mode et_block_column\">\n\t\t\t\t\n\t\t\t\t\n\t\t\t\t\n\t\t\t\t\n\t\t\t\t<div class=\"et_pb_module et_d4_element et_pb_image et_pb_image_3 et_animated et-waypoint\">\n\t\t\t\t\n\t\t\t\t\n\t\t\t\t\n\t\t\t\t\n\t\t\t\t<span class=\"et_pb_image_wrap \"><img loading=\"lazy\" decoding=\"async\" width=\"1600\" height=\"1109\" src=\"https:\/\/filles-de-la-charite.org\/wp-content\/uploads\/2023\/04\/San-Vicente-Paul-y-Santa-Luisa-Marillac.jpg\" alt=\"\" title=\"Saint-Vicent-Paul-et-Saint-Louise-Marillac\" srcset=\"https:\/\/filles-de-la-charite.org\/wp-content\/uploads\/2023\/04\/San-Vicente-Paul-y-Santa-Luisa-Marillac.jpg 1600w, https:\/\/filles-de-la-charite.org\/wp-content\/uploads\/2023\/04\/San-Vicente-Paul-y-Santa-Luisa-Marillac-1280x887.jpg 1280w, https:\/\/filles-de-la-charite.org\/wp-content\/uploads\/2023\/04\/San-Vicente-Paul-y-Santa-Luisa-Marillac-980x679.jpg 980w, https:\/\/filles-de-la-charite.org\/wp-content\/uploads\/2023\/04\/San-Vicente-Paul-y-Santa-Luisa-Marillac-480x333.jpg 480w\" sizes=\"(min-width: 0px) and (max-width: 480px) 480px, (min-width: 481px) and (max-width: 980px) 980px, (min-width: 981px) and (max-width: 1280px) 1280px, (min-width: 1281px) 1600px, 100vw\" class=\"wp-image-1365\" \/><\/span>\n\t\t\t<\/div>\n\t\t\t<\/div><div class=\"et_d4_element et_pb_column_1_2 et_pb_column et_pb_column_6  et_pb_css_mix_blend_mode et-last-child et_block_column\">\n\t\t\t\t\n\t\t\t\t\n\t\t\t\t\n\t\t\t\t\n\t\t\t\t<div class=\"et_pb_module et_d4_element et_pb_text et_pb_text_6 et_animated  et_pb_text_align_left et_pb_bg_layout_light\">\n\t\t\t\t\n\t\t\t\t\n\t\t\t\t\n\t\t\t\t\n\t\t\t\t<div class=\"et_pb_text_inner\"><p>La Providence veillait et elle s\u2019appelait : <strong>Marguerite Naseau<\/strong> ! C\u2019\u00e9tait une paysanne de 34 ans. Elle avait appris \u00e0 lire toute seule et elle \u00e9tait l\u2019institutrice des enfants de son village. Elle d\u00e9sirait servir Dieu et ayant entendu parler de Monsieur Vincent et de son action, elle vint \u00e0 Paris en 1630, lui proposer ses services. Celui-ci la confia \u00e0 Louise de Marillac qui d\u00e9couvrit en elle les qualit\u00e9s d\u2019une vraie servante. D\u2019autres humbles paysannes vinrent les rejoindre. <br \/>Les difficult\u00e9s rencontr\u00e9es par les Dames \u00e9taient r\u00e9solues gr\u00e2ce \u00e0 ces femmes, elles-m\u00eames pauvres. Le service des personnes pauvres peut se poursuivre.<\/p>\n<p>Trois vies que tout, humainement, pouvait s\u00e9parer et que Dieu a unies pour que naisse la Compagnie des Filles de la Charit\u00e9, le 29 novembre 1633.<\/p><\/div>\n\t\t\t<\/div>\n\t\t\t<\/div>\n\t\t\t\t\n\t\t\t\t\n\t\t\t\t\n\t\t\t\t\n\t\t\t<\/div>\n\t\t\t\t\n\t\t\t\t\n\t\t\t<\/div><div class=\"et_d4_element et_pb_section et_pb_section_2 et_pb_with_background et_pb_section_parallax  et_pb_css_mix_blend_mode et_section_regular et_block_section\" >\n\t\t\t\t\n\t\t\t\t\n\t\t\t\t\n\t\t\t\t\n\t\t\t\t\n\t\t\t\t\n\t\t\t\t<div class=\"et_d4_element et_pb_row et_pb_row_4  et_pb_css_mix_blend_mode et_block_row\">\n\t\t\t\t<div class=\"et_d4_element et_pb_column_4_4 et_pb_column et_pb_column_7  et_pb_css_mix_blend_mode et-last-child et_block_column\">\n\t\t\t\t\n\t\t\t\t\n\t\t\t\t\n\t\t\t\t\n\t\t\t\t<div class=\"et_pb_module et_d4_element et_pb_text et_pb_text_7 et_animated  et_pb_text_align_left et_pb_bg_layout_light\">\n\t\t\t\t\n\t\t\t\t\n\t\t\t\t\n\t\t\t\t\n\t\t\t\t<div class=\"et_pb_text_inner\"><h3>Nous cheminons au fil du temps<\/h3>\n<h1>Susciter l\u2019amour et l\u2019esp\u00e9rance<\/h1><\/div>\n\t\t\t<\/div><div class=\"et_pb_module et_d4_element et_pb_divider et_pb_divider_2 et_animated et_pb_divider_position_center et_pb_space\"><div class=\"et_pb_divider_internal\"><\/div><\/div><div class=\"et_pb_module et_d4_element et_pb_text et_pb_text_8 et_animated  et_pb_text_align_center et_pb_bg_layout_light\">\n\t\t\t\t\n\t\t\t\t\n\t\t\t\t\n\t\t\t\t\n\t\t\t\t<div class=\"et_pb_text_inner\"><p>Saint Vincent nous a enseign\u00e9 que notre vie est un service constant et nous a appel\u00e9es \u00e0 une confiance continue dans la Providence divine.<\/p><\/div>\n\t\t\t<\/div><div class=\"et_pb_module et_d4_element et_pb_text et_pb_text_9 et_animated  et_pb_text_align_center et_pb_bg_layout_light\">\n\t\t\t\t\n\t\t\t\t\n\t\t\t\t\n\t\t\t\t\n\t\t\t\t<div class=\"et_pb_text_inner\"><p>En lisant l\u2019histoire de la Compagnie, nous constatons que les S\u0153urs ont exprim\u00e9 tr\u00e8s t\u00f4t le d\u00e9sir de confirmer leur engagement par des v\u0153ux.<br \/>Nous \u00e9mettons quatre v\u0153ux : service des pauvres, chastet\u00e9, pauvret\u00e9 et l\u2019ob\u00e9issance. Ce sont des v\u0153ux annuels, toujours renouvelables, selon nos Constitutions et Statuts et reconnus par l'Eglise. <br \/>D\u00e8s l\u2019origine, nous avons r\u00e9pondu \u00e0 l\u2019appel de nos fr\u00e8res et s\u0153urs qui souffrent. Nous avons servi les malades pauvres \u00e0 domicile et dans les h\u00f4pitaux, les gal\u00e9riens, les soldats bless\u00e9s, les personnes \u00e2g\u00e9es, les malades mentaux. Nous avons pris soin des orphelins et \u00e9duqu\u00e9 les filles dans les petites \u00e9coles. <\/p><\/div>\n\t\t\t<\/div>\n\t\t\t<\/div>\n\t\t\t\t\n\t\t\t\t\n\t\t\t\t\n\t\t\t\t\n\t\t\t<\/div><div class=\"et_d4_element et_pb_row et_pb_row_5  et_pb_css_mix_blend_mode et_block_row\">\n\t\t\t\t<div class=\"et_d4_element et_pb_column_4_4 et_pb_column et_pb_column_8  et_pb_css_mix_blend_mode et-last-child et_block_column\">\n\t\t\t\t\n\t\t\t\t\n\t\t\t\t\n\t\t\t\t\n\t\t\t\t<div class=\"et_pb_module et_d4_element et_pb_gallery et_pb_gallery_0  et_pb_bg_layout_light et_pb_gallery_grid\">\n\t\t\t\t<div class=\"et_pb_gallery_items et_pb_grid_items et_post_gallery clearfix\" data-per_page=\"8\"><div class=\"et_pb_gallery_item et_pb_grid_item et_pb_bg_layout_light et_pb_css_mix_blend_mode et_pb_gallery_item_0_0\"><div class=\"et_pb_gallery_image landscape\">\n\t\t\t\t\t<a href=\"https:\/\/filles-de-la-charite.org\/wp-content\/uploads\/2023\/04\/1515012_641121739263961_715581987_n_historia.jpg\" title=\"\" data-rel=\"lightbox-image-0\" data-rl_title=\"\" data-rl_caption=\"\">\n\t\t\t\t\t<img loading=\"lazy\" decoding=\"async\" width=\"400\" height=\"284\" src=\"https:\/\/filles-de-la-charite.org\/wp-content\/uploads\/2023\/04\/1515012_641121739263961_715581987_n_historia-400x284.jpg\" srcset=\"https:\/\/filles-de-la-charite.org\/wp-content\/uploads\/2023\/04\/1515012_641121739263961_715581987_n_historia.jpg 479w, https:\/\/filles-de-la-charite.org\/wp-content\/uploads\/2023\/04\/1515012_641121739263961_715581987_n_historia-400x284.jpg 480w\" sizes=\"(max-width:479px) 479px, 100vw\" class=\"wp-image-1385\" \/>\n\t\t\t\t\t<span class=\"et_overlay\"><\/span>\n\t\t\t\t<\/a>\n\t\t\t\t<\/div><\/div><div class=\"et_pb_gallery_item et_pb_grid_item et_pb_bg_layout_light et_pb_css_mix_blend_mode et_pb_gallery_item_0_1\"><div class=\"et_pb_gallery_image landscape\">\n\t\t\t\t\t<a href=\"https:\/\/filles-de-la-charite.org\/wp-content\/uploads\/2023\/04\/10991233_845375838838549_5770475498400570806_n_historia.jpg\" title=\"\" data-rel=\"lightbox-image-1\" data-rl_title=\"\" data-rl_caption=\"\">\n\t\t\t\t\t<img loading=\"lazy\" decoding=\"async\" width=\"400\" height=\"284\" src=\"https:\/\/filles-de-la-charite.org\/wp-content\/uploads\/2023\/04\/10991233_845375838838549_5770475498400570806_n_historia-400x284.jpg\" srcset=\"https:\/\/filles-de-la-charite.org\/wp-content\/uploads\/2023\/04\/10991233_845375838838549_5770475498400570806_n_historia.jpg 479w, https:\/\/filles-de-la-charite.org\/wp-content\/uploads\/2023\/04\/10991233_845375838838549_5770475498400570806_n_historia-400x284.jpg 480w\" sizes=\"(max-width:479px) 479px, 100vw\" class=\"wp-image-1391\" \/>\n\t\t\t\t\t<span class=\"et_overlay\"><\/span>\n\t\t\t\t<\/a>\n\t\t\t\t<\/div><\/div><div class=\"et_pb_gallery_item et_pb_grid_item et_pb_bg_layout_light et_pb_css_mix_blend_mode et_pb_gallery_item_0_2\"><div class=\"et_pb_gallery_image landscape\">\n\t\t\t\t\t<a href=\"https:\/\/filles-de-la-charite.org\/wp-content\/uploads\/2023\/04\/11145159_954196451289820_5482945243022283131_n_historia.jpg\" title=\"\" data-rel=\"lightbox-image-2\" data-rl_title=\"\" data-rl_caption=\"\">\n\t\t\t\t\t<img loading=\"lazy\" decoding=\"async\" width=\"400\" height=\"284\" src=\"https:\/\/filles-de-la-charite.org\/wp-content\/uploads\/2023\/04\/11145159_954196451289820_5482945243022283131_n_historia-400x284.jpg\" srcset=\"https:\/\/filles-de-la-charite.org\/wp-content\/uploads\/2023\/04\/11145159_954196451289820_5482945243022283131_n_historia.jpg 479w, https:\/\/filles-de-la-charite.org\/wp-content\/uploads\/2023\/04\/11145159_954196451289820_5482945243022283131_n_historia-400x284.jpg 480w\" sizes=\"(max-width:479px) 479px, 100vw\" class=\"wp-image-1397\" \/>\n\t\t\t\t\t<span class=\"et_overlay\"><\/span>\n\t\t\t\t<\/a>\n\t\t\t\t<\/div><\/div><div class=\"et_pb_gallery_item et_pb_grid_item et_pb_bg_layout_light et_pb_css_mix_blend_mode et_pb_gallery_item_0_3\"><div class=\"et_pb_gallery_image landscape\">\n\t\t\t\t\t<a href=\"https:\/\/filles-de-la-charite.org\/wp-content\/uploads\/2023\/04\/12186646_970408866335245_1242733402762402047_o_historia.jpg\" title=\"\" data-rel=\"lightbox-image-3\" data-rl_title=\"\" data-rl_caption=\"\">\n\t\t\t\t\t<img loading=\"lazy\" decoding=\"async\" width=\"400\" height=\"284\" src=\"https:\/\/filles-de-la-charite.org\/wp-content\/uploads\/2023\/04\/12186646_970408866335245_1242733402762402047_o_historia-400x284.jpg\" srcset=\"https:\/\/filles-de-la-charite.org\/wp-content\/uploads\/2023\/04\/12186646_970408866335245_1242733402762402047_o_historia.jpg 479w, https:\/\/filles-de-la-charite.org\/wp-content\/uploads\/2023\/04\/12186646_970408866335245_1242733402762402047_o_historia-400x284.jpg 480w\" sizes=\"(max-width:479px) 479px, 100vw\" class=\"wp-image-1403\" \/>\n\t\t\t\t\t<span class=\"et_overlay\"><\/span>\n\t\t\t\t<\/a>\n\t\t\t\t<\/div><\/div><div class=\"et_pb_gallery_item et_pb_grid_item et_pb_bg_layout_light et_pb_css_mix_blend_mode et_pb_gallery_item_0_4\"><div class=\"et_pb_gallery_image landscape\">\n\t\t\t\t\t<a href=\"https:\/\/filles-de-la-charite.org\/wp-content\/uploads\/2023\/04\/12642843_1203408553021599_2382948055430038439_n_historia.jpg\" title=\"\" data-rel=\"lightbox-image-4\" data-rl_title=\"\" data-rl_caption=\"\">\n\t\t\t\t\t<img loading=\"lazy\" decoding=\"async\" width=\"400\" height=\"284\" src=\"https:\/\/filles-de-la-charite.org\/wp-content\/uploads\/2023\/04\/12642843_1203408553021599_2382948055430038439_n_historia-400x284.jpg\" srcset=\"https:\/\/filles-de-la-charite.org\/wp-content\/uploads\/2023\/04\/12642843_1203408553021599_2382948055430038439_n_historia.jpg 479w, https:\/\/filles-de-la-charite.org\/wp-content\/uploads\/2023\/04\/12642843_1203408553021599_2382948055430038439_n_historia-400x284.jpg 480w\" sizes=\"(max-width:479px) 479px, 100vw\" class=\"wp-image-1409\" \/>\n\t\t\t\t\t<span class=\"et_overlay\"><\/span>\n\t\t\t\t<\/a>\n\t\t\t\t<\/div><\/div><div class=\"et_pb_gallery_item et_pb_grid_item et_pb_bg_layout_light et_pb_css_mix_blend_mode et_pb_gallery_item_0_5\"><div class=\"et_pb_gallery_image landscape\">\n\t\t\t\t\t<a href=\"https:\/\/filles-de-la-charite.org\/wp-content\/uploads\/2023\/04\/30167503_632204190452528_38654646626041592_o_historia.jpg\" title=\"\" data-rel=\"lightbox-image-5\" data-rl_title=\"\" data-rl_caption=\"\">\n\t\t\t\t\t<img loading=\"lazy\" decoding=\"async\" width=\"400\" height=\"284\" src=\"https:\/\/filles-de-la-charite.org\/wp-content\/uploads\/2023\/04\/30167503_632204190452528_38654646626041592_o_historia-400x284.jpg\" srcset=\"https:\/\/filles-de-la-charite.org\/wp-content\/uploads\/2023\/04\/30167503_632204190452528_38654646626041592_o_historia.jpg 479w, https:\/\/filles-de-la-charite.org\/wp-content\/uploads\/2023\/04\/30167503_632204190452528_38654646626041592_o_historia-400x284.jpg 480w\" sizes=\"(max-width:479px) 479px, 100vw\" class=\"wp-image-1415\" \/>\n\t\t\t\t\t<span class=\"et_overlay\"><\/span>\n\t\t\t\t<\/a>\n\t\t\t\t<\/div><\/div><div class=\"et_pb_gallery_item et_pb_grid_item et_pb_bg_layout_light et_pb_css_mix_blend_mode et_pb_gallery_item_0_6\"><div class=\"et_pb_gallery_image landscape\">\n\t\t\t\t\t<a href=\"https:\/\/filles-de-la-charite.org\/wp-content\/uploads\/2023\/04\/38156582_708698186136461_1836707777330806784_n_historia.png\" title=\"\" data-rel=\"lightbox-image-6\" data-rl_title=\"\" data-rl_caption=\"\">\n\t\t\t\t\t<img loading=\"lazy\" decoding=\"async\" width=\"400\" height=\"284\" src=\"https:\/\/filles-de-la-charite.org\/wp-content\/uploads\/2023\/04\/38156582_708698186136461_1836707777330806784_n_historia-400x284.png\" srcset=\"https:\/\/filles-de-la-charite.org\/wp-content\/uploads\/2023\/04\/38156582_708698186136461_1836707777330806784_n_historia.png 479w, https:\/\/filles-de-la-charite.org\/wp-content\/uploads\/2023\/04\/38156582_708698186136461_1836707777330806784_n_historia-400x284.png 480w\" sizes=\"(max-width:479px) 479px, 100vw\" class=\"wp-image-1421\" \/>\n\t\t\t\t\t<span class=\"et_overlay\"><\/span>\n\t\t\t\t<\/a>\n\t\t\t\t<\/div><\/div><div class=\"et_pb_gallery_item et_pb_grid_item et_pb_bg_layout_light et_pb_css_mix_blend_mode et_pb_gallery_item_0_7\"><div class=\"et_pb_gallery_image landscape\">\n\t\t\t\t\t<a href=\"https:\/\/filles-de-la-charite.org\/wp-content\/uploads\/2023\/04\/38505830_717460798593533_8618134441027436544_n_historia.png\" title=\"\" data-rel=\"lightbox-image-7\" data-rl_title=\"\" data-rl_caption=\"\">\n\t\t\t\t\t<img loading=\"lazy\" decoding=\"async\" width=\"400\" height=\"284\" src=\"https:\/\/filles-de-la-charite.org\/wp-content\/uploads\/2023\/04\/38505830_717460798593533_8618134441027436544_n_historia-400x284.png\" srcset=\"https:\/\/filles-de-la-charite.org\/wp-content\/uploads\/2023\/04\/38505830_717460798593533_8618134441027436544_n_historia.png 479w, https:\/\/filles-de-la-charite.org\/wp-content\/uploads\/2023\/04\/38505830_717460798593533_8618134441027436544_n_historia-400x284.png 480w\" sizes=\"(max-width:479px) 479px, 100vw\" class=\"wp-image-1427\" \/>\n\t\t\t\t\t<span class=\"et_overlay\"><\/span>\n\t\t\t\t<\/a>\n\t\t\t\t<\/div><\/div><div class=\"et_pb_gallery_item et_pb_grid_item et_pb_bg_layout_light et_pb_css_mix_blend_mode et_pb_gallery_item_0_8\"><div class=\"et_pb_gallery_image landscape\">\n\t\t\t\t\t<a href=\"https:\/\/filles-de-la-charite.org\/wp-content\/uploads\/2023\/04\/38509211_715181118821501_7206537802190684160_n_historia.png\" title=\"\" data-rel=\"lightbox-image-8\" data-rl_title=\"\" data-rl_caption=\"\">\n\t\t\t\t\t<img loading=\"lazy\" decoding=\"async\" width=\"400\" height=\"284\" src=\"https:\/\/filles-de-la-charite.org\/wp-content\/uploads\/2023\/04\/38509211_715181118821501_7206537802190684160_n_historia-400x284.png\" srcset=\"https:\/\/filles-de-la-charite.org\/wp-content\/uploads\/2023\/04\/38509211_715181118821501_7206537802190684160_n_historia.png 479w, https:\/\/filles-de-la-charite.org\/wp-content\/uploads\/2023\/04\/38509211_715181118821501_7206537802190684160_n_historia-400x284.png 480w\" sizes=\"(max-width:479px) 479px, 100vw\" class=\"wp-image-1433\" \/>\n\t\t\t\t\t<span class=\"et_overlay\"><\/span>\n\t\t\t\t<\/a>\n\t\t\t\t<\/div><\/div><div class=\"et_pb_gallery_item et_pb_grid_item et_pb_bg_layout_light et_pb_css_mix_blend_mode et_pb_gallery_item_0_9\"><div class=\"et_pb_gallery_image landscape\">\n\t\t\t\t\t<a href=\"https:\/\/filles-de-la-charite.org\/wp-content\/uploads\/2023\/04\/38711271_715143122158634_4831181026464104448_n_historia.png\" title=\"\" data-rel=\"lightbox-image-9\" data-rl_title=\"\" data-rl_caption=\"\">\n\t\t\t\t\t<img loading=\"lazy\" decoding=\"async\" width=\"400\" height=\"284\" src=\"https:\/\/filles-de-la-charite.org\/wp-content\/uploads\/2023\/04\/38711271_715143122158634_4831181026464104448_n_historia-400x284.png\" srcset=\"https:\/\/filles-de-la-charite.org\/wp-content\/uploads\/2023\/04\/38711271_715143122158634_4831181026464104448_n_historia.png 479w, https:\/\/filles-de-la-charite.org\/wp-content\/uploads\/2023\/04\/38711271_715143122158634_4831181026464104448_n_historia-400x284.png 480w\" sizes=\"(max-width:479px) 479px, 100vw\" class=\"wp-image-1439\" \/>\n\t\t\t\t\t<span class=\"et_overlay\"><\/span>\n\t\t\t\t<\/a>\n\t\t\t\t<\/div><\/div><div class=\"et_pb_gallery_item et_pb_grid_item et_pb_bg_layout_light et_pb_css_mix_blend_mode et_pb_gallery_item_0_10\"><div class=\"et_pb_gallery_image landscape\">\n\t\t\t\t\t<a href=\"https:\/\/filles-de-la-charite.org\/wp-content\/uploads\/2023\/04\/38747462_717567728582840_6491090362000474112_n_historia.png\" title=\"\" data-rel=\"lightbox-image-10\" data-rl_title=\"\" data-rl_caption=\"\">\n\t\t\t\t\t<img loading=\"lazy\" decoding=\"async\" width=\"400\" height=\"284\" src=\"https:\/\/filles-de-la-charite.org\/wp-content\/uploads\/2023\/04\/38747462_717567728582840_6491090362000474112_n_historia-400x284.png\" srcset=\"https:\/\/filles-de-la-charite.org\/wp-content\/uploads\/2023\/04\/38747462_717567728582840_6491090362000474112_n_historia.png 479w, https:\/\/filles-de-la-charite.org\/wp-content\/uploads\/2023\/04\/38747462_717567728582840_6491090362000474112_n_historia-400x284.png 480w\" sizes=\"(max-width:479px) 479px, 100vw\" class=\"wp-image-1445\" \/>\n\t\t\t\t\t<span class=\"et_overlay\"><\/span>\n\t\t\t\t<\/a>\n\t\t\t\t<\/div><\/div><div class=\"et_pb_gallery_item et_pb_grid_item et_pb_bg_layout_light et_pb_css_mix_blend_mode et_pb_gallery_item_0_11\"><div class=\"et_pb_gallery_image landscape\">\n\t\t\t\t\t<a href=\"https:\/\/filles-de-la-charite.org\/wp-content\/uploads\/2023\/04\/38755339_717490238590589_8169772063284789248_n_historia.png\" title=\"\" data-rel=\"lightbox-image-11\" data-rl_title=\"\" data-rl_caption=\"\">\n\t\t\t\t\t<img loading=\"lazy\" decoding=\"async\" width=\"400\" height=\"284\" src=\"https:\/\/filles-de-la-charite.org\/wp-content\/uploads\/2023\/04\/38755339_717490238590589_8169772063284789248_n_historia-400x284.png\" srcset=\"https:\/\/filles-de-la-charite.org\/wp-content\/uploads\/2023\/04\/38755339_717490238590589_8169772063284789248_n_historia.png 479w, https:\/\/filles-de-la-charite.org\/wp-content\/uploads\/2023\/04\/38755339_717490238590589_8169772063284789248_n_historia-400x284.png 480w\" sizes=\"(max-width:479px) 479px, 100vw\" class=\"wp-image-1451\" \/>\n\t\t\t\t\t<span class=\"et_overlay\"><\/span>\n\t\t\t\t<\/a>\n\t\t\t\t<\/div><\/div><div class=\"et_pb_gallery_item et_pb_grid_item et_pb_bg_layout_light et_pb_css_mix_blend_mode et_pb_gallery_item_0_12\"><div class=\"et_pb_gallery_image landscape\">\n\t\t\t\t\t<a href=\"https:\/\/filles-de-la-charite.org\/wp-content\/uploads\/2023\/04\/38776717_715158442157102_5349598890649714688_n_historia.png\" title=\"\" data-rel=\"lightbox-image-12\" data-rl_title=\"\" data-rl_caption=\"\">\n\t\t\t\t\t<img loading=\"lazy\" decoding=\"async\" width=\"400\" height=\"284\" src=\"https:\/\/filles-de-la-charite.org\/wp-content\/uploads\/2023\/04\/38776717_715158442157102_5349598890649714688_n_historia-400x284.png\" srcset=\"https:\/\/filles-de-la-charite.org\/wp-content\/uploads\/2023\/04\/38776717_715158442157102_5349598890649714688_n_historia.png 479w, https:\/\/filles-de-la-charite.org\/wp-content\/uploads\/2023\/04\/38776717_715158442157102_5349598890649714688_n_historia-400x284.png 480w\" sizes=\"(max-width:479px) 479px, 100vw\" class=\"wp-image-1457\" \/>\n\t\t\t\t\t<span class=\"et_overlay\"><\/span>\n\t\t\t\t<\/a>\n\t\t\t\t<\/div><\/div><div class=\"et_pb_gallery_item et_pb_grid_item et_pb_bg_layout_light et_pb_css_mix_blend_mode et_pb_gallery_item_0_13\"><div class=\"et_pb_gallery_image landscape\">\n\t\t\t\t\t<a href=\"https:\/\/filles-de-la-charite.org\/wp-content\/uploads\/2023\/12\/3809_Malades_red-scaled.jpg\" title=\"\" data-rel=\"lightbox-image-13\" data-rl_title=\"\" data-rl_caption=\"\">\n\t\t\t\t\t<img loading=\"lazy\" decoding=\"async\" width=\"400\" height=\"284\" src=\"https:\/\/filles-de-la-charite.org\/wp-content\/uploads\/2023\/12\/3809_Malades_red-400x284.jpg\" srcset=\"https:\/\/filles-de-la-charite.org\/wp-content\/uploads\/2023\/12\/3809_Malades_red-scaled.jpg 479w, https:\/\/filles-de-la-charite.org\/wp-content\/uploads\/2023\/12\/3809_Malades_red-400x284.jpg 480w\" sizes=\"(max-width:479px) 479px, 100vw\" class=\"wp-image-31085\" \/>\n\t\t\t\t\t<span class=\"et_overlay\"><\/span>\n\t\t\t\t<\/a>\n\t\t\t\t<\/div><\/div><div class=\"et_pb_gallery_item et_pb_grid_item et_pb_bg_layout_light et_pb_css_mix_blend_mode et_pb_gallery_item_0_14\"><div class=\"et_pb_gallery_image landscape\">\n\t\t\t\t\t<a href=\"https:\/\/filles-de-la-charite.org\/wp-content\/uploads\/2023\/12\/3840_hopital_Pekin_red.jpg\" title=\"\" data-rel=\"lightbox-image-14\" data-rl_title=\"\" data-rl_caption=\"\">\n\t\t\t\t\t<img loading=\"lazy\" decoding=\"async\" width=\"400\" height=\"284\" src=\"https:\/\/filles-de-la-charite.org\/wp-content\/uploads\/2023\/12\/3840_hopital_Pekin_red-400x284.jpg\" srcset=\"https:\/\/filles-de-la-charite.org\/wp-content\/uploads\/2023\/12\/3840_hopital_Pekin_red.jpg 479w, https:\/\/filles-de-la-charite.org\/wp-content\/uploads\/2023\/12\/3840_hopital_Pekin_red-400x284.jpg 480w\" sizes=\"(max-width:479px) 479px, 100vw\" class=\"wp-image-31091\" \/>\n\t\t\t\t\t<span class=\"et_overlay\"><\/span>\n\t\t\t\t<\/a>\n\t\t\t\t<\/div><\/div><div class=\"et_pb_gallery_item et_pb_grid_item et_pb_bg_layout_light et_pb_css_mix_blend_mode et_pb_gallery_item_0_15\"><div class=\"et_pb_gallery_image landscape\">\n\t\t\t\t\t<a href=\"https:\/\/filles-de-la-charite.org\/wp-content\/uploads\/2023\/12\/3805_Visites2_red.jpg\" title=\"\" data-rel=\"lightbox-image-15\" data-rl_title=\"\" data-rl_caption=\"\">\n\t\t\t\t\t<img loading=\"lazy\" decoding=\"async\" width=\"400\" height=\"284\" src=\"https:\/\/filles-de-la-charite.org\/wp-content\/uploads\/2023\/12\/3805_Visites2_red-400x284.jpg\" srcset=\"https:\/\/filles-de-la-charite.org\/wp-content\/uploads\/2023\/12\/3805_Visites2_red.jpg 479w, https:\/\/filles-de-la-charite.org\/wp-content\/uploads\/2023\/12\/3805_Visites2_red-400x284.jpg 480w\" sizes=\"(max-width:479px) 479px, 100vw\" class=\"wp-image-31097\" \/>\n\t\t\t\t\t<span class=\"et_overlay\"><\/span>\n\t\t\t\t<\/a>\n\t\t\t\t<\/div><\/div><div class=\"et_pb_gallery_item et_pb_grid_item et_pb_bg_layout_light et_pb_css_mix_blend_mode et_pb_gallery_item_0_16\"><div class=\"et_pb_gallery_image landscape\">\n\t\t\t\t\t<a href=\"https:\/\/filles-de-la-charite.org\/wp-content\/uploads\/2023\/12\/3840-pharmacie_red.jpg\" title=\"\" data-rel=\"lightbox-image-16\" data-rl_title=\"\" data-rl_caption=\"\">\n\t\t\t\t\t<img loading=\"lazy\" decoding=\"async\" width=\"400\" height=\"284\" src=\"https:\/\/filles-de-la-charite.org\/wp-content\/uploads\/2023\/12\/3840-pharmacie_red-400x284.jpg\" srcset=\"https:\/\/filles-de-la-charite.org\/wp-content\/uploads\/2023\/12\/3840-pharmacie_red.jpg 479w, https:\/\/filles-de-la-charite.org\/wp-content\/uploads\/2023\/12\/3840-pharmacie_red-400x284.jpg 480w\" sizes=\"(max-width:479px) 479px, 100vw\" class=\"wp-image-31103\" \/>\n\t\t\t\t\t<span class=\"et_overlay\"><\/span>\n\t\t\t\t<\/a>\n\t\t\t\t<\/div><\/div><div class=\"et_pb_gallery_item et_pb_grid_item et_pb_bg_layout_light et_pb_css_mix_blend_mode et_pb_gallery_item_0_17\"><div class=\"et_pb_gallery_image landscape\">\n\t\t\t\t\t<a href=\"https:\/\/filles-de-la-charite.org\/wp-content\/uploads\/2023\/12\/3805_Taiwan_red.jpg\" title=\"\" data-rel=\"lightbox-image-17\" data-rl_title=\"\" data-rl_caption=\"\">\n\t\t\t\t\t<img loading=\"lazy\" decoding=\"async\" width=\"400\" height=\"284\" src=\"https:\/\/filles-de-la-charite.org\/wp-content\/uploads\/2023\/12\/3805_Taiwan_red-400x284.jpg\" srcset=\"https:\/\/filles-de-la-charite.org\/wp-content\/uploads\/2023\/12\/3805_Taiwan_red.jpg 479w, https:\/\/filles-de-la-charite.org\/wp-content\/uploads\/2023\/12\/3805_Taiwan_red-400x284.jpg 480w\" sizes=\"(max-width:479px) 479px, 100vw\" class=\"wp-image-31109\" \/>\n\t\t\t\t\t<span class=\"et_overlay\"><\/span>\n\t\t\t\t<\/a>\n\t\t\t\t<\/div><\/div><div class=\"et_pb_gallery_item et_pb_grid_item et_pb_bg_layout_light et_pb_css_mix_blend_mode et_pb_gallery_item_0_18\"><div class=\"et_pb_gallery_image landscape\">\n\t\t\t\t\t<a href=\"https:\/\/filles-de-la-charite.org\/wp-content\/uploads\/2023\/12\/3840_FDLC_Pekin_orphelinat_sd_red.jpg\" title=\"\" data-rel=\"lightbox-image-18\" data-rl_title=\"\" data-rl_caption=\"\">\n\t\t\t\t\t<img loading=\"lazy\" decoding=\"async\" width=\"400\" height=\"284\" src=\"https:\/\/filles-de-la-charite.org\/wp-content\/uploads\/2023\/12\/3840_FDLC_Pekin_orphelinat_sd_red-400x284.jpg\" srcset=\"https:\/\/filles-de-la-charite.org\/wp-content\/uploads\/2023\/12\/3840_FDLC_Pekin_orphelinat_sd_red.jpg 479w, https:\/\/filles-de-la-charite.org\/wp-content\/uploads\/2023\/12\/3840_FDLC_Pekin_orphelinat_sd_red-400x284.jpg 480w\" sizes=\"(max-width:479px) 479px, 100vw\" class=\"wp-image-31115\" \/>\n\t\t\t\t\t<span class=\"et_overlay\"><\/span>\n\t\t\t\t<\/a>\n\t\t\t\t<\/div><\/div><div class=\"et_pb_gallery_item et_pb_grid_item et_pb_bg_layout_light et_pb_css_mix_blend_mode et_pb_gallery_item_0_19\"><div class=\"et_pb_gallery_image landscape\">\n\t\t\t\t\t<a href=\"https:\/\/filles-de-la-charite.org\/wp-content\/uploads\/2023\/12\/3840_enfants-2_red.jpg\" title=\"\" data-rel=\"lightbox-image-19\" data-rl_title=\"\" data-rl_caption=\"\">\n\t\t\t\t\t<img loading=\"lazy\" decoding=\"async\" width=\"400\" height=\"284\" src=\"https:\/\/filles-de-la-charite.org\/wp-content\/uploads\/2023\/12\/3840_enfants-2_red-400x284.jpg\" srcset=\"https:\/\/filles-de-la-charite.org\/wp-content\/uploads\/2023\/12\/3840_enfants-2_red.jpg 479w, https:\/\/filles-de-la-charite.org\/wp-content\/uploads\/2023\/12\/3840_enfants-2_red-400x284.jpg 480w\" sizes=\"(max-width:479px) 479px, 100vw\" class=\"wp-image-31121\" \/>\n\t\t\t\t\t<span class=\"et_overlay\"><\/span>\n\t\t\t\t<\/a>\n\t\t\t\t<\/div><\/div><div class=\"et_pb_gallery_item et_pb_grid_item et_pb_bg_layout_light et_pb_css_mix_blend_mode et_pb_gallery_item_0_20\"><div class=\"et_pb_gallery_image landscape\">\n\t\t\t\t\t<a href=\"https:\/\/filles-de-la-charite.org\/wp-content\/uploads\/2023\/12\/3840_enfants-1_red.jpg\" title=\"\" data-rel=\"lightbox-image-20\" data-rl_title=\"\" data-rl_caption=\"\">\n\t\t\t\t\t<img loading=\"lazy\" decoding=\"async\" width=\"400\" height=\"284\" src=\"https:\/\/filles-de-la-charite.org\/wp-content\/uploads\/2023\/12\/3840_enfants-1_red-400x284.jpg\" srcset=\"https:\/\/filles-de-la-charite.org\/wp-content\/uploads\/2023\/12\/3840_enfants-1_red.jpg 479w, https:\/\/filles-de-la-charite.org\/wp-content\/uploads\/2023\/12\/3840_enfants-1_red-400x284.jpg 480w\" sizes=\"(max-width:479px) 479px, 100vw\" class=\"wp-image-31127\" \/>\n\t\t\t\t\t<span class=\"et_overlay\"><\/span>\n\t\t\t\t<\/a>\n\t\t\t\t<\/div><\/div><div class=\"et_pb_gallery_item et_pb_grid_item et_pb_bg_layout_light et_pb_css_mix_blend_mode et_pb_gallery_item_0_21\"><div class=\"et_pb_gallery_image landscape\">\n\t\t\t\t\t<a href=\"https:\/\/filles-de-la-charite.org\/wp-content\/uploads\/2023\/12\/3840_creche_red.jpg\" title=\"\" data-rel=\"lightbox-image-21\" data-rl_title=\"\" data-rl_caption=\"\">\n\t\t\t\t\t<img loading=\"lazy\" decoding=\"async\" width=\"400\" height=\"284\" src=\"https:\/\/filles-de-la-charite.org\/wp-content\/uploads\/2023\/12\/3840_creche_red-400x284.jpg\" srcset=\"https:\/\/filles-de-la-charite.org\/wp-content\/uploads\/2023\/12\/3840_creche_red.jpg 479w, https:\/\/filles-de-la-charite.org\/wp-content\/uploads\/2023\/12\/3840_creche_red-400x284.jpg 480w\" sizes=\"(max-width:479px) 479px, 100vw\" class=\"wp-image-31133\" \/>\n\t\t\t\t\t<span class=\"et_overlay\"><\/span>\n\t\t\t\t<\/a>\n\t\t\t\t<\/div><\/div><div class=\"et_pb_gallery_item et_pb_grid_item et_pb_bg_layout_light et_pb_css_mix_blend_mode et_pb_gallery_item_0_22\"><div class=\"et_pb_gallery_image landscape\">\n\t\t\t\t\t<a href=\"https:\/\/filles-de-la-charite.org\/wp-content\/uploads\/2023\/12\/3834_Tocantins-2_red.jpg\" title=\"\" data-rel=\"lightbox-image-22\" data-rl_title=\"\" data-rl_caption=\"\">\n\t\t\t\t\t<img loading=\"lazy\" decoding=\"async\" width=\"400\" height=\"284\" src=\"https:\/\/filles-de-la-charite.org\/wp-content\/uploads\/2023\/12\/3834_Tocantins-2_red-400x284.jpg\" srcset=\"https:\/\/filles-de-la-charite.org\/wp-content\/uploads\/2023\/12\/3834_Tocantins-2_red.jpg 479w, https:\/\/filles-de-la-charite.org\/wp-content\/uploads\/2023\/12\/3834_Tocantins-2_red-400x284.jpg 480w\" sizes=\"(max-width:479px) 479px, 100vw\" class=\"wp-image-31139\" \/>\n\t\t\t\t\t<span class=\"et_overlay\"><\/span>\n\t\t\t\t<\/a>\n\t\t\t\t<\/div><\/div><div class=\"et_pb_gallery_item et_pb_grid_item et_pb_bg_layout_light et_pb_css_mix_blend_mode et_pb_gallery_item_0_23\"><div class=\"et_pb_gallery_image landscape\">\n\t\t\t\t\t<a href=\"https:\/\/filles-de-la-charite.org\/wp-content\/uploads\/2023\/12\/3834_Missionnaires_Sacramenta_red.jpg\" title=\"\" data-rel=\"lightbox-image-23\" data-rl_title=\"\" data-rl_caption=\"\">\n\t\t\t\t\t<img loading=\"lazy\" decoding=\"async\" width=\"400\" height=\"284\" src=\"https:\/\/filles-de-la-charite.org\/wp-content\/uploads\/2023\/12\/3834_Missionnaires_Sacramenta_red-400x284.jpg\" srcset=\"https:\/\/filles-de-la-charite.org\/wp-content\/uploads\/2023\/12\/3834_Missionnaires_Sacramenta_red.jpg 479w, https:\/\/filles-de-la-charite.org\/wp-content\/uploads\/2023\/12\/3834_Missionnaires_Sacramenta_red-400x284.jpg 480w\" sizes=\"(max-width:479px) 479px, 100vw\" class=\"wp-image-31145\" \/>\n\t\t\t\t\t<span class=\"et_overlay\"><\/span>\n\t\t\t\t<\/a>\n\t\t\t\t<\/div><\/div><div class=\"et_pb_gallery_item et_pb_grid_item et_pb_bg_layout_light et_pb_css_mix_blend_mode et_pb_gallery_item_0_24\"><div class=\"et_pb_gallery_image landscape\">\n\t\t\t\t\t<a href=\"https:\/\/filles-de-la-charite.org\/wp-content\/uploads\/2023\/12\/3834_Mariana_red.jpg\" title=\"\" data-rel=\"lightbox-image-24\" data-rl_title=\"\" data-rl_caption=\"\">\n\t\t\t\t\t<img loading=\"lazy\" decoding=\"async\" width=\"400\" height=\"284\" src=\"https:\/\/filles-de-la-charite.org\/wp-content\/uploads\/2023\/12\/3834_Mariana_red-400x284.jpg\" srcset=\"https:\/\/filles-de-la-charite.org\/wp-content\/uploads\/2023\/12\/3834_Mariana_red.jpg 479w, https:\/\/filles-de-la-charite.org\/wp-content\/uploads\/2023\/12\/3834_Mariana_red-400x284.jpg 480w\" sizes=\"(max-width:479px) 479px, 100vw\" class=\"wp-image-31151\" \/>\n\t\t\t\t\t<span class=\"et_overlay\"><\/span>\n\t\t\t\t<\/a>\n\t\t\t\t<\/div><\/div><div class=\"et_pb_gallery_item et_pb_grid_item et_pb_bg_layout_light et_pb_css_mix_blend_mode et_pb_gallery_item_0_25\"><div class=\"et_pb_gallery_image landscape\">\n\t\t\t\t\t<a href=\"https:\/\/filles-de-la-charite.org\/wp-content\/uploads\/2023\/12\/3809_Espagne-pharmacie_red-scaled.jpg\" title=\"\" data-rel=\"lightbox-image-25\" data-rl_title=\"\" data-rl_caption=\"\">\n\t\t\t\t\t<img loading=\"lazy\" decoding=\"async\" width=\"400\" height=\"284\" src=\"https:\/\/filles-de-la-charite.org\/wp-content\/uploads\/2023\/12\/3809_Espagne-pharmacie_red-400x284.jpg\" srcset=\"https:\/\/filles-de-la-charite.org\/wp-content\/uploads\/2023\/12\/3809_Espagne-pharmacie_red-scaled.jpg 479w, https:\/\/filles-de-la-charite.org\/wp-content\/uploads\/2023\/12\/3809_Espagne-pharmacie_red-400x284.jpg 480w\" sizes=\"(max-width:479px) 479px, 100vw\" class=\"wp-image-31157\" \/>\n\t\t\t\t\t<span class=\"et_overlay\"><\/span>\n\t\t\t\t<\/a>\n\t\t\t\t<\/div><\/div><div class=\"et_pb_gallery_item et_pb_grid_item et_pb_bg_layout_light et_pb_css_mix_blend_mode et_pb_gallery_item_0_26\"><div class=\"et_pb_gallery_image landscape\">\n\t\t\t\t\t<a href=\"https:\/\/filles-de-la-charite.org\/wp-content\/uploads\/2023\/12\/3809_Espagne-hopital_red.jpg\" title=\"\" data-rel=\"lightbox-image-26\" data-rl_title=\"\" data-rl_caption=\"\">\n\t\t\t\t\t<img loading=\"lazy\" decoding=\"async\" width=\"400\" height=\"284\" src=\"https:\/\/filles-de-la-charite.org\/wp-content\/uploads\/2023\/12\/3809_Espagne-hopital_red-400x284.jpg\" srcset=\"https:\/\/filles-de-la-charite.org\/wp-content\/uploads\/2023\/12\/3809_Espagne-hopital_red.jpg 479w, https:\/\/filles-de-la-charite.org\/wp-content\/uploads\/2023\/12\/3809_Espagne-hopital_red-400x284.jpg 480w\" sizes=\"(max-width:479px) 479px, 100vw\" class=\"wp-image-31163\" \/>\n\t\t\t\t\t<span class=\"et_overlay\"><\/span>\n\t\t\t\t<\/a>\n\t\t\t\t<\/div><\/div><div class=\"et_pb_gallery_item et_pb_grid_item et_pb_bg_layout_light et_pb_css_mix_blend_mode et_pb_gallery_item_0_27\"><div class=\"et_pb_gallery_image landscape\">\n\t\t\t\t\t<a href=\"https:\/\/filles-de-la-charite.org\/wp-content\/uploads\/2023\/12\/3805_Soupe_red-scaled.jpg\" title=\"\" data-rel=\"lightbox-image-27\" data-rl_title=\"\" data-rl_caption=\"\">\n\t\t\t\t\t<img loading=\"lazy\" decoding=\"async\" width=\"400\" height=\"284\" src=\"https:\/\/filles-de-la-charite.org\/wp-content\/uploads\/2023\/12\/3805_Soupe_red-400x284.jpg\" srcset=\"https:\/\/filles-de-la-charite.org\/wp-content\/uploads\/2023\/12\/3805_Soupe_red-scaled.jpg 479w, https:\/\/filles-de-la-charite.org\/wp-content\/uploads\/2023\/12\/3805_Soupe_red-400x284.jpg 480w\" sizes=\"(max-width:479px) 479px, 100vw\" class=\"wp-image-31169\" \/>\n\t\t\t\t\t<span class=\"et_overlay\"><\/span>\n\t\t\t\t<\/a>\n\t\t\t\t<\/div><\/div><div class=\"et_pb_gallery_item et_pb_grid_item et_pb_bg_layout_light et_pb_css_mix_blend_mode et_pb_gallery_item_0_28\"><div class=\"et_pb_gallery_image landscape\">\n\t\t\t\t\t<a href=\"https:\/\/filles-de-la-charite.org\/wp-content\/uploads\/2023\/12\/3805_Personne-agee_red.jpg\" title=\"\" data-rel=\"lightbox-image-28\" data-rl_title=\"\" data-rl_caption=\"\">\n\t\t\t\t\t<img loading=\"lazy\" decoding=\"async\" width=\"400\" height=\"284\" src=\"https:\/\/filles-de-la-charite.org\/wp-content\/uploads\/2023\/12\/3805_Personne-agee_red-400x284.jpg\" srcset=\"https:\/\/filles-de-la-charite.org\/wp-content\/uploads\/2023\/12\/3805_Personne-agee_red.jpg 479w, https:\/\/filles-de-la-charite.org\/wp-content\/uploads\/2023\/12\/3805_Personne-agee_red-400x284.jpg 480w\" sizes=\"(max-width:479px) 479px, 100vw\" class=\"wp-image-31175\" \/>\n\t\t\t\t\t<span class=\"et_overlay\"><\/span>\n\t\t\t\t<\/a>\n\t\t\t\t<\/div><\/div><div class=\"et_pb_gallery_item et_pb_grid_item et_pb_bg_layout_light et_pb_css_mix_blend_mode et_pb_gallery_item_0_29\"><div class=\"et_pb_gallery_image landscape\">\n\t\t\t\t\t<a href=\"https:\/\/filles-de-la-charite.org\/wp-content\/uploads\/2023\/12\/3805_Soupe-populaire-Paris_red.jpg\" title=\"\" data-rel=\"lightbox-image-29\" data-rl_title=\"\" data-rl_caption=\"\">\n\t\t\t\t\t<img loading=\"lazy\" decoding=\"async\" width=\"400\" height=\"284\" src=\"https:\/\/filles-de-la-charite.org\/wp-content\/uploads\/2023\/12\/3805_Soupe-populaire-Paris_red-400x284.jpg\" srcset=\"https:\/\/filles-de-la-charite.org\/wp-content\/uploads\/2023\/12\/3805_Soupe-populaire-Paris_red.jpg 479w, https:\/\/filles-de-la-charite.org\/wp-content\/uploads\/2023\/12\/3805_Soupe-populaire-Paris_red-400x284.jpg 480w\" sizes=\"(max-width:479px) 479px, 100vw\" class=\"wp-image-31181\" \/>\n\t\t\t\t\t<span class=\"et_overlay\"><\/span>\n\t\t\t\t<\/a>\n\t\t\t\t<\/div><\/div><div class=\"et_pb_gallery_item et_pb_grid_item et_pb_bg_layout_light et_pb_css_mix_blend_mode et_pb_gallery_item_0_30\"><div class=\"et_pb_gallery_image landscape\">\n\t\t\t\t\t<a href=\"https:\/\/filles-de-la-charite.org\/wp-content\/uploads\/2023\/12\/3805_Soigner_red.jpg\" title=\"\" data-rel=\"lightbox-image-30\" data-rl_title=\"\" data-rl_caption=\"\">\n\t\t\t\t\t<img loading=\"lazy\" decoding=\"async\" width=\"400\" height=\"284\" src=\"https:\/\/filles-de-la-charite.org\/wp-content\/uploads\/2023\/12\/3805_Soigner_red-400x284.jpg\" srcset=\"https:\/\/filles-de-la-charite.org\/wp-content\/uploads\/2023\/12\/3805_Soigner_red.jpg 479w, https:\/\/filles-de-la-charite.org\/wp-content\/uploads\/2023\/12\/3805_Soigner_red-400x284.jpg 480w\" sizes=\"(max-width:479px) 479px, 100vw\" class=\"wp-image-31187\" \/>\n\t\t\t\t\t<span class=\"et_overlay\"><\/span>\n\t\t\t\t<\/a>\n\t\t\t\t<\/div><\/div><div class=\"et_pb_gallery_item et_pb_grid_item et_pb_bg_layout_light et_pb_css_mix_blend_mode et_pb_gallery_item_0_31\"><div class=\"et_pb_gallery_image landscape\">\n\t\t\t\t\t<a href=\"https:\/\/filles-de-la-charite.org\/wp-content\/uploads\/2023\/12\/3805_Portugal_red.jpg\" title=\"\" data-rel=\"lightbox-image-31\" data-rl_title=\"\" data-rl_caption=\"\">\n\t\t\t\t\t<img loading=\"lazy\" decoding=\"async\" width=\"400\" height=\"284\" src=\"https:\/\/filles-de-la-charite.org\/wp-content\/uploads\/2023\/12\/3805_Portugal_red-400x284.jpg\" srcset=\"https:\/\/filles-de-la-charite.org\/wp-content\/uploads\/2023\/12\/3805_Portugal_red.jpg 479w, https:\/\/filles-de-la-charite.org\/wp-content\/uploads\/2023\/12\/3805_Portugal_red-400x284.jpg 480w\" sizes=\"(max-width:479px) 479px, 100vw\" class=\"wp-image-31193\" \/>\n\t\t\t\t\t<span class=\"et_overlay\"><\/span>\n\t\t\t\t<\/a>\n\t\t\t\t<\/div><\/div><div class=\"et_pb_gallery_item et_pb_grid_item et_pb_bg_layout_light et_pb_css_mix_blend_mode et_pb_gallery_item_0_32\"><div class=\"et_pb_gallery_image landscape\">\n\t\t\t\t\t<a href=\"https:\/\/filles-de-la-charite.org\/wp-content\/uploads\/2023\/12\/3805_Nourrir_red.jpg\" title=\"\" data-rel=\"lightbox-image-32\" data-rl_title=\"\" data-rl_caption=\"\">\n\t\t\t\t\t<img loading=\"lazy\" decoding=\"async\" width=\"400\" height=\"284\" src=\"https:\/\/filles-de-la-charite.org\/wp-content\/uploads\/2023\/12\/3805_Nourrir_red-400x284.jpg\" srcset=\"https:\/\/filles-de-la-charite.org\/wp-content\/uploads\/2023\/12\/3805_Nourrir_red.jpg 479w, https:\/\/filles-de-la-charite.org\/wp-content\/uploads\/2023\/12\/3805_Nourrir_red-400x284.jpg 480w\" sizes=\"(max-width:479px) 479px, 100vw\" class=\"wp-image-31199\" \/>\n\t\t\t\t\t<span class=\"et_overlay\"><\/span>\n\t\t\t\t<\/a>\n\t\t\t\t<\/div><\/div><div class=\"et_pb_gallery_item et_pb_grid_item et_pb_bg_layout_light et_pb_css_mix_blend_mode et_pb_gallery_item_0_33\"><div class=\"et_pb_gallery_image landscape\">\n\t\t\t\t\t<a href=\"https:\/\/filles-de-la-charite.org\/wp-content\/uploads\/2023\/12\/3805_Mozambique_red.jpg\" title=\"\" data-rel=\"lightbox-image-33\" data-rl_title=\"\" data-rl_caption=\"\">\n\t\t\t\t\t<img loading=\"lazy\" decoding=\"async\" width=\"400\" height=\"284\" src=\"https:\/\/filles-de-la-charite.org\/wp-content\/uploads\/2023\/12\/3805_Mozambique_red-400x284.jpg\" srcset=\"https:\/\/filles-de-la-charite.org\/wp-content\/uploads\/2023\/12\/3805_Mozambique_red.jpg 479w, https:\/\/filles-de-la-charite.org\/wp-content\/uploads\/2023\/12\/3805_Mozambique_red-400x284.jpg 480w\" sizes=\"(max-width:479px) 479px, 100vw\" class=\"wp-image-31205\" \/>\n\t\t\t\t\t<span class=\"et_overlay\"><\/span>\n\t\t\t\t<\/a>\n\t\t\t\t<\/div><\/div><div class=\"et_pb_gallery_item et_pb_grid_item et_pb_bg_layout_light et_pb_css_mix_blend_mode et_pb_gallery_item_0_34\"><div class=\"et_pb_gallery_image landscape\">\n\t\t\t\t\t<a href=\"https:\/\/filles-de-la-charite.org\/wp-content\/uploads\/2023\/12\/3805_Missouri-USA_red.jpg\" title=\"\" data-rel=\"lightbox-image-34\" data-rl_title=\"\" data-rl_caption=\"\">\n\t\t\t\t\t<img loading=\"lazy\" decoding=\"async\" width=\"400\" height=\"284\" src=\"https:\/\/filles-de-la-charite.org\/wp-content\/uploads\/2023\/12\/3805_Missouri-USA_red-400x284.jpg\" srcset=\"https:\/\/filles-de-la-charite.org\/wp-content\/uploads\/2023\/12\/3805_Missouri-USA_red.jpg 479w, https:\/\/filles-de-la-charite.org\/wp-content\/uploads\/2023\/12\/3805_Missouri-USA_red-400x284.jpg 480w\" sizes=\"(max-width:479px) 479px, 100vw\" class=\"wp-image-31211\" \/>\n\t\t\t\t\t<span class=\"et_overlay\"><\/span>\n\t\t\t\t<\/a>\n\t\t\t\t<\/div><\/div><div class=\"et_pb_gallery_item et_pb_grid_item et_pb_bg_layout_light et_pb_css_mix_blend_mode et_pb_gallery_item_0_35\"><div class=\"et_pb_gallery_image landscape\">\n\t\t\t\t\t<a href=\"https:\/\/filles-de-la-charite.org\/wp-content\/uploads\/2023\/12\/3805_Maman_red.jpg\" title=\"\" data-rel=\"lightbox-image-35\" data-rl_title=\"\" data-rl_caption=\"\">\n\t\t\t\t\t<img loading=\"lazy\" decoding=\"async\" width=\"400\" height=\"284\" src=\"https:\/\/filles-de-la-charite.org\/wp-content\/uploads\/2023\/12\/3805_Maman_red-400x284.jpg\" srcset=\"https:\/\/filles-de-la-charite.org\/wp-content\/uploads\/2023\/12\/3805_Maman_red.jpg 479w, https:\/\/filles-de-la-charite.org\/wp-content\/uploads\/2023\/12\/3805_Maman_red-400x284.jpg 480w\" sizes=\"(max-width:479px) 479px, 100vw\" class=\"wp-image-31217\" \/>\n\t\t\t\t\t<span class=\"et_overlay\"><\/span>\n\t\t\t\t<\/a>\n\t\t\t\t<\/div><\/div><div class=\"et_pb_gallery_item et_pb_grid_item et_pb_bg_layout_light et_pb_css_mix_blend_mode et_pb_gallery_item_0_36\"><div class=\"et_pb_gallery_image landscape\">\n\t\t\t\t\t<a href=\"https:\/\/filles-de-la-charite.org\/wp-content\/uploads\/2023\/12\/3805_Malade1_red.jpg\" title=\"\" data-rel=\"lightbox-image-36\" data-rl_title=\"\" data-rl_caption=\"\">\n\t\t\t\t\t<img loading=\"lazy\" decoding=\"async\" width=\"400\" height=\"284\" src=\"https:\/\/filles-de-la-charite.org\/wp-content\/uploads\/2023\/12\/3805_Malade1_red-400x284.jpg\" srcset=\"https:\/\/filles-de-la-charite.org\/wp-content\/uploads\/2023\/12\/3805_Malade1_red.jpg 479w, https:\/\/filles-de-la-charite.org\/wp-content\/uploads\/2023\/12\/3805_Malade1_red-400x284.jpg 480w\" sizes=\"(max-width:479px) 479px, 100vw\" class=\"wp-image-31223\" \/>\n\t\t\t\t\t<span class=\"et_overlay\"><\/span>\n\t\t\t\t<\/a>\n\t\t\t\t<\/div><\/div><div class=\"et_pb_gallery_item et_pb_grid_item et_pb_bg_layout_light et_pb_css_mix_blend_mode et_pb_gallery_item_0_37\"><div class=\"et_pb_gallery_image landscape\">\n\t\t\t\t\t<a href=\"https:\/\/filles-de-la-charite.org\/wp-content\/uploads\/2023\/12\/3805_Malade-chez-soi_red.jpg\" title=\"\" data-rel=\"lightbox-image-37\" data-rl_title=\"\" data-rl_caption=\"\">\n\t\t\t\t\t<img loading=\"lazy\" decoding=\"async\" width=\"400\" height=\"284\" src=\"https:\/\/filles-de-la-charite.org\/wp-content\/uploads\/2023\/12\/3805_Malade-chez-soi_red-400x284.jpg\" srcset=\"https:\/\/filles-de-la-charite.org\/wp-content\/uploads\/2023\/12\/3805_Malade-chez-soi_red.jpg 479w, https:\/\/filles-de-la-charite.org\/wp-content\/uploads\/2023\/12\/3805_Malade-chez-soi_red-400x284.jpg 480w\" sizes=\"(max-width:479px) 479px, 100vw\" class=\"wp-image-31229\" \/>\n\t\t\t\t\t<span class=\"et_overlay\"><\/span>\n\t\t\t\t<\/a>\n\t\t\t\t<\/div><\/div><div class=\"et_pb_gallery_item et_pb_grid_item et_pb_bg_layout_light et_pb_css_mix_blend_mode et_pb_gallery_item_0_38\"><div class=\"et_pb_gallery_image landscape\">\n\t\t\t\t\t<a href=\"https:\/\/filles-de-la-charite.org\/wp-content\/uploads\/2023\/12\/3805_Malade_red.jpg\" title=\"\" data-rel=\"lightbox-image-38\" data-rl_title=\"\" data-rl_caption=\"\">\n\t\t\t\t\t<img loading=\"lazy\" decoding=\"async\" width=\"400\" height=\"284\" src=\"https:\/\/filles-de-la-charite.org\/wp-content\/uploads\/2023\/12\/3805_Malade_red-400x284.jpg\" srcset=\"https:\/\/filles-de-la-charite.org\/wp-content\/uploads\/2023\/12\/3805_Malade_red.jpg 479w, https:\/\/filles-de-la-charite.org\/wp-content\/uploads\/2023\/12\/3805_Malade_red-400x284.jpg 480w\" sizes=\"(max-width:479px) 479px, 100vw\" class=\"wp-image-31235\" \/>\n\t\t\t\t\t<span class=\"et_overlay\"><\/span>\n\t\t\t\t<\/a>\n\t\t\t\t<\/div><\/div><div class=\"et_pb_gallery_item et_pb_grid_item et_pb_bg_layout_light et_pb_css_mix_blend_mode et_pb_gallery_item_0_39\"><div class=\"et_pb_gallery_image landscape\">\n\t\t\t\t\t<a href=\"https:\/\/filles-de-la-charite.org\/wp-content\/uploads\/2023\/12\/3805_Famille_red.jpg\" title=\"\" data-rel=\"lightbox-image-39\" data-rl_title=\"\" data-rl_caption=\"\">\n\t\t\t\t\t<img loading=\"lazy\" decoding=\"async\" width=\"400\" height=\"284\" src=\"https:\/\/filles-de-la-charite.org\/wp-content\/uploads\/2023\/12\/3805_Famille_red-400x284.jpg\" srcset=\"https:\/\/filles-de-la-charite.org\/wp-content\/uploads\/2023\/12\/3805_Famille_red.jpg 479w, https:\/\/filles-de-la-charite.org\/wp-content\/uploads\/2023\/12\/3805_Famille_red-400x284.jpg 480w\" sizes=\"(max-width:479px) 479px, 100vw\" class=\"wp-image-31241\" \/>\n\t\t\t\t\t<span class=\"et_overlay\"><\/span>\n\t\t\t\t<\/a>\n\t\t\t\t<\/div><\/div><div class=\"et_pb_gallery_item et_pb_grid_item et_pb_bg_layout_light et_pb_css_mix_blend_mode et_pb_gallery_item_0_40\"><div class=\"et_pb_gallery_image landscape\">\n\t\t\t\t\t<a href=\"https:\/\/filles-de-la-charite.org\/wp-content\/uploads\/2023\/12\/3805_Dispensaire_red.jpg\" title=\"\" data-rel=\"lightbox-image-40\" data-rl_title=\"\" data-rl_caption=\"\">\n\t\t\t\t\t<img loading=\"lazy\" decoding=\"async\" width=\"400\" height=\"284\" src=\"https:\/\/filles-de-la-charite.org\/wp-content\/uploads\/2023\/12\/3805_Dispensaire_red-400x284.jpg\" srcset=\"https:\/\/filles-de-la-charite.org\/wp-content\/uploads\/2023\/12\/3805_Dispensaire_red.jpg 479w, https:\/\/filles-de-la-charite.org\/wp-content\/uploads\/2023\/12\/3805_Dispensaire_red-400x284.jpg 480w\" sizes=\"(max-width:479px) 479px, 100vw\" class=\"wp-image-31247\" \/>\n\t\t\t\t\t<span class=\"et_overlay\"><\/span>\n\t\t\t\t<\/a>\n\t\t\t\t<\/div><\/div><div class=\"et_pb_gallery_item et_pb_grid_item et_pb_bg_layout_light et_pb_css_mix_blend_mode et_pb_gallery_item_0_41\"><div class=\"et_pb_gallery_image landscape\">\n\t\t\t\t\t<a href=\"https:\/\/filles-de-la-charite.org\/wp-content\/uploads\/2023\/12\/3805_dans-la-rue_red.jpg\" title=\"\" data-rel=\"lightbox-image-41\" data-rl_title=\"\" data-rl_caption=\"\">\n\t\t\t\t\t<img loading=\"lazy\" decoding=\"async\" width=\"400\" height=\"284\" src=\"https:\/\/filles-de-la-charite.org\/wp-content\/uploads\/2023\/12\/3805_dans-la-rue_red-400x284.jpg\" srcset=\"https:\/\/filles-de-la-charite.org\/wp-content\/uploads\/2023\/12\/3805_dans-la-rue_red.jpg 479w, https:\/\/filles-de-la-charite.org\/wp-content\/uploads\/2023\/12\/3805_dans-la-rue_red-400x284.jpg 480w\" sizes=\"(max-width:479px) 479px, 100vw\" class=\"wp-image-31253\" \/>\n\t\t\t\t\t<span class=\"et_overlay\"><\/span>\n\t\t\t\t<\/a>\n\t\t\t\t<\/div><\/div><div class=\"et_pb_gallery_item et_pb_grid_item et_pb_bg_layout_light et_pb_css_mix_blend_mode et_pb_gallery_item_0_42\"><div class=\"et_pb_gallery_image landscape\">\n\t\t\t\t\t<a href=\"https:\/\/filles-de-la-charite.org\/wp-content\/uploads\/2023\/12\/3805_Kosovo_red-scaled.jpg\" title=\"\" data-rel=\"lightbox-image-42\" data-rl_title=\"\" data-rl_caption=\"\">\n\t\t\t\t\t<img loading=\"lazy\" decoding=\"async\" width=\"400\" height=\"284\" src=\"https:\/\/filles-de-la-charite.org\/wp-content\/uploads\/2023\/12\/3805_Kosovo_red-400x284.jpg\" srcset=\"https:\/\/filles-de-la-charite.org\/wp-content\/uploads\/2023\/12\/3805_Kosovo_red-scaled.jpg 479w, https:\/\/filles-de-la-charite.org\/wp-content\/uploads\/2023\/12\/3805_Kosovo_red-400x284.jpg 480w\" sizes=\"(max-width:479px) 479px, 100vw\" class=\"wp-image-31259\" \/>\n\t\t\t\t\t<span class=\"et_overlay\"><\/span>\n\t\t\t\t<\/a>\n\t\t\t\t<\/div><\/div><div class=\"et_pb_gallery_item et_pb_grid_item et_pb_bg_layout_light et_pb_css_mix_blend_mode et_pb_gallery_item_0_43\"><div class=\"et_pb_gallery_image landscape\">\n\t\t\t\t\t<a href=\"https:\/\/filles-de-la-charite.org\/wp-content\/uploads\/2023\/12\/3805_Belgique_red.jpg\" title=\"\" data-rel=\"lightbox-image-43\" data-rl_title=\"\" data-rl_caption=\"\">\n\t\t\t\t\t<img loading=\"lazy\" decoding=\"async\" width=\"400\" height=\"284\" src=\"https:\/\/filles-de-la-charite.org\/wp-content\/uploads\/2023\/12\/3805_Belgique_red-400x284.jpg\" srcset=\"https:\/\/filles-de-la-charite.org\/wp-content\/uploads\/2023\/12\/3805_Belgique_red.jpg 479w, https:\/\/filles-de-la-charite.org\/wp-content\/uploads\/2023\/12\/3805_Belgique_red-400x284.jpg 480w\" sizes=\"(max-width:479px) 479px, 100vw\" class=\"wp-image-31265\" \/>\n\t\t\t\t\t<span class=\"et_overlay\"><\/span>\n\t\t\t\t<\/a>\n\t\t\t\t<\/div><\/div><div class=\"et_pb_gallery_item et_pb_grid_item et_pb_bg_layout_light et_pb_css_mix_blend_mode et_pb_gallery_item_0_44\"><div class=\"et_pb_gallery_image landscape\">\n\t\t\t\t\t<a href=\"https:\/\/filles-de-la-charite.org\/wp-content\/uploads\/2023\/12\/3805_Creche-USA_red.jpg\" title=\"\" data-rel=\"lightbox-image-44\" data-rl_title=\"\" data-rl_caption=\"\">\n\t\t\t\t\t<img loading=\"lazy\" decoding=\"async\" width=\"400\" height=\"284\" src=\"https:\/\/filles-de-la-charite.org\/wp-content\/uploads\/2023\/12\/3805_Creche-USA_red-400x284.jpg\" srcset=\"https:\/\/filles-de-la-charite.org\/wp-content\/uploads\/2023\/12\/3805_Creche-USA_red.jpg 479w, https:\/\/filles-de-la-charite.org\/wp-content\/uploads\/2023\/12\/3805_Creche-USA_red-400x284.jpg 480w\" sizes=\"(max-width:479px) 479px, 100vw\" class=\"wp-image-31271\" \/>\n\t\t\t\t\t<span class=\"et_overlay\"><\/span>\n\t\t\t\t<\/a>\n\t\t\t\t<\/div><\/div><div class=\"et_pb_gallery_item et_pb_grid_item et_pb_bg_layout_light et_pb_css_mix_blend_mode et_pb_gallery_item_0_45\"><div class=\"et_pb_gallery_image landscape\">\n\t\t\t\t\t<a href=\"https:\/\/filles-de-la-charite.org\/wp-content\/uploads\/2023\/12\/3805_Algerie_red-scaled.jpg\" title=\"\" data-rel=\"lightbox-image-45\" data-rl_title=\"\" data-rl_caption=\"\">\n\t\t\t\t\t<img loading=\"lazy\" decoding=\"async\" width=\"400\" height=\"284\" src=\"https:\/\/filles-de-la-charite.org\/wp-content\/uploads\/2023\/12\/3805_Algerie_red-400x284.jpg\" srcset=\"https:\/\/filles-de-la-charite.org\/wp-content\/uploads\/2023\/12\/3805_Algerie_red-scaled.jpg 479w, https:\/\/filles-de-la-charite.org\/wp-content\/uploads\/2023\/12\/3805_Algerie_red-400x284.jpg 480w\" sizes=\"(max-width:479px) 479px, 100vw\" class=\"wp-image-31277\" \/>\n\t\t\t\t\t<span class=\"et_overlay\"><\/span>\n\t\t\t\t<\/a>\n\t\t\t\t<\/div><\/div><div class=\"et_pb_gallery_item et_pb_grid_item et_pb_bg_layout_light et_pb_css_mix_blend_mode et_pb_gallery_item_0_46\"><div class=\"et_pb_gallery_image landscape\">\n\t\t\t\t\t<a href=\"https:\/\/filles-de-la-charite.org\/wp-content\/uploads\/2023\/12\/3805_Creche-Paris_red.jpg\" title=\"\" data-rel=\"lightbox-image-46\" data-rl_title=\"\" data-rl_caption=\"\">\n\t\t\t\t\t<img loading=\"lazy\" decoding=\"async\" width=\"400\" height=\"284\" src=\"https:\/\/filles-de-la-charite.org\/wp-content\/uploads\/2023\/12\/3805_Creche-Paris_red-400x284.jpg\" srcset=\"https:\/\/filles-de-la-charite.org\/wp-content\/uploads\/2023\/12\/3805_Creche-Paris_red.jpg 479w, https:\/\/filles-de-la-charite.org\/wp-content\/uploads\/2023\/12\/3805_Creche-Paris_red-400x284.jpg 480w\" sizes=\"(max-width:479px) 479px, 100vw\" class=\"wp-image-31283\" \/>\n\t\t\t\t\t<span class=\"et_overlay\"><\/span>\n\t\t\t\t<\/a>\n\t\t\t\t<\/div><\/div><div class=\"et_pb_gallery_item et_pb_grid_item et_pb_bg_layout_light et_pb_css_mix_blend_mode et_pb_gallery_item_0_47\"><div class=\"et_pb_gallery_image landscape\">\n\t\t\t\t\t<a href=\"https:\/\/filles-de-la-charite.org\/wp-content\/uploads\/2023\/12\/3805_Chez-les-mineurs_red.jpg\" title=\"\" data-rel=\"lightbox-image-47\" data-rl_title=\"\" data-rl_caption=\"\">\n\t\t\t\t\t<img loading=\"lazy\" decoding=\"async\" width=\"400\" height=\"284\" src=\"https:\/\/filles-de-la-charite.org\/wp-content\/uploads\/2023\/12\/3805_Chez-les-mineurs_red-400x284.jpg\" srcset=\"https:\/\/filles-de-la-charite.org\/wp-content\/uploads\/2023\/12\/3805_Chez-les-mineurs_red.jpg 479w, https:\/\/filles-de-la-charite.org\/wp-content\/uploads\/2023\/12\/3805_Chez-les-mineurs_red-400x284.jpg 480w\" sizes=\"(max-width:479px) 479px, 100vw\" class=\"wp-image-31289\" \/>\n\t\t\t\t\t<span class=\"et_overlay\"><\/span>\n\t\t\t\t<\/a>\n\t\t\t\t<\/div><\/div><div class=\"et_pb_gallery_item et_pb_grid_item et_pb_bg_layout_light et_pb_css_mix_blend_mode et_pb_gallery_item_0_48\"><div class=\"et_pb_gallery_image landscape\">\n\t\t\t\t\t<a href=\"https:\/\/filles-de-la-charite.org\/wp-content\/uploads\/2023\/12\/3801_Visite1_red.jpg\" title=\"\" data-rel=\"lightbox-image-48\" data-rl_title=\"\" data-rl_caption=\"\">\n\t\t\t\t\t<img loading=\"lazy\" decoding=\"async\" width=\"400\" height=\"284\" src=\"https:\/\/filles-de-la-charite.org\/wp-content\/uploads\/2023\/12\/3801_Visite1_red-400x284.jpg\" srcset=\"https:\/\/filles-de-la-charite.org\/wp-content\/uploads\/2023\/12\/3801_Visite1_red.jpg 479w, https:\/\/filles-de-la-charite.org\/wp-content\/uploads\/2023\/12\/3801_Visite1_red-400x284.jpg 480w\" sizes=\"(max-width:479px) 479px, 100vw\" class=\"wp-image-31295\" \/>\n\t\t\t\t\t<span class=\"et_overlay\"><\/span>\n\t\t\t\t<\/a>\n\t\t\t\t<\/div><\/div><div class=\"et_pb_gallery_item et_pb_grid_item et_pb_bg_layout_light et_pb_css_mix_blend_mode et_pb_gallery_item_0_49\"><div class=\"et_pb_gallery_image landscape\">\n\t\t\t\t\t<a href=\"https:\/\/filles-de-la-charite.org\/wp-content\/uploads\/2023\/12\/3801_Vers-la-maison-des-pauvres_red.jpg\" title=\"\" data-rel=\"lightbox-image-49\" data-rl_title=\"\" data-rl_caption=\"\">\n\t\t\t\t\t<img loading=\"lazy\" decoding=\"async\" width=\"400\" height=\"284\" src=\"https:\/\/filles-de-la-charite.org\/wp-content\/uploads\/2023\/12\/3801_Vers-la-maison-des-pauvres_red-400x284.jpg\" srcset=\"https:\/\/filles-de-la-charite.org\/wp-content\/uploads\/2023\/12\/3801_Vers-la-maison-des-pauvres_red.jpg 479w, https:\/\/filles-de-la-charite.org\/wp-content\/uploads\/2023\/12\/3801_Vers-la-maison-des-pauvres_red-400x284.jpg 480w\" sizes=\"(max-width:479px) 479px, 100vw\" class=\"wp-image-31301\" \/>\n\t\t\t\t\t<span class=\"et_overlay\"><\/span>\n\t\t\t\t<\/a>\n\t\t\t\t<\/div><\/div><div class=\"et_pb_gallery_item et_pb_grid_item et_pb_bg_layout_light et_pb_css_mix_blend_mode et_pb_gallery_item_0_50\"><div class=\"et_pb_gallery_image landscape\">\n\t\t\t\t\t<a href=\"https:\/\/filles-de-la-charite.org\/wp-content\/uploads\/2023\/12\/3801_Soins-lepreux_red.jpg\" title=\"\" data-rel=\"lightbox-image-50\" data-rl_title=\"\" data-rl_caption=\"\">\n\t\t\t\t\t<img loading=\"lazy\" decoding=\"async\" width=\"400\" height=\"284\" src=\"https:\/\/filles-de-la-charite.org\/wp-content\/uploads\/2023\/12\/3801_Soins-lepreux_red-400x284.jpg\" srcset=\"https:\/\/filles-de-la-charite.org\/wp-content\/uploads\/2023\/12\/3801_Soins-lepreux_red.jpg 479w, https:\/\/filles-de-la-charite.org\/wp-content\/uploads\/2023\/12\/3801_Soins-lepreux_red-400x284.jpg 480w\" sizes=\"(max-width:479px) 479px, 100vw\" class=\"wp-image-31307\" \/>\n\t\t\t\t\t<span class=\"et_overlay\"><\/span>\n\t\t\t\t<\/a>\n\t\t\t\t<\/div><\/div><div class=\"et_pb_gallery_item et_pb_grid_item et_pb_bg_layout_light et_pb_css_mix_blend_mode et_pb_gallery_item_0_51\"><div class=\"et_pb_gallery_image landscape\">\n\t\t\t\t\t<a href=\"https:\/\/filles-de-la-charite.org\/wp-content\/uploads\/2023\/12\/3804_visite-des-pauvres-a-Guayaquil-2_red.jpg\" title=\"\" data-rel=\"lightbox-image-51\" data-rl_title=\"\" data-rl_caption=\"\">\n\t\t\t\t\t<img loading=\"lazy\" decoding=\"async\" width=\"400\" height=\"284\" src=\"https:\/\/filles-de-la-charite.org\/wp-content\/uploads\/2023\/12\/3804_visite-des-pauvres-a-Guayaquil-2_red-400x284.jpg\" srcset=\"https:\/\/filles-de-la-charite.org\/wp-content\/uploads\/2023\/12\/3804_visite-des-pauvres-a-Guayaquil-2_red.jpg 479w, https:\/\/filles-de-la-charite.org\/wp-content\/uploads\/2023\/12\/3804_visite-des-pauvres-a-Guayaquil-2_red-400x284.jpg 480w\" sizes=\"(max-width:479px) 479px, 100vw\" class=\"wp-image-31313\" \/>\n\t\t\t\t\t<span class=\"et_overlay\"><\/span>\n\t\t\t\t<\/a>\n\t\t\t\t<\/div><\/div><div class=\"et_pb_gallery_item et_pb_grid_item et_pb_bg_layout_light et_pb_css_mix_blend_mode et_pb_gallery_item_0_52\"><div class=\"et_pb_gallery_image landscape\">\n\t\t\t\t\t<a href=\"https:\/\/filles-de-la-charite.org\/wp-content\/uploads\/2023\/12\/3804_visite-des-pauvres-a-Guayaquil-1_red.jpg\" title=\"\" data-rel=\"lightbox-image-52\" data-rl_title=\"\" data-rl_caption=\"\">\n\t\t\t\t\t<img loading=\"lazy\" decoding=\"async\" width=\"400\" height=\"284\" src=\"https:\/\/filles-de-la-charite.org\/wp-content\/uploads\/2023\/12\/3804_visite-des-pauvres-a-Guayaquil-1_red-400x284.jpg\" srcset=\"https:\/\/filles-de-la-charite.org\/wp-content\/uploads\/2023\/12\/3804_visite-des-pauvres-a-Guayaquil-1_red.jpg 479w, https:\/\/filles-de-la-charite.org\/wp-content\/uploads\/2023\/12\/3804_visite-des-pauvres-a-Guayaquil-1_red-400x284.jpg 480w\" sizes=\"(max-width:479px) 479px, 100vw\" class=\"wp-image-31319\" \/>\n\t\t\t\t\t<span class=\"et_overlay\"><\/span>\n\t\t\t\t<\/a>\n\t\t\t\t<\/div><\/div><div class=\"et_pb_gallery_item et_pb_grid_item et_pb_bg_layout_light et_pb_css_mix_blend_mode et_pb_gallery_item_0_53\"><div class=\"et_pb_gallery_image landscape\">\n\t\t\t\t\t<a href=\"https:\/\/filles-de-la-charite.org\/wp-content\/uploads\/2023\/12\/3801_Visite_red.jpg\" title=\"\" data-rel=\"lightbox-image-53\" data-rl_title=\"\" data-rl_caption=\"\">\n\t\t\t\t\t<img loading=\"lazy\" decoding=\"async\" width=\"400\" height=\"284\" src=\"https:\/\/filles-de-la-charite.org\/wp-content\/uploads\/2023\/12\/3801_Visite_red-400x284.jpg\" srcset=\"https:\/\/filles-de-la-charite.org\/wp-content\/uploads\/2023\/12\/3801_Visite_red.jpg 479w, https:\/\/filles-de-la-charite.org\/wp-content\/uploads\/2023\/12\/3801_Visite_red-400x284.jpg 480w\" sizes=\"(max-width:479px) 479px, 100vw\" class=\"wp-image-31325\" \/>\n\t\t\t\t\t<span class=\"et_overlay\"><\/span>\n\t\t\t\t<\/a>\n\t\t\t\t<\/div><\/div><div class=\"et_pb_gallery_item et_pb_grid_item et_pb_bg_layout_light et_pb_css_mix_blend_mode et_pb_gallery_item_0_54\"><div class=\"et_pb_gallery_image landscape\">\n\t\t\t\t\t<a href=\"https:\/\/filles-de-la-charite.org\/wp-content\/uploads\/2023\/12\/3801_Vietnam_red.jpg\" title=\"\" data-rel=\"lightbox-image-54\" data-rl_title=\"\" data-rl_caption=\"\">\n\t\t\t\t\t<img loading=\"lazy\" decoding=\"async\" width=\"400\" height=\"284\" src=\"https:\/\/filles-de-la-charite.org\/wp-content\/uploads\/2023\/12\/3801_Vietnam_red-400x284.jpg\" srcset=\"https:\/\/filles-de-la-charite.org\/wp-content\/uploads\/2023\/12\/3801_Vietnam_red.jpg 479w, https:\/\/filles-de-la-charite.org\/wp-content\/uploads\/2023\/12\/3801_Vietnam_red-400x284.jpg 480w\" sizes=\"(max-width:479px) 479px, 100vw\" class=\"wp-image-31331\" \/>\n\t\t\t\t\t<span class=\"et_overlay\"><\/span>\n\t\t\t\t<\/a>\n\t\t\t\t<\/div><\/div><div class=\"et_pb_gallery_item et_pb_grid_item et_pb_bg_layout_light et_pb_css_mix_blend_mode et_pb_gallery_item_0_55\"><div class=\"et_pb_gallery_image landscape\">\n\t\t\t\t\t<a href=\"https:\/\/filles-de-la-charite.org\/wp-content\/uploads\/2023\/12\/3801_Rencontrer1_red.jpg\" title=\"\" data-rel=\"lightbox-image-55\" data-rl_title=\"\" data-rl_caption=\"\">\n\t\t\t\t\t<img loading=\"lazy\" decoding=\"async\" width=\"400\" height=\"284\" src=\"https:\/\/filles-de-la-charite.org\/wp-content\/uploads\/2023\/12\/3801_Rencontrer1_red-400x284.jpg\" srcset=\"https:\/\/filles-de-la-charite.org\/wp-content\/uploads\/2023\/12\/3801_Rencontrer1_red.jpg 479w, https:\/\/filles-de-la-charite.org\/wp-content\/uploads\/2023\/12\/3801_Rencontrer1_red-400x284.jpg 480w\" sizes=\"(max-width:479px) 479px, 100vw\" class=\"wp-image-31337\" \/>\n\t\t\t\t\t<span class=\"et_overlay\"><\/span>\n\t\t\t\t<\/a>\n\t\t\t\t<\/div><\/div><div class=\"et_pb_gallery_item et_pb_grid_item et_pb_bg_layout_light et_pb_css_mix_blend_mode et_pb_gallery_item_0_56\"><div class=\"et_pb_gallery_image landscape\">\n\t\t\t\t\t<a href=\"https:\/\/filles-de-la-charite.org\/wp-content\/uploads\/2023\/12\/3801_preparatifs_red-scaled.jpg\" title=\"\" data-rel=\"lightbox-image-56\" data-rl_title=\"\" data-rl_caption=\"\">\n\t\t\t\t\t<img loading=\"lazy\" decoding=\"async\" width=\"400\" height=\"284\" src=\"https:\/\/filles-de-la-charite.org\/wp-content\/uploads\/2023\/12\/3801_preparatifs_red-400x284.jpg\" srcset=\"https:\/\/filles-de-la-charite.org\/wp-content\/uploads\/2023\/12\/3801_preparatifs_red-scaled.jpg 479w, https:\/\/filles-de-la-charite.org\/wp-content\/uploads\/2023\/12\/3801_preparatifs_red-400x284.jpg 480w\" sizes=\"(max-width:479px) 479px, 100vw\" class=\"wp-image-31343\" \/>\n\t\t\t\t\t<span class=\"et_overlay\"><\/span>\n\t\t\t\t<\/a>\n\t\t\t\t<\/div><\/div><div class=\"et_pb_gallery_item et_pb_grid_item et_pb_bg_layout_light et_pb_css_mix_blend_mode et_pb_gallery_item_0_57\"><div class=\"et_pb_gallery_image landscape\">\n\t\t\t\t\t<a href=\"https:\/\/filles-de-la-charite.org\/wp-content\/uploads\/2023\/12\/3801_Rencontrer_red.jpg\" title=\"\" data-rel=\"lightbox-image-57\" data-rl_title=\"\" data-rl_caption=\"\">\n\t\t\t\t\t<img loading=\"lazy\" decoding=\"async\" width=\"400\" height=\"284\" src=\"https:\/\/filles-de-la-charite.org\/wp-content\/uploads\/2023\/12\/3801_Rencontrer_red-400x284.jpg\" srcset=\"https:\/\/filles-de-la-charite.org\/wp-content\/uploads\/2023\/12\/3801_Rencontrer_red.jpg 479w, https:\/\/filles-de-la-charite.org\/wp-content\/uploads\/2023\/12\/3801_Rencontrer_red-400x284.jpg 480w\" sizes=\"(max-width:479px) 479px, 100vw\" class=\"wp-image-31349\" \/>\n\t\t\t\t\t<span class=\"et_overlay\"><\/span>\n\t\t\t\t<\/a>\n\t\t\t\t<\/div><\/div><div class=\"et_pb_gallery_item et_pb_grid_item et_pb_bg_layout_light et_pb_css_mix_blend_mode et_pb_gallery_item_0_58\"><div class=\"et_pb_gallery_image landscape\">\n\t\t\t\t\t<a href=\"https:\/\/filles-de-la-charite.org\/wp-content\/uploads\/2023\/12\/3801_Pauvre_red.jpg\" title=\"\" data-rel=\"lightbox-image-58\" data-rl_title=\"\" data-rl_caption=\"\">\n\t\t\t\t\t<img loading=\"lazy\" decoding=\"async\" width=\"400\" height=\"284\" src=\"https:\/\/filles-de-la-charite.org\/wp-content\/uploads\/2023\/12\/3801_Pauvre_red-400x284.jpg\" srcset=\"https:\/\/filles-de-la-charite.org\/wp-content\/uploads\/2023\/12\/3801_Pauvre_red.jpg 479w, https:\/\/filles-de-la-charite.org\/wp-content\/uploads\/2023\/12\/3801_Pauvre_red-400x284.jpg 480w\" sizes=\"(max-width:479px) 479px, 100vw\" class=\"wp-image-31355\" \/>\n\t\t\t\t\t<span class=\"et_overlay\"><\/span>\n\t\t\t\t<\/a>\n\t\t\t\t<\/div><\/div><div class=\"et_pb_gallery_item et_pb_grid_item et_pb_bg_layout_light et_pb_css_mix_blend_mode et_pb_gallery_item_0_59\"><div class=\"et_pb_gallery_image landscape\">\n\t\t\t\t\t<a href=\"https:\/\/filles-de-la-charite.org\/wp-content\/uploads\/2023\/12\/3801_Parmi-les-pauvres_red.jpg\" title=\"\" data-rel=\"lightbox-image-59\" data-rl_title=\"\" data-rl_caption=\"\">\n\t\t\t\t\t<img loading=\"lazy\" decoding=\"async\" width=\"400\" height=\"284\" src=\"https:\/\/filles-de-la-charite.org\/wp-content\/uploads\/2023\/12\/3801_Parmi-les-pauvres_red-400x284.jpg\" srcset=\"https:\/\/filles-de-la-charite.org\/wp-content\/uploads\/2023\/12\/3801_Parmi-les-pauvres_red.jpg 479w, https:\/\/filles-de-la-charite.org\/wp-content\/uploads\/2023\/12\/3801_Parmi-les-pauvres_red-400x284.jpg 480w\" sizes=\"(max-width:479px) 479px, 100vw\" class=\"wp-image-31361\" \/>\n\t\t\t\t\t<span class=\"et_overlay\"><\/span>\n\t\t\t\t<\/a>\n\t\t\t\t<\/div><\/div><div class=\"et_pb_gallery_item et_pb_grid_item et_pb_bg_layout_light et_pb_css_mix_blend_mode et_pb_gallery_item_0_60\"><div class=\"et_pb_gallery_image landscape\">\n\t\t\t\t\t<a href=\"https:\/\/filles-de-la-charite.org\/wp-content\/uploads\/2023\/12\/3801_Paraguay_red.jpg\" title=\"\" data-rel=\"lightbox-image-60\" data-rl_title=\"\" data-rl_caption=\"\">\n\t\t\t\t\t<img loading=\"lazy\" decoding=\"async\" width=\"400\" height=\"284\" src=\"https:\/\/filles-de-la-charite.org\/wp-content\/uploads\/2023\/12\/3801_Paraguay_red-400x284.jpg\" srcset=\"https:\/\/filles-de-la-charite.org\/wp-content\/uploads\/2023\/12\/3801_Paraguay_red.jpg 479w, https:\/\/filles-de-la-charite.org\/wp-content\/uploads\/2023\/12\/3801_Paraguay_red-400x284.jpg 480w\" sizes=\"(max-width:479px) 479px, 100vw\" class=\"wp-image-31367\" \/>\n\t\t\t\t\t<span class=\"et_overlay\"><\/span>\n\t\t\t\t<\/a>\n\t\t\t\t<\/div><\/div><div class=\"et_pb_gallery_item et_pb_grid_item et_pb_bg_layout_light et_pb_css_mix_blend_mode et_pb_gallery_item_0_61\"><div class=\"et_pb_gallery_image landscape\">\n\t\t\t\t\t<a href=\"https:\/\/filles-de-la-charite.org\/wp-content\/uploads\/2023\/12\/3801_main-a-main_red.jpg\" title=\"\" data-rel=\"lightbox-image-61\" data-rl_title=\"\" data-rl_caption=\"\">\n\t\t\t\t\t<img loading=\"lazy\" decoding=\"async\" width=\"400\" height=\"284\" src=\"https:\/\/filles-de-la-charite.org\/wp-content\/uploads\/2023\/12\/3801_main-a-main_red-400x284.jpg\" srcset=\"https:\/\/filles-de-la-charite.org\/wp-content\/uploads\/2023\/12\/3801_main-a-main_red.jpg 479w, https:\/\/filles-de-la-charite.org\/wp-content\/uploads\/2023\/12\/3801_main-a-main_red-400x284.jpg 480w\" sizes=\"(max-width:479px) 479px, 100vw\" class=\"wp-image-31373\" \/>\n\t\t\t\t\t<span class=\"et_overlay\"><\/span>\n\t\t\t\t<\/a>\n\t\t\t\t<\/div><\/div><div class=\"et_pb_gallery_item et_pb_grid_item et_pb_bg_layout_light et_pb_css_mix_blend_mode et_pb_gallery_item_0_62\"><div class=\"et_pb_gallery_image landscape\">\n\t\t\t\t\t<a href=\"https:\/\/filles-de-la-charite.org\/wp-content\/uploads\/2023\/12\/3801_Mettre-a-l_abri_red.jpg\" title=\"\" data-rel=\"lightbox-image-62\" data-rl_title=\"\" data-rl_caption=\"\">\n\t\t\t\t\t<img loading=\"lazy\" decoding=\"async\" width=\"400\" height=\"284\" src=\"https:\/\/filles-de-la-charite.org\/wp-content\/uploads\/2023\/12\/3801_Mettre-a-l_abri_red-400x284.jpg\" srcset=\"https:\/\/filles-de-la-charite.org\/wp-content\/uploads\/2023\/12\/3801_Mettre-a-l_abri_red.jpg 479w, https:\/\/filles-de-la-charite.org\/wp-content\/uploads\/2023\/12\/3801_Mettre-a-l_abri_red-400x284.jpg 480w\" sizes=\"(max-width:479px) 479px, 100vw\" class=\"wp-image-31379\" \/>\n\t\t\t\t\t<span class=\"et_overlay\"><\/span>\n\t\t\t\t<\/a>\n\t\t\t\t<\/div><\/div><div class=\"et_pb_gallery_item et_pb_grid_item et_pb_bg_layout_light et_pb_css_mix_blend_mode et_pb_gallery_item_0_63\"><div class=\"et_pb_gallery_image landscape\">\n\t\t\t\t\t<a href=\"https:\/\/filles-de-la-charite.org\/wp-content\/uploads\/2023\/12\/3801_Les-Soeurs-arrivent_red.jpg\" title=\"\" data-rel=\"lightbox-image-63\" data-rl_title=\"\" data-rl_caption=\"\">\n\t\t\t\t\t<img loading=\"lazy\" decoding=\"async\" width=\"400\" height=\"284\" src=\"https:\/\/filles-de-la-charite.org\/wp-content\/uploads\/2023\/12\/3801_Les-Soeurs-arrivent_red-400x284.jpg\" srcset=\"https:\/\/filles-de-la-charite.org\/wp-content\/uploads\/2023\/12\/3801_Les-Soeurs-arrivent_red.jpg 479w, https:\/\/filles-de-la-charite.org\/wp-content\/uploads\/2023\/12\/3801_Les-Soeurs-arrivent_red-400x284.jpg 480w\" sizes=\"(max-width:479px) 479px, 100vw\" class=\"wp-image-31385\" \/>\n\t\t\t\t\t<span class=\"et_overlay\"><\/span>\n\t\t\t\t<\/a>\n\t\t\t\t<\/div><\/div><div class=\"et_pb_gallery_item et_pb_grid_item et_pb_bg_layout_light et_pb_css_mix_blend_mode et_pb_gallery_item_0_64\"><div class=\"et_pb_gallery_image landscape\">\n\t\t\t\t\t<a href=\"https:\/\/filles-de-la-charite.org\/wp-content\/uploads\/2023\/12\/3801_lepreux_red.jpg\" title=\"\" data-rel=\"lightbox-image-64\" data-rl_title=\"\" data-rl_caption=\"\">\n\t\t\t\t\t<img loading=\"lazy\" decoding=\"async\" width=\"400\" height=\"284\" src=\"https:\/\/filles-de-la-charite.org\/wp-content\/uploads\/2023\/12\/3801_lepreux_red-400x284.jpg\" srcset=\"https:\/\/filles-de-la-charite.org\/wp-content\/uploads\/2023\/12\/3801_lepreux_red.jpg 479w, https:\/\/filles-de-la-charite.org\/wp-content\/uploads\/2023\/12\/3801_lepreux_red-400x284.jpg 480w\" sizes=\"(max-width:479px) 479px, 100vw\" class=\"wp-image-31391\" \/>\n\t\t\t\t\t<span class=\"et_overlay\"><\/span>\n\t\t\t\t<\/a>\n\t\t\t\t<\/div><\/div><div class=\"et_pb_gallery_item et_pb_grid_item et_pb_bg_layout_light et_pb_css_mix_blend_mode et_pb_gallery_item_0_65\"><div class=\"et_pb_gallery_image landscape\">\n\t\t\t\t\t<a href=\"https:\/\/filles-de-la-charite.org\/wp-content\/uploads\/2023\/12\/3801_Japon_red.jpg\" title=\"\" data-rel=\"lightbox-image-65\" data-rl_title=\"\" data-rl_caption=\"\">\n\t\t\t\t\t<img loading=\"lazy\" decoding=\"async\" width=\"400\" height=\"284\" src=\"https:\/\/filles-de-la-charite.org\/wp-content\/uploads\/2023\/12\/3801_Japon_red-400x284.jpg\" srcset=\"https:\/\/filles-de-la-charite.org\/wp-content\/uploads\/2023\/12\/3801_Japon_red.jpg 479w, https:\/\/filles-de-la-charite.org\/wp-content\/uploads\/2023\/12\/3801_Japon_red-400x284.jpg 480w\" sizes=\"(max-width:479px) 479px, 100vw\" class=\"wp-image-31397\" \/>\n\t\t\t\t\t<span class=\"et_overlay\"><\/span>\n\t\t\t\t<\/a>\n\t\t\t\t<\/div><\/div><div class=\"et_pb_gallery_item et_pb_grid_item et_pb_bg_layout_light et_pb_css_mix_blend_mode et_pb_gallery_item_0_66\"><div class=\"et_pb_gallery_image landscape\">\n\t\t\t\t\t<a href=\"https:\/\/filles-de-la-charite.org\/wp-content\/uploads\/2023\/12\/3801_Japon1_red-scaled.jpg\" title=\"\" data-rel=\"lightbox-image-66\" data-rl_title=\"\" data-rl_caption=\"\">\n\t\t\t\t\t<img loading=\"lazy\" decoding=\"async\" width=\"400\" height=\"284\" src=\"https:\/\/filles-de-la-charite.org\/wp-content\/uploads\/2023\/12\/3801_Japon1_red-400x284.jpg\" srcset=\"https:\/\/filles-de-la-charite.org\/wp-content\/uploads\/2023\/12\/3801_Japon1_red-scaled.jpg 479w, https:\/\/filles-de-la-charite.org\/wp-content\/uploads\/2023\/12\/3801_Japon1_red-400x284.jpg 480w\" sizes=\"(max-width:479px) 479px, 100vw\" class=\"wp-image-31403\" \/>\n\t\t\t\t\t<span class=\"et_overlay\"><\/span>\n\t\t\t\t<\/a>\n\t\t\t\t<\/div><\/div><div class=\"et_pb_gallery_item et_pb_grid_item et_pb_bg_layout_light et_pb_css_mix_blend_mode et_pb_gallery_item_0_67\"><div class=\"et_pb_gallery_image landscape\">\n\t\t\t\t\t<a href=\"https:\/\/filles-de-la-charite.org\/wp-content\/uploads\/2023\/12\/3801_Japon-the_red.jpg\" title=\"\" data-rel=\"lightbox-image-67\" data-rl_title=\"\" data-rl_caption=\"\">\n\t\t\t\t\t<img loading=\"lazy\" decoding=\"async\" width=\"400\" height=\"284\" src=\"https:\/\/filles-de-la-charite.org\/wp-content\/uploads\/2023\/12\/3801_Japon-the_red-400x284.jpg\" srcset=\"https:\/\/filles-de-la-charite.org\/wp-content\/uploads\/2023\/12\/3801_Japon-the_red.jpg 479w, https:\/\/filles-de-la-charite.org\/wp-content\/uploads\/2023\/12\/3801_Japon-the_red-400x284.jpg 480w\" sizes=\"(max-width:479px) 479px, 100vw\" class=\"wp-image-31409\" \/>\n\t\t\t\t\t<span class=\"et_overlay\"><\/span>\n\t\t\t\t<\/a>\n\t\t\t\t<\/div><\/div><div class=\"et_pb_gallery_item et_pb_grid_item et_pb_bg_layout_light et_pb_css_mix_blend_mode et_pb_gallery_item_0_68\"><div class=\"et_pb_gallery_image landscape\">\n\t\t\t\t\t<a href=\"https:\/\/filles-de-la-charite.org\/wp-content\/uploads\/2023\/12\/3801_famille-grande_red.jpg\" title=\"\" data-rel=\"lightbox-image-68\" data-rl_title=\"\" data-rl_caption=\"\">\n\t\t\t\t\t<img loading=\"lazy\" decoding=\"async\" width=\"400\" height=\"284\" src=\"https:\/\/filles-de-la-charite.org\/wp-content\/uploads\/2023\/12\/3801_famille-grande_red-400x284.jpg\" srcset=\"https:\/\/filles-de-la-charite.org\/wp-content\/uploads\/2023\/12\/3801_famille-grande_red.jpg 479w, https:\/\/filles-de-la-charite.org\/wp-content\/uploads\/2023\/12\/3801_famille-grande_red-400x284.jpg 480w\" sizes=\"(max-width:479px) 479px, 100vw\" class=\"wp-image-31415\" \/>\n\t\t\t\t\t<span class=\"et_overlay\"><\/span>\n\t\t\t\t<\/a>\n\t\t\t\t<\/div><\/div><div class=\"et_pb_gallery_item et_pb_grid_item et_pb_bg_layout_light et_pb_css_mix_blend_mode et_pb_gallery_item_0_69\"><div class=\"et_pb_gallery_image landscape\">\n\t\t\t\t\t<a href=\"https:\/\/filles-de-la-charite.org\/wp-content\/uploads\/2023\/12\/3801_Etre-belle_red.jpg\" title=\"\" data-rel=\"lightbox-image-69\" data-rl_title=\"\" data-rl_caption=\"\">\n\t\t\t\t\t<img loading=\"lazy\" decoding=\"async\" width=\"400\" height=\"284\" src=\"https:\/\/filles-de-la-charite.org\/wp-content\/uploads\/2023\/12\/3801_Etre-belle_red-400x284.jpg\" srcset=\"https:\/\/filles-de-la-charite.org\/wp-content\/uploads\/2023\/12\/3801_Etre-belle_red.jpg 479w, https:\/\/filles-de-la-charite.org\/wp-content\/uploads\/2023\/12\/3801_Etre-belle_red-400x284.jpg 480w\" sizes=\"(max-width:479px) 479px, 100vw\" class=\"wp-image-31421\" \/>\n\t\t\t\t\t<span class=\"et_overlay\"><\/span>\n\t\t\t\t<\/a>\n\t\t\t\t<\/div><\/div><div class=\"et_pb_gallery_item et_pb_grid_item et_pb_bg_layout_light et_pb_css_mix_blend_mode et_pb_gallery_item_0_70\"><div class=\"et_pb_gallery_image landscape\">\n\t\t\t\t\t<a href=\"https:\/\/filles-de-la-charite.org\/wp-content\/uploads\/2023\/12\/3801_Famille_red.jpg\" title=\"\" data-rel=\"lightbox-image-70\" data-rl_title=\"\" data-rl_caption=\"\">\n\t\t\t\t\t<img loading=\"lazy\" decoding=\"async\" width=\"400\" height=\"284\" src=\"https:\/\/filles-de-la-charite.org\/wp-content\/uploads\/2023\/12\/3801_Famille_red-400x284.jpg\" srcset=\"https:\/\/filles-de-la-charite.org\/wp-content\/uploads\/2023\/12\/3801_Famille_red.jpg 479w, https:\/\/filles-de-la-charite.org\/wp-content\/uploads\/2023\/12\/3801_Famille_red-400x284.jpg 480w\" sizes=\"(max-width:479px) 479px, 100vw\" class=\"wp-image-31427\" \/>\n\t\t\t\t\t<span class=\"et_overlay\"><\/span>\n\t\t\t\t<\/a>\n\t\t\t\t<\/div><\/div><div class=\"et_pb_gallery_item et_pb_grid_item et_pb_bg_layout_light et_pb_css_mix_blend_mode et_pb_gallery_item_0_71\"><div class=\"et_pb_gallery_image landscape\">\n\t\t\t\t\t<a href=\"https:\/\/filles-de-la-charite.org\/wp-content\/uploads\/2023\/12\/3801_Enfant_red.jpg\" title=\"\" data-rel=\"lightbox-image-71\" data-rl_title=\"\" data-rl_caption=\"\">\n\t\t\t\t\t<img loading=\"lazy\" decoding=\"async\" width=\"400\" height=\"284\" src=\"https:\/\/filles-de-la-charite.org\/wp-content\/uploads\/2023\/12\/3801_Enfant_red-400x284.jpg\" srcset=\"https:\/\/filles-de-la-charite.org\/wp-content\/uploads\/2023\/12\/3801_Enfant_red.jpg 479w, https:\/\/filles-de-la-charite.org\/wp-content\/uploads\/2023\/12\/3801_Enfant_red-400x284.jpg 480w\" sizes=\"(max-width:479px) 479px, 100vw\" class=\"wp-image-31433\" \/>\n\t\t\t\t\t<span class=\"et_overlay\"><\/span>\n\t\t\t\t<\/a>\n\t\t\t\t<\/div><\/div><div class=\"et_pb_gallery_item et_pb_grid_item et_pb_bg_layout_light et_pb_css_mix_blend_mode et_pb_gallery_item_0_72\"><div class=\"et_pb_gallery_image landscape\">\n\t\t\t\t\t<a href=\"https:\/\/filles-de-la-charite.org\/wp-content\/uploads\/2023\/12\/3801_En-chemin1_red.jpg\" title=\"\" data-rel=\"lightbox-image-72\" data-rl_title=\"\" data-rl_caption=\"\">\n\t\t\t\t\t<img loading=\"lazy\" decoding=\"async\" width=\"400\" height=\"284\" src=\"https:\/\/filles-de-la-charite.org\/wp-content\/uploads\/2023\/12\/3801_En-chemin1_red-400x284.jpg\" srcset=\"https:\/\/filles-de-la-charite.org\/wp-content\/uploads\/2023\/12\/3801_En-chemin1_red.jpg 479w, https:\/\/filles-de-la-charite.org\/wp-content\/uploads\/2023\/12\/3801_En-chemin1_red-400x284.jpg 480w\" sizes=\"(max-width:479px) 479px, 100vw\" class=\"wp-image-31439\" \/>\n\t\t\t\t\t<span class=\"et_overlay\"><\/span>\n\t\t\t\t<\/a>\n\t\t\t\t<\/div><\/div><div class=\"et_pb_gallery_item et_pb_grid_item et_pb_bg_layout_light et_pb_css_mix_blend_mode et_pb_gallery_item_0_73\"><div class=\"et_pb_gallery_image landscape\">\n\t\t\t\t\t<a href=\"https:\/\/filles-de-la-charite.org\/wp-content\/uploads\/2023\/12\/3801_Chine_red.jpg\" title=\"\" data-rel=\"lightbox-image-73\" data-rl_title=\"\" data-rl_caption=\"\">\n\t\t\t\t\t<img loading=\"lazy\" decoding=\"async\" width=\"400\" height=\"284\" src=\"https:\/\/filles-de-la-charite.org\/wp-content\/uploads\/2023\/12\/3801_Chine_red-400x284.jpg\" srcset=\"https:\/\/filles-de-la-charite.org\/wp-content\/uploads\/2023\/12\/3801_Chine_red.jpg 479w, https:\/\/filles-de-la-charite.org\/wp-content\/uploads\/2023\/12\/3801_Chine_red-400x284.jpg 480w\" sizes=\"(max-width:479px) 479px, 100vw\" class=\"wp-image-31445\" \/>\n\t\t\t\t\t<span class=\"et_overlay\"><\/span>\n\t\t\t\t<\/a>\n\t\t\t\t<\/div><\/div><div class=\"et_pb_gallery_item et_pb_grid_item et_pb_bg_layout_light et_pb_css_mix_blend_mode et_pb_gallery_item_0_74\"><div class=\"et_pb_gallery_image landscape\">\n\t\t\t\t\t<a href=\"https:\/\/filles-de-la-charite.org\/wp-content\/uploads\/2023\/12\/3801_En-chemin_red.jpg\" title=\"\" data-rel=\"lightbox-image-74\" data-rl_title=\"\" data-rl_caption=\"\">\n\t\t\t\t\t<img loading=\"lazy\" decoding=\"async\" width=\"400\" height=\"284\" src=\"https:\/\/filles-de-la-charite.org\/wp-content\/uploads\/2023\/12\/3801_En-chemin_red-400x284.jpg\" srcset=\"https:\/\/filles-de-la-charite.org\/wp-content\/uploads\/2023\/12\/3801_En-chemin_red.jpg 479w, https:\/\/filles-de-la-charite.org\/wp-content\/uploads\/2023\/12\/3801_En-chemin_red-400x284.jpg 480w\" sizes=\"(max-width:479px) 479px, 100vw\" class=\"wp-image-31451\" \/>\n\t\t\t\t\t<span class=\"et_overlay\"><\/span>\n\t\t\t\t<\/a>\n\t\t\t\t<\/div><\/div><div class=\"et_pb_gallery_item et_pb_grid_item et_pb_bg_layout_light et_pb_css_mix_blend_mode et_pb_gallery_item_0_75\"><div class=\"et_pb_gallery_image landscape\">\n\t\t\t\t\t<a href=\"https:\/\/filles-de-la-charite.org\/wp-content\/uploads\/2023\/12\/3801_Chili_red.jpg\" title=\"\" data-rel=\"lightbox-image-75\" data-rl_title=\"\" data-rl_caption=\"\">\n\t\t\t\t\t<img loading=\"lazy\" decoding=\"async\" width=\"400\" height=\"284\" src=\"https:\/\/filles-de-la-charite.org\/wp-content\/uploads\/2023\/12\/3801_Chili_red-400x284.jpg\" srcset=\"https:\/\/filles-de-la-charite.org\/wp-content\/uploads\/2023\/12\/3801_Chili_red.jpg 479w, https:\/\/filles-de-la-charite.org\/wp-content\/uploads\/2023\/12\/3801_Chili_red-400x284.jpg 480w\" sizes=\"(max-width:479px) 479px, 100vw\" class=\"wp-image-31457\" \/>\n\t\t\t\t\t<span class=\"et_overlay\"><\/span>\n\t\t\t\t<\/a>\n\t\t\t\t<\/div><\/div><div class=\"et_pb_gallery_item et_pb_grid_item et_pb_bg_layout_light et_pb_css_mix_blend_mode et_pb_gallery_item_0_76\"><div class=\"et_pb_gallery_image landscape\">\n\t\t\t\t\t<a href=\"https:\/\/filles-de-la-charite.org\/wp-content\/uploads\/2023\/12\/3801_Chez-une-famille_red.jpg\" title=\"\" data-rel=\"lightbox-image-76\" data-rl_title=\"\" data-rl_caption=\"\">\n\t\t\t\t\t<img loading=\"lazy\" decoding=\"async\" width=\"400\" height=\"284\" src=\"https:\/\/filles-de-la-charite.org\/wp-content\/uploads\/2023\/12\/3801_Chez-une-famille_red-400x284.jpg\" srcset=\"https:\/\/filles-de-la-charite.org\/wp-content\/uploads\/2023\/12\/3801_Chez-une-famille_red.jpg 479w, https:\/\/filles-de-la-charite.org\/wp-content\/uploads\/2023\/12\/3801_Chez-une-famille_red-400x284.jpg 480w\" sizes=\"(max-width:479px) 479px, 100vw\" class=\"wp-image-31463\" \/>\n\t\t\t\t\t<span class=\"et_overlay\"><\/span>\n\t\t\t\t<\/a>\n\t\t\t\t<\/div><\/div><div class=\"et_pb_gallery_item et_pb_grid_item et_pb_bg_layout_light et_pb_css_mix_blend_mode et_pb_gallery_item_0_77\"><div class=\"et_pb_gallery_image landscape\">\n\t\t\t\t\t<a href=\"https:\/\/filles-de-la-charite.org\/wp-content\/uploads\/2023\/12\/3801_Chez-les-campagnards_red.jpg\" title=\"\" data-rel=\"lightbox-image-77\" data-rl_title=\"\" data-rl_caption=\"\">\n\t\t\t\t\t<img loading=\"lazy\" decoding=\"async\" width=\"400\" height=\"284\" src=\"https:\/\/filles-de-la-charite.org\/wp-content\/uploads\/2023\/12\/3801_Chez-les-campagnards_red-400x284.jpg\" srcset=\"https:\/\/filles-de-la-charite.org\/wp-content\/uploads\/2023\/12\/3801_Chez-les-campagnards_red.jpg 479w, https:\/\/filles-de-la-charite.org\/wp-content\/uploads\/2023\/12\/3801_Chez-les-campagnards_red-400x284.jpg 480w\" sizes=\"(max-width:479px) 479px, 100vw\" class=\"wp-image-31469\" \/>\n\t\t\t\t\t<span class=\"et_overlay\"><\/span>\n\t\t\t\t<\/a>\n\t\t\t\t<\/div><\/div><div class=\"et_pb_gallery_item et_pb_grid_item et_pb_bg_layout_light et_pb_css_mix_blend_mode et_pb_gallery_item_0_78\"><div class=\"et_pb_gallery_image landscape\">\n\t\t\t\t\t<a href=\"https:\/\/filles-de-la-charite.org\/wp-content\/uploads\/2023\/12\/3801_Avec-la-Soeur_red.jpg\" title=\"\" data-rel=\"lightbox-image-78\" data-rl_title=\"\" data-rl_caption=\"\">\n\t\t\t\t\t<img loading=\"lazy\" decoding=\"async\" width=\"400\" height=\"284\" src=\"https:\/\/filles-de-la-charite.org\/wp-content\/uploads\/2023\/12\/3801_Avec-la-Soeur_red-400x284.jpg\" srcset=\"https:\/\/filles-de-la-charite.org\/wp-content\/uploads\/2023\/12\/3801_Avec-la-Soeur_red.jpg 479w, https:\/\/filles-de-la-charite.org\/wp-content\/uploads\/2023\/12\/3801_Avec-la-Soeur_red-400x284.jpg 480w\" sizes=\"(max-width:479px) 479px, 100vw\" class=\"wp-image-31475\" \/>\n\t\t\t\t\t<span class=\"et_overlay\"><\/span>\n\t\t\t\t<\/a>\n\t\t\t\t<\/div><\/div><div class=\"et_pb_gallery_item et_pb_grid_item et_pb_bg_layout_light et_pb_css_mix_blend_mode et_pb_gallery_item_0_79\"><div class=\"et_pb_gallery_image landscape\">\n\t\t\t\t\t<a href=\"https:\/\/filles-de-la-charite.org\/wp-content\/uploads\/2023\/12\/3801_Amerique-du-SUud_red.jpg\" title=\"\" data-rel=\"lightbox-image-79\" data-rl_title=\"\" data-rl_caption=\"\">\n\t\t\t\t\t<img loading=\"lazy\" decoding=\"async\" width=\"400\" height=\"284\" src=\"https:\/\/filles-de-la-charite.org\/wp-content\/uploads\/2023\/12\/3801_Amerique-du-SUud_red-400x284.jpg\" srcset=\"https:\/\/filles-de-la-charite.org\/wp-content\/uploads\/2023\/12\/3801_Amerique-du-SUud_red.jpg 479w, https:\/\/filles-de-la-charite.org\/wp-content\/uploads\/2023\/12\/3801_Amerique-du-SUud_red-400x284.jpg 480w\" sizes=\"(max-width:479px) 479px, 100vw\" class=\"wp-image-31481\" \/>\n\t\t\t\t\t<span class=\"et_overlay\"><\/span>\n\t\t\t\t<\/a>\n\t\t\t\t<\/div><\/div><div class=\"et_pb_gallery_item et_pb_grid_item et_pb_bg_layout_light et_pb_css_mix_blend_mode et_pb_gallery_item_0_80\"><div class=\"et_pb_gallery_image landscape\">\n\t\t\t\t\t<a href=\"https:\/\/filles-de-la-charite.org\/wp-content\/uploads\/2023\/12\/3801_aller-vers_red.jpg\" title=\"\" data-rel=\"lightbox-image-80\" data-rl_title=\"\" data-rl_caption=\"\">\n\t\t\t\t\t<img loading=\"lazy\" decoding=\"async\" width=\"400\" height=\"284\" src=\"https:\/\/filles-de-la-charite.org\/wp-content\/uploads\/2023\/12\/3801_aller-vers_red-400x284.jpg\" srcset=\"https:\/\/filles-de-la-charite.org\/wp-content\/uploads\/2023\/12\/3801_aller-vers_red.jpg 479w, https:\/\/filles-de-la-charite.org\/wp-content\/uploads\/2023\/12\/3801_aller-vers_red-400x284.jpg 480w\" sizes=\"(max-width:479px) 479px, 100vw\" class=\"wp-image-31487\" \/>\n\t\t\t\t\t<span class=\"et_overlay\"><\/span>\n\t\t\t\t<\/a>\n\t\t\t\t<\/div><\/div><div class=\"et_pb_gallery_item et_pb_grid_item et_pb_bg_layout_light et_pb_css_mix_blend_mode et_pb_gallery_item_0_81\"><div class=\"et_pb_gallery_image landscape\">\n\t\t\t\t\t<a href=\"https:\/\/filles-de-la-charite.org\/wp-content\/uploads\/2023\/12\/3801_Amerique-latine_red-scaled.jpg\" title=\"\" data-rel=\"lightbox-image-81\" data-rl_title=\"\" data-rl_caption=\"\">\n\t\t\t\t\t<img loading=\"lazy\" decoding=\"async\" width=\"400\" height=\"284\" src=\"https:\/\/filles-de-la-charite.org\/wp-content\/uploads\/2023\/12\/3801_Amerique-latine_red-400x284.jpg\" srcset=\"https:\/\/filles-de-la-charite.org\/wp-content\/uploads\/2023\/12\/3801_Amerique-latine_red-scaled.jpg 479w, https:\/\/filles-de-la-charite.org\/wp-content\/uploads\/2023\/12\/3801_Amerique-latine_red-400x284.jpg 480w\" sizes=\"(max-width:479px) 479px, 100vw\" class=\"wp-image-31493\" \/>\n\t\t\t\t\t<span class=\"et_overlay\"><\/span>\n\t\t\t\t<\/a>\n\t\t\t\t<\/div><\/div><div class=\"et_pb_gallery_item et_pb_grid_item et_pb_bg_layout_light et_pb_css_mix_blend_mode et_pb_gallery_item_0_82\"><div class=\"et_pb_gallery_image landscape\">\n\t\t\t\t\t<a href=\"https:\/\/filles-de-la-charite.org\/wp-content\/uploads\/2023\/12\/3801_Aller-vers-les-pauvres_red.jpg\" title=\"\" data-rel=\"lightbox-image-82\" data-rl_title=\"\" data-rl_caption=\"\">\n\t\t\t\t\t<img loading=\"lazy\" decoding=\"async\" width=\"400\" height=\"284\" src=\"https:\/\/filles-de-la-charite.org\/wp-content\/uploads\/2023\/12\/3801_Aller-vers-les-pauvres_red-400x284.jpg\" srcset=\"https:\/\/filles-de-la-charite.org\/wp-content\/uploads\/2023\/12\/3801_Aller-vers-les-pauvres_red.jpg 479w, https:\/\/filles-de-la-charite.org\/wp-content\/uploads\/2023\/12\/3801_Aller-vers-les-pauvres_red-400x284.jpg 480w\" sizes=\"(max-width:479px) 479px, 100vw\" class=\"wp-image-31499\" \/>\n\t\t\t\t\t<span class=\"et_overlay\"><\/span>\n\t\t\t\t<\/a>\n\t\t\t\t<\/div><\/div><div class=\"et_pb_gallery_item et_pb_grid_item et_pb_bg_layout_light et_pb_css_mix_blend_mode et_pb_gallery_item_0_83\"><div class=\"et_pb_gallery_image landscape\">\n\t\t\t\t\t<a href=\"https:\/\/filles-de-la-charite.org\/wp-content\/uploads\/2023\/12\/3801_Accueil-un-enfants-lepreux_red.jpg\" title=\"\" data-rel=\"lightbox-image-83\" data-rl_title=\"\" data-rl_caption=\"\">\n\t\t\t\t\t<img loading=\"lazy\" decoding=\"async\" width=\"400\" height=\"284\" src=\"https:\/\/filles-de-la-charite.org\/wp-content\/uploads\/2023\/12\/3801_Accueil-un-enfants-lepreux_red-400x284.jpg\" srcset=\"https:\/\/filles-de-la-charite.org\/wp-content\/uploads\/2023\/12\/3801_Accueil-un-enfants-lepreux_red.jpg 479w, https:\/\/filles-de-la-charite.org\/wp-content\/uploads\/2023\/12\/3801_Accueil-un-enfants-lepreux_red-400x284.jpg 480w\" sizes=\"(max-width:479px) 479px, 100vw\" class=\"wp-image-31505\" \/>\n\t\t\t\t\t<span class=\"et_overlay\"><\/span>\n\t\t\t\t<\/a>\n\t\t\t\t<\/div><\/div><div class=\"et_pb_gallery_item et_pb_grid_item et_pb_bg_layout_light et_pb_css_mix_blend_mode et_pb_gallery_item_0_84\"><div class=\"et_pb_gallery_image landscape\">\n\t\t\t\t\t<a href=\"https:\/\/filles-de-la-charite.org\/wp-content\/uploads\/2023\/12\/3801_Amerique-du-sud_red.jpg\" title=\"\" data-rel=\"lightbox-image-84\" data-rl_title=\"\" data-rl_caption=\"\">\n\t\t\t\t\t<img loading=\"lazy\" decoding=\"async\" width=\"400\" height=\"284\" src=\"https:\/\/filles-de-la-charite.org\/wp-content\/uploads\/2023\/12\/3801_Amerique-du-sud_red-400x284.jpg\" srcset=\"https:\/\/filles-de-la-charite.org\/wp-content\/uploads\/2023\/12\/3801_Amerique-du-sud_red.jpg 479w, https:\/\/filles-de-la-charite.org\/wp-content\/uploads\/2023\/12\/3801_Amerique-du-sud_red-400x284.jpg 480w\" sizes=\"(max-width:479px) 479px, 100vw\" class=\"wp-image-31511\" \/>\n\t\t\t\t\t<span class=\"et_overlay\"><\/span>\n\t\t\t\t<\/a>\n\t\t\t\t<\/div><\/div><div class=\"et_pb_gallery_item et_pb_grid_item et_pb_bg_layout_light et_pb_css_mix_blend_mode et_pb_gallery_item_0_85\"><div class=\"et_pb_gallery_image landscape\">\n\t\t\t\t\t<a href=\"https:\/\/filles-de-la-charite.org\/wp-content\/uploads\/2023\/12\/3786_trajet-pour-la-leproserie_red.jpg\" title=\"\" data-rel=\"lightbox-image-85\" data-rl_title=\"\" data-rl_caption=\"\">\n\t\t\t\t\t<img loading=\"lazy\" decoding=\"async\" width=\"400\" height=\"284\" src=\"https:\/\/filles-de-la-charite.org\/wp-content\/uploads\/2023\/12\/3786_trajet-pour-la-leproserie_red-400x284.jpg\" srcset=\"https:\/\/filles-de-la-charite.org\/wp-content\/uploads\/2023\/12\/3786_trajet-pour-la-leproserie_red.jpg 479w, https:\/\/filles-de-la-charite.org\/wp-content\/uploads\/2023\/12\/3786_trajet-pour-la-leproserie_red-400x284.jpg 480w\" sizes=\"(max-width:479px) 479px, 100vw\" class=\"wp-image-31517\" \/>\n\t\t\t\t\t<span class=\"et_overlay\"><\/span>\n\t\t\t\t<\/a>\n\t\t\t\t<\/div><\/div><div class=\"et_pb_gallery_item et_pb_grid_item et_pb_bg_layout_light et_pb_css_mix_blend_mode et_pb_gallery_item_0_86\"><div class=\"et_pb_gallery_image landscape\">\n\t\t\t\t\t<a href=\"https:\/\/filles-de-la-charite.org\/wp-content\/uploads\/2023\/12\/3786_cueillette-du-the-pour-les-lepreux_red.jpg\" title=\"\" data-rel=\"lightbox-image-86\" data-rl_title=\"\" data-rl_caption=\"\">\n\t\t\t\t\t<img loading=\"lazy\" decoding=\"async\" width=\"400\" height=\"284\" src=\"https:\/\/filles-de-la-charite.org\/wp-content\/uploads\/2023\/12\/3786_cueillette-du-the-pour-les-lepreux_red-400x284.jpg\" srcset=\"https:\/\/filles-de-la-charite.org\/wp-content\/uploads\/2023\/12\/3786_cueillette-du-the-pour-les-lepreux_red.jpg 479w, https:\/\/filles-de-la-charite.org\/wp-content\/uploads\/2023\/12\/3786_cueillette-du-the-pour-les-lepreux_red-400x284.jpg 480w\" sizes=\"(max-width:479px) 479px, 100vw\" class=\"wp-image-31523\" \/>\n\t\t\t\t\t<span class=\"et_overlay\"><\/span>\n\t\t\t\t<\/a>\n\t\t\t\t<\/div><\/div><div class=\"et_pb_gallery_item et_pb_grid_item et_pb_bg_layout_light et_pb_css_mix_blend_mode et_pb_gallery_item_0_87\"><div class=\"et_pb_gallery_image landscape\">\n\t\t\t\t\t<a href=\"https:\/\/filles-de-la-charite.org\/wp-content\/uploads\/2023\/12\/3786_soeurs_avec_elephant_red.jpg\" title=\"\" data-rel=\"lightbox-image-87\" data-rl_title=\"\" data-rl_caption=\"\">\n\t\t\t\t\t<img loading=\"lazy\" decoding=\"async\" width=\"400\" height=\"284\" src=\"https:\/\/filles-de-la-charite.org\/wp-content\/uploads\/2023\/12\/3786_soeurs_avec_elephant_red-400x284.jpg\" srcset=\"https:\/\/filles-de-la-charite.org\/wp-content\/uploads\/2023\/12\/3786_soeurs_avec_elephant_red.jpg 479w, https:\/\/filles-de-la-charite.org\/wp-content\/uploads\/2023\/12\/3786_soeurs_avec_elephant_red-400x284.jpg 480w\" sizes=\"(max-width:479px) 479px, 100vw\" class=\"wp-image-31529\" \/>\n\t\t\t\t\t<span class=\"et_overlay\"><\/span>\n\t\t\t\t<\/a>\n\t\t\t\t<\/div><\/div><div class=\"et_pb_gallery_item et_pb_grid_item et_pb_bg_layout_light et_pb_css_mix_blend_mode et_pb_gallery_item_0_88\"><div class=\"et_pb_gallery_image landscape\">\n\t\t\t\t\t<a href=\"https:\/\/filles-de-la-charite.org\/wp-content\/uploads\/2023\/12\/3790_marque-page_red.jpg\" title=\"\" data-rel=\"lightbox-image-88\" data-rl_title=\"\" data-rl_caption=\"\">\n\t\t\t\t\t<img loading=\"lazy\" decoding=\"async\" width=\"400\" height=\"284\" src=\"https:\/\/filles-de-la-charite.org\/wp-content\/uploads\/2023\/12\/3790_marque-page_red-400x284.jpg\" srcset=\"https:\/\/filles-de-la-charite.org\/wp-content\/uploads\/2023\/12\/3790_marque-page_red.jpg 479w, https:\/\/filles-de-la-charite.org\/wp-content\/uploads\/2023\/12\/3790_marque-page_red-400x284.jpg 480w\" sizes=\"(max-width:479px) 479px, 100vw\" class=\"wp-image-31535\" \/>\n\t\t\t\t\t<span class=\"et_overlay\"><\/span>\n\t\t\t\t<\/a>\n\t\t\t\t<\/div><\/div><div class=\"et_pb_gallery_item et_pb_grid_item et_pb_bg_layout_light et_pb_css_mix_blend_mode et_pb_gallery_item_0_89\"><div class=\"et_pb_gallery_image landscape\">\n\t\t\t\t\t<a href=\"https:\/\/filles-de-la-charite.org\/wp-content\/uploads\/2023\/12\/3085_Texas-visite_red.jpg\" title=\"\" data-rel=\"lightbox-image-89\" data-rl_title=\"\" data-rl_caption=\"\">\n\t\t\t\t\t<img loading=\"lazy\" decoding=\"async\" width=\"400\" height=\"284\" src=\"https:\/\/filles-de-la-charite.org\/wp-content\/uploads\/2023\/12\/3085_Texas-visite_red-400x284.jpg\" srcset=\"https:\/\/filles-de-la-charite.org\/wp-content\/uploads\/2023\/12\/3085_Texas-visite_red.jpg 479w, https:\/\/filles-de-la-charite.org\/wp-content\/uploads\/2023\/12\/3085_Texas-visite_red-400x284.jpg 480w\" sizes=\"(max-width:479px) 479px, 100vw\" class=\"wp-image-31541\" \/>\n\t\t\t\t\t<span class=\"et_overlay\"><\/span>\n\t\t\t\t<\/a>\n\t\t\t\t<\/div><\/div><div class=\"et_pb_gallery_item et_pb_grid_item et_pb_bg_layout_light et_pb_css_mix_blend_mode et_pb_gallery_item_0_90\"><div class=\"et_pb_gallery_image landscape\">\n\t\t\t\t\t<a href=\"https:\/\/filles-de-la-charite.org\/wp-content\/uploads\/2023\/12\/3085_Repas1_red.jpg\" title=\"\" data-rel=\"lightbox-image-90\" data-rl_title=\"\" data-rl_caption=\"\">\n\t\t\t\t\t<img loading=\"lazy\" decoding=\"async\" width=\"400\" height=\"284\" src=\"https:\/\/filles-de-la-charite.org\/wp-content\/uploads\/2023\/12\/3085_Repas1_red-400x284.jpg\" srcset=\"https:\/\/filles-de-la-charite.org\/wp-content\/uploads\/2023\/12\/3085_Repas1_red.jpg 479w, https:\/\/filles-de-la-charite.org\/wp-content\/uploads\/2023\/12\/3085_Repas1_red-400x284.jpg 480w\" sizes=\"(max-width:479px) 479px, 100vw\" class=\"wp-image-31547\" \/>\n\t\t\t\t\t<span class=\"et_overlay\"><\/span>\n\t\t\t\t<\/a>\n\t\t\t\t<\/div><\/div><div class=\"et_pb_gallery_item et_pb_grid_item et_pb_bg_layout_light et_pb_css_mix_blend_mode et_pb_gallery_item_0_91\"><div class=\"et_pb_gallery_image landscape\">\n\t\t\t\t\t<a href=\"https:\/\/filles-de-la-charite.org\/wp-content\/uploads\/2023\/12\/3085_Suisse-dans-la-rue_red.jpg\" title=\"\" data-rel=\"lightbox-image-91\" data-rl_title=\"\" data-rl_caption=\"\">\n\t\t\t\t\t<img loading=\"lazy\" decoding=\"async\" width=\"400\" height=\"284\" src=\"https:\/\/filles-de-la-charite.org\/wp-content\/uploads\/2023\/12\/3085_Suisse-dans-la-rue_red-400x284.jpg\" srcset=\"https:\/\/filles-de-la-charite.org\/wp-content\/uploads\/2023\/12\/3085_Suisse-dans-la-rue_red.jpg 479w, https:\/\/filles-de-la-charite.org\/wp-content\/uploads\/2023\/12\/3085_Suisse-dans-la-rue_red-400x284.jpg 480w\" sizes=\"(max-width:479px) 479px, 100vw\" class=\"wp-image-31553\" \/>\n\t\t\t\t\t<span class=\"et_overlay\"><\/span>\n\t\t\t\t<\/a>\n\t\t\t\t<\/div><\/div><div class=\"et_pb_gallery_item et_pb_grid_item et_pb_bg_layout_light et_pb_css_mix_blend_mode et_pb_gallery_item_0_92\"><div class=\"et_pb_gallery_image landscape\">\n\t\t\t\t\t<a href=\"https:\/\/filles-de-la-charite.org\/wp-content\/uploads\/2023\/12\/3085_Soins-a-domicile_red.jpg\" title=\"\" data-rel=\"lightbox-image-92\" data-rl_title=\"\" data-rl_caption=\"\">\n\t\t\t\t\t<img loading=\"lazy\" decoding=\"async\" width=\"400\" height=\"284\" src=\"https:\/\/filles-de-la-charite.org\/wp-content\/uploads\/2023\/12\/3085_Soins-a-domicile_red-400x284.jpg\" srcset=\"https:\/\/filles-de-la-charite.org\/wp-content\/uploads\/2023\/12\/3085_Soins-a-domicile_red.jpg 479w, https:\/\/filles-de-la-charite.org\/wp-content\/uploads\/2023\/12\/3085_Soins-a-domicile_red-400x284.jpg 480w\" sizes=\"(max-width:479px) 479px, 100vw\" class=\"wp-image-31559\" \/>\n\t\t\t\t\t<span class=\"et_overlay\"><\/span>\n\t\t\t\t<\/a>\n\t\t\t\t<\/div><\/div><\/div><div class=\"et_pb_gallery_pagination\"><\/div><\/div>\n\t\t\t<\/div>\n\t\t\t\t\n\t\t\t\t\n\t\t\t\t\n\t\t\t\t\n\t\t\t<\/div>\n\t\t\t\t\n\t\t\t\t\n\t\t\t<\/div><div class=\"et_d4_element et_pb_section et_pb_section_3  et_pb_css_mix_blend_mode et_section_regular et_block_section\" >\n\t\t\t\t\n\t\t\t\t\n\t\t\t\t\n\t\t\t\t\n\t\t\t\t\n\t\t\t\t\n\t\t\t\t<div class=\"et_d4_element et_pb_row et_pb_row_6  et_pb_css_mix_blend_mode et_block_row\">\n\t\t\t\t<div class=\"et_d4_element et_pb_column_1_2 et_pb_column et_pb_column_9  et_pb_css_mix_blend_mode et_block_column\">\n\t\t\t\t\n\t\t\t\t\n\t\t\t\t\n\t\t\t\t\n\t\t\t\t<div class=\"et_pb_module et_d4_element et_pb_text et_pb_text_10 et_animated  et_pb_text_align_left et_pb_bg_layout_light\">\n\t\t\t\t\n\t\t\t\t\n\t\t\t\t\n\t\t\t\t\n\t\t\t\t<div class=\"et_pb_text_inner\"><h3>JUSQU\u2019\u00c0 CE JOUR<\/h3>\n<h1><span>Aux quatre coins du monde<\/span><\/h1><\/div>\n\t\t\t<\/div><div class=\"et_pb_module et_d4_element et_pb_divider et_pb_divider_3 et_animated et_pb_divider_position_center et_pb_space\"><div class=\"et_pb_divider_internal\"><\/div><\/div><div class=\"et_pb_module et_d4_element et_pb_text et_pb_text_11 et_animated  et_pb_text_align_left et_pb_bg_layout_light\">\n\t\t\t\t\n\t\t\t\t\n\t\t\t\t\n\t\t\t\t\n\t\t\t\t<div class=\"et_pb_text_inner\"><p>La mission Ad Gentes est au c\u0153ur de notre vocation. Les S\u0153urs qui sentent y \u00eatre appel\u00e9es sont disponibles pour aller partout o\u00f9 elles seront envoy\u00e9es.<\/p><\/div>\n\t\t\t<\/div><div class=\"et_pb_module et_d4_element et_pb_text et_pb_text_12 et_animated  et_pb_text_align_left et_pb_bg_layout_light\">\n\t\t\t\t\n\t\t\t\t\n\t\t\t\t\n\t\t\t\t\n\t\t\t\t<div class=\"et_pb_text_inner\"><p>La Compagnie est rapidement devenue internationale.<br \/>Convaincus que la Charit\u00e9 du Christ n\u2019a pas de fronti\u00e8res, nos Fondateurs ont envoy\u00e9 des S\u0153urs en Pologne. Aujourd'hui, nous sommes pr\u00e9sentes dans 98 pays et nous nous effor\u00e7ons de r\u00e9pondre avec cr\u00e9ativit\u00e9 et audace aux appels de l'Eglise et de nos fr\u00e8res et s\u0153urs en difficult\u00e9, dans le respect des diff\u00e9rentes cultures.<\/p>\n<p>Nous sommes actuellement 10 595 S\u0153urs, dont 423 en formation initiale jusqu\u2019aux v\u0153ux. Nous sommes assembl\u00e9es en 44 Provinces et une R\u00e9gion.<\/p>\n<div id=\"gtx-trans\" style=\"position: absolute; left: 30px; top: 223.2px;\">\n<div class=\"gtx-trans-icon\"><\/div>\n<\/div><\/div>\n\t\t\t<\/div>\n\t\t\t<\/div><div class=\"et_d4_element et_pb_column_1_2 et_pb_column et_pb_column_10  et_pb_css_mix_blend_mode et-last-child et_block_column\">\n\t\t\t\t\n\t\t\t\t\n\t\t\t\t\n\t\t\t\t\n\t\t\t\t<div class=\"et_pb_module et_d4_element et_pb_image et_pb_image_4 et_animated et-waypoint\">\n\t\t\t\t\n\t\t\t\t\n\t\t\t\t\n\t\t\t\t\n\t\t\t\t<span class=\"et_pb_image_wrap \"><img loading=\"lazy\" decoding=\"async\" width=\"1299\" height=\"864\" src=\"https:\/\/filles-de-la-charite.org\/wp-content\/uploads\/2023\/04\/46969460_10157034635790799_4012703995222032384_n.jpg\" alt=\"\" title=\"46969460_10157034635790799_4012703995222032384_n\" srcset=\"https:\/\/filles-de-la-charite.org\/wp-content\/uploads\/2023\/04\/46969460_10157034635790799_4012703995222032384_n.jpg 1299w, https:\/\/filles-de-la-charite.org\/wp-content\/uploads\/2023\/04\/46969460_10157034635790799_4012703995222032384_n-1280x851.jpg 1280w, https:\/\/filles-de-la-charite.org\/wp-content\/uploads\/2023\/04\/46969460_10157034635790799_4012703995222032384_n-980x652.jpg 980w, https:\/\/filles-de-la-charite.org\/wp-content\/uploads\/2023\/04\/46969460_10157034635790799_4012703995222032384_n-480x319.jpg 480w\" sizes=\"(min-width: 0px) and (max-width: 480px) 480px, (min-width: 481px) and (max-width: 980px) 980px, (min-width: 981px) and (max-width: 1280px) 1280px, (min-width: 1281px) 1299px, 100vw\" class=\"wp-image-1464\" \/><\/span>\n\t\t\t<\/div>\n\t\t\t<\/div>\n\t\t\t\t\n\t\t\t\t\n\t\t\t\t\n\t\t\t\t\n\t\t\t<\/div><div class=\"et_d4_element et_pb_row et_pb_row_7  et_pb_css_mix_blend_mode et_block_row\">\n\t\t\t\t<div class=\"et_d4_element et_pb_column_4_4 et_pb_column et_pb_column_11  et_pb_css_mix_blend_mode et-last-child et_block_column\">\n\t\t\t\t\n\t\t\t\t\n\t\t\t\t\n\t\t\t\t\n\t\t\t\t<div class=\"et_pb_module et_d4_element et_pb_text et_pb_text_13 et_animated  et_pb_text_align_center et_pb_bg_layout_light\">\n\t\t\t\t\n\t\t\t\t\n\t\t\t\t\n\t\t\t\t\n\t\t\t\t<div class=\"et_pb_text_inner\"><p>Fid\u00e8les \u00e0 l'exemple et aux enseignements de nos Fondateurs, nous continuons \u00e0 manifester amour et compassion \u00e0 toutes les personnes dans le besoin.<\/p><\/div>\n\t\t\t<\/div>\n\t\t\t<\/div>\n\t\t\t\t\n\t\t\t\t\n\t\t\t\t\n\t\t\t\t\n\t\t\t<\/div>\n\t\t\t\t\n\t\t\t\t\n\t\t\t<\/div><div class=\"et_d4_element et_pb_section et_pb_section_4  et_pb_css_mix_blend_mode et_section_regular et_block_section\" >\n\t\t\t\t\n\t\t\t\t\n\t\t\t\t\n\t\t\t\t\n\t\t\t\t\n\t\t\t\t\n\t\t\t\t<div class=\"et_d4_element et_pb_row et_pb_row_8  et_pb_css_mix_blend_mode et_block_row\">\n\t\t\t\t<div class=\"et_d4_element et_pb_column_4_4 et_pb_column et_pb_column_12  et_pb_css_mix_blend_mode et-last-child et_block_column\">\n\t\t\t\t\n\t\t\t\t\n\t\t\t\t\n\t\t\t\t\n\t\t\t\t<div class=\"et_pb_module et_d4_element et_pb_text et_pb_text_14 et_animated  et_pb_text_align_center et_pb_bg_layout_light\">\n\t\t\t\t\n\t\t\t\t\n\t\t\t\t\n\t\t\t\t\n\t\t\t\t<div class=\"et_pb_text_inner\"><h1>Plus d\u2019information<\/h1><\/div>\n\t\t\t<\/div><div class=\"et_pb_module et_d4_element et_pb_divider et_pb_divider_4 et_animated et_pb_divider_position_center et_pb_space\"><div class=\"et_pb_divider_internal\"><\/div><\/div>\n\t\t\t<\/div>\n\t\t\t\t\n\t\t\t\t\n\t\t\t\t\n\t\t\t\t\n\t\t\t<\/div><div class=\"et_d4_element et_pb_row et_pb_row_9  et_pb_css_mix_blend_mode et_block_row\">\n\t\t\t\t<div class=\"et_d4_element et_pb_column_1_4 et_pb_column et_pb_column_13  et_pb_css_mix_blend_mode et_block_column\">\n\t\t\t\t\n\t\t\t\t\n\t\t\t\t\n\t\t\t\t\n\t\t\t\t<div class=\"et_pb_module et_d4_element et_pb_blurb et_pb_blurb_0 et_clickable  et_pb_text_align_center  et_pb_blurb_position_top et_block_module et_pb_bg_layout_light\">\n\t\t\t\t\n\t\t\t\t\n\t\t\t\t\n\t\t\t\t\n\t\t\t\t<div class=\"et_pb_blurb_content\">\n\t\t\t\t\t<div class=\"et_pb_main_blurb_image et_pb_css_mix_blend_mode\"><span class=\"et_pb_image_wrap\"><span class=\"et-waypoint et_pb_animation_top et_pb_animation_top_tablet et_pb_animation_top_phone et-pb-icon\">\ue089<\/span><\/span><\/div>\n\t\t\t\t\t<div class=\"et_pb_blurb_container\">\n\t\t\t\t\t\t<h4 class=\"et_pb_module_header\"><span>Qui sommes-nous ?<\/span><\/h4>\n\t\t\t\t\t\t<div class=\"et_pb_blurb_description\"><p>Des Servantes des pauvres qui vivent en communaut\u00e9<\/p><\/div>\n\t\t\t\t\t<\/div>\n\t\t\t\t<\/div>\n\t\t\t<\/div>\n\t\t\t<\/div><div class=\"et_d4_element et_pb_column_1_4 et_pb_column et_pb_column_14  et_pb_css_mix_blend_mode et_block_column\">\n\t\t\t\t\n\t\t\t\t\n\t\t\t\t\n\t\t\t\t\n\t\t\t\t<div class=\"et_pb_module et_d4_element et_pb_blurb et_pb_blurb_1 et_clickable  et_pb_text_align_center  et_pb_blurb_position_top et_block_module et_pb_bg_layout_light\">\n\t\t\t\t\n\t\t\t\t\n\t\t\t\t\n\t\t\t\t\n\t\t\t\t<div class=\"et_pb_blurb_content\">\n\t\t\t\t\t<div class=\"et_pb_main_blurb_image et_pb_css_mix_blend_mode\"><span class=\"et_pb_image_wrap\"><span class=\"et-waypoint et_pb_animation_top et_pb_animation_top_tablet et_pb_animation_top_phone et-pb-icon\">\uf684<\/span><\/span><\/div>\n\t\t\t\t\t<div class=\"et_pb_blurb_container\">\n\t\t\t\t\t\t<h4 class=\"et_pb_module_header\"><span>Spiritualit\u00e9<\/span><\/h4>\n\t\t\t\t\t\t<div class=\"et_pb_blurb_description\"><p align=\"center\" style=\"margin: 0cm; text-align: center; line-height: 21.6pt; vertical-align: baseline;\"><span style=\"font-family: Roboto; color: black;\">Appel\u00e9es par Dieu \u00e0 une vie de pri\u00e8re et de service aupr\u00e8s des plus d\u00e9munis<o:p><\/o:p><\/span><\/p><\/div>\n\t\t\t\t\t<\/div>\n\t\t\t\t<\/div>\n\t\t\t<\/div>\n\t\t\t<\/div><div class=\"et_d4_element et_pb_column_1_4 et_pb_column et_pb_column_15  et_pb_css_mix_blend_mode et_block_column\">\n\t\t\t\t\n\t\t\t\t\n\t\t\t\t\n\t\t\t\t\n\t\t\t\t<div class=\"et_pb_module et_d4_element et_pb_blurb et_pb_blurb_2 et_clickable  et_pb_text_align_center  et_pb_blurb_position_top et_block_module et_pb_bg_layout_light\">\n\t\t\t\t\n\t\t\t\t\n\t\t\t\t\n\t\t\t\t\n\t\t\t\t<div class=\"et_pb_blurb_content\">\n\t\t\t\t\t<div class=\"et_pb_main_blurb_image et_pb_css_mix_blend_mode\"><span class=\"et_pb_image_wrap\"><span class=\"et-waypoint et_pb_animation_top et_pb_animation_top_tablet et_pb_animation_top_phone et-pb-icon\">\uf0ac<\/span><\/span><\/div>\n\t\t\t\t\t<div class=\"et_pb_blurb_container\">\n\t\t\t\t\t\t<h4 class=\"et_pb_module_header\"><span>Pr\u00e9sence<\/span><\/h4>\n\t\t\t\t\t\t<div class=\"et_pb_blurb_description\"><p>L\u00e0 o\u00f9 il y a des vies dont la dignit\u00e9 est bafou\u00e9e<\/p><\/div>\n\t\t\t\t\t<\/div>\n\t\t\t\t<\/div>\n\t\t\t<\/div>\n\t\t\t<\/div><div class=\"et_d4_element et_pb_column_1_4 et_pb_column et_pb_column_16  et_pb_css_mix_blend_mode et-last-child et_block_column\">\n\t\t\t\t\n\t\t\t\t\n\t\t\t\t\n\t\t\t\t\n\t\t\t\t<div class=\"et_pb_module et_d4_element et_pb_blurb et_pb_blurb_3 et_clickable  et_pb_text_align_center  et_pb_blurb_position_top et_block_module et_pb_bg_layout_light\">\n\t\t\t\t\n\t\t\t\t\n\t\t\t\t\n\t\t\t\t\n\t\t\t\t<div class=\"et_pb_blurb_content\">\n\t\t\t\t\t<div class=\"et_pb_main_blurb_image et_pb_css_mix_blend_mode\"><span class=\"et_pb_image_wrap\"><span class=\"et-waypoint et_pb_animation_top et_pb_animation_top_tablet et_pb_animation_top_phone et-pb-icon\">\uf06d<\/span><\/span><\/div>\n\t\t\t\t\t<div class=\"et_pb_blurb_container\">\n\t\t\t\t\t\t<h4 class=\"et_pb_module_header\"><span>Sources d\u2019inspiration<\/span><\/h4>\n\t\t\t\t\t\t<div class=\"et_pb_blurb_description\"><p>Saints et bienheureux des Filles de la Charit\u00e9 et de la Famille vincentienne<\/p><\/div>\n\t\t\t\t\t<\/div>\n\t\t\t\t<\/div>\n\t\t\t<\/div>\n\t\t\t<\/div>\n\t\t\t\t\n\t\t\t\t\n\t\t\t\t\n\t\t\t\t\n\t\t\t<\/div>\n\t\t\t\t\n\t\t\t\t\n\t\t\t<\/div><\/p>\n","protected":false},"excerpt":{"rendered":"","protected":false},"author":1,"featured_media":0,"parent":3576,"menu_order":0,"comment_status":"closed","ping_status":"closed","template":"","meta":{"_acf_changed":false,"_et_pb_use_builder":"on","_et_pb_old_content":"","_et_gb_content_width":"","footnotes":"","_links_to":"","_links_to_target":""},"class_list":["post-3561","page","type-page","status-publish","hentry"],"acf":[],"yoast_head":"<!-- This site is optimized with the Yoast SEO plugin v27.5 - https:\/\/yoast.com\/product\/yoast-seo-wordpress\/ -->\n<title>Notre histoire - Filles de la Charit\u00e9<\/title>\n<meta name=\"robots\" content=\"index, follow, max-snippet:-1, max-image-preview:large, max-video-preview:-1\" \/>\n<link rel=\"canonical\" href=\"https:\/\/filles-de-la-charite.org\/fr\/nous-sommes\/notre-histoire\/\" \/>\n<meta property=\"og:locale\" content=\"fr_FR\" \/>\n<meta property=\"og:type\" content=\"article\" \/>\n<meta property=\"og:title\" content=\"Notre histoire - Filles de la Charit\u00e9\" \/>\n<meta property=\"og:url\" content=\"https:\/\/filles-de-la-charite.org\/fr\/nous-sommes\/notre-histoire\/\" \/>\n<meta property=\"og:site_name\" content=\"Filles de la Charit\u00e9\" \/>\n<meta property=\"article:modified_time\" content=\"2026-04-10T16:22:18+00:00\" \/>\n<meta name=\"twitter:card\" content=\"summary_large_image\" \/>\n<meta name=\"twitter:label1\" content=\"Dur\u00e9e de lecture estim\u00e9e\" \/>\n\t<meta name=\"twitter:data1\" content=\"17 minutes\" \/>\n<script type=\"application\/ld+json\" class=\"yoast-schema-graph\">{\"@context\":\"https:\\\/\\\/schema.org\",\"@graph\":[{\"@type\":\"WebPage\",\"@id\":\"https:\\\/\\\/filles-de-la-charite.org\\\/fr\\\/nous-sommes\\\/notre-histoire\\\/\",\"url\":\"https:\\\/\\\/filles-de-la-charite.org\\\/fr\\\/nous-sommes\\\/notre-histoire\\\/\",\"name\":\"Notre histoire - Filles de la Charit\u00e9\",\"isPartOf\":{\"@id\":\"https:\\\/\\\/filles-de-la-charite.org\\\/fr\\\/#website\"},\"datePublished\":\"2023-04-11T12:53:01+00:00\",\"dateModified\":\"2026-04-10T16:22:18+00:00\",\"breadcrumb\":{\"@id\":\"https:\\\/\\\/filles-de-la-charite.org\\\/fr\\\/nous-sommes\\\/notre-histoire\\\/#breadcrumb\"},\"inLanguage\":\"fr-FR\",\"potentialAction\":[{\"@type\":\"ReadAction\",\"target\":[\"https:\\\/\\\/filles-de-la-charite.org\\\/fr\\\/nous-sommes\\\/notre-histoire\\\/\"]}]},{\"@type\":\"BreadcrumbList\",\"@id\":\"https:\\\/\\\/filles-de-la-charite.org\\\/fr\\\/nous-sommes\\\/notre-histoire\\\/#breadcrumb\",\"itemListElement\":[{\"@type\":\"ListItem\",\"position\":1,\"name\":\"Nous sommes\",\"item\":\"https:\\\/\\\/filles-de-la-charite.org\\\/fr\\\/nous-sommes\\\/\"},{\"@type\":\"ListItem\",\"position\":2,\"name\":\"Notre histoire\"}]},{\"@type\":\"WebSite\",\"@id\":\"https:\\\/\\\/filles-de-la-charite.org\\\/fr\\\/#website\",\"url\":\"https:\\\/\\\/filles-de-la-charite.org\\\/fr\\\/\",\"name\":\"Hijas de la Caridad\",\"description\":\"L\u2019amour de J\u00e9sus nous presse \u00e0 prendre soin des personnes les plus d\u00e9munies\",\"publisher\":{\"@id\":\"https:\\\/\\\/filles-de-la-charite.org\\\/fr\\\/#organization\"},\"potentialAction\":[{\"@type\":\"SearchAction\",\"target\":{\"@type\":\"EntryPoint\",\"urlTemplate\":\"https:\\\/\\\/filles-de-la-charite.org\\\/fr\\\/?s={search_term_string}\"},\"query-input\":{\"@type\":\"PropertyValueSpecification\",\"valueRequired\":true,\"valueName\":\"search_term_string\"}}],\"inLanguage\":\"fr-FR\"},{\"@type\":\"Organization\",\"@id\":\"https:\\\/\\\/filles-de-la-charite.org\\\/fr\\\/#organization\",\"name\":\"Hijas de la Caridad\",\"url\":\"https:\\\/\\\/filles-de-la-charite.org\\\/fr\\\/\",\"logo\":{\"@type\":\"ImageObject\",\"inLanguage\":\"fr-FR\",\"@id\":\"https:\\\/\\\/filles-de-la-charite.org\\\/fr\\\/#\\\/schema\\\/logo\\\/image\\\/\",\"url\":\"https:\\\/\\\/filles-de-la-charite.org\\\/wp-content\\\/uploads\\\/2023\\\/03\\\/isotipo-Hijas-de-la-Caridad.png\",\"contentUrl\":\"https:\\\/\\\/filles-de-la-charite.org\\\/wp-content\\\/uploads\\\/2023\\\/03\\\/isotipo-Hijas-de-la-Caridad.png\",\"width\":1417,\"height\":1417,\"caption\":\"Hijas de la Caridad\"},\"image\":{\"@id\":\"https:\\\/\\\/filles-de-la-charite.org\\\/fr\\\/#\\\/schema\\\/logo\\\/image\\\/\"}}]}<\/script>\n<!-- \/ Yoast SEO plugin. -->","yoast_head_json":{"title":"Notre histoire - Filles de la Charit\u00e9","robots":{"index":"index","follow":"follow","max-snippet":"max-snippet:-1","max-image-preview":"max-image-preview:large","max-video-preview":"max-video-preview:-1"},"canonical":"https:\/\/filles-de-la-charite.org\/fr\/nous-sommes\/notre-histoire\/","og_locale":"fr_FR","og_type":"article","og_title":"Notre histoire - Filles de la Charit\u00e9","og_url":"https:\/\/filles-de-la-charite.org\/fr\/nous-sommes\/notre-histoire\/","og_site_name":"Filles de la Charit\u00e9","article_modified_time":"2026-04-10T16:22:18+00:00","twitter_card":"summary_large_image","twitter_misc":{"Dur\u00e9e de lecture estim\u00e9e":"17 minutes"},"schema":{"@context":"https:\/\/schema.org","@graph":[{"@type":"WebPage","@id":"https:\/\/filles-de-la-charite.org\/fr\/nous-sommes\/notre-histoire\/","url":"https:\/\/filles-de-la-charite.org\/fr\/nous-sommes\/notre-histoire\/","name":"Notre histoire - Filles de la Charit\u00e9","isPartOf":{"@id":"https:\/\/filles-de-la-charite.org\/fr\/#website"},"datePublished":"2023-04-11T12:53:01+00:00","dateModified":"2026-04-10T16:22:18+00:00","breadcrumb":{"@id":"https:\/\/filles-de-la-charite.org\/fr\/nous-sommes\/notre-histoire\/#breadcrumb"},"inLanguage":"fr-FR","potentialAction":[{"@type":"ReadAction","target":["https:\/\/filles-de-la-charite.org\/fr\/nous-sommes\/notre-histoire\/"]}]},{"@type":"BreadcrumbList","@id":"https:\/\/filles-de-la-charite.org\/fr\/nous-sommes\/notre-histoire\/#breadcrumb","itemListElement":[{"@type":"ListItem","position":1,"name":"Nous sommes","item":"https:\/\/filles-de-la-charite.org\/fr\/nous-sommes\/"},{"@type":"ListItem","position":2,"name":"Notre histoire"}]},{"@type":"WebSite","@id":"https:\/\/filles-de-la-charite.org\/fr\/#website","url":"https:\/\/filles-de-la-charite.org\/fr\/","name":"Hijas de la Caridad","description":"L\u2019amour de J\u00e9sus nous presse \u00e0 prendre soin des personnes les plus d\u00e9munies","publisher":{"@id":"https:\/\/filles-de-la-charite.org\/fr\/#organization"},"potentialAction":[{"@type":"SearchAction","target":{"@type":"EntryPoint","urlTemplate":"https:\/\/filles-de-la-charite.org\/fr\/?s={search_term_string}"},"query-input":{"@type":"PropertyValueSpecification","valueRequired":true,"valueName":"search_term_string"}}],"inLanguage":"fr-FR"},{"@type":"Organization","@id":"https:\/\/filles-de-la-charite.org\/fr\/#organization","name":"Hijas de la Caridad","url":"https:\/\/filles-de-la-charite.org\/fr\/","logo":{"@type":"ImageObject","inLanguage":"fr-FR","@id":"https:\/\/filles-de-la-charite.org\/fr\/#\/schema\/logo\/image\/","url":"https:\/\/filles-de-la-charite.org\/wp-content\/uploads\/2023\/03\/isotipo-Hijas-de-la-Caridad.png","contentUrl":"https:\/\/filles-de-la-charite.org\/wp-content\/uploads\/2023\/03\/isotipo-Hijas-de-la-Caridad.png","width":1417,"height":1417,"caption":"Hijas de la Caridad"},"image":{"@id":"https:\/\/filles-de-la-charite.org\/fr\/#\/schema\/logo\/image\/"}}]}},"_links":{"self":[{"href":"https:\/\/filles-de-la-charite.org\/fr\/wp-json\/wp\/v2\/pages\/3561","targetHints":{"allow":["GET"]}}],"collection":[{"href":"https:\/\/filles-de-la-charite.org\/fr\/wp-json\/wp\/v2\/pages"}],"about":[{"href":"https:\/\/filles-de-la-charite.org\/fr\/wp-json\/wp\/v2\/types\/page"}],"author":[{"embeddable":true,"href":"https:\/\/filles-de-la-charite.org\/fr\/wp-json\/wp\/v2\/users\/1"}],"replies":[{"embeddable":true,"href":"https:\/\/filles-de-la-charite.org\/fr\/wp-json\/wp\/v2\/comments?post=3561"}],"version-history":[{"count":65,"href":"https:\/\/filles-de-la-charite.org\/fr\/wp-json\/wp\/v2\/pages\/3561\/revisions"}],"predecessor-version":[{"id":49604,"href":"https:\/\/filles-de-la-charite.org\/fr\/wp-json\/wp\/v2\/pages\/3561\/revisions\/49604"}],"up":[{"embeddable":true,"href":"https:\/\/filles-de-la-charite.org\/fr\/wp-json\/wp\/v2\/pages\/3576"}],"wp:attachment":[{"href":"https:\/\/filles-de-la-charite.org\/fr\/wp-json\/wp\/v2\/media?parent=3561"}],"curies":[{"name":"wp","href":"https:\/\/api.w.org\/{rel}","templated":true}]}}