{"id":3576,"date":"2023-03-27T13:09:32","date_gmt":"2023-03-27T11:09:32","guid":{"rendered":"https:\/\/hijascaridad.sjdigitaldemo.ovh\/nous-sommes\/"},"modified":"2026-04-10T17:47:40","modified_gmt":"2026-04-10T15:47:40","slug":"nous-sommes","status":"publish","type":"page","link":"https:\/\/filles-de-la-charite.org\/fr\/nous-sommes\/","title":{"rendered":"Nous sommes"},"content":{"rendered":"<p><div class=\"et_d4_element et_pb_section et_pb_section_0 et_pb_section_parallax et_pb_with_background  et_pb_css_mix_blend_mode et_section_regular et_block_section\" >\n\t\t\t\t\n\t\t\t\t<span class=\"et_parallax_bg_wrap et-pb-parallax-wrapper\"><span\n\t\t\t\t\t\tclass=\"et_parallax_bg et_parallax_bg--et_pb_section_0\"\n\t\t\t\t\t\tstyle=\"background-image: url(https:\/\/filles-de-la-charite.org\/wp-content\/uploads\/2023\/05\/vulnerable2-1.png);\"\n\t\t\t\t\t><\/span><span\n\t\t\t\t\t\tclass=\"et_parallax_gradient\"\n\t\t\t\t\t\tstyle=\"background-image: linear-gradient( , #ffffff 0%, rgba(249,249,249,0.5) 100% );\"\n\t\t\t\t\t><\/span><\/span>\n\t\t\t\t\n\t\t\t\t\n\t\t\t\t\n\t\t\t\t\n\t\t\t\t<div class=\"et_d4_element et_pb_row et_pb_row_0 et_pb_row_fullwidth et_pb_gutters1  et_pb_css_mix_blend_mode et_block_row\">\n\t\t\t\t<div class=\"et_d4_element et_pb_column_1_2 et_pb_column et_pb_column_0  et_pb_css_mix_blend_mode et_block_column\">\n\t\t\t\t\n\t\t\t\t\n\t\t\t\t\n\t\t\t\t\n\t\t\t\t<div class=\"et_pb_module et_d4_element et_pb_image et_pb_image_0 et_pb_image_sticky\">\n\t\t\t\t\n\t\t\t\t\n\t\t\t\t\n\t\t\t\t\n\t\t\t\t<span class=\"et_pb_image_wrap \"><img loading=\"lazy\" decoding=\"async\" width=\"1280\" height=\"960\" src=\"https:\/\/filles-de-la-charite.org\/wp-content\/uploads\/2023\/03\/Fondo-de-46495082_782973822042230_1660829124257644544_n-eliminado.png\" alt=\"\" title=\"Arri\u00e8re-plan de &quot;46495082_782973822042230_1660829124257644544_n&quot; supprim\u00e9\" srcset=\"https:\/\/filles-de-la-charite.org\/wp-content\/uploads\/2023\/03\/Fondo-de-46495082_782973822042230_1660829124257644544_n-eliminado.png 1280w, https:\/\/filles-de-la-charite.org\/wp-content\/uploads\/2023\/03\/Fondo-de-46495082_782973822042230_1660829124257644544_n-eliminado-980x735.png 980w, https:\/\/filles-de-la-charite.org\/wp-content\/uploads\/2023\/03\/Fondo-de-46495082_782973822042230_1660829124257644544_n-eliminado-480x360.png 480w\" sizes=\"(min-width: 0px) and (max-width: 480px) 480px, (min-width: 481px) and (max-width: 980px) 980px, (min-width: 981px) 1280px, 100vw\" class=\"wp-image-182\" \/><\/span>\n\t\t\t<\/div>\n\t\t\t<\/div><div class=\"et_d4_element et_pb_column_1_2 et_pb_column et_pb_column_1  et_pb_css_mix_blend_mode et-last-child et_block_column\">\n\t\t\t\t\n\t\t\t\t\n\t\t\t\t\n\t\t\t\t\n\t\t\t\t<div class=\"et_pb_module et_d4_element et_pb_text et_pb_text_0 et_animated  et_pb_text_align_left et_pb_bg_layout_dark\">\n\t\t\t\t\n\t\t\t\t\n\t\t\t\t\n\t\t\t\t\n\t\t\t\t<div class=\"et_pb_text_inner\"><h1>nous sommes<\/h1>\n<h2>Servantes des pauvres<\/h2>\n<div id=\"gtx-trans\" style=\"position: absolute; left: 178px; top: 66.875px;\">\n<div class=\"gtx-trans-icon\"><\/div>\n<\/div><\/div>\n\t\t\t<\/div><div class=\"et_pb_module et_d4_element et_pb_divider et_pb_divider_0 et_animated et_pb_divider_position_center et_pb_space\"><div class=\"et_pb_divider_internal\"><\/div><\/div><div class=\"et_pb_module et_d4_element et_pb_text et_pb_text_1 et_animated  et_pb_text_align_left et_pb_bg_layout_dark\">\n\t\t\t\t\n\t\t\t\t\n\t\t\t\t\n\t\t\t\t\n\t\t\t\t<div class=\"et_pb_text_inner\"><p>La Compagnie est une Soci\u00e9t\u00e9 de vie apostolique au service du prochain, en particulier de nos fr\u00e8res et s\u0153urs exclus et marginalis\u00e9s.<\/p>\n<div id=\"gtx-trans\" style=\"position: absolute; left: 158px; top: 37.8px;\">\n<div class=\"gtx-trans-icon\"><\/div>\n<\/div><\/div>\n\t\t\t<\/div>\n\t\t\t<\/div>\n\t\t\t\t\n\t\t\t\t\n\t\t\t\t\n\t\t\t\t\n\t\t\t<\/div>\n\t\t\t\t\n\t\t\t\t\n\t\t\t<\/div><div class=\"et_d4_element et_pb_section et_pb_section_1  et_pb_css_mix_blend_mode et_section_regular et_block_section\" >\n\t\t\t\t\n\t\t\t\t\n\t\t\t\t\n\t\t\t\t\n\t\t\t\t\n\t\t\t\t\n\t\t\t\t<div class=\"et_d4_element et_pb_row et_pb_row_1  et_pb_css_mix_blend_mode et_block_row\">\n\t\t\t\t<div class=\"et_d4_element et_pb_column_1_2 et_pb_column et_pb_column_2  et_pb_css_mix_blend_mode et_block_column\">\n\t\t\t\t\n\t\t\t\t\n\t\t\t\t\n\t\t\t\t\n\t\t\t\t<div class=\"et_pb_module et_d4_element et_pb_text et_pb_text_2 et_animated  et_pb_text_align_left et_pb_bg_layout_light\">\n\t\t\t\t\n\t\t\t\t\n\t\t\t\t\n\t\t\t\t\n\t\t\t\t<div class=\"et_pb_text_inner\"><h1><span>Amour, communaut\u00e9, service<\/span><\/h1><\/div>\n\t\t\t<\/div><div class=\"et_pb_module et_d4_element et_pb_divider et_pb_divider_1 et_animated et_pb_divider_position_center et_pb_space\"><div class=\"et_pb_divider_internal\"><\/div><\/div><div class=\"et_pb_module et_d4_element et_pb_text et_pb_text_3 et_animated  et_pb_text_align_left et_pb_bg_layout_light\">\n\t\t\t\t\n\t\t\t\t\n\t\t\t\t\n\t\t\t\t\n\t\t\t\t<div class=\"et_pb_text_inner\"><p><span>Fond\u00e9es par saint Vincent de Paul et sainte Louise de Marillac, nous sommes une Compagnie internationale.\u00a0<\/span>Notre mission est de reconna\u00eetre J\u00e9sus Christ en nos fr\u00e8res et s\u0153urs et de le servir en prenant soin des personnes en situation de pauvret\u00e9 avec humilit\u00e9, simplicit\u00e9 et charit\u00e9.<\/p><\/div>\n\t\t\t<\/div><div class=\"et_pb_module et_d4_element et_pb_text et_pb_text_4 et_animated  et_pb_text_align_left et_pb_bg_layout_light\">\n\t\t\t\t\n\t\t\t\t\n\t\t\t\t\n\t\t\t\t\n\t\t\t\t<div class=\"et_pb_text_inner\"><p>Nous menons la vie fraternelle en vue de la mission sp\u00e9cifique de service. Nous nous entraidons \u00e0 progresser dans une foi active, une pri\u00e8re assidue et nous collaborons dans le respect de nos diff\u00e9rents engagements.<\/p>\n<p>Nous sommes pr\u00e9sentes dans 98 pays. Nous servons dans les h\u00f4pitaux, les \u00e9coles, et aussi dans des lieux de parole et d\u2019\u00e9coute o\u00f9 les personnes en difficult\u00e9 peuvent se sentir accueillies avec bienveillance, comprises et aim\u00e9es. Nous sommes toujours pr\u00eates \u00e0 contribuer avec d\u2019autres \u00e0 des actions en faveur des personnes en situation de d\u00e9tresse, partout dans le monde.<\/p><\/div>\n\t\t\t<\/div>\n\t\t\t<\/div><div class=\"et_d4_element et_pb_column_1_2 et_pb_column et_pb_column_3  et_pb_css_mix_blend_mode et-last-child et_block_column\">\n\t\t\t\t\n\t\t\t\t\n\t\t\t\t\n\t\t\t\t\n\t\t\t\t<div class=\"et_pb_module et_d4_element et_pb_image et_pb_image_1 et_animated et-waypoint\">\n\t\t\t\t\n\t\t\t\t\n\t\t\t\t\n\t\t\t\t\n\t\t\t\t<span class=\"et_pb_image_wrap \"><img loading=\"lazy\" decoding=\"async\" width=\"1284\" height=\"1280\" src=\"https:\/\/filles-de-la-charite.org\/wp-content\/uploads\/2023\/03\/ComunidadAmor-1.png\" alt=\"\" title=\"Communit\u00e9 fraternelle (1)\" srcset=\"https:\/\/filles-de-la-charite.org\/wp-content\/uploads\/2023\/03\/ComunidadAmor-1.png 1284w, https:\/\/filles-de-la-charite.org\/wp-content\/uploads\/2023\/03\/ComunidadAmor-1-1280x1276.png 1280w, https:\/\/filles-de-la-charite.org\/wp-content\/uploads\/2023\/03\/ComunidadAmor-1-980x977.png 980w, https:\/\/filles-de-la-charite.org\/wp-content\/uploads\/2023\/03\/ComunidadAmor-1-480x479.png 480w\" sizes=\"(min-width: 0px) and (max-width: 480px) 480px, (min-width: 481px) and (max-width: 980px) 980px, (min-width: 981px) and (max-width: 1280px) 1280px, (min-width: 1281px) 1284px, 100vw\" class=\"wp-image-195\" \/><\/span>\n\t\t\t<\/div>\n\t\t\t<\/div>\n\t\t\t\t\n\t\t\t\t\n\t\t\t\t\n\t\t\t\t\n\t\t\t<\/div>\n\t\t\t\t\n\t\t\t\t\n\t\t\t<\/div><div class=\"et_d4_element et_pb_section et_pb_section_2 et_pb_section_parallax  et_pb_css_mix_blend_mode et_section_regular et_block_section\" >\n\t\t\t\t\n\t\t\t\t\n\t\t\t\t\n\t\t\t\t\n\t\t\t\t\n\t\t\t\t\n\t\t\t\t<div class=\"et_d4_element et_pb_row et_pb_row_2  et_pb_css_mix_blend_mode et_block_row\">\n\t\t\t\t<div class=\"et_d4_element et_pb_column_4_4 et_pb_column et_pb_column_4  et_pb_css_mix_blend_mode et-last-child et_block_column\">\n\t\t\t\t\n\t\t\t\t\n\t\t\t\t\n\t\t\t\t\n\t\t\t\t<div class=\"et_pb_module et_d4_element et_pb_text et_pb_text_5 et_animated  et_pb_text_align_left et_pb_bg_layout_light\">\n\t\t\t\t\n\t\t\t\t\n\t\t\t\t\n\t\t\t\t\n\t\t\t\t<div class=\"et_pb_text_inner\"><h1><strong>Nous prenons soin des personnes les plus d\u00e9munies<\/strong><\/h1><\/div>\n\t\t\t<\/div><div class=\"et_pb_module et_d4_element et_pb_divider et_pb_divider_2 et_animated et_pb_divider_position_center et_pb_space\"><div class=\"et_pb_divider_internal\"><\/div><\/div><div class=\"et_pb_module et_d4_element et_pb_text et_pb_text_6 et_animated  et_pb_text_align_center et_pb_bg_layout_light\">\n\t\t\t\t\n\t\t\t\t\n\t\t\t\t\n\t\t\t\t\n\t\t\t\t<div class=\"et_pb_text_inner\"><p>Nos diff\u00e9rentes formes de service embrassent toutes les dimensions de la personne, aussi bien physiques qu\u2019affectives et spirituelles.<\/p><\/div>\n\t\t\t<\/div><div class=\"et_pb_module et_d4_element et_pb_text et_pb_text_7 et_animated  et_pb_text_align_center et_pb_bg_layout_light\">\n\t\t\t\t\n\t\t\t\t\n\t\t\t\t\n\t\t\t\t\n\t\t\t\t<div class=\"et_pb_text_inner\"><p>Nous servons nos fr\u00e8res et s\u0153urs laiss\u00e9s pour compte par la soci\u00e9t\u00e9, plus particuli\u00e8rement dans les p\u00e9riph\u00e9ries.\u00a0Nous \u0153uvrons en priorit\u00e9 dans l\u2019\u00e9ducation, la sant\u00e9,<span> les actions de pr\u00e9vention et de promotion<\/span>, l\u2019aide sociale et l\u2019action pastorale.\u00a0Nous d\u00e9fendons les droits humains et prenons soin de notre plan\u00e8te avec les membres de la Famille vincentienne et nos repr\u00e9sentantes aux Nations Unies, ainsi qu\u2019avec des organismes eccl\u00e9siaux ou autres.<\/p>\n<p>En outre, nous \u00e9tablissons des r\u00e9seaux de communication et de soutien interprovinciaux et intercontinentaux afin de r\u00e9pondre aux besoins des personnes les plus vuln\u00e9rables dans le monde.<\/p><\/div>\n\t\t\t<\/div>\n\t\t\t<\/div>\n\t\t\t\t\n\t\t\t\t\n\t\t\t\t\n\t\t\t\t\n\t\t\t<\/div><div class=\"et_d4_element et_pb_row et_pb_row_3  et_pb_css_mix_blend_mode et_block_row\">\n\t\t\t\t<div class=\"et_d4_element et_pb_column_4_4 et_pb_column et_pb_column_5  et_pb_css_mix_blend_mode et-last-child et_block_column\">\n\t\t\t\t\n\t\t\t\t\n\t\t\t\t\n\t\t\t\t\n\t\t\t\t<div class=\"et_pb_module et_d4_element et_pb_image et_pb_image_2 et_animated et-waypoint\">\n\t\t\t\t\n\t\t\t\t\n\t\t\t\t\n\t\t\t\t\n\t\t\t\t<span class=\"et_pb_image_wrap \"><img loading=\"lazy\" decoding=\"async\" width=\"2048\" height=\"1536\" src=\"https:\/\/filles-de-la-charite.org\/wp-content\/uploads\/2023\/03\/masNecesitados.jpeg\" alt=\"\" title=\"plusN\u00e9cessaire\" srcset=\"https:\/\/filles-de-la-charite.org\/wp-content\/uploads\/2023\/03\/masNecesitados.jpeg 2048w, https:\/\/filles-de-la-charite.org\/wp-content\/uploads\/2023\/03\/masNecesitados-1280x960.jpeg 1280w, https:\/\/filles-de-la-charite.org\/wp-content\/uploads\/2023\/03\/masNecesitados-980x735.jpeg 980w, https:\/\/filles-de-la-charite.org\/wp-content\/uploads\/2023\/03\/masNecesitados-480x360.jpeg 480w\" sizes=\"(min-width: 0px) and (max-width: 480px) 480px, (min-width: 481px) and (max-width: 980px) 980px, (min-width: 981px) and (max-width: 1280px) 1280px, (min-width: 1281px) 2048px, 100vw\" class=\"wp-image-205\" \/><\/span>\n\t\t\t<\/div>\n\t\t\t<\/div>\n\t\t\t\t\n\t\t\t\t\n\t\t\t\t\n\t\t\t\t\n\t\t\t<\/div>\n\t\t\t\t\n\t\t\t\t\n\t\t\t<\/div><div class=\"et_d4_element et_pb_section et_pb_section_3  et_pb_css_mix_blend_mode et_section_regular et_block_section\" >\n\t\t\t\t\n\t\t\t\t\n\t\t\t\t\n\t\t\t\t\n\t\t\t\t\n\t\t\t\t\n\t\t\t\t<div class=\"et_d4_element et_pb_row et_pb_row_4  et_pb_css_mix_blend_mode et_block_row\">\n\t\t\t\t<div class=\"et_d4_element et_pb_column_4_4 et_pb_column et_pb_column_6  et_pb_css_mix_blend_mode et-last-child et_block_column\">\n\t\t\t\t\n\t\t\t\t\n\t\t\t\t\n\t\t\t\t\n\t\t\t\t<div class=\"et_pb_module et_d4_element et_pb_text et_pb_text_8 et_animated  et_pb_text_align_center et_pb_bg_layout_light\">\n\t\t\t\t\n\t\t\t\t\n\t\t\t\t\n\t\t\t\t\n\t\t\t\t<div class=\"et_pb_text_inner\"><h1>Plus d'informations<\/h1><\/div>\n\t\t\t<\/div><div class=\"et_pb_module et_d4_element et_pb_divider et_pb_divider_3 et_animated et_pb_divider_position_center et_pb_space\"><div class=\"et_pb_divider_internal\"><\/div><\/div>\n\t\t\t<\/div>\n\t\t\t\t\n\t\t\t\t\n\t\t\t\t\n\t\t\t\t\n\t\t\t<\/div><div class=\"et_d4_element et_pb_row et_pb_row_5  et_pb_css_mix_blend_mode et_block_row\">\n\t\t\t\t<div class=\"et_d4_element et_pb_column_1_4 et_pb_column et_pb_column_7  et_pb_css_mix_blend_mode et_block_column\">\n\t\t\t\t\n\t\t\t\t\n\t\t\t\t\n\t\t\t\t\n\t\t\t\t<div class=\"et_pb_module et_d4_element et_pb_blurb et_pb_blurb_0 et_clickable  et_pb_text_align_center  et_pb_blurb_position_top et_block_module et_pb_bg_layout_light\">\n\t\t\t\t\n\t\t\t\t\n\t\t\t\t\n\t\t\t\t\n\t\t\t\t<div class=\"et_pb_blurb_content\">\n\t\t\t\t\t<div class=\"et_pb_main_blurb_image et_pb_css_mix_blend_mode\"><span class=\"et_pb_image_wrap\"><span class=\"et-waypoint et_pb_animation_top et_pb_animation_top_tablet et_pb_animation_top_phone et-pb-icon\">\uf5ad<\/span><\/span><\/div>\n\t\t\t\t\t<div class=\"et_pb_blurb_container\">\n\t\t\t\t\t\t<h4 class=\"et_pb_module_header\"><span>Histoire<\/span><\/h4>\n\t\t\t\t\t\t<div class=\"et_pb_blurb_description\"><p>La Compagnie est n\u00e9e imperceptiblement, \u00e0 la mani\u00e8re des choses de Dieu<\/p><\/div>\n\t\t\t\t\t<\/div>\n\t\t\t\t<\/div>\n\t\t\t<\/div>\n\t\t\t<\/div><div class=\"et_d4_element et_pb_column_1_4 et_pb_column et_pb_column_8  et_pb_css_mix_blend_mode et_block_column\">\n\t\t\t\t\n\t\t\t\t\n\t\t\t\t\n\t\t\t\t\n\t\t\t\t<div class=\"et_pb_module et_d4_element et_pb_blurb et_pb_blurb_1 et_clickable  et_pb_text_align_center  et_pb_blurb_position_top et_block_module et_pb_bg_layout_light\">\n\t\t\t\t\n\t\t\t\t\n\t\t\t\t\n\t\t\t\t\n\t\t\t\t<div class=\"et_pb_blurb_content\">\n\t\t\t\t\t<div class=\"et_pb_main_blurb_image et_pb_css_mix_blend_mode\"><span class=\"et_pb_image_wrap\"><span class=\"et-waypoint et_pb_animation_top et_pb_animation_top_tablet et_pb_animation_top_phone et-pb-icon\">\uf684<\/span><\/span><\/div>\n\t\t\t\t\t<div class=\"et_pb_blurb_container\">\n\t\t\t\t\t\t<h4 class=\"et_pb_module_header\"><span>Spiritualit\u00e9<\/span><\/h4>\n\t\t\t\t\t\t<div class=\"et_pb_blurb_description\"><p align=\"center\" style=\"margin: 0cm; text-align: center; line-height: 21.6pt; vertical-align: baseline;\"><span style=\"font-family: Roboto; color: black;\">Appel\u00e9es par Dieu \u00e0 une vie de pri\u00e8re et de service aupr\u00e8s des plus d\u00e9munis<o:p><\/o:p><\/span><\/p>\n<div id=\"gtx-trans\" style=\"position: absolute; left: -16px; top: -8.8px;\">\n<div class=\"gtx-trans-icon\"><\/div>\n<\/div><\/div>\n\t\t\t\t\t<\/div>\n\t\t\t\t<\/div>\n\t\t\t<\/div>\n\t\t\t<\/div><div class=\"et_d4_element et_pb_column_1_4 et_pb_column et_pb_column_9  et_pb_css_mix_blend_mode et_block_column\">\n\t\t\t\t\n\t\t\t\t\n\t\t\t\t\n\t\t\t\t\n\t\t\t\t<div class=\"et_pb_module et_d4_element et_pb_blurb et_pb_blurb_2 et_clickable  et_pb_text_align_center  et_pb_blurb_position_top et_block_module et_pb_bg_layout_light\">\n\t\t\t\t\n\t\t\t\t\n\t\t\t\t\n\t\t\t\t\n\t\t\t\t<div class=\"et_pb_blurb_content\">\n\t\t\t\t\t<div class=\"et_pb_main_blurb_image et_pb_css_mix_blend_mode\"><span class=\"et_pb_image_wrap\"><span class=\"et-waypoint et_pb_animation_top et_pb_animation_top_tablet et_pb_animation_top_phone et-pb-icon\">\uf0ac<\/span><\/span><\/div>\n\t\t\t\t\t<div class=\"et_pb_blurb_container\">\n\t\t\t\t\t\t<h4 class=\"et_pb_module_header\"><span>Pr\u00e9sence<\/span><\/h4>\n\t\t\t\t\t\t<div class=\"et_pb_blurb_description\"><p>L\u00e0 o\u00f9 il y a des vies dont la dignit\u00e9 est bafou\u00e9e<\/p><\/div>\n\t\t\t\t\t<\/div>\n\t\t\t\t<\/div>\n\t\t\t<\/div>\n\t\t\t<\/div><div class=\"et_d4_element et_pb_column_1_4 et_pb_column et_pb_column_10  et_pb_css_mix_blend_mode et-last-child et_block_column\">\n\t\t\t\t\n\t\t\t\t\n\t\t\t\t\n\t\t\t\t\n\t\t\t\t<div class=\"et_pb_module et_d4_element et_pb_blurb et_pb_blurb_3 et_clickable  et_pb_text_align_center  et_pb_blurb_position_top et_block_module et_pb_bg_layout_light\">\n\t\t\t\t\n\t\t\t\t\n\t\t\t\t\n\t\t\t\t\n\t\t\t\t<div class=\"et_pb_blurb_content\">\n\t\t\t\t\t<div class=\"et_pb_main_blurb_image et_pb_css_mix_blend_mode\"><span class=\"et_pb_image_wrap\"><span class=\"et-waypoint et_pb_animation_top et_pb_animation_top_tablet et_pb_animation_top_phone et-pb-icon\">\uf06d<\/span><\/span><\/div>\n\t\t\t\t\t<div class=\"et_pb_blurb_container\">\n\t\t\t\t\t\t<h4 class=\"et_pb_module_header\"><span>Sources d\u2019inspiration<\/span><\/h4>\n\t\t\t\t\t\t<div class=\"et_pb_blurb_description\"><p>Saints et bienheureux des Filles de la Charit\u00e9 et de la Famille vincentienne<\/p>\n<div id=\"gtx-trans\" style=\"position: absolute; left: 91px; top: -8.8px;\">\n<div class=\"gtx-trans-icon\"><\/div>\n<\/div><\/div>\n\t\t\t\t\t<\/div>\n\t\t\t\t<\/div>\n\t\t\t<\/div>\n\t\t\t<\/div>\n\t\t\t\t\n\t\t\t\t\n\t\t\t\t\n\t\t\t\t\n\t\t\t<\/div>\n\t\t\t\t\n\t\t\t\t\n\t\t\t<\/div><\/p>\n","protected":false},"excerpt":{"rendered":"","protected":false},"author":1,"featured_media":0,"parent":0,"menu_order":0,"comment_status":"closed","ping_status":"closed","template":"","meta":{"_acf_changed":false,"_et_pb_use_builder":"on","_et_pb_old_content":"","_et_gb_content_width":"","footnotes":"","_links_to":"","_links_to_target":""},"class_list":["post-3576","page","type-page","status-publish","hentry"],"acf":[],"yoast_head":"<!-- This site is optimized with the Yoast SEO plugin v27.5 - https:\/\/yoast.com\/product\/yoast-seo-wordpress\/ -->\n<title>Nous sommes - Filles de la Charit\u00e9<\/title>\n<meta name=\"robots\" content=\"index, follow, max-snippet:-1, max-image-preview:large, max-video-preview:-1\" \/>\n<link rel=\"canonical\" href=\"https:\/\/filles-de-la-charite.org\/fr\/nous-sommes\/\" \/>\n<meta property=\"og:locale\" content=\"fr_FR\" \/>\n<meta property=\"og:type\" content=\"article\" \/>\n<meta property=\"og:title\" content=\"Nous sommes - Filles de la Charit\u00e9\" \/>\n<meta property=\"og:url\" content=\"https:\/\/filles-de-la-charite.org\/fr\/nous-sommes\/\" \/>\n<meta property=\"og:site_name\" content=\"Filles de la Charit\u00e9\" \/>\n<meta property=\"article:modified_time\" content=\"2026-04-10T15:47:40+00:00\" \/>\n<meta name=\"twitter:card\" content=\"summary_large_image\" \/>\n<meta name=\"twitter:label1\" content=\"Dur\u00e9e de lecture estim\u00e9e\" \/>\n\t<meta name=\"twitter:data1\" content=\"10 minutes\" \/>\n<script type=\"application\/ld+json\" class=\"yoast-schema-graph\">{\"@context\":\"https:\\\/\\\/schema.org\",\"@graph\":[{\"@type\":\"WebPage\",\"@id\":\"https:\\\/\\\/filles-de-la-charite.org\\\/fr\\\/nous-sommes\\\/\",\"url\":\"https:\\\/\\\/filles-de-la-charite.org\\\/fr\\\/nous-sommes\\\/\",\"name\":\"Nous sommes - Filles de la Charit\u00e9\",\"isPartOf\":{\"@id\":\"https:\\\/\\\/filles-de-la-charite.org\\\/fr\\\/#website\"},\"datePublished\":\"2023-03-27T11:09:32+00:00\",\"dateModified\":\"2026-04-10T15:47:40+00:00\",\"inLanguage\":\"fr-FR\",\"potentialAction\":[{\"@type\":\"ReadAction\",\"target\":[\"https:\\\/\\\/filles-de-la-charite.org\\\/fr\\\/nous-sommes\\\/\"]}]},{\"@type\":\"WebSite\",\"@id\":\"https:\\\/\\\/filles-de-la-charite.org\\\/fr\\\/#website\",\"url\":\"https:\\\/\\\/filles-de-la-charite.org\\\/fr\\\/\",\"name\":\"Hijas de la Caridad\",\"description\":\"L\u2019amour de J\u00e9sus nous presse \u00e0 prendre soin des personnes les plus d\u00e9munies\",\"publisher\":{\"@id\":\"https:\\\/\\\/filles-de-la-charite.org\\\/fr\\\/#organization\"},\"potentialAction\":[{\"@type\":\"SearchAction\",\"target\":{\"@type\":\"EntryPoint\",\"urlTemplate\":\"https:\\\/\\\/filles-de-la-charite.org\\\/fr\\\/?s={search_term_string}\"},\"query-input\":{\"@type\":\"PropertyValueSpecification\",\"valueRequired\":true,\"valueName\":\"search_term_string\"}}],\"inLanguage\":\"fr-FR\"},{\"@type\":\"Organization\",\"@id\":\"https:\\\/\\\/filles-de-la-charite.org\\\/fr\\\/#organization\",\"name\":\"Hijas de la Caridad\",\"url\":\"https:\\\/\\\/filles-de-la-charite.org\\\/fr\\\/\",\"logo\":{\"@type\":\"ImageObject\",\"inLanguage\":\"fr-FR\",\"@id\":\"https:\\\/\\\/filles-de-la-charite.org\\\/fr\\\/#\\\/schema\\\/logo\\\/image\\\/\",\"url\":\"https:\\\/\\\/filles-de-la-charite.org\\\/wp-content\\\/uploads\\\/2023\\\/03\\\/isotipo-Hijas-de-la-Caridad.png\",\"contentUrl\":\"https:\\\/\\\/filles-de-la-charite.org\\\/wp-content\\\/uploads\\\/2023\\\/03\\\/isotipo-Hijas-de-la-Caridad.png\",\"width\":1417,\"height\":1417,\"caption\":\"Hijas de la Caridad\"},\"image\":{\"@id\":\"https:\\\/\\\/filles-de-la-charite.org\\\/fr\\\/#\\\/schema\\\/logo\\\/image\\\/\"}}]}<\/script>\n<!-- \/ Yoast SEO plugin. -->","yoast_head_json":{"title":"Nous sommes - Filles de la Charit\u00e9","robots":{"index":"index","follow":"follow","max-snippet":"max-snippet:-1","max-image-preview":"max-image-preview:large","max-video-preview":"max-video-preview:-1"},"canonical":"https:\/\/filles-de-la-charite.org\/fr\/nous-sommes\/","og_locale":"fr_FR","og_type":"article","og_title":"Nous sommes - Filles de la Charit\u00e9","og_url":"https:\/\/filles-de-la-charite.org\/fr\/nous-sommes\/","og_site_name":"Filles de la Charit\u00e9","article_modified_time":"2026-04-10T15:47:40+00:00","twitter_card":"summary_large_image","twitter_misc":{"Dur\u00e9e de lecture estim\u00e9e":"10 minutes"},"schema":{"@context":"https:\/\/schema.org","@graph":[{"@type":"WebPage","@id":"https:\/\/filles-de-la-charite.org\/fr\/nous-sommes\/","url":"https:\/\/filles-de-la-charite.org\/fr\/nous-sommes\/","name":"Nous sommes - Filles de la Charit\u00e9","isPartOf":{"@id":"https:\/\/filles-de-la-charite.org\/fr\/#website"},"datePublished":"2023-03-27T11:09:32+00:00","dateModified":"2026-04-10T15:47:40+00:00","inLanguage":"fr-FR","potentialAction":[{"@type":"ReadAction","target":["https:\/\/filles-de-la-charite.org\/fr\/nous-sommes\/"]}]},{"@type":"WebSite","@id":"https:\/\/filles-de-la-charite.org\/fr\/#website","url":"https:\/\/filles-de-la-charite.org\/fr\/","name":"Hijas de la Caridad","description":"L\u2019amour de J\u00e9sus nous presse \u00e0 prendre soin des personnes les plus d\u00e9munies","publisher":{"@id":"https:\/\/filles-de-la-charite.org\/fr\/#organization"},"potentialAction":[{"@type":"SearchAction","target":{"@type":"EntryPoint","urlTemplate":"https:\/\/filles-de-la-charite.org\/fr\/?s={search_term_string}"},"query-input":{"@type":"PropertyValueSpecification","valueRequired":true,"valueName":"search_term_string"}}],"inLanguage":"fr-FR"},{"@type":"Organization","@id":"https:\/\/filles-de-la-charite.org\/fr\/#organization","name":"Hijas de la Caridad","url":"https:\/\/filles-de-la-charite.org\/fr\/","logo":{"@type":"ImageObject","inLanguage":"fr-FR","@id":"https:\/\/filles-de-la-charite.org\/fr\/#\/schema\/logo\/image\/","url":"https:\/\/filles-de-la-charite.org\/wp-content\/uploads\/2023\/03\/isotipo-Hijas-de-la-Caridad.png","contentUrl":"https:\/\/filles-de-la-charite.org\/wp-content\/uploads\/2023\/03\/isotipo-Hijas-de-la-Caridad.png","width":1417,"height":1417,"caption":"Hijas de la Caridad"},"image":{"@id":"https:\/\/filles-de-la-charite.org\/fr\/#\/schema\/logo\/image\/"}}]}},"_links":{"self":[{"href":"https:\/\/filles-de-la-charite.org\/fr\/wp-json\/wp\/v2\/pages\/3576","targetHints":{"allow":["GET"]}}],"collection":[{"href":"https:\/\/filles-de-la-charite.org\/fr\/wp-json\/wp\/v2\/pages"}],"about":[{"href":"https:\/\/filles-de-la-charite.org\/fr\/wp-json\/wp\/v2\/types\/page"}],"author":[{"embeddable":true,"href":"https:\/\/filles-de-la-charite.org\/fr\/wp-json\/wp\/v2\/users\/1"}],"replies":[{"embeddable":true,"href":"https:\/\/filles-de-la-charite.org\/fr\/wp-json\/wp\/v2\/comments?post=3576"}],"version-history":[{"count":49,"href":"https:\/\/filles-de-la-charite.org\/fr\/wp-json\/wp\/v2\/pages\/3576\/revisions"}],"predecessor-version":[{"id":49589,"href":"https:\/\/filles-de-la-charite.org\/fr\/wp-json\/wp\/v2\/pages\/3576\/revisions\/49589"}],"wp:attachment":[{"href":"https:\/\/filles-de-la-charite.org\/fr\/wp-json\/wp\/v2\/media?parent=3576"}],"curies":[{"name":"wp","href":"https:\/\/api.w.org\/{rel}","templated":true}]}}