{"id":25654,"date":"2020-09-06T12:46:31","date_gmt":"2020-09-06T10:46:31","guid":{"rendered":"https:\/\/hijascaridad.sjdigitaldemo.ovh\/rincon-oracion\/les-droits-humains\/"},"modified":"2020-09-06T12:42:08","modified_gmt":"2020-09-06T10:42:08","slug":"les-droits-humains","status":"publish","type":"rincon-oracion","link":"https:\/\/filles-de-la-charite.org\/fr\/rincon-oracion\/les-droits-humains\/","title":{"rendered":"Les Droits Humains"},"content":{"rendered":"\n<p>L\u2019Incarnation [de J\u00e9sus] nous r\u00e9v\u00e8le avec une lumi\u00e8re intense et de fa\u00e7on surprenante que chaque vie humaine poss\u00e8de une dignit\u00e9 tr\u00e8s \u00e9lev\u00e9e, incomparable. L\u2019homme pr\u00e9sente une originalit\u00e9 ind\u00e9niable par rapport \u00e0 tous les autres \u00eatres vivants qui peuplent la terre\u2026 Avec \u00e9motion et gratitude, nous prenons conscience de la valeur, de la dignit\u00e9 incomparable de toute personne humaine et de la responsabilit\u00e9 que nous avons envers tous.<\/p>\n\n\n\n<figure class=\"wp-block-embed-youtube aligncenter wp-block-embed is-type-video is-provider-youtube wp-embed-aspect-4-3 wp-has-aspect-ratio\"><div class=\"wp-block-embed__wrapper\">\n<iframe loading=\"lazy\" title=\"[FR 2020.09] Les droits humains\" width=\"1080\" height=\"810\" src=\"https:\/\/www.youtube.com\/embed\/gVp5kKFg_3Q?feature=oembed\"  allow=\"accelerometer; autoplay; clipboard-write; encrypted-media; gyroscope; picture-in-picture; web-share\" allowfullscreen><\/iframe>\n<\/div><\/figure>\n","protected":false},"featured_media":25655,"template":"","meta":{"_acf_changed":false,"_links_to":"","_links_to_target":""},"class_list":["post-25654","rincon-oracion","type-rincon-oracion","status-publish","has-post-thumbnail","hentry"],"acf":[],"yoast_head":"<!-- This site is optimized with the Yoast SEO plugin v27.5 - https:\/\/yoast.com\/product\/yoast-seo-wordpress\/ -->\n<title>Les Droits Humains - Filles de la Charit\u00e9<\/title>\n<meta name=\"robots\" content=\"index, follow, max-snippet:-1, max-image-preview:large, max-video-preview:-1\" \/>\n<link rel=\"canonical\" href=\"https:\/\/filles-de-la-charite.org\/fr\/rincon-oracion\/les-droits-humains\/\" \/>\n<meta property=\"og:locale\" content=\"fr_FR\" \/>\n<meta property=\"og:type\" content=\"article\" \/>\n<meta property=\"og:title\" content=\"Les Droits Humains - Filles de la Charit\u00e9\" \/>\n<meta property=\"og:description\" content=\"L\u2019Incarnation [de J\u00e9sus] nous r\u00e9v\u00e8le avec une lumi\u00e8re intense et de fa\u00e7on surprenante que chaque vie humaine poss\u00e8de une dignit\u00e9 tr\u00e8s \u00e9lev\u00e9e, incomparable. L\u2019homme pr\u00e9sente une originalit\u00e9 ind\u00e9niable par rapport \u00e0 tous les autres \u00eatres vivants qui peuplent la terre\u2026 Avec \u00e9motion et gratitude, nous prenons conscience de la valeur, de la dignit\u00e9 incomparable de [&hellip;]\" \/>\n<meta property=\"og:url\" content=\"https:\/\/filles-de-la-charite.org\/fr\/rincon-oracion\/les-droits-humains\/\" \/>\n<meta property=\"og:site_name\" content=\"Filles de la Charit\u00e9\" \/>\n<meta property=\"og:image\" content=\"https:\/\/filles-de-la-charite.org\/wp-content\/uploads\/2023\/06\/Human-rights_FR.jpg\" \/>\n\t<meta property=\"og:image:width\" content=\"960\" \/>\n\t<meta property=\"og:image:height\" content=\"720\" \/>\n\t<meta property=\"og:image:type\" content=\"image\/jpeg\" \/>\n<meta name=\"twitter:card\" content=\"summary_large_image\" \/>\n<script type=\"application\/ld+json\" class=\"yoast-schema-graph\">{\"@context\":\"https:\\\/\\\/schema.org\",\"@graph\":[{\"@type\":\"WebPage\",\"@id\":\"https:\\\/\\\/filles-de-la-charite.org\\\/fr\\\/rincon-oracion\\\/les-droits-humains\\\/\",\"url\":\"https:\\\/\\\/filles-de-la-charite.org\\\/fr\\\/rincon-oracion\\\/les-droits-humains\\\/\",\"name\":\"Les Droits Humains - Filles de la Charit\u00e9\",\"isPartOf\":{\"@id\":\"https:\\\/\\\/filles-de-la-charite.org\\\/fr\\\/#website\"},\"primaryImageOfPage\":{\"@id\":\"https:\\\/\\\/filles-de-la-charite.org\\\/fr\\\/rincon-oracion\\\/les-droits-humains\\\/#primaryimage\"},\"image\":{\"@id\":\"https:\\\/\\\/filles-de-la-charite.org\\\/fr\\\/rincon-oracion\\\/les-droits-humains\\\/#primaryimage\"},\"thumbnailUrl\":\"https:\\\/\\\/filles-de-la-charite.org\\\/wp-content\\\/uploads\\\/2023\\\/06\\\/Human-rights_FR.jpg\",\"datePublished\":\"2020-09-06T10:46:31+00:00\",\"inLanguage\":\"fr-FR\",\"potentialAction\":[{\"@type\":\"ReadAction\",\"target\":[\"https:\\\/\\\/filles-de-la-charite.org\\\/fr\\\/rincon-oracion\\\/les-droits-humains\\\/\"]}]},{\"@type\":\"ImageObject\",\"inLanguage\":\"fr-FR\",\"@id\":\"https:\\\/\\\/filles-de-la-charite.org\\\/fr\\\/rincon-oracion\\\/les-droits-humains\\\/#primaryimage\",\"url\":\"https:\\\/\\\/filles-de-la-charite.org\\\/wp-content\\\/uploads\\\/2023\\\/06\\\/Human-rights_FR.jpg\",\"contentUrl\":\"https:\\\/\\\/filles-de-la-charite.org\\\/wp-content\\\/uploads\\\/2023\\\/06\\\/Human-rights_FR.jpg\",\"width\":960,\"height\":720},{\"@type\":\"WebSite\",\"@id\":\"https:\\\/\\\/filles-de-la-charite.org\\\/fr\\\/#website\",\"url\":\"https:\\\/\\\/filles-de-la-charite.org\\\/fr\\\/\",\"name\":\"Hijas de la Caridad\",\"description\":\"L\u2019amour de J\u00e9sus nous presse \u00e0 prendre soin des personnes les plus d\u00e9munies\",\"publisher\":{\"@id\":\"https:\\\/\\\/filles-de-la-charite.org\\\/fr\\\/#organization\"},\"potentialAction\":[{\"@type\":\"SearchAction\",\"target\":{\"@type\":\"EntryPoint\",\"urlTemplate\":\"https:\\\/\\\/filles-de-la-charite.org\\\/fr\\\/?s={search_term_string}\"},\"query-input\":{\"@type\":\"PropertyValueSpecification\",\"valueRequired\":true,\"valueName\":\"search_term_string\"}}],\"inLanguage\":\"fr-FR\"},{\"@type\":\"Organization\",\"@id\":\"https:\\\/\\\/filles-de-la-charite.org\\\/fr\\\/#organization\",\"name\":\"Hijas de la Caridad\",\"url\":\"https:\\\/\\\/filles-de-la-charite.org\\\/fr\\\/\",\"logo\":{\"@type\":\"ImageObject\",\"inLanguage\":\"fr-FR\",\"@id\":\"https:\\\/\\\/filles-de-la-charite.org\\\/fr\\\/#\\\/schema\\\/logo\\\/image\\\/\",\"url\":\"https:\\\/\\\/filles-de-la-charite.org\\\/wp-content\\\/uploads\\\/2023\\\/03\\\/isotipo-Hijas-de-la-Caridad.png\",\"contentUrl\":\"https:\\\/\\\/filles-de-la-charite.org\\\/wp-content\\\/uploads\\\/2023\\\/03\\\/isotipo-Hijas-de-la-Caridad.png\",\"width\":1417,\"height\":1417,\"caption\":\"Hijas de la Caridad\"},\"image\":{\"@id\":\"https:\\\/\\\/filles-de-la-charite.org\\\/fr\\\/#\\\/schema\\\/logo\\\/image\\\/\"}}]}<\/script>\n<!-- \/ Yoast SEO plugin. -->","yoast_head_json":{"title":"Les Droits Humains - Filles de la Charit\u00e9","robots":{"index":"index","follow":"follow","max-snippet":"max-snippet:-1","max-image-preview":"max-image-preview:large","max-video-preview":"max-video-preview:-1"},"canonical":"https:\/\/filles-de-la-charite.org\/fr\/rincon-oracion\/les-droits-humains\/","og_locale":"fr_FR","og_type":"article","og_title":"Les Droits Humains - Filles de la Charit\u00e9","og_description":"L\u2019Incarnation [de J\u00e9sus] nous r\u00e9v\u00e8le avec une lumi\u00e8re intense et de fa\u00e7on surprenante que chaque vie humaine poss\u00e8de une dignit\u00e9 tr\u00e8s \u00e9lev\u00e9e, incomparable. L\u2019homme pr\u00e9sente une originalit\u00e9 ind\u00e9niable par rapport \u00e0 tous les autres \u00eatres vivants qui peuplent la terre\u2026 Avec \u00e9motion et gratitude, nous prenons conscience de la valeur, de la dignit\u00e9 incomparable de [&hellip;]","og_url":"https:\/\/filles-de-la-charite.org\/fr\/rincon-oracion\/les-droits-humains\/","og_site_name":"Filles de la Charit\u00e9","og_image":[{"width":960,"height":720,"url":"https:\/\/filles-de-la-charite.org\/wp-content\/uploads\/2023\/06\/Human-rights_FR.jpg","type":"image\/jpeg"}],"twitter_card":"summary_large_image","schema":{"@context":"https:\/\/schema.org","@graph":[{"@type":"WebPage","@id":"https:\/\/filles-de-la-charite.org\/fr\/rincon-oracion\/les-droits-humains\/","url":"https:\/\/filles-de-la-charite.org\/fr\/rincon-oracion\/les-droits-humains\/","name":"Les Droits Humains - Filles de la Charit\u00e9","isPartOf":{"@id":"https:\/\/filles-de-la-charite.org\/fr\/#website"},"primaryImageOfPage":{"@id":"https:\/\/filles-de-la-charite.org\/fr\/rincon-oracion\/les-droits-humains\/#primaryimage"},"image":{"@id":"https:\/\/filles-de-la-charite.org\/fr\/rincon-oracion\/les-droits-humains\/#primaryimage"},"thumbnailUrl":"https:\/\/filles-de-la-charite.org\/wp-content\/uploads\/2023\/06\/Human-rights_FR.jpg","datePublished":"2020-09-06T10:46:31+00:00","inLanguage":"fr-FR","potentialAction":[{"@type":"ReadAction","target":["https:\/\/filles-de-la-charite.org\/fr\/rincon-oracion\/les-droits-humains\/"]}]},{"@type":"ImageObject","inLanguage":"fr-FR","@id":"https:\/\/filles-de-la-charite.org\/fr\/rincon-oracion\/les-droits-humains\/#primaryimage","url":"https:\/\/filles-de-la-charite.org\/wp-content\/uploads\/2023\/06\/Human-rights_FR.jpg","contentUrl":"https:\/\/filles-de-la-charite.org\/wp-content\/uploads\/2023\/06\/Human-rights_FR.jpg","width":960,"height":720},{"@type":"WebSite","@id":"https:\/\/filles-de-la-charite.org\/fr\/#website","url":"https:\/\/filles-de-la-charite.org\/fr\/","name":"Hijas de la Caridad","description":"L\u2019amour de J\u00e9sus nous presse \u00e0 prendre soin des personnes les plus d\u00e9munies","publisher":{"@id":"https:\/\/filles-de-la-charite.org\/fr\/#organization"},"potentialAction":[{"@type":"SearchAction","target":{"@type":"EntryPoint","urlTemplate":"https:\/\/filles-de-la-charite.org\/fr\/?s={search_term_string}"},"query-input":{"@type":"PropertyValueSpecification","valueRequired":true,"valueName":"search_term_string"}}],"inLanguage":"fr-FR"},{"@type":"Organization","@id":"https:\/\/filles-de-la-charite.org\/fr\/#organization","name":"Hijas de la Caridad","url":"https:\/\/filles-de-la-charite.org\/fr\/","logo":{"@type":"ImageObject","inLanguage":"fr-FR","@id":"https:\/\/filles-de-la-charite.org\/fr\/#\/schema\/logo\/image\/","url":"https:\/\/filles-de-la-charite.org\/wp-content\/uploads\/2023\/03\/isotipo-Hijas-de-la-Caridad.png","contentUrl":"https:\/\/filles-de-la-charite.org\/wp-content\/uploads\/2023\/03\/isotipo-Hijas-de-la-Caridad.png","width":1417,"height":1417,"caption":"Hijas de la Caridad"},"image":{"@id":"https:\/\/filles-de-la-charite.org\/fr\/#\/schema\/logo\/image\/"}}]}},"_links":{"self":[{"href":"https:\/\/filles-de-la-charite.org\/fr\/wp-json\/wp\/v2\/rincon-oracion\/25654","targetHints":{"allow":["GET"]}}],"collection":[{"href":"https:\/\/filles-de-la-charite.org\/fr\/wp-json\/wp\/v2\/rincon-oracion"}],"about":[{"href":"https:\/\/filles-de-la-charite.org\/fr\/wp-json\/wp\/v2\/types\/rincon-oracion"}],"wp:featuredmedia":[{"embeddable":true,"href":"https:\/\/filles-de-la-charite.org\/fr\/wp-json\/wp\/v2\/media\/25655"}],"wp:attachment":[{"href":"https:\/\/filles-de-la-charite.org\/fr\/wp-json\/wp\/v2\/media?parent=25654"}],"curies":[{"name":"wp","href":"https:\/\/api.w.org\/{rel}","templated":true}]}}