{"id":25675,"date":"2020-11-24T17:30:17","date_gmt":"2020-11-24T16:30:17","guid":{"rendered":"https:\/\/hijascaridad.sjdigitaldemo.ovh\/rincon-oracion\/la-medaille-miraculeuse\/"},"modified":"2020-11-24T17:37:54","modified_gmt":"2020-11-24T16:37:54","slug":"la-medaille-miraculeuse","status":"publish","type":"rincon-oracion","link":"https:\/\/filles-de-la-charite.org\/fr\/rincon-oracion\/la-medaille-miraculeuse\/","title":{"rendered":"La M\u00e9daille Miraculeuse"},"content":{"rendered":"\n<p>Le 27 novembre 1830, la Sainte Vierge Marie est apparue \u00e0 Ste Catherine Labour\u00e9, Fille de la Charit\u00e9 de St Vincent de Paul. S\u0153ur Catherine \u00e9tait au S\u00e9minaire (noviciat) lorsqu\u2019elle a \u00e9t\u00e9 honor\u00e9e de la visite de Marie. Marie a daign\u00e9 se manifester \u00e0 S\u0153ur Catherine et, par elle, \u00e0 la Compagnie tout enti\u00e8re. Marie semble avoir choisi une S\u0153ur du S\u00e9minaire pour que personne de la Compagnie ne puisse se sentir exclue du message qu\u2019Elle lui a confi\u00e9.<\/p>\n\n\n\n<figure class=\"wp-block-embed-youtube wp-block-embed is-type-video is-provider-youtube wp-embed-aspect-16-9 wp-has-aspect-ratio\"><div class=\"wp-block-embed__wrapper\">\n<iframe loading=\"lazy\" title=\"[FR 2020.11] La M\u00e9daille Miraculeuse\" width=\"1080\" height=\"608\" src=\"https:\/\/www.youtube.com\/embed\/2oV0E-HCgek?feature=oembed\"  allow=\"accelerometer; autoplay; clipboard-write; encrypted-media; gyroscope; picture-in-picture; web-share\" referrerpolicy=\"strict-origin-when-cross-origin\" allowfullscreen><\/iframe>\n<\/div><\/figure>\n","protected":false},"featured_media":25676,"template":"","meta":{"_acf_changed":false,"_links_to":"","_links_to_target":""},"class_list":["post-25675","rincon-oracion","type-rincon-oracion","status-publish","has-post-thumbnail","hentry"],"acf":[],"yoast_head":"<!-- This site is optimized with the Yoast SEO plugin v27.5 - https:\/\/yoast.com\/product\/yoast-seo-wordpress\/ -->\n<title>La M\u00e9daille Miraculeuse - Filles de la Charit\u00e9<\/title>\n<meta name=\"robots\" content=\"index, follow, max-snippet:-1, max-image-preview:large, max-video-preview:-1\" \/>\n<link rel=\"canonical\" href=\"https:\/\/filles-de-la-charite.org\/fr\/rincon-oracion\/la-medaille-miraculeuse\/\" \/>\n<meta property=\"og:locale\" content=\"fr_FR\" \/>\n<meta property=\"og:type\" content=\"article\" \/>\n<meta property=\"og:title\" content=\"La M\u00e9daille Miraculeuse - Filles de la Charit\u00e9\" \/>\n<meta property=\"og:description\" content=\"Le 27 novembre 1830, la Sainte Vierge Marie est apparue \u00e0 Ste Catherine Labour\u00e9, Fille de la Charit\u00e9 de St Vincent de Paul. S\u0153ur Catherine \u00e9tait au S\u00e9minaire (noviciat) lorsqu\u2019elle a \u00e9t\u00e9 honor\u00e9e de la visite de Marie. Marie a daign\u00e9 se manifester \u00e0 S\u0153ur Catherine et, par elle, \u00e0 la Compagnie tout enti\u00e8re. Marie [&hellip;]\" \/>\n<meta property=\"og:url\" content=\"https:\/\/filles-de-la-charite.org\/fr\/rincon-oracion\/la-medaille-miraculeuse\/\" \/>\n<meta property=\"og:site_name\" content=\"Filles de la Charit\u00e9\" \/>\n<meta property=\"article:modified_time\" content=\"2020-11-24T16:37:54+00:00\" \/>\n<meta property=\"og:image\" content=\"https:\/\/filles-de-la-charite.org\/wp-content\/uploads\/2023\/06\/DiapositivaFR.jpg\" \/>\n\t<meta property=\"og:image:width\" content=\"1280\" \/>\n\t<meta property=\"og:image:height\" content=\"720\" \/>\n\t<meta property=\"og:image:type\" content=\"image\/jpeg\" \/>\n<meta name=\"twitter:card\" content=\"summary_large_image\" \/>\n<script type=\"application\/ld+json\" class=\"yoast-schema-graph\">{\"@context\":\"https:\\\/\\\/schema.org\",\"@graph\":[{\"@type\":\"WebPage\",\"@id\":\"https:\\\/\\\/filles-de-la-charite.org\\\/fr\\\/rincon-oracion\\\/la-medaille-miraculeuse\\\/\",\"url\":\"https:\\\/\\\/filles-de-la-charite.org\\\/fr\\\/rincon-oracion\\\/la-medaille-miraculeuse\\\/\",\"name\":\"La M\u00e9daille Miraculeuse - Filles de la Charit\u00e9\",\"isPartOf\":{\"@id\":\"https:\\\/\\\/filles-de-la-charite.org\\\/fr\\\/#website\"},\"primaryImageOfPage\":{\"@id\":\"https:\\\/\\\/filles-de-la-charite.org\\\/fr\\\/rincon-oracion\\\/la-medaille-miraculeuse\\\/#primaryimage\"},\"image\":{\"@id\":\"https:\\\/\\\/filles-de-la-charite.org\\\/fr\\\/rincon-oracion\\\/la-medaille-miraculeuse\\\/#primaryimage\"},\"thumbnailUrl\":\"https:\\\/\\\/filles-de-la-charite.org\\\/wp-content\\\/uploads\\\/2023\\\/06\\\/DiapositivaFR.jpg\",\"datePublished\":\"2020-11-24T16:30:17+00:00\",\"dateModified\":\"2020-11-24T16:37:54+00:00\",\"inLanguage\":\"fr-FR\",\"potentialAction\":[{\"@type\":\"ReadAction\",\"target\":[\"https:\\\/\\\/filles-de-la-charite.org\\\/fr\\\/rincon-oracion\\\/la-medaille-miraculeuse\\\/\"]}]},{\"@type\":\"ImageObject\",\"inLanguage\":\"fr-FR\",\"@id\":\"https:\\\/\\\/filles-de-la-charite.org\\\/fr\\\/rincon-oracion\\\/la-medaille-miraculeuse\\\/#primaryimage\",\"url\":\"https:\\\/\\\/filles-de-la-charite.org\\\/wp-content\\\/uploads\\\/2023\\\/06\\\/DiapositivaFR.jpg\",\"contentUrl\":\"https:\\\/\\\/filles-de-la-charite.org\\\/wp-content\\\/uploads\\\/2023\\\/06\\\/DiapositivaFR.jpg\",\"width\":1280,\"height\":720},{\"@type\":\"WebSite\",\"@id\":\"https:\\\/\\\/filles-de-la-charite.org\\\/fr\\\/#website\",\"url\":\"https:\\\/\\\/filles-de-la-charite.org\\\/fr\\\/\",\"name\":\"Hijas de la Caridad\",\"description\":\"L\u2019amour de J\u00e9sus nous presse \u00e0 prendre soin des personnes les plus d\u00e9munies\",\"publisher\":{\"@id\":\"https:\\\/\\\/filles-de-la-charite.org\\\/fr\\\/#organization\"},\"potentialAction\":[{\"@type\":\"SearchAction\",\"target\":{\"@type\":\"EntryPoint\",\"urlTemplate\":\"https:\\\/\\\/filles-de-la-charite.org\\\/fr\\\/?s={search_term_string}\"},\"query-input\":{\"@type\":\"PropertyValueSpecification\",\"valueRequired\":true,\"valueName\":\"search_term_string\"}}],\"inLanguage\":\"fr-FR\"},{\"@type\":\"Organization\",\"@id\":\"https:\\\/\\\/filles-de-la-charite.org\\\/fr\\\/#organization\",\"name\":\"Hijas de la Caridad\",\"url\":\"https:\\\/\\\/filles-de-la-charite.org\\\/fr\\\/\",\"logo\":{\"@type\":\"ImageObject\",\"inLanguage\":\"fr-FR\",\"@id\":\"https:\\\/\\\/filles-de-la-charite.org\\\/fr\\\/#\\\/schema\\\/logo\\\/image\\\/\",\"url\":\"https:\\\/\\\/filles-de-la-charite.org\\\/wp-content\\\/uploads\\\/2023\\\/03\\\/isotipo-Hijas-de-la-Caridad.png\",\"contentUrl\":\"https:\\\/\\\/filles-de-la-charite.org\\\/wp-content\\\/uploads\\\/2023\\\/03\\\/isotipo-Hijas-de-la-Caridad.png\",\"width\":1417,\"height\":1417,\"caption\":\"Hijas de la Caridad\"},\"image\":{\"@id\":\"https:\\\/\\\/filles-de-la-charite.org\\\/fr\\\/#\\\/schema\\\/logo\\\/image\\\/\"}}]}<\/script>\n<!-- \/ Yoast SEO plugin. -->","yoast_head_json":{"title":"La M\u00e9daille Miraculeuse - Filles de la Charit\u00e9","robots":{"index":"index","follow":"follow","max-snippet":"max-snippet:-1","max-image-preview":"max-image-preview:large","max-video-preview":"max-video-preview:-1"},"canonical":"https:\/\/filles-de-la-charite.org\/fr\/rincon-oracion\/la-medaille-miraculeuse\/","og_locale":"fr_FR","og_type":"article","og_title":"La M\u00e9daille Miraculeuse - Filles de la Charit\u00e9","og_description":"Le 27 novembre 1830, la Sainte Vierge Marie est apparue \u00e0 Ste Catherine Labour\u00e9, Fille de la Charit\u00e9 de St Vincent de Paul. S\u0153ur Catherine \u00e9tait au S\u00e9minaire (noviciat) lorsqu\u2019elle a \u00e9t\u00e9 honor\u00e9e de la visite de Marie. Marie a daign\u00e9 se manifester \u00e0 S\u0153ur Catherine et, par elle, \u00e0 la Compagnie tout enti\u00e8re. Marie [&hellip;]","og_url":"https:\/\/filles-de-la-charite.org\/fr\/rincon-oracion\/la-medaille-miraculeuse\/","og_site_name":"Filles de la Charit\u00e9","article_modified_time":"2020-11-24T16:37:54+00:00","og_image":[{"width":1280,"height":720,"url":"https:\/\/filles-de-la-charite.org\/wp-content\/uploads\/2023\/06\/DiapositivaFR.jpg","type":"image\/jpeg"}],"twitter_card":"summary_large_image","schema":{"@context":"https:\/\/schema.org","@graph":[{"@type":"WebPage","@id":"https:\/\/filles-de-la-charite.org\/fr\/rincon-oracion\/la-medaille-miraculeuse\/","url":"https:\/\/filles-de-la-charite.org\/fr\/rincon-oracion\/la-medaille-miraculeuse\/","name":"La M\u00e9daille Miraculeuse - Filles de la Charit\u00e9","isPartOf":{"@id":"https:\/\/filles-de-la-charite.org\/fr\/#website"},"primaryImageOfPage":{"@id":"https:\/\/filles-de-la-charite.org\/fr\/rincon-oracion\/la-medaille-miraculeuse\/#primaryimage"},"image":{"@id":"https:\/\/filles-de-la-charite.org\/fr\/rincon-oracion\/la-medaille-miraculeuse\/#primaryimage"},"thumbnailUrl":"https:\/\/filles-de-la-charite.org\/wp-content\/uploads\/2023\/06\/DiapositivaFR.jpg","datePublished":"2020-11-24T16:30:17+00:00","dateModified":"2020-11-24T16:37:54+00:00","inLanguage":"fr-FR","potentialAction":[{"@type":"ReadAction","target":["https:\/\/filles-de-la-charite.org\/fr\/rincon-oracion\/la-medaille-miraculeuse\/"]}]},{"@type":"ImageObject","inLanguage":"fr-FR","@id":"https:\/\/filles-de-la-charite.org\/fr\/rincon-oracion\/la-medaille-miraculeuse\/#primaryimage","url":"https:\/\/filles-de-la-charite.org\/wp-content\/uploads\/2023\/06\/DiapositivaFR.jpg","contentUrl":"https:\/\/filles-de-la-charite.org\/wp-content\/uploads\/2023\/06\/DiapositivaFR.jpg","width":1280,"height":720},{"@type":"WebSite","@id":"https:\/\/filles-de-la-charite.org\/fr\/#website","url":"https:\/\/filles-de-la-charite.org\/fr\/","name":"Hijas de la Caridad","description":"L\u2019amour de J\u00e9sus nous presse \u00e0 prendre soin des personnes les plus d\u00e9munies","publisher":{"@id":"https:\/\/filles-de-la-charite.org\/fr\/#organization"},"potentialAction":[{"@type":"SearchAction","target":{"@type":"EntryPoint","urlTemplate":"https:\/\/filles-de-la-charite.org\/fr\/?s={search_term_string}"},"query-input":{"@type":"PropertyValueSpecification","valueRequired":true,"valueName":"search_term_string"}}],"inLanguage":"fr-FR"},{"@type":"Organization","@id":"https:\/\/filles-de-la-charite.org\/fr\/#organization","name":"Hijas de la Caridad","url":"https:\/\/filles-de-la-charite.org\/fr\/","logo":{"@type":"ImageObject","inLanguage":"fr-FR","@id":"https:\/\/filles-de-la-charite.org\/fr\/#\/schema\/logo\/image\/","url":"https:\/\/filles-de-la-charite.org\/wp-content\/uploads\/2023\/03\/isotipo-Hijas-de-la-Caridad.png","contentUrl":"https:\/\/filles-de-la-charite.org\/wp-content\/uploads\/2023\/03\/isotipo-Hijas-de-la-Caridad.png","width":1417,"height":1417,"caption":"Hijas de la Caridad"},"image":{"@id":"https:\/\/filles-de-la-charite.org\/fr\/#\/schema\/logo\/image\/"}}]}},"_links":{"self":[{"href":"https:\/\/filles-de-la-charite.org\/fr\/wp-json\/wp\/v2\/rincon-oracion\/25675","targetHints":{"allow":["GET"]}}],"collection":[{"href":"https:\/\/filles-de-la-charite.org\/fr\/wp-json\/wp\/v2\/rincon-oracion"}],"about":[{"href":"https:\/\/filles-de-la-charite.org\/fr\/wp-json\/wp\/v2\/types\/rincon-oracion"}],"wp:featuredmedia":[{"embeddable":true,"href":"https:\/\/filles-de-la-charite.org\/fr\/wp-json\/wp\/v2\/media\/25676"}],"wp:attachment":[{"href":"https:\/\/filles-de-la-charite.org\/fr\/wp-json\/wp\/v2\/media?parent=25675"}],"curies":[{"name":"wp","href":"https:\/\/api.w.org\/{rel}","templated":true}]}}