{"id":25683,"date":"2021-01-31T23:00:00","date_gmt":"2021-01-31T22:00:00","guid":{"rendered":"https:\/\/hijascaridad.sjdigitaldemo.ovh\/rincon-oracion\/revons-a-la-lumiere-de-fratelli-tutti\/"},"modified":"2021-01-31T23:00:00","modified_gmt":"2021-01-31T22:00:00","slug":"revons-a-la-lumiere-de-fratelli-tutti","status":"publish","type":"rincon-oracion","link":"https:\/\/filles-de-la-charite.org\/fr\/rincon-oracion\/revons-a-la-lumiere-de-fratelli-tutti\/","title":{"rendered":"R\u00eavons!  (\u00c0 la lumi\u00e8re de Fratelli Tutti)"},"content":{"rendered":"\n<p>Le 8 d\u00e9cembre 2020, le Pape Fran\u00e7ois a d\u00e9di\u00e9 l\u2019ann\u00e9e 2021 \u00e0 St. Joseph, \u00ab l\u2019homme aux songes\u2026 \u00bb Demandons \u00e0 St. Joseph de nous obtenir \u00ab la gr\u00e2ce de savoir comment r\u00eaver en recherchant toujours la volont\u00e9 de Dieu dans les songes et aussi la gr\u00e2ce d\u2019accompagner les autres en silence, sans bavardages. \u00bb Implorons St. Joseph de nous accompagner le long du chemin pris par St. Fran\u00e7ois d\u2019Assise \u00ab exprimant l\u2019essentiel d\u2019une fraternit\u00e9 ouverte qui permet de reconna\u00eetre, de valoriser et d\u2019aimer chaque personne sans tenir compte de sa proximit\u00e9 physique, de son lieu de naissance ou de son lieu de vie. \u00bb (FT, 1)<\/p>\n\n\n\n<figure class=\"wp-block-embed-youtube wp-block-embed is-type-video is-provider-youtube wp-embed-aspect-16-9 wp-has-aspect-ratio\"><div class=\"wp-block-embed__wrapper\">\n<iframe loading=\"lazy\" title=\"F\u00e9vrier 2021 R\u00eavons!  (\u00c0 la lumi\u00e8re de Fratelli Tutti) FR\" width=\"1080\" height=\"608\" src=\"https:\/\/www.youtube.com\/embed\/PmI0Q5bOvdw?feature=oembed\"  allow=\"accelerometer; autoplay; clipboard-write; encrypted-media; gyroscope; picture-in-picture; web-share\" referrerpolicy=\"strict-origin-when-cross-origin\" allowfullscreen><\/iframe>\n<\/div><\/figure>\n","protected":false},"featured_media":25684,"template":"","meta":{"_acf_changed":false,"_links_to":"","_links_to_target":""},"class_list":["post-25683","rincon-oracion","type-rincon-oracion","status-publish","has-post-thumbnail","hentry"],"acf":[],"yoast_head":"<!-- This site is optimized with the Yoast SEO plugin v27.5 - https:\/\/yoast.com\/product\/yoast-seo-wordpress\/ -->\n<title>R\u00eavons! (\u00c0 la lumi\u00e8re de Fratelli Tutti) - Filles de la Charit\u00e9<\/title>\n<meta name=\"robots\" content=\"index, follow, max-snippet:-1, max-image-preview:large, max-video-preview:-1\" \/>\n<link rel=\"canonical\" href=\"https:\/\/filles-de-la-charite.org\/fr\/rincon-oracion\/revons-a-la-lumiere-de-fratelli-tutti\/\" \/>\n<meta property=\"og:locale\" content=\"fr_FR\" \/>\n<meta property=\"og:type\" content=\"article\" \/>\n<meta property=\"og:title\" content=\"R\u00eavons! (\u00c0 la lumi\u00e8re de Fratelli Tutti) - Filles de la Charit\u00e9\" \/>\n<meta property=\"og:description\" content=\"Le 8 d\u00e9cembre 2020, le Pape Fran\u00e7ois a d\u00e9di\u00e9 l\u2019ann\u00e9e 2021 \u00e0 St. Joseph, \u00ab l\u2019homme aux songes\u2026 \u00bb Demandons \u00e0 St. Joseph de nous obtenir \u00ab la gr\u00e2ce de savoir comment r\u00eaver en recherchant toujours la volont\u00e9 de Dieu dans les songes et aussi la gr\u00e2ce d\u2019accompagner les autres en silence, sans bavardages. \u00bb [&hellip;]\" \/>\n<meta property=\"og:url\" content=\"https:\/\/filles-de-la-charite.org\/fr\/rincon-oracion\/revons-a-la-lumiere-de-fratelli-tutti\/\" \/>\n<meta property=\"og:site_name\" content=\"Filles de la Charit\u00e9\" \/>\n<meta property=\"og:image\" content=\"https:\/\/filles-de-la-charite.org\/wp-content\/uploads\/2023\/06\/FR-2021.02-Revons.-A-la-lumiere-de-Fratelli-Tutti-1024x576.jpg\" \/>\n\t<meta property=\"og:image:width\" content=\"1024\" \/>\n\t<meta property=\"og:image:height\" content=\"576\" \/>\n\t<meta property=\"og:image:type\" content=\"image\/jpeg\" \/>\n<meta name=\"twitter:card\" content=\"summary_large_image\" \/>\n<meta name=\"twitter:label1\" content=\"Dur\u00e9e de lecture estim\u00e9e\" \/>\n\t<meta name=\"twitter:data1\" content=\"1 minute\" \/>\n<script type=\"application\/ld+json\" class=\"yoast-schema-graph\">{\"@context\":\"https:\\\/\\\/schema.org\",\"@graph\":[{\"@type\":\"WebPage\",\"@id\":\"https:\\\/\\\/filles-de-la-charite.org\\\/fr\\\/rincon-oracion\\\/revons-a-la-lumiere-de-fratelli-tutti\\\/\",\"url\":\"https:\\\/\\\/filles-de-la-charite.org\\\/fr\\\/rincon-oracion\\\/revons-a-la-lumiere-de-fratelli-tutti\\\/\",\"name\":\"R\u00eavons! (\u00c0 la lumi\u00e8re de Fratelli Tutti) - Filles de la Charit\u00e9\",\"isPartOf\":{\"@id\":\"https:\\\/\\\/filles-de-la-charite.org\\\/fr\\\/#website\"},\"primaryImageOfPage\":{\"@id\":\"https:\\\/\\\/filles-de-la-charite.org\\\/fr\\\/rincon-oracion\\\/revons-a-la-lumiere-de-fratelli-tutti\\\/#primaryimage\"},\"image\":{\"@id\":\"https:\\\/\\\/filles-de-la-charite.org\\\/fr\\\/rincon-oracion\\\/revons-a-la-lumiere-de-fratelli-tutti\\\/#primaryimage\"},\"thumbnailUrl\":\"https:\\\/\\\/filles-de-la-charite.org\\\/wp-content\\\/uploads\\\/2023\\\/06\\\/FR-2021.02-Revons.-A-la-lumiere-de-Fratelli-Tutti.jpg\",\"datePublished\":\"2021-01-31T22:00:00+00:00\",\"inLanguage\":\"fr-FR\",\"potentialAction\":[{\"@type\":\"ReadAction\",\"target\":[\"https:\\\/\\\/filles-de-la-charite.org\\\/fr\\\/rincon-oracion\\\/revons-a-la-lumiere-de-fratelli-tutti\\\/\"]}]},{\"@type\":\"ImageObject\",\"inLanguage\":\"fr-FR\",\"@id\":\"https:\\\/\\\/filles-de-la-charite.org\\\/fr\\\/rincon-oracion\\\/revons-a-la-lumiere-de-fratelli-tutti\\\/#primaryimage\",\"url\":\"https:\\\/\\\/filles-de-la-charite.org\\\/wp-content\\\/uploads\\\/2023\\\/06\\\/FR-2021.02-Revons.-A-la-lumiere-de-Fratelli-Tutti.jpg\",\"contentUrl\":\"https:\\\/\\\/filles-de-la-charite.org\\\/wp-content\\\/uploads\\\/2023\\\/06\\\/FR-2021.02-Revons.-A-la-lumiere-de-Fratelli-Tutti.jpg\",\"width\":10240,\"height\":5760},{\"@type\":\"WebSite\",\"@id\":\"https:\\\/\\\/filles-de-la-charite.org\\\/fr\\\/#website\",\"url\":\"https:\\\/\\\/filles-de-la-charite.org\\\/fr\\\/\",\"name\":\"Hijas de la Caridad\",\"description\":\"L\u2019amour de J\u00e9sus nous presse \u00e0 prendre soin des personnes les plus d\u00e9munies\",\"publisher\":{\"@id\":\"https:\\\/\\\/filles-de-la-charite.org\\\/fr\\\/#organization\"},\"potentialAction\":[{\"@type\":\"SearchAction\",\"target\":{\"@type\":\"EntryPoint\",\"urlTemplate\":\"https:\\\/\\\/filles-de-la-charite.org\\\/fr\\\/?s={search_term_string}\"},\"query-input\":{\"@type\":\"PropertyValueSpecification\",\"valueRequired\":true,\"valueName\":\"search_term_string\"}}],\"inLanguage\":\"fr-FR\"},{\"@type\":\"Organization\",\"@id\":\"https:\\\/\\\/filles-de-la-charite.org\\\/fr\\\/#organization\",\"name\":\"Hijas de la Caridad\",\"url\":\"https:\\\/\\\/filles-de-la-charite.org\\\/fr\\\/\",\"logo\":{\"@type\":\"ImageObject\",\"inLanguage\":\"fr-FR\",\"@id\":\"https:\\\/\\\/filles-de-la-charite.org\\\/fr\\\/#\\\/schema\\\/logo\\\/image\\\/\",\"url\":\"https:\\\/\\\/filles-de-la-charite.org\\\/wp-content\\\/uploads\\\/2023\\\/03\\\/isotipo-Hijas-de-la-Caridad.png\",\"contentUrl\":\"https:\\\/\\\/filles-de-la-charite.org\\\/wp-content\\\/uploads\\\/2023\\\/03\\\/isotipo-Hijas-de-la-Caridad.png\",\"width\":1417,\"height\":1417,\"caption\":\"Hijas de la Caridad\"},\"image\":{\"@id\":\"https:\\\/\\\/filles-de-la-charite.org\\\/fr\\\/#\\\/schema\\\/logo\\\/image\\\/\"}}]}<\/script>\n<!-- \/ Yoast SEO plugin. -->","yoast_head_json":{"title":"R\u00eavons! (\u00c0 la lumi\u00e8re de Fratelli Tutti) - Filles de la Charit\u00e9","robots":{"index":"index","follow":"follow","max-snippet":"max-snippet:-1","max-image-preview":"max-image-preview:large","max-video-preview":"max-video-preview:-1"},"canonical":"https:\/\/filles-de-la-charite.org\/fr\/rincon-oracion\/revons-a-la-lumiere-de-fratelli-tutti\/","og_locale":"fr_FR","og_type":"article","og_title":"R\u00eavons! (\u00c0 la lumi\u00e8re de Fratelli Tutti) - Filles de la Charit\u00e9","og_description":"Le 8 d\u00e9cembre 2020, le Pape Fran\u00e7ois a d\u00e9di\u00e9 l\u2019ann\u00e9e 2021 \u00e0 St. Joseph, \u00ab l\u2019homme aux songes\u2026 \u00bb Demandons \u00e0 St. Joseph de nous obtenir \u00ab la gr\u00e2ce de savoir comment r\u00eaver en recherchant toujours la volont\u00e9 de Dieu dans les songes et aussi la gr\u00e2ce d\u2019accompagner les autres en silence, sans bavardages. \u00bb [&hellip;]","og_url":"https:\/\/filles-de-la-charite.org\/fr\/rincon-oracion\/revons-a-la-lumiere-de-fratelli-tutti\/","og_site_name":"Filles de la Charit\u00e9","og_image":[{"width":1024,"height":576,"url":"https:\/\/filles-de-la-charite.org\/wp-content\/uploads\/2023\/06\/FR-2021.02-Revons.-A-la-lumiere-de-Fratelli-Tutti-1024x576.jpg","type":"image\/jpeg"}],"twitter_card":"summary_large_image","twitter_misc":{"Dur\u00e9e de lecture estim\u00e9e":"1 minute"},"schema":{"@context":"https:\/\/schema.org","@graph":[{"@type":"WebPage","@id":"https:\/\/filles-de-la-charite.org\/fr\/rincon-oracion\/revons-a-la-lumiere-de-fratelli-tutti\/","url":"https:\/\/filles-de-la-charite.org\/fr\/rincon-oracion\/revons-a-la-lumiere-de-fratelli-tutti\/","name":"R\u00eavons! (\u00c0 la lumi\u00e8re de Fratelli Tutti) - Filles de la Charit\u00e9","isPartOf":{"@id":"https:\/\/filles-de-la-charite.org\/fr\/#website"},"primaryImageOfPage":{"@id":"https:\/\/filles-de-la-charite.org\/fr\/rincon-oracion\/revons-a-la-lumiere-de-fratelli-tutti\/#primaryimage"},"image":{"@id":"https:\/\/filles-de-la-charite.org\/fr\/rincon-oracion\/revons-a-la-lumiere-de-fratelli-tutti\/#primaryimage"},"thumbnailUrl":"https:\/\/filles-de-la-charite.org\/wp-content\/uploads\/2023\/06\/FR-2021.02-Revons.-A-la-lumiere-de-Fratelli-Tutti.jpg","datePublished":"2021-01-31T22:00:00+00:00","inLanguage":"fr-FR","potentialAction":[{"@type":"ReadAction","target":["https:\/\/filles-de-la-charite.org\/fr\/rincon-oracion\/revons-a-la-lumiere-de-fratelli-tutti\/"]}]},{"@type":"ImageObject","inLanguage":"fr-FR","@id":"https:\/\/filles-de-la-charite.org\/fr\/rincon-oracion\/revons-a-la-lumiere-de-fratelli-tutti\/#primaryimage","url":"https:\/\/filles-de-la-charite.org\/wp-content\/uploads\/2023\/06\/FR-2021.02-Revons.-A-la-lumiere-de-Fratelli-Tutti.jpg","contentUrl":"https:\/\/filles-de-la-charite.org\/wp-content\/uploads\/2023\/06\/FR-2021.02-Revons.-A-la-lumiere-de-Fratelli-Tutti.jpg","width":10240,"height":5760},{"@type":"WebSite","@id":"https:\/\/filles-de-la-charite.org\/fr\/#website","url":"https:\/\/filles-de-la-charite.org\/fr\/","name":"Hijas de la Caridad","description":"L\u2019amour de J\u00e9sus nous presse \u00e0 prendre soin des personnes les plus d\u00e9munies","publisher":{"@id":"https:\/\/filles-de-la-charite.org\/fr\/#organization"},"potentialAction":[{"@type":"SearchAction","target":{"@type":"EntryPoint","urlTemplate":"https:\/\/filles-de-la-charite.org\/fr\/?s={search_term_string}"},"query-input":{"@type":"PropertyValueSpecification","valueRequired":true,"valueName":"search_term_string"}}],"inLanguage":"fr-FR"},{"@type":"Organization","@id":"https:\/\/filles-de-la-charite.org\/fr\/#organization","name":"Hijas de la Caridad","url":"https:\/\/filles-de-la-charite.org\/fr\/","logo":{"@type":"ImageObject","inLanguage":"fr-FR","@id":"https:\/\/filles-de-la-charite.org\/fr\/#\/schema\/logo\/image\/","url":"https:\/\/filles-de-la-charite.org\/wp-content\/uploads\/2023\/03\/isotipo-Hijas-de-la-Caridad.png","contentUrl":"https:\/\/filles-de-la-charite.org\/wp-content\/uploads\/2023\/03\/isotipo-Hijas-de-la-Caridad.png","width":1417,"height":1417,"caption":"Hijas de la Caridad"},"image":{"@id":"https:\/\/filles-de-la-charite.org\/fr\/#\/schema\/logo\/image\/"}}]}},"_links":{"self":[{"href":"https:\/\/filles-de-la-charite.org\/fr\/wp-json\/wp\/v2\/rincon-oracion\/25683","targetHints":{"allow":["GET"]}}],"collection":[{"href":"https:\/\/filles-de-la-charite.org\/fr\/wp-json\/wp\/v2\/rincon-oracion"}],"about":[{"href":"https:\/\/filles-de-la-charite.org\/fr\/wp-json\/wp\/v2\/types\/rincon-oracion"}],"wp:featuredmedia":[{"embeddable":true,"href":"https:\/\/filles-de-la-charite.org\/fr\/wp-json\/wp\/v2\/media\/25684"}],"wp:attachment":[{"href":"https:\/\/filles-de-la-charite.org\/fr\/wp-json\/wp\/v2\/media?parent=25683"}],"curies":[{"name":"wp","href":"https:\/\/api.w.org\/{rel}","templated":true}]}}