{"id":25704,"date":"2021-04-30T22:00:00","date_gmt":"2021-04-30T20:00:00","guid":{"rendered":"https:\/\/hijascaridad.sjdigitaldemo.ovh\/rincon-oracion\/avec-un-coeur-de-pere\/"},"modified":"2021-04-30T22:00:00","modified_gmt":"2021-04-30T20:00:00","slug":"avec-un-coeur-de-pere","status":"publish","type":"rincon-oracion","link":"https:\/\/filles-de-la-charite.org\/fr\/rincon-oracion\/avec-un-coeur-de-pere\/","title":{"rendered":"Avec un c\u0153ur de P\u00e8re"},"content":{"rendered":"\n<p>Avec un c\u0153ur de p\u00e8re : C\u2019est ainsi que Joseph a aim\u00e9 J\u00e9sus, qui est appel\u00e9 dans les quatre \u00c9vangiles \u00ab le fils de Joseph \u00bb. Nous savons qu\u2019il \u00e9tait un humble charpentier, promis en mariage \u00e0 Marie ; un \u00ab homme juste \u00bb, toujours pr\u00eat \u00e0 accomplir la volont\u00e9 de Dieu manifest\u00e9e dans sa Loi, et \u00e0 travers quatre songes. Il eut le courage d\u2019assumer la paternit\u00e9 l\u00e9gale de J\u00e9sus.<\/p>\n\n\n\n<figure class=\"wp-block-embed-youtube wp-block-embed is-type-video is-provider-youtube wp-embed-aspect-16-9 wp-has-aspect-ratio\"><div class=\"wp-block-embed__wrapper\">\n<iframe loading=\"lazy\" title=\"[Mai 2021] Avec un c\u0153ur de P\u00e8re FR\" width=\"1080\" height=\"608\" src=\"https:\/\/www.youtube.com\/embed\/L0veSPWICXY?feature=oembed\"  allow=\"accelerometer; autoplay; clipboard-write; encrypted-media; gyroscope; picture-in-picture; web-share\" referrerpolicy=\"strict-origin-when-cross-origin\" allowfullscreen><\/iframe>\n<\/div><\/figure>\n","protected":false},"featured_media":25705,"template":"","meta":{"_acf_changed":false,"_links_to":"","_links_to_target":""},"class_list":["post-25704","rincon-oracion","type-rincon-oracion","status-publish","has-post-thumbnail","hentry"],"acf":[],"yoast_head":"<!-- This site is optimized with the Yoast SEO plugin v27.5 - https:\/\/yoast.com\/product\/yoast-seo-wordpress\/ -->\n<title>Avec un c\u0153ur de P\u00e8re - Filles de la Charit\u00e9<\/title>\n<meta name=\"robots\" content=\"index, follow, max-snippet:-1, max-image-preview:large, max-video-preview:-1\" \/>\n<link rel=\"canonical\" href=\"https:\/\/filles-de-la-charite.org\/fr\/rincon-oracion\/avec-un-coeur-de-pere\/\" \/>\n<meta property=\"og:locale\" content=\"fr_FR\" \/>\n<meta property=\"og:type\" content=\"article\" \/>\n<meta property=\"og:title\" content=\"Avec un c\u0153ur de P\u00e8re - Filles de la Charit\u00e9\" \/>\n<meta property=\"og:description\" content=\"Avec un c\u0153ur de p\u00e8re : C\u2019est ainsi que Joseph a aim\u00e9 J\u00e9sus, qui est appel\u00e9 dans les quatre \u00c9vangiles \u00ab le fils de Joseph \u00bb. Nous savons qu\u2019il \u00e9tait un humble charpentier, promis en mariage \u00e0 Marie ; un \u00ab homme juste \u00bb, toujours pr\u00eat \u00e0 accomplir la volont\u00e9 de Dieu manifest\u00e9e dans sa [&hellip;]\" \/>\n<meta property=\"og:url\" content=\"https:\/\/filles-de-la-charite.org\/fr\/rincon-oracion\/avec-un-coeur-de-pere\/\" \/>\n<meta property=\"og:site_name\" content=\"Filles de la Charit\u00e9\" \/>\n<meta property=\"og:image\" content=\"https:\/\/filles-de-la-charite.org\/wp-content\/uploads\/2023\/06\/Mai-2021-Avec-un-coeur-de-Pere-FR.jpg\" \/>\n\t<meta property=\"og:image:width\" content=\"1280\" \/>\n\t<meta property=\"og:image:height\" content=\"720\" \/>\n\t<meta property=\"og:image:type\" content=\"image\/jpeg\" \/>\n<meta name=\"twitter:card\" content=\"summary_large_image\" \/>\n<meta name=\"twitter:label1\" content=\"Dur\u00e9e de lecture estim\u00e9e\" \/>\n\t<meta name=\"twitter:data1\" content=\"1 minute\" \/>\n<script type=\"application\/ld+json\" class=\"yoast-schema-graph\">{\"@context\":\"https:\\\/\\\/schema.org\",\"@graph\":[{\"@type\":\"WebPage\",\"@id\":\"https:\\\/\\\/filles-de-la-charite.org\\\/fr\\\/rincon-oracion\\\/avec-un-coeur-de-pere\\\/\",\"url\":\"https:\\\/\\\/filles-de-la-charite.org\\\/fr\\\/rincon-oracion\\\/avec-un-coeur-de-pere\\\/\",\"name\":\"Avec un c\u0153ur de P\u00e8re - Filles de la Charit\u00e9\",\"isPartOf\":{\"@id\":\"https:\\\/\\\/filles-de-la-charite.org\\\/fr\\\/#website\"},\"primaryImageOfPage\":{\"@id\":\"https:\\\/\\\/filles-de-la-charite.org\\\/fr\\\/rincon-oracion\\\/avec-un-coeur-de-pere\\\/#primaryimage\"},\"image\":{\"@id\":\"https:\\\/\\\/filles-de-la-charite.org\\\/fr\\\/rincon-oracion\\\/avec-un-coeur-de-pere\\\/#primaryimage\"},\"thumbnailUrl\":\"https:\\\/\\\/filles-de-la-charite.org\\\/wp-content\\\/uploads\\\/2023\\\/06\\\/Mai-2021-Avec-un-coeur-de-Pere-FR.jpg\",\"datePublished\":\"2021-04-30T20:00:00+00:00\",\"inLanguage\":\"fr-FR\",\"potentialAction\":[{\"@type\":\"ReadAction\",\"target\":[\"https:\\\/\\\/filles-de-la-charite.org\\\/fr\\\/rincon-oracion\\\/avec-un-coeur-de-pere\\\/\"]}]},{\"@type\":\"ImageObject\",\"inLanguage\":\"fr-FR\",\"@id\":\"https:\\\/\\\/filles-de-la-charite.org\\\/fr\\\/rincon-oracion\\\/avec-un-coeur-de-pere\\\/#primaryimage\",\"url\":\"https:\\\/\\\/filles-de-la-charite.org\\\/wp-content\\\/uploads\\\/2023\\\/06\\\/Mai-2021-Avec-un-coeur-de-Pere-FR.jpg\",\"contentUrl\":\"https:\\\/\\\/filles-de-la-charite.org\\\/wp-content\\\/uploads\\\/2023\\\/06\\\/Mai-2021-Avec-un-coeur-de-Pere-FR.jpg\",\"width\":1280,\"height\":720},{\"@type\":\"WebSite\",\"@id\":\"https:\\\/\\\/filles-de-la-charite.org\\\/fr\\\/#website\",\"url\":\"https:\\\/\\\/filles-de-la-charite.org\\\/fr\\\/\",\"name\":\"Hijas de la Caridad\",\"description\":\"L\u2019amour de J\u00e9sus nous presse \u00e0 prendre soin des personnes les plus d\u00e9munies\",\"publisher\":{\"@id\":\"https:\\\/\\\/filles-de-la-charite.org\\\/fr\\\/#organization\"},\"potentialAction\":[{\"@type\":\"SearchAction\",\"target\":{\"@type\":\"EntryPoint\",\"urlTemplate\":\"https:\\\/\\\/filles-de-la-charite.org\\\/fr\\\/?s={search_term_string}\"},\"query-input\":{\"@type\":\"PropertyValueSpecification\",\"valueRequired\":true,\"valueName\":\"search_term_string\"}}],\"inLanguage\":\"fr-FR\"},{\"@type\":\"Organization\",\"@id\":\"https:\\\/\\\/filles-de-la-charite.org\\\/fr\\\/#organization\",\"name\":\"Hijas de la Caridad\",\"url\":\"https:\\\/\\\/filles-de-la-charite.org\\\/fr\\\/\",\"logo\":{\"@type\":\"ImageObject\",\"inLanguage\":\"fr-FR\",\"@id\":\"https:\\\/\\\/filles-de-la-charite.org\\\/fr\\\/#\\\/schema\\\/logo\\\/image\\\/\",\"url\":\"https:\\\/\\\/filles-de-la-charite.org\\\/wp-content\\\/uploads\\\/2023\\\/03\\\/isotipo-Hijas-de-la-Caridad.png\",\"contentUrl\":\"https:\\\/\\\/filles-de-la-charite.org\\\/wp-content\\\/uploads\\\/2023\\\/03\\\/isotipo-Hijas-de-la-Caridad.png\",\"width\":1417,\"height\":1417,\"caption\":\"Hijas de la Caridad\"},\"image\":{\"@id\":\"https:\\\/\\\/filles-de-la-charite.org\\\/fr\\\/#\\\/schema\\\/logo\\\/image\\\/\"}}]}<\/script>\n<!-- \/ Yoast SEO plugin. -->","yoast_head_json":{"title":"Avec un c\u0153ur de P\u00e8re - Filles de la Charit\u00e9","robots":{"index":"index","follow":"follow","max-snippet":"max-snippet:-1","max-image-preview":"max-image-preview:large","max-video-preview":"max-video-preview:-1"},"canonical":"https:\/\/filles-de-la-charite.org\/fr\/rincon-oracion\/avec-un-coeur-de-pere\/","og_locale":"fr_FR","og_type":"article","og_title":"Avec un c\u0153ur de P\u00e8re - Filles de la Charit\u00e9","og_description":"Avec un c\u0153ur de p\u00e8re : C\u2019est ainsi que Joseph a aim\u00e9 J\u00e9sus, qui est appel\u00e9 dans les quatre \u00c9vangiles \u00ab le fils de Joseph \u00bb. Nous savons qu\u2019il \u00e9tait un humble charpentier, promis en mariage \u00e0 Marie ; un \u00ab homme juste \u00bb, toujours pr\u00eat \u00e0 accomplir la volont\u00e9 de Dieu manifest\u00e9e dans sa [&hellip;]","og_url":"https:\/\/filles-de-la-charite.org\/fr\/rincon-oracion\/avec-un-coeur-de-pere\/","og_site_name":"Filles de la Charit\u00e9","og_image":[{"width":1280,"height":720,"url":"https:\/\/filles-de-la-charite.org\/wp-content\/uploads\/2023\/06\/Mai-2021-Avec-un-coeur-de-Pere-FR.jpg","type":"image\/jpeg"}],"twitter_card":"summary_large_image","twitter_misc":{"Dur\u00e9e de lecture estim\u00e9e":"1 minute"},"schema":{"@context":"https:\/\/schema.org","@graph":[{"@type":"WebPage","@id":"https:\/\/filles-de-la-charite.org\/fr\/rincon-oracion\/avec-un-coeur-de-pere\/","url":"https:\/\/filles-de-la-charite.org\/fr\/rincon-oracion\/avec-un-coeur-de-pere\/","name":"Avec un c\u0153ur de P\u00e8re - Filles de la Charit\u00e9","isPartOf":{"@id":"https:\/\/filles-de-la-charite.org\/fr\/#website"},"primaryImageOfPage":{"@id":"https:\/\/filles-de-la-charite.org\/fr\/rincon-oracion\/avec-un-coeur-de-pere\/#primaryimage"},"image":{"@id":"https:\/\/filles-de-la-charite.org\/fr\/rincon-oracion\/avec-un-coeur-de-pere\/#primaryimage"},"thumbnailUrl":"https:\/\/filles-de-la-charite.org\/wp-content\/uploads\/2023\/06\/Mai-2021-Avec-un-coeur-de-Pere-FR.jpg","datePublished":"2021-04-30T20:00:00+00:00","inLanguage":"fr-FR","potentialAction":[{"@type":"ReadAction","target":["https:\/\/filles-de-la-charite.org\/fr\/rincon-oracion\/avec-un-coeur-de-pere\/"]}]},{"@type":"ImageObject","inLanguage":"fr-FR","@id":"https:\/\/filles-de-la-charite.org\/fr\/rincon-oracion\/avec-un-coeur-de-pere\/#primaryimage","url":"https:\/\/filles-de-la-charite.org\/wp-content\/uploads\/2023\/06\/Mai-2021-Avec-un-coeur-de-Pere-FR.jpg","contentUrl":"https:\/\/filles-de-la-charite.org\/wp-content\/uploads\/2023\/06\/Mai-2021-Avec-un-coeur-de-Pere-FR.jpg","width":1280,"height":720},{"@type":"WebSite","@id":"https:\/\/filles-de-la-charite.org\/fr\/#website","url":"https:\/\/filles-de-la-charite.org\/fr\/","name":"Hijas de la Caridad","description":"L\u2019amour de J\u00e9sus nous presse \u00e0 prendre soin des personnes les plus d\u00e9munies","publisher":{"@id":"https:\/\/filles-de-la-charite.org\/fr\/#organization"},"potentialAction":[{"@type":"SearchAction","target":{"@type":"EntryPoint","urlTemplate":"https:\/\/filles-de-la-charite.org\/fr\/?s={search_term_string}"},"query-input":{"@type":"PropertyValueSpecification","valueRequired":true,"valueName":"search_term_string"}}],"inLanguage":"fr-FR"},{"@type":"Organization","@id":"https:\/\/filles-de-la-charite.org\/fr\/#organization","name":"Hijas de la Caridad","url":"https:\/\/filles-de-la-charite.org\/fr\/","logo":{"@type":"ImageObject","inLanguage":"fr-FR","@id":"https:\/\/filles-de-la-charite.org\/fr\/#\/schema\/logo\/image\/","url":"https:\/\/filles-de-la-charite.org\/wp-content\/uploads\/2023\/03\/isotipo-Hijas-de-la-Caridad.png","contentUrl":"https:\/\/filles-de-la-charite.org\/wp-content\/uploads\/2023\/03\/isotipo-Hijas-de-la-Caridad.png","width":1417,"height":1417,"caption":"Hijas de la Caridad"},"image":{"@id":"https:\/\/filles-de-la-charite.org\/fr\/#\/schema\/logo\/image\/"}}]}},"_links":{"self":[{"href":"https:\/\/filles-de-la-charite.org\/fr\/wp-json\/wp\/v2\/rincon-oracion\/25704","targetHints":{"allow":["GET"]}}],"collection":[{"href":"https:\/\/filles-de-la-charite.org\/fr\/wp-json\/wp\/v2\/rincon-oracion"}],"about":[{"href":"https:\/\/filles-de-la-charite.org\/fr\/wp-json\/wp\/v2\/types\/rincon-oracion"}],"wp:featuredmedia":[{"embeddable":true,"href":"https:\/\/filles-de-la-charite.org\/fr\/wp-json\/wp\/v2\/media\/25705"}],"wp:attachment":[{"href":"https:\/\/filles-de-la-charite.org\/fr\/wp-json\/wp\/v2\/media?parent=25704"}],"curies":[{"name":"wp","href":"https:\/\/api.w.org\/{rel}","templated":true}]}}