{"id":25746,"date":"2021-12-31T23:00:00","date_gmt":"2021-12-31T22:00:00","guid":{"rendered":"https:\/\/hijascaridad.sjdigitaldemo.ovh\/rincon-oracion\/o-jesus-il-en-a-fallu-des-kilometres-pour-que-les-mages-te-trouvent\/"},"modified":"2023-06-26T09:30:05","modified_gmt":"2023-06-26T07:30:05","slug":"o-jesus-il-en-a-fallu-des-kilometres-pour-que-les-mages-te-trouvent","status":"publish","type":"rincon-oracion","link":"https:\/\/filles-de-la-charite.org\/fr\/rincon-oracion\/o-jesus-il-en-a-fallu-des-kilometres-pour-que-les-mages-te-trouvent\/","title":{"rendered":"La Pri\u00e8re"},"content":{"rendered":"\n<p>l\u2019\u00c9piphanie est \u00abla manifestation du Seigneur \u00e0 toutes les nations: en effet, le salut accompli par le Christ ne conna\u00eet pas de fronti\u00e8res, c\u2019est pour tout le monde. C\u2019est toujours le m\u00eame \u00e9v\u00e9nement que la Nativit\u00e9, vu cependant dans sa dimension de lumi\u00e8re: une lumi\u00e8re qui illumine chaque homme, une lumi\u00e8re \u00e0 accueillir dans la foi et une lumi\u00e8re \u00e0 apporter aux autres dans la charit\u00e9, dans le t\u00e9moignage, dans l\u2019annonce de l\u2019Evangile. Nous aussi, comme les Rois Mages, nous sommes appel\u00e9s \u00e0 nous laisser toujours fasciner, attirer, guider, illuminer et convertir par le Christ: c\u2019est le chemin de la foi, \u00e0 travers la pri\u00e8re et la contemplation des \u0153uvres de Dieu, qui sans cesse nous remplissent d\u2019une joie et d\u2019un \u00e9merveillement toujours nouveau\u00bb \u00bb Pape Fran\u00e7ois Ang\u00e9lus 06\/01\/2021<\/p>\n\n\n\n<figure class=\"wp-block-embed is-type-video is-provider-youtube wp-block-embed-youtube wp-embed-aspect-16-9 wp-has-aspect-ratio\"><div class=\"wp-block-embed__wrapper\">\n<iframe loading=\"lazy\" title=\"Janvier 2022 La Pri\u00e8re FR\" width=\"1080\" height=\"608\" src=\"https:\/\/www.youtube.com\/embed\/s6xbezdVTiE?feature=oembed\"  allow=\"accelerometer; autoplay; clipboard-write; encrypted-media; gyroscope; picture-in-picture; web-share\" referrerpolicy=\"strict-origin-when-cross-origin\" allowfullscreen><\/iframe>\n<\/div><\/figure>\n","protected":false},"featured_media":25747,"template":"","meta":{"_acf_changed":false,"_et_pb_use_builder":"","_et_pb_old_content":"","_et_gb_content_width":"","_links_to":"","_links_to_target":""},"class_list":["post-25746","rincon-oracion","type-rincon-oracion","status-publish","has-post-thumbnail","hentry"],"acf":[],"yoast_head":"<!-- This site is optimized with the Yoast SEO plugin v27.5 - https:\/\/yoast.com\/product\/yoast-seo-wordpress\/ -->\n<title>La Pri\u00e8re - Filles de la Charit\u00e9<\/title>\n<meta name=\"robots\" content=\"index, follow, max-snippet:-1, max-image-preview:large, max-video-preview:-1\" \/>\n<link rel=\"canonical\" href=\"https:\/\/filles-de-la-charite.org\/fr\/rincon-oracion\/o-jesus-il-en-a-fallu-des-kilometres-pour-que-les-mages-te-trouvent\/\" \/>\n<meta property=\"og:locale\" content=\"fr_FR\" \/>\n<meta property=\"og:type\" content=\"article\" \/>\n<meta property=\"og:title\" content=\"La Pri\u00e8re - Filles de la Charit\u00e9\" \/>\n<meta property=\"og:description\" content=\"l\u2019\u00c9piphanie est \u00abla manifestation du Seigneur \u00e0 toutes les nations: en effet, le salut accompli par le Christ ne conna\u00eet pas de fronti\u00e8res, c\u2019est pour tout le monde. C\u2019est toujours le m\u00eame \u00e9v\u00e9nement que la Nativit\u00e9, vu cependant dans sa dimension de lumi\u00e8re: une lumi\u00e8re qui illumine chaque homme, une lumi\u00e8re \u00e0 accueillir dans la [&hellip;]\" \/>\n<meta property=\"og:url\" content=\"https:\/\/filles-de-la-charite.org\/fr\/rincon-oracion\/o-jesus-il-en-a-fallu-des-kilometres-pour-que-les-mages-te-trouvent\/\" \/>\n<meta property=\"og:site_name\" content=\"Filles de la Charit\u00e9\" \/>\n<meta property=\"article:modified_time\" content=\"2023-06-26T07:30:05+00:00\" \/>\n<meta property=\"og:image\" content=\"https:\/\/filles-de-la-charite.org\/wp-content\/uploads\/2023\/06\/Janvier-2022-FR-scaled-1.jpg\" \/>\n\t<meta property=\"og:image:width\" content=\"2560\" \/>\n\t<meta property=\"og:image:height\" content=\"1440\" \/>\n\t<meta property=\"og:image:type\" content=\"image\/jpeg\" \/>\n<meta name=\"twitter:card\" content=\"summary_large_image\" \/>\n<meta name=\"twitter:label1\" content=\"Dur\u00e9e de lecture estim\u00e9e\" \/>\n\t<meta name=\"twitter:data1\" content=\"1 minute\" \/>\n<script type=\"application\/ld+json\" class=\"yoast-schema-graph\">{\"@context\":\"https:\\\/\\\/schema.org\",\"@graph\":[{\"@type\":\"WebPage\",\"@id\":\"https:\\\/\\\/filles-de-la-charite.org\\\/fr\\\/rincon-oracion\\\/o-jesus-il-en-a-fallu-des-kilometres-pour-que-les-mages-te-trouvent\\\/\",\"url\":\"https:\\\/\\\/filles-de-la-charite.org\\\/fr\\\/rincon-oracion\\\/o-jesus-il-en-a-fallu-des-kilometres-pour-que-les-mages-te-trouvent\\\/\",\"name\":\"La Pri\u00e8re - Filles de la Charit\u00e9\",\"isPartOf\":{\"@id\":\"https:\\\/\\\/filles-de-la-charite.org\\\/fr\\\/#website\"},\"primaryImageOfPage\":{\"@id\":\"https:\\\/\\\/filles-de-la-charite.org\\\/fr\\\/rincon-oracion\\\/o-jesus-il-en-a-fallu-des-kilometres-pour-que-les-mages-te-trouvent\\\/#primaryimage\"},\"image\":{\"@id\":\"https:\\\/\\\/filles-de-la-charite.org\\\/fr\\\/rincon-oracion\\\/o-jesus-il-en-a-fallu-des-kilometres-pour-que-les-mages-te-trouvent\\\/#primaryimage\"},\"thumbnailUrl\":\"https:\\\/\\\/filles-de-la-charite.org\\\/wp-content\\\/uploads\\\/2023\\\/06\\\/Janvier-2022-FR-scaled-1.jpg\",\"datePublished\":\"2021-12-31T22:00:00+00:00\",\"dateModified\":\"2023-06-26T07:30:05+00:00\",\"inLanguage\":\"fr-FR\",\"potentialAction\":[{\"@type\":\"ReadAction\",\"target\":[\"https:\\\/\\\/filles-de-la-charite.org\\\/fr\\\/rincon-oracion\\\/o-jesus-il-en-a-fallu-des-kilometres-pour-que-les-mages-te-trouvent\\\/\"]}]},{\"@type\":\"ImageObject\",\"inLanguage\":\"fr-FR\",\"@id\":\"https:\\\/\\\/filles-de-la-charite.org\\\/fr\\\/rincon-oracion\\\/o-jesus-il-en-a-fallu-des-kilometres-pour-que-les-mages-te-trouvent\\\/#primaryimage\",\"url\":\"https:\\\/\\\/filles-de-la-charite.org\\\/wp-content\\\/uploads\\\/2023\\\/06\\\/Janvier-2022-FR-scaled-1.jpg\",\"contentUrl\":\"https:\\\/\\\/filles-de-la-charite.org\\\/wp-content\\\/uploads\\\/2023\\\/06\\\/Janvier-2022-FR-scaled-1.jpg\",\"width\":2560,\"height\":1440},{\"@type\":\"WebSite\",\"@id\":\"https:\\\/\\\/filles-de-la-charite.org\\\/fr\\\/#website\",\"url\":\"https:\\\/\\\/filles-de-la-charite.org\\\/fr\\\/\",\"name\":\"Hijas de la Caridad\",\"description\":\"L\u2019amour de J\u00e9sus nous presse \u00e0 prendre soin des personnes les plus d\u00e9munies\",\"publisher\":{\"@id\":\"https:\\\/\\\/filles-de-la-charite.org\\\/fr\\\/#organization\"},\"potentialAction\":[{\"@type\":\"SearchAction\",\"target\":{\"@type\":\"EntryPoint\",\"urlTemplate\":\"https:\\\/\\\/filles-de-la-charite.org\\\/fr\\\/?s={search_term_string}\"},\"query-input\":{\"@type\":\"PropertyValueSpecification\",\"valueRequired\":true,\"valueName\":\"search_term_string\"}}],\"inLanguage\":\"fr-FR\"},{\"@type\":\"Organization\",\"@id\":\"https:\\\/\\\/filles-de-la-charite.org\\\/fr\\\/#organization\",\"name\":\"Hijas de la Caridad\",\"url\":\"https:\\\/\\\/filles-de-la-charite.org\\\/fr\\\/\",\"logo\":{\"@type\":\"ImageObject\",\"inLanguage\":\"fr-FR\",\"@id\":\"https:\\\/\\\/filles-de-la-charite.org\\\/fr\\\/#\\\/schema\\\/logo\\\/image\\\/\",\"url\":\"https:\\\/\\\/filles-de-la-charite.org\\\/wp-content\\\/uploads\\\/2023\\\/03\\\/isotipo-Hijas-de-la-Caridad.png\",\"contentUrl\":\"https:\\\/\\\/filles-de-la-charite.org\\\/wp-content\\\/uploads\\\/2023\\\/03\\\/isotipo-Hijas-de-la-Caridad.png\",\"width\":1417,\"height\":1417,\"caption\":\"Hijas de la Caridad\"},\"image\":{\"@id\":\"https:\\\/\\\/filles-de-la-charite.org\\\/fr\\\/#\\\/schema\\\/logo\\\/image\\\/\"}}]}<\/script>\n<!-- \/ Yoast SEO plugin. -->","yoast_head_json":{"title":"La Pri\u00e8re - Filles de la Charit\u00e9","robots":{"index":"index","follow":"follow","max-snippet":"max-snippet:-1","max-image-preview":"max-image-preview:large","max-video-preview":"max-video-preview:-1"},"canonical":"https:\/\/filles-de-la-charite.org\/fr\/rincon-oracion\/o-jesus-il-en-a-fallu-des-kilometres-pour-que-les-mages-te-trouvent\/","og_locale":"fr_FR","og_type":"article","og_title":"La Pri\u00e8re - Filles de la Charit\u00e9","og_description":"l\u2019\u00c9piphanie est \u00abla manifestation du Seigneur \u00e0 toutes les nations: en effet, le salut accompli par le Christ ne conna\u00eet pas de fronti\u00e8res, c\u2019est pour tout le monde. C\u2019est toujours le m\u00eame \u00e9v\u00e9nement que la Nativit\u00e9, vu cependant dans sa dimension de lumi\u00e8re: une lumi\u00e8re qui illumine chaque homme, une lumi\u00e8re \u00e0 accueillir dans la [&hellip;]","og_url":"https:\/\/filles-de-la-charite.org\/fr\/rincon-oracion\/o-jesus-il-en-a-fallu-des-kilometres-pour-que-les-mages-te-trouvent\/","og_site_name":"Filles de la Charit\u00e9","article_modified_time":"2023-06-26T07:30:05+00:00","og_image":[{"width":2560,"height":1440,"url":"https:\/\/filles-de-la-charite.org\/wp-content\/uploads\/2023\/06\/Janvier-2022-FR-scaled-1.jpg","type":"image\/jpeg"}],"twitter_card":"summary_large_image","twitter_misc":{"Dur\u00e9e de lecture estim\u00e9e":"1 minute"},"schema":{"@context":"https:\/\/schema.org","@graph":[{"@type":"WebPage","@id":"https:\/\/filles-de-la-charite.org\/fr\/rincon-oracion\/o-jesus-il-en-a-fallu-des-kilometres-pour-que-les-mages-te-trouvent\/","url":"https:\/\/filles-de-la-charite.org\/fr\/rincon-oracion\/o-jesus-il-en-a-fallu-des-kilometres-pour-que-les-mages-te-trouvent\/","name":"La Pri\u00e8re - Filles de la Charit\u00e9","isPartOf":{"@id":"https:\/\/filles-de-la-charite.org\/fr\/#website"},"primaryImageOfPage":{"@id":"https:\/\/filles-de-la-charite.org\/fr\/rincon-oracion\/o-jesus-il-en-a-fallu-des-kilometres-pour-que-les-mages-te-trouvent\/#primaryimage"},"image":{"@id":"https:\/\/filles-de-la-charite.org\/fr\/rincon-oracion\/o-jesus-il-en-a-fallu-des-kilometres-pour-que-les-mages-te-trouvent\/#primaryimage"},"thumbnailUrl":"https:\/\/filles-de-la-charite.org\/wp-content\/uploads\/2023\/06\/Janvier-2022-FR-scaled-1.jpg","datePublished":"2021-12-31T22:00:00+00:00","dateModified":"2023-06-26T07:30:05+00:00","inLanguage":"fr-FR","potentialAction":[{"@type":"ReadAction","target":["https:\/\/filles-de-la-charite.org\/fr\/rincon-oracion\/o-jesus-il-en-a-fallu-des-kilometres-pour-que-les-mages-te-trouvent\/"]}]},{"@type":"ImageObject","inLanguage":"fr-FR","@id":"https:\/\/filles-de-la-charite.org\/fr\/rincon-oracion\/o-jesus-il-en-a-fallu-des-kilometres-pour-que-les-mages-te-trouvent\/#primaryimage","url":"https:\/\/filles-de-la-charite.org\/wp-content\/uploads\/2023\/06\/Janvier-2022-FR-scaled-1.jpg","contentUrl":"https:\/\/filles-de-la-charite.org\/wp-content\/uploads\/2023\/06\/Janvier-2022-FR-scaled-1.jpg","width":2560,"height":1440},{"@type":"WebSite","@id":"https:\/\/filles-de-la-charite.org\/fr\/#website","url":"https:\/\/filles-de-la-charite.org\/fr\/","name":"Hijas de la Caridad","description":"L\u2019amour de J\u00e9sus nous presse \u00e0 prendre soin des personnes les plus d\u00e9munies","publisher":{"@id":"https:\/\/filles-de-la-charite.org\/fr\/#organization"},"potentialAction":[{"@type":"SearchAction","target":{"@type":"EntryPoint","urlTemplate":"https:\/\/filles-de-la-charite.org\/fr\/?s={search_term_string}"},"query-input":{"@type":"PropertyValueSpecification","valueRequired":true,"valueName":"search_term_string"}}],"inLanguage":"fr-FR"},{"@type":"Organization","@id":"https:\/\/filles-de-la-charite.org\/fr\/#organization","name":"Hijas de la Caridad","url":"https:\/\/filles-de-la-charite.org\/fr\/","logo":{"@type":"ImageObject","inLanguage":"fr-FR","@id":"https:\/\/filles-de-la-charite.org\/fr\/#\/schema\/logo\/image\/","url":"https:\/\/filles-de-la-charite.org\/wp-content\/uploads\/2023\/03\/isotipo-Hijas-de-la-Caridad.png","contentUrl":"https:\/\/filles-de-la-charite.org\/wp-content\/uploads\/2023\/03\/isotipo-Hijas-de-la-Caridad.png","width":1417,"height":1417,"caption":"Hijas de la Caridad"},"image":{"@id":"https:\/\/filles-de-la-charite.org\/fr\/#\/schema\/logo\/image\/"}}]}},"_links":{"self":[{"href":"https:\/\/filles-de-la-charite.org\/fr\/wp-json\/wp\/v2\/rincon-oracion\/25746","targetHints":{"allow":["GET"]}}],"collection":[{"href":"https:\/\/filles-de-la-charite.org\/fr\/wp-json\/wp\/v2\/rincon-oracion"}],"about":[{"href":"https:\/\/filles-de-la-charite.org\/fr\/wp-json\/wp\/v2\/types\/rincon-oracion"}],"wp:featuredmedia":[{"embeddable":true,"href":"https:\/\/filles-de-la-charite.org\/fr\/wp-json\/wp\/v2\/media\/25747"}],"wp:attachment":[{"href":"https:\/\/filles-de-la-charite.org\/fr\/wp-json\/wp\/v2\/media?parent=25746"}],"curies":[{"name":"wp","href":"https:\/\/api.w.org\/{rel}","templated":true}]}}