{"id":25795,"date":"2022-07-31T22:00:00","date_gmt":"2022-07-31T20:00:00","guid":{"rendered":"https:\/\/hijascaridad.sjdigitaldemo.ovh\/rincon-oracion\/pour-une-eglise-synodale-comunion-participation-y-mission\/"},"modified":"2022-07-31T22:00:00","modified_gmt":"2022-07-31T20:00:00","slug":"pour-une-eglise-synodale-comunion-participation-y-mission","status":"publish","type":"rincon-oracion","link":"https:\/\/filles-de-la-charite.org\/fr\/rincon-oracion\/pour-une-eglise-synodale-comunion-participation-y-mission\/","title":{"rendered":"Pour une Eglise synodale: comunion, participation y mission"},"content":{"rendered":"\n<p>La synodalit\u00e9 constitue la voie royale pour l\u2019\u00c9glise, appel\u00e9e \u00e0 se renouveler sous l\u2019action de l\u2019Esprit et gr\u00e2ce \u00e0 l\u2019\u00e9coute de la Parole. La capacit\u00e9 d\u2019imaginer un futur diff\u00e9rent pour l\u2019\u00c9glise et pour ses institutions, \u00e0 la hauteur de la mission qu\u2019elle a re\u00e7ue, d\u00e9pend pour une large part du choix d\u2019entreprendre des processus d\u2019\u00e9coute, de dialogue et de discernement communautaire, auxquels tous et chacun peuvent participer et contribuer. En m\u00eame temps, le choix de \u201c marcher ensemble \u201d est un signe proph\u00e9tique pour une famille humaine qui a besoin d\u2019un projet commun, en mesure de rechercher le bien de tous. Une \u00c9glise capable de communion et de fraternit\u00e9, de participation et de solidarit\u00e9, dans la fid\u00e9lit\u00e9 \u00e0 ce qu\u2019elle annonce, pourra se placer aux c\u00f4t\u00e9s des pauvres et des plus petits et leur pr\u00eater sa voix. Pour \u201c marcher ensemble \u201d, il est n\u00e9cessaire que nous laissions l\u2019Esprit forger en nous une mentalit\u00e9 vraiment synodale, en entrant avec courage et avec une libert\u00e9 de c\u0153ur dans un processus de conversion sans lequel cette \u00ab r\u00e9forme continue dont elle [l\u2019\u00c9glise] a toujours besoin en tant qu\u2019institution humaine et terrestre \u00bb (UR, n\u00b0 6 ; cf. EG, n\u00b0 26) ne sera pas possible.<\/p>\n\n\n\n<figure class=\"wp-block-embed is-type-video is-provider-youtube wp-block-embed-youtube wp-embed-aspect-16-9 wp-has-aspect-ratio\"><div class=\"wp-block-embed__wrapper\">\n<iframe loading=\"lazy\" title=\"AOUT 2022 Pour une Eglise synodale: comunion, participation y mission FR\" width=\"1080\" height=\"608\" src=\"https:\/\/www.youtube.com\/embed\/_62510J3DYY?feature=oembed\"  allow=\"accelerometer; autoplay; clipboard-write; encrypted-media; gyroscope; picture-in-picture; web-share\" allowfullscreen><\/iframe>\n<\/div><\/figure>\n","protected":false},"featured_media":25796,"template":"","meta":{"_acf_changed":false,"_links_to":"","_links_to_target":""},"class_list":["post-25795","rincon-oracion","type-rincon-oracion","status-publish","has-post-thumbnail","hentry"],"acf":[],"yoast_head":"<!-- This site is optimized with the Yoast SEO plugin v27.5 - https:\/\/yoast.com\/product\/yoast-seo-wordpress\/ -->\n<title>Pour une Eglise synodale: comunion, participation y mission - Filles de la Charit\u00e9<\/title>\n<meta name=\"robots\" content=\"index, follow, max-snippet:-1, max-image-preview:large, max-video-preview:-1\" \/>\n<link rel=\"canonical\" href=\"https:\/\/filles-de-la-charite.org\/fr\/rincon-oracion\/pour-une-eglise-synodale-comunion-participation-y-mission\/\" \/>\n<meta property=\"og:locale\" content=\"fr_FR\" \/>\n<meta property=\"og:type\" content=\"article\" \/>\n<meta property=\"og:title\" content=\"Pour une Eglise synodale: comunion, participation y mission - Filles de la Charit\u00e9\" \/>\n<meta property=\"og:description\" content=\"La synodalit\u00e9 constitue la voie royale pour l\u2019\u00c9glise, appel\u00e9e \u00e0 se renouveler sous l\u2019action de l\u2019Esprit et gr\u00e2ce \u00e0 l\u2019\u00e9coute de la Parole. La capacit\u00e9 d\u2019imaginer un futur diff\u00e9rent pour l\u2019\u00c9glise et pour ses institutions, \u00e0 la hauteur de la mission qu\u2019elle a re\u00e7ue, d\u00e9pend pour une large part du choix d\u2019entreprendre des processus d\u2019\u00e9coute, [&hellip;]\" \/>\n<meta property=\"og:url\" content=\"https:\/\/filles-de-la-charite.org\/fr\/rincon-oracion\/pour-une-eglise-synodale-comunion-participation-y-mission\/\" \/>\n<meta property=\"og:site_name\" content=\"Filles de la Charit\u00e9\" \/>\n<meta property=\"og:image\" content=\"https:\/\/filles-de-la-charite.org\/wp-content\/uploads\/2023\/06\/AOUT-2022-Pour-une-Eglise-synodale-comunion-participation-y-mission-FR-scaled-1.jpg\" \/>\n\t<meta property=\"og:image:width\" content=\"2560\" \/>\n\t<meta property=\"og:image:height\" content=\"1440\" \/>\n\t<meta property=\"og:image:type\" content=\"image\/jpeg\" \/>\n<meta name=\"twitter:card\" content=\"summary_large_image\" \/>\n<meta name=\"twitter:label1\" content=\"Dur\u00e9e de lecture estim\u00e9e\" \/>\n\t<meta name=\"twitter:data1\" content=\"1 minute\" \/>\n<script type=\"application\/ld+json\" class=\"yoast-schema-graph\">{\"@context\":\"https:\\\/\\\/schema.org\",\"@graph\":[{\"@type\":\"WebPage\",\"@id\":\"https:\\\/\\\/filles-de-la-charite.org\\\/fr\\\/rincon-oracion\\\/pour-une-eglise-synodale-comunion-participation-y-mission\\\/\",\"url\":\"https:\\\/\\\/filles-de-la-charite.org\\\/fr\\\/rincon-oracion\\\/pour-une-eglise-synodale-comunion-participation-y-mission\\\/\",\"name\":\"Pour une Eglise synodale: comunion, participation y mission - Filles de la Charit\u00e9\",\"isPartOf\":{\"@id\":\"https:\\\/\\\/filles-de-la-charite.org\\\/fr\\\/#website\"},\"primaryImageOfPage\":{\"@id\":\"https:\\\/\\\/filles-de-la-charite.org\\\/fr\\\/rincon-oracion\\\/pour-une-eglise-synodale-comunion-participation-y-mission\\\/#primaryimage\"},\"image\":{\"@id\":\"https:\\\/\\\/filles-de-la-charite.org\\\/fr\\\/rincon-oracion\\\/pour-une-eglise-synodale-comunion-participation-y-mission\\\/#primaryimage\"},\"thumbnailUrl\":\"https:\\\/\\\/filles-de-la-charite.org\\\/wp-content\\\/uploads\\\/2023\\\/06\\\/AOUT-2022-Pour-une-Eglise-synodale-comunion-participation-y-mission-FR-scaled-1.jpg\",\"datePublished\":\"2022-07-31T20:00:00+00:00\",\"inLanguage\":\"fr-FR\",\"potentialAction\":[{\"@type\":\"ReadAction\",\"target\":[\"https:\\\/\\\/filles-de-la-charite.org\\\/fr\\\/rincon-oracion\\\/pour-une-eglise-synodale-comunion-participation-y-mission\\\/\"]}]},{\"@type\":\"ImageObject\",\"inLanguage\":\"fr-FR\",\"@id\":\"https:\\\/\\\/filles-de-la-charite.org\\\/fr\\\/rincon-oracion\\\/pour-une-eglise-synodale-comunion-participation-y-mission\\\/#primaryimage\",\"url\":\"https:\\\/\\\/filles-de-la-charite.org\\\/wp-content\\\/uploads\\\/2023\\\/06\\\/AOUT-2022-Pour-une-Eglise-synodale-comunion-participation-y-mission-FR-scaled-1.jpg\",\"contentUrl\":\"https:\\\/\\\/filles-de-la-charite.org\\\/wp-content\\\/uploads\\\/2023\\\/06\\\/AOUT-2022-Pour-une-Eglise-synodale-comunion-participation-y-mission-FR-scaled-1.jpg\",\"width\":2560,\"height\":1440},{\"@type\":\"WebSite\",\"@id\":\"https:\\\/\\\/filles-de-la-charite.org\\\/fr\\\/#website\",\"url\":\"https:\\\/\\\/filles-de-la-charite.org\\\/fr\\\/\",\"name\":\"Hijas de la Caridad\",\"description\":\"L\u2019amour de J\u00e9sus nous presse \u00e0 prendre soin des personnes les plus d\u00e9munies\",\"publisher\":{\"@id\":\"https:\\\/\\\/filles-de-la-charite.org\\\/fr\\\/#organization\"},\"potentialAction\":[{\"@type\":\"SearchAction\",\"target\":{\"@type\":\"EntryPoint\",\"urlTemplate\":\"https:\\\/\\\/filles-de-la-charite.org\\\/fr\\\/?s={search_term_string}\"},\"query-input\":{\"@type\":\"PropertyValueSpecification\",\"valueRequired\":true,\"valueName\":\"search_term_string\"}}],\"inLanguage\":\"fr-FR\"},{\"@type\":\"Organization\",\"@id\":\"https:\\\/\\\/filles-de-la-charite.org\\\/fr\\\/#organization\",\"name\":\"Hijas de la Caridad\",\"url\":\"https:\\\/\\\/filles-de-la-charite.org\\\/fr\\\/\",\"logo\":{\"@type\":\"ImageObject\",\"inLanguage\":\"fr-FR\",\"@id\":\"https:\\\/\\\/filles-de-la-charite.org\\\/fr\\\/#\\\/schema\\\/logo\\\/image\\\/\",\"url\":\"https:\\\/\\\/filles-de-la-charite.org\\\/wp-content\\\/uploads\\\/2023\\\/03\\\/isotipo-Hijas-de-la-Caridad.png\",\"contentUrl\":\"https:\\\/\\\/filles-de-la-charite.org\\\/wp-content\\\/uploads\\\/2023\\\/03\\\/isotipo-Hijas-de-la-Caridad.png\",\"width\":1417,\"height\":1417,\"caption\":\"Hijas de la Caridad\"},\"image\":{\"@id\":\"https:\\\/\\\/filles-de-la-charite.org\\\/fr\\\/#\\\/schema\\\/logo\\\/image\\\/\"}}]}<\/script>\n<!-- \/ Yoast SEO plugin. -->","yoast_head_json":{"title":"Pour une Eglise synodale: comunion, participation y mission - Filles de la Charit\u00e9","robots":{"index":"index","follow":"follow","max-snippet":"max-snippet:-1","max-image-preview":"max-image-preview:large","max-video-preview":"max-video-preview:-1"},"canonical":"https:\/\/filles-de-la-charite.org\/fr\/rincon-oracion\/pour-une-eglise-synodale-comunion-participation-y-mission\/","og_locale":"fr_FR","og_type":"article","og_title":"Pour une Eglise synodale: comunion, participation y mission - Filles de la Charit\u00e9","og_description":"La synodalit\u00e9 constitue la voie royale pour l\u2019\u00c9glise, appel\u00e9e \u00e0 se renouveler sous l\u2019action de l\u2019Esprit et gr\u00e2ce \u00e0 l\u2019\u00e9coute de la Parole. La capacit\u00e9 d\u2019imaginer un futur diff\u00e9rent pour l\u2019\u00c9glise et pour ses institutions, \u00e0 la hauteur de la mission qu\u2019elle a re\u00e7ue, d\u00e9pend pour une large part du choix d\u2019entreprendre des processus d\u2019\u00e9coute, [&hellip;]","og_url":"https:\/\/filles-de-la-charite.org\/fr\/rincon-oracion\/pour-une-eglise-synodale-comunion-participation-y-mission\/","og_site_name":"Filles de la Charit\u00e9","og_image":[{"width":2560,"height":1440,"url":"https:\/\/filles-de-la-charite.org\/wp-content\/uploads\/2023\/06\/AOUT-2022-Pour-une-Eglise-synodale-comunion-participation-y-mission-FR-scaled-1.jpg","type":"image\/jpeg"}],"twitter_card":"summary_large_image","twitter_misc":{"Dur\u00e9e de lecture estim\u00e9e":"1 minute"},"schema":{"@context":"https:\/\/schema.org","@graph":[{"@type":"WebPage","@id":"https:\/\/filles-de-la-charite.org\/fr\/rincon-oracion\/pour-une-eglise-synodale-comunion-participation-y-mission\/","url":"https:\/\/filles-de-la-charite.org\/fr\/rincon-oracion\/pour-une-eglise-synodale-comunion-participation-y-mission\/","name":"Pour une Eglise synodale: comunion, participation y mission - Filles de la Charit\u00e9","isPartOf":{"@id":"https:\/\/filles-de-la-charite.org\/fr\/#website"},"primaryImageOfPage":{"@id":"https:\/\/filles-de-la-charite.org\/fr\/rincon-oracion\/pour-une-eglise-synodale-comunion-participation-y-mission\/#primaryimage"},"image":{"@id":"https:\/\/filles-de-la-charite.org\/fr\/rincon-oracion\/pour-une-eglise-synodale-comunion-participation-y-mission\/#primaryimage"},"thumbnailUrl":"https:\/\/filles-de-la-charite.org\/wp-content\/uploads\/2023\/06\/AOUT-2022-Pour-une-Eglise-synodale-comunion-participation-y-mission-FR-scaled-1.jpg","datePublished":"2022-07-31T20:00:00+00:00","inLanguage":"fr-FR","potentialAction":[{"@type":"ReadAction","target":["https:\/\/filles-de-la-charite.org\/fr\/rincon-oracion\/pour-une-eglise-synodale-comunion-participation-y-mission\/"]}]},{"@type":"ImageObject","inLanguage":"fr-FR","@id":"https:\/\/filles-de-la-charite.org\/fr\/rincon-oracion\/pour-une-eglise-synodale-comunion-participation-y-mission\/#primaryimage","url":"https:\/\/filles-de-la-charite.org\/wp-content\/uploads\/2023\/06\/AOUT-2022-Pour-une-Eglise-synodale-comunion-participation-y-mission-FR-scaled-1.jpg","contentUrl":"https:\/\/filles-de-la-charite.org\/wp-content\/uploads\/2023\/06\/AOUT-2022-Pour-une-Eglise-synodale-comunion-participation-y-mission-FR-scaled-1.jpg","width":2560,"height":1440},{"@type":"WebSite","@id":"https:\/\/filles-de-la-charite.org\/fr\/#website","url":"https:\/\/filles-de-la-charite.org\/fr\/","name":"Hijas de la Caridad","description":"L\u2019amour de J\u00e9sus nous presse \u00e0 prendre soin des personnes les plus d\u00e9munies","publisher":{"@id":"https:\/\/filles-de-la-charite.org\/fr\/#organization"},"potentialAction":[{"@type":"SearchAction","target":{"@type":"EntryPoint","urlTemplate":"https:\/\/filles-de-la-charite.org\/fr\/?s={search_term_string}"},"query-input":{"@type":"PropertyValueSpecification","valueRequired":true,"valueName":"search_term_string"}}],"inLanguage":"fr-FR"},{"@type":"Organization","@id":"https:\/\/filles-de-la-charite.org\/fr\/#organization","name":"Hijas de la Caridad","url":"https:\/\/filles-de-la-charite.org\/fr\/","logo":{"@type":"ImageObject","inLanguage":"fr-FR","@id":"https:\/\/filles-de-la-charite.org\/fr\/#\/schema\/logo\/image\/","url":"https:\/\/filles-de-la-charite.org\/wp-content\/uploads\/2023\/03\/isotipo-Hijas-de-la-Caridad.png","contentUrl":"https:\/\/filles-de-la-charite.org\/wp-content\/uploads\/2023\/03\/isotipo-Hijas-de-la-Caridad.png","width":1417,"height":1417,"caption":"Hijas de la Caridad"},"image":{"@id":"https:\/\/filles-de-la-charite.org\/fr\/#\/schema\/logo\/image\/"}}]}},"_links":{"self":[{"href":"https:\/\/filles-de-la-charite.org\/fr\/wp-json\/wp\/v2\/rincon-oracion\/25795","targetHints":{"allow":["GET"]}}],"collection":[{"href":"https:\/\/filles-de-la-charite.org\/fr\/wp-json\/wp\/v2\/rincon-oracion"}],"about":[{"href":"https:\/\/filles-de-la-charite.org\/fr\/wp-json\/wp\/v2\/types\/rincon-oracion"}],"wp:featuredmedia":[{"embeddable":true,"href":"https:\/\/filles-de-la-charite.org\/fr\/wp-json\/wp\/v2\/media\/25796"}],"wp:attachment":[{"href":"https:\/\/filles-de-la-charite.org\/fr\/wp-json\/wp\/v2\/media?parent=25795"}],"curies":[{"name":"wp","href":"https:\/\/api.w.org\/{rel}","templated":true}]}}