{"id":25831,"date":"2023-01-31T23:00:00","date_gmt":"2023-01-31T22:00:00","guid":{"rendered":"https:\/\/hijascaridad.sjdigitaldemo.ovh\/rincon-oracion\/sainte-louise-de-marillac-mystique-de-saint-esprit\/"},"modified":"2023-01-31T23:00:00","modified_gmt":"2023-01-31T22:00:00","slug":"sainte-louise-de-marillac-mystique-de-saint-esprit","status":"publish","type":"rincon-oracion","link":"https:\/\/filles-de-la-charite.org\/fr\/rincon-oracion\/sainte-louise-de-marillac-mystique-de-saint-esprit\/","title":{"rendered":"Sainte Louise de Marillac, mystique de Saint Esprit"},"content":{"rendered":"\n<p>La vie spirituelle de sainte Louise est particuli\u00e8rement caract\u00e9ris\u00e9e par son ouverture constante \u00e0 l'Esprit Saint. Dans une de ces intuitions qui portent la marque de leur authenticit\u00e9, elle associe la d\u00e9votion au \"oui\" de l'Annonciation \u00e0 la f\u00e9te de la Pentec\u00f4te.<br>Comme la Vierge Marie, remplie de la gr\u00e2ce par la puissance de l'Esprit et pr\u00e9sente aux c\u00f4t\u00e9s des Ap\u00f4tres depuis les origines de l'\u00c9glise, elle a trouv\u00e9 dans l'action de Dieu la source de sa force. Elle sent que la fid\u00e9lit\u00e9 de la Compagnie aurait pour mod\u00e8le et guide le \"fiat\" de Marie; elle savait faire grandir les autres dans l'esprit de Dieu. Elle savait faire grandir les autres dans l'esprit de de pri\u00e8re dans lequel elle vivait, \u00e0 l'exemple de Marie. <em>(Saint Jean Paul II \u00e0 l'occasion du 4\u00e8me centenaire de la naissance de Sainte Louise).<\/em><\/p>\n\n\n\n<figure class=\"wp-block-embed aligncenter is-type-video is-provider-youtube wp-block-embed-youtube wp-embed-aspect-4-3 wp-has-aspect-ratio\"><div class=\"wp-block-embed__wrapper\">\n<iframe loading=\"lazy\" title=\"[F\u00e9vrier 2023] Sainte Louise de Marillac mystique de Saint Esprit  FR\" width=\"1080\" height=\"810\" src=\"https:\/\/www.youtube.com\/embed\/MR8LuKjw_Kw?feature=oembed\"  allow=\"accelerometer; autoplay; clipboard-write; encrypted-media; gyroscope; picture-in-picture; web-share\" referrerpolicy=\"strict-origin-when-cross-origin\" allowfullscreen><\/iframe>\n<\/div><\/figure>\n","protected":false},"featured_media":25832,"template":"","meta":{"_acf_changed":false,"_links_to":"","_links_to_target":""},"class_list":["post-25831","rincon-oracion","type-rincon-oracion","status-publish","has-post-thumbnail","hentry"],"acf":[],"yoast_head":"<!-- This site is optimized with the Yoast SEO plugin v27.5 - https:\/\/yoast.com\/product\/yoast-seo-wordpress\/ -->\n<title>Sainte Louise de Marillac, mystique de Saint Esprit - Filles de la Charit\u00e9<\/title>\n<meta name=\"robots\" content=\"index, follow, max-snippet:-1, max-image-preview:large, max-video-preview:-1\" \/>\n<link rel=\"canonical\" href=\"https:\/\/filles-de-la-charite.org\/fr\/rincon-oracion\/sainte-louise-de-marillac-mystique-de-saint-esprit\/\" \/>\n<meta property=\"og:locale\" content=\"fr_FR\" \/>\n<meta property=\"og:type\" content=\"article\" \/>\n<meta property=\"og:title\" content=\"Sainte Louise de Marillac, mystique de Saint Esprit - Filles de la Charit\u00e9\" \/>\n<meta property=\"og:description\" content=\"La vie spirituelle de sainte Louise est particuli\u00e8rement caract\u00e9ris\u00e9e par son ouverture constante \u00e0 l&rsquo;Esprit Saint. Dans une de ces intuitions qui portent la marque de leur authenticit\u00e9, elle associe la d\u00e9votion au \u00ab\u00a0oui\u00a0\u00bb de l&rsquo;Annonciation \u00e0 la f\u00e9te de la Pentec\u00f4te.Comme la Vierge Marie, remplie de la gr\u00e2ce par la puissance de l&rsquo;Esprit et [&hellip;]\" \/>\n<meta property=\"og:url\" content=\"https:\/\/filles-de-la-charite.org\/fr\/rincon-oracion\/sainte-louise-de-marillac-mystique-de-saint-esprit\/\" \/>\n<meta property=\"og:site_name\" content=\"Filles de la Charit\u00e9\" \/>\n<meta property=\"og:image\" content=\"https:\/\/filles-de-la-charite.org\/wp-content\/uploads\/2023\/06\/Fevrier-2023Sainte-Louise-de-Marillac-mystique-de-Saint-Esprit-FR-scaled-1.jpg\" \/>\n\t<meta property=\"og:image:width\" content=\"2560\" \/>\n\t<meta property=\"og:image:height\" content=\"1920\" \/>\n\t<meta property=\"og:image:type\" content=\"image\/jpeg\" \/>\n<meta name=\"twitter:card\" content=\"summary_large_image\" \/>\n<meta name=\"twitter:label1\" content=\"Dur\u00e9e de lecture estim\u00e9e\" \/>\n\t<meta name=\"twitter:data1\" content=\"1 minute\" \/>\n<script type=\"application\/ld+json\" class=\"yoast-schema-graph\">{\"@context\":\"https:\\\/\\\/schema.org\",\"@graph\":[{\"@type\":\"WebPage\",\"@id\":\"https:\\\/\\\/filles-de-la-charite.org\\\/fr\\\/rincon-oracion\\\/sainte-louise-de-marillac-mystique-de-saint-esprit\\\/\",\"url\":\"https:\\\/\\\/filles-de-la-charite.org\\\/fr\\\/rincon-oracion\\\/sainte-louise-de-marillac-mystique-de-saint-esprit\\\/\",\"name\":\"Sainte Louise de Marillac, mystique de Saint Esprit - Filles de la Charit\u00e9\",\"isPartOf\":{\"@id\":\"https:\\\/\\\/filles-de-la-charite.org\\\/fr\\\/#website\"},\"primaryImageOfPage\":{\"@id\":\"https:\\\/\\\/filles-de-la-charite.org\\\/fr\\\/rincon-oracion\\\/sainte-louise-de-marillac-mystique-de-saint-esprit\\\/#primaryimage\"},\"image\":{\"@id\":\"https:\\\/\\\/filles-de-la-charite.org\\\/fr\\\/rincon-oracion\\\/sainte-louise-de-marillac-mystique-de-saint-esprit\\\/#primaryimage\"},\"thumbnailUrl\":\"https:\\\/\\\/filles-de-la-charite.org\\\/wp-content\\\/uploads\\\/2023\\\/06\\\/Fevrier-2023Sainte-Louise-de-Marillac-mystique-de-Saint-Esprit-FR-scaled-1.jpg\",\"datePublished\":\"2023-01-31T22:00:00+00:00\",\"inLanguage\":\"fr-FR\",\"potentialAction\":[{\"@type\":\"ReadAction\",\"target\":[\"https:\\\/\\\/filles-de-la-charite.org\\\/fr\\\/rincon-oracion\\\/sainte-louise-de-marillac-mystique-de-saint-esprit\\\/\"]}]},{\"@type\":\"ImageObject\",\"inLanguage\":\"fr-FR\",\"@id\":\"https:\\\/\\\/filles-de-la-charite.org\\\/fr\\\/rincon-oracion\\\/sainte-louise-de-marillac-mystique-de-saint-esprit\\\/#primaryimage\",\"url\":\"https:\\\/\\\/filles-de-la-charite.org\\\/wp-content\\\/uploads\\\/2023\\\/06\\\/Fevrier-2023Sainte-Louise-de-Marillac-mystique-de-Saint-Esprit-FR-scaled-1.jpg\",\"contentUrl\":\"https:\\\/\\\/filles-de-la-charite.org\\\/wp-content\\\/uploads\\\/2023\\\/06\\\/Fevrier-2023Sainte-Louise-de-Marillac-mystique-de-Saint-Esprit-FR-scaled-1.jpg\",\"width\":2560,\"height\":1920},{\"@type\":\"WebSite\",\"@id\":\"https:\\\/\\\/filles-de-la-charite.org\\\/fr\\\/#website\",\"url\":\"https:\\\/\\\/filles-de-la-charite.org\\\/fr\\\/\",\"name\":\"Hijas de la Caridad\",\"description\":\"L\u2019amour de J\u00e9sus nous presse \u00e0 prendre soin des personnes les plus d\u00e9munies\",\"publisher\":{\"@id\":\"https:\\\/\\\/filles-de-la-charite.org\\\/fr\\\/#organization\"},\"potentialAction\":[{\"@type\":\"SearchAction\",\"target\":{\"@type\":\"EntryPoint\",\"urlTemplate\":\"https:\\\/\\\/filles-de-la-charite.org\\\/fr\\\/?s={search_term_string}\"},\"query-input\":{\"@type\":\"PropertyValueSpecification\",\"valueRequired\":true,\"valueName\":\"search_term_string\"}}],\"inLanguage\":\"fr-FR\"},{\"@type\":\"Organization\",\"@id\":\"https:\\\/\\\/filles-de-la-charite.org\\\/fr\\\/#organization\",\"name\":\"Hijas de la Caridad\",\"url\":\"https:\\\/\\\/filles-de-la-charite.org\\\/fr\\\/\",\"logo\":{\"@type\":\"ImageObject\",\"inLanguage\":\"fr-FR\",\"@id\":\"https:\\\/\\\/filles-de-la-charite.org\\\/fr\\\/#\\\/schema\\\/logo\\\/image\\\/\",\"url\":\"https:\\\/\\\/filles-de-la-charite.org\\\/wp-content\\\/uploads\\\/2023\\\/03\\\/isotipo-Hijas-de-la-Caridad.png\",\"contentUrl\":\"https:\\\/\\\/filles-de-la-charite.org\\\/wp-content\\\/uploads\\\/2023\\\/03\\\/isotipo-Hijas-de-la-Caridad.png\",\"width\":1417,\"height\":1417,\"caption\":\"Hijas de la Caridad\"},\"image\":{\"@id\":\"https:\\\/\\\/filles-de-la-charite.org\\\/fr\\\/#\\\/schema\\\/logo\\\/image\\\/\"}}]}<\/script>\n<!-- \/ Yoast SEO plugin. -->","yoast_head_json":{"title":"Sainte Louise de Marillac, mystique de Saint Esprit - Filles de la Charit\u00e9","robots":{"index":"index","follow":"follow","max-snippet":"max-snippet:-1","max-image-preview":"max-image-preview:large","max-video-preview":"max-video-preview:-1"},"canonical":"https:\/\/filles-de-la-charite.org\/fr\/rincon-oracion\/sainte-louise-de-marillac-mystique-de-saint-esprit\/","og_locale":"fr_FR","og_type":"article","og_title":"Sainte Louise de Marillac, mystique de Saint Esprit - Filles de la Charit\u00e9","og_description":"La vie spirituelle de sainte Louise est particuli\u00e8rement caract\u00e9ris\u00e9e par son ouverture constante \u00e0 l&rsquo;Esprit Saint. Dans une de ces intuitions qui portent la marque de leur authenticit\u00e9, elle associe la d\u00e9votion au \u00ab\u00a0oui\u00a0\u00bb de l&rsquo;Annonciation \u00e0 la f\u00e9te de la Pentec\u00f4te.Comme la Vierge Marie, remplie de la gr\u00e2ce par la puissance de l&rsquo;Esprit et [&hellip;]","og_url":"https:\/\/filles-de-la-charite.org\/fr\/rincon-oracion\/sainte-louise-de-marillac-mystique-de-saint-esprit\/","og_site_name":"Filles de la Charit\u00e9","og_image":[{"width":2560,"height":1920,"url":"https:\/\/filles-de-la-charite.org\/wp-content\/uploads\/2023\/06\/Fevrier-2023Sainte-Louise-de-Marillac-mystique-de-Saint-Esprit-FR-scaled-1.jpg","type":"image\/jpeg"}],"twitter_card":"summary_large_image","twitter_misc":{"Dur\u00e9e de lecture estim\u00e9e":"1 minute"},"schema":{"@context":"https:\/\/schema.org","@graph":[{"@type":"WebPage","@id":"https:\/\/filles-de-la-charite.org\/fr\/rincon-oracion\/sainte-louise-de-marillac-mystique-de-saint-esprit\/","url":"https:\/\/filles-de-la-charite.org\/fr\/rincon-oracion\/sainte-louise-de-marillac-mystique-de-saint-esprit\/","name":"Sainte Louise de Marillac, mystique de Saint Esprit - Filles de la Charit\u00e9","isPartOf":{"@id":"https:\/\/filles-de-la-charite.org\/fr\/#website"},"primaryImageOfPage":{"@id":"https:\/\/filles-de-la-charite.org\/fr\/rincon-oracion\/sainte-louise-de-marillac-mystique-de-saint-esprit\/#primaryimage"},"image":{"@id":"https:\/\/filles-de-la-charite.org\/fr\/rincon-oracion\/sainte-louise-de-marillac-mystique-de-saint-esprit\/#primaryimage"},"thumbnailUrl":"https:\/\/filles-de-la-charite.org\/wp-content\/uploads\/2023\/06\/Fevrier-2023Sainte-Louise-de-Marillac-mystique-de-Saint-Esprit-FR-scaled-1.jpg","datePublished":"2023-01-31T22:00:00+00:00","inLanguage":"fr-FR","potentialAction":[{"@type":"ReadAction","target":["https:\/\/filles-de-la-charite.org\/fr\/rincon-oracion\/sainte-louise-de-marillac-mystique-de-saint-esprit\/"]}]},{"@type":"ImageObject","inLanguage":"fr-FR","@id":"https:\/\/filles-de-la-charite.org\/fr\/rincon-oracion\/sainte-louise-de-marillac-mystique-de-saint-esprit\/#primaryimage","url":"https:\/\/filles-de-la-charite.org\/wp-content\/uploads\/2023\/06\/Fevrier-2023Sainte-Louise-de-Marillac-mystique-de-Saint-Esprit-FR-scaled-1.jpg","contentUrl":"https:\/\/filles-de-la-charite.org\/wp-content\/uploads\/2023\/06\/Fevrier-2023Sainte-Louise-de-Marillac-mystique-de-Saint-Esprit-FR-scaled-1.jpg","width":2560,"height":1920},{"@type":"WebSite","@id":"https:\/\/filles-de-la-charite.org\/fr\/#website","url":"https:\/\/filles-de-la-charite.org\/fr\/","name":"Hijas de la Caridad","description":"L\u2019amour de J\u00e9sus nous presse \u00e0 prendre soin des personnes les plus d\u00e9munies","publisher":{"@id":"https:\/\/filles-de-la-charite.org\/fr\/#organization"},"potentialAction":[{"@type":"SearchAction","target":{"@type":"EntryPoint","urlTemplate":"https:\/\/filles-de-la-charite.org\/fr\/?s={search_term_string}"},"query-input":{"@type":"PropertyValueSpecification","valueRequired":true,"valueName":"search_term_string"}}],"inLanguage":"fr-FR"},{"@type":"Organization","@id":"https:\/\/filles-de-la-charite.org\/fr\/#organization","name":"Hijas de la Caridad","url":"https:\/\/filles-de-la-charite.org\/fr\/","logo":{"@type":"ImageObject","inLanguage":"fr-FR","@id":"https:\/\/filles-de-la-charite.org\/fr\/#\/schema\/logo\/image\/","url":"https:\/\/filles-de-la-charite.org\/wp-content\/uploads\/2023\/03\/isotipo-Hijas-de-la-Caridad.png","contentUrl":"https:\/\/filles-de-la-charite.org\/wp-content\/uploads\/2023\/03\/isotipo-Hijas-de-la-Caridad.png","width":1417,"height":1417,"caption":"Hijas de la Caridad"},"image":{"@id":"https:\/\/filles-de-la-charite.org\/fr\/#\/schema\/logo\/image\/"}}]}},"_links":{"self":[{"href":"https:\/\/filles-de-la-charite.org\/fr\/wp-json\/wp\/v2\/rincon-oracion\/25831","targetHints":{"allow":["GET"]}}],"collection":[{"href":"https:\/\/filles-de-la-charite.org\/fr\/wp-json\/wp\/v2\/rincon-oracion"}],"about":[{"href":"https:\/\/filles-de-la-charite.org\/fr\/wp-json\/wp\/v2\/types\/rincon-oracion"}],"wp:featuredmedia":[{"embeddable":true,"href":"https:\/\/filles-de-la-charite.org\/fr\/wp-json\/wp\/v2\/media\/25832"}],"wp:attachment":[{"href":"https:\/\/filles-de-la-charite.org\/fr\/wp-json\/wp\/v2\/media?parent=25831"}],"curies":[{"name":"wp","href":"https:\/\/api.w.org\/{rel}","templated":true}]}}