{"id":39331,"date":"2024-09-14T17:00:00","date_gmt":"2024-09-14T15:00:00","guid":{"rendered":"https:\/\/filles-de-la-charite.org\/?post_type=rincon-oracion&#038;p=39331"},"modified":"2024-09-14T17:58:59","modified_gmt":"2024-09-14T15:58:59","slug":"st-vincent-de-paul-contemplation-action-celebration","status":"publish","type":"rincon-oracion","link":"https:\/\/filles-de-la-charite.org\/fr\/rincon-oracion\/st-vincent-de-paul-contemplation-action-celebration\/","title":{"rendered":"St Vincent de Paul. Contemplation, Action, Celebration."},"content":{"rendered":"\n<p>Saint Vincent de Paul est plus qu'un simple personnage historique ; il symbolise le pouvoir de transformation. Il est connu comme le \u00ab mystique de la charit\u00e9 \u00bb qui a consacr\u00e9 sa vie au service des pauvres et des abandonn\u00e9s. Il a \u00e9quilibr\u00e9 sa vie entre la contemplation (approfondir sa relation avec Dieu), l'action (servir les autres) et la c\u00e9l\u00e9bration de la gratitude (appr\u00e9cier la gr\u00e2ce divine). Pour que notre minist\u00e8re se poursuive pendant les crises mondiales telles que les pand\u00e9mies, l'aggravation de la pauvret\u00e9 et la d\u00e9gradation de l'environnement, et pour qu'il soit accompli selon la volont\u00e9 de Dieu, les valeurs de Saint Vincent de Paul peuvent nous guider dans la construction d'un monde plus compatissant. Chaque individu peut changer le monde. Notre monde meurtri a besoin de plus de \u00ab Vincent de Paul \u00bb aujourd'hui.<\/p>\n\n\n\n<figure class=\"wp-block-embed is-type-video is-provider-youtube wp-block-embed-youtube wp-embed-aspect-16-9 wp-has-aspect-ratio\"><div class=\"wp-block-embed__wrapper\">\n<iframe loading=\"lazy\" title=\"FR   PC Septembre 2024   St Vincent de Paul Contemplation Action Celebration\" width=\"1080\" height=\"608\" src=\"https:\/\/www.youtube.com\/embed\/nG_iptYKMcA?feature=oembed\"  allow=\"accelerometer; autoplay; clipboard-write; encrypted-media; gyroscope; picture-in-picture; web-share\" referrerpolicy=\"strict-origin-when-cross-origin\" allowfullscreen><\/iframe>\n<\/div><\/figure>\n","protected":false},"featured_media":39327,"template":"","meta":{"_acf_changed":false,"_links_to":"","_links_to_target":""},"class_list":["post-39331","rincon-oracion","type-rincon-oracion","status-publish","has-post-thumbnail","hentry"],"acf":[],"yoast_head":"<!-- This site is optimized with the Yoast SEO plugin v27.5 - https:\/\/yoast.com\/product\/yoast-seo-wordpress\/ -->\n<title>St Vincent de Paul. Contemplation, Action, Celebration. - Filles de la Charit\u00e9<\/title>\n<meta name=\"robots\" content=\"index, follow, max-snippet:-1, max-image-preview:large, max-video-preview:-1\" \/>\n<link rel=\"canonical\" href=\"https:\/\/filles-de-la-charite.org\/fr\/rincon-oracion\/st-vincent-de-paul-contemplation-action-celebration\/\" \/>\n<meta property=\"og:locale\" content=\"fr_FR\" \/>\n<meta property=\"og:type\" content=\"article\" \/>\n<meta property=\"og:title\" content=\"St Vincent de Paul. Contemplation, Action, Celebration. - Filles de la Charit\u00e9\" \/>\n<meta property=\"og:description\" content=\"Saint Vincent de Paul est plus qu&rsquo;un simple personnage historique ; il symbolise le pouvoir de transformation. Il est connu comme le \u00ab mystique de la charit\u00e9 \u00bb qui a consacr\u00e9 sa vie au service des pauvres et des abandonn\u00e9s. Il a \u00e9quilibr\u00e9 sa vie entre la contemplation (approfondir sa relation avec Dieu), l&rsquo;action (servir [&hellip;]\" \/>\n<meta property=\"og:url\" content=\"https:\/\/filles-de-la-charite.org\/fr\/rincon-oracion\/st-vincent-de-paul-contemplation-action-celebration\/\" \/>\n<meta property=\"og:site_name\" content=\"Filles de la Charit\u00e9\" \/>\n<meta property=\"article:modified_time\" content=\"2024-09-14T15:58:59+00:00\" \/>\n<meta property=\"og:image\" content=\"https:\/\/filles-de-la-charite.org\/wp-content\/uploads\/2024\/09\/FR-PC-Septembre-2024-St-Vincent-de-Paul-Contemplation-Action-Celebration-1-scaled.jpg\" \/>\n\t<meta property=\"og:image:width\" content=\"2560\" \/>\n\t<meta property=\"og:image:height\" content=\"1440\" \/>\n\t<meta property=\"og:image:type\" content=\"image\/jpeg\" \/>\n<meta name=\"twitter:card\" content=\"summary_large_image\" \/>\n<meta name=\"twitter:label1\" content=\"Dur\u00e9e de lecture estim\u00e9e\" \/>\n\t<meta name=\"twitter:data1\" content=\"1 minute\" \/>\n<script type=\"application\/ld+json\" class=\"yoast-schema-graph\">{\"@context\":\"https:\\\/\\\/schema.org\",\"@graph\":[{\"@type\":\"WebPage\",\"@id\":\"https:\\\/\\\/filles-de-la-charite.org\\\/fr\\\/rincon-oracion\\\/st-vincent-de-paul-contemplation-action-celebration\\\/\",\"url\":\"https:\\\/\\\/filles-de-la-charite.org\\\/fr\\\/rincon-oracion\\\/st-vincent-de-paul-contemplation-action-celebration\\\/\",\"name\":\"St Vincent de Paul. Contemplation, Action, Celebration. - Filles de la Charit\u00e9\",\"isPartOf\":{\"@id\":\"https:\\\/\\\/filles-de-la-charite.org\\\/fr\\\/#website\"},\"primaryImageOfPage\":{\"@id\":\"https:\\\/\\\/filles-de-la-charite.org\\\/fr\\\/rincon-oracion\\\/st-vincent-de-paul-contemplation-action-celebration\\\/#primaryimage\"},\"image\":{\"@id\":\"https:\\\/\\\/filles-de-la-charite.org\\\/fr\\\/rincon-oracion\\\/st-vincent-de-paul-contemplation-action-celebration\\\/#primaryimage\"},\"thumbnailUrl\":\"https:\\\/\\\/filles-de-la-charite.org\\\/wp-content\\\/uploads\\\/2024\\\/09\\\/FR-PC-Septembre-2024-St-Vincent-de-Paul-Contemplation-Action-Celebration-1-scaled.jpg\",\"datePublished\":\"2024-09-14T15:00:00+00:00\",\"dateModified\":\"2024-09-14T15:58:59+00:00\",\"inLanguage\":\"fr-FR\",\"potentialAction\":[{\"@type\":\"ReadAction\",\"target\":[\"https:\\\/\\\/filles-de-la-charite.org\\\/fr\\\/rincon-oracion\\\/st-vincent-de-paul-contemplation-action-celebration\\\/\"]}]},{\"@type\":\"ImageObject\",\"inLanguage\":\"fr-FR\",\"@id\":\"https:\\\/\\\/filles-de-la-charite.org\\\/fr\\\/rincon-oracion\\\/st-vincent-de-paul-contemplation-action-celebration\\\/#primaryimage\",\"url\":\"https:\\\/\\\/filles-de-la-charite.org\\\/wp-content\\\/uploads\\\/2024\\\/09\\\/FR-PC-Septembre-2024-St-Vincent-de-Paul-Contemplation-Action-Celebration-1-scaled.jpg\",\"contentUrl\":\"https:\\\/\\\/filles-de-la-charite.org\\\/wp-content\\\/uploads\\\/2024\\\/09\\\/FR-PC-Septembre-2024-St-Vincent-de-Paul-Contemplation-Action-Celebration-1-scaled.jpg\",\"width\":2560,\"height\":1440},{\"@type\":\"WebSite\",\"@id\":\"https:\\\/\\\/filles-de-la-charite.org\\\/fr\\\/#website\",\"url\":\"https:\\\/\\\/filles-de-la-charite.org\\\/fr\\\/\",\"name\":\"Hijas de la Caridad\",\"description\":\"L\u2019amour de J\u00e9sus nous presse \u00e0 prendre soin des personnes les plus d\u00e9munies\",\"publisher\":{\"@id\":\"https:\\\/\\\/filles-de-la-charite.org\\\/fr\\\/#organization\"},\"potentialAction\":[{\"@type\":\"SearchAction\",\"target\":{\"@type\":\"EntryPoint\",\"urlTemplate\":\"https:\\\/\\\/filles-de-la-charite.org\\\/fr\\\/?s={search_term_string}\"},\"query-input\":{\"@type\":\"PropertyValueSpecification\",\"valueRequired\":true,\"valueName\":\"search_term_string\"}}],\"inLanguage\":\"fr-FR\"},{\"@type\":\"Organization\",\"@id\":\"https:\\\/\\\/filles-de-la-charite.org\\\/fr\\\/#organization\",\"name\":\"Hijas de la Caridad\",\"url\":\"https:\\\/\\\/filles-de-la-charite.org\\\/fr\\\/\",\"logo\":{\"@type\":\"ImageObject\",\"inLanguage\":\"fr-FR\",\"@id\":\"https:\\\/\\\/filles-de-la-charite.org\\\/fr\\\/#\\\/schema\\\/logo\\\/image\\\/\",\"url\":\"https:\\\/\\\/filles-de-la-charite.org\\\/wp-content\\\/uploads\\\/2023\\\/03\\\/isotipo-Hijas-de-la-Caridad.png\",\"contentUrl\":\"https:\\\/\\\/filles-de-la-charite.org\\\/wp-content\\\/uploads\\\/2023\\\/03\\\/isotipo-Hijas-de-la-Caridad.png\",\"width\":1417,\"height\":1417,\"caption\":\"Hijas de la Caridad\"},\"image\":{\"@id\":\"https:\\\/\\\/filles-de-la-charite.org\\\/fr\\\/#\\\/schema\\\/logo\\\/image\\\/\"}}]}<\/script>\n<!-- \/ Yoast SEO plugin. -->","yoast_head_json":{"title":"St Vincent de Paul. Contemplation, Action, Celebration. - Filles de la Charit\u00e9","robots":{"index":"index","follow":"follow","max-snippet":"max-snippet:-1","max-image-preview":"max-image-preview:large","max-video-preview":"max-video-preview:-1"},"canonical":"https:\/\/filles-de-la-charite.org\/fr\/rincon-oracion\/st-vincent-de-paul-contemplation-action-celebration\/","og_locale":"fr_FR","og_type":"article","og_title":"St Vincent de Paul. Contemplation, Action, Celebration. - Filles de la Charit\u00e9","og_description":"Saint Vincent de Paul est plus qu&rsquo;un simple personnage historique ; il symbolise le pouvoir de transformation. Il est connu comme le \u00ab mystique de la charit\u00e9 \u00bb qui a consacr\u00e9 sa vie au service des pauvres et des abandonn\u00e9s. Il a \u00e9quilibr\u00e9 sa vie entre la contemplation (approfondir sa relation avec Dieu), l&rsquo;action (servir [&hellip;]","og_url":"https:\/\/filles-de-la-charite.org\/fr\/rincon-oracion\/st-vincent-de-paul-contemplation-action-celebration\/","og_site_name":"Filles de la Charit\u00e9","article_modified_time":"2024-09-14T15:58:59+00:00","og_image":[{"width":2560,"height":1440,"url":"https:\/\/filles-de-la-charite.org\/wp-content\/uploads\/2024\/09\/FR-PC-Septembre-2024-St-Vincent-de-Paul-Contemplation-Action-Celebration-1-scaled.jpg","type":"image\/jpeg"}],"twitter_card":"summary_large_image","twitter_misc":{"Dur\u00e9e de lecture estim\u00e9e":"1 minute"},"schema":{"@context":"https:\/\/schema.org","@graph":[{"@type":"WebPage","@id":"https:\/\/filles-de-la-charite.org\/fr\/rincon-oracion\/st-vincent-de-paul-contemplation-action-celebration\/","url":"https:\/\/filles-de-la-charite.org\/fr\/rincon-oracion\/st-vincent-de-paul-contemplation-action-celebration\/","name":"St Vincent de Paul. Contemplation, Action, Celebration. - Filles de la Charit\u00e9","isPartOf":{"@id":"https:\/\/filles-de-la-charite.org\/fr\/#website"},"primaryImageOfPage":{"@id":"https:\/\/filles-de-la-charite.org\/fr\/rincon-oracion\/st-vincent-de-paul-contemplation-action-celebration\/#primaryimage"},"image":{"@id":"https:\/\/filles-de-la-charite.org\/fr\/rincon-oracion\/st-vincent-de-paul-contemplation-action-celebration\/#primaryimage"},"thumbnailUrl":"https:\/\/filles-de-la-charite.org\/wp-content\/uploads\/2024\/09\/FR-PC-Septembre-2024-St-Vincent-de-Paul-Contemplation-Action-Celebration-1-scaled.jpg","datePublished":"2024-09-14T15:00:00+00:00","dateModified":"2024-09-14T15:58:59+00:00","inLanguage":"fr-FR","potentialAction":[{"@type":"ReadAction","target":["https:\/\/filles-de-la-charite.org\/fr\/rincon-oracion\/st-vincent-de-paul-contemplation-action-celebration\/"]}]},{"@type":"ImageObject","inLanguage":"fr-FR","@id":"https:\/\/filles-de-la-charite.org\/fr\/rincon-oracion\/st-vincent-de-paul-contemplation-action-celebration\/#primaryimage","url":"https:\/\/filles-de-la-charite.org\/wp-content\/uploads\/2024\/09\/FR-PC-Septembre-2024-St-Vincent-de-Paul-Contemplation-Action-Celebration-1-scaled.jpg","contentUrl":"https:\/\/filles-de-la-charite.org\/wp-content\/uploads\/2024\/09\/FR-PC-Septembre-2024-St-Vincent-de-Paul-Contemplation-Action-Celebration-1-scaled.jpg","width":2560,"height":1440},{"@type":"WebSite","@id":"https:\/\/filles-de-la-charite.org\/fr\/#website","url":"https:\/\/filles-de-la-charite.org\/fr\/","name":"Hijas de la Caridad","description":"L\u2019amour de J\u00e9sus nous presse \u00e0 prendre soin des personnes les plus d\u00e9munies","publisher":{"@id":"https:\/\/filles-de-la-charite.org\/fr\/#organization"},"potentialAction":[{"@type":"SearchAction","target":{"@type":"EntryPoint","urlTemplate":"https:\/\/filles-de-la-charite.org\/fr\/?s={search_term_string}"},"query-input":{"@type":"PropertyValueSpecification","valueRequired":true,"valueName":"search_term_string"}}],"inLanguage":"fr-FR"},{"@type":"Organization","@id":"https:\/\/filles-de-la-charite.org\/fr\/#organization","name":"Hijas de la Caridad","url":"https:\/\/filles-de-la-charite.org\/fr\/","logo":{"@type":"ImageObject","inLanguage":"fr-FR","@id":"https:\/\/filles-de-la-charite.org\/fr\/#\/schema\/logo\/image\/","url":"https:\/\/filles-de-la-charite.org\/wp-content\/uploads\/2023\/03\/isotipo-Hijas-de-la-Caridad.png","contentUrl":"https:\/\/filles-de-la-charite.org\/wp-content\/uploads\/2023\/03\/isotipo-Hijas-de-la-Caridad.png","width":1417,"height":1417,"caption":"Hijas de la Caridad"},"image":{"@id":"https:\/\/filles-de-la-charite.org\/fr\/#\/schema\/logo\/image\/"}}]}},"_links":{"self":[{"href":"https:\/\/filles-de-la-charite.org\/fr\/wp-json\/wp\/v2\/rincon-oracion\/39331","targetHints":{"allow":["GET"]}}],"collection":[{"href":"https:\/\/filles-de-la-charite.org\/fr\/wp-json\/wp\/v2\/rincon-oracion"}],"about":[{"href":"https:\/\/filles-de-la-charite.org\/fr\/wp-json\/wp\/v2\/types\/rincon-oracion"}],"wp:featuredmedia":[{"embeddable":true,"href":"https:\/\/filles-de-la-charite.org\/fr\/wp-json\/wp\/v2\/media\/39327"}],"wp:attachment":[{"href":"https:\/\/filles-de-la-charite.org\/fr\/wp-json\/wp\/v2\/media?parent=39331"}],"curies":[{"name":"wp","href":"https:\/\/api.w.org\/{rel}","templated":true}]}}