{"id":42640,"date":"2025-04-15T00:00:00","date_gmt":"2025-04-14T22:00:00","guid":{"rendered":"https:\/\/filles-de-la-charite.org\/?post_type=rincon-oracion&#038;p=42640"},"modified":"2025-04-13T19:53:49","modified_gmt":"2025-04-13T17:53:49","slug":"revetus-de-lesprit-de-jesus-christ","status":"publish","type":"rincon-oracion","link":"https:\/\/filles-de-la-charite.org\/fr\/rincon-oracion\/revetus-de-lesprit-de-jesus-christ\/","title":{"rendered":"Rev\u00eatus de l&rsquo;Esprit de J\u00e9sus Christ"},"content":{"rendered":"\n<p>En action de gr\u00e2ce et en louange au Seigneur, nous nous joignons aux pr\u00eatres de la mission qui vivent dans la joie le 4e centenaire de la fondation de la Congr\u00e9gation de la Mission. Pour ce faire, ils se pr\u00e9parent par la pri\u00e8re et l'engagement dans la mission afin de revitaliser les trois dimensions de la spiritualit\u00e9 vincentienne, comme l'indique le Sup\u00e9rieur G\u00e9n\u00e9ral, le P\u00e8re Tomaz Mavric, qui \u00e9crit : \u00ab la dimension proph\u00e9tique qui, par la gr\u00e2ce de l'Esprit de Dieu qui est \u00ab au-dessus de nous \u00bb, permet d'\u00e9couter le cri des pauvres et de se montrer attentif ; la dimension synodale qui voit le d\u00e9passement de l'individualisme pour un cheminement et une action communautaires ; et la dimension missionnaire dont l'authenticit\u00e9 d\u00e9coule d'une spiritualit\u00e9 profonde, d'une communion intense, de la proximit\u00e9 et de l'amiti\u00e9 avec J\u00e9sus \u00bb.<\/p>\n\n\n\n<figure class=\"wp-block-embed is-type-video is-provider-youtube wp-block-embed-youtube wp-embed-aspect-16-9 wp-has-aspect-ratio\"><div class=\"wp-block-embed__wrapper\">\n<iframe loading=\"lazy\" title=\"Rev\u00eatus de l&#039;Esprit de J\u00e9sus Christ FR\" width=\"1080\" height=\"608\" src=\"https:\/\/www.youtube.com\/embed\/DM9H1gDOpJI?feature=oembed\"  allow=\"accelerometer; autoplay; clipboard-write; encrypted-media; gyroscope; picture-in-picture; web-share\" referrerpolicy=\"strict-origin-when-cross-origin\" allowfullscreen><\/iframe>\n<\/div><\/figure>\n","protected":false},"featured_media":42623,"template":"","meta":{"_acf_changed":false,"_links_to":"","_links_to_target":""},"class_list":["post-42640","rincon-oracion","type-rincon-oracion","status-publish","has-post-thumbnail","hentry"],"acf":[],"yoast_head":"<!-- This site is optimized with the Yoast SEO plugin v27.5 - https:\/\/yoast.com\/product\/yoast-seo-wordpress\/ -->\n<title>Rev\u00eatus de l&#039;Esprit de J\u00e9sus Christ - Filles de la Charit\u00e9<\/title>\n<meta name=\"robots\" content=\"index, follow, max-snippet:-1, max-image-preview:large, max-video-preview:-1\" \/>\n<link rel=\"canonical\" href=\"https:\/\/filles-de-la-charite.org\/fr\/rincon-oracion\/revetus-de-lesprit-de-jesus-christ\/\" \/>\n<meta property=\"og:locale\" content=\"fr_FR\" \/>\n<meta property=\"og:type\" content=\"article\" \/>\n<meta property=\"og:title\" content=\"Rev\u00eatus de l&#039;Esprit de J\u00e9sus Christ - Filles de la Charit\u00e9\" \/>\n<meta property=\"og:description\" content=\"En action de gr\u00e2ce et en louange au Seigneur, nous nous joignons aux pr\u00eatres de la mission qui vivent dans la joie le 4e centenaire de la fondation de la Congr\u00e9gation de la Mission. Pour ce faire, ils se pr\u00e9parent par la pri\u00e8re et l&rsquo;engagement dans la mission afin de revitaliser les trois dimensions de [&hellip;]\" \/>\n<meta property=\"og:url\" content=\"https:\/\/filles-de-la-charite.org\/fr\/rincon-oracion\/revetus-de-lesprit-de-jesus-christ\/\" \/>\n<meta property=\"og:site_name\" content=\"Filles de la Charit\u00e9\" \/>\n<meta property=\"og:image\" content=\"https:\/\/filles-de-la-charite.org\/wp-content\/uploads\/2025\/04\/FR-Cover.jpg\" \/>\n\t<meta property=\"og:image:width\" content=\"1280\" \/>\n\t<meta property=\"og:image:height\" content=\"720\" \/>\n\t<meta property=\"og:image:type\" content=\"image\/jpeg\" \/>\n<meta name=\"twitter:card\" content=\"summary_large_image\" \/>\n<meta name=\"twitter:label1\" content=\"Dur\u00e9e de lecture estim\u00e9e\" \/>\n\t<meta name=\"twitter:data1\" content=\"1 minute\" \/>\n<script type=\"application\/ld+json\" class=\"yoast-schema-graph\">{\"@context\":\"https:\\\/\\\/schema.org\",\"@graph\":[{\"@type\":\"WebPage\",\"@id\":\"https:\\\/\\\/filles-de-la-charite.org\\\/fr\\\/rincon-oracion\\\/revetus-de-lesprit-de-jesus-christ\\\/\",\"url\":\"https:\\\/\\\/filles-de-la-charite.org\\\/fr\\\/rincon-oracion\\\/revetus-de-lesprit-de-jesus-christ\\\/\",\"name\":\"Rev\u00eatus de l'Esprit de J\u00e9sus Christ - Filles de la Charit\u00e9\",\"isPartOf\":{\"@id\":\"https:\\\/\\\/filles-de-la-charite.org\\\/fr\\\/#website\"},\"primaryImageOfPage\":{\"@id\":\"https:\\\/\\\/filles-de-la-charite.org\\\/fr\\\/rincon-oracion\\\/revetus-de-lesprit-de-jesus-christ\\\/#primaryimage\"},\"image\":{\"@id\":\"https:\\\/\\\/filles-de-la-charite.org\\\/fr\\\/rincon-oracion\\\/revetus-de-lesprit-de-jesus-christ\\\/#primaryimage\"},\"thumbnailUrl\":\"https:\\\/\\\/filles-de-la-charite.org\\\/wp-content\\\/uploads\\\/2025\\\/04\\\/FR-Cover.jpg\",\"datePublished\":\"2025-04-14T22:00:00+00:00\",\"inLanguage\":\"fr-FR\",\"potentialAction\":[{\"@type\":\"ReadAction\",\"target\":[\"https:\\\/\\\/filles-de-la-charite.org\\\/fr\\\/rincon-oracion\\\/revetus-de-lesprit-de-jesus-christ\\\/\"]}]},{\"@type\":\"ImageObject\",\"inLanguage\":\"fr-FR\",\"@id\":\"https:\\\/\\\/filles-de-la-charite.org\\\/fr\\\/rincon-oracion\\\/revetus-de-lesprit-de-jesus-christ\\\/#primaryimage\",\"url\":\"https:\\\/\\\/filles-de-la-charite.org\\\/wp-content\\\/uploads\\\/2025\\\/04\\\/FR-Cover.jpg\",\"contentUrl\":\"https:\\\/\\\/filles-de-la-charite.org\\\/wp-content\\\/uploads\\\/2025\\\/04\\\/FR-Cover.jpg\",\"width\":1280,\"height\":720},{\"@type\":\"WebSite\",\"@id\":\"https:\\\/\\\/filles-de-la-charite.org\\\/fr\\\/#website\",\"url\":\"https:\\\/\\\/filles-de-la-charite.org\\\/fr\\\/\",\"name\":\"Hijas de la Caridad\",\"description\":\"L\u2019amour de J\u00e9sus nous presse \u00e0 prendre soin des personnes les plus d\u00e9munies\",\"publisher\":{\"@id\":\"https:\\\/\\\/filles-de-la-charite.org\\\/fr\\\/#organization\"},\"potentialAction\":[{\"@type\":\"SearchAction\",\"target\":{\"@type\":\"EntryPoint\",\"urlTemplate\":\"https:\\\/\\\/filles-de-la-charite.org\\\/fr\\\/?s={search_term_string}\"},\"query-input\":{\"@type\":\"PropertyValueSpecification\",\"valueRequired\":true,\"valueName\":\"search_term_string\"}}],\"inLanguage\":\"fr-FR\"},{\"@type\":\"Organization\",\"@id\":\"https:\\\/\\\/filles-de-la-charite.org\\\/fr\\\/#organization\",\"name\":\"Hijas de la Caridad\",\"url\":\"https:\\\/\\\/filles-de-la-charite.org\\\/fr\\\/\",\"logo\":{\"@type\":\"ImageObject\",\"inLanguage\":\"fr-FR\",\"@id\":\"https:\\\/\\\/filles-de-la-charite.org\\\/fr\\\/#\\\/schema\\\/logo\\\/image\\\/\",\"url\":\"https:\\\/\\\/filles-de-la-charite.org\\\/wp-content\\\/uploads\\\/2023\\\/03\\\/isotipo-Hijas-de-la-Caridad.png\",\"contentUrl\":\"https:\\\/\\\/filles-de-la-charite.org\\\/wp-content\\\/uploads\\\/2023\\\/03\\\/isotipo-Hijas-de-la-Caridad.png\",\"width\":1417,\"height\":1417,\"caption\":\"Hijas de la Caridad\"},\"image\":{\"@id\":\"https:\\\/\\\/filles-de-la-charite.org\\\/fr\\\/#\\\/schema\\\/logo\\\/image\\\/\"}}]}<\/script>\n<!-- \/ Yoast SEO plugin. -->","yoast_head_json":{"title":"Rev\u00eatus de l'Esprit de J\u00e9sus Christ - Filles de la Charit\u00e9","robots":{"index":"index","follow":"follow","max-snippet":"max-snippet:-1","max-image-preview":"max-image-preview:large","max-video-preview":"max-video-preview:-1"},"canonical":"https:\/\/filles-de-la-charite.org\/fr\/rincon-oracion\/revetus-de-lesprit-de-jesus-christ\/","og_locale":"fr_FR","og_type":"article","og_title":"Rev\u00eatus de l'Esprit de J\u00e9sus Christ - Filles de la Charit\u00e9","og_description":"En action de gr\u00e2ce et en louange au Seigneur, nous nous joignons aux pr\u00eatres de la mission qui vivent dans la joie le 4e centenaire de la fondation de la Congr\u00e9gation de la Mission. Pour ce faire, ils se pr\u00e9parent par la pri\u00e8re et l&rsquo;engagement dans la mission afin de revitaliser les trois dimensions de [&hellip;]","og_url":"https:\/\/filles-de-la-charite.org\/fr\/rincon-oracion\/revetus-de-lesprit-de-jesus-christ\/","og_site_name":"Filles de la Charit\u00e9","og_image":[{"width":1280,"height":720,"url":"https:\/\/filles-de-la-charite.org\/wp-content\/uploads\/2025\/04\/FR-Cover.jpg","type":"image\/jpeg"}],"twitter_card":"summary_large_image","twitter_misc":{"Dur\u00e9e de lecture estim\u00e9e":"1 minute"},"schema":{"@context":"https:\/\/schema.org","@graph":[{"@type":"WebPage","@id":"https:\/\/filles-de-la-charite.org\/fr\/rincon-oracion\/revetus-de-lesprit-de-jesus-christ\/","url":"https:\/\/filles-de-la-charite.org\/fr\/rincon-oracion\/revetus-de-lesprit-de-jesus-christ\/","name":"Rev\u00eatus de l'Esprit de J\u00e9sus Christ - Filles de la Charit\u00e9","isPartOf":{"@id":"https:\/\/filles-de-la-charite.org\/fr\/#website"},"primaryImageOfPage":{"@id":"https:\/\/filles-de-la-charite.org\/fr\/rincon-oracion\/revetus-de-lesprit-de-jesus-christ\/#primaryimage"},"image":{"@id":"https:\/\/filles-de-la-charite.org\/fr\/rincon-oracion\/revetus-de-lesprit-de-jesus-christ\/#primaryimage"},"thumbnailUrl":"https:\/\/filles-de-la-charite.org\/wp-content\/uploads\/2025\/04\/FR-Cover.jpg","datePublished":"2025-04-14T22:00:00+00:00","inLanguage":"fr-FR","potentialAction":[{"@type":"ReadAction","target":["https:\/\/filles-de-la-charite.org\/fr\/rincon-oracion\/revetus-de-lesprit-de-jesus-christ\/"]}]},{"@type":"ImageObject","inLanguage":"fr-FR","@id":"https:\/\/filles-de-la-charite.org\/fr\/rincon-oracion\/revetus-de-lesprit-de-jesus-christ\/#primaryimage","url":"https:\/\/filles-de-la-charite.org\/wp-content\/uploads\/2025\/04\/FR-Cover.jpg","contentUrl":"https:\/\/filles-de-la-charite.org\/wp-content\/uploads\/2025\/04\/FR-Cover.jpg","width":1280,"height":720},{"@type":"WebSite","@id":"https:\/\/filles-de-la-charite.org\/fr\/#website","url":"https:\/\/filles-de-la-charite.org\/fr\/","name":"Hijas de la Caridad","description":"L\u2019amour de J\u00e9sus nous presse \u00e0 prendre soin des personnes les plus d\u00e9munies","publisher":{"@id":"https:\/\/filles-de-la-charite.org\/fr\/#organization"},"potentialAction":[{"@type":"SearchAction","target":{"@type":"EntryPoint","urlTemplate":"https:\/\/filles-de-la-charite.org\/fr\/?s={search_term_string}"},"query-input":{"@type":"PropertyValueSpecification","valueRequired":true,"valueName":"search_term_string"}}],"inLanguage":"fr-FR"},{"@type":"Organization","@id":"https:\/\/filles-de-la-charite.org\/fr\/#organization","name":"Hijas de la Caridad","url":"https:\/\/filles-de-la-charite.org\/fr\/","logo":{"@type":"ImageObject","inLanguage":"fr-FR","@id":"https:\/\/filles-de-la-charite.org\/fr\/#\/schema\/logo\/image\/","url":"https:\/\/filles-de-la-charite.org\/wp-content\/uploads\/2023\/03\/isotipo-Hijas-de-la-Caridad.png","contentUrl":"https:\/\/filles-de-la-charite.org\/wp-content\/uploads\/2023\/03\/isotipo-Hijas-de-la-Caridad.png","width":1417,"height":1417,"caption":"Hijas de la Caridad"},"image":{"@id":"https:\/\/filles-de-la-charite.org\/fr\/#\/schema\/logo\/image\/"}}]}},"_links":{"self":[{"href":"https:\/\/filles-de-la-charite.org\/fr\/wp-json\/wp\/v2\/rincon-oracion\/42640","targetHints":{"allow":["GET"]}}],"collection":[{"href":"https:\/\/filles-de-la-charite.org\/fr\/wp-json\/wp\/v2\/rincon-oracion"}],"about":[{"href":"https:\/\/filles-de-la-charite.org\/fr\/wp-json\/wp\/v2\/types\/rincon-oracion"}],"wp:featuredmedia":[{"embeddable":true,"href":"https:\/\/filles-de-la-charite.org\/fr\/wp-json\/wp\/v2\/media\/42623"}],"wp:attachment":[{"href":"https:\/\/filles-de-la-charite.org\/fr\/wp-json\/wp\/v2\/media?parent=42640"}],"curies":[{"name":"wp","href":"https:\/\/api.w.org\/{rel}","templated":true}]}}