{"id":44558,"date":"2025-07-19T00:00:00","date_gmt":"2025-07-18T22:00:00","guid":{"rendered":"https:\/\/filles-de-la-charite.org\/?post_type=rincon-oracion&#038;p=44558"},"modified":"2025-07-19T08:16:02","modified_gmt":"2025-07-19T06:16:02","slug":"voici-la-sainte-vierge-la-nuit-du-18-au-19-juillet-1830","status":"publish","type":"rincon-oracion","link":"https:\/\/filles-de-la-charite.org\/fr\/rincon-oracion\/voici-la-sainte-vierge-la-nuit-du-18-au-19-juillet-1830\/","title":{"rendered":"Voici la Sainte Vierge, la nuit du 18 au 19 juillet 1830"},"content":{"rendered":"\n<p>L'homme n'est jamais seul, car Dieu est concr\u00e8tement proche de lui, m\u00eame \u00e0 travers les apparitions de la Vierge, qui prend soin des fr\u00e8res et s\u0153urs de J\u00e9sus, leur rappelant, \u00e0 tout \u00e2ge, de faire \u00ab tout ce qu'Il nous dit \u00bb. C'est l\u00e0 que r\u00e9side la vie, le sens, l'affirmation de chaque homme : faire ce que J\u00e9sus nous dit. Unissons-nous aux milliers et milliers de p\u00e8lerins unis par un programme commun : prier dans la chapelle de la M\u00e9daille Miraculeuse. Personne ne parle ; ce serait une dissonance que de rompre cette atmosph\u00e8re si impr\u00e9gn\u00e9e de sacr\u00e9. Il y a une impulsion int\u00e9rieure qui vient de cet imp\u00e9ratif : \u00ab Venez au pied de cet autel \u00bb. Unissons notre pri\u00e8re \u00e0 celle de tant de personnes \u00e0 travers le monde qui ont des gr\u00e2ces \u00e0 demander, des probl\u00e8mes \u00e0 surmonter, l'espoir que quelque chose change, mais aussi un grand d\u00e9sir de remercier Notre Dame pour sa protection maternelle.<\/p>\n\n\n\n<figure class=\"wp-block-embed is-type-video is-provider-youtube wp-block-embed-youtube wp-embed-aspect-16-9 wp-has-aspect-ratio\"><div class=\"wp-block-embed__wrapper\">\n<iframe loading=\"lazy\" title=\"Voici la Sainte Vierge, la nuit du 18 au 19 juillet 1830\" width=\"1080\" height=\"608\" src=\"https:\/\/www.youtube.com\/embed\/IFWylHwEcP8?feature=oembed\"  allow=\"accelerometer; autoplay; clipboard-write; encrypted-media; gyroscope; picture-in-picture; web-share\" referrerpolicy=\"strict-origin-when-cross-origin\" allowfullscreen><\/iframe>\n<\/div><\/figure>\n","protected":false},"featured_media":44541,"template":"","meta":{"_acf_changed":false,"_links_to":"","_links_to_target":""},"class_list":["post-44558","rincon-oracion","type-rincon-oracion","status-publish","has-post-thumbnail","hentry"],"acf":[],"yoast_head":"<!-- This site is optimized with the Yoast SEO plugin v27.5 - https:\/\/yoast.com\/product\/yoast-seo-wordpress\/ -->\n<title>Voici la Sainte Vierge, la nuit du 18 au 19 juillet 1830 - Filles de la Charit\u00e9<\/title>\n<meta name=\"robots\" content=\"index, follow, max-snippet:-1, max-image-preview:large, max-video-preview:-1\" \/>\n<link rel=\"canonical\" href=\"https:\/\/filles-de-la-charite.org\/fr\/rincon-oracion\/voici-la-sainte-vierge-la-nuit-du-18-au-19-juillet-1830\/\" \/>\n<meta property=\"og:locale\" content=\"fr_FR\" \/>\n<meta property=\"og:type\" content=\"article\" \/>\n<meta property=\"og:title\" content=\"Voici la Sainte Vierge, la nuit du 18 au 19 juillet 1830 - Filles de la Charit\u00e9\" \/>\n<meta property=\"og:description\" content=\"L&rsquo;homme n&rsquo;est jamais seul, car Dieu est concr\u00e8tement proche de lui, m\u00eame \u00e0 travers les apparitions de la Vierge, qui prend soin des fr\u00e8res et s\u0153urs de J\u00e9sus, leur rappelant, \u00e0 tout \u00e2ge, de faire \u00ab tout ce qu&rsquo;Il nous dit \u00bb. C&rsquo;est l\u00e0 que r\u00e9side la vie, le sens, l&rsquo;affirmation de chaque homme : [&hellip;]\" \/>\n<meta property=\"og:url\" content=\"https:\/\/filles-de-la-charite.org\/fr\/rincon-oracion\/voici-la-sainte-vierge-la-nuit-du-18-au-19-juillet-1830\/\" \/>\n<meta property=\"og:site_name\" content=\"Filles de la Charit\u00e9\" \/>\n<meta property=\"article:modified_time\" content=\"2025-07-19T06:16:02+00:00\" \/>\n<meta property=\"og:image\" content=\"https:\/\/filles-de-la-charite.org\/wp-content\/uploads\/2025\/07\/FR-PC-July.jpg\" \/>\n\t<meta property=\"og:image:width\" content=\"1280\" \/>\n\t<meta property=\"og:image:height\" content=\"720\" \/>\n\t<meta property=\"og:image:type\" content=\"image\/jpeg\" \/>\n<meta name=\"twitter:card\" content=\"summary_large_image\" \/>\n<meta name=\"twitter:label1\" content=\"Dur\u00e9e de lecture estim\u00e9e\" \/>\n\t<meta name=\"twitter:data1\" content=\"1 minute\" \/>\n<script type=\"application\/ld+json\" class=\"yoast-schema-graph\">{\"@context\":\"https:\\\/\\\/schema.org\",\"@graph\":[{\"@type\":\"WebPage\",\"@id\":\"https:\\\/\\\/filles-de-la-charite.org\\\/fr\\\/rincon-oracion\\\/voici-la-sainte-vierge-la-nuit-du-18-au-19-juillet-1830\\\/\",\"url\":\"https:\\\/\\\/filles-de-la-charite.org\\\/fr\\\/rincon-oracion\\\/voici-la-sainte-vierge-la-nuit-du-18-au-19-juillet-1830\\\/\",\"name\":\"Voici la Sainte Vierge, la nuit du 18 au 19 juillet 1830 - Filles de la Charit\u00e9\",\"isPartOf\":{\"@id\":\"https:\\\/\\\/filles-de-la-charite.org\\\/fr\\\/#website\"},\"primaryImageOfPage\":{\"@id\":\"https:\\\/\\\/filles-de-la-charite.org\\\/fr\\\/rincon-oracion\\\/voici-la-sainte-vierge-la-nuit-du-18-au-19-juillet-1830\\\/#primaryimage\"},\"image\":{\"@id\":\"https:\\\/\\\/filles-de-la-charite.org\\\/fr\\\/rincon-oracion\\\/voici-la-sainte-vierge-la-nuit-du-18-au-19-juillet-1830\\\/#primaryimage\"},\"thumbnailUrl\":\"https:\\\/\\\/filles-de-la-charite.org\\\/wp-content\\\/uploads\\\/2025\\\/07\\\/FR-PC-July.jpg\",\"datePublished\":\"2025-07-18T22:00:00+00:00\",\"dateModified\":\"2025-07-19T06:16:02+00:00\",\"inLanguage\":\"fr-FR\",\"potentialAction\":[{\"@type\":\"ReadAction\",\"target\":[\"https:\\\/\\\/filles-de-la-charite.org\\\/fr\\\/rincon-oracion\\\/voici-la-sainte-vierge-la-nuit-du-18-au-19-juillet-1830\\\/\"]}]},{\"@type\":\"ImageObject\",\"inLanguage\":\"fr-FR\",\"@id\":\"https:\\\/\\\/filles-de-la-charite.org\\\/fr\\\/rincon-oracion\\\/voici-la-sainte-vierge-la-nuit-du-18-au-19-juillet-1830\\\/#primaryimage\",\"url\":\"https:\\\/\\\/filles-de-la-charite.org\\\/wp-content\\\/uploads\\\/2025\\\/07\\\/FR-PC-July.jpg\",\"contentUrl\":\"https:\\\/\\\/filles-de-la-charite.org\\\/wp-content\\\/uploads\\\/2025\\\/07\\\/FR-PC-July.jpg\",\"width\":1280,\"height\":720},{\"@type\":\"WebSite\",\"@id\":\"https:\\\/\\\/filles-de-la-charite.org\\\/fr\\\/#website\",\"url\":\"https:\\\/\\\/filles-de-la-charite.org\\\/fr\\\/\",\"name\":\"Hijas de la Caridad\",\"description\":\"L\u2019amour de J\u00e9sus nous presse \u00e0 prendre soin des personnes les plus d\u00e9munies\",\"publisher\":{\"@id\":\"https:\\\/\\\/filles-de-la-charite.org\\\/fr\\\/#organization\"},\"potentialAction\":[{\"@type\":\"SearchAction\",\"target\":{\"@type\":\"EntryPoint\",\"urlTemplate\":\"https:\\\/\\\/filles-de-la-charite.org\\\/fr\\\/?s={search_term_string}\"},\"query-input\":{\"@type\":\"PropertyValueSpecification\",\"valueRequired\":true,\"valueName\":\"search_term_string\"}}],\"inLanguage\":\"fr-FR\"},{\"@type\":\"Organization\",\"@id\":\"https:\\\/\\\/filles-de-la-charite.org\\\/fr\\\/#organization\",\"name\":\"Hijas de la Caridad\",\"url\":\"https:\\\/\\\/filles-de-la-charite.org\\\/fr\\\/\",\"logo\":{\"@type\":\"ImageObject\",\"inLanguage\":\"fr-FR\",\"@id\":\"https:\\\/\\\/filles-de-la-charite.org\\\/fr\\\/#\\\/schema\\\/logo\\\/image\\\/\",\"url\":\"https:\\\/\\\/filles-de-la-charite.org\\\/wp-content\\\/uploads\\\/2023\\\/03\\\/isotipo-Hijas-de-la-Caridad.png\",\"contentUrl\":\"https:\\\/\\\/filles-de-la-charite.org\\\/wp-content\\\/uploads\\\/2023\\\/03\\\/isotipo-Hijas-de-la-Caridad.png\",\"width\":1417,\"height\":1417,\"caption\":\"Hijas de la Caridad\"},\"image\":{\"@id\":\"https:\\\/\\\/filles-de-la-charite.org\\\/fr\\\/#\\\/schema\\\/logo\\\/image\\\/\"}}]}<\/script>\n<!-- \/ Yoast SEO plugin. -->","yoast_head_json":{"title":"Voici la Sainte Vierge, la nuit du 18 au 19 juillet 1830 - Filles de la Charit\u00e9","robots":{"index":"index","follow":"follow","max-snippet":"max-snippet:-1","max-image-preview":"max-image-preview:large","max-video-preview":"max-video-preview:-1"},"canonical":"https:\/\/filles-de-la-charite.org\/fr\/rincon-oracion\/voici-la-sainte-vierge-la-nuit-du-18-au-19-juillet-1830\/","og_locale":"fr_FR","og_type":"article","og_title":"Voici la Sainte Vierge, la nuit du 18 au 19 juillet 1830 - Filles de la Charit\u00e9","og_description":"L&rsquo;homme n&rsquo;est jamais seul, car Dieu est concr\u00e8tement proche de lui, m\u00eame \u00e0 travers les apparitions de la Vierge, qui prend soin des fr\u00e8res et s\u0153urs de J\u00e9sus, leur rappelant, \u00e0 tout \u00e2ge, de faire \u00ab tout ce qu&rsquo;Il nous dit \u00bb. C&rsquo;est l\u00e0 que r\u00e9side la vie, le sens, l&rsquo;affirmation de chaque homme : [&hellip;]","og_url":"https:\/\/filles-de-la-charite.org\/fr\/rincon-oracion\/voici-la-sainte-vierge-la-nuit-du-18-au-19-juillet-1830\/","og_site_name":"Filles de la Charit\u00e9","article_modified_time":"2025-07-19T06:16:02+00:00","og_image":[{"width":1280,"height":720,"url":"https:\/\/filles-de-la-charite.org\/wp-content\/uploads\/2025\/07\/FR-PC-July.jpg","type":"image\/jpeg"}],"twitter_card":"summary_large_image","twitter_misc":{"Dur\u00e9e de lecture estim\u00e9e":"1 minute"},"schema":{"@context":"https:\/\/schema.org","@graph":[{"@type":"WebPage","@id":"https:\/\/filles-de-la-charite.org\/fr\/rincon-oracion\/voici-la-sainte-vierge-la-nuit-du-18-au-19-juillet-1830\/","url":"https:\/\/filles-de-la-charite.org\/fr\/rincon-oracion\/voici-la-sainte-vierge-la-nuit-du-18-au-19-juillet-1830\/","name":"Voici la Sainte Vierge, la nuit du 18 au 19 juillet 1830 - Filles de la Charit\u00e9","isPartOf":{"@id":"https:\/\/filles-de-la-charite.org\/fr\/#website"},"primaryImageOfPage":{"@id":"https:\/\/filles-de-la-charite.org\/fr\/rincon-oracion\/voici-la-sainte-vierge-la-nuit-du-18-au-19-juillet-1830\/#primaryimage"},"image":{"@id":"https:\/\/filles-de-la-charite.org\/fr\/rincon-oracion\/voici-la-sainte-vierge-la-nuit-du-18-au-19-juillet-1830\/#primaryimage"},"thumbnailUrl":"https:\/\/filles-de-la-charite.org\/wp-content\/uploads\/2025\/07\/FR-PC-July.jpg","datePublished":"2025-07-18T22:00:00+00:00","dateModified":"2025-07-19T06:16:02+00:00","inLanguage":"fr-FR","potentialAction":[{"@type":"ReadAction","target":["https:\/\/filles-de-la-charite.org\/fr\/rincon-oracion\/voici-la-sainte-vierge-la-nuit-du-18-au-19-juillet-1830\/"]}]},{"@type":"ImageObject","inLanguage":"fr-FR","@id":"https:\/\/filles-de-la-charite.org\/fr\/rincon-oracion\/voici-la-sainte-vierge-la-nuit-du-18-au-19-juillet-1830\/#primaryimage","url":"https:\/\/filles-de-la-charite.org\/wp-content\/uploads\/2025\/07\/FR-PC-July.jpg","contentUrl":"https:\/\/filles-de-la-charite.org\/wp-content\/uploads\/2025\/07\/FR-PC-July.jpg","width":1280,"height":720},{"@type":"WebSite","@id":"https:\/\/filles-de-la-charite.org\/fr\/#website","url":"https:\/\/filles-de-la-charite.org\/fr\/","name":"Hijas de la Caridad","description":"L\u2019amour de J\u00e9sus nous presse \u00e0 prendre soin des personnes les plus d\u00e9munies","publisher":{"@id":"https:\/\/filles-de-la-charite.org\/fr\/#organization"},"potentialAction":[{"@type":"SearchAction","target":{"@type":"EntryPoint","urlTemplate":"https:\/\/filles-de-la-charite.org\/fr\/?s={search_term_string}"},"query-input":{"@type":"PropertyValueSpecification","valueRequired":true,"valueName":"search_term_string"}}],"inLanguage":"fr-FR"},{"@type":"Organization","@id":"https:\/\/filles-de-la-charite.org\/fr\/#organization","name":"Hijas de la Caridad","url":"https:\/\/filles-de-la-charite.org\/fr\/","logo":{"@type":"ImageObject","inLanguage":"fr-FR","@id":"https:\/\/filles-de-la-charite.org\/fr\/#\/schema\/logo\/image\/","url":"https:\/\/filles-de-la-charite.org\/wp-content\/uploads\/2023\/03\/isotipo-Hijas-de-la-Caridad.png","contentUrl":"https:\/\/filles-de-la-charite.org\/wp-content\/uploads\/2023\/03\/isotipo-Hijas-de-la-Caridad.png","width":1417,"height":1417,"caption":"Hijas de la Caridad"},"image":{"@id":"https:\/\/filles-de-la-charite.org\/fr\/#\/schema\/logo\/image\/"}}]}},"_links":{"self":[{"href":"https:\/\/filles-de-la-charite.org\/fr\/wp-json\/wp\/v2\/rincon-oracion\/44558","targetHints":{"allow":["GET"]}}],"collection":[{"href":"https:\/\/filles-de-la-charite.org\/fr\/wp-json\/wp\/v2\/rincon-oracion"}],"about":[{"href":"https:\/\/filles-de-la-charite.org\/fr\/wp-json\/wp\/v2\/types\/rincon-oracion"}],"wp:featuredmedia":[{"embeddable":true,"href":"https:\/\/filles-de-la-charite.org\/fr\/wp-json\/wp\/v2\/media\/44541"}],"wp:attachment":[{"href":"https:\/\/filles-de-la-charite.org\/fr\/wp-json\/wp\/v2\/media?parent=44558"}],"curies":[{"name":"wp","href":"https:\/\/api.w.org\/{rel}","templated":true}]}}