{"id":49185,"date":"2026-03-25T00:00:00","date_gmt":"2026-03-24T23:00:00","guid":{"rendered":"https:\/\/filles-de-la-charite.org\/?post_type=rincon-oracion&#038;p=49185"},"modified":"2026-03-30T17:50:15","modified_gmt":"2026-03-30T15:50:15","slug":"le-oui-de-marie-dans-la-vie-des-filles-de-la-charite","status":"publish","type":"rincon-oracion","link":"https:\/\/filles-de-la-charite.org\/fr\/rincon-oracion\/le-oui-de-marie-dans-la-vie-des-filles-de-la-charite\/","title":{"rendered":"Le oui de Marie dans la vie des Filles de la Charit\u00e9"},"content":{"rendered":"\n<p>Le 25 mars, en la f\u00eate de l\u2019Annonciation, les Filles de la Charit\u00e9 de Saint Vincent de Paul renouvellent les v\u0153ux de chastet\u00e9, de pauvret\u00e9, d\u2019ob\u00e9issance et du service des pauvres.<br>Inspir\u00e9es par le \u00ab Oui \u00bb de Marie, elles r\u00e9affirment leur mission d\u2019\u00eatre artisans de paix et d\u2019esp\u00e9rance, en vivant la Charit\u00e9 du Christ au service des plus n\u00e9cessiteux.<\/p>\n\n\n\n<figure class=\"wp-block-embed is-type-video is-provider-youtube wp-block-embed-youtube wp-embed-aspect-16-9 wp-has-aspect-ratio\"><div class=\"wp-block-embed__wrapper\">\n<iframe loading=\"lazy\" title=\"Le OUI de Marie\" width=\"1080\" height=\"608\" src=\"https:\/\/www.youtube.com\/embed\/9T84u6k8lhQ?feature=oembed\"  allow=\"accelerometer; autoplay; clipboard-write; encrypted-media; gyroscope; picture-in-picture; web-share\" referrerpolicy=\"strict-origin-when-cross-origin\" allowfullscreen><\/iframe>\n<\/div><\/figure>\n","protected":false},"featured_media":49186,"template":"","meta":{"_acf_changed":false,"_links_to":"","_links_to_target":""},"class_list":["post-49185","rincon-oracion","type-rincon-oracion","status-publish","has-post-thumbnail","hentry"],"acf":[],"yoast_head":"<!-- This site is optimized with the Yoast SEO plugin v27.5 - https:\/\/yoast.com\/product\/yoast-seo-wordpress\/ -->\n<title>Le oui de Marie dans la vie des Filles de la Charit\u00e9 - Filles de la Charit\u00e9<\/title>\n<meta name=\"robots\" content=\"index, follow, max-snippet:-1, max-image-preview:large, max-video-preview:-1\" \/>\n<link rel=\"canonical\" href=\"https:\/\/filles-de-la-charite.org\/fr\/rincon-oracion\/le-oui-de-marie-dans-la-vie-des-filles-de-la-charite\/\" \/>\n<meta property=\"og:locale\" content=\"fr_FR\" \/>\n<meta property=\"og:type\" content=\"article\" \/>\n<meta property=\"og:title\" content=\"Le oui de Marie dans la vie des Filles de la Charit\u00e9 - Filles de la Charit\u00e9\" \/>\n<meta property=\"og:description\" content=\"Le 25 mars, en la f\u00eate de l\u2019Annonciation, les Filles de la Charit\u00e9 de Saint Vincent de Paul renouvellent les v\u0153ux de chastet\u00e9, de pauvret\u00e9, d\u2019ob\u00e9issance et du service des pauvres.Inspir\u00e9es par le \u00ab Oui \u00bb de Marie, elles r\u00e9affirment leur mission d\u2019\u00eatre artisans de paix et d\u2019esp\u00e9rance, en vivant la Charit\u00e9 du Christ au [&hellip;]\" \/>\n<meta property=\"og:url\" content=\"https:\/\/filles-de-la-charite.org\/fr\/rincon-oracion\/le-oui-de-marie-dans-la-vie-des-filles-de-la-charite\/\" \/>\n<meta property=\"og:site_name\" content=\"Filles de la Charit\u00e9\" \/>\n<meta property=\"article:modified_time\" content=\"2026-03-30T15:50:15+00:00\" \/>\n<meta property=\"og:image\" content=\"https:\/\/filles-de-la-charite.org\/wp-content\/uploads\/2026\/03\/FR-Marzo-2026-Il-SI-di-Maria.jpg\" \/>\n\t<meta property=\"og:image:width\" content=\"1920\" \/>\n\t<meta property=\"og:image:height\" content=\"1080\" \/>\n\t<meta property=\"og:image:type\" content=\"image\/jpeg\" \/>\n<meta name=\"twitter:card\" content=\"summary_large_image\" \/>\n<meta name=\"twitter:label1\" content=\"Dur\u00e9e de lecture estim\u00e9e\" \/>\n\t<meta name=\"twitter:data1\" content=\"1 minute\" \/>\n<script type=\"application\/ld+json\" class=\"yoast-schema-graph\">{\"@context\":\"https:\\\/\\\/schema.org\",\"@graph\":[{\"@type\":\"WebPage\",\"@id\":\"https:\\\/\\\/filles-de-la-charite.org\\\/fr\\\/rincon-oracion\\\/le-oui-de-marie-dans-la-vie-des-filles-de-la-charite\\\/\",\"url\":\"https:\\\/\\\/filles-de-la-charite.org\\\/fr\\\/rincon-oracion\\\/le-oui-de-marie-dans-la-vie-des-filles-de-la-charite\\\/\",\"name\":\"Le oui de Marie dans la vie des Filles de la Charit\u00e9 - Filles de la Charit\u00e9\",\"isPartOf\":{\"@id\":\"https:\\\/\\\/filles-de-la-charite.org\\\/fr\\\/#website\"},\"primaryImageOfPage\":{\"@id\":\"https:\\\/\\\/filles-de-la-charite.org\\\/fr\\\/rincon-oracion\\\/le-oui-de-marie-dans-la-vie-des-filles-de-la-charite\\\/#primaryimage\"},\"image\":{\"@id\":\"https:\\\/\\\/filles-de-la-charite.org\\\/fr\\\/rincon-oracion\\\/le-oui-de-marie-dans-la-vie-des-filles-de-la-charite\\\/#primaryimage\"},\"thumbnailUrl\":\"https:\\\/\\\/filles-de-la-charite.org\\\/wp-content\\\/uploads\\\/2026\\\/03\\\/FR-Marzo-2026-Il-SI-di-Maria.jpg\",\"datePublished\":\"2026-03-24T23:00:00+00:00\",\"dateModified\":\"2026-03-30T15:50:15+00:00\",\"inLanguage\":\"fr-FR\",\"potentialAction\":[{\"@type\":\"ReadAction\",\"target\":[\"https:\\\/\\\/filles-de-la-charite.org\\\/fr\\\/rincon-oracion\\\/le-oui-de-marie-dans-la-vie-des-filles-de-la-charite\\\/\"]}]},{\"@type\":\"ImageObject\",\"inLanguage\":\"fr-FR\",\"@id\":\"https:\\\/\\\/filles-de-la-charite.org\\\/fr\\\/rincon-oracion\\\/le-oui-de-marie-dans-la-vie-des-filles-de-la-charite\\\/#primaryimage\",\"url\":\"https:\\\/\\\/filles-de-la-charite.org\\\/wp-content\\\/uploads\\\/2026\\\/03\\\/FR-Marzo-2026-Il-SI-di-Maria.jpg\",\"contentUrl\":\"https:\\\/\\\/filles-de-la-charite.org\\\/wp-content\\\/uploads\\\/2026\\\/03\\\/FR-Marzo-2026-Il-SI-di-Maria.jpg\",\"width\":1920,\"height\":1080},{\"@type\":\"WebSite\",\"@id\":\"https:\\\/\\\/filles-de-la-charite.org\\\/fr\\\/#website\",\"url\":\"https:\\\/\\\/filles-de-la-charite.org\\\/fr\\\/\",\"name\":\"Hijas de la Caridad\",\"description\":\"L\u2019amour de J\u00e9sus nous presse \u00e0 prendre soin des personnes les plus d\u00e9munies\",\"publisher\":{\"@id\":\"https:\\\/\\\/filles-de-la-charite.org\\\/fr\\\/#organization\"},\"potentialAction\":[{\"@type\":\"SearchAction\",\"target\":{\"@type\":\"EntryPoint\",\"urlTemplate\":\"https:\\\/\\\/filles-de-la-charite.org\\\/fr\\\/?s={search_term_string}\"},\"query-input\":{\"@type\":\"PropertyValueSpecification\",\"valueRequired\":true,\"valueName\":\"search_term_string\"}}],\"inLanguage\":\"fr-FR\"},{\"@type\":\"Organization\",\"@id\":\"https:\\\/\\\/filles-de-la-charite.org\\\/fr\\\/#organization\",\"name\":\"Hijas de la Caridad\",\"url\":\"https:\\\/\\\/filles-de-la-charite.org\\\/fr\\\/\",\"logo\":{\"@type\":\"ImageObject\",\"inLanguage\":\"fr-FR\",\"@id\":\"https:\\\/\\\/filles-de-la-charite.org\\\/fr\\\/#\\\/schema\\\/logo\\\/image\\\/\",\"url\":\"https:\\\/\\\/filles-de-la-charite.org\\\/wp-content\\\/uploads\\\/2023\\\/03\\\/isotipo-Hijas-de-la-Caridad.png\",\"contentUrl\":\"https:\\\/\\\/filles-de-la-charite.org\\\/wp-content\\\/uploads\\\/2023\\\/03\\\/isotipo-Hijas-de-la-Caridad.png\",\"width\":1417,\"height\":1417,\"caption\":\"Hijas de la Caridad\"},\"image\":{\"@id\":\"https:\\\/\\\/filles-de-la-charite.org\\\/fr\\\/#\\\/schema\\\/logo\\\/image\\\/\"}}]}<\/script>\n<!-- \/ Yoast SEO plugin. -->","yoast_head_json":{"title":"Le oui de Marie dans la vie des Filles de la Charit\u00e9 - Filles de la Charit\u00e9","robots":{"index":"index","follow":"follow","max-snippet":"max-snippet:-1","max-image-preview":"max-image-preview:large","max-video-preview":"max-video-preview:-1"},"canonical":"https:\/\/filles-de-la-charite.org\/fr\/rincon-oracion\/le-oui-de-marie-dans-la-vie-des-filles-de-la-charite\/","og_locale":"fr_FR","og_type":"article","og_title":"Le oui de Marie dans la vie des Filles de la Charit\u00e9 - Filles de la Charit\u00e9","og_description":"Le 25 mars, en la f\u00eate de l\u2019Annonciation, les Filles de la Charit\u00e9 de Saint Vincent de Paul renouvellent les v\u0153ux de chastet\u00e9, de pauvret\u00e9, d\u2019ob\u00e9issance et du service des pauvres.Inspir\u00e9es par le \u00ab Oui \u00bb de Marie, elles r\u00e9affirment leur mission d\u2019\u00eatre artisans de paix et d\u2019esp\u00e9rance, en vivant la Charit\u00e9 du Christ au [&hellip;]","og_url":"https:\/\/filles-de-la-charite.org\/fr\/rincon-oracion\/le-oui-de-marie-dans-la-vie-des-filles-de-la-charite\/","og_site_name":"Filles de la Charit\u00e9","article_modified_time":"2026-03-30T15:50:15+00:00","og_image":[{"width":1920,"height":1080,"url":"https:\/\/filles-de-la-charite.org\/wp-content\/uploads\/2026\/03\/FR-Marzo-2026-Il-SI-di-Maria.jpg","type":"image\/jpeg"}],"twitter_card":"summary_large_image","twitter_misc":{"Dur\u00e9e de lecture estim\u00e9e":"1 minute"},"schema":{"@context":"https:\/\/schema.org","@graph":[{"@type":"WebPage","@id":"https:\/\/filles-de-la-charite.org\/fr\/rincon-oracion\/le-oui-de-marie-dans-la-vie-des-filles-de-la-charite\/","url":"https:\/\/filles-de-la-charite.org\/fr\/rincon-oracion\/le-oui-de-marie-dans-la-vie-des-filles-de-la-charite\/","name":"Le oui de Marie dans la vie des Filles de la Charit\u00e9 - Filles de la Charit\u00e9","isPartOf":{"@id":"https:\/\/filles-de-la-charite.org\/fr\/#website"},"primaryImageOfPage":{"@id":"https:\/\/filles-de-la-charite.org\/fr\/rincon-oracion\/le-oui-de-marie-dans-la-vie-des-filles-de-la-charite\/#primaryimage"},"image":{"@id":"https:\/\/filles-de-la-charite.org\/fr\/rincon-oracion\/le-oui-de-marie-dans-la-vie-des-filles-de-la-charite\/#primaryimage"},"thumbnailUrl":"https:\/\/filles-de-la-charite.org\/wp-content\/uploads\/2026\/03\/FR-Marzo-2026-Il-SI-di-Maria.jpg","datePublished":"2026-03-24T23:00:00+00:00","dateModified":"2026-03-30T15:50:15+00:00","inLanguage":"fr-FR","potentialAction":[{"@type":"ReadAction","target":["https:\/\/filles-de-la-charite.org\/fr\/rincon-oracion\/le-oui-de-marie-dans-la-vie-des-filles-de-la-charite\/"]}]},{"@type":"ImageObject","inLanguage":"fr-FR","@id":"https:\/\/filles-de-la-charite.org\/fr\/rincon-oracion\/le-oui-de-marie-dans-la-vie-des-filles-de-la-charite\/#primaryimage","url":"https:\/\/filles-de-la-charite.org\/wp-content\/uploads\/2026\/03\/FR-Marzo-2026-Il-SI-di-Maria.jpg","contentUrl":"https:\/\/filles-de-la-charite.org\/wp-content\/uploads\/2026\/03\/FR-Marzo-2026-Il-SI-di-Maria.jpg","width":1920,"height":1080},{"@type":"WebSite","@id":"https:\/\/filles-de-la-charite.org\/fr\/#website","url":"https:\/\/filles-de-la-charite.org\/fr\/","name":"Hijas de la Caridad","description":"L\u2019amour de J\u00e9sus nous presse \u00e0 prendre soin des personnes les plus d\u00e9munies","publisher":{"@id":"https:\/\/filles-de-la-charite.org\/fr\/#organization"},"potentialAction":[{"@type":"SearchAction","target":{"@type":"EntryPoint","urlTemplate":"https:\/\/filles-de-la-charite.org\/fr\/?s={search_term_string}"},"query-input":{"@type":"PropertyValueSpecification","valueRequired":true,"valueName":"search_term_string"}}],"inLanguage":"fr-FR"},{"@type":"Organization","@id":"https:\/\/filles-de-la-charite.org\/fr\/#organization","name":"Hijas de la Caridad","url":"https:\/\/filles-de-la-charite.org\/fr\/","logo":{"@type":"ImageObject","inLanguage":"fr-FR","@id":"https:\/\/filles-de-la-charite.org\/fr\/#\/schema\/logo\/image\/","url":"https:\/\/filles-de-la-charite.org\/wp-content\/uploads\/2023\/03\/isotipo-Hijas-de-la-Caridad.png","contentUrl":"https:\/\/filles-de-la-charite.org\/wp-content\/uploads\/2023\/03\/isotipo-Hijas-de-la-Caridad.png","width":1417,"height":1417,"caption":"Hijas de la Caridad"},"image":{"@id":"https:\/\/filles-de-la-charite.org\/fr\/#\/schema\/logo\/image\/"}}]}},"_links":{"self":[{"href":"https:\/\/filles-de-la-charite.org\/fr\/wp-json\/wp\/v2\/rincon-oracion\/49185","targetHints":{"allow":["GET"]}}],"collection":[{"href":"https:\/\/filles-de-la-charite.org\/fr\/wp-json\/wp\/v2\/rincon-oracion"}],"about":[{"href":"https:\/\/filles-de-la-charite.org\/fr\/wp-json\/wp\/v2\/types\/rincon-oracion"}],"wp:featuredmedia":[{"embeddable":true,"href":"https:\/\/filles-de-la-charite.org\/fr\/wp-json\/wp\/v2\/media\/49186"}],"wp:attachment":[{"href":"https:\/\/filles-de-la-charite.org\/fr\/wp-json\/wp\/v2\/media?parent=49185"}],"curies":[{"name":"wp","href":"https:\/\/api.w.org\/{rel}","templated":true}]}}