{"id":30528,"date":"2023-10-30T10:45:42","date_gmt":"2023-10-30T09:45:42","guid":{"rendered":"https:\/\/hijascaridad.sjdigitaldemo.ovh\/service\/sans-abri\/"},"modified":"2023-11-21T17:27:12","modified_gmt":"2023-11-21T16:27:12","slug":"sans-abri","status":"publish","type":"service","link":"https:\/\/filles-de-la-charite.org\/fr\/service\/sans-abri\/","title":{"rendered":"Les sans-abris"},"content":{"rendered":"\n<h4 class=\"wp-block-heading\">Chaque jour, pour diverses raisons, de plus en plus de personnes : hommes, femmes, enfants vivent dans la rue. Cette situation, toujours douloureuse, conduit \u00e0 une existence marqu\u00e9e par la solitude, l\u2019ins\u00e9curit\u00e9, la violence et le d\u00e9sespoir. <\/h4>\n\n\n\n<p>En g\u00e9n\u00e9ral, la soci\u00e9t\u00e9 les exclut et leur donne rarement le moyen de se r\u00e9ins\u00e9rer et de mener une vie digne.<\/p>\n\n\n\n<p>Nous offrons aux personnes sans-abris le respect, l\u2019amiti\u00e9, la compr\u00e9hension bienveillante. Nous leur facilitons l\u2019acc\u00e8s aux services n\u00e9cessaires \u00e0 leur insertion sociale :<\/p>\n\n\n\n<ul class=\"wp-block-list\">\n<li>centres d\u2019accueil<\/li>\n\n\n\n<li>abris de nuit<\/li>\n\n\n\n<li>cantines<\/li>\n\n\n\n<li>centres de sant\u00e9<\/li>\n\n\n\n<li>programmes de d\u00e9sintoxication<\/li>\n\n\n\n<li>acc\u00e8s aux services, tant publics que priv\u00e9s<\/li>\n\n\n\n<li>logements temporaires<\/li>\n\n\n\n<li>bagageries<\/li>\n\n\n\n<li>centres d\u2019alphab\u00e9tisation<\/li>\n\n\n\n<li>formations \u00e0 l\u2019estime de soi<\/li>\n\n\n\n<li>conseils juridiques<\/li>\n\n\n\n<li>adresses pour rechercher un emploi<\/li>\n<\/ul>\n","protected":false},"featured_media":1956,"template":"","meta":{"_acf_changed":false,"_links_to":"","_links_to_target":""},"class_list":["post-30528","service","type-service","status-publish","has-post-thumbnail","hentry"],"acf":[],"yoast_head":"<!-- This site is optimized with the Yoast SEO plugin v27.5 - https:\/\/yoast.com\/product\/yoast-seo-wordpress\/ -->\n<title>Les sans-abris - Filles de la Charit\u00e9<\/title>\n<meta name=\"robots\" content=\"index, follow, max-snippet:-1, max-image-preview:large, max-video-preview:-1\" \/>\n<link rel=\"canonical\" href=\"https:\/\/filles-de-la-charite.org\/fr\/service\/sans-abri\/\" \/>\n<meta property=\"og:locale\" content=\"fr_FR\" \/>\n<meta property=\"og:type\" content=\"article\" \/>\n<meta property=\"og:title\" content=\"Les sans-abris - Filles de la Charit\u00e9\" \/>\n<meta property=\"og:description\" content=\"Chaque jour, pour diverses raisons, de plus en plus de personnes : hommes, femmes, enfants vivent dans la rue. Cette situation, toujours douloureuse, conduit \u00e0 une existence marqu\u00e9e par la solitude, l\u2019ins\u00e9curit\u00e9, la violence et le d\u00e9sespoir. En g\u00e9n\u00e9ral, la soci\u00e9t\u00e9 les exclut et leur donne rarement le moyen de se r\u00e9ins\u00e9rer et de mener [&hellip;]\" \/>\n<meta property=\"og:url\" content=\"https:\/\/filles-de-la-charite.org\/fr\/service\/sans-abri\/\" \/>\n<meta property=\"og:site_name\" content=\"Filles de la Charit\u00e9\" \/>\n<meta property=\"article:modified_time\" content=\"2023-11-21T16:27:12+00:00\" \/>\n<meta property=\"og:image\" content=\"https:\/\/filles-de-la-charite.org\/wp-content\/uploads\/2023\/04\/Projeto-Maria-Solidaria-Pessoas-em-situacao-de-rua-1.jpeg\" \/>\n\t<meta property=\"og:image:width\" content=\"1920\" \/>\n\t<meta property=\"og:image:height\" content=\"1500\" \/>\n\t<meta property=\"og:image:type\" content=\"image\/jpeg\" \/>\n<meta name=\"twitter:card\" content=\"summary_large_image\" \/>\n<meta name=\"twitter:label1\" content=\"Dur\u00e9e de lecture estim\u00e9e\" \/>\n\t<meta name=\"twitter:data1\" content=\"1 minute\" \/>\n<script type=\"application\/ld+json\" class=\"yoast-schema-graph\">{\"@context\":\"https:\\\/\\\/schema.org\",\"@graph\":[{\"@type\":\"WebPage\",\"@id\":\"https:\\\/\\\/filles-de-la-charite.org\\\/fr\\\/service\\\/sans-abri\\\/\",\"url\":\"https:\\\/\\\/filles-de-la-charite.org\\\/fr\\\/service\\\/sans-abri\\\/\",\"name\":\"Les sans-abris - Filles de la Charit\u00e9\",\"isPartOf\":{\"@id\":\"https:\\\/\\\/filles-de-la-charite.org\\\/fr\\\/#website\"},\"primaryImageOfPage\":{\"@id\":\"https:\\\/\\\/filles-de-la-charite.org\\\/fr\\\/service\\\/sans-abri\\\/#primaryimage\"},\"image\":{\"@id\":\"https:\\\/\\\/filles-de-la-charite.org\\\/fr\\\/service\\\/sans-abri\\\/#primaryimage\"},\"thumbnailUrl\":\"https:\\\/\\\/filles-de-la-charite.org\\\/wp-content\\\/uploads\\\/2023\\\/04\\\/Projeto-Maria-Solidaria-Pessoas-em-situacao-de-rua-1.jpeg\",\"datePublished\":\"2023-10-30T09:45:42+00:00\",\"dateModified\":\"2023-11-21T16:27:12+00:00\",\"breadcrumb\":{\"@id\":\"https:\\\/\\\/filles-de-la-charite.org\\\/fr\\\/service\\\/sans-abri\\\/#breadcrumb\"},\"inLanguage\":\"fr-FR\",\"potentialAction\":[{\"@type\":\"ReadAction\",\"target\":[\"https:\\\/\\\/filles-de-la-charite.org\\\/fr\\\/service\\\/sans-abri\\\/\"]}]},{\"@type\":\"ImageObject\",\"inLanguage\":\"fr-FR\",\"@id\":\"https:\\\/\\\/filles-de-la-charite.org\\\/fr\\\/service\\\/sans-abri\\\/#primaryimage\",\"url\":\"https:\\\/\\\/filles-de-la-charite.org\\\/wp-content\\\/uploads\\\/2023\\\/04\\\/Projeto-Maria-Solidaria-Pessoas-em-situacao-de-rua-1.jpeg\",\"contentUrl\":\"https:\\\/\\\/filles-de-la-charite.org\\\/wp-content\\\/uploads\\\/2023\\\/04\\\/Projeto-Maria-Solidaria-Pessoas-em-situacao-de-rua-1.jpeg\",\"width\":1920,\"height\":1500},{\"@type\":\"BreadcrumbList\",\"@id\":\"https:\\\/\\\/filles-de-la-charite.org\\\/fr\\\/service\\\/sans-abri\\\/#breadcrumb\",\"itemListElement\":[{\"@type\":\"ListItem\",\"position\":1,\"name\":\"Services\",\"item\":\"https:\\\/\\\/filles-de-la-charite.org\\\/fr\\\/service\\\/\"},{\"@type\":\"ListItem\",\"position\":2,\"name\":\"Les sans-abris\"}]},{\"@type\":\"WebSite\",\"@id\":\"https:\\\/\\\/filles-de-la-charite.org\\\/fr\\\/#website\",\"url\":\"https:\\\/\\\/filles-de-la-charite.org\\\/fr\\\/\",\"name\":\"Hijas de la Caridad\",\"description\":\"L\u2019amour de J\u00e9sus nous presse \u00e0 prendre soin des personnes les plus d\u00e9munies\",\"publisher\":{\"@id\":\"https:\\\/\\\/filles-de-la-charite.org\\\/fr\\\/#organization\"},\"potentialAction\":[{\"@type\":\"SearchAction\",\"target\":{\"@type\":\"EntryPoint\",\"urlTemplate\":\"https:\\\/\\\/filles-de-la-charite.org\\\/fr\\\/?s={search_term_string}\"},\"query-input\":{\"@type\":\"PropertyValueSpecification\",\"valueRequired\":true,\"valueName\":\"search_term_string\"}}],\"inLanguage\":\"fr-FR\"},{\"@type\":\"Organization\",\"@id\":\"https:\\\/\\\/filles-de-la-charite.org\\\/fr\\\/#organization\",\"name\":\"Hijas de la Caridad\",\"url\":\"https:\\\/\\\/filles-de-la-charite.org\\\/fr\\\/\",\"logo\":{\"@type\":\"ImageObject\",\"inLanguage\":\"fr-FR\",\"@id\":\"https:\\\/\\\/filles-de-la-charite.org\\\/fr\\\/#\\\/schema\\\/logo\\\/image\\\/\",\"url\":\"https:\\\/\\\/filles-de-la-charite.org\\\/wp-content\\\/uploads\\\/2023\\\/03\\\/isotipo-Hijas-de-la-Caridad.png\",\"contentUrl\":\"https:\\\/\\\/filles-de-la-charite.org\\\/wp-content\\\/uploads\\\/2023\\\/03\\\/isotipo-Hijas-de-la-Caridad.png\",\"width\":1417,\"height\":1417,\"caption\":\"Hijas de la Caridad\"},\"image\":{\"@id\":\"https:\\\/\\\/filles-de-la-charite.org\\\/fr\\\/#\\\/schema\\\/logo\\\/image\\\/\"}}]}<\/script>\n<!-- \/ Yoast SEO plugin. -->","yoast_head_json":{"title":"Les sans-abris - Filles de la Charit\u00e9","robots":{"index":"index","follow":"follow","max-snippet":"max-snippet:-1","max-image-preview":"max-image-preview:large","max-video-preview":"max-video-preview:-1"},"canonical":"https:\/\/filles-de-la-charite.org\/fr\/service\/sans-abri\/","og_locale":"fr_FR","og_type":"article","og_title":"Les sans-abris - Filles de la Charit\u00e9","og_description":"Chaque jour, pour diverses raisons, de plus en plus de personnes : hommes, femmes, enfants vivent dans la rue. Cette situation, toujours douloureuse, conduit \u00e0 une existence marqu\u00e9e par la solitude, l\u2019ins\u00e9curit\u00e9, la violence et le d\u00e9sespoir. En g\u00e9n\u00e9ral, la soci\u00e9t\u00e9 les exclut et leur donne rarement le moyen de se r\u00e9ins\u00e9rer et de mener [&hellip;]","og_url":"https:\/\/filles-de-la-charite.org\/fr\/service\/sans-abri\/","og_site_name":"Filles de la Charit\u00e9","article_modified_time":"2023-11-21T16:27:12+00:00","og_image":[{"width":1920,"height":1500,"url":"https:\/\/filles-de-la-charite.org\/wp-content\/uploads\/2023\/04\/Projeto-Maria-Solidaria-Pessoas-em-situacao-de-rua-1.jpeg","type":"image\/jpeg"}],"twitter_card":"summary_large_image","twitter_misc":{"Dur\u00e9e de lecture estim\u00e9e":"1 minute"},"schema":{"@context":"https:\/\/schema.org","@graph":[{"@type":"WebPage","@id":"https:\/\/filles-de-la-charite.org\/fr\/service\/sans-abri\/","url":"https:\/\/filles-de-la-charite.org\/fr\/service\/sans-abri\/","name":"Les sans-abris - Filles de la Charit\u00e9","isPartOf":{"@id":"https:\/\/filles-de-la-charite.org\/fr\/#website"},"primaryImageOfPage":{"@id":"https:\/\/filles-de-la-charite.org\/fr\/service\/sans-abri\/#primaryimage"},"image":{"@id":"https:\/\/filles-de-la-charite.org\/fr\/service\/sans-abri\/#primaryimage"},"thumbnailUrl":"https:\/\/filles-de-la-charite.org\/wp-content\/uploads\/2023\/04\/Projeto-Maria-Solidaria-Pessoas-em-situacao-de-rua-1.jpeg","datePublished":"2023-10-30T09:45:42+00:00","dateModified":"2023-11-21T16:27:12+00:00","breadcrumb":{"@id":"https:\/\/filles-de-la-charite.org\/fr\/service\/sans-abri\/#breadcrumb"},"inLanguage":"fr-FR","potentialAction":[{"@type":"ReadAction","target":["https:\/\/filles-de-la-charite.org\/fr\/service\/sans-abri\/"]}]},{"@type":"ImageObject","inLanguage":"fr-FR","@id":"https:\/\/filles-de-la-charite.org\/fr\/service\/sans-abri\/#primaryimage","url":"https:\/\/filles-de-la-charite.org\/wp-content\/uploads\/2023\/04\/Projeto-Maria-Solidaria-Pessoas-em-situacao-de-rua-1.jpeg","contentUrl":"https:\/\/filles-de-la-charite.org\/wp-content\/uploads\/2023\/04\/Projeto-Maria-Solidaria-Pessoas-em-situacao-de-rua-1.jpeg","width":1920,"height":1500},{"@type":"BreadcrumbList","@id":"https:\/\/filles-de-la-charite.org\/fr\/service\/sans-abri\/#breadcrumb","itemListElement":[{"@type":"ListItem","position":1,"name":"Services","item":"https:\/\/filles-de-la-charite.org\/fr\/service\/"},{"@type":"ListItem","position":2,"name":"Les sans-abris"}]},{"@type":"WebSite","@id":"https:\/\/filles-de-la-charite.org\/fr\/#website","url":"https:\/\/filles-de-la-charite.org\/fr\/","name":"Hijas de la Caridad","description":"L\u2019amour de J\u00e9sus nous presse \u00e0 prendre soin des personnes les plus d\u00e9munies","publisher":{"@id":"https:\/\/filles-de-la-charite.org\/fr\/#organization"},"potentialAction":[{"@type":"SearchAction","target":{"@type":"EntryPoint","urlTemplate":"https:\/\/filles-de-la-charite.org\/fr\/?s={search_term_string}"},"query-input":{"@type":"PropertyValueSpecification","valueRequired":true,"valueName":"search_term_string"}}],"inLanguage":"fr-FR"},{"@type":"Organization","@id":"https:\/\/filles-de-la-charite.org\/fr\/#organization","name":"Hijas de la Caridad","url":"https:\/\/filles-de-la-charite.org\/fr\/","logo":{"@type":"ImageObject","inLanguage":"fr-FR","@id":"https:\/\/filles-de-la-charite.org\/fr\/#\/schema\/logo\/image\/","url":"https:\/\/filles-de-la-charite.org\/wp-content\/uploads\/2023\/03\/isotipo-Hijas-de-la-Caridad.png","contentUrl":"https:\/\/filles-de-la-charite.org\/wp-content\/uploads\/2023\/03\/isotipo-Hijas-de-la-Caridad.png","width":1417,"height":1417,"caption":"Hijas de la Caridad"},"image":{"@id":"https:\/\/filles-de-la-charite.org\/fr\/#\/schema\/logo\/image\/"}}]}},"_links":{"self":[{"href":"https:\/\/filles-de-la-charite.org\/fr\/wp-json\/wp\/v2\/service\/30528","targetHints":{"allow":["GET"]}}],"collection":[{"href":"https:\/\/filles-de-la-charite.org\/fr\/wp-json\/wp\/v2\/service"}],"about":[{"href":"https:\/\/filles-de-la-charite.org\/fr\/wp-json\/wp\/v2\/types\/service"}],"wp:featuredmedia":[{"embeddable":true,"href":"https:\/\/filles-de-la-charite.org\/fr\/wp-json\/wp\/v2\/media\/1956"}],"wp:attachment":[{"href":"https:\/\/filles-de-la-charite.org\/fr\/wp-json\/wp\/v2\/media?parent=30528"}],"curies":[{"name":"wp","href":"https:\/\/api.w.org\/{rel}","templated":true}]}}