{"id":30552,"date":"2023-10-30T16:05:58","date_gmt":"2023-10-30T15:05:58","guid":{"rendered":"https:\/\/hijascaridad.sjdigitaldemo.ovh\/service\/promotion-des-femmes\/"},"modified":"2024-02-01T21:45:40","modified_gmt":"2024-02-01T20:45:40","slug":"promotion-des-femmes","status":"publish","type":"service","link":"https:\/\/filles-de-la-charite.org\/fr\/service\/promotion-des-femmes\/","title":{"rendered":"Les femmes"},"content":{"rendered":"\n<h4 class=\"wp-block-heading\">Les femmes sont \u00e9gales aux hommes en dignit\u00e9, car chaque personne est une image de Dieu. Pour J\u00e9sus, cela \u00e9tait \u00e9vident et \u2019il affrontait les interdits religieux de son \u00e9poque, il parlait aux femmes, leur permettait de s\u2019approcher de lui, le toucher et le suivre.<\/h4>\n\n\n\n<p>Les femmes ont une mission importante et particuli\u00e8re dans la construction de la soci\u00e9t\u00e9 et du Royaume de Dieu. Leur particularit\u00e9 et leurs dons doivent \u00eatre reconnus par tous et valoris\u00e9s parce que n\u00e9cessaires pour tous.<\/p>\n\n\n\n<p>Les femmes repr\u00e9sentent 50% de la population. Cependant, dans de nombreuses cultures et soci\u00e9t\u00e9s, elles sont sous estim\u00e9es et maltrait\u00e9es. Parfois, elles sont le groupe social le plus vuln\u00e9rable. <\/p>\n\n\n\n<p>Disciples de J\u00e9sus, nous sommes engag\u00e9es dans la promotion des femmes.<\/p>\n\n\n\n<p>Nous \u0153uvrons avec elles pour que disparaissent les in\u00e9galit\u00e9s\u00a0en :\u00a0<\/p>\n\n\n\n<ul class=\"wp-block-list\">\n<li> sponsorisant des projets visant \u00e0 les rendre autonomes<\/li>\n\n\n\n<li> leur offrant un logement s\u00e9curisant<\/li>\n\n\n\n<li>leur proposant des alternatives au pi\u00e8ge de la prostitution<\/li>\n\n\n\n<li>cherchant avec elles \u00e0 promouvoir le r\u00f4le des femmes<\/li>\n<\/ul>\n","protected":false},"featured_media":35493,"template":"","meta":{"_acf_changed":false,"_et_pb_use_builder":"","_et_pb_old_content":"","_et_gb_content_width":"","_links_to":"","_links_to_target":""},"class_list":["post-30552","service","type-service","status-publish","has-post-thumbnail","hentry"],"acf":[],"yoast_head":"<!-- This site is optimized with the Yoast SEO plugin v27.5 - https:\/\/yoast.com\/product\/yoast-seo-wordpress\/ -->\n<title>Les femmes - Filles de la Charit\u00e9<\/title>\n<meta name=\"robots\" content=\"index, follow, max-snippet:-1, max-image-preview:large, max-video-preview:-1\" \/>\n<link rel=\"canonical\" href=\"https:\/\/filles-de-la-charite.org\/fr\/service\/promotion-des-femmes\/\" \/>\n<meta property=\"og:locale\" content=\"fr_FR\" \/>\n<meta property=\"og:type\" content=\"article\" \/>\n<meta property=\"og:title\" content=\"Les femmes - Filles de la Charit\u00e9\" \/>\n<meta property=\"og:description\" content=\"Les femmes sont \u00e9gales aux hommes en dignit\u00e9, car chaque personne est une image de Dieu. Pour J\u00e9sus, cela \u00e9tait \u00e9vident et \u2019il affrontait les interdits religieux de son \u00e9poque, il parlait aux femmes, leur permettait de s\u2019approcher de lui, le toucher et le suivre. Les femmes ont une mission importante et particuli\u00e8re dans la [&hellip;]\" \/>\n<meta property=\"og:url\" content=\"https:\/\/filles-de-la-charite.org\/fr\/service\/promotion-des-femmes\/\" \/>\n<meta property=\"og:site_name\" content=\"Filles de la Charit\u00e9\" \/>\n<meta property=\"article:modified_time\" content=\"2024-02-01T20:45:40+00:00\" \/>\n<meta property=\"og:image\" content=\"https:\/\/filles-de-la-charite.org\/wp-content\/uploads\/2024\/05\/para-la-web-SERVIMOS-MUJER2.jpg\" \/>\n\t<meta property=\"og:image:width\" content=\"926\" \/>\n\t<meta property=\"og:image:height\" content=\"694\" \/>\n\t<meta property=\"og:image:type\" content=\"image\/jpeg\" \/>\n<meta name=\"twitter:card\" content=\"summary_large_image\" \/>\n<meta name=\"twitter:label1\" content=\"Dur\u00e9e de lecture estim\u00e9e\" \/>\n\t<meta name=\"twitter:data1\" content=\"1 minute\" \/>\n<script type=\"application\/ld+json\" class=\"yoast-schema-graph\">{\"@context\":\"https:\\\/\\\/schema.org\",\"@graph\":[{\"@type\":\"WebPage\",\"@id\":\"https:\\\/\\\/filles-de-la-charite.org\\\/fr\\\/service\\\/promotion-des-femmes\\\/\",\"url\":\"https:\\\/\\\/filles-de-la-charite.org\\\/fr\\\/service\\\/promotion-des-femmes\\\/\",\"name\":\"Les femmes - Filles de la Charit\u00e9\",\"isPartOf\":{\"@id\":\"https:\\\/\\\/filles-de-la-charite.org\\\/fr\\\/#website\"},\"primaryImageOfPage\":{\"@id\":\"https:\\\/\\\/filles-de-la-charite.org\\\/fr\\\/service\\\/promotion-des-femmes\\\/#primaryimage\"},\"image\":{\"@id\":\"https:\\\/\\\/filles-de-la-charite.org\\\/fr\\\/service\\\/promotion-des-femmes\\\/#primaryimage\"},\"thumbnailUrl\":\"https:\\\/\\\/filles-de-la-charite.org\\\/wp-content\\\/uploads\\\/2024\\\/05\\\/para-la-web-SERVIMOS-MUJER2.jpg\",\"datePublished\":\"2023-10-30T15:05:58+00:00\",\"dateModified\":\"2024-02-01T20:45:40+00:00\",\"breadcrumb\":{\"@id\":\"https:\\\/\\\/filles-de-la-charite.org\\\/fr\\\/service\\\/promotion-des-femmes\\\/#breadcrumb\"},\"inLanguage\":\"fr-FR\",\"potentialAction\":[{\"@type\":\"ReadAction\",\"target\":[\"https:\\\/\\\/filles-de-la-charite.org\\\/fr\\\/service\\\/promotion-des-femmes\\\/\"]}]},{\"@type\":\"ImageObject\",\"inLanguage\":\"fr-FR\",\"@id\":\"https:\\\/\\\/filles-de-la-charite.org\\\/fr\\\/service\\\/promotion-des-femmes\\\/#primaryimage\",\"url\":\"https:\\\/\\\/filles-de-la-charite.org\\\/wp-content\\\/uploads\\\/2024\\\/05\\\/para-la-web-SERVIMOS-MUJER2.jpg\",\"contentUrl\":\"https:\\\/\\\/filles-de-la-charite.org\\\/wp-content\\\/uploads\\\/2024\\\/05\\\/para-la-web-SERVIMOS-MUJER2.jpg\",\"width\":926,\"height\":694},{\"@type\":\"BreadcrumbList\",\"@id\":\"https:\\\/\\\/filles-de-la-charite.org\\\/fr\\\/service\\\/promotion-des-femmes\\\/#breadcrumb\",\"itemListElement\":[{\"@type\":\"ListItem\",\"position\":1,\"name\":\"Services\",\"item\":\"https:\\\/\\\/filles-de-la-charite.org\\\/fr\\\/service\\\/\"},{\"@type\":\"ListItem\",\"position\":2,\"name\":\"Les femmes\"}]},{\"@type\":\"WebSite\",\"@id\":\"https:\\\/\\\/filles-de-la-charite.org\\\/fr\\\/#website\",\"url\":\"https:\\\/\\\/filles-de-la-charite.org\\\/fr\\\/\",\"name\":\"Hijas de la Caridad\",\"description\":\"L\u2019amour de J\u00e9sus nous presse \u00e0 prendre soin des personnes les plus d\u00e9munies\",\"publisher\":{\"@id\":\"https:\\\/\\\/filles-de-la-charite.org\\\/fr\\\/#organization\"},\"potentialAction\":[{\"@type\":\"SearchAction\",\"target\":{\"@type\":\"EntryPoint\",\"urlTemplate\":\"https:\\\/\\\/filles-de-la-charite.org\\\/fr\\\/?s={search_term_string}\"},\"query-input\":{\"@type\":\"PropertyValueSpecification\",\"valueRequired\":true,\"valueName\":\"search_term_string\"}}],\"inLanguage\":\"fr-FR\"},{\"@type\":\"Organization\",\"@id\":\"https:\\\/\\\/filles-de-la-charite.org\\\/fr\\\/#organization\",\"name\":\"Hijas de la Caridad\",\"url\":\"https:\\\/\\\/filles-de-la-charite.org\\\/fr\\\/\",\"logo\":{\"@type\":\"ImageObject\",\"inLanguage\":\"fr-FR\",\"@id\":\"https:\\\/\\\/filles-de-la-charite.org\\\/fr\\\/#\\\/schema\\\/logo\\\/image\\\/\",\"url\":\"https:\\\/\\\/filles-de-la-charite.org\\\/wp-content\\\/uploads\\\/2023\\\/03\\\/isotipo-Hijas-de-la-Caridad.png\",\"contentUrl\":\"https:\\\/\\\/filles-de-la-charite.org\\\/wp-content\\\/uploads\\\/2023\\\/03\\\/isotipo-Hijas-de-la-Caridad.png\",\"width\":1417,\"height\":1417,\"caption\":\"Hijas de la Caridad\"},\"image\":{\"@id\":\"https:\\\/\\\/filles-de-la-charite.org\\\/fr\\\/#\\\/schema\\\/logo\\\/image\\\/\"}}]}<\/script>\n<!-- \/ Yoast SEO plugin. -->","yoast_head_json":{"title":"Les femmes - Filles de la Charit\u00e9","robots":{"index":"index","follow":"follow","max-snippet":"max-snippet:-1","max-image-preview":"max-image-preview:large","max-video-preview":"max-video-preview:-1"},"canonical":"https:\/\/filles-de-la-charite.org\/fr\/service\/promotion-des-femmes\/","og_locale":"fr_FR","og_type":"article","og_title":"Les femmes - Filles de la Charit\u00e9","og_description":"Les femmes sont \u00e9gales aux hommes en dignit\u00e9, car chaque personne est une image de Dieu. Pour J\u00e9sus, cela \u00e9tait \u00e9vident et \u2019il affrontait les interdits religieux de son \u00e9poque, il parlait aux femmes, leur permettait de s\u2019approcher de lui, le toucher et le suivre. Les femmes ont une mission importante et particuli\u00e8re dans la [&hellip;]","og_url":"https:\/\/filles-de-la-charite.org\/fr\/service\/promotion-des-femmes\/","og_site_name":"Filles de la Charit\u00e9","article_modified_time":"2024-02-01T20:45:40+00:00","og_image":[{"width":926,"height":694,"url":"https:\/\/filles-de-la-charite.org\/wp-content\/uploads\/2024\/05\/para-la-web-SERVIMOS-MUJER2.jpg","type":"image\/jpeg"}],"twitter_card":"summary_large_image","twitter_misc":{"Dur\u00e9e de lecture estim\u00e9e":"1 minute"},"schema":{"@context":"https:\/\/schema.org","@graph":[{"@type":"WebPage","@id":"https:\/\/filles-de-la-charite.org\/fr\/service\/promotion-des-femmes\/","url":"https:\/\/filles-de-la-charite.org\/fr\/service\/promotion-des-femmes\/","name":"Les femmes - Filles de la Charit\u00e9","isPartOf":{"@id":"https:\/\/filles-de-la-charite.org\/fr\/#website"},"primaryImageOfPage":{"@id":"https:\/\/filles-de-la-charite.org\/fr\/service\/promotion-des-femmes\/#primaryimage"},"image":{"@id":"https:\/\/filles-de-la-charite.org\/fr\/service\/promotion-des-femmes\/#primaryimage"},"thumbnailUrl":"https:\/\/filles-de-la-charite.org\/wp-content\/uploads\/2024\/05\/para-la-web-SERVIMOS-MUJER2.jpg","datePublished":"2023-10-30T15:05:58+00:00","dateModified":"2024-02-01T20:45:40+00:00","breadcrumb":{"@id":"https:\/\/filles-de-la-charite.org\/fr\/service\/promotion-des-femmes\/#breadcrumb"},"inLanguage":"fr-FR","potentialAction":[{"@type":"ReadAction","target":["https:\/\/filles-de-la-charite.org\/fr\/service\/promotion-des-femmes\/"]}]},{"@type":"ImageObject","inLanguage":"fr-FR","@id":"https:\/\/filles-de-la-charite.org\/fr\/service\/promotion-des-femmes\/#primaryimage","url":"https:\/\/filles-de-la-charite.org\/wp-content\/uploads\/2024\/05\/para-la-web-SERVIMOS-MUJER2.jpg","contentUrl":"https:\/\/filles-de-la-charite.org\/wp-content\/uploads\/2024\/05\/para-la-web-SERVIMOS-MUJER2.jpg","width":926,"height":694},{"@type":"BreadcrumbList","@id":"https:\/\/filles-de-la-charite.org\/fr\/service\/promotion-des-femmes\/#breadcrumb","itemListElement":[{"@type":"ListItem","position":1,"name":"Services","item":"https:\/\/filles-de-la-charite.org\/fr\/service\/"},{"@type":"ListItem","position":2,"name":"Les femmes"}]},{"@type":"WebSite","@id":"https:\/\/filles-de-la-charite.org\/fr\/#website","url":"https:\/\/filles-de-la-charite.org\/fr\/","name":"Hijas de la Caridad","description":"L\u2019amour de J\u00e9sus nous presse \u00e0 prendre soin des personnes les plus d\u00e9munies","publisher":{"@id":"https:\/\/filles-de-la-charite.org\/fr\/#organization"},"potentialAction":[{"@type":"SearchAction","target":{"@type":"EntryPoint","urlTemplate":"https:\/\/filles-de-la-charite.org\/fr\/?s={search_term_string}"},"query-input":{"@type":"PropertyValueSpecification","valueRequired":true,"valueName":"search_term_string"}}],"inLanguage":"fr-FR"},{"@type":"Organization","@id":"https:\/\/filles-de-la-charite.org\/fr\/#organization","name":"Hijas de la Caridad","url":"https:\/\/filles-de-la-charite.org\/fr\/","logo":{"@type":"ImageObject","inLanguage":"fr-FR","@id":"https:\/\/filles-de-la-charite.org\/fr\/#\/schema\/logo\/image\/","url":"https:\/\/filles-de-la-charite.org\/wp-content\/uploads\/2023\/03\/isotipo-Hijas-de-la-Caridad.png","contentUrl":"https:\/\/filles-de-la-charite.org\/wp-content\/uploads\/2023\/03\/isotipo-Hijas-de-la-Caridad.png","width":1417,"height":1417,"caption":"Hijas de la Caridad"},"image":{"@id":"https:\/\/filles-de-la-charite.org\/fr\/#\/schema\/logo\/image\/"}}]}},"_links":{"self":[{"href":"https:\/\/filles-de-la-charite.org\/fr\/wp-json\/wp\/v2\/service\/30552","targetHints":{"allow":["GET"]}}],"collection":[{"href":"https:\/\/filles-de-la-charite.org\/fr\/wp-json\/wp\/v2\/service"}],"about":[{"href":"https:\/\/filles-de-la-charite.org\/fr\/wp-json\/wp\/v2\/types\/service"}],"wp:featuredmedia":[{"embeddable":true,"href":"https:\/\/filles-de-la-charite.org\/fr\/wp-json\/wp\/v2\/media\/35493"}],"wp:attachment":[{"href":"https:\/\/filles-de-la-charite.org\/fr\/wp-json\/wp\/v2\/media?parent=30552"}],"curies":[{"name":"wp","href":"https:\/\/api.w.org\/{rel}","templated":true}]}}