{"id":30564,"date":"2023-11-03T16:39:41","date_gmt":"2023-11-03T15:39:41","guid":{"rendered":"https:\/\/hijascaridad.sjdigitaldemo.ovh\/service\/pastorale\/"},"modified":"2023-11-28T18:10:09","modified_gmt":"2023-11-28T17:10:09","slug":"pastorale","status":"publish","type":"service","link":"https:\/\/filles-de-la-charite.org\/fr\/service\/pastorale\/","title":{"rendered":"Dans la pastorale"},"content":{"rendered":"\n<h4 class=\"wp-block-heading\">Filles de la Charit\u00e9, nous sommes filles de l\u2019Eglise. Sainte Louise insiste sur ce point et elle nous invite \u00e0 vivre en tant qu\u2019enfants d\u2019une telle m\u00e8re. D\u00e8s l\u2019origine, la formation chr\u00e9tienne des jeunes fut l\u2019une de ses pr\u00e9occupations. Elle a pr\u00e9par\u00e9 les premi\u00e8res S\u0153urs pour qu\u2019elles soient capables d\u2019enseigner le cat\u00e9chisme aux enfants et aux jeunes filles. St Vincent, lui aussi, \u00e9tait attentif aux besoins des paroisses et des S\u0153urs y \u00e9taient envoy\u00e9es pour servir les personnes pauvres.<\/h4>\n\n\n\n<p>En fid\u00e9lit\u00e9 \u00e0 nos Fondateurs, nous participons \u00e0 la mission sp\u00e9cifique de l\u2019Eglise : proclamer la Bonne Nouvelle de l\u2019Evangile, en priorit\u00e9 aux pauvres.<\/p>\n\n\n\n<p>Dans notre mission en pastorale, nous nous proposons de suivre J\u00e9sus, Adorateur du P\u00e8re, Serviteur de son dessein d\u2019amour, Evang\u00e9lisateur des pauvres.<\/p>\n\n\n\n<p>Notre mission passe par&nbsp;:<\/p>\n\n\n\n<ul class=\"wp-block-list\">\n<li>le minist\u00e8re paroissial :\n<ul class=\"wp-block-list\">\n<li>la cat\u00e9ch\u00e8se, l\u2019\u00e9laboration des programmes de formation, la pr\u00e9paration aux sacrements, l\u2019animation liturgique<\/li>\n\n\n\n<li>les visites \u00e0 domicile, l\u2019accompagnement des familles en deuil, la coordination et le soutien des personnes engag\u00e9es dans les paroisses sans pr\u00eatre r\u00e9sidant, etc.<\/li>\n<\/ul>\n<\/li>\n\n\n\n<li>le service d\u2019aum\u00f4nerie\n<ul class=\"wp-block-list\">\n<li>dans les h\u00f4pitaux et les maisons de retraite<\/li>\n\n\n\n<li>dans les \u00e9coles, les lyc\u00e9es, etc.<\/li>\n\n\n\n<li>aupr\u00e8s de ceux qui sont \u00ab en marge \u00bb : les personnes en prison, les gens du voyage, les migrants, les r\u00e9fugi\u00e9s, les victimes d\u2019abus et d\u2019exploitation<\/li>\n<\/ul>\n<\/li>\n\n\n\n<li>l\u2019accompagnement spirituel des divers groupes et mouvements d\u2019Eglise et de la Famille vincentienne (AIC, Conf\u00e9rences de Saint Vincent de Paul, Jeunesse Mariale Vincentienne, etc.)<\/li>\n\n\n\n<li>la pastorale familiale<\/li>\n<\/ul>\n","protected":false},"featured_media":2001,"template":"","meta":{"_acf_changed":false,"_links_to":"","_links_to_target":""},"class_list":["post-30564","service","type-service","status-publish","has-post-thumbnail","hentry"],"acf":[],"yoast_head":"<!-- This site is optimized with the Yoast SEO plugin v27.5 - https:\/\/yoast.com\/product\/yoast-seo-wordpress\/ -->\n<title>Dans la pastorale - Filles de la Charit\u00e9<\/title>\n<meta name=\"robots\" content=\"index, follow, max-snippet:-1, max-image-preview:large, max-video-preview:-1\" \/>\n<link rel=\"canonical\" href=\"https:\/\/filles-de-la-charite.org\/fr\/service\/pastorale\/\" \/>\n<meta property=\"og:locale\" content=\"fr_FR\" \/>\n<meta property=\"og:type\" content=\"article\" \/>\n<meta property=\"og:title\" content=\"Dans la pastorale - Filles de la Charit\u00e9\" \/>\n<meta property=\"og:description\" content=\"Filles de la Charit\u00e9, nous sommes filles de l\u2019Eglise. Sainte Louise insiste sur ce point et elle nous invite \u00e0 vivre en tant qu\u2019enfants d\u2019une telle m\u00e8re. D\u00e8s l\u2019origine, la formation chr\u00e9tienne des jeunes fut l\u2019une de ses pr\u00e9occupations. Elle a pr\u00e9par\u00e9 les premi\u00e8res S\u0153urs pour qu\u2019elles soient capables d\u2019enseigner le cat\u00e9chisme aux enfants et [&hellip;]\" \/>\n<meta property=\"og:url\" content=\"https:\/\/filles-de-la-charite.org\/fr\/service\/pastorale\/\" \/>\n<meta property=\"og:site_name\" content=\"Filles de la Charit\u00e9\" \/>\n<meta property=\"article:modified_time\" content=\"2023-11-28T17:10:09+00:00\" \/>\n<meta property=\"og:image\" content=\"https:\/\/filles-de-la-charite.org\/wp-content\/uploads\/2023\/04\/Quatro-Bocas-Para1-copia.jpeg\" \/>\n\t<meta property=\"og:image:width\" content=\"1920\" \/>\n\t<meta property=\"og:image:height\" content=\"1437\" \/>\n\t<meta property=\"og:image:type\" content=\"image\/jpeg\" \/>\n<meta name=\"twitter:card\" content=\"summary_large_image\" \/>\n<meta name=\"twitter:label1\" content=\"Dur\u00e9e de lecture estim\u00e9e\" \/>\n\t<meta name=\"twitter:data1\" content=\"1 minute\" \/>\n<script type=\"application\/ld+json\" class=\"yoast-schema-graph\">{\"@context\":\"https:\\\/\\\/schema.org\",\"@graph\":[{\"@type\":\"WebPage\",\"@id\":\"https:\\\/\\\/filles-de-la-charite.org\\\/fr\\\/service\\\/pastorale\\\/\",\"url\":\"https:\\\/\\\/filles-de-la-charite.org\\\/fr\\\/service\\\/pastorale\\\/\",\"name\":\"Dans la pastorale - Filles de la Charit\u00e9\",\"isPartOf\":{\"@id\":\"https:\\\/\\\/filles-de-la-charite.org\\\/fr\\\/#website\"},\"primaryImageOfPage\":{\"@id\":\"https:\\\/\\\/filles-de-la-charite.org\\\/fr\\\/service\\\/pastorale\\\/#primaryimage\"},\"image\":{\"@id\":\"https:\\\/\\\/filles-de-la-charite.org\\\/fr\\\/service\\\/pastorale\\\/#primaryimage\"},\"thumbnailUrl\":\"https:\\\/\\\/filles-de-la-charite.org\\\/wp-content\\\/uploads\\\/2023\\\/04\\\/Quatro-Bocas-Para1-copia.jpeg\",\"datePublished\":\"2023-11-03T15:39:41+00:00\",\"dateModified\":\"2023-11-28T17:10:09+00:00\",\"breadcrumb\":{\"@id\":\"https:\\\/\\\/filles-de-la-charite.org\\\/fr\\\/service\\\/pastorale\\\/#breadcrumb\"},\"inLanguage\":\"fr-FR\",\"potentialAction\":[{\"@type\":\"ReadAction\",\"target\":[\"https:\\\/\\\/filles-de-la-charite.org\\\/fr\\\/service\\\/pastorale\\\/\"]}]},{\"@type\":\"ImageObject\",\"inLanguage\":\"fr-FR\",\"@id\":\"https:\\\/\\\/filles-de-la-charite.org\\\/fr\\\/service\\\/pastorale\\\/#primaryimage\",\"url\":\"https:\\\/\\\/filles-de-la-charite.org\\\/wp-content\\\/uploads\\\/2023\\\/04\\\/Quatro-Bocas-Para1-copia.jpeg\",\"contentUrl\":\"https:\\\/\\\/filles-de-la-charite.org\\\/wp-content\\\/uploads\\\/2023\\\/04\\\/Quatro-Bocas-Para1-copia.jpeg\",\"width\":1920,\"height\":1437},{\"@type\":\"BreadcrumbList\",\"@id\":\"https:\\\/\\\/filles-de-la-charite.org\\\/fr\\\/service\\\/pastorale\\\/#breadcrumb\",\"itemListElement\":[{\"@type\":\"ListItem\",\"position\":1,\"name\":\"Services\",\"item\":\"https:\\\/\\\/filles-de-la-charite.org\\\/fr\\\/service\\\/\"},{\"@type\":\"ListItem\",\"position\":2,\"name\":\"Dans la pastorale\"}]},{\"@type\":\"WebSite\",\"@id\":\"https:\\\/\\\/filles-de-la-charite.org\\\/fr\\\/#website\",\"url\":\"https:\\\/\\\/filles-de-la-charite.org\\\/fr\\\/\",\"name\":\"Hijas de la Caridad\",\"description\":\"L\u2019amour de J\u00e9sus nous presse \u00e0 prendre soin des personnes les plus d\u00e9munies\",\"publisher\":{\"@id\":\"https:\\\/\\\/filles-de-la-charite.org\\\/fr\\\/#organization\"},\"potentialAction\":[{\"@type\":\"SearchAction\",\"target\":{\"@type\":\"EntryPoint\",\"urlTemplate\":\"https:\\\/\\\/filles-de-la-charite.org\\\/fr\\\/?s={search_term_string}\"},\"query-input\":{\"@type\":\"PropertyValueSpecification\",\"valueRequired\":true,\"valueName\":\"search_term_string\"}}],\"inLanguage\":\"fr-FR\"},{\"@type\":\"Organization\",\"@id\":\"https:\\\/\\\/filles-de-la-charite.org\\\/fr\\\/#organization\",\"name\":\"Hijas de la Caridad\",\"url\":\"https:\\\/\\\/filles-de-la-charite.org\\\/fr\\\/\",\"logo\":{\"@type\":\"ImageObject\",\"inLanguage\":\"fr-FR\",\"@id\":\"https:\\\/\\\/filles-de-la-charite.org\\\/fr\\\/#\\\/schema\\\/logo\\\/image\\\/\",\"url\":\"https:\\\/\\\/filles-de-la-charite.org\\\/wp-content\\\/uploads\\\/2023\\\/03\\\/isotipo-Hijas-de-la-Caridad.png\",\"contentUrl\":\"https:\\\/\\\/filles-de-la-charite.org\\\/wp-content\\\/uploads\\\/2023\\\/03\\\/isotipo-Hijas-de-la-Caridad.png\",\"width\":1417,\"height\":1417,\"caption\":\"Hijas de la Caridad\"},\"image\":{\"@id\":\"https:\\\/\\\/filles-de-la-charite.org\\\/fr\\\/#\\\/schema\\\/logo\\\/image\\\/\"}}]}<\/script>\n<!-- \/ Yoast SEO plugin. -->","yoast_head_json":{"title":"Dans la pastorale - Filles de la Charit\u00e9","robots":{"index":"index","follow":"follow","max-snippet":"max-snippet:-1","max-image-preview":"max-image-preview:large","max-video-preview":"max-video-preview:-1"},"canonical":"https:\/\/filles-de-la-charite.org\/fr\/service\/pastorale\/","og_locale":"fr_FR","og_type":"article","og_title":"Dans la pastorale - Filles de la Charit\u00e9","og_description":"Filles de la Charit\u00e9, nous sommes filles de l\u2019Eglise. Sainte Louise insiste sur ce point et elle nous invite \u00e0 vivre en tant qu\u2019enfants d\u2019une telle m\u00e8re. D\u00e8s l\u2019origine, la formation chr\u00e9tienne des jeunes fut l\u2019une de ses pr\u00e9occupations. Elle a pr\u00e9par\u00e9 les premi\u00e8res S\u0153urs pour qu\u2019elles soient capables d\u2019enseigner le cat\u00e9chisme aux enfants et [&hellip;]","og_url":"https:\/\/filles-de-la-charite.org\/fr\/service\/pastorale\/","og_site_name":"Filles de la Charit\u00e9","article_modified_time":"2023-11-28T17:10:09+00:00","og_image":[{"width":1920,"height":1437,"url":"https:\/\/filles-de-la-charite.org\/wp-content\/uploads\/2023\/04\/Quatro-Bocas-Para1-copia.jpeg","type":"image\/jpeg"}],"twitter_card":"summary_large_image","twitter_misc":{"Dur\u00e9e de lecture estim\u00e9e":"1 minute"},"schema":{"@context":"https:\/\/schema.org","@graph":[{"@type":"WebPage","@id":"https:\/\/filles-de-la-charite.org\/fr\/service\/pastorale\/","url":"https:\/\/filles-de-la-charite.org\/fr\/service\/pastorale\/","name":"Dans la pastorale - Filles de la Charit\u00e9","isPartOf":{"@id":"https:\/\/filles-de-la-charite.org\/fr\/#website"},"primaryImageOfPage":{"@id":"https:\/\/filles-de-la-charite.org\/fr\/service\/pastorale\/#primaryimage"},"image":{"@id":"https:\/\/filles-de-la-charite.org\/fr\/service\/pastorale\/#primaryimage"},"thumbnailUrl":"https:\/\/filles-de-la-charite.org\/wp-content\/uploads\/2023\/04\/Quatro-Bocas-Para1-copia.jpeg","datePublished":"2023-11-03T15:39:41+00:00","dateModified":"2023-11-28T17:10:09+00:00","breadcrumb":{"@id":"https:\/\/filles-de-la-charite.org\/fr\/service\/pastorale\/#breadcrumb"},"inLanguage":"fr-FR","potentialAction":[{"@type":"ReadAction","target":["https:\/\/filles-de-la-charite.org\/fr\/service\/pastorale\/"]}]},{"@type":"ImageObject","inLanguage":"fr-FR","@id":"https:\/\/filles-de-la-charite.org\/fr\/service\/pastorale\/#primaryimage","url":"https:\/\/filles-de-la-charite.org\/wp-content\/uploads\/2023\/04\/Quatro-Bocas-Para1-copia.jpeg","contentUrl":"https:\/\/filles-de-la-charite.org\/wp-content\/uploads\/2023\/04\/Quatro-Bocas-Para1-copia.jpeg","width":1920,"height":1437},{"@type":"BreadcrumbList","@id":"https:\/\/filles-de-la-charite.org\/fr\/service\/pastorale\/#breadcrumb","itemListElement":[{"@type":"ListItem","position":1,"name":"Services","item":"https:\/\/filles-de-la-charite.org\/fr\/service\/"},{"@type":"ListItem","position":2,"name":"Dans la pastorale"}]},{"@type":"WebSite","@id":"https:\/\/filles-de-la-charite.org\/fr\/#website","url":"https:\/\/filles-de-la-charite.org\/fr\/","name":"Hijas de la Caridad","description":"L\u2019amour de J\u00e9sus nous presse \u00e0 prendre soin des personnes les plus d\u00e9munies","publisher":{"@id":"https:\/\/filles-de-la-charite.org\/fr\/#organization"},"potentialAction":[{"@type":"SearchAction","target":{"@type":"EntryPoint","urlTemplate":"https:\/\/filles-de-la-charite.org\/fr\/?s={search_term_string}"},"query-input":{"@type":"PropertyValueSpecification","valueRequired":true,"valueName":"search_term_string"}}],"inLanguage":"fr-FR"},{"@type":"Organization","@id":"https:\/\/filles-de-la-charite.org\/fr\/#organization","name":"Hijas de la Caridad","url":"https:\/\/filles-de-la-charite.org\/fr\/","logo":{"@type":"ImageObject","inLanguage":"fr-FR","@id":"https:\/\/filles-de-la-charite.org\/fr\/#\/schema\/logo\/image\/","url":"https:\/\/filles-de-la-charite.org\/wp-content\/uploads\/2023\/03\/isotipo-Hijas-de-la-Caridad.png","contentUrl":"https:\/\/filles-de-la-charite.org\/wp-content\/uploads\/2023\/03\/isotipo-Hijas-de-la-Caridad.png","width":1417,"height":1417,"caption":"Hijas de la Caridad"},"image":{"@id":"https:\/\/filles-de-la-charite.org\/fr\/#\/schema\/logo\/image\/"}}]}},"_links":{"self":[{"href":"https:\/\/filles-de-la-charite.org\/fr\/wp-json\/wp\/v2\/service\/30564","targetHints":{"allow":["GET"]}}],"collection":[{"href":"https:\/\/filles-de-la-charite.org\/fr\/wp-json\/wp\/v2\/service"}],"about":[{"href":"https:\/\/filles-de-la-charite.org\/fr\/wp-json\/wp\/v2\/types\/service"}],"wp:featuredmedia":[{"embeddable":true,"href":"https:\/\/filles-de-la-charite.org\/fr\/wp-json\/wp\/v2\/media\/2001"}],"wp:attachment":[{"href":"https:\/\/filles-de-la-charite.org\/fr\/wp-json\/wp\/v2\/media?parent=30564"}],"curies":[{"name":"wp","href":"https:\/\/api.w.org\/{rel}","templated":true}]}}