{"id":30570,"date":"2023-10-30T16:42:55","date_gmt":"2023-10-30T15:42:55","guid":{"rendered":"https:\/\/hijascaridad.sjdigitaldemo.ovh\/service\/personnes-agees\/"},"modified":"2023-11-19T22:38:22","modified_gmt":"2023-11-19T21:38:22","slug":"personnes-agees","status":"publish","type":"service","link":"https:\/\/filles-de-la-charite.org\/fr\/service\/personnes-agees\/","title":{"rendered":"Les personnes \u00e2g\u00e9es"},"content":{"rendered":"\n<h4 class=\"wp-block-heading\">Dans la Bible, les personnes \u00e2g\u00e9es sont un symbole de sagesse et un signe de la b\u00e9n\u00e9diction de Dieu. Aujourd\u2019hui, dans certaines civilisations, elles peuvent \u00eatre rejet\u00e9es et abandonn\u00e9es, y compris par leur famille. Au terme d\u2019une vie longue et fructueuse, beaucoup d\u2019entre elles vieillissent seules, sans amis, avec une sant\u00e9 alt\u00e9r\u00e9e et un revenu insuffisant pour faire face aux besoins \u00e9l\u00e9mentaires. De plus, bien souvent, elles se d\u00e9placent difficilement et ne peuvent plus participer \u00e0 la vie sociale et eccl\u00e9siale.<\/h4>\n\n\n\n<p>Inspir\u00e9es par nos Fondateurs, nous respectons la dignit\u00e9 et la sagesse des personnes \u00e2g\u00e9es et nous leur offrons un accompagnement et une \u00e9coute qui r\u00e9v\u00e8lent la tendresse de Dieu.<\/p>\n\n\n\n<p>Nous les rejoignons \u00e0 leur domicile, dans les \u00e9tablissements de soins, dans les paroisses.<\/p>\n","protected":false},"featured_media":2098,"template":"","meta":{"_acf_changed":false,"_links_to":"","_links_to_target":""},"class_list":["post-30570","service","type-service","status-publish","has-post-thumbnail","hentry"],"acf":[],"yoast_head":"<!-- This site is optimized with the Yoast SEO plugin v27.5 - https:\/\/yoast.com\/product\/yoast-seo-wordpress\/ -->\n<title>Les personnes \u00e2g\u00e9es - Filles de la Charit\u00e9<\/title>\n<meta name=\"robots\" content=\"index, follow, max-snippet:-1, max-image-preview:large, max-video-preview:-1\" \/>\n<link rel=\"canonical\" href=\"https:\/\/filles-de-la-charite.org\/fr\/service\/personnes-agees\/\" \/>\n<meta property=\"og:locale\" content=\"fr_FR\" \/>\n<meta property=\"og:type\" content=\"article\" \/>\n<meta property=\"og:title\" content=\"Les personnes \u00e2g\u00e9es - Filles de la Charit\u00e9\" \/>\n<meta property=\"og:description\" content=\"Dans la Bible, les personnes \u00e2g\u00e9es sont un symbole de sagesse et un signe de la b\u00e9n\u00e9diction de Dieu. Aujourd\u2019hui, dans certaines civilisations, elles peuvent \u00eatre rejet\u00e9es et abandonn\u00e9es, y compris par leur famille. Au terme d\u2019une vie longue et fructueuse, beaucoup d\u2019entre elles vieillissent seules, sans amis, avec une sant\u00e9 alt\u00e9r\u00e9e et un revenu [&hellip;]\" \/>\n<meta property=\"og:url\" content=\"https:\/\/filles-de-la-charite.org\/fr\/service\/personnes-agees\/\" \/>\n<meta property=\"og:site_name\" content=\"Filles de la Charit\u00e9\" \/>\n<meta property=\"article:modified_time\" content=\"2023-11-19T21:38:22+00:00\" \/>\n<meta property=\"og:image\" content=\"https:\/\/filles-de-la-charite.org\/wp-content\/uploads\/2023\/04\/mayores.jpeg\" \/>\n\t<meta property=\"og:image:width\" content=\"1920\" \/>\n\t<meta property=\"og:image:height\" content=\"1396\" \/>\n\t<meta property=\"og:image:type\" content=\"image\/jpeg\" \/>\n<meta name=\"twitter:card\" content=\"summary_large_image\" \/>\n<meta name=\"twitter:label1\" content=\"Dur\u00e9e de lecture estim\u00e9e\" \/>\n\t<meta name=\"twitter:data1\" content=\"1 minute\" \/>\n<script type=\"application\/ld+json\" class=\"yoast-schema-graph\">{\"@context\":\"https:\\\/\\\/schema.org\",\"@graph\":[{\"@type\":\"WebPage\",\"@id\":\"https:\\\/\\\/filles-de-la-charite.org\\\/fr\\\/service\\\/personnes-agees\\\/\",\"url\":\"https:\\\/\\\/filles-de-la-charite.org\\\/fr\\\/service\\\/personnes-agees\\\/\",\"name\":\"Les personnes \u00e2g\u00e9es - Filles de la Charit\u00e9\",\"isPartOf\":{\"@id\":\"https:\\\/\\\/filles-de-la-charite.org\\\/fr\\\/#website\"},\"primaryImageOfPage\":{\"@id\":\"https:\\\/\\\/filles-de-la-charite.org\\\/fr\\\/service\\\/personnes-agees\\\/#primaryimage\"},\"image\":{\"@id\":\"https:\\\/\\\/filles-de-la-charite.org\\\/fr\\\/service\\\/personnes-agees\\\/#primaryimage\"},\"thumbnailUrl\":\"https:\\\/\\\/filles-de-la-charite.org\\\/wp-content\\\/uploads\\\/2023\\\/04\\\/mayores.jpeg\",\"datePublished\":\"2023-10-30T15:42:55+00:00\",\"dateModified\":\"2023-11-19T21:38:22+00:00\",\"breadcrumb\":{\"@id\":\"https:\\\/\\\/filles-de-la-charite.org\\\/fr\\\/service\\\/personnes-agees\\\/#breadcrumb\"},\"inLanguage\":\"fr-FR\",\"potentialAction\":[{\"@type\":\"ReadAction\",\"target\":[\"https:\\\/\\\/filles-de-la-charite.org\\\/fr\\\/service\\\/personnes-agees\\\/\"]}]},{\"@type\":\"ImageObject\",\"inLanguage\":\"fr-FR\",\"@id\":\"https:\\\/\\\/filles-de-la-charite.org\\\/fr\\\/service\\\/personnes-agees\\\/#primaryimage\",\"url\":\"https:\\\/\\\/filles-de-la-charite.org\\\/wp-content\\\/uploads\\\/2023\\\/04\\\/mayores.jpeg\",\"contentUrl\":\"https:\\\/\\\/filles-de-la-charite.org\\\/wp-content\\\/uploads\\\/2023\\\/04\\\/mayores.jpeg\",\"width\":1920,\"height\":1396},{\"@type\":\"BreadcrumbList\",\"@id\":\"https:\\\/\\\/filles-de-la-charite.org\\\/fr\\\/service\\\/personnes-agees\\\/#breadcrumb\",\"itemListElement\":[{\"@type\":\"ListItem\",\"position\":1,\"name\":\"Services\",\"item\":\"https:\\\/\\\/filles-de-la-charite.org\\\/fr\\\/service\\\/\"},{\"@type\":\"ListItem\",\"position\":2,\"name\":\"Les personnes \u00e2g\u00e9es\"}]},{\"@type\":\"WebSite\",\"@id\":\"https:\\\/\\\/filles-de-la-charite.org\\\/fr\\\/#website\",\"url\":\"https:\\\/\\\/filles-de-la-charite.org\\\/fr\\\/\",\"name\":\"Hijas de la Caridad\",\"description\":\"L\u2019amour de J\u00e9sus nous presse \u00e0 prendre soin des personnes les plus d\u00e9munies\",\"publisher\":{\"@id\":\"https:\\\/\\\/filles-de-la-charite.org\\\/fr\\\/#organization\"},\"potentialAction\":[{\"@type\":\"SearchAction\",\"target\":{\"@type\":\"EntryPoint\",\"urlTemplate\":\"https:\\\/\\\/filles-de-la-charite.org\\\/fr\\\/?s={search_term_string}\"},\"query-input\":{\"@type\":\"PropertyValueSpecification\",\"valueRequired\":true,\"valueName\":\"search_term_string\"}}],\"inLanguage\":\"fr-FR\"},{\"@type\":\"Organization\",\"@id\":\"https:\\\/\\\/filles-de-la-charite.org\\\/fr\\\/#organization\",\"name\":\"Hijas de la Caridad\",\"url\":\"https:\\\/\\\/filles-de-la-charite.org\\\/fr\\\/\",\"logo\":{\"@type\":\"ImageObject\",\"inLanguage\":\"fr-FR\",\"@id\":\"https:\\\/\\\/filles-de-la-charite.org\\\/fr\\\/#\\\/schema\\\/logo\\\/image\\\/\",\"url\":\"https:\\\/\\\/filles-de-la-charite.org\\\/wp-content\\\/uploads\\\/2023\\\/03\\\/isotipo-Hijas-de-la-Caridad.png\",\"contentUrl\":\"https:\\\/\\\/filles-de-la-charite.org\\\/wp-content\\\/uploads\\\/2023\\\/03\\\/isotipo-Hijas-de-la-Caridad.png\",\"width\":1417,\"height\":1417,\"caption\":\"Hijas de la Caridad\"},\"image\":{\"@id\":\"https:\\\/\\\/filles-de-la-charite.org\\\/fr\\\/#\\\/schema\\\/logo\\\/image\\\/\"}}]}<\/script>\n<!-- \/ Yoast SEO plugin. -->","yoast_head_json":{"title":"Les personnes \u00e2g\u00e9es - Filles de la Charit\u00e9","robots":{"index":"index","follow":"follow","max-snippet":"max-snippet:-1","max-image-preview":"max-image-preview:large","max-video-preview":"max-video-preview:-1"},"canonical":"https:\/\/filles-de-la-charite.org\/fr\/service\/personnes-agees\/","og_locale":"fr_FR","og_type":"article","og_title":"Les personnes \u00e2g\u00e9es - Filles de la Charit\u00e9","og_description":"Dans la Bible, les personnes \u00e2g\u00e9es sont un symbole de sagesse et un signe de la b\u00e9n\u00e9diction de Dieu. Aujourd\u2019hui, dans certaines civilisations, elles peuvent \u00eatre rejet\u00e9es et abandonn\u00e9es, y compris par leur famille. Au terme d\u2019une vie longue et fructueuse, beaucoup d\u2019entre elles vieillissent seules, sans amis, avec une sant\u00e9 alt\u00e9r\u00e9e et un revenu [&hellip;]","og_url":"https:\/\/filles-de-la-charite.org\/fr\/service\/personnes-agees\/","og_site_name":"Filles de la Charit\u00e9","article_modified_time":"2023-11-19T21:38:22+00:00","og_image":[{"width":1920,"height":1396,"url":"https:\/\/filles-de-la-charite.org\/wp-content\/uploads\/2023\/04\/mayores.jpeg","type":"image\/jpeg"}],"twitter_card":"summary_large_image","twitter_misc":{"Dur\u00e9e de lecture estim\u00e9e":"1 minute"},"schema":{"@context":"https:\/\/schema.org","@graph":[{"@type":"WebPage","@id":"https:\/\/filles-de-la-charite.org\/fr\/service\/personnes-agees\/","url":"https:\/\/filles-de-la-charite.org\/fr\/service\/personnes-agees\/","name":"Les personnes \u00e2g\u00e9es - Filles de la Charit\u00e9","isPartOf":{"@id":"https:\/\/filles-de-la-charite.org\/fr\/#website"},"primaryImageOfPage":{"@id":"https:\/\/filles-de-la-charite.org\/fr\/service\/personnes-agees\/#primaryimage"},"image":{"@id":"https:\/\/filles-de-la-charite.org\/fr\/service\/personnes-agees\/#primaryimage"},"thumbnailUrl":"https:\/\/filles-de-la-charite.org\/wp-content\/uploads\/2023\/04\/mayores.jpeg","datePublished":"2023-10-30T15:42:55+00:00","dateModified":"2023-11-19T21:38:22+00:00","breadcrumb":{"@id":"https:\/\/filles-de-la-charite.org\/fr\/service\/personnes-agees\/#breadcrumb"},"inLanguage":"fr-FR","potentialAction":[{"@type":"ReadAction","target":["https:\/\/filles-de-la-charite.org\/fr\/service\/personnes-agees\/"]}]},{"@type":"ImageObject","inLanguage":"fr-FR","@id":"https:\/\/filles-de-la-charite.org\/fr\/service\/personnes-agees\/#primaryimage","url":"https:\/\/filles-de-la-charite.org\/wp-content\/uploads\/2023\/04\/mayores.jpeg","contentUrl":"https:\/\/filles-de-la-charite.org\/wp-content\/uploads\/2023\/04\/mayores.jpeg","width":1920,"height":1396},{"@type":"BreadcrumbList","@id":"https:\/\/filles-de-la-charite.org\/fr\/service\/personnes-agees\/#breadcrumb","itemListElement":[{"@type":"ListItem","position":1,"name":"Services","item":"https:\/\/filles-de-la-charite.org\/fr\/service\/"},{"@type":"ListItem","position":2,"name":"Les personnes \u00e2g\u00e9es"}]},{"@type":"WebSite","@id":"https:\/\/filles-de-la-charite.org\/fr\/#website","url":"https:\/\/filles-de-la-charite.org\/fr\/","name":"Hijas de la Caridad","description":"L\u2019amour de J\u00e9sus nous presse \u00e0 prendre soin des personnes les plus d\u00e9munies","publisher":{"@id":"https:\/\/filles-de-la-charite.org\/fr\/#organization"},"potentialAction":[{"@type":"SearchAction","target":{"@type":"EntryPoint","urlTemplate":"https:\/\/filles-de-la-charite.org\/fr\/?s={search_term_string}"},"query-input":{"@type":"PropertyValueSpecification","valueRequired":true,"valueName":"search_term_string"}}],"inLanguage":"fr-FR"},{"@type":"Organization","@id":"https:\/\/filles-de-la-charite.org\/fr\/#organization","name":"Hijas de la Caridad","url":"https:\/\/filles-de-la-charite.org\/fr\/","logo":{"@type":"ImageObject","inLanguage":"fr-FR","@id":"https:\/\/filles-de-la-charite.org\/fr\/#\/schema\/logo\/image\/","url":"https:\/\/filles-de-la-charite.org\/wp-content\/uploads\/2023\/03\/isotipo-Hijas-de-la-Caridad.png","contentUrl":"https:\/\/filles-de-la-charite.org\/wp-content\/uploads\/2023\/03\/isotipo-Hijas-de-la-Caridad.png","width":1417,"height":1417,"caption":"Hijas de la Caridad"},"image":{"@id":"https:\/\/filles-de-la-charite.org\/fr\/#\/schema\/logo\/image\/"}}]}},"_links":{"self":[{"href":"https:\/\/filles-de-la-charite.org\/fr\/wp-json\/wp\/v2\/service\/30570","targetHints":{"allow":["GET"]}}],"collection":[{"href":"https:\/\/filles-de-la-charite.org\/fr\/wp-json\/wp\/v2\/service"}],"about":[{"href":"https:\/\/filles-de-la-charite.org\/fr\/wp-json\/wp\/v2\/types\/service"}],"wp:featuredmedia":[{"embeddable":true,"href":"https:\/\/filles-de-la-charite.org\/fr\/wp-json\/wp\/v2\/media\/2098"}],"wp:attachment":[{"href":"https:\/\/filles-de-la-charite.org\/fr\/wp-json\/wp\/v2\/media?parent=30570"}],"curies":[{"name":"wp","href":"https:\/\/api.w.org\/{rel}","templated":true}]}}