{"id":30585,"date":"2023-10-31T10:44:12","date_gmt":"2023-10-31T09:44:12","guid":{"rendered":"https:\/\/hijascaridad.sjdigitaldemo.ovh\/service\/migrants-et-refugies\/"},"modified":"2023-11-21T17:33:07","modified_gmt":"2023-11-21T16:33:07","slug":"migrants-et-refugies","status":"publish","type":"service","link":"https:\/\/filles-de-la-charite.org\/fr\/service\/migrants-et-refugies\/","title":{"rendered":"Les r\u00e9fugi\u00e9s et les migrants"},"content":{"rendered":"\n<h4 class=\"wp-block-heading\">Au temps de nos Fondateurs, des guerres ont provoqu\u00e9 l\u2019exode de milliers de personnes de tous \u00e2ges et de toutes classes sociales qui arrivaient \u00e0 Paris. Monsieur Vincent a tout mis en \u0153uvre pour soulager ces personnes en d\u00e9tresse et leur apporter toute sa tendresse.<\/h4>\n\n\n\n<p>Aujourd\u2019hui, la faim, les catastrophes naturelles, les r\u00e9gimes totalitaires et corrompus et les conflits mondiaux ont contribu\u00e9 \u00e0 augmenter le nombre des personnes d\u00e9plac\u00e9es, y compris en famille, \u00e0 la recherche d\u2019une vie autre, d\u2019un travail et d\u2019un logement. Leur r\u00eave d\u2019une existence meilleure et respectueuse de leur dignit\u00e9 se transforme souvent en cauchemar.<\/p>\n\n\n\n<p>En effet, elles arrivent sans argent, sans relations, ni logement, ni connaissance de la langue. Elles se sont parfois endett\u00e9es pour payer des passeurs sans scrupule. Du fait de leur isolement, elles deviennent les cibles faciles de tous les profiteurs qui violent leurs droits. Elles peuvent en arriver \u00e0 commettre des d\u00e9lits.<\/p>\n\n\n\n<p>Inspir\u00e9es par la Parole de Dieu, nous reconnaissons en elles la pr\u00e9sence de la Sainte Famille dans son exil en Egypte et nous participons \u00e0 la d\u00e9fense et au respect des droits des migrants et des r\u00e9fugi\u00e9s, \u00e0 leur protection et leur promotion.<\/p>\n\n\n\n<p>Nous leur offrons&nbsp;:<\/p>\n\n\n\n<ul class=\"wp-block-list\">\n<li>un soutien amical pour faciliter leur adaptation<\/li>\n\n\n\n<li>des ressources de base<\/li>\n\n\n\n<li>une assistance pour les proc\u00e9dures judiciaires<\/li>\n\n\n\n<li>un h\u00e9bergement<\/li>\n\n\n\n<li>des cours de langues<\/li>\n\n\n\n<li>de l\u2019aide dans la recherche d\u2019un logement<\/li>\n<\/ul>\n","protected":false},"featured_media":2041,"template":"","meta":{"_acf_changed":false,"_et_pb_use_builder":"","_et_pb_old_content":"","_et_gb_content_width":"","_links_to":"","_links_to_target":""},"class_list":["post-30585","service","type-service","status-publish","has-post-thumbnail","hentry"],"acf":[],"yoast_head":"<!-- This site is optimized with the Yoast SEO plugin v27.5 - https:\/\/yoast.com\/product\/yoast-seo-wordpress\/ -->\n<title>Les r\u00e9fugi\u00e9s et les migrants - Filles de la Charit\u00e9<\/title>\n<meta name=\"robots\" content=\"index, follow, max-snippet:-1, max-image-preview:large, max-video-preview:-1\" \/>\n<link rel=\"canonical\" href=\"https:\/\/filles-de-la-charite.org\/fr\/service\/migrants-et-refugies\/\" \/>\n<meta property=\"og:locale\" content=\"fr_FR\" \/>\n<meta property=\"og:type\" content=\"article\" \/>\n<meta property=\"og:title\" content=\"Les r\u00e9fugi\u00e9s et les migrants - Filles de la Charit\u00e9\" \/>\n<meta property=\"og:description\" content=\"Au temps de nos Fondateurs, des guerres ont provoqu\u00e9 l\u2019exode de milliers de personnes de tous \u00e2ges et de toutes classes sociales qui arrivaient \u00e0 Paris. Monsieur Vincent a tout mis en \u0153uvre pour soulager ces personnes en d\u00e9tresse et leur apporter toute sa tendresse. Aujourd\u2019hui, la faim, les catastrophes naturelles, les r\u00e9gimes totalitaires et [&hellip;]\" \/>\n<meta property=\"og:url\" content=\"https:\/\/filles-de-la-charite.org\/fr\/service\/migrants-et-refugies\/\" \/>\n<meta property=\"og:site_name\" content=\"Filles de la Charit\u00e9\" \/>\n<meta property=\"article:modified_time\" content=\"2023-11-21T16:33:07+00:00\" \/>\n<meta property=\"og:image\" content=\"https:\/\/filles-de-la-charite.org\/wp-content\/uploads\/2023\/04\/migrantes.jpg\" \/>\n\t<meta property=\"og:image:width\" content=\"1920\" \/>\n\t<meta property=\"og:image:height\" content=\"1440\" \/>\n\t<meta property=\"og:image:type\" content=\"image\/jpeg\" \/>\n<meta name=\"twitter:card\" content=\"summary_large_image\" \/>\n<meta name=\"twitter:label1\" content=\"Dur\u00e9e de lecture estim\u00e9e\" \/>\n\t<meta name=\"twitter:data1\" content=\"1 minute\" \/>\n<script type=\"application\/ld+json\" class=\"yoast-schema-graph\">{\"@context\":\"https:\\\/\\\/schema.org\",\"@graph\":[{\"@type\":\"WebPage\",\"@id\":\"https:\\\/\\\/filles-de-la-charite.org\\\/fr\\\/service\\\/migrants-et-refugies\\\/\",\"url\":\"https:\\\/\\\/filles-de-la-charite.org\\\/fr\\\/service\\\/migrants-et-refugies\\\/\",\"name\":\"Les r\u00e9fugi\u00e9s et les migrants - Filles de la Charit\u00e9\",\"isPartOf\":{\"@id\":\"https:\\\/\\\/filles-de-la-charite.org\\\/fr\\\/#website\"},\"primaryImageOfPage\":{\"@id\":\"https:\\\/\\\/filles-de-la-charite.org\\\/fr\\\/service\\\/migrants-et-refugies\\\/#primaryimage\"},\"image\":{\"@id\":\"https:\\\/\\\/filles-de-la-charite.org\\\/fr\\\/service\\\/migrants-et-refugies\\\/#primaryimage\"},\"thumbnailUrl\":\"https:\\\/\\\/filles-de-la-charite.org\\\/wp-content\\\/uploads\\\/2023\\\/04\\\/migrantes.jpg\",\"datePublished\":\"2023-10-31T09:44:12+00:00\",\"dateModified\":\"2023-11-21T16:33:07+00:00\",\"breadcrumb\":{\"@id\":\"https:\\\/\\\/filles-de-la-charite.org\\\/fr\\\/service\\\/migrants-et-refugies\\\/#breadcrumb\"},\"inLanguage\":\"fr-FR\",\"potentialAction\":[{\"@type\":\"ReadAction\",\"target\":[\"https:\\\/\\\/filles-de-la-charite.org\\\/fr\\\/service\\\/migrants-et-refugies\\\/\"]}]},{\"@type\":\"ImageObject\",\"inLanguage\":\"fr-FR\",\"@id\":\"https:\\\/\\\/filles-de-la-charite.org\\\/fr\\\/service\\\/migrants-et-refugies\\\/#primaryimage\",\"url\":\"https:\\\/\\\/filles-de-la-charite.org\\\/wp-content\\\/uploads\\\/2023\\\/04\\\/migrantes.jpg\",\"contentUrl\":\"https:\\\/\\\/filles-de-la-charite.org\\\/wp-content\\\/uploads\\\/2023\\\/04\\\/migrantes.jpg\",\"width\":1920,\"height\":1440},{\"@type\":\"BreadcrumbList\",\"@id\":\"https:\\\/\\\/filles-de-la-charite.org\\\/fr\\\/service\\\/migrants-et-refugies\\\/#breadcrumb\",\"itemListElement\":[{\"@type\":\"ListItem\",\"position\":1,\"name\":\"Services\",\"item\":\"https:\\\/\\\/filles-de-la-charite.org\\\/fr\\\/service\\\/\"},{\"@type\":\"ListItem\",\"position\":2,\"name\":\"Les r\u00e9fugi\u00e9s et les migrants\"}]},{\"@type\":\"WebSite\",\"@id\":\"https:\\\/\\\/filles-de-la-charite.org\\\/fr\\\/#website\",\"url\":\"https:\\\/\\\/filles-de-la-charite.org\\\/fr\\\/\",\"name\":\"Hijas de la Caridad\",\"description\":\"L\u2019amour de J\u00e9sus nous presse \u00e0 prendre soin des personnes les plus d\u00e9munies\",\"publisher\":{\"@id\":\"https:\\\/\\\/filles-de-la-charite.org\\\/fr\\\/#organization\"},\"potentialAction\":[{\"@type\":\"SearchAction\",\"target\":{\"@type\":\"EntryPoint\",\"urlTemplate\":\"https:\\\/\\\/filles-de-la-charite.org\\\/fr\\\/?s={search_term_string}\"},\"query-input\":{\"@type\":\"PropertyValueSpecification\",\"valueRequired\":true,\"valueName\":\"search_term_string\"}}],\"inLanguage\":\"fr-FR\"},{\"@type\":\"Organization\",\"@id\":\"https:\\\/\\\/filles-de-la-charite.org\\\/fr\\\/#organization\",\"name\":\"Hijas de la Caridad\",\"url\":\"https:\\\/\\\/filles-de-la-charite.org\\\/fr\\\/\",\"logo\":{\"@type\":\"ImageObject\",\"inLanguage\":\"fr-FR\",\"@id\":\"https:\\\/\\\/filles-de-la-charite.org\\\/fr\\\/#\\\/schema\\\/logo\\\/image\\\/\",\"url\":\"https:\\\/\\\/filles-de-la-charite.org\\\/wp-content\\\/uploads\\\/2023\\\/03\\\/isotipo-Hijas-de-la-Caridad.png\",\"contentUrl\":\"https:\\\/\\\/filles-de-la-charite.org\\\/wp-content\\\/uploads\\\/2023\\\/03\\\/isotipo-Hijas-de-la-Caridad.png\",\"width\":1417,\"height\":1417,\"caption\":\"Hijas de la Caridad\"},\"image\":{\"@id\":\"https:\\\/\\\/filles-de-la-charite.org\\\/fr\\\/#\\\/schema\\\/logo\\\/image\\\/\"}}]}<\/script>\n<!-- \/ Yoast SEO plugin. -->","yoast_head_json":{"title":"Les r\u00e9fugi\u00e9s et les migrants - Filles de la Charit\u00e9","robots":{"index":"index","follow":"follow","max-snippet":"max-snippet:-1","max-image-preview":"max-image-preview:large","max-video-preview":"max-video-preview:-1"},"canonical":"https:\/\/filles-de-la-charite.org\/fr\/service\/migrants-et-refugies\/","og_locale":"fr_FR","og_type":"article","og_title":"Les r\u00e9fugi\u00e9s et les migrants - Filles de la Charit\u00e9","og_description":"Au temps de nos Fondateurs, des guerres ont provoqu\u00e9 l\u2019exode de milliers de personnes de tous \u00e2ges et de toutes classes sociales qui arrivaient \u00e0 Paris. Monsieur Vincent a tout mis en \u0153uvre pour soulager ces personnes en d\u00e9tresse et leur apporter toute sa tendresse. Aujourd\u2019hui, la faim, les catastrophes naturelles, les r\u00e9gimes totalitaires et [&hellip;]","og_url":"https:\/\/filles-de-la-charite.org\/fr\/service\/migrants-et-refugies\/","og_site_name":"Filles de la Charit\u00e9","article_modified_time":"2023-11-21T16:33:07+00:00","og_image":[{"width":1920,"height":1440,"url":"https:\/\/filles-de-la-charite.org\/wp-content\/uploads\/2023\/04\/migrantes.jpg","type":"image\/jpeg"}],"twitter_card":"summary_large_image","twitter_misc":{"Dur\u00e9e de lecture estim\u00e9e":"1 minute"},"schema":{"@context":"https:\/\/schema.org","@graph":[{"@type":"WebPage","@id":"https:\/\/filles-de-la-charite.org\/fr\/service\/migrants-et-refugies\/","url":"https:\/\/filles-de-la-charite.org\/fr\/service\/migrants-et-refugies\/","name":"Les r\u00e9fugi\u00e9s et les migrants - Filles de la Charit\u00e9","isPartOf":{"@id":"https:\/\/filles-de-la-charite.org\/fr\/#website"},"primaryImageOfPage":{"@id":"https:\/\/filles-de-la-charite.org\/fr\/service\/migrants-et-refugies\/#primaryimage"},"image":{"@id":"https:\/\/filles-de-la-charite.org\/fr\/service\/migrants-et-refugies\/#primaryimage"},"thumbnailUrl":"https:\/\/filles-de-la-charite.org\/wp-content\/uploads\/2023\/04\/migrantes.jpg","datePublished":"2023-10-31T09:44:12+00:00","dateModified":"2023-11-21T16:33:07+00:00","breadcrumb":{"@id":"https:\/\/filles-de-la-charite.org\/fr\/service\/migrants-et-refugies\/#breadcrumb"},"inLanguage":"fr-FR","potentialAction":[{"@type":"ReadAction","target":["https:\/\/filles-de-la-charite.org\/fr\/service\/migrants-et-refugies\/"]}]},{"@type":"ImageObject","inLanguage":"fr-FR","@id":"https:\/\/filles-de-la-charite.org\/fr\/service\/migrants-et-refugies\/#primaryimage","url":"https:\/\/filles-de-la-charite.org\/wp-content\/uploads\/2023\/04\/migrantes.jpg","contentUrl":"https:\/\/filles-de-la-charite.org\/wp-content\/uploads\/2023\/04\/migrantes.jpg","width":1920,"height":1440},{"@type":"BreadcrumbList","@id":"https:\/\/filles-de-la-charite.org\/fr\/service\/migrants-et-refugies\/#breadcrumb","itemListElement":[{"@type":"ListItem","position":1,"name":"Services","item":"https:\/\/filles-de-la-charite.org\/fr\/service\/"},{"@type":"ListItem","position":2,"name":"Les r\u00e9fugi\u00e9s et les migrants"}]},{"@type":"WebSite","@id":"https:\/\/filles-de-la-charite.org\/fr\/#website","url":"https:\/\/filles-de-la-charite.org\/fr\/","name":"Hijas de la Caridad","description":"L\u2019amour de J\u00e9sus nous presse \u00e0 prendre soin des personnes les plus d\u00e9munies","publisher":{"@id":"https:\/\/filles-de-la-charite.org\/fr\/#organization"},"potentialAction":[{"@type":"SearchAction","target":{"@type":"EntryPoint","urlTemplate":"https:\/\/filles-de-la-charite.org\/fr\/?s={search_term_string}"},"query-input":{"@type":"PropertyValueSpecification","valueRequired":true,"valueName":"search_term_string"}}],"inLanguage":"fr-FR"},{"@type":"Organization","@id":"https:\/\/filles-de-la-charite.org\/fr\/#organization","name":"Hijas de la Caridad","url":"https:\/\/filles-de-la-charite.org\/fr\/","logo":{"@type":"ImageObject","inLanguage":"fr-FR","@id":"https:\/\/filles-de-la-charite.org\/fr\/#\/schema\/logo\/image\/","url":"https:\/\/filles-de-la-charite.org\/wp-content\/uploads\/2023\/03\/isotipo-Hijas-de-la-Caridad.png","contentUrl":"https:\/\/filles-de-la-charite.org\/wp-content\/uploads\/2023\/03\/isotipo-Hijas-de-la-Caridad.png","width":1417,"height":1417,"caption":"Hijas de la Caridad"},"image":{"@id":"https:\/\/filles-de-la-charite.org\/fr\/#\/schema\/logo\/image\/"}}]}},"_links":{"self":[{"href":"https:\/\/filles-de-la-charite.org\/fr\/wp-json\/wp\/v2\/service\/30585","targetHints":{"allow":["GET"]}}],"collection":[{"href":"https:\/\/filles-de-la-charite.org\/fr\/wp-json\/wp\/v2\/service"}],"about":[{"href":"https:\/\/filles-de-la-charite.org\/fr\/wp-json\/wp\/v2\/types\/service"}],"wp:featuredmedia":[{"embeddable":true,"href":"https:\/\/filles-de-la-charite.org\/fr\/wp-json\/wp\/v2\/media\/2041"}],"wp:attachment":[{"href":"https:\/\/filles-de-la-charite.org\/fr\/wp-json\/wp\/v2\/media?parent=30585"}],"curies":[{"name":"wp","href":"https:\/\/api.w.org\/{rel}","templated":true}]}}